{"id":18980,"date":"2023-09-13T10:57:29","date_gmt":"2023-09-13T10:57:29","guid":{"rendered":"https:\/\/pre.scenicrights.com\/projects\/prohibit-suicidar-se-a-la-primavera\/"},"modified":"2024-01-08T16:16:02","modified_gmt":"2024-01-08T16:16:02","slug":"prohibit-suicidar-se-a-la-primavera","status":"publish","type":"articulo","link":"https:\/\/www.scenicrights.com\/ca\/projects\/prohibit-suicidar-se-a-la-primavera\/","title":{"rendered":"Prohibit su\u00efcidar-se a la primavera (TV Series &#8211; Film)"},"template":"","art_tag":[703,891,861,1053,1061,1157,1159,1169],"genero":[48],"licencia":[17],"localizacion":[],"produccion":[14],"subgenero":[665],"tipo":[5],"class_list":["post-18980","articulo","type-articulo","status-publish","has-post-thumbnail","hentry","art_tag-amor-ca","art_tag-familia-ca","art_tag-malaltia-mental","art_tag-passat","art_tag-periodisme","art_tag-suicidi","art_tag-superacio","art_tag-terapia-ca","genero-dramedia-ca","licencia-propia","produccion-pre-produccion","subgenero-road-movie-ca","tipo-proyecto"],"acf":{"generos_tax":[48],"subgeneros_tax":[665],"tipo_tax":[5],"tags_tax":[703,1157,1169,1061,891,1053,861,1159],"produccion_tax":14,"licencia_tax":17,"localizacion_tax":false,"articulo__titulo_extendido":"","articulo__extracto":"","articulo__contenido":"<p style=\"line-height: 20.8px;\">El Doctor Roda, dirigeix la cl\u00ednica\u00a0<em>El Hogar del Suicida<\/em>, que allotja persones amb vocaci\u00f3 de posar fi a\u00a0la seva vida per\u00f2 sense atrevir-se a fer-ho. Malgrat tot, hi arriben, per error, dos reporters, el Fernando i la Chole, que contagiaran l'alegria de viure als pacients i al personal. Aquest\u00a0<em>Hogar del Suicida<\/em>\u00a0\u00e9s un sanatori\u00a0d'\u00e0nimes\u00a0creat\u00a0pel Doctor Ariel, qui\u00a0descendeix d'una fam\u00edlia en qu\u00e8 els homes se su\u00efcidaven quan\u00a0comen\u00e7aven a\u00a0perdre la joventut. El Doctor va cr\u00e9ixer obsessionat per aquest fet i va dedicar la seva vida a evitar-los.<\/p>\r\n<p style=\"line-height: 20.8px;\"><strong>PA\u00cdS:\u00a0<\/strong>Espanya\r\n<strong>ANY:\u00a0<\/strong>1937\r\n<strong>TEMES:<\/strong>\u00a0Su\u00efcidi, alegria, bogeria,\u00a0amistat\r\n<strong>G\u00c8NERE:\u00a0<\/strong>Dramedia<\/p>\r\n<p style=\"line-height: 20.8px;\"><strong>DADES RELLEVANTS:<\/strong>?<\/p>\r\n\r\n<ul style=\"line-height: 20.8px;\">\r\n \t<li>L'obra va ser\u00a0escrita per <strong>Alejandro Casona<\/strong> durant el seu exili. Ja des de l'estrena es va fer\u00a0mundialment famosa i continua vigent, sobre els escenaris de molts pa\u00efsos.<\/li>\r\n \t<li>Alejandro Casona va ser un dels autors m\u00e9s importants del segle XX espanyol. Va viure entre Espanya i l'Am\u00e8rica Llatina.<\/li>\r\n \t<li>Va rebre el Premi Nacional de Literatura i el Premi de Teatre Lope de Vega, entre d'altres.<\/li>\r\n<\/ul>\r\n<p style=\"line-height: 20.8px;\"><strong>POTENCIAL FORMAT\u00a0AUDIOVISUAL:\u00a0<\/strong>S\u00e8rie TV, Minis\u00e8rie TV, Film, TV Movie<\/p>","articulo__autor":[2692],"_thumbnail_id":4344,"articulo__featured_gallery":null,"articulo__galeria_archivos":"","articulo__fecha_de_publicacion":"","articulo__idiomas":"","articulo__dossier":4347,"idarticle":348},"yoast_head":"<!-- This site is optimized with the Yoast SEO plugin v27.5 - https:\/\/yoast.com\/product\/yoast-seo-wordpress\/ -->\n<title>Prohibit su\u00efcidar-se a la primavera (TV Series - Film) - Scenic\u00a0Rights<\/title>\n<meta name=\"robots\" content=\"index, follow, max-snippet:-1, max-image-preview:large, max-video-preview:-1\" \/>\n<link rel=\"canonical\" href=\"https:\/\/www.scenicrights.com\/ca\/projects\/prohibit-suicidar-se-a-la-primavera\/\" \/>\n<meta property=\"og:locale\" content=\"ca_ES\" \/>\n<meta property=\"og:type\" content=\"article\" \/>\n<meta property=\"og:title\" content=\"Prohibit su\u00efcidar-se a la primavera (TV Series - Film) - Scenic\u00a0Rights\" \/>\n<meta property=\"og:description\" content=\"El Doctor Roda, dirigeix la cl&iacute;nica&nbsp;El Hogar del Suicida, que allotja persones amb vocaci&oacute; de posar fi a&nbsp;la seva vida per&ograve; sense atrevir-se a fer-ho. Malgrat [&hellip;]\" \/>\n<meta property=\"og:url\" content=\"https:\/\/www.scenicrights.com\/ca\/projects\/prohibit-suicidar-se-a-la-primavera\/\" \/>\n<meta property=\"og:site_name\" content=\"Scenic\u00a0Rights\" \/>\n<meta property=\"article:modified_time\" content=\"2024-01-08T16:16:02+00:00\" \/>\n<meta property=\"og:image\" content=\"https:\/\/www.scenicrights.com\/wp-content\/uploads\/2023\/09\/YiFWIM0akuQpbmpN59tfQ.jpg\" \/>\n\t<meta property=\"og:image:width\" content=\"175\" \/>\n\t<meta property=\"og:image:height\" content=\"253\" \/>\n\t<meta property=\"og:image:type\" content=\"image\/jpeg\" \/>\n<meta name=\"twitter:card\" content=\"summary_large_image\" \/>\n<meta name=\"twitter:label1\" content=\"Temps estimat de lectura\" \/>\n\t<meta name=\"twitter:data1\" content=\"1 minut\" \/>\n<script type=\"application\/ld+json\" class=\"yoast-schema-graph\">{\"@context\":\"https:\\\/\\\/schema.org\",\"@graph\":[{\"@type\":\"WebPage\",\"@id\":\"https:\\\/\\\/www.scenicrights.com\\\/ca\\\/projects\\\/prohibit-suicidar-se-a-la-primavera\\\/\",\"url\":\"https:\\\/\\\/www.scenicrights.com\\\/ca\\\/projects\\\/prohibit-suicidar-se-a-la-primavera\\\/\",\"name\":\"Prohibit su\u00efcidar-se a la primavera (TV Series - Film) - Scenic\u00a0Rights\",\"isPartOf\":{\"@id\":\"https:\\\/\\\/www.scenicrights.com\\\/ca\\\/#website\"},\"primaryImageOfPage\":{\"@id\":\"https:\\\/\\\/www.scenicrights.com\\\/ca\\\/projects\\\/prohibit-suicidar-se-a-la-primavera\\\/#primaryimage\"},\"image\":{\"@id\":\"https:\\\/\\\/www.scenicrights.com\\\/ca\\\/projects\\\/prohibit-suicidar-se-a-la-primavera\\\/#primaryimage\"},\"thumbnailUrl\":\"https:\\\/\\\/www.scenicrights.com\\\/wp-content\\\/uploads\\\/2023\\\/09\\\/YiFWIM0akuQpbmpN59tfQ.jpg\",\"datePublished\":\"2023-09-13T10:57:29+00:00\",\"dateModified\":\"2024-01-08T16:16:02+00:00\",\"breadcrumb\":{\"@id\":\"https:\\\/\\\/www.scenicrights.com\\\/ca\\\/projects\\\/prohibit-suicidar-se-a-la-primavera\\\/#breadcrumb\"},\"inLanguage\":\"ca\",\"potentialAction\":[{\"@type\":\"ReadAction\",\"target\":[\"https:\\\/\\\/www.scenicrights.com\\\/ca\\\/projects\\\/prohibit-suicidar-se-a-la-primavera\\\/\"]}]},{\"@type\":\"ImageObject\",\"inLanguage\":\"ca\",\"@id\":\"https:\\\/\\\/www.scenicrights.com\\\/ca\\\/projects\\\/prohibit-suicidar-se-a-la-primavera\\\/#primaryimage\",\"url\":\"https:\\\/\\\/www.scenicrights.com\\\/wp-content\\\/uploads\\\/2023\\\/09\\\/YiFWIM0akuQpbmpN59tfQ.jpg\",\"contentUrl\":\"https:\\\/\\\/www.scenicrights.com\\\/wp-content\\\/uploads\\\/2023\\\/09\\\/YiFWIM0akuQpbmpN59tfQ.jpg\",\"width\":175,\"height\":253},{\"@type\":\"BreadcrumbList\",\"@id\":\"https:\\\/\\\/www.scenicrights.com\\\/ca\\\/projects\\\/prohibit-suicidar-se-a-la-primavera\\\/#breadcrumb\",\"itemListElement\":[{\"@type\":\"ListItem\",\"position\":1,\"name\":\"Home\",\"item\":\"https:\\\/\\\/www.scenicrights.com\\\/ca\\\/\"},{\"@type\":\"ListItem\",\"position\":2,\"name\":\"Prohibit su\u00efcidar-se a la primavera (TV Series &#8211; Film)\"}]},{\"@type\":\"WebSite\",\"@id\":\"https:\\\/\\\/www.scenicrights.com\\\/ca\\\/#website\",\"url\":\"https:\\\/\\\/www.scenicrights.com\\\/ca\\\/\",\"name\":\"Scenic\u00a0Rights\",\"description\":\"\",\"publisher\":{\"@id\":\"https:\\\/\\\/www.scenicrights.com\\\/ca\\\/#organization\"},\"potentialAction\":[{\"@type\":\"SearchAction\",\"target\":{\"@type\":\"EntryPoint\",\"urlTemplate\":\"https:\\\/\\\/www.scenicrights.com\\\/ca\\\/?s={search_term_string}\"},\"query-input\":{\"@type\":\"PropertyValueSpecification\",\"valueRequired\":true,\"valueName\":\"search_term_string\"}}],\"inLanguage\":\"ca\"},{\"@type\":\"Organization\",\"@id\":\"https:\\\/\\\/www.scenicrights.com\\\/ca\\\/#organization\",\"name\":\"Scenic\u00a0Rights\",\"url\":\"https:\\\/\\\/www.scenicrights.com\\\/ca\\\/\",\"logo\":{\"@type\":\"ImageObject\",\"inLanguage\":\"ca\",\"@id\":\"https:\\\/\\\/www.scenicrights.com\\\/ca\\\/#\\\/schema\\\/logo\\\/image\\\/\",\"url\":\"https:\\\/\\\/www.scenicrights.com\\\/wp-content\\\/uploads\\\/2023\\\/07\\\/logo-horizontal-web.png\",\"contentUrl\":\"https:\\\/\\\/www.scenicrights.com\\\/wp-content\\\/uploads\\\/2023\\\/07\\\/logo-horizontal-web.png\",\"width\":644,\"height\":225,\"caption\":\"Scenic\u00a0Rights\"},\"image\":{\"@id\":\"https:\\\/\\\/www.scenicrights.com\\\/ca\\\/#\\\/schema\\\/logo\\\/image\\\/\"}}]}<\/script>\n<!-- \/ Yoast SEO plugin. -->","yoast_head_json":{"title":"Prohibit su\u00efcidar-se a la primavera (TV Series - Film) - Scenic\u00a0Rights","robots":{"index":"index","follow":"follow","max-snippet":"max-snippet:-1","max-image-preview":"max-image-preview:large","max-video-preview":"max-video-preview:-1"},"canonical":"https:\/\/www.scenicrights.com\/ca\/projects\/prohibit-suicidar-se-a-la-primavera\/","og_locale":"ca_ES","og_type":"article","og_title":"Prohibit su\u00efcidar-se a la primavera (TV Series - Film) - Scenic\u00a0Rights","og_description":"El Doctor Roda, dirigeix la cl&iacute;nica&nbsp;El Hogar del Suicida, que allotja persones amb vocaci&oacute; de posar fi a&nbsp;la seva vida per&ograve; sense atrevir-se a fer-ho. Malgrat [&hellip;]","og_url":"https:\/\/www.scenicrights.com\/ca\/projects\/prohibit-suicidar-se-a-la-primavera\/","og_site_name":"Scenic\u00a0Rights","article_modified_time":"2024-01-08T16:16:02+00:00","og_image":[{"width":175,"height":253,"url":"https:\/\/www.scenicrights.com\/wp-content\/uploads\/2023\/09\/YiFWIM0akuQpbmpN59tfQ.jpg","type":"image\/jpeg"}],"twitter_card":"summary_large_image","twitter_misc":{"Temps estimat de lectura":"1 minut"},"schema":{"@context":"https:\/\/schema.org","@graph":[{"@type":"WebPage","@id":"https:\/\/www.scenicrights.com\/ca\/projects\/prohibit-suicidar-se-a-la-primavera\/","url":"https:\/\/www.scenicrights.com\/ca\/projects\/prohibit-suicidar-se-a-la-primavera\/","name":"Prohibit su\u00efcidar-se a la primavera (TV Series - Film) - Scenic\u00a0Rights","isPartOf":{"@id":"https:\/\/www.scenicrights.com\/ca\/#website"},"primaryImageOfPage":{"@id":"https:\/\/www.scenicrights.com\/ca\/projects\/prohibit-suicidar-se-a-la-primavera\/#primaryimage"},"image":{"@id":"https:\/\/www.scenicrights.com\/ca\/projects\/prohibit-suicidar-se-a-la-primavera\/#primaryimage"},"thumbnailUrl":"https:\/\/www.scenicrights.com\/wp-content\/uploads\/2023\/09\/YiFWIM0akuQpbmpN59tfQ.jpg","datePublished":"2023-09-13T10:57:29+00:00","dateModified":"2024-01-08T16:16:02+00:00","breadcrumb":{"@id":"https:\/\/www.scenicrights.com\/ca\/projects\/prohibit-suicidar-se-a-la-primavera\/#breadcrumb"},"inLanguage":"ca","potentialAction":[{"@type":"ReadAction","target":["https:\/\/www.scenicrights.com\/ca\/projects\/prohibit-suicidar-se-a-la-primavera\/"]}]},{"@type":"ImageObject","inLanguage":"ca","@id":"https:\/\/www.scenicrights.com\/ca\/projects\/prohibit-suicidar-se-a-la-primavera\/#primaryimage","url":"https:\/\/www.scenicrights.com\/wp-content\/uploads\/2023\/09\/YiFWIM0akuQpbmpN59tfQ.jpg","contentUrl":"https:\/\/www.scenicrights.com\/wp-content\/uploads\/2023\/09\/YiFWIM0akuQpbmpN59tfQ.jpg","width":175,"height":253},{"@type":"BreadcrumbList","@id":"https:\/\/www.scenicrights.com\/ca\/projects\/prohibit-suicidar-se-a-la-primavera\/#breadcrumb","itemListElement":[{"@type":"ListItem","position":1,"name":"Home","item":"https:\/\/www.scenicrights.com\/ca\/"},{"@type":"ListItem","position":2,"name":"Prohibit su\u00efcidar-se a la primavera (TV Series &#8211; Film)"}]},{"@type":"WebSite","@id":"https:\/\/www.scenicrights.com\/ca\/#website","url":"https:\/\/www.scenicrights.com\/ca\/","name":"Scenic\u00a0Rights","description":"","publisher":{"@id":"https:\/\/www.scenicrights.com\/ca\/#organization"},"potentialAction":[{"@type":"SearchAction","target":{"@type":"EntryPoint","urlTemplate":"https:\/\/www.scenicrights.com\/ca\/?s={search_term_string}"},"query-input":{"@type":"PropertyValueSpecification","valueRequired":true,"valueName":"search_term_string"}}],"inLanguage":"ca"},{"@type":"Organization","@id":"https:\/\/www.scenicrights.com\/ca\/#organization","name":"Scenic\u00a0Rights","url":"https:\/\/www.scenicrights.com\/ca\/","logo":{"@type":"ImageObject","inLanguage":"ca","@id":"https:\/\/www.scenicrights.com\/ca\/#\/schema\/logo\/image\/","url":"https:\/\/www.scenicrights.com\/wp-content\/uploads\/2023\/07\/logo-horizontal-web.png","contentUrl":"https:\/\/www.scenicrights.com\/wp-content\/uploads\/2023\/07\/logo-horizontal-web.png","width":644,"height":225,"caption":"Scenic\u00a0Rights"},"image":{"@id":"https:\/\/www.scenicrights.com\/ca\/#\/schema\/logo\/image\/"}}]}},"_links":{"self":[{"href":"https:\/\/www.scenicrights.com\/ca\/wp-json\/wp\/v2\/articulo\/18980","targetHints":{"allow":["GET"]}}],"collection":[{"href":"https:\/\/www.scenicrights.com\/ca\/wp-json\/wp\/v2\/articulo"}],"about":[{"href":"https:\/\/www.scenicrights.com\/ca\/wp-json\/wp\/v2\/types\/articulo"}],"acf:post":[{"embeddable":true,"href":"https:\/\/www.scenicrights.com\/ca\/wp-json\/wp\/v2\/autor\/2692"}],"acf:term":[{"embeddable":true,"taxonomy":"licencia","href":"https:\/\/www.scenicrights.com\/ca\/wp-json\/wp\/v2\/licencia\/17"},{"embeddable":true,"taxonomy":"produccion","href":"https:\/\/www.scenicrights.com\/ca\/wp-json\/wp\/v2\/produccion\/14"},{"embeddable":true,"taxonomy":"art_tag","href":"https:\/\/www.scenicrights.com\/ca\/wp-json\/wp\/v2\/art_tag\/1159"},{"embeddable":true,"taxonomy":"art_tag","href":"https:\/\/www.scenicrights.com\/ca\/wp-json\/wp\/v2\/art_tag\/861"},{"embeddable":true,"taxonomy":"art_tag","href":"https:\/\/www.scenicrights.com\/ca\/wp-json\/wp\/v2\/art_tag\/1053"},{"embeddable":true,"taxonomy":"art_tag","href":"https:\/\/www.scenicrights.com\/ca\/wp-json\/wp\/v2\/art_tag\/891"},{"embeddable":true,"taxonomy":"art_tag","href":"https:\/\/www.scenicrights.com\/ca\/wp-json\/wp\/v2\/art_tag\/1061"},{"embeddable":true,"taxonomy":"art_tag","href":"https:\/\/www.scenicrights.com\/ca\/wp-json\/wp\/v2\/art_tag\/1169"},{"embeddable":true,"taxonomy":"art_tag","href":"https:\/\/www.scenicrights.com\/ca\/wp-json\/wp\/v2\/art_tag\/1157"},{"embeddable":true,"taxonomy":"art_tag","href":"https:\/\/www.scenicrights.com\/ca\/wp-json\/wp\/v2\/art_tag\/703"},{"embeddable":true,"taxonomy":"tipo","href":"https:\/\/www.scenicrights.com\/ca\/wp-json\/wp\/v2\/tipo\/5"},{"embeddable":true,"taxonomy":"subgenero","href":"https:\/\/www.scenicrights.com\/ca\/wp-json\/wp\/v2\/subgenero\/665"},{"embeddable":true,"taxonomy":"genero","href":"https:\/\/www.scenicrights.com\/ca\/wp-json\/wp\/v2\/genero\/48"}],"wp:featuredmedia":[{"embeddable":true,"href":"https:\/\/www.scenicrights.com\/ca\/wp-json\/wp\/v2\/media\/4344"}],"wp:attachment":[{"href":"https:\/\/www.scenicrights.com\/ca\/wp-json\/wp\/v2\/media?parent=18980"}],"wp:term":[{"taxonomy":"art_tag","embeddable":true,"href":"https:\/\/www.scenicrights.com\/ca\/wp-json\/wp\/v2\/art_tag?post=18980"},{"taxonomy":"genero","embeddable":true,"href":"https:\/\/www.scenicrights.com\/ca\/wp-json\/wp\/v2\/genero?post=18980"},{"taxonomy":"licencia","embeddable":true,"href":"https:\/\/www.scenicrights.com\/ca\/wp-json\/wp\/v2\/licencia?post=18980"},{"taxonomy":"localizacion","embeddable":true,"href":"https:\/\/www.scenicrights.com\/ca\/wp-json\/wp\/v2\/localizacion?post=18980"},{"taxonomy":"produccion","embeddable":true,"href":"https:\/\/www.scenicrights.com\/ca\/wp-json\/wp\/v2\/produccion?post=18980"},{"taxonomy":"subgenero","embeddable":true,"href":"https:\/\/www.scenicrights.com\/ca\/wp-json\/wp\/v2\/subgenero?post=18980"},{"taxonomy":"tipo","embeddable":true,"href":"https:\/\/www.scenicrights.com\/ca\/wp-json\/wp\/v2\/tipo?post=18980"}],"curies":[{"name":"wp","href":"https:\/\/api.w.org\/{rel}","templated":true}]}}