{"id":19233,"date":"2023-09-13T13:45:06","date_gmt":"2023-09-13T13:45:06","guid":{"rendered":"https:\/\/pre.scenicrights.com\/projects\/la-nacion-2\/"},"modified":"2023-12-17T19:50:05","modified_gmt":"2023-12-17T19:50:05","slug":"la-nacion-2","status":"publish","type":"articulo","link":"https:\/\/www.scenicrights.com\/ca\/projects\/la-nacion-2\/","title":{"rendered":"La naci\u00f3n"},"template":"","art_tag":[1280,891,1332,955,1021,1033,1423,1151,1213],"genero":[46],"licencia":[18],"localizacion":[],"produccion":[],"subgenero":[619,661,675],"tipo":[5],"class_list":["post-19233","articulo","type-articulo","status-publish","has-post-thumbnail","hentry","art_tag-crim","art_tag-familia-ca","art_tag-gangster-ca","art_tag-immigracio","art_tag-mort","art_tag-narcotrafic","art_tag-psicologico-ca","art_tag-societat","art_tag-violencia-ca","genero-drama-ca","licencia-externa","subgenero-accio","subgenero-policiac","subgenero-thriller-ca","tipo-proyecto"],"acf":{"generos_tax":[46],"subgeneros_tax":[619,675,661],"tipo_tax":[5],"tags_tax":[891,955,1151,1213,1021,1280,1033,1332,1423],"produccion_tax":false,"licencia_tax":18,"localizacion_tax":false,"articulo__titulo_extendido":"","articulo__extracto":"","articulo__contenido":"<em><strong>\"Si dif\u00edcil es entrar, m\u00e1s dif\u00edcil es salir.\"<\/strong><\/em> Una s\u00e8rie original per a televisi\u00f3 de Pavel Giroud i Daniel Corpas Hansen.\n\nElio \u00e9s un immigrant vene\u00e7ol\u00e0 que viu a Espanya, l'\u00fanic objectiu del qual \u00e9s legalitzar el seu estatus migratori per poder portar-se la seva dona i la seva filla amb ell. Sovint es reuneix amb\nLIBERMANN, un advocat argent\u00ed especialista en casos com el seu.\n\nAl despatx de LIBERMANN, Elio coincideix amb SANTOS, lider dels \"Carib\", la banda llatina acusa del crim d'un jove espanyol. Una banda neonazi assalta al bergant a la sortida del bufet i accidentalment \u00e9s salvat per ELIO.\n\nEl fet \u00e9s vist des de lluny per JIMENA, una oficial de la Gu\u00e0rdia Civil que investiga l'assassinat del jove espanyol i acaba pressionant a l'immigrant perqu\u00e8 s'infiltri a la banda.\n\nSi ho aconsegueix, es facilitaran els tramits pertinents perqu\u00e8 pugui reunir-se amb la seva fam\u00edlia a Espanya.\n\nAix\u00ed ELIO se submergeix en un m\u00f3n absolutament desconegut per a ell. Apr\u00e8n que les Bandes no s\u00f3n m\u00e9s que marionetes controlades per un poder major que es dedica a traficar amb drogues. S'enfronta als \"Cholos\", una altra banda que intenta adquirir el control del tr\u00e0fic i amb Basti\u00f3 un dels grups xen\u00f2fobs m\u00e9s violents d'Europa, que veu en els immigrants tots els mals del pa\u00eds. Passa per viv\u00e8ncies extremes d'odi, plaer i viol\u00e8ncia, que el van transformant gradualment.\n\nELIO, que arriba a aquest m\u00f3n amb la missi\u00f3 de combatre el crim, es converteix en un criminal, un home totalment oposat al que esperen trobar-se la seva filla i esposa.\n\n&nbsp;\n\n<strong>DADES RELLEVANTS:<\/strong>\nDos guionistes de renom internacional proposen un projecte de S\u00e8rie original de Televisi\u00f3 que per primera vegada aborda el fenomen de les Bandes urbanes que operen actualment en grans ciutats com Madrid o Barcelona, inspirades en models que afecten a ciutats com Nova York, Los Angeles i altres grans capitals occidentals. Les relacions, negocis i guerres entre bandes Llatines, Neonazis i altres agrupacions clandestines d'aquest tipus, seran l'epicentre on el protagonista d'aquesta hist\u00f2ria es veur\u00e0 submergit per aconseguir el seu objectiu, recuperar a la seva fam\u00edlia.\n\n&nbsp;\n\n<strong>TEMES:<\/strong> Assassinat, Crim Organitzat , Drogues, Fam\u00edlia, Immigraci\u00f3, Nazisme, Societat, Tr\u00e0fic de Tra\u00efci\u00f3, Vida Immigrant, Viol\u00e8ncia.\n\n&nbsp;\n\n<strong>G\u00c8NERE:<\/strong> Drama, Acci\u00f3, Thriller , Polic\u00edac.\n\n&nbsp;\n\n<strong>POTENCIAL FORMAT AUDIOVISUAL: <\/strong>TV S\u00c8RIE","articulo__autor":[2759,2940],"_thumbnail_id":8136,"articulo__featured_gallery":null,"articulo__galeria_archivos":[""],"articulo__fecha_de_publicacion":"","articulo__idiomas":"","articulo__dossier":"","idarticle":1050},"yoast_head":"<!-- This site is optimized with the Yoast SEO plugin v27.5 - https:\/\/yoast.com\/product\/yoast-seo-wordpress\/ -->\n<title>La naci\u00f3n - Scenic\u00a0Rights<\/title>\n<meta name=\"robots\" content=\"index, follow, max-snippet:-1, max-image-preview:large, max-video-preview:-1\" \/>\n<link rel=\"canonical\" href=\"https:\/\/www.scenicrights.com\/ca\/projects\/la-nacion-2\/\" \/>\n<meta property=\"og:locale\" content=\"ca_ES\" \/>\n<meta property=\"og:type\" content=\"article\" \/>\n<meta property=\"og:title\" content=\"La naci\u00f3n - Scenic\u00a0Rights\" \/>\n<meta property=\"og:description\" content=\"&quot;Si dif&iacute;cil es entrar, m&aacute;s dif&iacute;cil es salir.&quot; Una s&egrave;rie original per a televisi&oacute; de Pavel Giroud i Daniel Corpas Hansen. Elio &eacute;s un immigrant vene&ccedil;ol&agrave; [&hellip;]\" \/>\n<meta property=\"og:url\" content=\"https:\/\/www.scenicrights.com\/ca\/projects\/la-nacion-2\/\" \/>\n<meta property=\"og:site_name\" content=\"Scenic\u00a0Rights\" \/>\n<meta property=\"article:modified_time\" content=\"2023-12-17T19:50:05+00:00\" \/>\n<meta property=\"og:image\" content=\"https:\/\/www.scenicrights.com\/wp-content\/uploads\/2023\/09\/ey90iCJueEWdtCM3mSSHCA.png\" \/>\n\t<meta property=\"og:image:width\" content=\"400\" \/>\n\t<meta property=\"og:image:height\" content=\"478\" \/>\n\t<meta property=\"og:image:type\" content=\"image\/png\" \/>\n<meta name=\"twitter:card\" content=\"summary_large_image\" \/>\n<meta name=\"twitter:label1\" content=\"Temps estimat de lectura\" \/>\n\t<meta name=\"twitter:data1\" content=\"2 minuts\" \/>\n<script type=\"application\/ld+json\" class=\"yoast-schema-graph\">{\"@context\":\"https:\\\/\\\/schema.org\",\"@graph\":[{\"@type\":\"WebPage\",\"@id\":\"https:\\\/\\\/www.scenicrights.com\\\/ca\\\/projects\\\/la-nacion-2\\\/\",\"url\":\"https:\\\/\\\/www.scenicrights.com\\\/ca\\\/projects\\\/la-nacion-2\\\/\",\"name\":\"La naci\u00f3n - Scenic\u00a0Rights\",\"isPartOf\":{\"@id\":\"https:\\\/\\\/www.scenicrights.com\\\/ca\\\/#website\"},\"primaryImageOfPage\":{\"@id\":\"https:\\\/\\\/www.scenicrights.com\\\/ca\\\/projects\\\/la-nacion-2\\\/#primaryimage\"},\"image\":{\"@id\":\"https:\\\/\\\/www.scenicrights.com\\\/ca\\\/projects\\\/la-nacion-2\\\/#primaryimage\"},\"thumbnailUrl\":\"https:\\\/\\\/www.scenicrights.com\\\/wp-content\\\/uploads\\\/2023\\\/09\\\/ey90iCJueEWdtCM3mSSHCA.png\",\"datePublished\":\"2023-09-13T13:45:06+00:00\",\"dateModified\":\"2023-12-17T19:50:05+00:00\",\"breadcrumb\":{\"@id\":\"https:\\\/\\\/www.scenicrights.com\\\/ca\\\/projects\\\/la-nacion-2\\\/#breadcrumb\"},\"inLanguage\":\"ca\",\"potentialAction\":[{\"@type\":\"ReadAction\",\"target\":[\"https:\\\/\\\/www.scenicrights.com\\\/ca\\\/projects\\\/la-nacion-2\\\/\"]}]},{\"@type\":\"ImageObject\",\"inLanguage\":\"ca\",\"@id\":\"https:\\\/\\\/www.scenicrights.com\\\/ca\\\/projects\\\/la-nacion-2\\\/#primaryimage\",\"url\":\"https:\\\/\\\/www.scenicrights.com\\\/wp-content\\\/uploads\\\/2023\\\/09\\\/ey90iCJueEWdtCM3mSSHCA.png\",\"contentUrl\":\"https:\\\/\\\/www.scenicrights.com\\\/wp-content\\\/uploads\\\/2023\\\/09\\\/ey90iCJueEWdtCM3mSSHCA.png\",\"width\":400,\"height\":478},{\"@type\":\"BreadcrumbList\",\"@id\":\"https:\\\/\\\/www.scenicrights.com\\\/ca\\\/projects\\\/la-nacion-2\\\/#breadcrumb\",\"itemListElement\":[{\"@type\":\"ListItem\",\"position\":1,\"name\":\"Home\",\"item\":\"https:\\\/\\\/www.scenicrights.com\\\/ca\\\/\"},{\"@type\":\"ListItem\",\"position\":2,\"name\":\"La naci\u00f3n\"}]},{\"@type\":\"WebSite\",\"@id\":\"https:\\\/\\\/www.scenicrights.com\\\/ca\\\/#website\",\"url\":\"https:\\\/\\\/www.scenicrights.com\\\/ca\\\/\",\"name\":\"Scenic\u00a0Rights\",\"description\":\"\",\"publisher\":{\"@id\":\"https:\\\/\\\/www.scenicrights.com\\\/ca\\\/#organization\"},\"potentialAction\":[{\"@type\":\"SearchAction\",\"target\":{\"@type\":\"EntryPoint\",\"urlTemplate\":\"https:\\\/\\\/www.scenicrights.com\\\/ca\\\/?s={search_term_string}\"},\"query-input\":{\"@type\":\"PropertyValueSpecification\",\"valueRequired\":true,\"valueName\":\"search_term_string\"}}],\"inLanguage\":\"ca\"},{\"@type\":\"Organization\",\"@id\":\"https:\\\/\\\/www.scenicrights.com\\\/ca\\\/#organization\",\"name\":\"Scenic\u00a0Rights\",\"url\":\"https:\\\/\\\/www.scenicrights.com\\\/ca\\\/\",\"logo\":{\"@type\":\"ImageObject\",\"inLanguage\":\"ca\",\"@id\":\"https:\\\/\\\/www.scenicrights.com\\\/ca\\\/#\\\/schema\\\/logo\\\/image\\\/\",\"url\":\"https:\\\/\\\/www.scenicrights.com\\\/wp-content\\\/uploads\\\/2023\\\/07\\\/logo-horizontal-web.png\",\"contentUrl\":\"https:\\\/\\\/www.scenicrights.com\\\/wp-content\\\/uploads\\\/2023\\\/07\\\/logo-horizontal-web.png\",\"width\":644,\"height\":225,\"caption\":\"Scenic\u00a0Rights\"},\"image\":{\"@id\":\"https:\\\/\\\/www.scenicrights.com\\\/ca\\\/#\\\/schema\\\/logo\\\/image\\\/\"}}]}<\/script>\n<!-- \/ Yoast SEO plugin. -->","yoast_head_json":{"title":"La naci\u00f3n - Scenic\u00a0Rights","robots":{"index":"index","follow":"follow","max-snippet":"max-snippet:-1","max-image-preview":"max-image-preview:large","max-video-preview":"max-video-preview:-1"},"canonical":"https:\/\/www.scenicrights.com\/ca\/projects\/la-nacion-2\/","og_locale":"ca_ES","og_type":"article","og_title":"La naci\u00f3n - Scenic\u00a0Rights","og_description":"&quot;Si dif&iacute;cil es entrar, m&aacute;s dif&iacute;cil es salir.&quot; Una s&egrave;rie original per a televisi&oacute; de Pavel Giroud i Daniel Corpas Hansen. Elio &eacute;s un immigrant vene&ccedil;ol&agrave; [&hellip;]","og_url":"https:\/\/www.scenicrights.com\/ca\/projects\/la-nacion-2\/","og_site_name":"Scenic\u00a0Rights","article_modified_time":"2023-12-17T19:50:05+00:00","og_image":[{"width":400,"height":478,"url":"https:\/\/www.scenicrights.com\/wp-content\/uploads\/2023\/09\/ey90iCJueEWdtCM3mSSHCA.png","type":"image\/png"}],"twitter_card":"summary_large_image","twitter_misc":{"Temps estimat de lectura":"2 minuts"},"schema":{"@context":"https:\/\/schema.org","@graph":[{"@type":"WebPage","@id":"https:\/\/www.scenicrights.com\/ca\/projects\/la-nacion-2\/","url":"https:\/\/www.scenicrights.com\/ca\/projects\/la-nacion-2\/","name":"La naci\u00f3n - Scenic\u00a0Rights","isPartOf":{"@id":"https:\/\/www.scenicrights.com\/ca\/#website"},"primaryImageOfPage":{"@id":"https:\/\/www.scenicrights.com\/ca\/projects\/la-nacion-2\/#primaryimage"},"image":{"@id":"https:\/\/www.scenicrights.com\/ca\/projects\/la-nacion-2\/#primaryimage"},"thumbnailUrl":"https:\/\/www.scenicrights.com\/wp-content\/uploads\/2023\/09\/ey90iCJueEWdtCM3mSSHCA.png","datePublished":"2023-09-13T13:45:06+00:00","dateModified":"2023-12-17T19:50:05+00:00","breadcrumb":{"@id":"https:\/\/www.scenicrights.com\/ca\/projects\/la-nacion-2\/#breadcrumb"},"inLanguage":"ca","potentialAction":[{"@type":"ReadAction","target":["https:\/\/www.scenicrights.com\/ca\/projects\/la-nacion-2\/"]}]},{"@type":"ImageObject","inLanguage":"ca","@id":"https:\/\/www.scenicrights.com\/ca\/projects\/la-nacion-2\/#primaryimage","url":"https:\/\/www.scenicrights.com\/wp-content\/uploads\/2023\/09\/ey90iCJueEWdtCM3mSSHCA.png","contentUrl":"https:\/\/www.scenicrights.com\/wp-content\/uploads\/2023\/09\/ey90iCJueEWdtCM3mSSHCA.png","width":400,"height":478},{"@type":"BreadcrumbList","@id":"https:\/\/www.scenicrights.com\/ca\/projects\/la-nacion-2\/#breadcrumb","itemListElement":[{"@type":"ListItem","position":1,"name":"Home","item":"https:\/\/www.scenicrights.com\/ca\/"},{"@type":"ListItem","position":2,"name":"La naci\u00f3n"}]},{"@type":"WebSite","@id":"https:\/\/www.scenicrights.com\/ca\/#website","url":"https:\/\/www.scenicrights.com\/ca\/","name":"Scenic\u00a0Rights","description":"","publisher":{"@id":"https:\/\/www.scenicrights.com\/ca\/#organization"},"potentialAction":[{"@type":"SearchAction","target":{"@type":"EntryPoint","urlTemplate":"https:\/\/www.scenicrights.com\/ca\/?s={search_term_string}"},"query-input":{"@type":"PropertyValueSpecification","valueRequired":true,"valueName":"search_term_string"}}],"inLanguage":"ca"},{"@type":"Organization","@id":"https:\/\/www.scenicrights.com\/ca\/#organization","name":"Scenic\u00a0Rights","url":"https:\/\/www.scenicrights.com\/ca\/","logo":{"@type":"ImageObject","inLanguage":"ca","@id":"https:\/\/www.scenicrights.com\/ca\/#\/schema\/logo\/image\/","url":"https:\/\/www.scenicrights.com\/wp-content\/uploads\/2023\/07\/logo-horizontal-web.png","contentUrl":"https:\/\/www.scenicrights.com\/wp-content\/uploads\/2023\/07\/logo-horizontal-web.png","width":644,"height":225,"caption":"Scenic\u00a0Rights"},"image":{"@id":"https:\/\/www.scenicrights.com\/ca\/#\/schema\/logo\/image\/"}}]}},"_links":{"self":[{"href":"https:\/\/www.scenicrights.com\/ca\/wp-json\/wp\/v2\/articulo\/19233","targetHints":{"allow":["GET"]}}],"collection":[{"href":"https:\/\/www.scenicrights.com\/ca\/wp-json\/wp\/v2\/articulo"}],"about":[{"href":"https:\/\/www.scenicrights.com\/ca\/wp-json\/wp\/v2\/types\/articulo"}],"acf:attachment":[{"embeddable":true,"href":"https:\/\/www.scenicrights.com\/ca\/wp-json\/wp\/v2\/media\/"}],"acf:post":[{"embeddable":true,"href":"https:\/\/www.scenicrights.com\/ca\/wp-json\/wp\/v2\/autor\/2940"},{"embeddable":true,"href":"https:\/\/www.scenicrights.com\/ca\/wp-json\/wp\/v2\/autor\/2759"}],"acf:term":[{"embeddable":true,"taxonomy":"licencia","href":"https:\/\/www.scenicrights.com\/ca\/wp-json\/wp\/v2\/licencia\/18"},{"embeddable":true,"taxonomy":"art_tag","href":"https:\/\/www.scenicrights.com\/ca\/wp-json\/wp\/v2\/art_tag\/1423"},{"embeddable":true,"taxonomy":"art_tag","href":"https:\/\/www.scenicrights.com\/ca\/wp-json\/wp\/v2\/art_tag\/1332"},{"embeddable":true,"taxonomy":"art_tag","href":"https:\/\/www.scenicrights.com\/ca\/wp-json\/wp\/v2\/art_tag\/1033"},{"embeddable":true,"taxonomy":"art_tag","href":"https:\/\/www.scenicrights.com\/ca\/wp-json\/wp\/v2\/art_tag\/1280"},{"embeddable":true,"taxonomy":"art_tag","href":"https:\/\/www.scenicrights.com\/ca\/wp-json\/wp\/v2\/art_tag\/1021"},{"embeddable":true,"taxonomy":"art_tag","href":"https:\/\/www.scenicrights.com\/ca\/wp-json\/wp\/v2\/art_tag\/1213"},{"embeddable":true,"taxonomy":"art_tag","href":"https:\/\/www.scenicrights.com\/ca\/wp-json\/wp\/v2\/art_tag\/1151"},{"embeddable":true,"taxonomy":"art_tag","href":"https:\/\/www.scenicrights.com\/ca\/wp-json\/wp\/v2\/art_tag\/955"},{"embeddable":true,"taxonomy":"art_tag","href":"https:\/\/www.scenicrights.com\/ca\/wp-json\/wp\/v2\/art_tag\/891"},{"embeddable":true,"taxonomy":"tipo","href":"https:\/\/www.scenicrights.com\/ca\/wp-json\/wp\/v2\/tipo\/5"},{"embeddable":true,"taxonomy":"subgenero","href":"https:\/\/www.scenicrights.com\/ca\/wp-json\/wp\/v2\/subgenero\/661"},{"embeddable":true,"taxonomy":"subgenero","href":"https:\/\/www.scenicrights.com\/ca\/wp-json\/wp\/v2\/subgenero\/675"},{"embeddable":true,"taxonomy":"subgenero","href":"https:\/\/www.scenicrights.com\/ca\/wp-json\/wp\/v2\/subgenero\/619"},{"embeddable":true,"taxonomy":"genero","href":"https:\/\/www.scenicrights.com\/ca\/wp-json\/wp\/v2\/genero\/46"}],"wp:featuredmedia":[{"embeddable":true,"href":"https:\/\/www.scenicrights.com\/ca\/wp-json\/wp\/v2\/media\/8136"}],"wp:attachment":[{"href":"https:\/\/www.scenicrights.com\/ca\/wp-json\/wp\/v2\/media?parent=19233"}],"wp:term":[{"taxonomy":"art_tag","embeddable":true,"href":"https:\/\/www.scenicrights.com\/ca\/wp-json\/wp\/v2\/art_tag?post=19233"},{"taxonomy":"genero","embeddable":true,"href":"https:\/\/www.scenicrights.com\/ca\/wp-json\/wp\/v2\/genero?post=19233"},{"taxonomy":"licencia","embeddable":true,"href":"https:\/\/www.scenicrights.com\/ca\/wp-json\/wp\/v2\/licencia?post=19233"},{"taxonomy":"localizacion","embeddable":true,"href":"https:\/\/www.scenicrights.com\/ca\/wp-json\/wp\/v2\/localizacion?post=19233"},{"taxonomy":"produccion","embeddable":true,"href":"https:\/\/www.scenicrights.com\/ca\/wp-json\/wp\/v2\/produccion?post=19233"},{"taxonomy":"subgenero","embeddable":true,"href":"https:\/\/www.scenicrights.com\/ca\/wp-json\/wp\/v2\/subgenero?post=19233"},{"taxonomy":"tipo","embeddable":true,"href":"https:\/\/www.scenicrights.com\/ca\/wp-json\/wp\/v2\/tipo?post=19233"}],"curies":[{"name":"wp","href":"https:\/\/api.w.org\/{rel}","templated":true}]}}