{"id":19330,"date":"2024-01-04T14:39:32","date_gmt":"2024-01-04T14:39:32","guid":{"rendered":"https:\/\/pre.scenicrights.com\/projects\/elena-sabe-film\/"},"modified":"2024-01-12T13:56:03","modified_gmt":"2024-01-12T13:56:03","slug":"elena-sabe-film","status":"publish","type":"articulo","link":"https:\/\/www.scenicrights.com\/ca\/projects\/elena-sabe-film\/","title":{"rendered":"Elena sabe (Film)"},"template":"","art_tag":[1280,891,967,1349,859,1021,1127,1189],"genero":[46],"licencia":[17],"localizacion":[],"produccion":[16],"subgenero":[661,675],"tipo":[5],"class_list":["post-19330","articulo","type-articulo","status-publish","has-post-thumbnail","hentry","art_tag-crim","art_tag-familia-ca","art_tag-investigacio","art_tag-justicia-ca","art_tag-malaltia","art_tag-mort","art_tag-secrets","art_tag-vellesa","genero-drama-ca","licencia-propia","produccion-explotacion","subgenero-policiac","subgenero-thriller-ca","tipo-proyecto"],"acf":{"generos_tax":[46],"subgeneros_tax":[661,675],"tipo_tax":[5],"tags_tax":[859,891,967,1127,1189,1021,1280,1349],"produccion_tax":16,"licencia_tax":17,"localizacion_tax":false,"articulo__titulo_extendido":"","articulo__extracto":"","articulo__contenido":"https:\/\/www.youtube.com\/watch?v=P0jWwsPE2_U&amp;t=2s\r\n\r\n&nbsp;\r\n\r\n<em><strong>Sap que la seva filla no es va su\u00efcidar\u2026 sap que l'han assassinat.\u00a0<\/strong><\/em>\r\n\r\nElena sap que la seva filla Rita no es va su\u00efcidar\u2026 sap que l'han assassinat. No importa que la trobessin penjada del campanar de l'esgl\u00e9sia que solia freq\u00fcentar, Elena es nega a creure que aquest hagi estat la causa de la seva mort. Es nega a creure que Rita hagu\u00e9s pujat a aquest campanar una nit com aquella que plovia perqu\u00e8 sap que Rita tenia una por atro\u00e7 als llampecs i mai s'hauria acostat. Per aix\u00f2, Elena no es rendeix, encara que la recerca es consideri tancada, a esclarir el crim i trobar al culpable.\r\n\r\nEncara que Elena sap que ja no envia sobre algunes parts del seu cos, que en el seu cervell sap el que ha de fer, per\u00f2 les seves extremitats no li responen com ella volgu\u00e9s, la seva voluntat per esclarir aquest crim no es trenca. El seu ritme el marca la medicaci\u00f3, estant sempre controlada r\u00edgidament pel temps durant el qual li fa efecte. Per aix\u00f2, ha de tenir present on es trobar\u00e0 quan aquests efectes comencin a fallar. Es troba completament dependent dels seus cuidadors.\r\n\r\nElena acudeix de manera regular a parlar amb l'inspector *Avellaneda, qui l'ajuda a investigar el cas m\u00e9s a fons. Repassen la llista de possibles sospitosos, per\u00f2 totes les proves condueixen a un punt mort. Assetjada per la malaltia, Elena \u00e9s tamb\u00e9 la menys indicada per a encap\u00e7alar la cerca de l'assass\u00ed, per\u00f2 sap que li ho deu a Rita, a la persona que li ha cuidat aquests \u00faltims anys durant aquesta penosa malaltia. Ha d'emprendre una llarga travessia lluitant contra el seu propi cos. I malgrat la seva desgr\u00e0cia, Elena no desisteix. No importa que a penes pugui caminar, que no sigui capa\u00e7 de sostenir al\u00e7ada el seu propi cap, o que no aconsegueixi aixecar-se de la cadira sense ajuda. El Parkinson devora el seu cos, per\u00f2 no la seva voluntat. I tracta d'obtenir just\u00edcia amb tota l'enteresa que la seva malaltia li permet. Res la detindr\u00e0 perqu\u00e8, al final d'aquest viatge, Elena trobar\u00e0 la veritat.\r\n\r\nLa hist\u00f2ria s'articula sobre aquest viatge complicat per\u00f2 esperan\u00e7ador, traspassant la pell i la ment d'Elena, i reflectint la realitat crua i esquin\u00e7adora de la malaltia de Parkinson.\r\n\r\n<strong>DADES RELLEVANTS<\/strong>: En Elena sap, Claudia Pi\u00f1eiro reflexiona sobre els cossos de les dones, fins a quin punt s\u00f3n propiet\u00e0ries d'ells, quant poden decidir i quant no. Tamb\u00e9 parla de malaltia, de dolor, de la responsabilitat dels fills i de cuidar dels pares, tot dins d'una trama detectivesca que empeny la hist\u00f2ria constantment\u00a0cap endavant. La novel\u00b7la va ser guardonada amb el Premi LiBeraturpreis a la millor novel\u00b7la escrita per una dona i recentment publicada per Alfaguara despr\u00e9s de la concessi\u00f3 del Premi Pepe Carvalho de Novel\u00b7la Negra.\r\n\r\nClaudia Pi\u00f1eiro, coneguda com La Dama de la Novel\u00b7la Negra Argentina, \u00e9s una de les veus m\u00e9s aclamades de la literatura llatinoamericana contempor\u00e0nia. \u00c9s l'autora argentina m\u00e9s tradu\u00efda despr\u00e9s de *Borges i *Cort\u00e1zar, i una de les autores hispanoparlants m\u00e9s adaptades al cinema i TV en l'actualitat.\r\n\r\nEntre la seva gran quantitat de guardons, destaquen el Premi Clar\u00ed, el Premi Llatinoameric\u00e0 de Literatura Infantil i Juvenil, el Premi *Pl\u00e9yade, el Premi *ACE, el Premi Sor Juana In\u00e9s de la Creu, finalista del Premi Planeta Argentina i del Premi El Somriure Vertical, a m\u00e9s d'haver estat seleccionada en el Concurs Editorial Edeb\u00e9.\r\n\r\n\u201cSegons avan\u00e7ava, produ\u00efa una dolorosa intimitat i una connexi\u00f3 m\u00e9s profunda amb la hist\u00f2ria d'Elena. Una connexi\u00f3 que permet arribar al final d'aquest viatge cansat, igual que Elena, necessitant una veritat i una ajuda per a enfrontar-nos a la desaparici\u00f3 de Rita.\u201d En els teus llibres em col\u00b7le (blog literari)\r\n\r\n&nbsp;\r\n\r\n<strong>POTENCIAL AUDIOVISUAL<\/strong>: S\u00e8rie TV, Minis\u00e8rie, Film, TV *Movie.\r\n\r\n<strong>IDIOMES DISPONIBLES<\/strong>: Espa\u00f1ol, angl\u00e8s, franc\u00e8s, polon\u00e8s, holand\u00e8s.\r\n\r\n&nbsp;\r\n\r\n<strong>TEMES:<\/strong> Recerca, Assassinat, Just\u00edcia, Viatge, Lluita, Secrets, Fam\u00edlia, Vellesa, Malaltia.\r\n\r\n<strong>G\u00c8NERES: <\/strong>Drama, Policial.","articulo__autor":2894,"_thumbnail_id":22698,"articulo__featured_gallery":null,"articulo__galeria_archivos":[null],"articulo__fecha_de_publicacion":"","articulo__idiomas":"","articulo__dossier":"","idarticle":1504},"yoast_head":"<!-- This site is optimized with the Yoast SEO plugin v27.5 - https:\/\/yoast.com\/product\/yoast-seo-wordpress\/ -->\n<title>Elena sabe (Film) - Scenic\u00a0Rights<\/title>\n<meta name=\"robots\" content=\"index, follow, max-snippet:-1, max-image-preview:large, max-video-preview:-1\" \/>\n<link rel=\"canonical\" href=\"https:\/\/www.scenicrights.com\/ca\/projects\/elena-sabe-film\/\" \/>\n<meta property=\"og:locale\" content=\"ca_ES\" \/>\n<meta property=\"og:type\" content=\"article\" \/>\n<meta property=\"og:title\" content=\"Elena sabe (Film) - Scenic\u00a0Rights\" \/>\n<meta property=\"og:description\" content=\"Sap que la seva filla no es va su&iuml;cidar&hellip; sap que l&#039;han assassinat.&nbsp; Elena sap que la seva filla Rita no es va su&iuml;cidar&hellip; sap que [&hellip;]\" \/>\n<meta property=\"og:url\" content=\"https:\/\/www.scenicrights.com\/ca\/projects\/elena-sabe-film\/\" \/>\n<meta property=\"og:site_name\" content=\"Scenic\u00a0Rights\" \/>\n<meta property=\"article:modified_time\" content=\"2024-01-12T13:56:03+00:00\" \/>\n<meta property=\"og:image\" content=\"https:\/\/www.scenicrights.com\/wp-content\/uploads\/2023\/09\/Elena_sabe-264078500-large.jpeg\" \/>\n\t<meta property=\"og:image:width\" content=\"960\" \/>\n\t<meta property=\"og:image:height\" content=\"1200\" \/>\n\t<meta property=\"og:image:type\" content=\"image\/jpeg\" \/>\n<meta name=\"twitter:card\" content=\"summary_large_image\" \/>\n<meta name=\"twitter:label1\" content=\"Temps estimat de lectura\" \/>\n\t<meta name=\"twitter:data1\" content=\"4 minuts\" \/>\n<script type=\"application\/ld+json\" class=\"yoast-schema-graph\">{\"@context\":\"https:\\\/\\\/schema.org\",\"@graph\":[{\"@type\":\"WebPage\",\"@id\":\"https:\\\/\\\/www.scenicrights.com\\\/ca\\\/projects\\\/elena-sabe-film\\\/\",\"url\":\"https:\\\/\\\/www.scenicrights.com\\\/ca\\\/projects\\\/elena-sabe-film\\\/\",\"name\":\"Elena sabe (Film) - Scenic\u00a0Rights\",\"isPartOf\":{\"@id\":\"https:\\\/\\\/www.scenicrights.com\\\/ca\\\/#website\"},\"primaryImageOfPage\":{\"@id\":\"https:\\\/\\\/www.scenicrights.com\\\/ca\\\/projects\\\/elena-sabe-film\\\/#primaryimage\"},\"image\":{\"@id\":\"https:\\\/\\\/www.scenicrights.com\\\/ca\\\/projects\\\/elena-sabe-film\\\/#primaryimage\"},\"thumbnailUrl\":\"https:\\\/\\\/www.scenicrights.com\\\/wp-content\\\/uploads\\\/2023\\\/09\\\/Elena_sabe-264078500-large.jpeg\",\"datePublished\":\"2024-01-04T14:39:32+00:00\",\"dateModified\":\"2024-01-12T13:56:03+00:00\",\"breadcrumb\":{\"@id\":\"https:\\\/\\\/www.scenicrights.com\\\/ca\\\/projects\\\/elena-sabe-film\\\/#breadcrumb\"},\"inLanguage\":\"ca\",\"potentialAction\":[{\"@type\":\"ReadAction\",\"target\":[\"https:\\\/\\\/www.scenicrights.com\\\/ca\\\/projects\\\/elena-sabe-film\\\/\"]}]},{\"@type\":\"ImageObject\",\"inLanguage\":\"ca\",\"@id\":\"https:\\\/\\\/www.scenicrights.com\\\/ca\\\/projects\\\/elena-sabe-film\\\/#primaryimage\",\"url\":\"https:\\\/\\\/www.scenicrights.com\\\/wp-content\\\/uploads\\\/2023\\\/09\\\/Elena_sabe-264078500-large.jpeg\",\"contentUrl\":\"https:\\\/\\\/www.scenicrights.com\\\/wp-content\\\/uploads\\\/2023\\\/09\\\/Elena_sabe-264078500-large.jpeg\",\"width\":960,\"height\":1200},{\"@type\":\"BreadcrumbList\",\"@id\":\"https:\\\/\\\/www.scenicrights.com\\\/ca\\\/projects\\\/elena-sabe-film\\\/#breadcrumb\",\"itemListElement\":[{\"@type\":\"ListItem\",\"position\":1,\"name\":\"Home\",\"item\":\"https:\\\/\\\/www.scenicrights.com\\\/ca\\\/\"},{\"@type\":\"ListItem\",\"position\":2,\"name\":\"Elena sabe (Film)\"}]},{\"@type\":\"WebSite\",\"@id\":\"https:\\\/\\\/www.scenicrights.com\\\/ca\\\/#website\",\"url\":\"https:\\\/\\\/www.scenicrights.com\\\/ca\\\/\",\"name\":\"Scenic\u00a0Rights\",\"description\":\"\",\"publisher\":{\"@id\":\"https:\\\/\\\/www.scenicrights.com\\\/ca\\\/#organization\"},\"potentialAction\":[{\"@type\":\"SearchAction\",\"target\":{\"@type\":\"EntryPoint\",\"urlTemplate\":\"https:\\\/\\\/www.scenicrights.com\\\/ca\\\/?s={search_term_string}\"},\"query-input\":{\"@type\":\"PropertyValueSpecification\",\"valueRequired\":true,\"valueName\":\"search_term_string\"}}],\"inLanguage\":\"ca\"},{\"@type\":\"Organization\",\"@id\":\"https:\\\/\\\/www.scenicrights.com\\\/ca\\\/#organization\",\"name\":\"Scenic\u00a0Rights\",\"url\":\"https:\\\/\\\/www.scenicrights.com\\\/ca\\\/\",\"logo\":{\"@type\":\"ImageObject\",\"inLanguage\":\"ca\",\"@id\":\"https:\\\/\\\/www.scenicrights.com\\\/ca\\\/#\\\/schema\\\/logo\\\/image\\\/\",\"url\":\"https:\\\/\\\/www.scenicrights.com\\\/wp-content\\\/uploads\\\/2023\\\/07\\\/logo-horizontal-web.png\",\"contentUrl\":\"https:\\\/\\\/www.scenicrights.com\\\/wp-content\\\/uploads\\\/2023\\\/07\\\/logo-horizontal-web.png\",\"width\":644,\"height\":225,\"caption\":\"Scenic\u00a0Rights\"},\"image\":{\"@id\":\"https:\\\/\\\/www.scenicrights.com\\\/ca\\\/#\\\/schema\\\/logo\\\/image\\\/\"}}]}<\/script>\n<!-- \/ Yoast SEO plugin. -->","yoast_head_json":{"title":"Elena sabe (Film) - Scenic\u00a0Rights","robots":{"index":"index","follow":"follow","max-snippet":"max-snippet:-1","max-image-preview":"max-image-preview:large","max-video-preview":"max-video-preview:-1"},"canonical":"https:\/\/www.scenicrights.com\/ca\/projects\/elena-sabe-film\/","og_locale":"ca_ES","og_type":"article","og_title":"Elena sabe (Film) - Scenic\u00a0Rights","og_description":"Sap que la seva filla no es va su&iuml;cidar&hellip; sap que l&#39;han assassinat.&nbsp; Elena sap que la seva filla Rita no es va su&iuml;cidar&hellip; sap que [&hellip;]","og_url":"https:\/\/www.scenicrights.com\/ca\/projects\/elena-sabe-film\/","og_site_name":"Scenic\u00a0Rights","article_modified_time":"2024-01-12T13:56:03+00:00","og_image":[{"width":960,"height":1200,"url":"https:\/\/www.scenicrights.com\/wp-content\/uploads\/2023\/09\/Elena_sabe-264078500-large.jpeg","type":"image\/jpeg"}],"twitter_card":"summary_large_image","twitter_misc":{"Temps estimat de lectura":"4 minuts"},"schema":{"@context":"https:\/\/schema.org","@graph":[{"@type":"WebPage","@id":"https:\/\/www.scenicrights.com\/ca\/projects\/elena-sabe-film\/","url":"https:\/\/www.scenicrights.com\/ca\/projects\/elena-sabe-film\/","name":"Elena sabe (Film) - Scenic\u00a0Rights","isPartOf":{"@id":"https:\/\/www.scenicrights.com\/ca\/#website"},"primaryImageOfPage":{"@id":"https:\/\/www.scenicrights.com\/ca\/projects\/elena-sabe-film\/#primaryimage"},"image":{"@id":"https:\/\/www.scenicrights.com\/ca\/projects\/elena-sabe-film\/#primaryimage"},"thumbnailUrl":"https:\/\/www.scenicrights.com\/wp-content\/uploads\/2023\/09\/Elena_sabe-264078500-large.jpeg","datePublished":"2024-01-04T14:39:32+00:00","dateModified":"2024-01-12T13:56:03+00:00","breadcrumb":{"@id":"https:\/\/www.scenicrights.com\/ca\/projects\/elena-sabe-film\/#breadcrumb"},"inLanguage":"ca","potentialAction":[{"@type":"ReadAction","target":["https:\/\/www.scenicrights.com\/ca\/projects\/elena-sabe-film\/"]}]},{"@type":"ImageObject","inLanguage":"ca","@id":"https:\/\/www.scenicrights.com\/ca\/projects\/elena-sabe-film\/#primaryimage","url":"https:\/\/www.scenicrights.com\/wp-content\/uploads\/2023\/09\/Elena_sabe-264078500-large.jpeg","contentUrl":"https:\/\/www.scenicrights.com\/wp-content\/uploads\/2023\/09\/Elena_sabe-264078500-large.jpeg","width":960,"height":1200},{"@type":"BreadcrumbList","@id":"https:\/\/www.scenicrights.com\/ca\/projects\/elena-sabe-film\/#breadcrumb","itemListElement":[{"@type":"ListItem","position":1,"name":"Home","item":"https:\/\/www.scenicrights.com\/ca\/"},{"@type":"ListItem","position":2,"name":"Elena sabe (Film)"}]},{"@type":"WebSite","@id":"https:\/\/www.scenicrights.com\/ca\/#website","url":"https:\/\/www.scenicrights.com\/ca\/","name":"Scenic\u00a0Rights","description":"","publisher":{"@id":"https:\/\/www.scenicrights.com\/ca\/#organization"},"potentialAction":[{"@type":"SearchAction","target":{"@type":"EntryPoint","urlTemplate":"https:\/\/www.scenicrights.com\/ca\/?s={search_term_string}"},"query-input":{"@type":"PropertyValueSpecification","valueRequired":true,"valueName":"search_term_string"}}],"inLanguage":"ca"},{"@type":"Organization","@id":"https:\/\/www.scenicrights.com\/ca\/#organization","name":"Scenic\u00a0Rights","url":"https:\/\/www.scenicrights.com\/ca\/","logo":{"@type":"ImageObject","inLanguage":"ca","@id":"https:\/\/www.scenicrights.com\/ca\/#\/schema\/logo\/image\/","url":"https:\/\/www.scenicrights.com\/wp-content\/uploads\/2023\/07\/logo-horizontal-web.png","contentUrl":"https:\/\/www.scenicrights.com\/wp-content\/uploads\/2023\/07\/logo-horizontal-web.png","width":644,"height":225,"caption":"Scenic\u00a0Rights"},"image":{"@id":"https:\/\/www.scenicrights.com\/ca\/#\/schema\/logo\/image\/"}}]}},"_links":{"self":[{"href":"https:\/\/www.scenicrights.com\/ca\/wp-json\/wp\/v2\/articulo\/19330","targetHints":{"allow":["GET"]}}],"collection":[{"href":"https:\/\/www.scenicrights.com\/ca\/wp-json\/wp\/v2\/articulo"}],"about":[{"href":"https:\/\/www.scenicrights.com\/ca\/wp-json\/wp\/v2\/types\/articulo"}],"acf:attachment":[{"embeddable":true,"href":"https:\/\/www.scenicrights.com\/ca\/wp-json\/wp\/v2\/media\/"}],"acf:post":[{"embeddable":true,"href":"https:\/\/www.scenicrights.com\/ca\/wp-json\/wp\/v2\/autor\/2894"}],"acf:term":[{"embeddable":true,"taxonomy":"licencia","href":"https:\/\/www.scenicrights.com\/ca\/wp-json\/wp\/v2\/licencia\/17"},{"embeddable":true,"taxonomy":"produccion","href":"https:\/\/www.scenicrights.com\/ca\/wp-json\/wp\/v2\/produccion\/16"},{"embeddable":true,"taxonomy":"art_tag","href":"https:\/\/www.scenicrights.com\/ca\/wp-json\/wp\/v2\/art_tag\/1349"},{"embeddable":true,"taxonomy":"art_tag","href":"https:\/\/www.scenicrights.com\/ca\/wp-json\/wp\/v2\/art_tag\/1280"},{"embeddable":true,"taxonomy":"art_tag","href":"https:\/\/www.scenicrights.com\/ca\/wp-json\/wp\/v2\/art_tag\/1021"},{"embeddable":true,"taxonomy":"art_tag","href":"https:\/\/www.scenicrights.com\/ca\/wp-json\/wp\/v2\/art_tag\/1189"},{"embeddable":true,"taxonomy":"art_tag","href":"https:\/\/www.scenicrights.com\/ca\/wp-json\/wp\/v2\/art_tag\/1127"},{"embeddable":true,"taxonomy":"art_tag","href":"https:\/\/www.scenicrights.com\/ca\/wp-json\/wp\/v2\/art_tag\/967"},{"embeddable":true,"taxonomy":"art_tag","href":"https:\/\/www.scenicrights.com\/ca\/wp-json\/wp\/v2\/art_tag\/891"},{"embeddable":true,"taxonomy":"art_tag","href":"https:\/\/www.scenicrights.com\/ca\/wp-json\/wp\/v2\/art_tag\/859"},{"embeddable":true,"taxonomy":"tipo","href":"https:\/\/www.scenicrights.com\/ca\/wp-json\/wp\/v2\/tipo\/5"},{"embeddable":true,"taxonomy":"subgenero","href":"https:\/\/www.scenicrights.com\/ca\/wp-json\/wp\/v2\/subgenero\/675"},{"embeddable":true,"taxonomy":"subgenero","href":"https:\/\/www.scenicrights.com\/ca\/wp-json\/wp\/v2\/subgenero\/661"},{"embeddable":true,"taxonomy":"genero","href":"https:\/\/www.scenicrights.com\/ca\/wp-json\/wp\/v2\/genero\/46"}],"wp:featuredmedia":[{"embeddable":true,"href":"https:\/\/www.scenicrights.com\/ca\/wp-json\/wp\/v2\/media\/22698"}],"wp:attachment":[{"href":"https:\/\/www.scenicrights.com\/ca\/wp-json\/wp\/v2\/media?parent=19330"}],"wp:term":[{"taxonomy":"art_tag","embeddable":true,"href":"https:\/\/www.scenicrights.com\/ca\/wp-json\/wp\/v2\/art_tag?post=19330"},{"taxonomy":"genero","embeddable":true,"href":"https:\/\/www.scenicrights.com\/ca\/wp-json\/wp\/v2\/genero?post=19330"},{"taxonomy":"licencia","embeddable":true,"href":"https:\/\/www.scenicrights.com\/ca\/wp-json\/wp\/v2\/licencia?post=19330"},{"taxonomy":"localizacion","embeddable":true,"href":"https:\/\/www.scenicrights.com\/ca\/wp-json\/wp\/v2\/localizacion?post=19330"},{"taxonomy":"produccion","embeddable":true,"href":"https:\/\/www.scenicrights.com\/ca\/wp-json\/wp\/v2\/produccion?post=19330"},{"taxonomy":"subgenero","embeddable":true,"href":"https:\/\/www.scenicrights.com\/ca\/wp-json\/wp\/v2\/subgenero?post=19330"},{"taxonomy":"tipo","embeddable":true,"href":"https:\/\/www.scenicrights.com\/ca\/wp-json\/wp\/v2\/tipo?post=19330"}],"curies":[{"name":"wp","href":"https:\/\/api.w.org\/{rel}","templated":true}]}}