{"id":20716,"date":"2023-09-13T15:28:17","date_gmt":"2023-09-13T15:28:17","guid":{"rendered":"https:\/\/pre.scenicrights.com\/projects\/el-crimen-de-malladas\/"},"modified":"2024-07-09T10:57:01","modified_gmt":"2024-07-09T10:57:01","slug":"el-crimen-de-malladas","status":"publish","type":"articulo","link":"https:\/\/www.scenicrights.com\/ca\/projects\/el-crimen-de-malladas\/","title":{"rendered":"El crimen de Malladas"},"template":"","art_tag":[1280,873,1340,967,1349,1021,1083,1376],"genero":[46,1420],"licencia":[],"localizacion":[],"produccion":[],"subgenero":[651,675,1410],"tipo":[5],"class_list":["post-20716","articulo","type-articulo","status-publish","has-post-thumbnail","hentry","art_tag-crim","art_tag-espanya","art_tag-fets-reals","art_tag-investigacio","art_tag-justicia-ca","art_tag-mort","art_tag-preso","art_tag-rural-ca","genero-drama-ca","genero-no-ficcio","subgenero-historic","subgenero-thriller-ca","subgenero-true-crime-ca","tipo-proyecto"],"acf":{"generos_tax":[46,1420],"subgeneros_tax":[651,675,1410],"tipo_tax":[5],"tags_tax":[1280,873,1340,967,1021,1349,1376,1083],"produccion_tax":false,"licencia_tax":false,"localizacion_tax":false,"articulo__titulo_extendido":"","articulo__extracto":"","articulo__contenido":"<p align=\"right\"><strong><em>La historia real del crimen que conmocion\u00f3 a Espa\u00f1a.<\/em><\/strong><\/p>\r\nVerano, 1915. Mientras el pueblo de Moraleja celebra sus fiestas patronales, un grupo de individuos asalta la finca Malladas y asesina a hachazos a cinco personas: un criado, dos criadas \u2014una de ellas embarazada\u2014 y a dos ni\u00f1as peque\u00f1as.\r\n\r\nPor el crimen fueron detenidos cinco campesinos y a pesar de que numerosos testigos aseguran que los jornaleros se encontraban trabajando en Salamanca en el momento de los hechos, fueron sentenciados a cadena perpetua.\r\n\r\nLa condena de unos hombres que muchos sab\u00edan eran inocentes arm\u00f3 un gran revuelo en los peri\u00f3dicos y llev\u00f3 al abogado defensor a iniciar una largu\u00edsima campa\u00f1a para liberarlos. En el proceso acudi\u00f3 a las mayores autoridades de la \u00e9poca: a la realeza y a los masones, quienes consiguieron finalmente que luchen por ellos figuras tan reconocidas como Miguel de Unamuno.\r\n\r\nUnamuno recibi\u00f3 un informe del abogado Manuel Telo, en el que asegura que, en su lecho de muerte, una de las v\u00edctimas identific\u00f3 a \u201clos hermanos Callejo\u201d como los verdaderos asesinos.\r\n\r\nA\u00f1os despu\u00e9s, uno de ellos, Juan Callejo, fue arrestado por haber sido pillado <em>in fraganti <\/em>intentando raptar a dos menores. A pesar de las pruebas, fue absuelto en el juicio celebrado en condiciones sospechosas.\r\n\r\nEn <em>El crimen de Malladas, <\/em>Luis Roso, natural del pueblo donde ocurri\u00f3 la atrocidad, investiga a fondo el hist\u00f3rico crimen y el consecuente proceso judicial, una compleja trama llena de inc\u00f3gnitas a\u00fan por resolver que escond\u00eda una red de trata de menores, sobornos y amenazas.\r\n\r\n&nbsp;\r\n\r\n<strong>DATOS RELEVANTES: <\/strong>El crimen de Malladas es un suceso real que dio lugar a un sonado y escandaloso proceso judicial que se alarg\u00f3 durante a\u00f1os y que contin\u00faa siendo tema de conversaci\u00f3n hoy en d\u00eda.\u00a0 Todos los grandes diarios actuales y de la \u00e9poca han escrito sobre el espeluznante crimen, cuya verdad sigue sin conocerse.\r\n\r\nEsta obra recopila con gran detalle todo lo que se conoce del asesinato y de la injusticia cometidos. El rigor y sentido del ritmo con el que est\u00e1 escrita la ha propiciado un importante n\u00famero de ventas.\r\n\r\n&nbsp;\r\n\r\nLo que la cr\u00edtica ha dicho:\r\n\r\n\u201cUno de los cr\u00edmenes m\u00e1s truculentos y misteriosos de la historia del siglo XX en Espa\u00f1a\u201d. <em>De lector a lector.<\/em>\r\n\r\n\u201cUn <em>true-crime<\/em>de la \u00e9poca de Alfonso XIII que pudo esconder una red de secuestradores y violadores de ni\u00f1os\u201d. <em>20 Minutos.<\/em>\r\n\r\n\u201clo que aconteci\u00f3 [\u2026] se relata con agilidad narrativa, con profunda investigaci\u00f3n y algo de especulaci\u00f3n\u201d. <em>Heraldo.<\/em>\r\n\r\n&nbsp;\r\n\r\n<strong>POTENCIAL AUDIOVISUAL<\/strong>: Serie TV, Miniserie, Film, TV Movie<strong>.<\/strong>\r\n\r\n<strong>IDIOMAS DISPONIBLES: <\/strong>Espa\u00f1ol.","articulo__autor":[23573],"_thumbnail_id":14124,"articulo__featured_gallery":null,"articulo__galeria_archivos":"","articulo__fecha_de_publicacion":"","articulo__idiomas":"","articulo__dossier":"","idarticle":1905},"yoast_head":"<!-- This site is optimized with the Yoast SEO plugin v27.4 - https:\/\/yoast.com\/product\/yoast-seo-wordpress\/ -->\n<title>El crimen de Malladas - Scenic\u00a0Rights<\/title>\n<meta name=\"robots\" content=\"index, follow, max-snippet:-1, max-image-preview:large, max-video-preview:-1\" \/>\n<link rel=\"canonical\" href=\"https:\/\/www.scenicrights.com\/ca\/projects\/el-crimen-de-malladas\/\" \/>\n<meta property=\"og:locale\" content=\"ca_ES\" \/>\n<meta property=\"og:type\" content=\"article\" \/>\n<meta property=\"og:title\" content=\"El crimen de Malladas - Scenic\u00a0Rights\" \/>\n<meta property=\"og:description\" content=\"La historia real del crimen que conmocion&oacute; a Espa&ntilde;a. &nbsp; Verano, 1915. Mientras el pueblo de Moraleja celebra sus fiestas patronales, un grupo de individuos asalta [&hellip;]\" \/>\n<meta property=\"og:url\" content=\"https:\/\/www.scenicrights.com\/ca\/projects\/el-crimen-de-malladas\/\" \/>\n<meta property=\"og:site_name\" content=\"Scenic\u00a0Rights\" \/>\n<meta property=\"article:modified_time\" content=\"2024-07-09T10:57:01+00:00\" \/>\n<meta property=\"og:image\" content=\"https:\/\/www.scenicrights.com\/wp-content\/uploads\/2023\/09\/Rf7LX75jkE6KZXX2IfmuzQ.jpg\" \/>\n\t<meta property=\"og:image:width\" content=\"653\" \/>\n\t<meta property=\"og:image:height\" content=\"1000\" \/>\n\t<meta property=\"og:image:type\" content=\"image\/jpeg\" \/>\n<meta name=\"twitter:card\" content=\"summary_large_image\" \/>\n<meta name=\"twitter:label1\" content=\"Temps estimat de lectura\" \/>\n\t<meta name=\"twitter:data1\" content=\"3 minuts\" \/>\n<script type=\"application\/ld+json\" class=\"yoast-schema-graph\">{\"@context\":\"https:\\\/\\\/schema.org\",\"@graph\":[{\"@type\":\"WebPage\",\"@id\":\"https:\\\/\\\/www.scenicrights.com\\\/ca\\\/projects\\\/el-crimen-de-malladas\\\/\",\"url\":\"https:\\\/\\\/www.scenicrights.com\\\/ca\\\/projects\\\/el-crimen-de-malladas\\\/\",\"name\":\"El crimen de Malladas - Scenic\u00a0Rights\",\"isPartOf\":{\"@id\":\"https:\\\/\\\/www.scenicrights.com\\\/ca\\\/#website\"},\"primaryImageOfPage\":{\"@id\":\"https:\\\/\\\/www.scenicrights.com\\\/ca\\\/projects\\\/el-crimen-de-malladas\\\/#primaryimage\"},\"image\":{\"@id\":\"https:\\\/\\\/www.scenicrights.com\\\/ca\\\/projects\\\/el-crimen-de-malladas\\\/#primaryimage\"},\"thumbnailUrl\":\"https:\\\/\\\/www.scenicrights.com\\\/wp-content\\\/uploads\\\/2023\\\/09\\\/Rf7LX75jkE6KZXX2IfmuzQ.jpg\",\"datePublished\":\"2023-09-13T15:28:17+00:00\",\"dateModified\":\"2024-07-09T10:57:01+00:00\",\"breadcrumb\":{\"@id\":\"https:\\\/\\\/www.scenicrights.com\\\/ca\\\/projects\\\/el-crimen-de-malladas\\\/#breadcrumb\"},\"inLanguage\":\"ca\",\"potentialAction\":[{\"@type\":\"ReadAction\",\"target\":[\"https:\\\/\\\/www.scenicrights.com\\\/ca\\\/projects\\\/el-crimen-de-malladas\\\/\"]}]},{\"@type\":\"ImageObject\",\"inLanguage\":\"ca\",\"@id\":\"https:\\\/\\\/www.scenicrights.com\\\/ca\\\/projects\\\/el-crimen-de-malladas\\\/#primaryimage\",\"url\":\"https:\\\/\\\/www.scenicrights.com\\\/wp-content\\\/uploads\\\/2023\\\/09\\\/Rf7LX75jkE6KZXX2IfmuzQ.jpg\",\"contentUrl\":\"https:\\\/\\\/www.scenicrights.com\\\/wp-content\\\/uploads\\\/2023\\\/09\\\/Rf7LX75jkE6KZXX2IfmuzQ.jpg\",\"width\":653,\"height\":1000},{\"@type\":\"BreadcrumbList\",\"@id\":\"https:\\\/\\\/www.scenicrights.com\\\/ca\\\/projects\\\/el-crimen-de-malladas\\\/#breadcrumb\",\"itemListElement\":[{\"@type\":\"ListItem\",\"position\":1,\"name\":\"Home\",\"item\":\"https:\\\/\\\/www.scenicrights.com\\\/ca\\\/\"},{\"@type\":\"ListItem\",\"position\":2,\"name\":\"El crimen de Malladas\"}]},{\"@type\":\"WebSite\",\"@id\":\"https:\\\/\\\/www.scenicrights.com\\\/ca\\\/#website\",\"url\":\"https:\\\/\\\/www.scenicrights.com\\\/ca\\\/\",\"name\":\"Scenic\u00a0Rights\",\"description\":\"\",\"publisher\":{\"@id\":\"https:\\\/\\\/www.scenicrights.com\\\/ca\\\/#organization\"},\"potentialAction\":[{\"@type\":\"SearchAction\",\"target\":{\"@type\":\"EntryPoint\",\"urlTemplate\":\"https:\\\/\\\/www.scenicrights.com\\\/ca\\\/?s={search_term_string}\"},\"query-input\":{\"@type\":\"PropertyValueSpecification\",\"valueRequired\":true,\"valueName\":\"search_term_string\"}}],\"inLanguage\":\"ca\"},{\"@type\":\"Organization\",\"@id\":\"https:\\\/\\\/www.scenicrights.com\\\/ca\\\/#organization\",\"name\":\"Scenic\u00a0Rights\",\"url\":\"https:\\\/\\\/www.scenicrights.com\\\/ca\\\/\",\"logo\":{\"@type\":\"ImageObject\",\"inLanguage\":\"ca\",\"@id\":\"https:\\\/\\\/www.scenicrights.com\\\/ca\\\/#\\\/schema\\\/logo\\\/image\\\/\",\"url\":\"https:\\\/\\\/www.scenicrights.com\\\/wp-content\\\/uploads\\\/2023\\\/07\\\/logo-horizontal-web.png\",\"contentUrl\":\"https:\\\/\\\/www.scenicrights.com\\\/wp-content\\\/uploads\\\/2023\\\/07\\\/logo-horizontal-web.png\",\"width\":644,\"height\":225,\"caption\":\"Scenic\u00a0Rights\"},\"image\":{\"@id\":\"https:\\\/\\\/www.scenicrights.com\\\/ca\\\/#\\\/schema\\\/logo\\\/image\\\/\"}}]}<\/script>\n<!-- \/ Yoast SEO plugin. -->","yoast_head_json":{"title":"El crimen de Malladas - Scenic\u00a0Rights","robots":{"index":"index","follow":"follow","max-snippet":"max-snippet:-1","max-image-preview":"max-image-preview:large","max-video-preview":"max-video-preview:-1"},"canonical":"https:\/\/www.scenicrights.com\/ca\/projects\/el-crimen-de-malladas\/","og_locale":"ca_ES","og_type":"article","og_title":"El crimen de Malladas - Scenic\u00a0Rights","og_description":"La historia real del crimen que conmocion&oacute; a Espa&ntilde;a. &nbsp; Verano, 1915. Mientras el pueblo de Moraleja celebra sus fiestas patronales, un grupo de individuos asalta [&hellip;]","og_url":"https:\/\/www.scenicrights.com\/ca\/projects\/el-crimen-de-malladas\/","og_site_name":"Scenic\u00a0Rights","article_modified_time":"2024-07-09T10:57:01+00:00","og_image":[{"width":653,"height":1000,"url":"https:\/\/www.scenicrights.com\/wp-content\/uploads\/2023\/09\/Rf7LX75jkE6KZXX2IfmuzQ.jpg","type":"image\/jpeg"}],"twitter_card":"summary_large_image","twitter_misc":{"Temps estimat de lectura":"3 minuts"},"schema":{"@context":"https:\/\/schema.org","@graph":[{"@type":"WebPage","@id":"https:\/\/www.scenicrights.com\/ca\/projects\/el-crimen-de-malladas\/","url":"https:\/\/www.scenicrights.com\/ca\/projects\/el-crimen-de-malladas\/","name":"El crimen de Malladas - Scenic\u00a0Rights","isPartOf":{"@id":"https:\/\/www.scenicrights.com\/ca\/#website"},"primaryImageOfPage":{"@id":"https:\/\/www.scenicrights.com\/ca\/projects\/el-crimen-de-malladas\/#primaryimage"},"image":{"@id":"https:\/\/www.scenicrights.com\/ca\/projects\/el-crimen-de-malladas\/#primaryimage"},"thumbnailUrl":"https:\/\/www.scenicrights.com\/wp-content\/uploads\/2023\/09\/Rf7LX75jkE6KZXX2IfmuzQ.jpg","datePublished":"2023-09-13T15:28:17+00:00","dateModified":"2024-07-09T10:57:01+00:00","breadcrumb":{"@id":"https:\/\/www.scenicrights.com\/ca\/projects\/el-crimen-de-malladas\/#breadcrumb"},"inLanguage":"ca","potentialAction":[{"@type":"ReadAction","target":["https:\/\/www.scenicrights.com\/ca\/projects\/el-crimen-de-malladas\/"]}]},{"@type":"ImageObject","inLanguage":"ca","@id":"https:\/\/www.scenicrights.com\/ca\/projects\/el-crimen-de-malladas\/#primaryimage","url":"https:\/\/www.scenicrights.com\/wp-content\/uploads\/2023\/09\/Rf7LX75jkE6KZXX2IfmuzQ.jpg","contentUrl":"https:\/\/www.scenicrights.com\/wp-content\/uploads\/2023\/09\/Rf7LX75jkE6KZXX2IfmuzQ.jpg","width":653,"height":1000},{"@type":"BreadcrumbList","@id":"https:\/\/www.scenicrights.com\/ca\/projects\/el-crimen-de-malladas\/#breadcrumb","itemListElement":[{"@type":"ListItem","position":1,"name":"Home","item":"https:\/\/www.scenicrights.com\/ca\/"},{"@type":"ListItem","position":2,"name":"El crimen de Malladas"}]},{"@type":"WebSite","@id":"https:\/\/www.scenicrights.com\/ca\/#website","url":"https:\/\/www.scenicrights.com\/ca\/","name":"Scenic\u00a0Rights","description":"","publisher":{"@id":"https:\/\/www.scenicrights.com\/ca\/#organization"},"potentialAction":[{"@type":"SearchAction","target":{"@type":"EntryPoint","urlTemplate":"https:\/\/www.scenicrights.com\/ca\/?s={search_term_string}"},"query-input":{"@type":"PropertyValueSpecification","valueRequired":true,"valueName":"search_term_string"}}],"inLanguage":"ca"},{"@type":"Organization","@id":"https:\/\/www.scenicrights.com\/ca\/#organization","name":"Scenic\u00a0Rights","url":"https:\/\/www.scenicrights.com\/ca\/","logo":{"@type":"ImageObject","inLanguage":"ca","@id":"https:\/\/www.scenicrights.com\/ca\/#\/schema\/logo\/image\/","url":"https:\/\/www.scenicrights.com\/wp-content\/uploads\/2023\/07\/logo-horizontal-web.png","contentUrl":"https:\/\/www.scenicrights.com\/wp-content\/uploads\/2023\/07\/logo-horizontal-web.png","width":644,"height":225,"caption":"Scenic\u00a0Rights"},"image":{"@id":"https:\/\/www.scenicrights.com\/ca\/#\/schema\/logo\/image\/"}}]}},"_links":{"self":[{"href":"https:\/\/www.scenicrights.com\/ca\/wp-json\/wp\/v2\/articulo\/20716","targetHints":{"allow":["GET"]}}],"collection":[{"href":"https:\/\/www.scenicrights.com\/ca\/wp-json\/wp\/v2\/articulo"}],"about":[{"href":"https:\/\/www.scenicrights.com\/ca\/wp-json\/wp\/v2\/types\/articulo"}],"acf:post":[{"embeddable":true,"href":"https:\/\/www.scenicrights.com\/ca\/wp-json\/wp\/v2\/autor\/23573"}],"acf:term":[{"embeddable":true,"taxonomy":"art_tag","href":"https:\/\/www.scenicrights.com\/ca\/wp-json\/wp\/v2\/art_tag\/1083"},{"embeddable":true,"taxonomy":"art_tag","href":"https:\/\/www.scenicrights.com\/ca\/wp-json\/wp\/v2\/art_tag\/1376"},{"embeddable":true,"taxonomy":"art_tag","href":"https:\/\/www.scenicrights.com\/ca\/wp-json\/wp\/v2\/art_tag\/1349"},{"embeddable":true,"taxonomy":"art_tag","href":"https:\/\/www.scenicrights.com\/ca\/wp-json\/wp\/v2\/art_tag\/1021"},{"embeddable":true,"taxonomy":"art_tag","href":"https:\/\/www.scenicrights.com\/ca\/wp-json\/wp\/v2\/art_tag\/967"},{"embeddable":true,"taxonomy":"art_tag","href":"https:\/\/www.scenicrights.com\/ca\/wp-json\/wp\/v2\/art_tag\/1340"},{"embeddable":true,"taxonomy":"art_tag","href":"https:\/\/www.scenicrights.com\/ca\/wp-json\/wp\/v2\/art_tag\/873"},{"embeddable":true,"taxonomy":"art_tag","href":"https:\/\/www.scenicrights.com\/ca\/wp-json\/wp\/v2\/art_tag\/1280"},{"embeddable":true,"taxonomy":"tipo","href":"https:\/\/www.scenicrights.com\/ca\/wp-json\/wp\/v2\/tipo\/5"},{"embeddable":true,"taxonomy":"subgenero","href":"https:\/\/www.scenicrights.com\/ca\/wp-json\/wp\/v2\/subgenero\/1410"},{"embeddable":true,"taxonomy":"subgenero","href":"https:\/\/www.scenicrights.com\/ca\/wp-json\/wp\/v2\/subgenero\/675"},{"embeddable":true,"taxonomy":"subgenero","href":"https:\/\/www.scenicrights.com\/ca\/wp-json\/wp\/v2\/subgenero\/651"},{"embeddable":true,"taxonomy":"genero","href":"https:\/\/www.scenicrights.com\/ca\/wp-json\/wp\/v2\/genero\/1420"},{"embeddable":true,"taxonomy":"genero","href":"https:\/\/www.scenicrights.com\/ca\/wp-json\/wp\/v2\/genero\/46"}],"wp:featuredmedia":[{"embeddable":true,"href":"https:\/\/www.scenicrights.com\/ca\/wp-json\/wp\/v2\/media\/14124"}],"wp:attachment":[{"href":"https:\/\/www.scenicrights.com\/ca\/wp-json\/wp\/v2\/media?parent=20716"}],"wp:term":[{"taxonomy":"art_tag","embeddable":true,"href":"https:\/\/www.scenicrights.com\/ca\/wp-json\/wp\/v2\/art_tag?post=20716"},{"taxonomy":"genero","embeddable":true,"href":"https:\/\/www.scenicrights.com\/ca\/wp-json\/wp\/v2\/genero?post=20716"},{"taxonomy":"licencia","embeddable":true,"href":"https:\/\/www.scenicrights.com\/ca\/wp-json\/wp\/v2\/licencia?post=20716"},{"taxonomy":"localizacion","embeddable":true,"href":"https:\/\/www.scenicrights.com\/ca\/wp-json\/wp\/v2\/localizacion?post=20716"},{"taxonomy":"produccion","embeddable":true,"href":"https:\/\/www.scenicrights.com\/ca\/wp-json\/wp\/v2\/produccion?post=20716"},{"taxonomy":"subgenero","embeddable":true,"href":"https:\/\/www.scenicrights.com\/ca\/wp-json\/wp\/v2\/subgenero?post=20716"},{"taxonomy":"tipo","embeddable":true,"href":"https:\/\/www.scenicrights.com\/ca\/wp-json\/wp\/v2\/tipo?post=20716"}],"curies":[{"name":"wp","href":"https:\/\/api.w.org\/{rel}","templated":true}]}}