{"id":20731,"date":"2023-09-13T15:27:17","date_gmt":"2023-09-13T15:27:17","guid":{"rendered":"https:\/\/pre.scenicrights.com\/projects\/frustracion-del-libro-la-creacion-del-sol-y-la-luna\/"},"modified":"2024-02-20T15:20:50","modified_gmt":"2024-02-20T15:20:50","slug":"frustracion-del-libro-la-creacion-del-sol-y-la-luna","status":"publish","type":"articulo","link":"https:\/\/www.scenicrights.com\/ca\/projects\/frustracion-del-libro-la-creacion-del-sol-y-la-luna\/","title":{"rendered":"Frustraci\u00f3n (del libro &#8220;La creaci\u00f3n del sol y la luna&#8221;)"},"template":"","art_tag":[711,813,839,877,953,1005,1027],"genero":[46],"licencia":[17],"localizacion":[],"produccion":[],"subgenero":[1283],"tipo":[5],"class_list":["post-20731","articulo","type-articulo","status-publish","has-post-thumbnail","hentry","art_tag-amor-no-correspost","art_tag-desamor-ca","art_tag-doble-vida-ca","art_tag-estats-units","art_tag-infidelitat","art_tag-matrimoni","art_tag-mexic","genero-drama-ca","licencia-propia","subgenero-womens-fiction-ca","tipo-proyecto"],"acf":{"generos_tax":[46],"subgeneros_tax":[1283],"tipo_tax":[5],"tags_tax":[711,813,839,877,1005,1027,953],"produccion_tax":false,"licencia_tax":17,"localizacion_tax":false,"articulo__titulo_extendido":"","articulo__extracto":"","articulo__contenido":"<p align=\"right\"><strong><em>El feliz para siempre existe en una mentira.<\/em><\/strong><\/p>\r\n<p style=\"text-align: left;\" align=\"right\">Mercedes es una joven mexicana de 22 a\u00f1os que vive en Texas, donde trabaja como camarera y esta prometida con Anselmo, un norteamericano de origen mexicano.<\/p>\r\nEl d\u00eda de su boda, Anselmo no llega. Mercedes decide ir a buscarlo y descubre que est\u00e1 prometido con alguien m\u00e1s.\r\n\r\nTriste y confundida, a\u00fan vestida de novia, Mercedes decide ir a tomarse las fotos de boda y le pide al fot\u00f3grafo que las edite para que parezca que Anselmo est\u00e1 con ella. As\u00ed comienza una gran mentira\u2026\r\n\r\n&nbsp;\r\n\r\n<strong>DATOS RELEVANTES: <\/strong>\u201cFrustraci\u00f3n\u201d es un cuento que fue publicado por primera vez en 1961 y fue adaptado a la pel\u00edcula <em>D\u00edas de oto\u00f1o<\/em> por Roberto Gavald\u00f3n en 1963.\r\n\r\nB. Traven es un autor alem\u00e1n que vivi\u00f3 en M\u00e9xico, donde se desarroll\u00f3 como fot\u00f3grafo, guionista y escritor. Escribi\u00f3 15 novelas, ha sido traducido a m\u00e1s de 20 idiomas y ha vendido decenas de millones de ejemplares. Muchos de sus t\u00edtulos han sido adaptados al audiovisual exitosamente. Desde M\u00e9xico comenz\u00f3 a publicar sus textos en Alemania y Estados Unidos.\r\n\r\n&nbsp;\r\n\r\nLo que ha dicho la cr\u00edtica:\r\n\r\n<em>\u201c<\/em>Detr\u00e1s de la apasionante aventura de una novela de Traven, se encuentra el tema que motiva a gran parte de la rara literatura, que puede envejecer, pero nunca morir: la capacidad del esp\u00edritu humano para resistir y, en \u00faltima instancia, trascender cada embestida contra su inherente nobleza.\u201d \u2013 <em>John Anthony West, New York Times.<\/em>\r\n\r\n\u201cLo que m\u00e1s intriga de B. Traven, lo que vincula su obra de forma tan irrevocable a nuestro momento presente, es precisamente lo que no tiene ning\u00fan misterio [\u2026] Sus novelas siguen estando ausentes de cualquier utopismo, y, en cambio, describen la resiliencia de aquellos relegados a las duras periferias de la acumulaci\u00f3n de capital y las posibles ganancias obtenidas a trav\u00e9s de la acci\u00f3n colectiva y el internacionalismo.\u201d \u2013 <em>Clinton Williamson, The Nation.<\/em>\r\n\r\n&nbsp;\r\n\r\n<strong>POTENCIAL AUDIOVISUAL<\/strong>: Serie TV, Miniserie, Film, TV Movie.\r\n\r\n<strong>IDIOMAS DISPONIBLES:<\/strong> Espa\u00f1ol, Ingl\u00e9s, Alem\u00e1n.","articulo__autor":3151,"_thumbnail_id":14018,"articulo__featured_gallery":null,"articulo__galeria_archivos":[null],"articulo__fecha_de_publicacion":"","articulo__idiomas":"","articulo__dossier":"","idarticle":1889},"yoast_head":"<!-- This site is optimized with the Yoast SEO plugin v27.5 - https:\/\/yoast.com\/product\/yoast-seo-wordpress\/ -->\n<title>Frustraci\u00f3n (del libro &quot;La creaci\u00f3n del sol y la luna&quot;) - Scenic\u00a0Rights<\/title>\n<meta name=\"robots\" content=\"index, follow, max-snippet:-1, max-image-preview:large, max-video-preview:-1\" \/>\n<link rel=\"canonical\" href=\"https:\/\/www.scenicrights.com\/ca\/projects\/frustracion-del-libro-la-creacion-del-sol-y-la-luna\/\" \/>\n<meta property=\"og:locale\" content=\"ca_ES\" \/>\n<meta property=\"og:type\" content=\"article\" \/>\n<meta property=\"og:title\" content=\"Frustraci\u00f3n (del libro &quot;La creaci\u00f3n del sol y la luna&quot;) - Scenic\u00a0Rights\" \/>\n<meta property=\"og:description\" content=\"El feliz para siempre existe en una mentira. Mercedes es una joven mexicana de 22 a&ntilde;os que vive en Texas, donde trabaja como camarera y esta [&hellip;]\" \/>\n<meta property=\"og:url\" content=\"https:\/\/www.scenicrights.com\/ca\/projects\/frustracion-del-libro-la-creacion-del-sol-y-la-luna\/\" \/>\n<meta property=\"og:site_name\" content=\"Scenic\u00a0Rights\" \/>\n<meta property=\"article:modified_time\" content=\"2024-02-20T15:20:50+00:00\" \/>\n<meta property=\"og:image\" content=\"https:\/\/www.scenicrights.com\/wp-content\/uploads\/2023\/09\/Kzz1964Pu0CVgn2AsjN00g.jpg\" \/>\n\t<meta property=\"og:image:width\" content=\"1364\" \/>\n\t<meta property=\"og:image:height\" content=\"2048\" \/>\n\t<meta property=\"og:image:type\" content=\"image\/jpeg\" \/>\n<meta name=\"twitter:card\" content=\"summary_large_image\" \/>\n<meta name=\"twitter:label1\" content=\"Temps estimat de lectura\" \/>\n\t<meta name=\"twitter:data1\" content=\"2 minuts\" \/>\n<script type=\"application\/ld+json\" class=\"yoast-schema-graph\">{\"@context\":\"https:\\\/\\\/schema.org\",\"@graph\":[{\"@type\":\"WebPage\",\"@id\":\"https:\\\/\\\/www.scenicrights.com\\\/ca\\\/projects\\\/frustracion-del-libro-la-creacion-del-sol-y-la-luna\\\/\",\"url\":\"https:\\\/\\\/www.scenicrights.com\\\/ca\\\/projects\\\/frustracion-del-libro-la-creacion-del-sol-y-la-luna\\\/\",\"name\":\"Frustraci\u00f3n (del libro \\\"La creaci\u00f3n del sol y la luna\\\") - Scenic\u00a0Rights\",\"isPartOf\":{\"@id\":\"https:\\\/\\\/www.scenicrights.com\\\/ca\\\/#website\"},\"primaryImageOfPage\":{\"@id\":\"https:\\\/\\\/www.scenicrights.com\\\/ca\\\/projects\\\/frustracion-del-libro-la-creacion-del-sol-y-la-luna\\\/#primaryimage\"},\"image\":{\"@id\":\"https:\\\/\\\/www.scenicrights.com\\\/ca\\\/projects\\\/frustracion-del-libro-la-creacion-del-sol-y-la-luna\\\/#primaryimage\"},\"thumbnailUrl\":\"https:\\\/\\\/www.scenicrights.com\\\/wp-content\\\/uploads\\\/2023\\\/09\\\/Kzz1964Pu0CVgn2AsjN00g.jpg\",\"datePublished\":\"2023-09-13T15:27:17+00:00\",\"dateModified\":\"2024-02-20T15:20:50+00:00\",\"breadcrumb\":{\"@id\":\"https:\\\/\\\/www.scenicrights.com\\\/ca\\\/projects\\\/frustracion-del-libro-la-creacion-del-sol-y-la-luna\\\/#breadcrumb\"},\"inLanguage\":\"ca\",\"potentialAction\":[{\"@type\":\"ReadAction\",\"target\":[\"https:\\\/\\\/www.scenicrights.com\\\/ca\\\/projects\\\/frustracion-del-libro-la-creacion-del-sol-y-la-luna\\\/\"]}]},{\"@type\":\"ImageObject\",\"inLanguage\":\"ca\",\"@id\":\"https:\\\/\\\/www.scenicrights.com\\\/ca\\\/projects\\\/frustracion-del-libro-la-creacion-del-sol-y-la-luna\\\/#primaryimage\",\"url\":\"https:\\\/\\\/www.scenicrights.com\\\/wp-content\\\/uploads\\\/2023\\\/09\\\/Kzz1964Pu0CVgn2AsjN00g.jpg\",\"contentUrl\":\"https:\\\/\\\/www.scenicrights.com\\\/wp-content\\\/uploads\\\/2023\\\/09\\\/Kzz1964Pu0CVgn2AsjN00g.jpg\",\"width\":1364,\"height\":2048},{\"@type\":\"BreadcrumbList\",\"@id\":\"https:\\\/\\\/www.scenicrights.com\\\/ca\\\/projects\\\/frustracion-del-libro-la-creacion-del-sol-y-la-luna\\\/#breadcrumb\",\"itemListElement\":[{\"@type\":\"ListItem\",\"position\":1,\"name\":\"Home\",\"item\":\"https:\\\/\\\/www.scenicrights.com\\\/ca\\\/\"},{\"@type\":\"ListItem\",\"position\":2,\"name\":\"Frustraci\u00f3n (del libro \u00abLa creaci\u00f3n del sol y la luna\u00bb)\"}]},{\"@type\":\"WebSite\",\"@id\":\"https:\\\/\\\/www.scenicrights.com\\\/ca\\\/#website\",\"url\":\"https:\\\/\\\/www.scenicrights.com\\\/ca\\\/\",\"name\":\"Scenic\u00a0Rights\",\"description\":\"\",\"publisher\":{\"@id\":\"https:\\\/\\\/www.scenicrights.com\\\/ca\\\/#organization\"},\"potentialAction\":[{\"@type\":\"SearchAction\",\"target\":{\"@type\":\"EntryPoint\",\"urlTemplate\":\"https:\\\/\\\/www.scenicrights.com\\\/ca\\\/?s={search_term_string}\"},\"query-input\":{\"@type\":\"PropertyValueSpecification\",\"valueRequired\":true,\"valueName\":\"search_term_string\"}}],\"inLanguage\":\"ca\"},{\"@type\":\"Organization\",\"@id\":\"https:\\\/\\\/www.scenicrights.com\\\/ca\\\/#organization\",\"name\":\"Scenic\u00a0Rights\",\"url\":\"https:\\\/\\\/www.scenicrights.com\\\/ca\\\/\",\"logo\":{\"@type\":\"ImageObject\",\"inLanguage\":\"ca\",\"@id\":\"https:\\\/\\\/www.scenicrights.com\\\/ca\\\/#\\\/schema\\\/logo\\\/image\\\/\",\"url\":\"https:\\\/\\\/www.scenicrights.com\\\/wp-content\\\/uploads\\\/2023\\\/07\\\/logo-horizontal-web.png\",\"contentUrl\":\"https:\\\/\\\/www.scenicrights.com\\\/wp-content\\\/uploads\\\/2023\\\/07\\\/logo-horizontal-web.png\",\"width\":644,\"height\":225,\"caption\":\"Scenic\u00a0Rights\"},\"image\":{\"@id\":\"https:\\\/\\\/www.scenicrights.com\\\/ca\\\/#\\\/schema\\\/logo\\\/image\\\/\"}}]}<\/script>\n<!-- \/ Yoast SEO plugin. -->","yoast_head_json":{"title":"Frustraci\u00f3n (del libro \"La creaci\u00f3n del sol y la luna\") - Scenic\u00a0Rights","robots":{"index":"index","follow":"follow","max-snippet":"max-snippet:-1","max-image-preview":"max-image-preview:large","max-video-preview":"max-video-preview:-1"},"canonical":"https:\/\/www.scenicrights.com\/ca\/projects\/frustracion-del-libro-la-creacion-del-sol-y-la-luna\/","og_locale":"ca_ES","og_type":"article","og_title":"Frustraci\u00f3n (del libro \"La creaci\u00f3n del sol y la luna\") - Scenic\u00a0Rights","og_description":"El feliz para siempre existe en una mentira. Mercedes es una joven mexicana de 22 a&ntilde;os que vive en Texas, donde trabaja como camarera y esta [&hellip;]","og_url":"https:\/\/www.scenicrights.com\/ca\/projects\/frustracion-del-libro-la-creacion-del-sol-y-la-luna\/","og_site_name":"Scenic\u00a0Rights","article_modified_time":"2024-02-20T15:20:50+00:00","og_image":[{"width":1364,"height":2048,"url":"https:\/\/www.scenicrights.com\/wp-content\/uploads\/2023\/09\/Kzz1964Pu0CVgn2AsjN00g.jpg","type":"image\/jpeg"}],"twitter_card":"summary_large_image","twitter_misc":{"Temps estimat de lectura":"2 minuts"},"schema":{"@context":"https:\/\/schema.org","@graph":[{"@type":"WebPage","@id":"https:\/\/www.scenicrights.com\/ca\/projects\/frustracion-del-libro-la-creacion-del-sol-y-la-luna\/","url":"https:\/\/www.scenicrights.com\/ca\/projects\/frustracion-del-libro-la-creacion-del-sol-y-la-luna\/","name":"Frustraci\u00f3n (del libro \"La creaci\u00f3n del sol y la luna\") - Scenic\u00a0Rights","isPartOf":{"@id":"https:\/\/www.scenicrights.com\/ca\/#website"},"primaryImageOfPage":{"@id":"https:\/\/www.scenicrights.com\/ca\/projects\/frustracion-del-libro-la-creacion-del-sol-y-la-luna\/#primaryimage"},"image":{"@id":"https:\/\/www.scenicrights.com\/ca\/projects\/frustracion-del-libro-la-creacion-del-sol-y-la-luna\/#primaryimage"},"thumbnailUrl":"https:\/\/www.scenicrights.com\/wp-content\/uploads\/2023\/09\/Kzz1964Pu0CVgn2AsjN00g.jpg","datePublished":"2023-09-13T15:27:17+00:00","dateModified":"2024-02-20T15:20:50+00:00","breadcrumb":{"@id":"https:\/\/www.scenicrights.com\/ca\/projects\/frustracion-del-libro-la-creacion-del-sol-y-la-luna\/#breadcrumb"},"inLanguage":"ca","potentialAction":[{"@type":"ReadAction","target":["https:\/\/www.scenicrights.com\/ca\/projects\/frustracion-del-libro-la-creacion-del-sol-y-la-luna\/"]}]},{"@type":"ImageObject","inLanguage":"ca","@id":"https:\/\/www.scenicrights.com\/ca\/projects\/frustracion-del-libro-la-creacion-del-sol-y-la-luna\/#primaryimage","url":"https:\/\/www.scenicrights.com\/wp-content\/uploads\/2023\/09\/Kzz1964Pu0CVgn2AsjN00g.jpg","contentUrl":"https:\/\/www.scenicrights.com\/wp-content\/uploads\/2023\/09\/Kzz1964Pu0CVgn2AsjN00g.jpg","width":1364,"height":2048},{"@type":"BreadcrumbList","@id":"https:\/\/www.scenicrights.com\/ca\/projects\/frustracion-del-libro-la-creacion-del-sol-y-la-luna\/#breadcrumb","itemListElement":[{"@type":"ListItem","position":1,"name":"Home","item":"https:\/\/www.scenicrights.com\/ca\/"},{"@type":"ListItem","position":2,"name":"Frustraci\u00f3n (del libro \u00abLa creaci\u00f3n del sol y la luna\u00bb)"}]},{"@type":"WebSite","@id":"https:\/\/www.scenicrights.com\/ca\/#website","url":"https:\/\/www.scenicrights.com\/ca\/","name":"Scenic\u00a0Rights","description":"","publisher":{"@id":"https:\/\/www.scenicrights.com\/ca\/#organization"},"potentialAction":[{"@type":"SearchAction","target":{"@type":"EntryPoint","urlTemplate":"https:\/\/www.scenicrights.com\/ca\/?s={search_term_string}"},"query-input":{"@type":"PropertyValueSpecification","valueRequired":true,"valueName":"search_term_string"}}],"inLanguage":"ca"},{"@type":"Organization","@id":"https:\/\/www.scenicrights.com\/ca\/#organization","name":"Scenic\u00a0Rights","url":"https:\/\/www.scenicrights.com\/ca\/","logo":{"@type":"ImageObject","inLanguage":"ca","@id":"https:\/\/www.scenicrights.com\/ca\/#\/schema\/logo\/image\/","url":"https:\/\/www.scenicrights.com\/wp-content\/uploads\/2023\/07\/logo-horizontal-web.png","contentUrl":"https:\/\/www.scenicrights.com\/wp-content\/uploads\/2023\/07\/logo-horizontal-web.png","width":644,"height":225,"caption":"Scenic\u00a0Rights"},"image":{"@id":"https:\/\/www.scenicrights.com\/ca\/#\/schema\/logo\/image\/"}}]}},"_links":{"self":[{"href":"https:\/\/www.scenicrights.com\/ca\/wp-json\/wp\/v2\/articulo\/20731","targetHints":{"allow":["GET"]}}],"collection":[{"href":"https:\/\/www.scenicrights.com\/ca\/wp-json\/wp\/v2\/articulo"}],"about":[{"href":"https:\/\/www.scenicrights.com\/ca\/wp-json\/wp\/v2\/types\/articulo"}],"acf:attachment":[{"embeddable":true,"href":"https:\/\/www.scenicrights.com\/ca\/wp-json\/wp\/v2\/media\/"}],"acf:post":[{"embeddable":true,"href":"https:\/\/www.scenicrights.com\/ca\/wp-json\/wp\/v2\/autor\/3151"}],"acf:term":[{"embeddable":true,"taxonomy":"licencia","href":"https:\/\/www.scenicrights.com\/ca\/wp-json\/wp\/v2\/licencia\/17"},{"embeddable":true,"taxonomy":"art_tag","href":"https:\/\/www.scenicrights.com\/ca\/wp-json\/wp\/v2\/art_tag\/953"},{"embeddable":true,"taxonomy":"art_tag","href":"https:\/\/www.scenicrights.com\/ca\/wp-json\/wp\/v2\/art_tag\/1027"},{"embeddable":true,"taxonomy":"art_tag","href":"https:\/\/www.scenicrights.com\/ca\/wp-json\/wp\/v2\/art_tag\/1005"},{"embeddable":true,"taxonomy":"art_tag","href":"https:\/\/www.scenicrights.com\/ca\/wp-json\/wp\/v2\/art_tag\/877"},{"embeddable":true,"taxonomy":"art_tag","href":"https:\/\/www.scenicrights.com\/ca\/wp-json\/wp\/v2\/art_tag\/839"},{"embeddable":true,"taxonomy":"art_tag","href":"https:\/\/www.scenicrights.com\/ca\/wp-json\/wp\/v2\/art_tag\/813"},{"embeddable":true,"taxonomy":"art_tag","href":"https:\/\/www.scenicrights.com\/ca\/wp-json\/wp\/v2\/art_tag\/711"},{"embeddable":true,"taxonomy":"tipo","href":"https:\/\/www.scenicrights.com\/ca\/wp-json\/wp\/v2\/tipo\/5"},{"embeddable":true,"taxonomy":"subgenero","href":"https:\/\/www.scenicrights.com\/ca\/wp-json\/wp\/v2\/subgenero\/1283"},{"embeddable":true,"taxonomy":"genero","href":"https:\/\/www.scenicrights.com\/ca\/wp-json\/wp\/v2\/genero\/46"}],"wp:featuredmedia":[{"embeddable":true,"href":"https:\/\/www.scenicrights.com\/ca\/wp-json\/wp\/v2\/media\/14017"}],"wp:attachment":[{"href":"https:\/\/www.scenicrights.com\/ca\/wp-json\/wp\/v2\/media?parent=20731"}],"wp:term":[{"taxonomy":"art_tag","embeddable":true,"href":"https:\/\/www.scenicrights.com\/ca\/wp-json\/wp\/v2\/art_tag?post=20731"},{"taxonomy":"genero","embeddable":true,"href":"https:\/\/www.scenicrights.com\/ca\/wp-json\/wp\/v2\/genero?post=20731"},{"taxonomy":"licencia","embeddable":true,"href":"https:\/\/www.scenicrights.com\/ca\/wp-json\/wp\/v2\/licencia?post=20731"},{"taxonomy":"localizacion","embeddable":true,"href":"https:\/\/www.scenicrights.com\/ca\/wp-json\/wp\/v2\/localizacion?post=20731"},{"taxonomy":"produccion","embeddable":true,"href":"https:\/\/www.scenicrights.com\/ca\/wp-json\/wp\/v2\/produccion?post=20731"},{"taxonomy":"subgenero","embeddable":true,"href":"https:\/\/www.scenicrights.com\/ca\/wp-json\/wp\/v2\/subgenero?post=20731"},{"taxonomy":"tipo","embeddable":true,"href":"https:\/\/www.scenicrights.com\/ca\/wp-json\/wp\/v2\/tipo?post=20731"}],"curies":[{"name":"wp","href":"https:\/\/api.w.org\/{rel}","templated":true}]}}