{"id":20751,"date":"2023-09-13T15:25:30","date_gmt":"2023-09-13T15:25:30","guid":{"rendered":"https:\/\/pre.scenicrights.com\/projects\/los-perseguidos\/"},"modified":"2024-04-02T08:02:32","modified_gmt":"2024-04-02T08:02:32","slug":"los-perseguidos","status":"publish","type":"articulo","link":"https:\/\/www.scenicrights.com\/ca\/projects\/los-perseguidos\/","title":{"rendered":"Los perseguidos"},"template":"","art_tag":[736,795,1280,873,967,993,1021,1033,1053,1213],"genero":[46],"licencia":[17],"localizacion":[],"produccion":[],"subgenero":[657,675],"tipo":[5],"class_list":["post-20751","articulo","type-articulo","status-publish","has-post-thumbnail","hentry","art_tag-anys-70","art_tag-corrupcio","art_tag-crim","art_tag-espanya","art_tag-investigacio","art_tag-mafia-ca","art_tag-mort","art_tag-narcotrafic","art_tag-passat","art_tag-violencia-ca","genero-drama-ca","licencia-propia","subgenero-misteri","subgenero-thriller-ca","tipo-proyecto"],"acf":{"generos_tax":[46],"subgeneros_tax":[675,657],"tipo_tax":[5],"tags_tax":[736,795,1280,873,967,993,1021,1033,1053,1213],"produccion_tax":false,"licencia_tax":17,"localizacion_tax":false,"articulo__titulo_extendido":"","articulo__extracto":"","articulo__contenido":"<div style=\"clear: both;\">\r\n<p style=\"text-align: right;\"><em><strong><span data-contrast=\"none\">La cara oscura de Espa\u00f1a.<\/span>\u00a0<\/strong><\/em><\/p>\r\n\r\n<\/div>\r\n<div style=\"clear: both;\">\r\n\r\n<span data-contrast=\"auto\">Daniela Lozano, una joven periodista, acaba de perder a su pareja en un supuesto accidente de tr\u00e1fico. Aunque ella est\u00e1 segura de que su muerte fue, en realidad, un asesinato. Dispuesta a descubrir la verdad, comienza una investigaci\u00f3n que le lleva a destapar un pacto entre el ministro de Interior y la mafia serbia, unidos para esconder una trama de corrupci\u00f3n policial.\u00a0<\/span>\r\n\r\n<\/div>\r\n<div style=\"clear: both;\">\r\n\r\n<span data-contrast=\"auto\">En su misi\u00f3n, Daniela cuenta con la ayuda de <\/span>Peyo, un expresidiario que acab\u00f3 entre rejas tras ser traicionado. Los dos deber\u00e1n encontrar a Dardo, traficante, antiguo compa\u00f1ero de Peyo durante su juventud y una figura clave en el caso.\r\n\r\n<\/div>\r\n<div style=\"clear: both;\">\r\n\r\n<span data-contrast=\"auto\">Dardo fue el l\u00edder de una banda de quinquis del barrio de San Blas, en la Madrid de los a\u00f1os 70. La pandilla se ganaba <\/span>la vida haciendo el trabajo sucio a los criminales de guante blanco: los pol\u00edticos.\r\n\r\n<\/div>\r\n<div style=\"clear: both;\">\r\n\r\n<span data-contrast=\"auto\">Mientras, Espa\u00f1a celebraba el comienzo de una nueva era, los chicos como Dardo experimentaban la cara oscura de la Transici\u00f3n, aquellos a\u00f1os en los que la droga termin\u00f3 con el futuro de tantos j\u00f3venes.<\/span>\r\n\r\n<\/div>\r\n<div style=\"clear: both;\">\r\n\r\n<span data-contrast=\"auto\">As\u00ed, <\/span><span data-contrast=\"auto\">Los Perseguidos <\/span><span data-contrast=\"auto\">relata la historia de la delincuencia espa\u00f1ola a trav\u00e9s de dos grandes l\u00edneas temporales. En el pasado, Dardo y <\/span>Peyo pasan de ser unos desafortunados chicos de barrio a convertirse en narcotraficantes. En el presente, Daniela descubre que las calles de Madrid a\u00fan no est\u00e1n limpias de sangre.\r\n\r\n&nbsp;\r\n\r\n<span data-contrast=\"auto\"><strong>DATOS RELEVANTES:<\/strong> <\/span><span data-contrast=\"auto\">Con <\/span><span data-contrast=\"auto\"><em>Los Perseguidos<\/em>, <\/span><span data-contrast=\"auto\">Fernando <\/span>Benzo nos regala una novela al m\u00e1s puro estilo cine quinqui, donde retrata a la perfecci\u00f3n el lado m\u00e1s oscuro de la Transici\u00f3n y un presente que a\u00fan no est\u00e1 absuelto de cr\u00edmenes.\r\n\r\n<\/div>\r\n<div style=\"clear: both;\">\r\n\r\n<span data-contrast=\"auto\">La obra, aclamada por la cr\u00edtica y los lectores, ha ganado el <\/span><span data-contrast=\"auto\"><strong>Premio Azor\u00edn de Novela<\/strong>. <\/span><span data-contrast=\"auto\">Fernando <\/span>Benzo es asimismo ganador del <strong><span data-contrast=\"auto\">Premio <\/span>Kutxa Ciudad de Ir\u00fan<\/strong> <span data-contrast=\"auto\">y el <\/span><span data-contrast=\"auto\"><strong>Premio Ciudad de Majadahonda<\/strong>. <\/span><span data-contrast=\"auto\">Es adem\u00e1s autor de relatos breves, premiados en numerosos cert\u00e1menes literarios.<\/span>\r\n\r\n<\/div>\r\n<div style=\"clear: both;\">\r\n\r\n&nbsp;\r\n\r\n<\/div>\r\n<div style=\"clear: both;\">\r\n\r\n<span data-contrast=\"auto\">La cr\u00edtica ha dicho:<\/span>\r\n\r\n<\/div>\r\n<div style=\"clear: both;\">\r\n\r\n<span data-contrast=\"auto\">\u201cUna trama envolvente y aventurera. Las v\u00edas por las que discurre una historia con un ritmo endiablado. Una de esas que una vez la empiezas, es imposible bajarse en marcha\u201d. <\/span><em><span data-contrast=\"auto\">La Sexta.<\/span>\u00a0<\/em>\r\n\r\n<\/div>\r\n<div style=\"clear: both;\">\r\n\r\n<span data-contrast=\"auto\">\u201cLa novela tiene acci\u00f3n, intriga y retrata con precisi\u00f3n la \u00e9poca de la Movida\u201d. <\/span><em><span data-contrast=\"auto\">El Plural.<\/span><\/em>\r\n\r\n<\/div>\r\n<div style=\"clear: both;\">\r\n\r\n<span data-contrast=\"auto\">\u201cEs dif\u00edcil que la trama no suscite inter\u00e9s, porque se\u00f1ala las m\u00faltiples direcciones de una realidad que tiene poco que <\/span>alegar en su defensa\u201d. <em><span data-contrast=\"auto\">El Espa\u00f1ol.<\/span>\u00a0<\/em>\r\n\r\n<\/div>\r\n<div style=\"clear: both;\">\r\n\r\n&nbsp;\r\n\r\n<\/div>\r\n<div style=\"clear: both;\">\r\n\r\n<span data-contrast=\"auto\"><strong>POTENCIAL AUDIOVISUAL<\/strong>: <\/span><span data-contrast=\"auto\">Serie TV, Miniserie, Film, TV <\/span>Movie.\r\n\r\n<\/div>\r\n<div style=\"clear: both;\">\r\n\r\n<strong><span data-contrast=\"auto\">IDIOMAS DISPONIBLES: <\/span><\/strong><span data-contrast=\"auto\">Espa\u00f1ol.<\/span>\r\n\r\n<\/div>","articulo__autor":[3146],"_thumbnail_id":13878,"articulo__featured_gallery":null,"articulo__galeria_archivos":[null],"articulo__fecha_de_publicacion":"","articulo__idiomas":"","articulo__dossier":"","idarticle":1869},"yoast_head":"<!-- This site is optimized with the Yoast SEO plugin v27.4 - https:\/\/yoast.com\/product\/yoast-seo-wordpress\/ -->\n<title>Los perseguidos - Scenic\u00a0Rights<\/title>\n<meta name=\"robots\" content=\"index, follow, max-snippet:-1, max-image-preview:large, max-video-preview:-1\" \/>\n<link rel=\"canonical\" href=\"https:\/\/www.scenicrights.com\/ca\/projects\/los-perseguidos\/\" \/>\n<meta property=\"og:locale\" content=\"ca_ES\" \/>\n<meta property=\"og:type\" content=\"article\" \/>\n<meta property=\"og:title\" content=\"Los perseguidos - Scenic\u00a0Rights\" \/>\n<meta property=\"og:description\" content=\"La cara oscura de Espa&ntilde;a.&nbsp; Daniela Lozano, una joven periodista, acaba de perder a su pareja en un supuesto accidente de tr&aacute;fico. Aunque ella est&aacute; segura [&hellip;]\" \/>\n<meta property=\"og:url\" content=\"https:\/\/www.scenicrights.com\/ca\/projects\/los-perseguidos\/\" \/>\n<meta property=\"og:site_name\" content=\"Scenic\u00a0Rights\" \/>\n<meta property=\"article:modified_time\" content=\"2024-04-02T08:02:32+00:00\" \/>\n<meta property=\"og:image\" content=\"https:\/\/www.scenicrights.com\/wp-content\/uploads\/2023\/09\/BSIO3kCqUWzuZlfbAW3lQ-800x1220.png\" \/>\n\t<meta property=\"og:image:width\" content=\"800\" \/>\n\t<meta property=\"og:image:height\" content=\"1220\" \/>\n\t<meta property=\"og:image:type\" content=\"image\/png\" \/>\n<meta name=\"twitter:card\" content=\"summary_large_image\" \/>\n<meta name=\"twitter:label1\" content=\"Temps estimat de lectura\" \/>\n\t<meta name=\"twitter:data1\" content=\"3 minuts\" \/>\n<script type=\"application\/ld+json\" class=\"yoast-schema-graph\">{\"@context\":\"https:\\\/\\\/schema.org\",\"@graph\":[{\"@type\":\"WebPage\",\"@id\":\"https:\\\/\\\/www.scenicrights.com\\\/ca\\\/projects\\\/los-perseguidos\\\/\",\"url\":\"https:\\\/\\\/www.scenicrights.com\\\/ca\\\/projects\\\/los-perseguidos\\\/\",\"name\":\"Los perseguidos - Scenic\u00a0Rights\",\"isPartOf\":{\"@id\":\"https:\\\/\\\/www.scenicrights.com\\\/ca\\\/#website\"},\"primaryImageOfPage\":{\"@id\":\"https:\\\/\\\/www.scenicrights.com\\\/ca\\\/projects\\\/los-perseguidos\\\/#primaryimage\"},\"image\":{\"@id\":\"https:\\\/\\\/www.scenicrights.com\\\/ca\\\/projects\\\/los-perseguidos\\\/#primaryimage\"},\"thumbnailUrl\":\"https:\\\/\\\/www.scenicrights.com\\\/wp-content\\\/uploads\\\/2023\\\/09\\\/BSIO3kCqUWzuZlfbAW3lQ.png\",\"datePublished\":\"2023-09-13T15:25:30+00:00\",\"dateModified\":\"2024-04-02T08:02:32+00:00\",\"breadcrumb\":{\"@id\":\"https:\\\/\\\/www.scenicrights.com\\\/ca\\\/projects\\\/los-perseguidos\\\/#breadcrumb\"},\"inLanguage\":\"ca\",\"potentialAction\":[{\"@type\":\"ReadAction\",\"target\":[\"https:\\\/\\\/www.scenicrights.com\\\/ca\\\/projects\\\/los-perseguidos\\\/\"]}]},{\"@type\":\"ImageObject\",\"inLanguage\":\"ca\",\"@id\":\"https:\\\/\\\/www.scenicrights.com\\\/ca\\\/projects\\\/los-perseguidos\\\/#primaryimage\",\"url\":\"https:\\\/\\\/www.scenicrights.com\\\/wp-content\\\/uploads\\\/2023\\\/09\\\/BSIO3kCqUWzuZlfbAW3lQ.png\",\"contentUrl\":\"https:\\\/\\\/www.scenicrights.com\\\/wp-content\\\/uploads\\\/2023\\\/09\\\/BSIO3kCqUWzuZlfbAW3lQ.png\",\"width\":1343,\"height\":2048},{\"@type\":\"BreadcrumbList\",\"@id\":\"https:\\\/\\\/www.scenicrights.com\\\/ca\\\/projects\\\/los-perseguidos\\\/#breadcrumb\",\"itemListElement\":[{\"@type\":\"ListItem\",\"position\":1,\"name\":\"Home\",\"item\":\"https:\\\/\\\/www.scenicrights.com\\\/ca\\\/\"},{\"@type\":\"ListItem\",\"position\":2,\"name\":\"Los perseguidos\"}]},{\"@type\":\"WebSite\",\"@id\":\"https:\\\/\\\/www.scenicrights.com\\\/ca\\\/#website\",\"url\":\"https:\\\/\\\/www.scenicrights.com\\\/ca\\\/\",\"name\":\"Scenic\u00a0Rights\",\"description\":\"\",\"publisher\":{\"@id\":\"https:\\\/\\\/www.scenicrights.com\\\/ca\\\/#organization\"},\"potentialAction\":[{\"@type\":\"SearchAction\",\"target\":{\"@type\":\"EntryPoint\",\"urlTemplate\":\"https:\\\/\\\/www.scenicrights.com\\\/ca\\\/?s={search_term_string}\"},\"query-input\":{\"@type\":\"PropertyValueSpecification\",\"valueRequired\":true,\"valueName\":\"search_term_string\"}}],\"inLanguage\":\"ca\"},{\"@type\":\"Organization\",\"@id\":\"https:\\\/\\\/www.scenicrights.com\\\/ca\\\/#organization\",\"name\":\"Scenic\u00a0Rights\",\"url\":\"https:\\\/\\\/www.scenicrights.com\\\/ca\\\/\",\"logo\":{\"@type\":\"ImageObject\",\"inLanguage\":\"ca\",\"@id\":\"https:\\\/\\\/www.scenicrights.com\\\/ca\\\/#\\\/schema\\\/logo\\\/image\\\/\",\"url\":\"https:\\\/\\\/www.scenicrights.com\\\/wp-content\\\/uploads\\\/2023\\\/07\\\/logo-horizontal-web.png\",\"contentUrl\":\"https:\\\/\\\/www.scenicrights.com\\\/wp-content\\\/uploads\\\/2023\\\/07\\\/logo-horizontal-web.png\",\"width\":644,\"height\":225,\"caption\":\"Scenic\u00a0Rights\"},\"image\":{\"@id\":\"https:\\\/\\\/www.scenicrights.com\\\/ca\\\/#\\\/schema\\\/logo\\\/image\\\/\"}}]}<\/script>\n<!-- \/ Yoast SEO plugin. -->","yoast_head_json":{"title":"Los perseguidos - Scenic\u00a0Rights","robots":{"index":"index","follow":"follow","max-snippet":"max-snippet:-1","max-image-preview":"max-image-preview:large","max-video-preview":"max-video-preview:-1"},"canonical":"https:\/\/www.scenicrights.com\/ca\/projects\/los-perseguidos\/","og_locale":"ca_ES","og_type":"article","og_title":"Los perseguidos - Scenic\u00a0Rights","og_description":"La cara oscura de Espa&ntilde;a.&nbsp; Daniela Lozano, una joven periodista, acaba de perder a su pareja en un supuesto accidente de tr&aacute;fico. Aunque ella est&aacute; segura [&hellip;]","og_url":"https:\/\/www.scenicrights.com\/ca\/projects\/los-perseguidos\/","og_site_name":"Scenic\u00a0Rights","article_modified_time":"2024-04-02T08:02:32+00:00","og_image":[{"width":800,"height":1220,"url":"https:\/\/www.scenicrights.com\/wp-content\/uploads\/2023\/09\/BSIO3kCqUWzuZlfbAW3lQ-800x1220.png","type":"image\/png"}],"twitter_card":"summary_large_image","twitter_misc":{"Temps estimat de lectura":"3 minuts"},"schema":{"@context":"https:\/\/schema.org","@graph":[{"@type":"WebPage","@id":"https:\/\/www.scenicrights.com\/ca\/projects\/los-perseguidos\/","url":"https:\/\/www.scenicrights.com\/ca\/projects\/los-perseguidos\/","name":"Los perseguidos - Scenic\u00a0Rights","isPartOf":{"@id":"https:\/\/www.scenicrights.com\/ca\/#website"},"primaryImageOfPage":{"@id":"https:\/\/www.scenicrights.com\/ca\/projects\/los-perseguidos\/#primaryimage"},"image":{"@id":"https:\/\/www.scenicrights.com\/ca\/projects\/los-perseguidos\/#primaryimage"},"thumbnailUrl":"https:\/\/www.scenicrights.com\/wp-content\/uploads\/2023\/09\/BSIO3kCqUWzuZlfbAW3lQ.png","datePublished":"2023-09-13T15:25:30+00:00","dateModified":"2024-04-02T08:02:32+00:00","breadcrumb":{"@id":"https:\/\/www.scenicrights.com\/ca\/projects\/los-perseguidos\/#breadcrumb"},"inLanguage":"ca","potentialAction":[{"@type":"ReadAction","target":["https:\/\/www.scenicrights.com\/ca\/projects\/los-perseguidos\/"]}]},{"@type":"ImageObject","inLanguage":"ca","@id":"https:\/\/www.scenicrights.com\/ca\/projects\/los-perseguidos\/#primaryimage","url":"https:\/\/www.scenicrights.com\/wp-content\/uploads\/2023\/09\/BSIO3kCqUWzuZlfbAW3lQ.png","contentUrl":"https:\/\/www.scenicrights.com\/wp-content\/uploads\/2023\/09\/BSIO3kCqUWzuZlfbAW3lQ.png","width":1343,"height":2048},{"@type":"BreadcrumbList","@id":"https:\/\/www.scenicrights.com\/ca\/projects\/los-perseguidos\/#breadcrumb","itemListElement":[{"@type":"ListItem","position":1,"name":"Home","item":"https:\/\/www.scenicrights.com\/ca\/"},{"@type":"ListItem","position":2,"name":"Los perseguidos"}]},{"@type":"WebSite","@id":"https:\/\/www.scenicrights.com\/ca\/#website","url":"https:\/\/www.scenicrights.com\/ca\/","name":"Scenic\u00a0Rights","description":"","publisher":{"@id":"https:\/\/www.scenicrights.com\/ca\/#organization"},"potentialAction":[{"@type":"SearchAction","target":{"@type":"EntryPoint","urlTemplate":"https:\/\/www.scenicrights.com\/ca\/?s={search_term_string}"},"query-input":{"@type":"PropertyValueSpecification","valueRequired":true,"valueName":"search_term_string"}}],"inLanguage":"ca"},{"@type":"Organization","@id":"https:\/\/www.scenicrights.com\/ca\/#organization","name":"Scenic\u00a0Rights","url":"https:\/\/www.scenicrights.com\/ca\/","logo":{"@type":"ImageObject","inLanguage":"ca","@id":"https:\/\/www.scenicrights.com\/ca\/#\/schema\/logo\/image\/","url":"https:\/\/www.scenicrights.com\/wp-content\/uploads\/2023\/07\/logo-horizontal-web.png","contentUrl":"https:\/\/www.scenicrights.com\/wp-content\/uploads\/2023\/07\/logo-horizontal-web.png","width":644,"height":225,"caption":"Scenic\u00a0Rights"},"image":{"@id":"https:\/\/www.scenicrights.com\/ca\/#\/schema\/logo\/image\/"}}]}},"_links":{"self":[{"href":"https:\/\/www.scenicrights.com\/ca\/wp-json\/wp\/v2\/articulo\/20751","targetHints":{"allow":["GET"]}}],"collection":[{"href":"https:\/\/www.scenicrights.com\/ca\/wp-json\/wp\/v2\/articulo"}],"about":[{"href":"https:\/\/www.scenicrights.com\/ca\/wp-json\/wp\/v2\/types\/articulo"}],"acf:attachment":[{"embeddable":true,"href":"https:\/\/www.scenicrights.com\/ca\/wp-json\/wp\/v2\/media\/"}],"acf:post":[{"embeddable":true,"href":"https:\/\/www.scenicrights.com\/ca\/wp-json\/wp\/v2\/autor\/3146"}],"acf:term":[{"embeddable":true,"taxonomy":"licencia","href":"https:\/\/www.scenicrights.com\/ca\/wp-json\/wp\/v2\/licencia\/17"},{"embeddable":true,"taxonomy":"art_tag","href":"https:\/\/www.scenicrights.com\/ca\/wp-json\/wp\/v2\/art_tag\/1213"},{"embeddable":true,"taxonomy":"art_tag","href":"https:\/\/www.scenicrights.com\/ca\/wp-json\/wp\/v2\/art_tag\/1053"},{"embeddable":true,"taxonomy":"art_tag","href":"https:\/\/www.scenicrights.com\/ca\/wp-json\/wp\/v2\/art_tag\/1033"},{"embeddable":true,"taxonomy":"art_tag","href":"https:\/\/www.scenicrights.com\/ca\/wp-json\/wp\/v2\/art_tag\/1021"},{"embeddable":true,"taxonomy":"art_tag","href":"https:\/\/www.scenicrights.com\/ca\/wp-json\/wp\/v2\/art_tag\/993"},{"embeddable":true,"taxonomy":"art_tag","href":"https:\/\/www.scenicrights.com\/ca\/wp-json\/wp\/v2\/art_tag\/967"},{"embeddable":true,"taxonomy":"art_tag","href":"https:\/\/www.scenicrights.com\/ca\/wp-json\/wp\/v2\/art_tag\/873"},{"embeddable":true,"taxonomy":"art_tag","href":"https:\/\/www.scenicrights.com\/ca\/wp-json\/wp\/v2\/art_tag\/1280"},{"embeddable":true,"taxonomy":"art_tag","href":"https:\/\/www.scenicrights.com\/ca\/wp-json\/wp\/v2\/art_tag\/795"},{"embeddable":true,"taxonomy":"art_tag","href":"https:\/\/www.scenicrights.com\/ca\/wp-json\/wp\/v2\/art_tag\/736"},{"embeddable":true,"taxonomy":"tipo","href":"https:\/\/www.scenicrights.com\/ca\/wp-json\/wp\/v2\/tipo\/5"},{"embeddable":true,"taxonomy":"subgenero","href":"https:\/\/www.scenicrights.com\/ca\/wp-json\/wp\/v2\/subgenero\/657"},{"embeddable":true,"taxonomy":"subgenero","href":"https:\/\/www.scenicrights.com\/ca\/wp-json\/wp\/v2\/subgenero\/675"},{"embeddable":true,"taxonomy":"genero","href":"https:\/\/www.scenicrights.com\/ca\/wp-json\/wp\/v2\/genero\/46"}],"wp:featuredmedia":[{"embeddable":true,"href":"https:\/\/www.scenicrights.com\/ca\/wp-json\/wp\/v2\/media\/13878"}],"wp:attachment":[{"href":"https:\/\/www.scenicrights.com\/ca\/wp-json\/wp\/v2\/media?parent=20751"}],"wp:term":[{"taxonomy":"art_tag","embeddable":true,"href":"https:\/\/www.scenicrights.com\/ca\/wp-json\/wp\/v2\/art_tag?post=20751"},{"taxonomy":"genero","embeddable":true,"href":"https:\/\/www.scenicrights.com\/ca\/wp-json\/wp\/v2\/genero?post=20751"},{"taxonomy":"licencia","embeddable":true,"href":"https:\/\/www.scenicrights.com\/ca\/wp-json\/wp\/v2\/licencia?post=20751"},{"taxonomy":"localizacion","embeddable":true,"href":"https:\/\/www.scenicrights.com\/ca\/wp-json\/wp\/v2\/localizacion?post=20751"},{"taxonomy":"produccion","embeddable":true,"href":"https:\/\/www.scenicrights.com\/ca\/wp-json\/wp\/v2\/produccion?post=20751"},{"taxonomy":"subgenero","embeddable":true,"href":"https:\/\/www.scenicrights.com\/ca\/wp-json\/wp\/v2\/subgenero?post=20751"},{"taxonomy":"tipo","embeddable":true,"href":"https:\/\/www.scenicrights.com\/ca\/wp-json\/wp\/v2\/tipo?post=20751"}],"curies":[{"name":"wp","href":"https:\/\/api.w.org\/{rel}","templated":true}]}}