{"id":20767,"date":"2023-09-13T15:24:03","date_gmt":"2023-09-13T15:24:03","guid":{"rendered":"https:\/\/pre.scenicrights.com\/projects\/el-corredor-o-las-almas-que-lleva-el-diablo\/"},"modified":"2024-04-18T19:32:21","modified_gmt":"2024-04-18T19:32:21","slug":"el-corredor-o-las-almas-que-lleva-el-diablo","status":"publish","type":"articulo","link":"https:\/\/www.scenicrights.com\/ca\/projects\/el-corredor-o-las-almas-que-lleva-el-diablo\/","title":{"rendered":"El corredor o las almas que lleva el diablo"},"template":"","art_tag":[1280,1027,1021,1041,1115,1191],"genero":[46],"licencia":[17],"localizacion":[],"produccion":[],"subgenero":[619,675],"tipo":[5],"class_list":["post-20767","articulo","type-articulo","status-publish","has-post-thumbnail","hentry","art_tag-crim","art_tag-mexic","art_tag-mort","art_tag-negocis","art_tag-rivalitat","art_tag-venjanca","genero-drama-ca","licencia-propia","subgenero-accio","subgenero-thriller-ca","tipo-proyecto"],"acf":{"generos_tax":[46],"subgeneros_tax":[619,675],"tipo_tax":[5],"tags_tax":[1027,1021,1280,1115,1191,1041],"produccion_tax":false,"licencia_tax":17,"localizacion_tax":false,"articulo__titulo_extendido":"","articulo__extracto":"","articulo__contenido":"<p align=\"right\"><strong><em>Violencia, gasolina y muerte.<\/em><\/strong><\/p>\r\n\r\n<div style=\"clear: both;\">\r\n\r\n<span data-contrast=\"none\">Una carrera ilegal que va de Monterrey a Saltillo, seis corredores y un premio de un mill\u00f3n doscientos mil pesos al ganador. Una cl\u00e1usula especial: por cada muerto durante la carrera, la cantidad aumentar\u00e1 doscientos mil pesos.\u00a0<\/span>\r\n\r\n<\/div>\r\n<div style=\"clear: both;\">\r\n\r\n<span data-contrast=\"none\">Ricardo Prieto es un viejo adicto al olor a gasolina y muerte. Es el organizador de la carrera junto con su mano derecha, Humberto, encargado de reclutar a los conductores m\u00e1s r\u00e1pidos de la zona: el Acerero, La Borrega, el Amarillo, La Muerta, <\/span>Kanjo y el Lobo.\r\n\r\n<\/div>\r\n<div style=\"clear: both;\">\r\n\r\n<span data-contrast=\"none\">Los pilotos y sus camionetas<\/span><span data-contrast=\"auto\">\u2014<\/span><span data-contrast=\"none\">una Ford Lobo roja, una Dodge blanca, una Chevrolet pickup de 1955, una Caddy blanca, una <\/span>Syclone plateada y una Ranger amarilla<span data-contrast=\"auto\">\u2014 <\/span><span data-contrast=\"none\">correr\u00e1n contra la muerte. En el circuito, todos son potenciales <\/span>asesinos dispuestos a acabar con sus competidores y con todo conductor que se cruce en su camino.\r\n\r\n<\/div>\r\n<div style=\"clear: both;\">\r\n\r\n<span data-contrast=\"none\">Pero a la carrera se sumar\u00e1 un jugador externo, quien, en una vieja Dodge verde con una tortuga dibujada en<\/span> la carrocer\u00eda, buscar\u00e1 venganza. No importa cu\u00e1ntos concursantes deba matar, nadie se interpondr\u00e1 en su caza contra el Acerero.\r\n\r\n<\/div>\r\n&nbsp;\r\n\r\n<strong>DATOS RELEVANTES: <\/strong><em>El corredor o las almas que lleva el diablo <\/em>forma parte de la colecci\u00f3n <strong>Mapa de las Lenguas<\/strong>, cuyo fin es difundir la obra de los mejores autores latinoamericanos contempor\u00e1neos. Por este motivo, el libro contar\u00e1 con una edici\u00f3n local en cada uno de los pa\u00edses de habla hispana. Su autor<strong>, <\/strong>Alejandro V\u00e1zquez Ortiz, es ganador <strong>Premio Nacional de Cuento Fant\u00e1stico y de Ciencia Ficci\u00f3n de Puebla, <\/strong>del<strong> Premio Ciudad de Getafe de Relato Corto<\/strong> y el <strong>Premio Nacional de Cuento Joven Comala.<\/strong>\r\n\r\nDe la mano de narcotraficantes, maleantes, personas desesperadas en busca de dinero y, por supuesto, amantes de la velocidad, <em>El corredor o las almas que lleva el diablo <\/em>explora el submundo de las carreras clandestinas en M\u00e9xico y nos recuerda a franquicias de \u00e9xito internacional como <em>Fast &amp; Furious. <\/em>Esta vez sin reglas ni la polic\u00eda en la retaguardia.\r\n\r\n&nbsp;\r\n\r\nLo que ha dicho la cr\u00edtica:\r\n\r\n\u201cAl golpeo del metal contra el metal, a fuego r\u00e1pido, a quemar asfalto, a todo ritmo con Judas Priest, as\u00ed se lee y se siente esta novela del autor regiomontano\u201d. <em>Milenio.<\/em>\r\n\r\n\u201cNi qui\u00e9n lo dude, usted y yo nacimos para leer, para experimentar el infinito placer de sentir el v\u00e9rtigo de una historia bien escrita como la presente\u201d. <em>\u00c9lmer Mendoza.<\/em>\r\n\r\n\u201cUn abanico de historias que van hiladas de la adrenalina detr\u00e1s del volante y en la que sus personajes se ven atados por una estructura social complicada\u201d. <em>Sin Embargo.<\/em>\r\n\r\n&nbsp;\r\n\r\n<strong>POTENCIAL AUDIOVISUAL<\/strong>: Serie TV, Miniserie, Film, TV Movie<strong>.<\/strong>\r\n\r\n<strong>IDIOMAS DISPONIBLES: <\/strong>Espa\u00f1ol.","articulo__autor":"","_thumbnail_id":13759,"articulo__featured_gallery":null,"articulo__galeria_archivos":[null],"articulo__fecha_de_publicacion":"","articulo__idiomas":"","articulo__dossier":"","idarticle":1852},"yoast_head":"<!-- This site is optimized with the Yoast SEO plugin v27.4 - https:\/\/yoast.com\/product\/yoast-seo-wordpress\/ -->\n<title>El corredor o las almas que lleva el diablo - Scenic\u00a0Rights<\/title>\n<meta name=\"robots\" content=\"index, follow, max-snippet:-1, max-image-preview:large, max-video-preview:-1\" \/>\n<link rel=\"canonical\" href=\"https:\/\/www.scenicrights.com\/ca\/projects\/el-corredor-o-las-almas-que-lleva-el-diablo\/\" \/>\n<meta property=\"og:locale\" content=\"ca_ES\" \/>\n<meta property=\"og:type\" content=\"article\" \/>\n<meta property=\"og:title\" content=\"El corredor o las almas que lleva el diablo - Scenic\u00a0Rights\" \/>\n<meta property=\"og:description\" content=\"&nbsp; Violencia, gasolina y muerte. Una carrera ilegal que va de Monterrey a Saltillo, seis corredores y un premio de un mill&oacute;n doscientos mil pesos al [&hellip;]\" \/>\n<meta property=\"og:url\" content=\"https:\/\/www.scenicrights.com\/ca\/projects\/el-corredor-o-las-almas-que-lleva-el-diablo\/\" \/>\n<meta property=\"og:site_name\" content=\"Scenic\u00a0Rights\" \/>\n<meta property=\"article:modified_time\" content=\"2024-04-18T19:32:21+00:00\" \/>\n<meta property=\"og:image\" content=\"https:\/\/www.scenicrights.com\/wp-content\/uploads\/2023\/09\/39uLVexJxU2iFc7MWgFdRg.jpg\" \/>\n\t<meta property=\"og:image:width\" content=\"692\" \/>\n\t<meta property=\"og:image:height\" content=\"1018\" \/>\n\t<meta property=\"og:image:type\" content=\"image\/jpeg\" \/>\n<meta name=\"twitter:card\" content=\"summary_large_image\" \/>\n<meta name=\"twitter:label1\" content=\"Temps estimat de lectura\" \/>\n\t<meta name=\"twitter:data1\" content=\"3 minuts\" \/>\n<script type=\"application\/ld+json\" class=\"yoast-schema-graph\">{\"@context\":\"https:\\\/\\\/schema.org\",\"@graph\":[{\"@type\":\"WebPage\",\"@id\":\"https:\\\/\\\/www.scenicrights.com\\\/ca\\\/projects\\\/el-corredor-o-las-almas-que-lleva-el-diablo\\\/\",\"url\":\"https:\\\/\\\/www.scenicrights.com\\\/ca\\\/projects\\\/el-corredor-o-las-almas-que-lleva-el-diablo\\\/\",\"name\":\"El corredor o las almas que lleva el diablo - Scenic\u00a0Rights\",\"isPartOf\":{\"@id\":\"https:\\\/\\\/www.scenicrights.com\\\/ca\\\/#website\"},\"primaryImageOfPage\":{\"@id\":\"https:\\\/\\\/www.scenicrights.com\\\/ca\\\/projects\\\/el-corredor-o-las-almas-que-lleva-el-diablo\\\/#primaryimage\"},\"image\":{\"@id\":\"https:\\\/\\\/www.scenicrights.com\\\/ca\\\/projects\\\/el-corredor-o-las-almas-que-lleva-el-diablo\\\/#primaryimage\"},\"thumbnailUrl\":\"https:\\\/\\\/www.scenicrights.com\\\/wp-content\\\/uploads\\\/2023\\\/09\\\/39uLVexJxU2iFc7MWgFdRg.jpg\",\"datePublished\":\"2023-09-13T15:24:03+00:00\",\"dateModified\":\"2024-04-18T19:32:21+00:00\",\"breadcrumb\":{\"@id\":\"https:\\\/\\\/www.scenicrights.com\\\/ca\\\/projects\\\/el-corredor-o-las-almas-que-lleva-el-diablo\\\/#breadcrumb\"},\"inLanguage\":\"ca\",\"potentialAction\":[{\"@type\":\"ReadAction\",\"target\":[\"https:\\\/\\\/www.scenicrights.com\\\/ca\\\/projects\\\/el-corredor-o-las-almas-que-lleva-el-diablo\\\/\"]}]},{\"@type\":\"ImageObject\",\"inLanguage\":\"ca\",\"@id\":\"https:\\\/\\\/www.scenicrights.com\\\/ca\\\/projects\\\/el-corredor-o-las-almas-que-lleva-el-diablo\\\/#primaryimage\",\"url\":\"https:\\\/\\\/www.scenicrights.com\\\/wp-content\\\/uploads\\\/2023\\\/09\\\/39uLVexJxU2iFc7MWgFdRg.jpg\",\"contentUrl\":\"https:\\\/\\\/www.scenicrights.com\\\/wp-content\\\/uploads\\\/2023\\\/09\\\/39uLVexJxU2iFc7MWgFdRg.jpg\",\"width\":692,\"height\":1018},{\"@type\":\"BreadcrumbList\",\"@id\":\"https:\\\/\\\/www.scenicrights.com\\\/ca\\\/projects\\\/el-corredor-o-las-almas-que-lleva-el-diablo\\\/#breadcrumb\",\"itemListElement\":[{\"@type\":\"ListItem\",\"position\":1,\"name\":\"Home\",\"item\":\"https:\\\/\\\/www.scenicrights.com\\\/ca\\\/\"},{\"@type\":\"ListItem\",\"position\":2,\"name\":\"El corredor o las almas que lleva el diablo\"}]},{\"@type\":\"WebSite\",\"@id\":\"https:\\\/\\\/www.scenicrights.com\\\/ca\\\/#website\",\"url\":\"https:\\\/\\\/www.scenicrights.com\\\/ca\\\/\",\"name\":\"Scenic\u00a0Rights\",\"description\":\"\",\"publisher\":{\"@id\":\"https:\\\/\\\/www.scenicrights.com\\\/ca\\\/#organization\"},\"potentialAction\":[{\"@type\":\"SearchAction\",\"target\":{\"@type\":\"EntryPoint\",\"urlTemplate\":\"https:\\\/\\\/www.scenicrights.com\\\/ca\\\/?s={search_term_string}\"},\"query-input\":{\"@type\":\"PropertyValueSpecification\",\"valueRequired\":true,\"valueName\":\"search_term_string\"}}],\"inLanguage\":\"ca\"},{\"@type\":\"Organization\",\"@id\":\"https:\\\/\\\/www.scenicrights.com\\\/ca\\\/#organization\",\"name\":\"Scenic\u00a0Rights\",\"url\":\"https:\\\/\\\/www.scenicrights.com\\\/ca\\\/\",\"logo\":{\"@type\":\"ImageObject\",\"inLanguage\":\"ca\",\"@id\":\"https:\\\/\\\/www.scenicrights.com\\\/ca\\\/#\\\/schema\\\/logo\\\/image\\\/\",\"url\":\"https:\\\/\\\/www.scenicrights.com\\\/wp-content\\\/uploads\\\/2023\\\/07\\\/logo-horizontal-web.png\",\"contentUrl\":\"https:\\\/\\\/www.scenicrights.com\\\/wp-content\\\/uploads\\\/2023\\\/07\\\/logo-horizontal-web.png\",\"width\":644,\"height\":225,\"caption\":\"Scenic\u00a0Rights\"},\"image\":{\"@id\":\"https:\\\/\\\/www.scenicrights.com\\\/ca\\\/#\\\/schema\\\/logo\\\/image\\\/\"}}]}<\/script>\n<!-- \/ Yoast SEO plugin. -->","yoast_head_json":{"title":"El corredor o las almas que lleva el diablo - Scenic\u00a0Rights","robots":{"index":"index","follow":"follow","max-snippet":"max-snippet:-1","max-image-preview":"max-image-preview:large","max-video-preview":"max-video-preview:-1"},"canonical":"https:\/\/www.scenicrights.com\/ca\/projects\/el-corredor-o-las-almas-que-lleva-el-diablo\/","og_locale":"ca_ES","og_type":"article","og_title":"El corredor o las almas que lleva el diablo - Scenic\u00a0Rights","og_description":"&nbsp; Violencia, gasolina y muerte. Una carrera ilegal que va de Monterrey a Saltillo, seis corredores y un premio de un mill&oacute;n doscientos mil pesos al [&hellip;]","og_url":"https:\/\/www.scenicrights.com\/ca\/projects\/el-corredor-o-las-almas-que-lleva-el-diablo\/","og_site_name":"Scenic\u00a0Rights","article_modified_time":"2024-04-18T19:32:21+00:00","og_image":[{"width":692,"height":1018,"url":"https:\/\/www.scenicrights.com\/wp-content\/uploads\/2023\/09\/39uLVexJxU2iFc7MWgFdRg.jpg","type":"image\/jpeg"}],"twitter_card":"summary_large_image","twitter_misc":{"Temps estimat de lectura":"3 minuts"},"schema":{"@context":"https:\/\/schema.org","@graph":[{"@type":"WebPage","@id":"https:\/\/www.scenicrights.com\/ca\/projects\/el-corredor-o-las-almas-que-lleva-el-diablo\/","url":"https:\/\/www.scenicrights.com\/ca\/projects\/el-corredor-o-las-almas-que-lleva-el-diablo\/","name":"El corredor o las almas que lleva el diablo - Scenic\u00a0Rights","isPartOf":{"@id":"https:\/\/www.scenicrights.com\/ca\/#website"},"primaryImageOfPage":{"@id":"https:\/\/www.scenicrights.com\/ca\/projects\/el-corredor-o-las-almas-que-lleva-el-diablo\/#primaryimage"},"image":{"@id":"https:\/\/www.scenicrights.com\/ca\/projects\/el-corredor-o-las-almas-que-lleva-el-diablo\/#primaryimage"},"thumbnailUrl":"https:\/\/www.scenicrights.com\/wp-content\/uploads\/2023\/09\/39uLVexJxU2iFc7MWgFdRg.jpg","datePublished":"2023-09-13T15:24:03+00:00","dateModified":"2024-04-18T19:32:21+00:00","breadcrumb":{"@id":"https:\/\/www.scenicrights.com\/ca\/projects\/el-corredor-o-las-almas-que-lleva-el-diablo\/#breadcrumb"},"inLanguage":"ca","potentialAction":[{"@type":"ReadAction","target":["https:\/\/www.scenicrights.com\/ca\/projects\/el-corredor-o-las-almas-que-lleva-el-diablo\/"]}]},{"@type":"ImageObject","inLanguage":"ca","@id":"https:\/\/www.scenicrights.com\/ca\/projects\/el-corredor-o-las-almas-que-lleva-el-diablo\/#primaryimage","url":"https:\/\/www.scenicrights.com\/wp-content\/uploads\/2023\/09\/39uLVexJxU2iFc7MWgFdRg.jpg","contentUrl":"https:\/\/www.scenicrights.com\/wp-content\/uploads\/2023\/09\/39uLVexJxU2iFc7MWgFdRg.jpg","width":692,"height":1018},{"@type":"BreadcrumbList","@id":"https:\/\/www.scenicrights.com\/ca\/projects\/el-corredor-o-las-almas-que-lleva-el-diablo\/#breadcrumb","itemListElement":[{"@type":"ListItem","position":1,"name":"Home","item":"https:\/\/www.scenicrights.com\/ca\/"},{"@type":"ListItem","position":2,"name":"El corredor o las almas que lleva el diablo"}]},{"@type":"WebSite","@id":"https:\/\/www.scenicrights.com\/ca\/#website","url":"https:\/\/www.scenicrights.com\/ca\/","name":"Scenic\u00a0Rights","description":"","publisher":{"@id":"https:\/\/www.scenicrights.com\/ca\/#organization"},"potentialAction":[{"@type":"SearchAction","target":{"@type":"EntryPoint","urlTemplate":"https:\/\/www.scenicrights.com\/ca\/?s={search_term_string}"},"query-input":{"@type":"PropertyValueSpecification","valueRequired":true,"valueName":"search_term_string"}}],"inLanguage":"ca"},{"@type":"Organization","@id":"https:\/\/www.scenicrights.com\/ca\/#organization","name":"Scenic\u00a0Rights","url":"https:\/\/www.scenicrights.com\/ca\/","logo":{"@type":"ImageObject","inLanguage":"ca","@id":"https:\/\/www.scenicrights.com\/ca\/#\/schema\/logo\/image\/","url":"https:\/\/www.scenicrights.com\/wp-content\/uploads\/2023\/07\/logo-horizontal-web.png","contentUrl":"https:\/\/www.scenicrights.com\/wp-content\/uploads\/2023\/07\/logo-horizontal-web.png","width":644,"height":225,"caption":"Scenic\u00a0Rights"},"image":{"@id":"https:\/\/www.scenicrights.com\/ca\/#\/schema\/logo\/image\/"}}]}},"_links":{"self":[{"href":"https:\/\/www.scenicrights.com\/ca\/wp-json\/wp\/v2\/articulo\/20767","targetHints":{"allow":["GET"]}}],"collection":[{"href":"https:\/\/www.scenicrights.com\/ca\/wp-json\/wp\/v2\/articulo"}],"about":[{"href":"https:\/\/www.scenicrights.com\/ca\/wp-json\/wp\/v2\/types\/articulo"}],"acf:attachment":[{"embeddable":true,"href":"https:\/\/www.scenicrights.com\/ca\/wp-json\/wp\/v2\/media\/"}],"acf:term":[{"embeddable":true,"taxonomy":"licencia","href":"https:\/\/www.scenicrights.com\/ca\/wp-json\/wp\/v2\/licencia\/17"},{"embeddable":true,"taxonomy":"art_tag","href":"https:\/\/www.scenicrights.com\/ca\/wp-json\/wp\/v2\/art_tag\/1041"},{"embeddable":true,"taxonomy":"art_tag","href":"https:\/\/www.scenicrights.com\/ca\/wp-json\/wp\/v2\/art_tag\/1191"},{"embeddable":true,"taxonomy":"art_tag","href":"https:\/\/www.scenicrights.com\/ca\/wp-json\/wp\/v2\/art_tag\/1115"},{"embeddable":true,"taxonomy":"art_tag","href":"https:\/\/www.scenicrights.com\/ca\/wp-json\/wp\/v2\/art_tag\/1280"},{"embeddable":true,"taxonomy":"art_tag","href":"https:\/\/www.scenicrights.com\/ca\/wp-json\/wp\/v2\/art_tag\/1021"},{"embeddable":true,"taxonomy":"art_tag","href":"https:\/\/www.scenicrights.com\/ca\/wp-json\/wp\/v2\/art_tag\/1027"},{"embeddable":true,"taxonomy":"tipo","href":"https:\/\/www.scenicrights.com\/ca\/wp-json\/wp\/v2\/tipo\/5"},{"embeddable":true,"taxonomy":"subgenero","href":"https:\/\/www.scenicrights.com\/ca\/wp-json\/wp\/v2\/subgenero\/675"},{"embeddable":true,"taxonomy":"subgenero","href":"https:\/\/www.scenicrights.com\/ca\/wp-json\/wp\/v2\/subgenero\/619"},{"embeddable":true,"taxonomy":"genero","href":"https:\/\/www.scenicrights.com\/ca\/wp-json\/wp\/v2\/genero\/46"}],"wp:featuredmedia":[{"embeddable":true,"href":"https:\/\/www.scenicrights.com\/ca\/wp-json\/wp\/v2\/media\/13759"}],"wp:attachment":[{"href":"https:\/\/www.scenicrights.com\/ca\/wp-json\/wp\/v2\/media?parent=20767"}],"wp:term":[{"taxonomy":"art_tag","embeddable":true,"href":"https:\/\/www.scenicrights.com\/ca\/wp-json\/wp\/v2\/art_tag?post=20767"},{"taxonomy":"genero","embeddable":true,"href":"https:\/\/www.scenicrights.com\/ca\/wp-json\/wp\/v2\/genero?post=20767"},{"taxonomy":"licencia","embeddable":true,"href":"https:\/\/www.scenicrights.com\/ca\/wp-json\/wp\/v2\/licencia?post=20767"},{"taxonomy":"localizacion","embeddable":true,"href":"https:\/\/www.scenicrights.com\/ca\/wp-json\/wp\/v2\/localizacion?post=20767"},{"taxonomy":"produccion","embeddable":true,"href":"https:\/\/www.scenicrights.com\/ca\/wp-json\/wp\/v2\/produccion?post=20767"},{"taxonomy":"subgenero","embeddable":true,"href":"https:\/\/www.scenicrights.com\/ca\/wp-json\/wp\/v2\/subgenero?post=20767"},{"taxonomy":"tipo","embeddable":true,"href":"https:\/\/www.scenicrights.com\/ca\/wp-json\/wp\/v2\/tipo?post=20767"}],"curies":[{"name":"wp","href":"https:\/\/api.w.org\/{rel}","templated":true}]}}