{"id":20927,"date":"2023-09-13T14:47:43","date_gmt":"2023-09-13T14:47:43","guid":{"rendered":"https:\/\/pre.scenicrights.com\/projects\/la-oveja-negra\/"},"modified":"2024-04-02T08:03:39","modified_gmt":"2024-04-02T08:03:39","slug":"la-oveja-negra","status":"publish","type":"articulo","link":"https:\/\/www.scenicrights.com\/ca\/projects\/la-oveja-negra\/","title":{"rendered":"La oveja negra"},"template":"","art_tag":[703,1307,1309,887,893,1097],"genero":[48],"licencia":[17],"localizacion":[],"produccion":[],"subgenero":[1398],"tipo":[5],"class_list":["post-20927","articulo","type-articulo","status-publish","has-post-thumbnail","hentry","art_tag-amor-ca","art_tag-coming-of-age-ca","art_tag-conflicte-generacional","art_tag-exili","art_tag-familia-disfuncional-ca","art_tag-redempcio","genero-dramedia-ca","licencia-propia","subgenero-new-adult-ca","tipo-proyecto"],"acf":{"generos_tax":[48],"subgeneros_tax":[1398],"tipo_tax":[5],"tags_tax":[703,1307,893,887,1309,1097],"produccion_tax":false,"licencia_tax":17,"localizacion_tax":false,"articulo__titulo_extendido":"","articulo__extracto":"","articulo__contenido":"<p align=\"right\"><strong><em>\u201cUn precio alto para ser t\u00fa mismo\u201d<\/em><\/strong><\/p>\r\nHerm\u00f3genes, hijo de una familia de m\u00e9dicos de renombre, decide no estudiar medicina como dicta la tradici\u00f3n familiar y se matricula en arqueolog\u00eda. Tendr\u00e1 que emprender este camino solo, pues su familia decide retirarle todo el sustento econ\u00f3mico.\r\n\r\nSolo y en Valencia, donde estudia en la universidad, el joven se ve obligado a trabajar cuidando ni\u00f1os peque\u00f1os para subsistir econ\u00f3micamente. As\u00ed es como conoce a Ana y a su beb\u00e9 Quim, con quien forma un v\u00ednculo cercano. Cuidar a Quim ayudar\u00e1 a Herm\u00f3genes a madurar r\u00e1pidamente, pues le obligar\u00e1 a asumir nuevas responsabilidades, a enfrentarse a una nueva vida sin lujos y sobre todo le llevar\u00e1 hacia el autodescubrimiento.\r\n\r\nEsta nueva situaci\u00f3n y todas las decisiones que toma el joven terminan de alejarle totalmente de su familia, pues se sienten desafiados y ven con muy malos ojos que Herm\u00f3genes trabaje de canguro.\r\n\r\nCuando parec\u00eda que empezaba a disfrutar de su nueva vida, Quim, el beb\u00e9 con el que m\u00e1s ha conectado, cae enfermo. Herm\u00f3genes se ve forzado a ponerse en contacto con su familia, para que le ayuden con el tratamiento del peque\u00f1o, comenzando un viaje hacia la reconciliaci\u00f3n con su familia.\r\n\r\n&nbsp;\r\n\r\n<strong>DATOS RELEVANTES: <\/strong>Pasqual Alapont es un prol\u00edfico autor de literatura juvenil, obras de teatro, novelas y traducciones y su obra re\u00fane una treintena de t\u00edtulos. Su novela \u201cLa Oveja negra\u201d recibi\u00f3 el <strong>Premio Edeb\u00e9 de Literatura Juvenil<\/strong>, <strong>Premio Serra D\u2019Or de la cr\u00edtica<\/strong> y ha recibido la menci\u00f3n del <strong>The White Ravens de la Internationale Jugend Bibliothek de Munich<\/strong>.\r\n\r\nAlgunas de sus obras juveniles han sido aut\u00e9nticos \u00e9xitos de ventas, como <em>El infierno de Marta<\/em> <strong>(Premi Protagonista Jove)<\/strong>. Ha recibido un amplio reconocimiento a lo largo de su trayectoria, y entre sus premios destacan el <strong>Premio Max Aub de las Artes Esc\u00e9nicas de la Generalitat Valenciana, el Premio de Teatro El Micalet, el Premio Enric Valor, el Premio Bancaja de narrativa juvenil, el Premio Joanot Martorell, el Premio del Consell Catal\u00e0 del Llibre per a Infants i Joves, y el Porrot d\u2019Honor de les Lletres Valencianes.<\/strong>\r\n\r\n&nbsp;\r\n\r\n<strong>POTENCIAL AUDIOVISUAL:<\/strong> Serie TV, Miniserie, Film, TV Movie.\r\n\r\n<strong>IDIOMAS DISPONIBLES:<\/strong> Espa\u00f1ol, Catal\u00e1n, Gallego.","articulo__autor":[3082],"_thumbnail_id":12524,"articulo__featured_gallery":null,"articulo__galeria_archivos":[null],"articulo__fecha_de_publicacion":"","articulo__idiomas":"","articulo__dossier":"","idarticle":1673},"yoast_head":"<!-- This site is optimized with the Yoast SEO plugin v27.4 - https:\/\/yoast.com\/product\/yoast-seo-wordpress\/ -->\n<title>La oveja negra - Scenic\u00a0Rights<\/title>\n<meta name=\"robots\" content=\"index, follow, max-snippet:-1, max-image-preview:large, max-video-preview:-1\" \/>\n<link rel=\"canonical\" href=\"https:\/\/www.scenicrights.com\/ca\/projects\/la-oveja-negra\/\" \/>\n<meta property=\"og:locale\" content=\"ca_ES\" \/>\n<meta property=\"og:type\" content=\"article\" \/>\n<meta property=\"og:title\" content=\"La oveja negra - Scenic\u00a0Rights\" \/>\n<meta property=\"og:description\" content=\"&ldquo;Un precio alto para ser t&uacute; mismo&rdquo; &nbsp; &nbsp; Herm&oacute;genes, hijo de una familia de m&eacute;dicos de renombre, decide no estudiar medicina como dicta la tradici&oacute;n [&hellip;]\" \/>\n<meta property=\"og:url\" content=\"https:\/\/www.scenicrights.com\/ca\/projects\/la-oveja-negra\/\" \/>\n<meta property=\"og:site_name\" content=\"Scenic\u00a0Rights\" \/>\n<meta property=\"article:modified_time\" content=\"2024-04-02T08:03:39+00:00\" \/>\n<meta property=\"og:image\" content=\"https:\/\/www.scenicrights.com\/wp-content\/uploads\/2023\/09\/65OzMqasLUQZoNwK7giA.jpg\" \/>\n\t<meta property=\"og:image:width\" content=\"236\" \/>\n\t<meta property=\"og:image:height\" content=\"371\" \/>\n\t<meta property=\"og:image:type\" content=\"image\/jpeg\" \/>\n<meta name=\"twitter:card\" content=\"summary_large_image\" \/>\n<meta name=\"twitter:label1\" content=\"Temps estimat de lectura\" \/>\n\t<meta name=\"twitter:data1\" content=\"2 minuts\" \/>\n<script type=\"application\/ld+json\" class=\"yoast-schema-graph\">{\"@context\":\"https:\\\/\\\/schema.org\",\"@graph\":[{\"@type\":\"WebPage\",\"@id\":\"https:\\\/\\\/www.scenicrights.com\\\/ca\\\/projects\\\/la-oveja-negra\\\/\",\"url\":\"https:\\\/\\\/www.scenicrights.com\\\/ca\\\/projects\\\/la-oveja-negra\\\/\",\"name\":\"La oveja negra - Scenic\u00a0Rights\",\"isPartOf\":{\"@id\":\"https:\\\/\\\/www.scenicrights.com\\\/ca\\\/#website\"},\"primaryImageOfPage\":{\"@id\":\"https:\\\/\\\/www.scenicrights.com\\\/ca\\\/projects\\\/la-oveja-negra\\\/#primaryimage\"},\"image\":{\"@id\":\"https:\\\/\\\/www.scenicrights.com\\\/ca\\\/projects\\\/la-oveja-negra\\\/#primaryimage\"},\"thumbnailUrl\":\"https:\\\/\\\/www.scenicrights.com\\\/wp-content\\\/uploads\\\/2023\\\/09\\\/65OzMqasLUQZoNwK7giA.jpg\",\"datePublished\":\"2023-09-13T14:47:43+00:00\",\"dateModified\":\"2024-04-02T08:03:39+00:00\",\"breadcrumb\":{\"@id\":\"https:\\\/\\\/www.scenicrights.com\\\/ca\\\/projects\\\/la-oveja-negra\\\/#breadcrumb\"},\"inLanguage\":\"ca\",\"potentialAction\":[{\"@type\":\"ReadAction\",\"target\":[\"https:\\\/\\\/www.scenicrights.com\\\/ca\\\/projects\\\/la-oveja-negra\\\/\"]}]},{\"@type\":\"ImageObject\",\"inLanguage\":\"ca\",\"@id\":\"https:\\\/\\\/www.scenicrights.com\\\/ca\\\/projects\\\/la-oveja-negra\\\/#primaryimage\",\"url\":\"https:\\\/\\\/www.scenicrights.com\\\/wp-content\\\/uploads\\\/2023\\\/09\\\/65OzMqasLUQZoNwK7giA.jpg\",\"contentUrl\":\"https:\\\/\\\/www.scenicrights.com\\\/wp-content\\\/uploads\\\/2023\\\/09\\\/65OzMqasLUQZoNwK7giA.jpg\",\"width\":236,\"height\":371},{\"@type\":\"BreadcrumbList\",\"@id\":\"https:\\\/\\\/www.scenicrights.com\\\/ca\\\/projects\\\/la-oveja-negra\\\/#breadcrumb\",\"itemListElement\":[{\"@type\":\"ListItem\",\"position\":1,\"name\":\"Home\",\"item\":\"https:\\\/\\\/www.scenicrights.com\\\/ca\\\/\"},{\"@type\":\"ListItem\",\"position\":2,\"name\":\"La oveja negra\"}]},{\"@type\":\"WebSite\",\"@id\":\"https:\\\/\\\/www.scenicrights.com\\\/ca\\\/#website\",\"url\":\"https:\\\/\\\/www.scenicrights.com\\\/ca\\\/\",\"name\":\"Scenic\u00a0Rights\",\"description\":\"\",\"publisher\":{\"@id\":\"https:\\\/\\\/www.scenicrights.com\\\/ca\\\/#organization\"},\"potentialAction\":[{\"@type\":\"SearchAction\",\"target\":{\"@type\":\"EntryPoint\",\"urlTemplate\":\"https:\\\/\\\/www.scenicrights.com\\\/ca\\\/?s={search_term_string}\"},\"query-input\":{\"@type\":\"PropertyValueSpecification\",\"valueRequired\":true,\"valueName\":\"search_term_string\"}}],\"inLanguage\":\"ca\"},{\"@type\":\"Organization\",\"@id\":\"https:\\\/\\\/www.scenicrights.com\\\/ca\\\/#organization\",\"name\":\"Scenic\u00a0Rights\",\"url\":\"https:\\\/\\\/www.scenicrights.com\\\/ca\\\/\",\"logo\":{\"@type\":\"ImageObject\",\"inLanguage\":\"ca\",\"@id\":\"https:\\\/\\\/www.scenicrights.com\\\/ca\\\/#\\\/schema\\\/logo\\\/image\\\/\",\"url\":\"https:\\\/\\\/www.scenicrights.com\\\/wp-content\\\/uploads\\\/2023\\\/07\\\/logo-horizontal-web.png\",\"contentUrl\":\"https:\\\/\\\/www.scenicrights.com\\\/wp-content\\\/uploads\\\/2023\\\/07\\\/logo-horizontal-web.png\",\"width\":644,\"height\":225,\"caption\":\"Scenic\u00a0Rights\"},\"image\":{\"@id\":\"https:\\\/\\\/www.scenicrights.com\\\/ca\\\/#\\\/schema\\\/logo\\\/image\\\/\"}}]}<\/script>\n<!-- \/ Yoast SEO plugin. -->","yoast_head_json":{"title":"La oveja negra - Scenic\u00a0Rights","robots":{"index":"index","follow":"follow","max-snippet":"max-snippet:-1","max-image-preview":"max-image-preview:large","max-video-preview":"max-video-preview:-1"},"canonical":"https:\/\/www.scenicrights.com\/ca\/projects\/la-oveja-negra\/","og_locale":"ca_ES","og_type":"article","og_title":"La oveja negra - Scenic\u00a0Rights","og_description":"&ldquo;Un precio alto para ser t&uacute; mismo&rdquo; &nbsp; &nbsp; Herm&oacute;genes, hijo de una familia de m&eacute;dicos de renombre, decide no estudiar medicina como dicta la tradici&oacute;n [&hellip;]","og_url":"https:\/\/www.scenicrights.com\/ca\/projects\/la-oveja-negra\/","og_site_name":"Scenic\u00a0Rights","article_modified_time":"2024-04-02T08:03:39+00:00","og_image":[{"width":236,"height":371,"url":"https:\/\/www.scenicrights.com\/wp-content\/uploads\/2023\/09\/65OzMqasLUQZoNwK7giA.jpg","type":"image\/jpeg"}],"twitter_card":"summary_large_image","twitter_misc":{"Temps estimat de lectura":"2 minuts"},"schema":{"@context":"https:\/\/schema.org","@graph":[{"@type":"WebPage","@id":"https:\/\/www.scenicrights.com\/ca\/projects\/la-oveja-negra\/","url":"https:\/\/www.scenicrights.com\/ca\/projects\/la-oveja-negra\/","name":"La oveja negra - Scenic\u00a0Rights","isPartOf":{"@id":"https:\/\/www.scenicrights.com\/ca\/#website"},"primaryImageOfPage":{"@id":"https:\/\/www.scenicrights.com\/ca\/projects\/la-oveja-negra\/#primaryimage"},"image":{"@id":"https:\/\/www.scenicrights.com\/ca\/projects\/la-oveja-negra\/#primaryimage"},"thumbnailUrl":"https:\/\/www.scenicrights.com\/wp-content\/uploads\/2023\/09\/65OzMqasLUQZoNwK7giA.jpg","datePublished":"2023-09-13T14:47:43+00:00","dateModified":"2024-04-02T08:03:39+00:00","breadcrumb":{"@id":"https:\/\/www.scenicrights.com\/ca\/projects\/la-oveja-negra\/#breadcrumb"},"inLanguage":"ca","potentialAction":[{"@type":"ReadAction","target":["https:\/\/www.scenicrights.com\/ca\/projects\/la-oveja-negra\/"]}]},{"@type":"ImageObject","inLanguage":"ca","@id":"https:\/\/www.scenicrights.com\/ca\/projects\/la-oveja-negra\/#primaryimage","url":"https:\/\/www.scenicrights.com\/wp-content\/uploads\/2023\/09\/65OzMqasLUQZoNwK7giA.jpg","contentUrl":"https:\/\/www.scenicrights.com\/wp-content\/uploads\/2023\/09\/65OzMqasLUQZoNwK7giA.jpg","width":236,"height":371},{"@type":"BreadcrumbList","@id":"https:\/\/www.scenicrights.com\/ca\/projects\/la-oveja-negra\/#breadcrumb","itemListElement":[{"@type":"ListItem","position":1,"name":"Home","item":"https:\/\/www.scenicrights.com\/ca\/"},{"@type":"ListItem","position":2,"name":"La oveja negra"}]},{"@type":"WebSite","@id":"https:\/\/www.scenicrights.com\/ca\/#website","url":"https:\/\/www.scenicrights.com\/ca\/","name":"Scenic\u00a0Rights","description":"","publisher":{"@id":"https:\/\/www.scenicrights.com\/ca\/#organization"},"potentialAction":[{"@type":"SearchAction","target":{"@type":"EntryPoint","urlTemplate":"https:\/\/www.scenicrights.com\/ca\/?s={search_term_string}"},"query-input":{"@type":"PropertyValueSpecification","valueRequired":true,"valueName":"search_term_string"}}],"inLanguage":"ca"},{"@type":"Organization","@id":"https:\/\/www.scenicrights.com\/ca\/#organization","name":"Scenic\u00a0Rights","url":"https:\/\/www.scenicrights.com\/ca\/","logo":{"@type":"ImageObject","inLanguage":"ca","@id":"https:\/\/www.scenicrights.com\/ca\/#\/schema\/logo\/image\/","url":"https:\/\/www.scenicrights.com\/wp-content\/uploads\/2023\/07\/logo-horizontal-web.png","contentUrl":"https:\/\/www.scenicrights.com\/wp-content\/uploads\/2023\/07\/logo-horizontal-web.png","width":644,"height":225,"caption":"Scenic\u00a0Rights"},"image":{"@id":"https:\/\/www.scenicrights.com\/ca\/#\/schema\/logo\/image\/"}}]}},"_links":{"self":[{"href":"https:\/\/www.scenicrights.com\/ca\/wp-json\/wp\/v2\/articulo\/20927","targetHints":{"allow":["GET"]}}],"collection":[{"href":"https:\/\/www.scenicrights.com\/ca\/wp-json\/wp\/v2\/articulo"}],"about":[{"href":"https:\/\/www.scenicrights.com\/ca\/wp-json\/wp\/v2\/types\/articulo"}],"acf:attachment":[{"embeddable":true,"href":"https:\/\/www.scenicrights.com\/ca\/wp-json\/wp\/v2\/media\/"}],"acf:post":[{"embeddable":true,"href":"https:\/\/www.scenicrights.com\/ca\/wp-json\/wp\/v2\/autor\/3082"}],"acf:term":[{"embeddable":true,"taxonomy":"licencia","href":"https:\/\/www.scenicrights.com\/ca\/wp-json\/wp\/v2\/licencia\/17"},{"embeddable":true,"taxonomy":"art_tag","href":"https:\/\/www.scenicrights.com\/ca\/wp-json\/wp\/v2\/art_tag\/1097"},{"embeddable":true,"taxonomy":"art_tag","href":"https:\/\/www.scenicrights.com\/ca\/wp-json\/wp\/v2\/art_tag\/1309"},{"embeddable":true,"taxonomy":"art_tag","href":"https:\/\/www.scenicrights.com\/ca\/wp-json\/wp\/v2\/art_tag\/887"},{"embeddable":true,"taxonomy":"art_tag","href":"https:\/\/www.scenicrights.com\/ca\/wp-json\/wp\/v2\/art_tag\/893"},{"embeddable":true,"taxonomy":"art_tag","href":"https:\/\/www.scenicrights.com\/ca\/wp-json\/wp\/v2\/art_tag\/1307"},{"embeddable":true,"taxonomy":"art_tag","href":"https:\/\/www.scenicrights.com\/ca\/wp-json\/wp\/v2\/art_tag\/703"},{"embeddable":true,"taxonomy":"tipo","href":"https:\/\/www.scenicrights.com\/ca\/wp-json\/wp\/v2\/tipo\/5"},{"embeddable":true,"taxonomy":"subgenero","href":"https:\/\/www.scenicrights.com\/ca\/wp-json\/wp\/v2\/subgenero\/1398"},{"embeddable":true,"taxonomy":"genero","href":"https:\/\/www.scenicrights.com\/ca\/wp-json\/wp\/v2\/genero\/48"}],"wp:featuredmedia":[{"embeddable":true,"href":"https:\/\/www.scenicrights.com\/ca\/wp-json\/wp\/v2\/media\/12524"}],"wp:attachment":[{"href":"https:\/\/www.scenicrights.com\/ca\/wp-json\/wp\/v2\/media?parent=20927"}],"wp:term":[{"taxonomy":"art_tag","embeddable":true,"href":"https:\/\/www.scenicrights.com\/ca\/wp-json\/wp\/v2\/art_tag?post=20927"},{"taxonomy":"genero","embeddable":true,"href":"https:\/\/www.scenicrights.com\/ca\/wp-json\/wp\/v2\/genero?post=20927"},{"taxonomy":"licencia","embeddable":true,"href":"https:\/\/www.scenicrights.com\/ca\/wp-json\/wp\/v2\/licencia?post=20927"},{"taxonomy":"localizacion","embeddable":true,"href":"https:\/\/www.scenicrights.com\/ca\/wp-json\/wp\/v2\/localizacion?post=20927"},{"taxonomy":"produccion","embeddable":true,"href":"https:\/\/www.scenicrights.com\/ca\/wp-json\/wp\/v2\/produccion?post=20927"},{"taxonomy":"subgenero","embeddable":true,"href":"https:\/\/www.scenicrights.com\/ca\/wp-json\/wp\/v2\/subgenero?post=20927"},{"taxonomy":"tipo","embeddable":true,"href":"https:\/\/www.scenicrights.com\/ca\/wp-json\/wp\/v2\/tipo?post=20927"}],"curies":[{"name":"wp","href":"https:\/\/api.w.org\/{rel}","templated":true}]}}