{"id":21042,"date":"2023-09-13T14:40:48","date_gmt":"2023-09-13T14:40:48","guid":{"rendered":"https:\/\/pre.scenicrights.com\/projects\/el-candidato-un-thriller-politico\/"},"modified":"2026-02-04T13:19:29","modified_gmt":"2026-02-04T13:19:29","slug":"el-candidato-un-thriller-politico","status":"publish","type":"articulo","link":"https:\/\/www.scenicrights.com\/ca\/projects\/el-candidato-un-thriller-politico\/","title":{"rendered":"El candidato: Un thriller pol\u00edtico"},"template":"","art_tag":[795,849,967,1349,987,1021,1061,1075,1179,1191],"genero":[46],"licencia":[17],"localizacion":[],"produccion":[],"subgenero":[675],"tipo":[5],"class_list":["post-21042","articulo","type-articulo","status-publish","has-post-thumbnail","hentry","art_tag-corrupcio","art_tag-ecologia-ca","art_tag-investigacio","art_tag-justicia-ca","art_tag-lluita-de-poder","art_tag-mort","art_tag-periodisme","art_tag-politica-ca","art_tag-traicio","art_tag-venjanca","genero-drama-ca","licencia-propia","subgenero-thriller-ca","tipo-proyecto"],"acf":{"generos_tax":[46],"subgeneros_tax":[675],"tipo_tax":[5],"tags_tax":[795,849,987,1349,1061,1075,1179,1191,1021,967],"produccion_tax":false,"licencia_tax":17,"localizacion_tax":false,"articulo__titulo_extendido":"","articulo__extracto":"","articulo__contenido":"<div style=\"clear: both;\">\r\n<p style=\"text-align: right;\"><em><strong><span data-contrast=\"none\">L<\/span><span data-contrast=\"none\">a<\/span><span data-contrast=\"none\">\u00a0culpabilidad\u00a0<\/span><span data-contrast=\"none\">vende m\u00e1s\u00a0<\/span><span data-contrast=\"none\">que la inocencia.\u00a0<\/span>\u00a0<\/strong><\/em><\/p>\r\n\r\n<\/div>\r\n<div style=\"clear: both;\">\r\n\r\n<span data-contrast=\"none\">L\u00e1zaro Arnau, <\/span><span data-contrast=\"none\">uno de los empresarios m\u00e1s respetados de Castell\u00f3n<\/span><span data-contrast=\"none\">, decide presentarse a las elecciones nacionales.<\/span><span data-contrast=\"none\">\u00a0Encabeza Brotes Verdes, un nuevo partido ecologista transparente que se postula como tercera fuerza.\u00a0<\/span><span data-contrast=\"none\">Arnau se ha convertido en un referente, en un \u00eddolo que promueve campa\u00f1as para salvaguardar la salud del medioambiente<\/span><span data-contrast=\"none\">\u00a0y una nueva forma de hacer pol\u00edtica que no se olvida de la buena gesti\u00f3n<\/span><span data-contrast=\"none\">.\u00a0<\/span><span data-contrast=\"none\">Los sondeos anuncian que podr\u00eda llegar<\/span><span data-contrast=\"none\">\u00a0al poder en coalici\u00f3n con el partido de<\/span><span data-contrast=\"none\">l actual presidente<\/span><span data-contrast=\"none\">\u00a0Pedro S\u00e1nchez. Pero todo salta por los aires cuando<\/span><span data-contrast=\"none\">, cinco d\u00edas antes de las elecciones, una mujer<\/span><span data-contrast=\"none\">\u00a0lo acusa p\u00fablicamente de una agresi\u00f3n sexual producida diez a\u00f1os atr\u00e1s<\/span><span data-contrast=\"none\">. Arnau pierde inmediatamente toda su popularidad.\u00a0<\/span><span data-contrast=\"none\">La batalla por su\u00a0<\/span><span data-contrast=\"none\">inocencia y\u00a0<\/span><span data-contrast=\"none\">credibilidad ante la opini\u00f3n p\u00fablica acaba de empeza<\/span><span data-contrast=\"none\">r. Solo cuenta con el apoyo de su abogado y confidente, Jes\u00fas<\/span><span data-contrast=\"none\">.\u00a0<\/span>\r\n\r\n<\/div>\r\n<div style=\"clear: both;\">\r\n\r\n<span data-contrast=\"none\">A dos d\u00edas de las elecciones, aparece el cuerpo de la supuesta v\u00edctima de Arnau sin vida, provocando un gran esc\u00e1ndalo medi\u00e1tico y el inicio de la investigaci\u00f3n por homicidio. Tras ese esc\u00e1ndalo, se filtra un v\u00eddeo en el que la joven\u00a0<\/span><span data-contrast=\"none\">droga al candidato y se golpea para\u00a0<\/span><span data-contrast=\"none\">simular<\/span><span data-contrast=\"none\">\u00a0la agresi\u00f3n<\/span><span data-contrast=\"none\">. Son intensos d\u00edas de vor\u00e1gine medi\u00e1tica\u00a0<\/span><span data-contrast=\"none\">llena de giros inesperados. L\u00e1zaro Arnau acapara tanta atenci\u00f3n popular que le permite ser elegido presidente del Gobierno.\u00a0<\/span>\r\n\r\n<\/div>\r\n<div style=\"clear: both;\">\r\n\r\n<span data-contrast=\"none\">La investigaci\u00f3n de la muerte de la joven sigue en curso<\/span><span data-contrast=\"none\">.<\/span>\u00a0<span data-contrast=\"auto\">La inspectora responsable del Grupo de Homicidios de Castell\u00f3<\/span><span data-contrast=\"auto\">n<\/span><span data-contrast=\"auto\">, Esther Fabregat, y una periodista, Silvia,\u00a0<\/span><span data-contrast=\"auto\">se vuel<\/span><span data-contrast=\"auto\">c<\/span><span data-contrast=\"auto\">an en\u00a0<\/span><span data-contrast=\"auto\">investigar este caso que acaba convertido en un complot contra el nuevo presidente del Gobierno.<\/span>\r\n\r\n<\/div>\r\n<div style=\"clear: both;\">\r\n\r\n<span data-contrast=\"none\">Tras una ardua investigaci\u00f3n llena de obst\u00e1culos, corrupci\u00f3n, secretos peligrosos y mucha hambre de poder, quien resulta estar detr\u00e1s de toda la trama es su abogado, Jes\u00fas, un hombre corrupto y capaz de todo para alcanzar la vicepresidencia prometida por su jefe. Pero la que ejecuta sus \u00f3rdenes es\u00a0<\/span><span data-contrast=\"none\">\u201cel cuervo\u201d,<\/span><span data-contrast=\"none\">\u00a0la hija de un poderoso narcotraficante latinoamericano que se traslad\u00f3 a Madrid para intentar desvincularse de su pasado.\u00a0<\/span>\r\n\r\n<\/div>\r\n<div style=\"clear: both;\">\r\n\r\n<span data-contrast=\"auto\">En el gran giro final, Arnau le confiesa a Silvia que ya conoc\u00eda la estrategia de su abogado y la utiliz\u00f3 para alcanzar la presidencia. La periodista, finalmente, decide publicar un libro de forma an\u00f3nima revelando toda la informaci\u00f3n de la trama. Y Arnau, pese a haber perdido el apoyo de su partido y tener a la opini\u00f3n p\u00fablica en su contra, decide no dimitir.\u00a0\u00a0<\/span>\r\n\r\n<\/div>\r\n<div style=\"clear: both;\">\r\n\r\n&nbsp;\r\n\r\n<\/div>\r\n<div style=\"clear: both;\">\r\n\r\n<strong><span data-contrast=\"none\">DATOS RELEVANTES<\/span><\/strong><span data-contrast=\"none\"><strong>:<\/strong>\u00a0<\/span><span data-contrast=\"none\"><em>El candidato<\/em>\u00a0<\/span><span data-contrast=\"none\">ha recibido el galard\u00f3n\u00a0<\/span><strong>Letras del Mediterr\u00e1neo<\/strong><span data-contrast=\"none\"> otorgado por la Diputaci\u00f3n de Castell\u00f3n.<\/span>\r\n\r\n<span data-contrast=\"none\">Nacho Abad\u00a0<\/span><span data-contrast=\"none\">es crimin\u00f3logo y periodista. Lleva m\u00e1s de dos d\u00e9cadas trabajando en informaci\u00f3n de tribunales y sucesos. Es uno de los rostros m\u00e1s reconocidos del panorama audiovisual espa\u00f1ol en esta materia y uno de los periodistas en la investigaci\u00f3n de la desaparici\u00f3n de Marta del Castillo, uno de los casos m\u00e1s medi\u00e1ticos de los \u00faltimos a\u00f1os.<\/span>\r\n\r\n<\/div>\r\n<div style=\"clear: both;\">\r\n\r\n<span data-contrast=\"none\">Ha trabajado en algunas de las redacciones m\u00e1s importantes a nivel nacional, como <\/span><span data-contrast=\"none\">Telecinco, Antena 3, La Raz\u00f3n o Cope.<\/span>\r\n\r\n<span data-contrast=\"none\">La cr\u00edtica ha dicho:\u00a0<\/span>\r\n\r\n<\/div>\r\n<div style=\"clear: both;\">\r\n\r\n<span data-contrast=\"none\">\u201c<\/span><em>El candidato <\/em><span data-contrast=\"none\">es un thriller que no da un respiro al lector. Una historia que se va dividiendo en <\/span><span data-contrast=\"none\">subtramas<\/span><span data-contrast=\"none\">\u00a0enlazadas entre s\u00ed que nos regala un final inesperado.\u00a0<\/span><span data-contrast=\"none\">R<\/span><span data-contrast=\"none\">epasa muchos de los temas candentes actualmente.<\/span><span data-contrast=\"none\">\u201d <\/span><em><span data-contrast=\"none\">Mis Cosas\u00a0<\/span><span data-contrast=\"none\">Eyra<\/span><\/em><span data-contrast=\"none\">\u00a0(blog literario).<\/span>\r\n\r\n<\/div>\r\n<div style=\"clear: both;\">\r\n\r\n<span data-contrast=\"none\">\u201cEl autor consigue meternos de lleno en una trama, completamente contrastadas y d\u00f3nde podemos entrever como se mueven los hilos para \"enga\u00f1ar\" sutilmente a los lectores a trav\u00e9s del marketing y la publicidad.<\/span><span data-contrast=\"none\">\u201d<em>\u00a0<\/em><\/span><em><span data-contrast=\"none\">Goodreads<\/span><span data-contrast=\"none\">.<\/span>\u00a0<\/em>\r\n\r\n<\/div>\r\n<div style=\"clear: both;\">\r\n\r\n&nbsp;\r\n\r\n<\/div>\r\n<div style=\"clear: both;\">\r\n\r\n<strong><span data-contrast=\"none\">POTENCIAL AUDIOVISUAL<\/span><\/strong><span data-contrast=\"none\">: Serie TV, Miniserie, Film, TV\u00a0<\/span><span data-contrast=\"none\">Movie<\/span><span data-contrast=\"none\">.<\/span>\r\n\r\n<\/div>\r\n<div style=\"clear: both;\">\r\n\r\n<strong><span data-contrast=\"none\">IDIOMAS DISPONIBLES<\/span><\/strong><span data-contrast=\"none\"><strong>:<\/strong>\u00a0<\/span><span data-contrast=\"none\">Espa\u00f1ol<\/span><span data-contrast=\"none\">.<\/span>\r\n\r\n<\/div>","articulo__autor":[3118],"_thumbnail_id":11639,"articulo__featured_gallery":null,"articulo__galeria_archivos":"","articulo__fecha_de_publicacion":"","articulo__idiomas":"","articulo__dossier":"","idarticle":1547},"yoast_head":"<!-- This site is optimized with the Yoast SEO plugin v27.4 - https:\/\/yoast.com\/product\/yoast-seo-wordpress\/ -->\n<title>El candidato: Un thriller pol\u00edtico - Scenic\u00a0Rights<\/title>\n<meta name=\"robots\" content=\"index, follow, max-snippet:-1, max-image-preview:large, max-video-preview:-1\" \/>\n<link rel=\"canonical\" href=\"https:\/\/www.scenicrights.com\/ca\/projects\/el-candidato-un-thriller-politico\/\" \/>\n<meta property=\"og:locale\" content=\"ca_ES\" \/>\n<meta property=\"og:type\" content=\"article\" \/>\n<meta property=\"og:title\" content=\"El candidato: Un thriller pol\u00edtico - Scenic\u00a0Rights\" \/>\n<meta property=\"og:description\" content=\"La&nbsp;culpabilidad&nbsp;vende m&aacute;s&nbsp;que la inocencia.&nbsp;&nbsp; &nbsp; L&aacute;zaro Arnau,&nbsp;uno de los empresarios m&aacute;s respetados de Castell&oacute;n, decide presentarse a las elecciones nacionales.&nbsp;Encabeza Brotes Verdes, un nuevo partido ecologista [&hellip;]\" \/>\n<meta property=\"og:url\" content=\"https:\/\/www.scenicrights.com\/ca\/projects\/el-candidato-un-thriller-politico\/\" \/>\n<meta property=\"og:site_name\" content=\"Scenic\u00a0Rights\" \/>\n<meta property=\"article:modified_time\" content=\"2026-02-04T13:19:29+00:00\" \/>\n<meta property=\"og:image\" content=\"https:\/\/www.scenicrights.com\/wp-content\/uploads\/2023\/09\/CsvCtfrjqECtIfsBWirEPA.jpg\" \/>\n\t<meta property=\"og:image:width\" content=\"600\" \/>\n\t<meta property=\"og:image:height\" content=\"909\" \/>\n\t<meta property=\"og:image:type\" content=\"image\/jpeg\" \/>\n<meta name=\"twitter:card\" content=\"summary_large_image\" \/>\n<meta name=\"twitter:label1\" content=\"Temps estimat de lectura\" \/>\n\t<meta name=\"twitter:data1\" content=\"4 minuts\" \/>\n<script type=\"application\/ld+json\" class=\"yoast-schema-graph\">{\"@context\":\"https:\\\/\\\/schema.org\",\"@graph\":[{\"@type\":\"WebPage\",\"@id\":\"https:\\\/\\\/www.scenicrights.com\\\/ca\\\/projects\\\/el-candidato-un-thriller-politico\\\/\",\"url\":\"https:\\\/\\\/www.scenicrights.com\\\/ca\\\/projects\\\/el-candidato-un-thriller-politico\\\/\",\"name\":\"El candidato: Un thriller pol\u00edtico - Scenic\u00a0Rights\",\"isPartOf\":{\"@id\":\"https:\\\/\\\/www.scenicrights.com\\\/ca\\\/#website\"},\"primaryImageOfPage\":{\"@id\":\"https:\\\/\\\/www.scenicrights.com\\\/ca\\\/projects\\\/el-candidato-un-thriller-politico\\\/#primaryimage\"},\"image\":{\"@id\":\"https:\\\/\\\/www.scenicrights.com\\\/ca\\\/projects\\\/el-candidato-un-thriller-politico\\\/#primaryimage\"},\"thumbnailUrl\":\"https:\\\/\\\/www.scenicrights.com\\\/wp-content\\\/uploads\\\/2023\\\/09\\\/CsvCtfrjqECtIfsBWirEPA.jpg\",\"datePublished\":\"2023-09-13T14:40:48+00:00\",\"dateModified\":\"2026-02-04T13:19:29+00:00\",\"breadcrumb\":{\"@id\":\"https:\\\/\\\/www.scenicrights.com\\\/ca\\\/projects\\\/el-candidato-un-thriller-politico\\\/#breadcrumb\"},\"inLanguage\":\"ca\",\"potentialAction\":[{\"@type\":\"ReadAction\",\"target\":[\"https:\\\/\\\/www.scenicrights.com\\\/ca\\\/projects\\\/el-candidato-un-thriller-politico\\\/\"]}]},{\"@type\":\"ImageObject\",\"inLanguage\":\"ca\",\"@id\":\"https:\\\/\\\/www.scenicrights.com\\\/ca\\\/projects\\\/el-candidato-un-thriller-politico\\\/#primaryimage\",\"url\":\"https:\\\/\\\/www.scenicrights.com\\\/wp-content\\\/uploads\\\/2023\\\/09\\\/CsvCtfrjqECtIfsBWirEPA.jpg\",\"contentUrl\":\"https:\\\/\\\/www.scenicrights.com\\\/wp-content\\\/uploads\\\/2023\\\/09\\\/CsvCtfrjqECtIfsBWirEPA.jpg\",\"width\":600,\"height\":909},{\"@type\":\"BreadcrumbList\",\"@id\":\"https:\\\/\\\/www.scenicrights.com\\\/ca\\\/projects\\\/el-candidato-un-thriller-politico\\\/#breadcrumb\",\"itemListElement\":[{\"@type\":\"ListItem\",\"position\":1,\"name\":\"Home\",\"item\":\"https:\\\/\\\/www.scenicrights.com\\\/ca\\\/\"},{\"@type\":\"ListItem\",\"position\":2,\"name\":\"El candidato: Un thriller pol\u00edtico\"}]},{\"@type\":\"WebSite\",\"@id\":\"https:\\\/\\\/www.scenicrights.com\\\/ca\\\/#website\",\"url\":\"https:\\\/\\\/www.scenicrights.com\\\/ca\\\/\",\"name\":\"Scenic\u00a0Rights\",\"description\":\"\",\"publisher\":{\"@id\":\"https:\\\/\\\/www.scenicrights.com\\\/ca\\\/#organization\"},\"potentialAction\":[{\"@type\":\"SearchAction\",\"target\":{\"@type\":\"EntryPoint\",\"urlTemplate\":\"https:\\\/\\\/www.scenicrights.com\\\/ca\\\/?s={search_term_string}\"},\"query-input\":{\"@type\":\"PropertyValueSpecification\",\"valueRequired\":true,\"valueName\":\"search_term_string\"}}],\"inLanguage\":\"ca\"},{\"@type\":\"Organization\",\"@id\":\"https:\\\/\\\/www.scenicrights.com\\\/ca\\\/#organization\",\"name\":\"Scenic\u00a0Rights\",\"url\":\"https:\\\/\\\/www.scenicrights.com\\\/ca\\\/\",\"logo\":{\"@type\":\"ImageObject\",\"inLanguage\":\"ca\",\"@id\":\"https:\\\/\\\/www.scenicrights.com\\\/ca\\\/#\\\/schema\\\/logo\\\/image\\\/\",\"url\":\"https:\\\/\\\/www.scenicrights.com\\\/wp-content\\\/uploads\\\/2023\\\/07\\\/logo-horizontal-web.png\",\"contentUrl\":\"https:\\\/\\\/www.scenicrights.com\\\/wp-content\\\/uploads\\\/2023\\\/07\\\/logo-horizontal-web.png\",\"width\":644,\"height\":225,\"caption\":\"Scenic\u00a0Rights\"},\"image\":{\"@id\":\"https:\\\/\\\/www.scenicrights.com\\\/ca\\\/#\\\/schema\\\/logo\\\/image\\\/\"}}]}<\/script>\n<!-- \/ Yoast SEO plugin. -->","yoast_head_json":{"title":"El candidato: Un thriller pol\u00edtico - Scenic\u00a0Rights","robots":{"index":"index","follow":"follow","max-snippet":"max-snippet:-1","max-image-preview":"max-image-preview:large","max-video-preview":"max-video-preview:-1"},"canonical":"https:\/\/www.scenicrights.com\/ca\/projects\/el-candidato-un-thriller-politico\/","og_locale":"ca_ES","og_type":"article","og_title":"El candidato: Un thriller pol\u00edtico - Scenic\u00a0Rights","og_description":"La&nbsp;culpabilidad&nbsp;vende m&aacute;s&nbsp;que la inocencia.&nbsp;&nbsp; &nbsp; L&aacute;zaro Arnau,&nbsp;uno de los empresarios m&aacute;s respetados de Castell&oacute;n, decide presentarse a las elecciones nacionales.&nbsp;Encabeza Brotes Verdes, un nuevo partido ecologista [&hellip;]","og_url":"https:\/\/www.scenicrights.com\/ca\/projects\/el-candidato-un-thriller-politico\/","og_site_name":"Scenic\u00a0Rights","article_modified_time":"2026-02-04T13:19:29+00:00","og_image":[{"width":600,"height":909,"url":"https:\/\/www.scenicrights.com\/wp-content\/uploads\/2023\/09\/CsvCtfrjqECtIfsBWirEPA.jpg","type":"image\/jpeg"}],"twitter_card":"summary_large_image","twitter_misc":{"Temps estimat de lectura":"4 minuts"},"schema":{"@context":"https:\/\/schema.org","@graph":[{"@type":"WebPage","@id":"https:\/\/www.scenicrights.com\/ca\/projects\/el-candidato-un-thriller-politico\/","url":"https:\/\/www.scenicrights.com\/ca\/projects\/el-candidato-un-thriller-politico\/","name":"El candidato: Un thriller pol\u00edtico - Scenic\u00a0Rights","isPartOf":{"@id":"https:\/\/www.scenicrights.com\/ca\/#website"},"primaryImageOfPage":{"@id":"https:\/\/www.scenicrights.com\/ca\/projects\/el-candidato-un-thriller-politico\/#primaryimage"},"image":{"@id":"https:\/\/www.scenicrights.com\/ca\/projects\/el-candidato-un-thriller-politico\/#primaryimage"},"thumbnailUrl":"https:\/\/www.scenicrights.com\/wp-content\/uploads\/2023\/09\/CsvCtfrjqECtIfsBWirEPA.jpg","datePublished":"2023-09-13T14:40:48+00:00","dateModified":"2026-02-04T13:19:29+00:00","breadcrumb":{"@id":"https:\/\/www.scenicrights.com\/ca\/projects\/el-candidato-un-thriller-politico\/#breadcrumb"},"inLanguage":"ca","potentialAction":[{"@type":"ReadAction","target":["https:\/\/www.scenicrights.com\/ca\/projects\/el-candidato-un-thriller-politico\/"]}]},{"@type":"ImageObject","inLanguage":"ca","@id":"https:\/\/www.scenicrights.com\/ca\/projects\/el-candidato-un-thriller-politico\/#primaryimage","url":"https:\/\/www.scenicrights.com\/wp-content\/uploads\/2023\/09\/CsvCtfrjqECtIfsBWirEPA.jpg","contentUrl":"https:\/\/www.scenicrights.com\/wp-content\/uploads\/2023\/09\/CsvCtfrjqECtIfsBWirEPA.jpg","width":600,"height":909},{"@type":"BreadcrumbList","@id":"https:\/\/www.scenicrights.com\/ca\/projects\/el-candidato-un-thriller-politico\/#breadcrumb","itemListElement":[{"@type":"ListItem","position":1,"name":"Home","item":"https:\/\/www.scenicrights.com\/ca\/"},{"@type":"ListItem","position":2,"name":"El candidato: Un thriller pol\u00edtico"}]},{"@type":"WebSite","@id":"https:\/\/www.scenicrights.com\/ca\/#website","url":"https:\/\/www.scenicrights.com\/ca\/","name":"Scenic\u00a0Rights","description":"","publisher":{"@id":"https:\/\/www.scenicrights.com\/ca\/#organization"},"potentialAction":[{"@type":"SearchAction","target":{"@type":"EntryPoint","urlTemplate":"https:\/\/www.scenicrights.com\/ca\/?s={search_term_string}"},"query-input":{"@type":"PropertyValueSpecification","valueRequired":true,"valueName":"search_term_string"}}],"inLanguage":"ca"},{"@type":"Organization","@id":"https:\/\/www.scenicrights.com\/ca\/#organization","name":"Scenic\u00a0Rights","url":"https:\/\/www.scenicrights.com\/ca\/","logo":{"@type":"ImageObject","inLanguage":"ca","@id":"https:\/\/www.scenicrights.com\/ca\/#\/schema\/logo\/image\/","url":"https:\/\/www.scenicrights.com\/wp-content\/uploads\/2023\/07\/logo-horizontal-web.png","contentUrl":"https:\/\/www.scenicrights.com\/wp-content\/uploads\/2023\/07\/logo-horizontal-web.png","width":644,"height":225,"caption":"Scenic\u00a0Rights"},"image":{"@id":"https:\/\/www.scenicrights.com\/ca\/#\/schema\/logo\/image\/"}}]}},"_links":{"self":[{"href":"https:\/\/www.scenicrights.com\/ca\/wp-json\/wp\/v2\/articulo\/21042","targetHints":{"allow":["GET"]}}],"collection":[{"href":"https:\/\/www.scenicrights.com\/ca\/wp-json\/wp\/v2\/articulo"}],"about":[{"href":"https:\/\/www.scenicrights.com\/ca\/wp-json\/wp\/v2\/types\/articulo"}],"acf:post":[{"embeddable":true,"href":"https:\/\/www.scenicrights.com\/ca\/wp-json\/wp\/v2\/autor\/3118"}],"acf:term":[{"embeddable":true,"taxonomy":"licencia","href":"https:\/\/www.scenicrights.com\/ca\/wp-json\/wp\/v2\/licencia\/17"},{"embeddable":true,"taxonomy":"art_tag","href":"https:\/\/www.scenicrights.com\/ca\/wp-json\/wp\/v2\/art_tag\/967"},{"embeddable":true,"taxonomy":"art_tag","href":"https:\/\/www.scenicrights.com\/ca\/wp-json\/wp\/v2\/art_tag\/1021"},{"embeddable":true,"taxonomy":"art_tag","href":"https:\/\/www.scenicrights.com\/ca\/wp-json\/wp\/v2\/art_tag\/1191"},{"embeddable":true,"taxonomy":"art_tag","href":"https:\/\/www.scenicrights.com\/ca\/wp-json\/wp\/v2\/art_tag\/1179"},{"embeddable":true,"taxonomy":"art_tag","href":"https:\/\/www.scenicrights.com\/ca\/wp-json\/wp\/v2\/art_tag\/1075"},{"embeddable":true,"taxonomy":"art_tag","href":"https:\/\/www.scenicrights.com\/ca\/wp-json\/wp\/v2\/art_tag\/1061"},{"embeddable":true,"taxonomy":"art_tag","href":"https:\/\/www.scenicrights.com\/ca\/wp-json\/wp\/v2\/art_tag\/1349"},{"embeddable":true,"taxonomy":"art_tag","href":"https:\/\/www.scenicrights.com\/ca\/wp-json\/wp\/v2\/art_tag\/987"},{"embeddable":true,"taxonomy":"art_tag","href":"https:\/\/www.scenicrights.com\/ca\/wp-json\/wp\/v2\/art_tag\/849"},{"embeddable":true,"taxonomy":"art_tag","href":"https:\/\/www.scenicrights.com\/ca\/wp-json\/wp\/v2\/art_tag\/795"},{"embeddable":true,"taxonomy":"tipo","href":"https:\/\/www.scenicrights.com\/ca\/wp-json\/wp\/v2\/tipo\/5"},{"embeddable":true,"taxonomy":"subgenero","href":"https:\/\/www.scenicrights.com\/ca\/wp-json\/wp\/v2\/subgenero\/675"},{"embeddable":true,"taxonomy":"genero","href":"https:\/\/www.scenicrights.com\/ca\/wp-json\/wp\/v2\/genero\/46"}],"wp:featuredmedia":[{"embeddable":true,"href":"https:\/\/www.scenicrights.com\/ca\/wp-json\/wp\/v2\/media\/11639"}],"wp:attachment":[{"href":"https:\/\/www.scenicrights.com\/ca\/wp-json\/wp\/v2\/media?parent=21042"}],"wp:term":[{"taxonomy":"art_tag","embeddable":true,"href":"https:\/\/www.scenicrights.com\/ca\/wp-json\/wp\/v2\/art_tag?post=21042"},{"taxonomy":"genero","embeddable":true,"href":"https:\/\/www.scenicrights.com\/ca\/wp-json\/wp\/v2\/genero?post=21042"},{"taxonomy":"licencia","embeddable":true,"href":"https:\/\/www.scenicrights.com\/ca\/wp-json\/wp\/v2\/licencia?post=21042"},{"taxonomy":"localizacion","embeddable":true,"href":"https:\/\/www.scenicrights.com\/ca\/wp-json\/wp\/v2\/localizacion?post=21042"},{"taxonomy":"produccion","embeddable":true,"href":"https:\/\/www.scenicrights.com\/ca\/wp-json\/wp\/v2\/produccion?post=21042"},{"taxonomy":"subgenero","embeddable":true,"href":"https:\/\/www.scenicrights.com\/ca\/wp-json\/wp\/v2\/subgenero?post=21042"},{"taxonomy":"tipo","embeddable":true,"href":"https:\/\/www.scenicrights.com\/ca\/wp-json\/wp\/v2\/tipo?post=21042"}],"curies":[{"name":"wp","href":"https:\/\/api.w.org\/{rel}","templated":true}]}}