{"id":21054,"date":"2023-09-13T14:40:32","date_gmt":"2023-09-13T14:40:32","guid":{"rendered":"https:\/\/pre.scenicrights.com\/projects\/las-grietas-de-jara\/"},"modified":"2024-04-11T20:45:00","modified_gmt":"2024-04-11T20:45:00","slug":"las-grietas-de-jara","status":"publish","type":"articulo","link":"https:\/\/www.scenicrights.com\/ca\/projects\/las-grietas-de-jara\/","title":{"rendered":"Las grietas de Jara"},"template":"","art_tag":[893,953,967,1021,1041,1127],"genero":[46],"licencia":[17],"localizacion":[],"produccion":[],"subgenero":[657,675],"tipo":[5],"class_list":["post-21054","articulo","type-articulo","status-publish","has-post-thumbnail","hentry","art_tag-familia-disfuncional-ca","art_tag-infidelitat","art_tag-investigacio","art_tag-mort","art_tag-negocis","art_tag-secrets","genero-drama-ca","licencia-propia","subgenero-misteri","subgenero-thriller-ca","tipo-proyecto"],"acf":{"generos_tax":[46],"subgeneros_tax":[675,657],"tipo_tax":[5],"tags_tax":[953,967,1021,1127,1041,893],"produccion_tax":false,"licencia_tax":17,"localizacion_tax":false,"articulo__titulo_extendido":"","articulo__extracto":"","articulo__contenido":"<p align=\"right\"><strong><em>Nadie es inocente. <\/em><\/strong><\/p>\r\nHace veinte a\u00f1os que Pablo Sim\u00f3 trabaja en un estudio de arquitectura que no puede (o no quiere) dejar. Veinte a\u00f1os son tambi\u00e9n los que lleva casado con Laura, a quien s\u00f3lo lo unen la costumbre y una hija de 16 a\u00f1os.\r\n\r\nPablo vive condenado a revivir el mismo sue\u00f1o cada noche. Quiere construir alg\u00fan d\u00eda la torre que desde hace a\u00f1os repite su boceto, ese edificio de once pisos que dibuja una y otra vez de forma obsesiva pero que nunca existir\u00e1. Pero no se atreve a dejar su trabajo perseguir ese sue\u00f1o\u2026 Algo parecido le ocurre con su mujer, con quien cada vez tiene menos que compartir. Sue\u00f1a con mujeres que no son la suya. Ni siquiera est\u00e1n de acuerdo en la forma que debe afrontar la adolescencia de su hija.\r\n\r\nUn d\u00eda, una chica joven llamada Leonor llega inesperadamente a su estudio, buscando a un tal Nelson Jara. Pero nadie parece conocer a ese hombre\u2026\r\n\r\nUnos a\u00f1os atr\u00e1s, apareci\u00f3 en el estudio un tal Nelson Jara quej\u00e1ndose de una grieta que hab\u00eda aparecido en la pared de su piso, algo que lo achac\u00f3 a la obra que estaba empezando el estudio en el terreno de al lado. Borla, lo deriv\u00f3 en su momento a Pablo para solucionar el tema, pero algo sali\u00f3 mal y Nelson Jara falleci\u00f3, y ahora est\u00e1 enterrado en el terreno del edificio en el que tienen su estudio.\r\n\r\nLa aparici\u00f3n de la joven y la revelaci\u00f3n de los hechos del pasado abrir\u00e1n una grieta en la aparente estabilidad del arquitecto, que ver\u00e1 derrumbarse una a una las certezas que lo sostuvieron hasta el momento. Su vida aburrida, predecible y resignada de repente ya no lo es.\r\n\r\n&nbsp;\r\n\r\n<strong>DATOS RELEVANTES:<\/strong> Claudia Pi\u00f1eiro, conocida como La Dama de la Novela Negra Argentina, es una de las voces m\u00e1s aclamadas de la literatura latinoamericana contempor\u00e1nea. Es la autora argentina m\u00e1s traducida despu\u00e9s de Borges y Cort\u00e1zar, y una de las autoras hispanoparlantes m\u00e1s adaptadas al cine y TV en la actualidad.\r\n\r\nEntre su gran cantidad de galardones, destacan el <strong>Premio Clar\u00edn<\/strong>, el <strong>Premio Latinoamericano de Literatura Infantil y Juvenil<\/strong>, el <strong>Premio Pl<\/strong><strong>\u00e9<\/strong><strong>yade<\/strong>, el <strong>Premio ACE<\/strong>, el <strong>Premio<\/strong> <strong>LiBeraturpreis<\/strong>, el <strong>Premio Sor Juana In<\/strong><strong>\u00e9<\/strong><strong>s de la Cruz<\/strong> y el <strong>Premio Pepe Carvalho<\/strong>, finalista del <strong>Premio Planeta Argentina <\/strong>y del <strong>Premio La Sonrisa Vertical<\/strong><strong>,<\/strong> adem\u00e1s de haber sido seleccionada en el <strong>Concurso Editorial Edeb\u00e9<\/strong>.\r\n\r\n&nbsp;\r\n\r\nLo que dice la critica:\r\n\r\n\u201cLa intriga que rodea al tema de Jara es el hilo conductor que nos lleva a seguir leyendo y el culpable de la evoluci\u00f3n del personaje. La autora incluye esos giros de tuerca inesperados tan caracter\u00edsticos de su estilo y un final ir\u00f3nico que te saca una sonrisa de satisfacci\u00f3n.\u201d Doblando p\u00e1ginas (blog literario).\r\n\r\n&nbsp;\r\n\r\n<strong>POTENCIAL AUDIOVISUAL: <\/strong>Serie TV, Miniserie.\r\n\r\n<strong>IDIOMAS DISPONIBLES:<\/strong> Espa\u00f1ol, ingl\u00e9s, italiano, alem\u00e1n.","articulo__autor":2894,"_thumbnail_id":11513,"articulo__featured_gallery":null,"articulo__galeria_archivos":[null],"articulo__fecha_de_publicacion":"","articulo__idiomas":"","articulo__dossier":"","idarticle":1529},"yoast_head":"<!-- This site is optimized with the Yoast SEO plugin v27.4 - https:\/\/yoast.com\/product\/yoast-seo-wordpress\/ -->\n<title>Las grietas de Jara - Scenic\u00a0Rights<\/title>\n<meta name=\"robots\" content=\"index, follow, max-snippet:-1, max-image-preview:large, max-video-preview:-1\" \/>\n<link rel=\"canonical\" href=\"https:\/\/www.scenicrights.com\/ca\/projects\/las-grietas-de-jara\/\" \/>\n<meta property=\"og:locale\" content=\"ca_ES\" \/>\n<meta property=\"og:type\" content=\"article\" \/>\n<meta property=\"og:title\" content=\"Las grietas de Jara - Scenic\u00a0Rights\" \/>\n<meta property=\"og:description\" content=\"Nadie es inocente. &nbsp; &nbsp; Hace veinte a&ntilde;os que Pablo Sim&oacute; trabaja en un estudio de arquitectura que no puede (o no quiere) dejar. Veinte a&ntilde;os [&hellip;]\" \/>\n<meta property=\"og:url\" content=\"https:\/\/www.scenicrights.com\/ca\/projects\/las-grietas-de-jara\/\" \/>\n<meta property=\"og:site_name\" content=\"Scenic\u00a0Rights\" \/>\n<meta property=\"article:modified_time\" content=\"2024-04-11T20:45:00+00:00\" \/>\n<meta property=\"og:image\" content=\"https:\/\/www.scenicrights.com\/wp-content\/uploads\/2023\/09\/BKgURmc0XUCV6Uhw7hRQ.jpg\" \/>\n\t<meta property=\"og:image:width\" content=\"229\" \/>\n\t<meta property=\"og:image:height\" content=\"362\" \/>\n\t<meta property=\"og:image:type\" content=\"image\/jpeg\" \/>\n<meta name=\"twitter:card\" content=\"summary_large_image\" \/>\n<meta name=\"twitter:label1\" content=\"Temps estimat de lectura\" \/>\n\t<meta name=\"twitter:data1\" content=\"3 minuts\" \/>\n<script type=\"application\/ld+json\" class=\"yoast-schema-graph\">{\"@context\":\"https:\\\/\\\/schema.org\",\"@graph\":[{\"@type\":\"WebPage\",\"@id\":\"https:\\\/\\\/www.scenicrights.com\\\/ca\\\/projects\\\/las-grietas-de-jara\\\/\",\"url\":\"https:\\\/\\\/www.scenicrights.com\\\/ca\\\/projects\\\/las-grietas-de-jara\\\/\",\"name\":\"Las grietas de Jara - Scenic\u00a0Rights\",\"isPartOf\":{\"@id\":\"https:\\\/\\\/www.scenicrights.com\\\/ca\\\/#website\"},\"primaryImageOfPage\":{\"@id\":\"https:\\\/\\\/www.scenicrights.com\\\/ca\\\/projects\\\/las-grietas-de-jara\\\/#primaryimage\"},\"image\":{\"@id\":\"https:\\\/\\\/www.scenicrights.com\\\/ca\\\/projects\\\/las-grietas-de-jara\\\/#primaryimage\"},\"thumbnailUrl\":\"https:\\\/\\\/www.scenicrights.com\\\/wp-content\\\/uploads\\\/2023\\\/09\\\/BKgURmc0XUCV6Uhw7hRQ.jpg\",\"datePublished\":\"2023-09-13T14:40:32+00:00\",\"dateModified\":\"2024-04-11T20:45:00+00:00\",\"breadcrumb\":{\"@id\":\"https:\\\/\\\/www.scenicrights.com\\\/ca\\\/projects\\\/las-grietas-de-jara\\\/#breadcrumb\"},\"inLanguage\":\"ca\",\"potentialAction\":[{\"@type\":\"ReadAction\",\"target\":[\"https:\\\/\\\/www.scenicrights.com\\\/ca\\\/projects\\\/las-grietas-de-jara\\\/\"]}]},{\"@type\":\"ImageObject\",\"inLanguage\":\"ca\",\"@id\":\"https:\\\/\\\/www.scenicrights.com\\\/ca\\\/projects\\\/las-grietas-de-jara\\\/#primaryimage\",\"url\":\"https:\\\/\\\/www.scenicrights.com\\\/wp-content\\\/uploads\\\/2023\\\/09\\\/BKgURmc0XUCV6Uhw7hRQ.jpg\",\"contentUrl\":\"https:\\\/\\\/www.scenicrights.com\\\/wp-content\\\/uploads\\\/2023\\\/09\\\/BKgURmc0XUCV6Uhw7hRQ.jpg\",\"width\":229,\"height\":362},{\"@type\":\"BreadcrumbList\",\"@id\":\"https:\\\/\\\/www.scenicrights.com\\\/ca\\\/projects\\\/las-grietas-de-jara\\\/#breadcrumb\",\"itemListElement\":[{\"@type\":\"ListItem\",\"position\":1,\"name\":\"Home\",\"item\":\"https:\\\/\\\/www.scenicrights.com\\\/ca\\\/\"},{\"@type\":\"ListItem\",\"position\":2,\"name\":\"Las grietas de Jara\"}]},{\"@type\":\"WebSite\",\"@id\":\"https:\\\/\\\/www.scenicrights.com\\\/ca\\\/#website\",\"url\":\"https:\\\/\\\/www.scenicrights.com\\\/ca\\\/\",\"name\":\"Scenic\u00a0Rights\",\"description\":\"\",\"publisher\":{\"@id\":\"https:\\\/\\\/www.scenicrights.com\\\/ca\\\/#organization\"},\"potentialAction\":[{\"@type\":\"SearchAction\",\"target\":{\"@type\":\"EntryPoint\",\"urlTemplate\":\"https:\\\/\\\/www.scenicrights.com\\\/ca\\\/?s={search_term_string}\"},\"query-input\":{\"@type\":\"PropertyValueSpecification\",\"valueRequired\":true,\"valueName\":\"search_term_string\"}}],\"inLanguage\":\"ca\"},{\"@type\":\"Organization\",\"@id\":\"https:\\\/\\\/www.scenicrights.com\\\/ca\\\/#organization\",\"name\":\"Scenic\u00a0Rights\",\"url\":\"https:\\\/\\\/www.scenicrights.com\\\/ca\\\/\",\"logo\":{\"@type\":\"ImageObject\",\"inLanguage\":\"ca\",\"@id\":\"https:\\\/\\\/www.scenicrights.com\\\/ca\\\/#\\\/schema\\\/logo\\\/image\\\/\",\"url\":\"https:\\\/\\\/www.scenicrights.com\\\/wp-content\\\/uploads\\\/2023\\\/07\\\/logo-horizontal-web.png\",\"contentUrl\":\"https:\\\/\\\/www.scenicrights.com\\\/wp-content\\\/uploads\\\/2023\\\/07\\\/logo-horizontal-web.png\",\"width\":644,\"height\":225,\"caption\":\"Scenic\u00a0Rights\"},\"image\":{\"@id\":\"https:\\\/\\\/www.scenicrights.com\\\/ca\\\/#\\\/schema\\\/logo\\\/image\\\/\"}}]}<\/script>\n<!-- \/ Yoast SEO plugin. -->","yoast_head_json":{"title":"Las grietas de Jara - Scenic\u00a0Rights","robots":{"index":"index","follow":"follow","max-snippet":"max-snippet:-1","max-image-preview":"max-image-preview:large","max-video-preview":"max-video-preview:-1"},"canonical":"https:\/\/www.scenicrights.com\/ca\/projects\/las-grietas-de-jara\/","og_locale":"ca_ES","og_type":"article","og_title":"Las grietas de Jara - Scenic\u00a0Rights","og_description":"Nadie es inocente. &nbsp; &nbsp; Hace veinte a&ntilde;os que Pablo Sim&oacute; trabaja en un estudio de arquitectura que no puede (o no quiere) dejar. Veinte a&ntilde;os [&hellip;]","og_url":"https:\/\/www.scenicrights.com\/ca\/projects\/las-grietas-de-jara\/","og_site_name":"Scenic\u00a0Rights","article_modified_time":"2024-04-11T20:45:00+00:00","og_image":[{"width":229,"height":362,"url":"https:\/\/www.scenicrights.com\/wp-content\/uploads\/2023\/09\/BKgURmc0XUCV6Uhw7hRQ.jpg","type":"image\/jpeg"}],"twitter_card":"summary_large_image","twitter_misc":{"Temps estimat de lectura":"3 minuts"},"schema":{"@context":"https:\/\/schema.org","@graph":[{"@type":"WebPage","@id":"https:\/\/www.scenicrights.com\/ca\/projects\/las-grietas-de-jara\/","url":"https:\/\/www.scenicrights.com\/ca\/projects\/las-grietas-de-jara\/","name":"Las grietas de Jara - Scenic\u00a0Rights","isPartOf":{"@id":"https:\/\/www.scenicrights.com\/ca\/#website"},"primaryImageOfPage":{"@id":"https:\/\/www.scenicrights.com\/ca\/projects\/las-grietas-de-jara\/#primaryimage"},"image":{"@id":"https:\/\/www.scenicrights.com\/ca\/projects\/las-grietas-de-jara\/#primaryimage"},"thumbnailUrl":"https:\/\/www.scenicrights.com\/wp-content\/uploads\/2023\/09\/BKgURmc0XUCV6Uhw7hRQ.jpg","datePublished":"2023-09-13T14:40:32+00:00","dateModified":"2024-04-11T20:45:00+00:00","breadcrumb":{"@id":"https:\/\/www.scenicrights.com\/ca\/projects\/las-grietas-de-jara\/#breadcrumb"},"inLanguage":"ca","potentialAction":[{"@type":"ReadAction","target":["https:\/\/www.scenicrights.com\/ca\/projects\/las-grietas-de-jara\/"]}]},{"@type":"ImageObject","inLanguage":"ca","@id":"https:\/\/www.scenicrights.com\/ca\/projects\/las-grietas-de-jara\/#primaryimage","url":"https:\/\/www.scenicrights.com\/wp-content\/uploads\/2023\/09\/BKgURmc0XUCV6Uhw7hRQ.jpg","contentUrl":"https:\/\/www.scenicrights.com\/wp-content\/uploads\/2023\/09\/BKgURmc0XUCV6Uhw7hRQ.jpg","width":229,"height":362},{"@type":"BreadcrumbList","@id":"https:\/\/www.scenicrights.com\/ca\/projects\/las-grietas-de-jara\/#breadcrumb","itemListElement":[{"@type":"ListItem","position":1,"name":"Home","item":"https:\/\/www.scenicrights.com\/ca\/"},{"@type":"ListItem","position":2,"name":"Las grietas de Jara"}]},{"@type":"WebSite","@id":"https:\/\/www.scenicrights.com\/ca\/#website","url":"https:\/\/www.scenicrights.com\/ca\/","name":"Scenic\u00a0Rights","description":"","publisher":{"@id":"https:\/\/www.scenicrights.com\/ca\/#organization"},"potentialAction":[{"@type":"SearchAction","target":{"@type":"EntryPoint","urlTemplate":"https:\/\/www.scenicrights.com\/ca\/?s={search_term_string}"},"query-input":{"@type":"PropertyValueSpecification","valueRequired":true,"valueName":"search_term_string"}}],"inLanguage":"ca"},{"@type":"Organization","@id":"https:\/\/www.scenicrights.com\/ca\/#organization","name":"Scenic\u00a0Rights","url":"https:\/\/www.scenicrights.com\/ca\/","logo":{"@type":"ImageObject","inLanguage":"ca","@id":"https:\/\/www.scenicrights.com\/ca\/#\/schema\/logo\/image\/","url":"https:\/\/www.scenicrights.com\/wp-content\/uploads\/2023\/07\/logo-horizontal-web.png","contentUrl":"https:\/\/www.scenicrights.com\/wp-content\/uploads\/2023\/07\/logo-horizontal-web.png","width":644,"height":225,"caption":"Scenic\u00a0Rights"},"image":{"@id":"https:\/\/www.scenicrights.com\/ca\/#\/schema\/logo\/image\/"}}]}},"_links":{"self":[{"href":"https:\/\/www.scenicrights.com\/ca\/wp-json\/wp\/v2\/articulo\/21054","targetHints":{"allow":["GET"]}}],"collection":[{"href":"https:\/\/www.scenicrights.com\/ca\/wp-json\/wp\/v2\/articulo"}],"about":[{"href":"https:\/\/www.scenicrights.com\/ca\/wp-json\/wp\/v2\/types\/articulo"}],"acf:attachment":[{"embeddable":true,"href":"https:\/\/www.scenicrights.com\/ca\/wp-json\/wp\/v2\/media\/"}],"acf:post":[{"embeddable":true,"href":"https:\/\/www.scenicrights.com\/ca\/wp-json\/wp\/v2\/autor\/2894"}],"acf:term":[{"embeddable":true,"taxonomy":"licencia","href":"https:\/\/www.scenicrights.com\/ca\/wp-json\/wp\/v2\/licencia\/17"},{"embeddable":true,"taxonomy":"art_tag","href":"https:\/\/www.scenicrights.com\/ca\/wp-json\/wp\/v2\/art_tag\/893"},{"embeddable":true,"taxonomy":"art_tag","href":"https:\/\/www.scenicrights.com\/ca\/wp-json\/wp\/v2\/art_tag\/1041"},{"embeddable":true,"taxonomy":"art_tag","href":"https:\/\/www.scenicrights.com\/ca\/wp-json\/wp\/v2\/art_tag\/1127"},{"embeddable":true,"taxonomy":"art_tag","href":"https:\/\/www.scenicrights.com\/ca\/wp-json\/wp\/v2\/art_tag\/1021"},{"embeddable":true,"taxonomy":"art_tag","href":"https:\/\/www.scenicrights.com\/ca\/wp-json\/wp\/v2\/art_tag\/967"},{"embeddable":true,"taxonomy":"art_tag","href":"https:\/\/www.scenicrights.com\/ca\/wp-json\/wp\/v2\/art_tag\/953"},{"embeddable":true,"taxonomy":"tipo","href":"https:\/\/www.scenicrights.com\/ca\/wp-json\/wp\/v2\/tipo\/5"},{"embeddable":true,"taxonomy":"subgenero","href":"https:\/\/www.scenicrights.com\/ca\/wp-json\/wp\/v2\/subgenero\/657"},{"embeddable":true,"taxonomy":"subgenero","href":"https:\/\/www.scenicrights.com\/ca\/wp-json\/wp\/v2\/subgenero\/675"},{"embeddable":true,"taxonomy":"genero","href":"https:\/\/www.scenicrights.com\/ca\/wp-json\/wp\/v2\/genero\/46"}],"wp:featuredmedia":[{"embeddable":true,"href":"https:\/\/www.scenicrights.com\/ca\/wp-json\/wp\/v2\/media\/11513"}],"wp:attachment":[{"href":"https:\/\/www.scenicrights.com\/ca\/wp-json\/wp\/v2\/media?parent=21054"}],"wp:term":[{"taxonomy":"art_tag","embeddable":true,"href":"https:\/\/www.scenicrights.com\/ca\/wp-json\/wp\/v2\/art_tag?post=21054"},{"taxonomy":"genero","embeddable":true,"href":"https:\/\/www.scenicrights.com\/ca\/wp-json\/wp\/v2\/genero?post=21054"},{"taxonomy":"licencia","embeddable":true,"href":"https:\/\/www.scenicrights.com\/ca\/wp-json\/wp\/v2\/licencia?post=21054"},{"taxonomy":"localizacion","embeddable":true,"href":"https:\/\/www.scenicrights.com\/ca\/wp-json\/wp\/v2\/localizacion?post=21054"},{"taxonomy":"produccion","embeddable":true,"href":"https:\/\/www.scenicrights.com\/ca\/wp-json\/wp\/v2\/produccion?post=21054"},{"taxonomy":"subgenero","embeddable":true,"href":"https:\/\/www.scenicrights.com\/ca\/wp-json\/wp\/v2\/subgenero?post=21054"},{"taxonomy":"tipo","embeddable":true,"href":"https:\/\/www.scenicrights.com\/ca\/wp-json\/wp\/v2\/tipo?post=21054"}],"curies":[{"name":"wp","href":"https:\/\/api.w.org\/{rel}","templated":true}]}}