{"id":21072,"date":"2023-09-13T14:39:14","date_gmt":"2023-09-13T14:39:14","guid":{"rendered":"https:\/\/pre.scenicrights.com\/projects\/las-maldiciones-film-serie-tv\/"},"modified":"2025-09-01T11:45:03","modified_gmt":"2025-09-01T11:45:03","slug":"las-maldiciones-film-serie-tv","status":"publish","type":"articulo","link":"https:\/\/www.scenicrights.com\/ca\/projects\/las-maldiciones-film-serie-tv\/","title":{"rendered":"Las maldiciones (Serie TV)"},"template":"","art_tag":[795,1280,1326,967,1021,1075,1115,1127,1151],"genero":[46],"licencia":[17],"localizacion":[],"produccion":[16],"subgenero":[675],"tipo":[5],"class_list":["post-21072","articulo","type-articulo","status-publish","has-post-thumbnail","hentry","art_tag-corrupcio","art_tag-crim","art_tag-folklore","art_tag-investigacio","art_tag-mort","art_tag-politica-ca","art_tag-rivalitat","art_tag-secrets","art_tag-societat","genero-drama-ca","licencia-propia","produccion-explotacion","subgenero-thriller-ca","tipo-proyecto"],"acf":{"generos_tax":[46],"subgeneros_tax":[675],"tipo_tax":[5],"tags_tax":[1075,1115,1127,1151,1021,1280,967,795,1326],"produccion_tax":16,"licencia_tax":17,"localizacion_tax":false,"articulo__titulo_extendido":"","articulo__extracto":"","articulo__contenido":"[embed]https:\/\/www.youtube.com\/watch?v=UGRYEzE6ZkU&t=1s[\/embed]\r\n<p style=\"text-align: right;\"><em><strong><span data-contrast=\"none\">Las dram\u00e1ticas consecuencias del poder en la pol\u00edtica.<\/span>\u00a0<\/strong><\/em><\/p>\r\n\r\n<div style=\"clear: both;\">\r\n\r\n<span data-contrast=\"none\"><span data-ccp-parastyle=\"Cuerpo\">Rom\u00e1n\u00a0<\/span><\/span><span data-contrast=\"none\"><span data-ccp-parastyle=\"Cuerpo\">Sabat\u00e9<\/span><\/span><span data-contrast=\"none\"><span data-ccp-parastyle=\"Cuerpo\">\u00a0es un joven de 30 a\u00f1os que llega a Buenos Aires junto a su compa\u00f1ero de piso, Sebasti\u00e1n\u00a0<\/span><\/span><span data-contrast=\"none\"><span data-ccp-parastyle=\"Cuerpo\">Petit<\/span><\/span><span data-contrast=\"none\"><span data-ccp-parastyle=\"Cuerpo\">. Sebasti\u00e1n aspira a cumplir su sue\u00f1o de formar parte del partido pol\u00edtico PRAGMA, liderado por Fernando Rovira. Por casualidad, finalmente es Rom\u00e1n quien entra en el puesto vacante, y termina convirti\u00e9ndose en el secretario privado de Rovira.<\/span><\/span>\r\n\r\n<\/div>\r\n<div style=\"clear: both;\">\r\n\r\n<span data-contrast=\"none\"><span data-ccp-parastyle=\"Cuerpo\">Fernando Rovira tiene un gran h\u00e1ndicap para llegar a ser presidente de la naci\u00f3n: la maldici\u00f3n de Alsina, que proclama que ning\u00fan gobernador de la provincia de Buenos Aires pueda llegar ser presidente de la naci\u00f3n por voto popular.<\/span><\/span>\r\n\r\n<\/div>\r\n<div style=\"clear: both;\">\r\n\r\n<span data-contrast=\"none\"><span data-ccp-parastyle=\"Cuerpo\">Para evitar la maldici\u00f3n y llegar a ser presidente, Fernando Rovira trama un plan pol\u00edtico de gran repercusi\u00f3n medi\u00e1tica: trazar una l\u00ednea que divida Buenos Aires.<\/span><\/span>\r\n\r\n<\/div>\r\n<div style=\"clear: both;\">\r\n\r\n<span data-contrast=\"none\"><span data-ccp-parastyle=\"Cuerpo\">Durante la campa\u00f1a, la esposa de Fernando Rovira es hallada muerta en extra\u00f1as circunstancias, y Rom\u00e1n comienza a sospechar que su superior tiene algo que ver. Convencido de que su vida est\u00e1 en\u00a0<\/span><\/span><span data-contrast=\"none\"><span data-ccp-parastyle=\"Cuerpo\">peligro ante el car\u00e1cter autoritario de Rovira y su ideolog\u00eda extremista, Rom\u00e1n decide huir junto al hijo de Rovira, Joaqu\u00edn.\u00a0<\/span><\/span>\r\n\r\n<\/div>\r\n<div style=\"clear: both;\">\r\n\r\n<span data-contrast=\"none\"><span data-ccp-parastyle=\"Cuerpo\">Paralelamente, Sebasti\u00e1n\u00a0<\/span><\/span><span data-contrast=\"none\"><span data-ccp-parastyle=\"Cuerpo\">Petit<\/span><\/span><span data-contrast=\"none\"><span data-ccp-parastyle=\"Cuerpo\">\u00a0consigue entrar en\u00a0<\/span><\/span><span data-contrast=\"none\"><span data-ccp-parastyle=\"Cuerpo\">PRAGMA<\/span><\/span><span data-contrast=\"none\"><span data-ccp-parastyle=\"Cuerpo\">\u00a0y ascender progresivamente hasta llegar a ser el responsable de elaborar la ley que d\u00e9 luz verde a la divisi\u00f3n de Buenos Aires. Sin embargo, su amistad con Rom\u00e1n har\u00e1 que se plantee verdaderamente si est\u00e1 dispuesto a crear tal caos pol\u00edtico-social.<\/span><\/span>\r\n\r\n<\/div>\r\n<div style=\"clear: both;\">\r\n\r\n<span data-contrast=\"none\"><span data-ccp-parastyle=\"Cuerpo\">Una carrera contrarreloj de car\u00e1cter polic\u00edaco y con fuertes tintes pol\u00edticos que se centrar\u00e1n en desenmascarar al asesino de la esposa de Rovira, y tambi\u00e9n romper la maldici\u00f3n de Alsina.<\/span><\/span>\r\n\r\n<\/div>\r\n&nbsp;\r\n\r\n<strong>DATOS RELEVANTES<\/strong>: <span data-contrast=\"auto\"><span data-ccp-charstyle=\"Ninguno\">Las maldiciones<\/span><\/span><span data-contrast=\"auto\">\u00a0ha dado la vuelta al mundo recibiendo excelentes cr\u00edticas por parte de los lectores. Claudia Pi\u00f1eiro, conocida como La Dama de la Novela Negra Argentina, es una de las voces m\u00e1s aclamadas de la literatura latinoamericana contempor\u00e1nea. Es la autora argentina m\u00e1s traducida despu\u00e9s de Borges y Cort\u00e1zar, y\u00a0<\/span><span data-contrast=\"auto\">una de las autoras hispanoparlantes m\u00e1s adaptadas al cine y TV en la actualidad.<\/span>\r\n<div style=\"clear: both;\">\r\n\r\n<span data-contrast=\"none\"><span data-ccp-parastyle=\"Cuerpo\">Entre su gran cantidad de galardones, destacan el\u00a0<\/span><\/span><strong><span data-contrast=\"none\"><span data-ccp-parastyle=\"Cuerpo\">Premio Clar\u00edn<\/span><\/span><\/strong><span data-contrast=\"none\"><span data-ccp-parastyle=\"Cuerpo\">,\u00a0<\/span><\/span><span data-contrast=\"none\"><span data-ccp-parastyle=\"Cuerpo\">el\u00a0<\/span><\/span><strong><span data-contrast=\"none\"><span data-ccp-charstyle=\"Ninguno\">Premio Latinoamericano de Literatura Infantil y Juvenil<\/span><\/span><\/strong><span data-contrast=\"none\"><span data-ccp-parastyle=\"Cuerpo\">, el\u00a0<\/span><\/span><strong><span data-contrast=\"none\"><span data-ccp-charstyle=\"Ninguno\">Premio\u00a0<\/span><\/span><span data-contrast=\"none\"><span data-ccp-charstyle=\"Ninguno\">Pl<\/span><\/span><span data-contrast=\"none\"><span data-ccp-charstyle=\"Ninguno\">\u00e9<\/span><\/span><span data-contrast=\"none\"><span data-ccp-charstyle=\"Ninguno\">yade<\/span><\/span><\/strong><span data-contrast=\"none\"><span data-ccp-parastyle=\"Cuerpo\">, el\u00a0<\/span><\/span><strong><span data-contrast=\"none\"><span data-ccp-charstyle=\"Ninguno\">Premio ACE<\/span><\/span><\/strong><span data-contrast=\"none\"><span data-ccp-parastyle=\"Cuerpo\">,\u00a0<\/span><\/span><span data-contrast=\"none\"><span data-ccp-parastyle=\"Cuerpo\">el\u00a0<\/span><\/span><strong><span data-contrast=\"none\"><span data-ccp-parastyle=\"Cuerpo\">Premio<\/span><\/span>\u00a0<span data-contrast=\"none\"><span data-ccp-charstyle=\"Ninguno\">LiBeraturpreis<\/span><\/span><\/strong><span data-contrast=\"none\"><span data-ccp-parastyle=\"Cuerpo\">, el\u00a0<\/span><\/span><strong><span data-contrast=\"none\"><span data-ccp-charstyle=\"Ninguno\">Premio Sor Juana In<\/span><\/span><span data-contrast=\"none\"><span data-ccp-charstyle=\"Ninguno\">\u00e9<\/span><\/span><span data-contrast=\"none\"><span data-ccp-charstyle=\"Ninguno\">s de la Cruz<\/span><\/span><\/strong><span data-contrast=\"none\"><span data-ccp-parastyle=\"Cuerpo\">\u00a0y el\u00a0<\/span><\/span><strong><span data-contrast=\"none\"><span data-ccp-charstyle=\"Ninguno\">Premio Pepe Carvalho<\/span><\/span><\/strong><span data-contrast=\"none\"><span data-ccp-parastyle=\"Cuerpo\">,\u00a0<\/span><\/span><span data-contrast=\"none\"><span data-ccp-parastyle=\"Cuerpo\">finalista del<strong>\u00a0<\/strong><\/span><\/span><span data-contrast=\"none\"><span data-ccp-parastyle=\"Cuerpo\"><strong>Premio Planeta Argentina<\/strong>\u00a0<\/span><\/span><span data-contrast=\"none\"><span data-ccp-parastyle=\"Cuerpo\">y del\u00a0<\/span><\/span><strong><span data-contrast=\"none\"><span data-ccp-parastyle=\"Cuerpo\">Premio La Sonrisa Vertical<\/span><\/span><\/strong><span data-contrast=\"none\"><span data-ccp-parastyle=\"Cuerpo\">,<\/span><\/span>\u00a0<span data-contrast=\"none\"><span data-ccp-parastyle=\"Cuerpo\">adem\u00e1s de haber sido seleccionada en el\u00a0<\/span><\/span><strong><span data-contrast=\"none\"><span data-ccp-parastyle=\"Cuerpo\">Concurso Editorial\u00a0<\/span><\/span><span data-contrast=\"none\"><span data-ccp-parastyle=\"Cuerpo\">Edeb\u00e9<\/span><\/span><\/strong><span data-contrast=\"none\"><span data-ccp-parastyle=\"Cuerpo\">.<\/span><\/span>\r\n\r\n<\/div>\r\n<div style=\"clear: both;\">\r\n\r\n&nbsp;\r\n\r\n<span data-contrast=\"none\"><span data-ccp-parastyle=\"Cuerpo\">Lo que dice la critica:<\/span><\/span>\r\n\r\n<span data-contrast=\"none\"><span data-ccp-parastyle=\"Cuerpo\">\u201c<\/span><\/span><span data-contrast=\"none\"><span data-ccp-parastyle=\"Cuerpo\">Claudia Pi<\/span><\/span><span data-contrast=\"none\"><span data-ccp-parastyle=\"Cuerpo\">\u00f1eiro<\/span><\/span><span data-contrast=\"none\"><span data-ccp-parastyle=\"Cuerpo\">\u00a0es una gran novelista, de esas que engancha y quieres leerlo todo de ella.<em>\u00a0<\/em><\/span><\/span><em><span data-contrast=\"none\"><span data-ccp-charstyle=\"Ninguno\">Las maldiciones<\/span><\/span><\/em><span data-contrast=\"none\"><span data-ccp-parastyle=\"Cuerpo\">\u00a0es un\u00a0<\/span><\/span><span data-contrast=\"none\"><span data-ccp-parastyle=\"Cuerpo\">must-read<\/span><\/span><span data-contrast=\"none\"><span data-ccp-parastyle=\"Cuerpo\">.\u201d\u00a0<\/span><\/span><span data-contrast=\"none\"><span data-ccp-charstyle=\"Ninguno\">Amazon<\/span><\/span>\r\n\r\n<\/div>\r\n<div style=\"clear: both;\">\r\n\r\n<span data-contrast=\"none\"><span data-ccp-parastyle=\"Cuerpo\">\u201cClaudia narra de manera excelente, impecable y brillante. Es una novela atrapante, que no<\/span><\/span>\u00a0<span data-contrast=\"none\"><span data-ccp-parastyle=\"Cuerpo\">pod<\/span><\/span><span data-contrast=\"none\"><span data-ccp-parastyle=\"Cuerpo\">r\u00e1s<\/span><\/span><span data-contrast=\"none\"><span data-ccp-parastyle=\"Cuerpo\">\u00a0dejar de leer.\u201d<\/span><\/span>\u00a0<span data-contrast=\"none\"><span data-ccp-charstyle=\"Ninguno\">Goodreads<\/span><\/span>\r\n\r\n&nbsp;\r\n\r\n<\/div>\r\n<strong>POTENCIAL AUDIOVISUAL<\/strong>: Estrenado en septiembre de 2025.\r\n\r\n<strong>IDIOMAS DISPONIBLES<\/strong>: Espa\u00f1ol, alem\u00e1n, franc\u00e9s, italiano y polaco.","articulo__autor":[2894],"_thumbnail_id":28166,"articulo__featured_gallery":null,"articulo__galeria_archivos":"","articulo__fecha_de_publicacion":"","articulo__idiomas":"","articulo__dossier":"","idarticle":1493},"yoast_head":"<!-- This site is optimized with the Yoast SEO plugin v27.5 - https:\/\/yoast.com\/product\/yoast-seo-wordpress\/ -->\n<title>Las maldiciones (Serie TV) - Scenic\u00a0Rights<\/title>\n<meta name=\"robots\" content=\"index, follow, max-snippet:-1, max-image-preview:large, max-video-preview:-1\" \/>\n<link rel=\"canonical\" href=\"https:\/\/www.scenicrights.com\/ca\/projects\/las-maldiciones-film-serie-tv\/\" \/>\n<meta property=\"og:locale\" content=\"ca_ES\" \/>\n<meta property=\"og:type\" content=\"article\" \/>\n<meta property=\"og:title\" content=\"Las maldiciones (Serie TV) - Scenic\u00a0Rights\" \/>\n<meta property=\"og:description\" content=\"Las dram&aacute;ticas consecuencias del poder en la pol&iacute;tica.&nbsp; Rom&aacute;n&nbsp;Sabat&eacute;&nbsp;es un joven de 30 a&ntilde;os que llega a Buenos Aires junto a su compa&ntilde;ero de piso, Sebasti&aacute;n&nbsp;Petit. [&hellip;]\" \/>\n<meta property=\"og:url\" content=\"https:\/\/www.scenicrights.com\/ca\/projects\/las-maldiciones-film-serie-tv\/\" \/>\n<meta property=\"og:site_name\" content=\"Scenic\u00a0Rights\" \/>\n<meta property=\"article:modified_time\" content=\"2025-09-01T11:45:03+00:00\" \/>\n<meta property=\"og:image\" content=\"https:\/\/www.scenicrights.com\/wp-content\/uploads\/2023\/09\/ES-AR_LasMal_Main_Vertical_4x5_RGB_PREDATE.jpg\" \/>\n\t<meta property=\"og:image:width\" content=\"1080\" \/>\n\t<meta property=\"og:image:height\" content=\"1350\" \/>\n\t<meta property=\"og:image:type\" content=\"image\/jpeg\" \/>\n<meta name=\"twitter:card\" content=\"summary_large_image\" \/>\n<meta name=\"twitter:label1\" content=\"Temps estimat de lectura\" \/>\n\t<meta name=\"twitter:data1\" content=\"3 minuts\" \/>\n<script type=\"application\/ld+json\" class=\"yoast-schema-graph\">{\"@context\":\"https:\\\/\\\/schema.org\",\"@graph\":[{\"@type\":\"WebPage\",\"@id\":\"https:\\\/\\\/www.scenicrights.com\\\/ca\\\/projects\\\/las-maldiciones-film-serie-tv\\\/\",\"url\":\"https:\\\/\\\/www.scenicrights.com\\\/ca\\\/projects\\\/las-maldiciones-film-serie-tv\\\/\",\"name\":\"Las maldiciones (Serie TV) - Scenic\u00a0Rights\",\"isPartOf\":{\"@id\":\"https:\\\/\\\/www.scenicrights.com\\\/ca\\\/#website\"},\"primaryImageOfPage\":{\"@id\":\"https:\\\/\\\/www.scenicrights.com\\\/ca\\\/projects\\\/las-maldiciones-film-serie-tv\\\/#primaryimage\"},\"image\":{\"@id\":\"https:\\\/\\\/www.scenicrights.com\\\/ca\\\/projects\\\/las-maldiciones-film-serie-tv\\\/#primaryimage\"},\"thumbnailUrl\":\"https:\\\/\\\/www.scenicrights.com\\\/wp-content\\\/uploads\\\/2023\\\/09\\\/ES-AR_LasMal_Main_Vertical_4x5_RGB_PREDATE.jpg\",\"datePublished\":\"2023-09-13T14:39:14+00:00\",\"dateModified\":\"2025-09-01T11:45:03+00:00\",\"breadcrumb\":{\"@id\":\"https:\\\/\\\/www.scenicrights.com\\\/ca\\\/projects\\\/las-maldiciones-film-serie-tv\\\/#breadcrumb\"},\"inLanguage\":\"ca\",\"potentialAction\":[{\"@type\":\"ReadAction\",\"target\":[\"https:\\\/\\\/www.scenicrights.com\\\/ca\\\/projects\\\/las-maldiciones-film-serie-tv\\\/\"]}]},{\"@type\":\"ImageObject\",\"inLanguage\":\"ca\",\"@id\":\"https:\\\/\\\/www.scenicrights.com\\\/ca\\\/projects\\\/las-maldiciones-film-serie-tv\\\/#primaryimage\",\"url\":\"https:\\\/\\\/www.scenicrights.com\\\/wp-content\\\/uploads\\\/2023\\\/09\\\/ES-AR_LasMal_Main_Vertical_4x5_RGB_PREDATE.jpg\",\"contentUrl\":\"https:\\\/\\\/www.scenicrights.com\\\/wp-content\\\/uploads\\\/2023\\\/09\\\/ES-AR_LasMal_Main_Vertical_4x5_RGB_PREDATE.jpg\",\"width\":1080,\"height\":1350},{\"@type\":\"BreadcrumbList\",\"@id\":\"https:\\\/\\\/www.scenicrights.com\\\/ca\\\/projects\\\/las-maldiciones-film-serie-tv\\\/#breadcrumb\",\"itemListElement\":[{\"@type\":\"ListItem\",\"position\":1,\"name\":\"Home\",\"item\":\"https:\\\/\\\/www.scenicrights.com\\\/ca\\\/\"},{\"@type\":\"ListItem\",\"position\":2,\"name\":\"Las maldiciones (Serie TV)\"}]},{\"@type\":\"WebSite\",\"@id\":\"https:\\\/\\\/www.scenicrights.com\\\/ca\\\/#website\",\"url\":\"https:\\\/\\\/www.scenicrights.com\\\/ca\\\/\",\"name\":\"Scenic\u00a0Rights\",\"description\":\"\",\"publisher\":{\"@id\":\"https:\\\/\\\/www.scenicrights.com\\\/ca\\\/#organization\"},\"potentialAction\":[{\"@type\":\"SearchAction\",\"target\":{\"@type\":\"EntryPoint\",\"urlTemplate\":\"https:\\\/\\\/www.scenicrights.com\\\/ca\\\/?s={search_term_string}\"},\"query-input\":{\"@type\":\"PropertyValueSpecification\",\"valueRequired\":true,\"valueName\":\"search_term_string\"}}],\"inLanguage\":\"ca\"},{\"@type\":\"Organization\",\"@id\":\"https:\\\/\\\/www.scenicrights.com\\\/ca\\\/#organization\",\"name\":\"Scenic\u00a0Rights\",\"url\":\"https:\\\/\\\/www.scenicrights.com\\\/ca\\\/\",\"logo\":{\"@type\":\"ImageObject\",\"inLanguage\":\"ca\",\"@id\":\"https:\\\/\\\/www.scenicrights.com\\\/ca\\\/#\\\/schema\\\/logo\\\/image\\\/\",\"url\":\"https:\\\/\\\/www.scenicrights.com\\\/wp-content\\\/uploads\\\/2023\\\/07\\\/logo-horizontal-web.png\",\"contentUrl\":\"https:\\\/\\\/www.scenicrights.com\\\/wp-content\\\/uploads\\\/2023\\\/07\\\/logo-horizontal-web.png\",\"width\":644,\"height\":225,\"caption\":\"Scenic\u00a0Rights\"},\"image\":{\"@id\":\"https:\\\/\\\/www.scenicrights.com\\\/ca\\\/#\\\/schema\\\/logo\\\/image\\\/\"}}]}<\/script>\n<!-- \/ Yoast SEO plugin. -->","yoast_head_json":{"title":"Las maldiciones (Serie TV) - Scenic\u00a0Rights","robots":{"index":"index","follow":"follow","max-snippet":"max-snippet:-1","max-image-preview":"max-image-preview:large","max-video-preview":"max-video-preview:-1"},"canonical":"https:\/\/www.scenicrights.com\/ca\/projects\/las-maldiciones-film-serie-tv\/","og_locale":"ca_ES","og_type":"article","og_title":"Las maldiciones (Serie TV) - Scenic\u00a0Rights","og_description":"Las dram&aacute;ticas consecuencias del poder en la pol&iacute;tica.&nbsp; Rom&aacute;n&nbsp;Sabat&eacute;&nbsp;es un joven de 30 a&ntilde;os que llega a Buenos Aires junto a su compa&ntilde;ero de piso, Sebasti&aacute;n&nbsp;Petit. [&hellip;]","og_url":"https:\/\/www.scenicrights.com\/ca\/projects\/las-maldiciones-film-serie-tv\/","og_site_name":"Scenic\u00a0Rights","article_modified_time":"2025-09-01T11:45:03+00:00","og_image":[{"width":1080,"height":1350,"url":"https:\/\/www.scenicrights.com\/wp-content\/uploads\/2023\/09\/ES-AR_LasMal_Main_Vertical_4x5_RGB_PREDATE.jpg","type":"image\/jpeg"}],"twitter_card":"summary_large_image","twitter_misc":{"Temps estimat de lectura":"3 minuts"},"schema":{"@context":"https:\/\/schema.org","@graph":[{"@type":"WebPage","@id":"https:\/\/www.scenicrights.com\/ca\/projects\/las-maldiciones-film-serie-tv\/","url":"https:\/\/www.scenicrights.com\/ca\/projects\/las-maldiciones-film-serie-tv\/","name":"Las maldiciones (Serie TV) - Scenic\u00a0Rights","isPartOf":{"@id":"https:\/\/www.scenicrights.com\/ca\/#website"},"primaryImageOfPage":{"@id":"https:\/\/www.scenicrights.com\/ca\/projects\/las-maldiciones-film-serie-tv\/#primaryimage"},"image":{"@id":"https:\/\/www.scenicrights.com\/ca\/projects\/las-maldiciones-film-serie-tv\/#primaryimage"},"thumbnailUrl":"https:\/\/www.scenicrights.com\/wp-content\/uploads\/2023\/09\/ES-AR_LasMal_Main_Vertical_4x5_RGB_PREDATE.jpg","datePublished":"2023-09-13T14:39:14+00:00","dateModified":"2025-09-01T11:45:03+00:00","breadcrumb":{"@id":"https:\/\/www.scenicrights.com\/ca\/projects\/las-maldiciones-film-serie-tv\/#breadcrumb"},"inLanguage":"ca","potentialAction":[{"@type":"ReadAction","target":["https:\/\/www.scenicrights.com\/ca\/projects\/las-maldiciones-film-serie-tv\/"]}]},{"@type":"ImageObject","inLanguage":"ca","@id":"https:\/\/www.scenicrights.com\/ca\/projects\/las-maldiciones-film-serie-tv\/#primaryimage","url":"https:\/\/www.scenicrights.com\/wp-content\/uploads\/2023\/09\/ES-AR_LasMal_Main_Vertical_4x5_RGB_PREDATE.jpg","contentUrl":"https:\/\/www.scenicrights.com\/wp-content\/uploads\/2023\/09\/ES-AR_LasMal_Main_Vertical_4x5_RGB_PREDATE.jpg","width":1080,"height":1350},{"@type":"BreadcrumbList","@id":"https:\/\/www.scenicrights.com\/ca\/projects\/las-maldiciones-film-serie-tv\/#breadcrumb","itemListElement":[{"@type":"ListItem","position":1,"name":"Home","item":"https:\/\/www.scenicrights.com\/ca\/"},{"@type":"ListItem","position":2,"name":"Las maldiciones (Serie TV)"}]},{"@type":"WebSite","@id":"https:\/\/www.scenicrights.com\/ca\/#website","url":"https:\/\/www.scenicrights.com\/ca\/","name":"Scenic\u00a0Rights","description":"","publisher":{"@id":"https:\/\/www.scenicrights.com\/ca\/#organization"},"potentialAction":[{"@type":"SearchAction","target":{"@type":"EntryPoint","urlTemplate":"https:\/\/www.scenicrights.com\/ca\/?s={search_term_string}"},"query-input":{"@type":"PropertyValueSpecification","valueRequired":true,"valueName":"search_term_string"}}],"inLanguage":"ca"},{"@type":"Organization","@id":"https:\/\/www.scenicrights.com\/ca\/#organization","name":"Scenic\u00a0Rights","url":"https:\/\/www.scenicrights.com\/ca\/","logo":{"@type":"ImageObject","inLanguage":"ca","@id":"https:\/\/www.scenicrights.com\/ca\/#\/schema\/logo\/image\/","url":"https:\/\/www.scenicrights.com\/wp-content\/uploads\/2023\/07\/logo-horizontal-web.png","contentUrl":"https:\/\/www.scenicrights.com\/wp-content\/uploads\/2023\/07\/logo-horizontal-web.png","width":644,"height":225,"caption":"Scenic\u00a0Rights"},"image":{"@id":"https:\/\/www.scenicrights.com\/ca\/#\/schema\/logo\/image\/"}}]}},"_links":{"self":[{"href":"https:\/\/www.scenicrights.com\/ca\/wp-json\/wp\/v2\/articulo\/21072","targetHints":{"allow":["GET"]}}],"collection":[{"href":"https:\/\/www.scenicrights.com\/ca\/wp-json\/wp\/v2\/articulo"}],"about":[{"href":"https:\/\/www.scenicrights.com\/ca\/wp-json\/wp\/v2\/types\/articulo"}],"acf:post":[{"embeddable":true,"href":"https:\/\/www.scenicrights.com\/ca\/wp-json\/wp\/v2\/autor\/2894"}],"acf:term":[{"embeddable":true,"taxonomy":"licencia","href":"https:\/\/www.scenicrights.com\/ca\/wp-json\/wp\/v2\/licencia\/17"},{"embeddable":true,"taxonomy":"produccion","href":"https:\/\/www.scenicrights.com\/ca\/wp-json\/wp\/v2\/produccion\/16"},{"embeddable":true,"taxonomy":"art_tag","href":"https:\/\/www.scenicrights.com\/ca\/wp-json\/wp\/v2\/art_tag\/1326"},{"embeddable":true,"taxonomy":"art_tag","href":"https:\/\/www.scenicrights.com\/ca\/wp-json\/wp\/v2\/art_tag\/795"},{"embeddable":true,"taxonomy":"art_tag","href":"https:\/\/www.scenicrights.com\/ca\/wp-json\/wp\/v2\/art_tag\/967"},{"embeddable":true,"taxonomy":"art_tag","href":"https:\/\/www.scenicrights.com\/ca\/wp-json\/wp\/v2\/art_tag\/1280"},{"embeddable":true,"taxonomy":"art_tag","href":"https:\/\/www.scenicrights.com\/ca\/wp-json\/wp\/v2\/art_tag\/1021"},{"embeddable":true,"taxonomy":"art_tag","href":"https:\/\/www.scenicrights.com\/ca\/wp-json\/wp\/v2\/art_tag\/1151"},{"embeddable":true,"taxonomy":"art_tag","href":"https:\/\/www.scenicrights.com\/ca\/wp-json\/wp\/v2\/art_tag\/1127"},{"embeddable":true,"taxonomy":"art_tag","href":"https:\/\/www.scenicrights.com\/ca\/wp-json\/wp\/v2\/art_tag\/1115"},{"embeddable":true,"taxonomy":"art_tag","href":"https:\/\/www.scenicrights.com\/ca\/wp-json\/wp\/v2\/art_tag\/1075"},{"embeddable":true,"taxonomy":"tipo","href":"https:\/\/www.scenicrights.com\/ca\/wp-json\/wp\/v2\/tipo\/5"},{"embeddable":true,"taxonomy":"subgenero","href":"https:\/\/www.scenicrights.com\/ca\/wp-json\/wp\/v2\/subgenero\/675"},{"embeddable":true,"taxonomy":"genero","href":"https:\/\/www.scenicrights.com\/ca\/wp-json\/wp\/v2\/genero\/46"}],"wp:featuredmedia":[{"embeddable":true,"href":"https:\/\/www.scenicrights.com\/ca\/wp-json\/wp\/v2\/media\/28166"}],"wp:attachment":[{"href":"https:\/\/www.scenicrights.com\/ca\/wp-json\/wp\/v2\/media?parent=21072"}],"wp:term":[{"taxonomy":"art_tag","embeddable":true,"href":"https:\/\/www.scenicrights.com\/ca\/wp-json\/wp\/v2\/art_tag?post=21072"},{"taxonomy":"genero","embeddable":true,"href":"https:\/\/www.scenicrights.com\/ca\/wp-json\/wp\/v2\/genero?post=21072"},{"taxonomy":"licencia","embeddable":true,"href":"https:\/\/www.scenicrights.com\/ca\/wp-json\/wp\/v2\/licencia?post=21072"},{"taxonomy":"localizacion","embeddable":true,"href":"https:\/\/www.scenicrights.com\/ca\/wp-json\/wp\/v2\/localizacion?post=21072"},{"taxonomy":"produccion","embeddable":true,"href":"https:\/\/www.scenicrights.com\/ca\/wp-json\/wp\/v2\/produccion?post=21072"},{"taxonomy":"subgenero","embeddable":true,"href":"https:\/\/www.scenicrights.com\/ca\/wp-json\/wp\/v2\/subgenero?post=21072"},{"taxonomy":"tipo","embeddable":true,"href":"https:\/\/www.scenicrights.com\/ca\/wp-json\/wp\/v2\/tipo?post=21072"}],"curies":[{"name":"wp","href":"https:\/\/api.w.org\/{rel}","templated":true}]}}