{"id":21082,"date":"2023-09-13T14:09:03","date_gmt":"2023-09-13T14:09:03","guid":{"rendered":"https:\/\/pre.scenicrights.com\/projects\/la-puerta\/"},"modified":"2025-12-10T11:00:16","modified_gmt":"2025-12-10T11:00:16","slug":"la-puerta","status":"publish","type":"articulo","link":"https:\/\/www.scenicrights.com\/ca\/projects\/la-puerta\/","title":{"rendered":"La puerta (Serie TV \/ Film)"},"template":"","art_tag":[703,821,879,891,967,859,1021,1109,1376],"genero":[46],"licencia":[17],"localizacion":[],"produccion":[14],"subgenero":[673,675],"tipo":[5],"class_list":["post-21082","articulo","type-articulo","status-publish","has-post-thumbnail","hentry","art_tag-amor-ca","art_tag-detectiu","art_tag-estafa-ca","art_tag-familia-ca","art_tag-investigacio","art_tag-malaltia","art_tag-mort","art_tag-religio","art_tag-rural-ca","genero-drama-ca","licencia-propia","produccion-pre-produccion","subgenero-terror-ca","subgenero-thriller-ca","tipo-proyecto"],"acf":{"generos_tax":[46],"subgeneros_tax":[673,675],"tipo_tax":[5],"tags_tax":[859,967,1021,1109,879,703,821,891,1376],"produccion_tax":14,"licencia_tax":17,"localizacion_tax":false,"articulo__titulo_extendido":"","articulo__extracto":"","articulo__contenido":"<p align=\"right\"><strong><em>Misteriosos asesinatos en el umbral a la otra vida.<\/em><\/strong><\/p>\r\nRaquel, una mujer inteligente y de fuerte car\u00e1cter, ha trabajado los \u00faltimos diez a\u00f1os como agente de la unidad criminal de la Guardia Civil en Madrid, donde es una profesional reconocida y respetada, acostumbrada a lidiar con grandes equipos en situaciones complejas. Pero Raquel esta\u00b4 al borde del colapso. Un doloroso divorcio, un hijo enfermo, y un secuestro con rehenes al que tiene que enfrentarse que acaba horriblemente mal culminan en su petici\u00f3n de traslado a Fosco, un peque\u00f1o pueblo de Galicia. All\u00ed, una curandera es la \u00faltima esperanza para su hijo Juli\u00e1n, de seis a\u00f1os, enfermo de leucemia y al que, seg\u00fan los m\u00e9dicos, s\u00f3lo le quedan unos pocos meses de vida. Es una decisi\u00f3n dif\u00edcil para una mujer racional y cerebral, pero significa su \u00faltima esperanza.\r\n\r\nLe conceden el traslado, pero cuando Raquel y el peque\u00f1o Juli\u00e1n llegan a Fosco la curandera no existe, resulta que era una estafa. Una vez en el pueblo, le asignan un caso un tanto complejo. Han encontrado el cad\u00e1ver de una chica sin identificar en la monta\u00f1a, y parece haber sido asesinada de manera ritual, pues le han extra\u00eddo el coraz\u00f3n y yace junto a Porta do Al\u00e9n, un antiguo monumento de la Edad de Bronce.\r\n\r\nRaquel se aferra a este caso, su \u00fanica salida de este pueblo perdido, y comienza a investigar junto al inspector M\u00e9ndez, un viejo agente retirado, y junto a su nuevo compa\u00f1ero, Juan Vilanova. Pero la investigaci\u00f3n no transcurre con normalidad: alguien les roba los documentos del caso; M\u00e9ndez aparece muerto; el peque\u00f1o Juli\u00e1n descubre una aterradora presencia en la casa; el cad\u00e1ver de la chica desaparece del dep\u00f3sito; y Raquel descubre en el archivo hist\u00f3rico que los habitantes del pueblo aparecen en fotos y documentos de hace d\u00e9cadas o siglos, por lo que deber\u00edan estar muertos.\r\n\r\nCon ayuda de un historiador Raquel empieza a reconstruir el rompecabezas. Parece ser que todo est\u00e1 relacionado con la Puerta del M\u00e1s All\u00e1, La Porta do Al\u00e9n. \u00bfSer\u00e1 capaz Raquel de enfrentarse a los habitantes del pueblo y pagar el precio por salvar la vida de su hijo?\r\n\r\n&nbsp;\r\n\r\n<strong>DATOS RELEVANTES:<\/strong> Las novelas de Manel Loureiro han sido publicadas en m\u00e1s de 30 pa\u00edses y traducidas a m\u00e1s de 20 idiomas. Es uno de los pocos autores contempor\u00e1neos espa\u00f1oles que ha logrado superar la barrera de los 200.000 ejemplares vendidos en Estados Unidos, y la mayor parte de sus obras han sido proclamadas bestsellers en gran cantidad de pa\u00edses. Sus cifras generales de venta superan el mill\u00f3n de copias vendidas.\r\n\r\nFue tambi\u00e9n el primer autor espa\u00f1ol en colocarse en la lista de los tres libros m\u00e1s vendidos en Estados Unidos \u00fanicamente a base de reservas previas de su novela <em>El \u00faltimo pasajero. <\/em>\r\n\r\nHa sido presentador de televisi\u00f3n en la Televisi\u00f3n de Galicia y guionista. Colabora con los peri\u00f3dicos Diario de Pontevedra, Diario ABC y El Mundo, adem\u00e1s de ser tambi\u00e9n colaborador habitual de Cadena SER y la revista GQ Espa\u00f1a.\r\n\r\n&nbsp;\r\n\r\n<strong>POTENCIAL AUDIOVISUAL: <\/strong>En desarrollo.\r\n\r\n<strong>IDIOMAS DISPONIBLES:<\/strong> Espa\u00f1ol.","articulo__autor":[2871],"_thumbnail_id":11189,"articulo__featured_gallery":null,"articulo__galeria_archivos":"","articulo__fecha_de_publicacion":"","articulo__idiomas":"","articulo__dossier":"","idarticle":1484},"yoast_head":"<!-- This site is optimized with the Yoast SEO plugin v27.5 - https:\/\/yoast.com\/product\/yoast-seo-wordpress\/ -->\n<title>La puerta (Serie TV \/ Film) - Scenic\u00a0Rights<\/title>\n<meta name=\"robots\" content=\"index, follow, max-snippet:-1, max-image-preview:large, max-video-preview:-1\" \/>\n<link rel=\"canonical\" href=\"https:\/\/www.scenicrights.com\/ca\/projects\/la-puerta\/\" \/>\n<meta property=\"og:locale\" content=\"ca_ES\" \/>\n<meta property=\"og:type\" content=\"article\" \/>\n<meta property=\"og:title\" content=\"La puerta (Serie TV \/ Film) - Scenic\u00a0Rights\" \/>\n<meta property=\"og:description\" content=\"Misteriosos asesinatos en el umbral a la otra vida. Raquel, una mujer inteligente y de fuerte car&aacute;cter, ha trabajado los &uacute;ltimos diez a&ntilde;os como agente de [&hellip;]\" \/>\n<meta property=\"og:url\" content=\"https:\/\/www.scenicrights.com\/ca\/projects\/la-puerta\/\" \/>\n<meta property=\"og:site_name\" content=\"Scenic\u00a0Rights\" \/>\n<meta property=\"article:modified_time\" content=\"2025-12-10T11:00:16+00:00\" \/>\n<meta property=\"og:image\" content=\"https:\/\/www.scenicrights.com\/wp-content\/uploads\/2023\/09\/8aCGxLVCEavYjx0Jpso9A.jpg\" \/>\n\t<meta property=\"og:image:width\" content=\"1346\" \/>\n\t<meta property=\"og:image:height\" content=\"2048\" \/>\n\t<meta property=\"og:image:type\" content=\"image\/jpeg\" \/>\n<meta name=\"twitter:card\" content=\"summary_large_image\" \/>\n<meta name=\"twitter:label1\" content=\"Temps estimat de lectura\" \/>\n\t<meta name=\"twitter:data1\" content=\"3 minuts\" \/>\n<script type=\"application\/ld+json\" class=\"yoast-schema-graph\">{\"@context\":\"https:\\\/\\\/schema.org\",\"@graph\":[{\"@type\":\"WebPage\",\"@id\":\"https:\\\/\\\/www.scenicrights.com\\\/ca\\\/projects\\\/la-puerta\\\/\",\"url\":\"https:\\\/\\\/www.scenicrights.com\\\/ca\\\/projects\\\/la-puerta\\\/\",\"name\":\"La puerta (Serie TV \\\/ Film) - Scenic\u00a0Rights\",\"isPartOf\":{\"@id\":\"https:\\\/\\\/www.scenicrights.com\\\/ca\\\/#website\"},\"primaryImageOfPage\":{\"@id\":\"https:\\\/\\\/www.scenicrights.com\\\/ca\\\/projects\\\/la-puerta\\\/#primaryimage\"},\"image\":{\"@id\":\"https:\\\/\\\/www.scenicrights.com\\\/ca\\\/projects\\\/la-puerta\\\/#primaryimage\"},\"thumbnailUrl\":\"https:\\\/\\\/www.scenicrights.com\\\/wp-content\\\/uploads\\\/2023\\\/09\\\/8aCGxLVCEavYjx0Jpso9A.jpg\",\"datePublished\":\"2023-09-13T14:09:03+00:00\",\"dateModified\":\"2025-12-10T11:00:16+00:00\",\"breadcrumb\":{\"@id\":\"https:\\\/\\\/www.scenicrights.com\\\/ca\\\/projects\\\/la-puerta\\\/#breadcrumb\"},\"inLanguage\":\"ca\",\"potentialAction\":[{\"@type\":\"ReadAction\",\"target\":[\"https:\\\/\\\/www.scenicrights.com\\\/ca\\\/projects\\\/la-puerta\\\/\"]}]},{\"@type\":\"ImageObject\",\"inLanguage\":\"ca\",\"@id\":\"https:\\\/\\\/www.scenicrights.com\\\/ca\\\/projects\\\/la-puerta\\\/#primaryimage\",\"url\":\"https:\\\/\\\/www.scenicrights.com\\\/wp-content\\\/uploads\\\/2023\\\/09\\\/8aCGxLVCEavYjx0Jpso9A.jpg\",\"contentUrl\":\"https:\\\/\\\/www.scenicrights.com\\\/wp-content\\\/uploads\\\/2023\\\/09\\\/8aCGxLVCEavYjx0Jpso9A.jpg\",\"width\":1346,\"height\":2048},{\"@type\":\"BreadcrumbList\",\"@id\":\"https:\\\/\\\/www.scenicrights.com\\\/ca\\\/projects\\\/la-puerta\\\/#breadcrumb\",\"itemListElement\":[{\"@type\":\"ListItem\",\"position\":1,\"name\":\"Home\",\"item\":\"https:\\\/\\\/www.scenicrights.com\\\/ca\\\/\"},{\"@type\":\"ListItem\",\"position\":2,\"name\":\"La puerta (Serie TV \\\/ Film)\"}]},{\"@type\":\"WebSite\",\"@id\":\"https:\\\/\\\/www.scenicrights.com\\\/ca\\\/#website\",\"url\":\"https:\\\/\\\/www.scenicrights.com\\\/ca\\\/\",\"name\":\"Scenic\u00a0Rights\",\"description\":\"\",\"publisher\":{\"@id\":\"https:\\\/\\\/www.scenicrights.com\\\/ca\\\/#organization\"},\"potentialAction\":[{\"@type\":\"SearchAction\",\"target\":{\"@type\":\"EntryPoint\",\"urlTemplate\":\"https:\\\/\\\/www.scenicrights.com\\\/ca\\\/?s={search_term_string}\"},\"query-input\":{\"@type\":\"PropertyValueSpecification\",\"valueRequired\":true,\"valueName\":\"search_term_string\"}}],\"inLanguage\":\"ca\"},{\"@type\":\"Organization\",\"@id\":\"https:\\\/\\\/www.scenicrights.com\\\/ca\\\/#organization\",\"name\":\"Scenic\u00a0Rights\",\"url\":\"https:\\\/\\\/www.scenicrights.com\\\/ca\\\/\",\"logo\":{\"@type\":\"ImageObject\",\"inLanguage\":\"ca\",\"@id\":\"https:\\\/\\\/www.scenicrights.com\\\/ca\\\/#\\\/schema\\\/logo\\\/image\\\/\",\"url\":\"https:\\\/\\\/www.scenicrights.com\\\/wp-content\\\/uploads\\\/2023\\\/07\\\/logo-horizontal-web.png\",\"contentUrl\":\"https:\\\/\\\/www.scenicrights.com\\\/wp-content\\\/uploads\\\/2023\\\/07\\\/logo-horizontal-web.png\",\"width\":644,\"height\":225,\"caption\":\"Scenic\u00a0Rights\"},\"image\":{\"@id\":\"https:\\\/\\\/www.scenicrights.com\\\/ca\\\/#\\\/schema\\\/logo\\\/image\\\/\"}}]}<\/script>\n<!-- \/ Yoast SEO plugin. -->","yoast_head_json":{"title":"La puerta (Serie TV \/ Film) - Scenic\u00a0Rights","robots":{"index":"index","follow":"follow","max-snippet":"max-snippet:-1","max-image-preview":"max-image-preview:large","max-video-preview":"max-video-preview:-1"},"canonical":"https:\/\/www.scenicrights.com\/ca\/projects\/la-puerta\/","og_locale":"ca_ES","og_type":"article","og_title":"La puerta (Serie TV \/ Film) - Scenic\u00a0Rights","og_description":"Misteriosos asesinatos en el umbral a la otra vida. Raquel, una mujer inteligente y de fuerte car&aacute;cter, ha trabajado los &uacute;ltimos diez a&ntilde;os como agente de [&hellip;]","og_url":"https:\/\/www.scenicrights.com\/ca\/projects\/la-puerta\/","og_site_name":"Scenic\u00a0Rights","article_modified_time":"2025-12-10T11:00:16+00:00","og_image":[{"width":1346,"height":2048,"url":"https:\/\/www.scenicrights.com\/wp-content\/uploads\/2023\/09\/8aCGxLVCEavYjx0Jpso9A.jpg","type":"image\/jpeg"}],"twitter_card":"summary_large_image","twitter_misc":{"Temps estimat de lectura":"3 minuts"},"schema":{"@context":"https:\/\/schema.org","@graph":[{"@type":"WebPage","@id":"https:\/\/www.scenicrights.com\/ca\/projects\/la-puerta\/","url":"https:\/\/www.scenicrights.com\/ca\/projects\/la-puerta\/","name":"La puerta (Serie TV \/ Film) - Scenic\u00a0Rights","isPartOf":{"@id":"https:\/\/www.scenicrights.com\/ca\/#website"},"primaryImageOfPage":{"@id":"https:\/\/www.scenicrights.com\/ca\/projects\/la-puerta\/#primaryimage"},"image":{"@id":"https:\/\/www.scenicrights.com\/ca\/projects\/la-puerta\/#primaryimage"},"thumbnailUrl":"https:\/\/www.scenicrights.com\/wp-content\/uploads\/2023\/09\/8aCGxLVCEavYjx0Jpso9A.jpg","datePublished":"2023-09-13T14:09:03+00:00","dateModified":"2025-12-10T11:00:16+00:00","breadcrumb":{"@id":"https:\/\/www.scenicrights.com\/ca\/projects\/la-puerta\/#breadcrumb"},"inLanguage":"ca","potentialAction":[{"@type":"ReadAction","target":["https:\/\/www.scenicrights.com\/ca\/projects\/la-puerta\/"]}]},{"@type":"ImageObject","inLanguage":"ca","@id":"https:\/\/www.scenicrights.com\/ca\/projects\/la-puerta\/#primaryimage","url":"https:\/\/www.scenicrights.com\/wp-content\/uploads\/2023\/09\/8aCGxLVCEavYjx0Jpso9A.jpg","contentUrl":"https:\/\/www.scenicrights.com\/wp-content\/uploads\/2023\/09\/8aCGxLVCEavYjx0Jpso9A.jpg","width":1346,"height":2048},{"@type":"BreadcrumbList","@id":"https:\/\/www.scenicrights.com\/ca\/projects\/la-puerta\/#breadcrumb","itemListElement":[{"@type":"ListItem","position":1,"name":"Home","item":"https:\/\/www.scenicrights.com\/ca\/"},{"@type":"ListItem","position":2,"name":"La puerta (Serie TV \/ Film)"}]},{"@type":"WebSite","@id":"https:\/\/www.scenicrights.com\/ca\/#website","url":"https:\/\/www.scenicrights.com\/ca\/","name":"Scenic\u00a0Rights","description":"","publisher":{"@id":"https:\/\/www.scenicrights.com\/ca\/#organization"},"potentialAction":[{"@type":"SearchAction","target":{"@type":"EntryPoint","urlTemplate":"https:\/\/www.scenicrights.com\/ca\/?s={search_term_string}"},"query-input":{"@type":"PropertyValueSpecification","valueRequired":true,"valueName":"search_term_string"}}],"inLanguage":"ca"},{"@type":"Organization","@id":"https:\/\/www.scenicrights.com\/ca\/#organization","name":"Scenic\u00a0Rights","url":"https:\/\/www.scenicrights.com\/ca\/","logo":{"@type":"ImageObject","inLanguage":"ca","@id":"https:\/\/www.scenicrights.com\/ca\/#\/schema\/logo\/image\/","url":"https:\/\/www.scenicrights.com\/wp-content\/uploads\/2023\/07\/logo-horizontal-web.png","contentUrl":"https:\/\/www.scenicrights.com\/wp-content\/uploads\/2023\/07\/logo-horizontal-web.png","width":644,"height":225,"caption":"Scenic\u00a0Rights"},"image":{"@id":"https:\/\/www.scenicrights.com\/ca\/#\/schema\/logo\/image\/"}}]}},"_links":{"self":[{"href":"https:\/\/www.scenicrights.com\/ca\/wp-json\/wp\/v2\/articulo\/21082","targetHints":{"allow":["GET"]}}],"collection":[{"href":"https:\/\/www.scenicrights.com\/ca\/wp-json\/wp\/v2\/articulo"}],"about":[{"href":"https:\/\/www.scenicrights.com\/ca\/wp-json\/wp\/v2\/types\/articulo"}],"acf:post":[{"embeddable":true,"href":"https:\/\/www.scenicrights.com\/ca\/wp-json\/wp\/v2\/autor\/2871"}],"acf:term":[{"embeddable":true,"taxonomy":"licencia","href":"https:\/\/www.scenicrights.com\/ca\/wp-json\/wp\/v2\/licencia\/17"},{"embeddable":true,"taxonomy":"produccion","href":"https:\/\/www.scenicrights.com\/ca\/wp-json\/wp\/v2\/produccion\/14"},{"embeddable":true,"taxonomy":"art_tag","href":"https:\/\/www.scenicrights.com\/ca\/wp-json\/wp\/v2\/art_tag\/1376"},{"embeddable":true,"taxonomy":"art_tag","href":"https:\/\/www.scenicrights.com\/ca\/wp-json\/wp\/v2\/art_tag\/891"},{"embeddable":true,"taxonomy":"art_tag","href":"https:\/\/www.scenicrights.com\/ca\/wp-json\/wp\/v2\/art_tag\/821"},{"embeddable":true,"taxonomy":"art_tag","href":"https:\/\/www.scenicrights.com\/ca\/wp-json\/wp\/v2\/art_tag\/703"},{"embeddable":true,"taxonomy":"art_tag","href":"https:\/\/www.scenicrights.com\/ca\/wp-json\/wp\/v2\/art_tag\/879"},{"embeddable":true,"taxonomy":"art_tag","href":"https:\/\/www.scenicrights.com\/ca\/wp-json\/wp\/v2\/art_tag\/1109"},{"embeddable":true,"taxonomy":"art_tag","href":"https:\/\/www.scenicrights.com\/ca\/wp-json\/wp\/v2\/art_tag\/1021"},{"embeddable":true,"taxonomy":"art_tag","href":"https:\/\/www.scenicrights.com\/ca\/wp-json\/wp\/v2\/art_tag\/967"},{"embeddable":true,"taxonomy":"art_tag","href":"https:\/\/www.scenicrights.com\/ca\/wp-json\/wp\/v2\/art_tag\/859"},{"embeddable":true,"taxonomy":"tipo","href":"https:\/\/www.scenicrights.com\/ca\/wp-json\/wp\/v2\/tipo\/5"},{"embeddable":true,"taxonomy":"subgenero","href":"https:\/\/www.scenicrights.com\/ca\/wp-json\/wp\/v2\/subgenero\/675"},{"embeddable":true,"taxonomy":"subgenero","href":"https:\/\/www.scenicrights.com\/ca\/wp-json\/wp\/v2\/subgenero\/673"},{"embeddable":true,"taxonomy":"genero","href":"https:\/\/www.scenicrights.com\/ca\/wp-json\/wp\/v2\/genero\/46"}],"wp:featuredmedia":[{"embeddable":true,"href":"https:\/\/www.scenicrights.com\/ca\/wp-json\/wp\/v2\/media\/11189"}],"wp:attachment":[{"href":"https:\/\/www.scenicrights.com\/ca\/wp-json\/wp\/v2\/media?parent=21082"}],"wp:term":[{"taxonomy":"art_tag","embeddable":true,"href":"https:\/\/www.scenicrights.com\/ca\/wp-json\/wp\/v2\/art_tag?post=21082"},{"taxonomy":"genero","embeddable":true,"href":"https:\/\/www.scenicrights.com\/ca\/wp-json\/wp\/v2\/genero?post=21082"},{"taxonomy":"licencia","embeddable":true,"href":"https:\/\/www.scenicrights.com\/ca\/wp-json\/wp\/v2\/licencia?post=21082"},{"taxonomy":"localizacion","embeddable":true,"href":"https:\/\/www.scenicrights.com\/ca\/wp-json\/wp\/v2\/localizacion?post=21082"},{"taxonomy":"produccion","embeddable":true,"href":"https:\/\/www.scenicrights.com\/ca\/wp-json\/wp\/v2\/produccion?post=21082"},{"taxonomy":"subgenero","embeddable":true,"href":"https:\/\/www.scenicrights.com\/ca\/wp-json\/wp\/v2\/subgenero?post=21082"},{"taxonomy":"tipo","embeddable":true,"href":"https:\/\/www.scenicrights.com\/ca\/wp-json\/wp\/v2\/tipo?post=21082"}],"curies":[{"name":"wp","href":"https:\/\/api.w.org\/{rel}","templated":true}]}}