{"id":21098,"date":"2023-09-13T14:08:08","date_gmt":"2023-09-13T14:08:08","guid":{"rendered":"https:\/\/pre.scenicrights.com\/projects\/sera-larga-la-noche-serie-tv\/"},"modified":"2025-07-16T08:43:31","modified_gmt":"2025-07-16T08:43:31","slug":"sera-larga-la-noche","status":"publish","type":"articulo","link":"https:\/\/www.scenicrights.com\/ca\/projects\/sera-larga-la-noche\/","title":{"rendered":"Saga Ser\u00e1 larga la noche (Film\/ Serie TV)"},"template":"","art_tag":[795,1280,1345,967,1021,1061,1109,1376,1151,1213],"genero":[46],"licencia":[17],"localizacion":[],"produccion":[14],"subgenero":[675],"tipo":[5],"class_list":["post-21098","articulo","type-articulo","status-publish","has-post-thumbnail","hentry","art_tag-corrupcio","art_tag-crim","art_tag-identitat","art_tag-investigacio","art_tag-mort","art_tag-periodisme","art_tag-religio","art_tag-rural-ca","art_tag-societat","art_tag-violencia-ca","genero-drama-ca","licencia-propia","produccion-pre-produccion","subgenero-thriller-ca","tipo-proyecto"],"acf":{"generos_tax":[46],"subgeneros_tax":[675],"tipo_tax":[5],"tags_tax":[1021,1280,1213,1061,1376,1109,967,795,1151,1345],"produccion_tax":14,"licencia_tax":17,"localizacion_tax":false,"articulo__titulo_extendido":"","articulo__extracto":"","articulo__contenido":"<p style=\"text-align: right;\"><strong><em>El pa\u00eds est\u00e1 siendo azotado por la violencia.\u00a0<\/em><\/strong><\/p>\r\nEn <em>Ser\u00e1 larga la noche<\/em>, un ni\u00f1o es testigo de un asesinato en una carretera perdida en el departamento del Cauca, en Colombia. Ese mismo d\u00eda alguien limpia las huellas del desastre para que no quede el menor rastro. En el pueblo m\u00e1s cercano, nadie dice haber o\u00eddo nada. Sin embargo, gracias a una denuncia an\u00f3nima del crimen, interpuesta por el propio ni\u00f1o, el asunto llegar\u00e1 a manos del fiscal en Bogot\u00e1 y comenzar\u00e1 su investigaci\u00f3n.\r\n\r\nLa periodista Julieta Lezama y su colaboradora, Johana, exguerrillera de las FARC, ser\u00e1n las encargadas de averiguar lo que realmente ha sucedido, adentr\u00e1ndose para ello en el oscuro universo de las iglesias cristianas, que hoy en d\u00eda est\u00e1n presentes en toda Am\u00e9rica Latina.\r\n\r\nEn <em>Colombian psycho<\/em>, aparecen unos huesos humanos en La Calera, una urbanizaci\u00f3n en los cerros de Bogot\u00e1. El fiscal Edilson Jutsi\u00f1amuy ser\u00e1 el encargado de investigar el crimen, con la ayuda del agente Laiseca y su equipo. Tambi\u00e9n se unir\u00e1 a la investigaci\u00f3n la periodista Julieta Lezama una mujer fuerte e independiente, con una problem\u00e1tica historia personal. Entre ellos ir\u00e1n desentra\u00f1ando los sucesos que rodean esta misteriosa muerte. El caso llevar\u00e1 a Julieta a conocer al escritor Santiago Gamboa y a su obra, donde encontrar\u00e1 una pista definitiva para resolver el misterio, en un giro meta-narrativo. Adem\u00e1s, la b\u00fasqueda de la identidad del cuerpo les llevar\u00e1 a descubrir el actuar de varios grupos que atentan contra la paz. Conocemos a Johanna, una desmovilizada de las Farc, una mujer fuerte y carism\u00e1tica con una visi\u00f3n diferente de la realidad.\r\n\r\nAl final los personajes llegar\u00e1n a la conclusi\u00f3n de que la humanidad sacrificar\u00e1 lo que sea, incluso vidas humanas, para conseguir sobresalir.\r\n\r\n&nbsp;\r\n\r\n<strong>DATOS RELEVANTES:<\/strong> Santiago Gamboa es uno de los escritores colombianos con mayor repercusi\u00f3n internacional en la actualidad.\r\n\r\nSus obras han sido traducidas a quince idiomas; ha sido finalista del\u00a0<strong>Premio R\u00f3mulo\u00a0Gallegos<\/strong>, finalista del\u00a0<strong>Premio\u00a0M\u00e9dicis<\/strong>, finalista del\u00a0<strong>Premio Casino de\u00a0P\u00f3voa<\/strong>, y ha recibido el\u00a0<strong>Premio La Otra Orilla<\/strong>, el\u00a0<strong>Premio Literaturas del Caribe\u00a0<\/strong>y el\u00a0<strong>Premio\u00a0Coup\u00a0de Coeur.<\/strong>\r\n\r\n&nbsp;\r\n\r\nLo que dice la critica:\r\n\r\n\u00abUno de los escritores latinoamericanos m\u00e1s interesantes de la actualidad\u00bb. <em>La Naci\u00f3n<\/em>\r\n\r\n\u00abEl talento de Gamboa para cultivar la intriga y la extravagante energ\u00eda de sus historias hacen que su lectura\u00a0sea compulsiva\u00bb.\u00a0<em>Times\u00a0Literary\u00a0Supplement<\/em>\r\n\r\n\u00abUna historia que no da respiro. Muy cinematogr\u00e1fica.\u00bb <em>El Tiempo<\/em>\r\n\r\n\u00abUn thriller sutil y en\u00e9rgico; una historia cautivadora en una Colombia que cura sus heridas de la mejor manera posible, protagonizada por unos personajes bastante at\u00edpicos\u00bb. <em>La Cause Litt\u00e9raire<\/em>\r\n\r\n&nbsp;\r\n\r\n<strong>POTENCIAL AUDIOVISUAL:<\/strong> En desarrollo.\r\n\r\n<strong>IDIOMAS DISPONIBLES: <\/strong>Espa\u00f1ol y franc\u00e9s.","articulo__autor":[2975],"_thumbnail_id":11088,"articulo__featured_gallery":null,"articulo__galeria_archivos":"","articulo__fecha_de_publicacion":"","articulo__idiomas":"","articulo__dossier":"","idarticle":1470},"yoast_head":"<!-- This site is optimized with the Yoast SEO plugin v27.4 - https:\/\/yoast.com\/product\/yoast-seo-wordpress\/ -->\n<title>Saga Ser\u00e1 larga la noche (Film\/ Serie TV) - Scenic\u00a0Rights<\/title>\n<meta name=\"robots\" content=\"index, follow, max-snippet:-1, max-image-preview:large, max-video-preview:-1\" \/>\n<link rel=\"canonical\" href=\"https:\/\/www.scenicrights.com\/ca\/projects\/sera-larga-la-noche\/\" \/>\n<meta property=\"og:locale\" content=\"ca_ES\" \/>\n<meta property=\"og:type\" content=\"article\" \/>\n<meta property=\"og:title\" content=\"Saga Ser\u00e1 larga la noche (Film\/ Serie TV) - Scenic\u00a0Rights\" \/>\n<meta property=\"og:description\" content=\"&nbsp;El pa&iacute;s est&aacute; siendo azotado por la violencia.&nbsp; Un ni&ntilde;o es testigo de un asesinato en una carretera perdida en el departamento del Cauca, en Colombia. [&hellip;]\" \/>\n<meta property=\"og:url\" content=\"https:\/\/www.scenicrights.com\/ca\/projects\/sera-larga-la-noche\/\" \/>\n<meta property=\"og:site_name\" content=\"Scenic\u00a0Rights\" \/>\n<meta property=\"article:modified_time\" content=\"2025-07-16T08:43:31+00:00\" \/>\n<meta property=\"og:image\" content=\"https:\/\/www.scenicrights.com\/wp-content\/uploads\/2023\/09\/4ehUlngMfURoNCN7iNAHg.jpg\" \/>\n\t<meta property=\"og:image:width\" content=\"1297\" \/>\n\t<meta property=\"og:image:height\" content=\"2048\" \/>\n\t<meta property=\"og:image:type\" content=\"image\/jpeg\" \/>\n<meta name=\"twitter:card\" content=\"summary_large_image\" \/>\n<meta name=\"twitter:label1\" content=\"Temps estimat de lectura\" \/>\n\t<meta name=\"twitter:data1\" content=\"2 minuts\" \/>\n<script type=\"application\/ld+json\" class=\"yoast-schema-graph\">{\"@context\":\"https:\\\/\\\/schema.org\",\"@graph\":[{\"@type\":\"WebPage\",\"@id\":\"https:\\\/\\\/www.scenicrights.com\\\/ca\\\/projects\\\/sera-larga-la-noche\\\/\",\"url\":\"https:\\\/\\\/www.scenicrights.com\\\/ca\\\/projects\\\/sera-larga-la-noche\\\/\",\"name\":\"Saga Ser\u00e1 larga la noche (Film\\\/ Serie TV) - Scenic\u00a0Rights\",\"isPartOf\":{\"@id\":\"https:\\\/\\\/www.scenicrights.com\\\/ca\\\/#website\"},\"primaryImageOfPage\":{\"@id\":\"https:\\\/\\\/www.scenicrights.com\\\/ca\\\/projects\\\/sera-larga-la-noche\\\/#primaryimage\"},\"image\":{\"@id\":\"https:\\\/\\\/www.scenicrights.com\\\/ca\\\/projects\\\/sera-larga-la-noche\\\/#primaryimage\"},\"thumbnailUrl\":\"https:\\\/\\\/www.scenicrights.com\\\/wp-content\\\/uploads\\\/2023\\\/09\\\/4ehUlngMfURoNCN7iNAHg.jpg\",\"datePublished\":\"2023-09-13T14:08:08+00:00\",\"dateModified\":\"2025-07-16T08:43:31+00:00\",\"breadcrumb\":{\"@id\":\"https:\\\/\\\/www.scenicrights.com\\\/ca\\\/projects\\\/sera-larga-la-noche\\\/#breadcrumb\"},\"inLanguage\":\"ca\",\"potentialAction\":[{\"@type\":\"ReadAction\",\"target\":[\"https:\\\/\\\/www.scenicrights.com\\\/ca\\\/projects\\\/sera-larga-la-noche\\\/\"]}]},{\"@type\":\"ImageObject\",\"inLanguage\":\"ca\",\"@id\":\"https:\\\/\\\/www.scenicrights.com\\\/ca\\\/projects\\\/sera-larga-la-noche\\\/#primaryimage\",\"url\":\"https:\\\/\\\/www.scenicrights.com\\\/wp-content\\\/uploads\\\/2023\\\/09\\\/4ehUlngMfURoNCN7iNAHg.jpg\",\"contentUrl\":\"https:\\\/\\\/www.scenicrights.com\\\/wp-content\\\/uploads\\\/2023\\\/09\\\/4ehUlngMfURoNCN7iNAHg.jpg\",\"width\":1297,\"height\":2048},{\"@type\":\"BreadcrumbList\",\"@id\":\"https:\\\/\\\/www.scenicrights.com\\\/ca\\\/projects\\\/sera-larga-la-noche\\\/#breadcrumb\",\"itemListElement\":[{\"@type\":\"ListItem\",\"position\":1,\"name\":\"Home\",\"item\":\"https:\\\/\\\/www.scenicrights.com\\\/ca\\\/\"},{\"@type\":\"ListItem\",\"position\":2,\"name\":\"Saga Ser\u00e1 larga la noche (Film\\\/ Serie TV)\"}]},{\"@type\":\"WebSite\",\"@id\":\"https:\\\/\\\/www.scenicrights.com\\\/ca\\\/#website\",\"url\":\"https:\\\/\\\/www.scenicrights.com\\\/ca\\\/\",\"name\":\"Scenic\u00a0Rights\",\"description\":\"\",\"publisher\":{\"@id\":\"https:\\\/\\\/www.scenicrights.com\\\/ca\\\/#organization\"},\"potentialAction\":[{\"@type\":\"SearchAction\",\"target\":{\"@type\":\"EntryPoint\",\"urlTemplate\":\"https:\\\/\\\/www.scenicrights.com\\\/ca\\\/?s={search_term_string}\"},\"query-input\":{\"@type\":\"PropertyValueSpecification\",\"valueRequired\":true,\"valueName\":\"search_term_string\"}}],\"inLanguage\":\"ca\"},{\"@type\":\"Organization\",\"@id\":\"https:\\\/\\\/www.scenicrights.com\\\/ca\\\/#organization\",\"name\":\"Scenic\u00a0Rights\",\"url\":\"https:\\\/\\\/www.scenicrights.com\\\/ca\\\/\",\"logo\":{\"@type\":\"ImageObject\",\"inLanguage\":\"ca\",\"@id\":\"https:\\\/\\\/www.scenicrights.com\\\/ca\\\/#\\\/schema\\\/logo\\\/image\\\/\",\"url\":\"https:\\\/\\\/www.scenicrights.com\\\/wp-content\\\/uploads\\\/2023\\\/07\\\/logo-horizontal-web.png\",\"contentUrl\":\"https:\\\/\\\/www.scenicrights.com\\\/wp-content\\\/uploads\\\/2023\\\/07\\\/logo-horizontal-web.png\",\"width\":644,\"height\":225,\"caption\":\"Scenic\u00a0Rights\"},\"image\":{\"@id\":\"https:\\\/\\\/www.scenicrights.com\\\/ca\\\/#\\\/schema\\\/logo\\\/image\\\/\"}}]}<\/script>\n<!-- \/ Yoast SEO plugin. -->","yoast_head_json":{"title":"Saga Ser\u00e1 larga la noche (Film\/ Serie TV) - Scenic\u00a0Rights","robots":{"index":"index","follow":"follow","max-snippet":"max-snippet:-1","max-image-preview":"max-image-preview:large","max-video-preview":"max-video-preview:-1"},"canonical":"https:\/\/www.scenicrights.com\/ca\/projects\/sera-larga-la-noche\/","og_locale":"ca_ES","og_type":"article","og_title":"Saga Ser\u00e1 larga la noche (Film\/ Serie TV) - Scenic\u00a0Rights","og_description":"&nbsp;El pa&iacute;s est&aacute; siendo azotado por la violencia.&nbsp; Un ni&ntilde;o es testigo de un asesinato en una carretera perdida en el departamento del Cauca, en Colombia. [&hellip;]","og_url":"https:\/\/www.scenicrights.com\/ca\/projects\/sera-larga-la-noche\/","og_site_name":"Scenic\u00a0Rights","article_modified_time":"2025-07-16T08:43:31+00:00","og_image":[{"width":1297,"height":2048,"url":"https:\/\/www.scenicrights.com\/wp-content\/uploads\/2023\/09\/4ehUlngMfURoNCN7iNAHg.jpg","type":"image\/jpeg"}],"twitter_card":"summary_large_image","twitter_misc":{"Temps estimat de lectura":"2 minuts"},"schema":{"@context":"https:\/\/schema.org","@graph":[{"@type":"WebPage","@id":"https:\/\/www.scenicrights.com\/ca\/projects\/sera-larga-la-noche\/","url":"https:\/\/www.scenicrights.com\/ca\/projects\/sera-larga-la-noche\/","name":"Saga Ser\u00e1 larga la noche (Film\/ Serie TV) - Scenic\u00a0Rights","isPartOf":{"@id":"https:\/\/www.scenicrights.com\/ca\/#website"},"primaryImageOfPage":{"@id":"https:\/\/www.scenicrights.com\/ca\/projects\/sera-larga-la-noche\/#primaryimage"},"image":{"@id":"https:\/\/www.scenicrights.com\/ca\/projects\/sera-larga-la-noche\/#primaryimage"},"thumbnailUrl":"https:\/\/www.scenicrights.com\/wp-content\/uploads\/2023\/09\/4ehUlngMfURoNCN7iNAHg.jpg","datePublished":"2023-09-13T14:08:08+00:00","dateModified":"2025-07-16T08:43:31+00:00","breadcrumb":{"@id":"https:\/\/www.scenicrights.com\/ca\/projects\/sera-larga-la-noche\/#breadcrumb"},"inLanguage":"ca","potentialAction":[{"@type":"ReadAction","target":["https:\/\/www.scenicrights.com\/ca\/projects\/sera-larga-la-noche\/"]}]},{"@type":"ImageObject","inLanguage":"ca","@id":"https:\/\/www.scenicrights.com\/ca\/projects\/sera-larga-la-noche\/#primaryimage","url":"https:\/\/www.scenicrights.com\/wp-content\/uploads\/2023\/09\/4ehUlngMfURoNCN7iNAHg.jpg","contentUrl":"https:\/\/www.scenicrights.com\/wp-content\/uploads\/2023\/09\/4ehUlngMfURoNCN7iNAHg.jpg","width":1297,"height":2048},{"@type":"BreadcrumbList","@id":"https:\/\/www.scenicrights.com\/ca\/projects\/sera-larga-la-noche\/#breadcrumb","itemListElement":[{"@type":"ListItem","position":1,"name":"Home","item":"https:\/\/www.scenicrights.com\/ca\/"},{"@type":"ListItem","position":2,"name":"Saga Ser\u00e1 larga la noche (Film\/ Serie TV)"}]},{"@type":"WebSite","@id":"https:\/\/www.scenicrights.com\/ca\/#website","url":"https:\/\/www.scenicrights.com\/ca\/","name":"Scenic\u00a0Rights","description":"","publisher":{"@id":"https:\/\/www.scenicrights.com\/ca\/#organization"},"potentialAction":[{"@type":"SearchAction","target":{"@type":"EntryPoint","urlTemplate":"https:\/\/www.scenicrights.com\/ca\/?s={search_term_string}"},"query-input":{"@type":"PropertyValueSpecification","valueRequired":true,"valueName":"search_term_string"}}],"inLanguage":"ca"},{"@type":"Organization","@id":"https:\/\/www.scenicrights.com\/ca\/#organization","name":"Scenic\u00a0Rights","url":"https:\/\/www.scenicrights.com\/ca\/","logo":{"@type":"ImageObject","inLanguage":"ca","@id":"https:\/\/www.scenicrights.com\/ca\/#\/schema\/logo\/image\/","url":"https:\/\/www.scenicrights.com\/wp-content\/uploads\/2023\/07\/logo-horizontal-web.png","contentUrl":"https:\/\/www.scenicrights.com\/wp-content\/uploads\/2023\/07\/logo-horizontal-web.png","width":644,"height":225,"caption":"Scenic\u00a0Rights"},"image":{"@id":"https:\/\/www.scenicrights.com\/ca\/#\/schema\/logo\/image\/"}}]}},"_links":{"self":[{"href":"https:\/\/www.scenicrights.com\/ca\/wp-json\/wp\/v2\/articulo\/21098","targetHints":{"allow":["GET"]}}],"collection":[{"href":"https:\/\/www.scenicrights.com\/ca\/wp-json\/wp\/v2\/articulo"}],"about":[{"href":"https:\/\/www.scenicrights.com\/ca\/wp-json\/wp\/v2\/types\/articulo"}],"acf:post":[{"embeddable":true,"href":"https:\/\/www.scenicrights.com\/ca\/wp-json\/wp\/v2\/autor\/2975"}],"acf:term":[{"embeddable":true,"taxonomy":"licencia","href":"https:\/\/www.scenicrights.com\/ca\/wp-json\/wp\/v2\/licencia\/17"},{"embeddable":true,"taxonomy":"produccion","href":"https:\/\/www.scenicrights.com\/ca\/wp-json\/wp\/v2\/produccion\/14"},{"embeddable":true,"taxonomy":"art_tag","href":"https:\/\/www.scenicrights.com\/ca\/wp-json\/wp\/v2\/art_tag\/1345"},{"embeddable":true,"taxonomy":"art_tag","href":"https:\/\/www.scenicrights.com\/ca\/wp-json\/wp\/v2\/art_tag\/1151"},{"embeddable":true,"taxonomy":"art_tag","href":"https:\/\/www.scenicrights.com\/ca\/wp-json\/wp\/v2\/art_tag\/795"},{"embeddable":true,"taxonomy":"art_tag","href":"https:\/\/www.scenicrights.com\/ca\/wp-json\/wp\/v2\/art_tag\/967"},{"embeddable":true,"taxonomy":"art_tag","href":"https:\/\/www.scenicrights.com\/ca\/wp-json\/wp\/v2\/art_tag\/1109"},{"embeddable":true,"taxonomy":"art_tag","href":"https:\/\/www.scenicrights.com\/ca\/wp-json\/wp\/v2\/art_tag\/1376"},{"embeddable":true,"taxonomy":"art_tag","href":"https:\/\/www.scenicrights.com\/ca\/wp-json\/wp\/v2\/art_tag\/1061"},{"embeddable":true,"taxonomy":"art_tag","href":"https:\/\/www.scenicrights.com\/ca\/wp-json\/wp\/v2\/art_tag\/1213"},{"embeddable":true,"taxonomy":"art_tag","href":"https:\/\/www.scenicrights.com\/ca\/wp-json\/wp\/v2\/art_tag\/1280"},{"embeddable":true,"taxonomy":"art_tag","href":"https:\/\/www.scenicrights.com\/ca\/wp-json\/wp\/v2\/art_tag\/1021"},{"embeddable":true,"taxonomy":"tipo","href":"https:\/\/www.scenicrights.com\/ca\/wp-json\/wp\/v2\/tipo\/5"},{"embeddable":true,"taxonomy":"subgenero","href":"https:\/\/www.scenicrights.com\/ca\/wp-json\/wp\/v2\/subgenero\/675"},{"embeddable":true,"taxonomy":"genero","href":"https:\/\/www.scenicrights.com\/ca\/wp-json\/wp\/v2\/genero\/46"}],"wp:featuredmedia":[{"embeddable":true,"href":"https:\/\/www.scenicrights.com\/ca\/wp-json\/wp\/v2\/media\/11088"}],"wp:attachment":[{"href":"https:\/\/www.scenicrights.com\/ca\/wp-json\/wp\/v2\/media?parent=21098"}],"wp:term":[{"taxonomy":"art_tag","embeddable":true,"href":"https:\/\/www.scenicrights.com\/ca\/wp-json\/wp\/v2\/art_tag?post=21098"},{"taxonomy":"genero","embeddable":true,"href":"https:\/\/www.scenicrights.com\/ca\/wp-json\/wp\/v2\/genero?post=21098"},{"taxonomy":"licencia","embeddable":true,"href":"https:\/\/www.scenicrights.com\/ca\/wp-json\/wp\/v2\/licencia?post=21098"},{"taxonomy":"localizacion","embeddable":true,"href":"https:\/\/www.scenicrights.com\/ca\/wp-json\/wp\/v2\/localizacion?post=21098"},{"taxonomy":"produccion","embeddable":true,"href":"https:\/\/www.scenicrights.com\/ca\/wp-json\/wp\/v2\/produccion?post=21098"},{"taxonomy":"subgenero","embeddable":true,"href":"https:\/\/www.scenicrights.com\/ca\/wp-json\/wp\/v2\/subgenero?post=21098"},{"taxonomy":"tipo","embeddable":true,"href":"https:\/\/www.scenicrights.com\/ca\/wp-json\/wp\/v2\/tipo?post=21098"}],"curies":[{"name":"wp","href":"https:\/\/api.w.org\/{rel}","templated":true}]}}