{"id":21099,"date":"2023-09-13T14:08:08","date_gmt":"2023-09-13T14:08:08","guid":{"rendered":"https:\/\/pre.scenicrights.com\/projects\/saga-karen-nieto-serie-tv\/"},"modified":"2026-01-19T17:18:33","modified_gmt":"2026-01-19T17:18:33","slug":"saga-karen-nieto-serie-tv","status":"publish","type":"articulo","link":"https:\/\/www.scenicrights.com\/ca\/projects\/saga-karen-nieto-serie-tv\/","title":{"rendered":"Saga Karen Nieto"},"template":"","art_tag":[891,929,967,1021,1041,1053,1281,1159],"genero":[46],"licencia":[17],"localizacion":[],"produccion":[],"subgenero":[1611],"tipo":[5],"class_list":["post-21099","articulo","type-articulo","status-publish","has-post-thumbnail","hentry","art_tag-familia-ca","art_tag-herencia-ca","art_tag-investigacio","art_tag-mort","art_tag-negocis","art_tag-passat","art_tag-social-ca","art_tag-superacio","genero-drama-ca","licencia-propia","subgenero-womens-fiction-ca-2","tipo-proyecto"],"acf":{"generos_tax":[46],"subgeneros_tax":[1611],"tipo_tax":[5],"tags_tax":[891,1041,929,1159,1281,1021,967,1053],"produccion_tax":false,"licencia_tax":17,"localizacion_tax":false,"articulo__titulo_extendido":"","articulo__extracto":"","articulo__contenido":"<p style=\"text-align: center;\"><strong>La mujer que buce\u00f3 dentro del coraz\u00f3n del mundo | El dios de Darwin<\/strong><\/p>\r\n<p style=\"text-align: right;\"><strong><em>\u201cNo dejes que nadie te diga que eres inferior.\u00a0<\/em><\/strong><strong><em>No lo eres; tan solo eres diferente.\u201d<\/em><\/strong><\/p>\r\nKaren Nieto es una ni\u00f1a de 12 a\u00f1os completamente asalvajada, sin lenguaje, y con S\u00edndrome de Asperger. La ni\u00f1a llega a la vida de su t\u00eda Isabelle tras quedarse hu\u00e9rfana. Entre ellas se desarrolla una entra\u00f1able relaci\u00f3n que, gracias a la sofisticada educaci\u00f3n que le proporciona Isabelle, permite que Karen se convierta en la digna heredera de una de las empresas atuneras m\u00e1s importantes a nivel mundial. El relato es narrado desde la \u00f3ptica autista de Karen, creando as\u00ed una obra original y diferente, llena de humor y excentricidades. La obra de Berman reivindica la intuici\u00f3n y los sentidos frente a la raz\u00f3n, as\u00ed como el derecho a ser diferente.\r\n\r\nLa trama principal de la propuesta audiovisual est\u00e1 basada en el primer libro, <em>L<strong>a mujer que buce\u00f3 dentro del coraz\u00f3n del mundo<\/strong><\/em>, donde se cuenta la vida de este extraordinario personaje a trav\u00e9s de flashbacks desde su ni\u00f1ez sin habla a los 12 a\u00f1os, hasta que, con 40 a\u00f1os, se convierte en una exc\u00e9ntrica e ins\u00f3lita millonaria que tiene que lidiar con un mundo de humanos que apenas comprende.\r\n\r\nEs un gran <em>character-driven<\/em> drama que se presta para un proyecto de serie de TV de varias temporadas, ya que el personaje de Karen Nieto tiene un gran arco con mucho potencial de desarrollo. Cada situaci\u00f3n normal para un ser humano \u201ccorriente\u201d es un gran reto a superar para Karen, lo cual la hace evolucionar constantemente.\r\n\r\nEl argumento del segundo libro, <strong><em>El Dios de Darwin<\/em><\/strong>, es una gran trama secundaria para una de las temporadas, donde, en clave de thriller, se investiga el caso en el que un excompa\u00f1ero de Karen descubre un manuscrito de Charles Darwin y es asesinado. Esto deja un gran potencial para que se puedan seguir desarrollando subtramas con casos relacionados con los temas m\u00e1s actuales (ciencia, religi\u00f3n, LGBT, ecolog\u00eda, pol\u00edtica\u2026) los cuales Karen puede ir investigando ingeniosamente bajo su peculiar prisma. Esto la llevar\u00e1 a situaciones duras y crudas a la par que hilarantes.\r\n\r\n&nbsp;\r\n\r\n<strong>DATOS RELEVANTES<\/strong>: La galardonada Sabina Berman es considerada como la autora, dramaturga y guionista de m\u00e1s \u00e9xito cr\u00edtico y comercial de M\u00e9xico, ganando hasta cuatro veces el <strong>Premio Nacional de Teatro<\/strong> <strong>de M\u00e9xico<\/strong>. Ha trabajado como guionista en important\u00edsimos proyectos de cine para grandes directores como Alejandro G. I\u00f1\u00e1rritu o Alfonso Cuar\u00f3n.\u00a0 Entre sus galardones cinematogr\u00e1ficos cuenta con una <strong>nominaci\u00f3n<\/strong> y un <strong>Premio Ariel<\/strong> <strong>a Mejor guion<\/strong>, la nominaci\u00f3n a los<strong> Premios \u00d3scar<\/strong>, <strong>Medalla de plata <\/strong>a Mejor Guion<strong> del Toronto International Film Festival, <\/strong>entre otros.\r\n\r\nSu novela <em>La mujer que buce\u00f3 dentro del coraz\u00f3n del mundo <\/em>es una de las obras m\u00e1s exportadas de la literatura mexicana, siendo un autentico \u00e9xito de ventas adquirida por editoriales de 33 pa\u00edses y traducida a 11 idiomas.\r\n\r\n&nbsp;\r\n\r\n<strong>POTENCIAL AUDIOVISUAL<\/strong>: Serie TV en desarrollo.\r\n\r\n<strong>IDIOMAS DISPONIBLES<\/strong>: Espa\u00f1ol, ingl\u00e9s, fin\u00e9s, b\u00falgaro, portugu\u00e9s, franc\u00e9s, polaco, checo, italiano, serbio, h\u00fangaro, y alem\u00e1n.","articulo__autor":[2778],"_thumbnail_id":27098,"articulo__featured_gallery":null,"articulo__galeria_archivos":"","articulo__fecha_de_publicacion":"","articulo__idiomas":"","articulo__dossier":"","idarticle":1471},"yoast_head":"<!-- This site is optimized with the Yoast SEO plugin v27.5 - https:\/\/yoast.com\/product\/yoast-seo-wordpress\/ -->\n<title>Saga Karen Nieto - Scenic\u00a0Rights<\/title>\n<meta name=\"robots\" content=\"index, follow, max-snippet:-1, max-image-preview:large, max-video-preview:-1\" \/>\n<link rel=\"canonical\" href=\"https:\/\/www.scenicrights.com\/ca\/projects\/saga-karen-nieto-serie-tv\/\" \/>\n<meta property=\"og:locale\" content=\"ca_ES\" \/>\n<meta property=\"og:type\" content=\"article\" \/>\n<meta property=\"og:title\" content=\"Saga Karen Nieto - Scenic\u00a0Rights\" \/>\n<meta property=\"og:description\" content=\"&ldquo;No dejes que nadie te diga que eres inferior.&nbsp; No lo eres; tan solo eres diferente.&rdquo; Karen Nieto es una ni&ntilde;a de 12 a&ntilde;os completamente asalvajada, [&hellip;]\" \/>\n<meta property=\"og:url\" content=\"https:\/\/www.scenicrights.com\/ca\/projects\/saga-karen-nieto-serie-tv\/\" \/>\n<meta property=\"og:site_name\" content=\"Scenic\u00a0Rights\" \/>\n<meta property=\"article:modified_time\" content=\"2026-01-19T17:18:33+00:00\" \/>\n<meta property=\"og:image\" content=\"https:\/\/www.scenicrights.com\/wp-content\/uploads\/2023\/09\/47279_1_lamujernuevaalta.jpg\" \/>\n\t<meta property=\"og:image:width\" content=\"1217\" \/>\n\t<meta property=\"og:image:height\" content=\"2000\" \/>\n\t<meta property=\"og:image:type\" content=\"image\/jpeg\" \/>\n<meta name=\"twitter:card\" content=\"summary_large_image\" \/>\n<meta name=\"twitter:label1\" content=\"Temps estimat de lectura\" \/>\n\t<meta name=\"twitter:data1\" content=\"3 minuts\" \/>\n<script type=\"application\/ld+json\" class=\"yoast-schema-graph\">{\"@context\":\"https:\\\/\\\/schema.org\",\"@graph\":[{\"@type\":\"WebPage\",\"@id\":\"https:\\\/\\\/www.scenicrights.com\\\/ca\\\/projects\\\/saga-karen-nieto-serie-tv\\\/\",\"url\":\"https:\\\/\\\/www.scenicrights.com\\\/ca\\\/projects\\\/saga-karen-nieto-serie-tv\\\/\",\"name\":\"Saga Karen Nieto - Scenic\u00a0Rights\",\"isPartOf\":{\"@id\":\"https:\\\/\\\/www.scenicrights.com\\\/ca\\\/#website\"},\"primaryImageOfPage\":{\"@id\":\"https:\\\/\\\/www.scenicrights.com\\\/ca\\\/projects\\\/saga-karen-nieto-serie-tv\\\/#primaryimage\"},\"image\":{\"@id\":\"https:\\\/\\\/www.scenicrights.com\\\/ca\\\/projects\\\/saga-karen-nieto-serie-tv\\\/#primaryimage\"},\"thumbnailUrl\":\"https:\\\/\\\/www.scenicrights.com\\\/wp-content\\\/uploads\\\/2023\\\/09\\\/47279_1_lamujernuevaalta.jpg\",\"datePublished\":\"2023-09-13T14:08:08+00:00\",\"dateModified\":\"2026-01-19T17:18:33+00:00\",\"breadcrumb\":{\"@id\":\"https:\\\/\\\/www.scenicrights.com\\\/ca\\\/projects\\\/saga-karen-nieto-serie-tv\\\/#breadcrumb\"},\"inLanguage\":\"ca\",\"potentialAction\":[{\"@type\":\"ReadAction\",\"target\":[\"https:\\\/\\\/www.scenicrights.com\\\/ca\\\/projects\\\/saga-karen-nieto-serie-tv\\\/\"]}]},{\"@type\":\"ImageObject\",\"inLanguage\":\"ca\",\"@id\":\"https:\\\/\\\/www.scenicrights.com\\\/ca\\\/projects\\\/saga-karen-nieto-serie-tv\\\/#primaryimage\",\"url\":\"https:\\\/\\\/www.scenicrights.com\\\/wp-content\\\/uploads\\\/2023\\\/09\\\/47279_1_lamujernuevaalta.jpg\",\"contentUrl\":\"https:\\\/\\\/www.scenicrights.com\\\/wp-content\\\/uploads\\\/2023\\\/09\\\/47279_1_lamujernuevaalta.jpg\",\"width\":1217,\"height\":2000},{\"@type\":\"BreadcrumbList\",\"@id\":\"https:\\\/\\\/www.scenicrights.com\\\/ca\\\/projects\\\/saga-karen-nieto-serie-tv\\\/#breadcrumb\",\"itemListElement\":[{\"@type\":\"ListItem\",\"position\":1,\"name\":\"Home\",\"item\":\"https:\\\/\\\/www.scenicrights.com\\\/ca\\\/\"},{\"@type\":\"ListItem\",\"position\":2,\"name\":\"Saga Karen Nieto\"}]},{\"@type\":\"WebSite\",\"@id\":\"https:\\\/\\\/www.scenicrights.com\\\/ca\\\/#website\",\"url\":\"https:\\\/\\\/www.scenicrights.com\\\/ca\\\/\",\"name\":\"Scenic\u00a0Rights\",\"description\":\"\",\"publisher\":{\"@id\":\"https:\\\/\\\/www.scenicrights.com\\\/ca\\\/#organization\"},\"potentialAction\":[{\"@type\":\"SearchAction\",\"target\":{\"@type\":\"EntryPoint\",\"urlTemplate\":\"https:\\\/\\\/www.scenicrights.com\\\/ca\\\/?s={search_term_string}\"},\"query-input\":{\"@type\":\"PropertyValueSpecification\",\"valueRequired\":true,\"valueName\":\"search_term_string\"}}],\"inLanguage\":\"ca\"},{\"@type\":\"Organization\",\"@id\":\"https:\\\/\\\/www.scenicrights.com\\\/ca\\\/#organization\",\"name\":\"Scenic\u00a0Rights\",\"url\":\"https:\\\/\\\/www.scenicrights.com\\\/ca\\\/\",\"logo\":{\"@type\":\"ImageObject\",\"inLanguage\":\"ca\",\"@id\":\"https:\\\/\\\/www.scenicrights.com\\\/ca\\\/#\\\/schema\\\/logo\\\/image\\\/\",\"url\":\"https:\\\/\\\/www.scenicrights.com\\\/wp-content\\\/uploads\\\/2023\\\/07\\\/logo-horizontal-web.png\",\"contentUrl\":\"https:\\\/\\\/www.scenicrights.com\\\/wp-content\\\/uploads\\\/2023\\\/07\\\/logo-horizontal-web.png\",\"width\":644,\"height\":225,\"caption\":\"Scenic\u00a0Rights\"},\"image\":{\"@id\":\"https:\\\/\\\/www.scenicrights.com\\\/ca\\\/#\\\/schema\\\/logo\\\/image\\\/\"}}]}<\/script>\n<!-- \/ Yoast SEO plugin. -->","yoast_head_json":{"title":"Saga Karen Nieto - Scenic\u00a0Rights","robots":{"index":"index","follow":"follow","max-snippet":"max-snippet:-1","max-image-preview":"max-image-preview:large","max-video-preview":"max-video-preview:-1"},"canonical":"https:\/\/www.scenicrights.com\/ca\/projects\/saga-karen-nieto-serie-tv\/","og_locale":"ca_ES","og_type":"article","og_title":"Saga Karen Nieto - Scenic\u00a0Rights","og_description":"&ldquo;No dejes que nadie te diga que eres inferior.&nbsp; No lo eres; tan solo eres diferente.&rdquo; Karen Nieto es una ni&ntilde;a de 12 a&ntilde;os completamente asalvajada, [&hellip;]","og_url":"https:\/\/www.scenicrights.com\/ca\/projects\/saga-karen-nieto-serie-tv\/","og_site_name":"Scenic\u00a0Rights","article_modified_time":"2026-01-19T17:18:33+00:00","og_image":[{"width":1217,"height":2000,"url":"https:\/\/www.scenicrights.com\/wp-content\/uploads\/2023\/09\/47279_1_lamujernuevaalta.jpg","type":"image\/jpeg"}],"twitter_card":"summary_large_image","twitter_misc":{"Temps estimat de lectura":"3 minuts"},"schema":{"@context":"https:\/\/schema.org","@graph":[{"@type":"WebPage","@id":"https:\/\/www.scenicrights.com\/ca\/projects\/saga-karen-nieto-serie-tv\/","url":"https:\/\/www.scenicrights.com\/ca\/projects\/saga-karen-nieto-serie-tv\/","name":"Saga Karen Nieto - Scenic\u00a0Rights","isPartOf":{"@id":"https:\/\/www.scenicrights.com\/ca\/#website"},"primaryImageOfPage":{"@id":"https:\/\/www.scenicrights.com\/ca\/projects\/saga-karen-nieto-serie-tv\/#primaryimage"},"image":{"@id":"https:\/\/www.scenicrights.com\/ca\/projects\/saga-karen-nieto-serie-tv\/#primaryimage"},"thumbnailUrl":"https:\/\/www.scenicrights.com\/wp-content\/uploads\/2023\/09\/47279_1_lamujernuevaalta.jpg","datePublished":"2023-09-13T14:08:08+00:00","dateModified":"2026-01-19T17:18:33+00:00","breadcrumb":{"@id":"https:\/\/www.scenicrights.com\/ca\/projects\/saga-karen-nieto-serie-tv\/#breadcrumb"},"inLanguage":"ca","potentialAction":[{"@type":"ReadAction","target":["https:\/\/www.scenicrights.com\/ca\/projects\/saga-karen-nieto-serie-tv\/"]}]},{"@type":"ImageObject","inLanguage":"ca","@id":"https:\/\/www.scenicrights.com\/ca\/projects\/saga-karen-nieto-serie-tv\/#primaryimage","url":"https:\/\/www.scenicrights.com\/wp-content\/uploads\/2023\/09\/47279_1_lamujernuevaalta.jpg","contentUrl":"https:\/\/www.scenicrights.com\/wp-content\/uploads\/2023\/09\/47279_1_lamujernuevaalta.jpg","width":1217,"height":2000},{"@type":"BreadcrumbList","@id":"https:\/\/www.scenicrights.com\/ca\/projects\/saga-karen-nieto-serie-tv\/#breadcrumb","itemListElement":[{"@type":"ListItem","position":1,"name":"Home","item":"https:\/\/www.scenicrights.com\/ca\/"},{"@type":"ListItem","position":2,"name":"Saga Karen Nieto"}]},{"@type":"WebSite","@id":"https:\/\/www.scenicrights.com\/ca\/#website","url":"https:\/\/www.scenicrights.com\/ca\/","name":"Scenic\u00a0Rights","description":"","publisher":{"@id":"https:\/\/www.scenicrights.com\/ca\/#organization"},"potentialAction":[{"@type":"SearchAction","target":{"@type":"EntryPoint","urlTemplate":"https:\/\/www.scenicrights.com\/ca\/?s={search_term_string}"},"query-input":{"@type":"PropertyValueSpecification","valueRequired":true,"valueName":"search_term_string"}}],"inLanguage":"ca"},{"@type":"Organization","@id":"https:\/\/www.scenicrights.com\/ca\/#organization","name":"Scenic\u00a0Rights","url":"https:\/\/www.scenicrights.com\/ca\/","logo":{"@type":"ImageObject","inLanguage":"ca","@id":"https:\/\/www.scenicrights.com\/ca\/#\/schema\/logo\/image\/","url":"https:\/\/www.scenicrights.com\/wp-content\/uploads\/2023\/07\/logo-horizontal-web.png","contentUrl":"https:\/\/www.scenicrights.com\/wp-content\/uploads\/2023\/07\/logo-horizontal-web.png","width":644,"height":225,"caption":"Scenic\u00a0Rights"},"image":{"@id":"https:\/\/www.scenicrights.com\/ca\/#\/schema\/logo\/image\/"}}]}},"_links":{"self":[{"href":"https:\/\/www.scenicrights.com\/ca\/wp-json\/wp\/v2\/articulo\/21099","targetHints":{"allow":["GET"]}}],"collection":[{"href":"https:\/\/www.scenicrights.com\/ca\/wp-json\/wp\/v2\/articulo"}],"about":[{"href":"https:\/\/www.scenicrights.com\/ca\/wp-json\/wp\/v2\/types\/articulo"}],"acf:post":[{"embeddable":true,"href":"https:\/\/www.scenicrights.com\/ca\/wp-json\/wp\/v2\/autor\/2778"}],"acf:term":[{"embeddable":true,"taxonomy":"licencia","href":"https:\/\/www.scenicrights.com\/ca\/wp-json\/wp\/v2\/licencia\/17"},{"embeddable":true,"taxonomy":"art_tag","href":"https:\/\/www.scenicrights.com\/ca\/wp-json\/wp\/v2\/art_tag\/1053"},{"embeddable":true,"taxonomy":"art_tag","href":"https:\/\/www.scenicrights.com\/ca\/wp-json\/wp\/v2\/art_tag\/967"},{"embeddable":true,"taxonomy":"art_tag","href":"https:\/\/www.scenicrights.com\/ca\/wp-json\/wp\/v2\/art_tag\/1021"},{"embeddable":true,"taxonomy":"art_tag","href":"https:\/\/www.scenicrights.com\/ca\/wp-json\/wp\/v2\/art_tag\/1281"},{"embeddable":true,"taxonomy":"art_tag","href":"https:\/\/www.scenicrights.com\/ca\/wp-json\/wp\/v2\/art_tag\/1159"},{"embeddable":true,"taxonomy":"art_tag","href":"https:\/\/www.scenicrights.com\/ca\/wp-json\/wp\/v2\/art_tag\/929"},{"embeddable":true,"taxonomy":"art_tag","href":"https:\/\/www.scenicrights.com\/ca\/wp-json\/wp\/v2\/art_tag\/1041"},{"embeddable":true,"taxonomy":"art_tag","href":"https:\/\/www.scenicrights.com\/ca\/wp-json\/wp\/v2\/art_tag\/891"},{"embeddable":true,"taxonomy":"tipo","href":"https:\/\/www.scenicrights.com\/ca\/wp-json\/wp\/v2\/tipo\/5"},{"embeddable":true,"taxonomy":"subgenero","href":"https:\/\/www.scenicrights.com\/ca\/wp-json\/wp\/v2\/subgenero\/1611"},{"embeddable":true,"taxonomy":"genero","href":"https:\/\/www.scenicrights.com\/ca\/wp-json\/wp\/v2\/genero\/46"}],"wp:featuredmedia":[{"embeddable":true,"href":"https:\/\/www.scenicrights.com\/ca\/wp-json\/wp\/v2\/media\/27098"}],"wp:attachment":[{"href":"https:\/\/www.scenicrights.com\/ca\/wp-json\/wp\/v2\/media?parent=21099"}],"wp:term":[{"taxonomy":"art_tag","embeddable":true,"href":"https:\/\/www.scenicrights.com\/ca\/wp-json\/wp\/v2\/art_tag?post=21099"},{"taxonomy":"genero","embeddable":true,"href":"https:\/\/www.scenicrights.com\/ca\/wp-json\/wp\/v2\/genero?post=21099"},{"taxonomy":"licencia","embeddable":true,"href":"https:\/\/www.scenicrights.com\/ca\/wp-json\/wp\/v2\/licencia?post=21099"},{"taxonomy":"localizacion","embeddable":true,"href":"https:\/\/www.scenicrights.com\/ca\/wp-json\/wp\/v2\/localizacion?post=21099"},{"taxonomy":"produccion","embeddable":true,"href":"https:\/\/www.scenicrights.com\/ca\/wp-json\/wp\/v2\/produccion?post=21099"},{"taxonomy":"subgenero","embeddable":true,"href":"https:\/\/www.scenicrights.com\/ca\/wp-json\/wp\/v2\/subgenero?post=21099"},{"taxonomy":"tipo","embeddable":true,"href":"https:\/\/www.scenicrights.com\/ca\/wp-json\/wp\/v2\/tipo?post=21099"}],"curies":[{"name":"wp","href":"https:\/\/api.w.org\/{rel}","templated":true}]}}