{"id":21123,"date":"2023-09-13T14:07:01","date_gmt":"2023-09-13T14:07:01","guid":{"rendered":"https:\/\/pre.scenicrights.com\/projects\/saga-rasi-y-la-pandilla-de-la-ardilla\/"},"modified":"2024-04-15T16:55:48","modified_gmt":"2024-04-15T16:55:48","slug":"saga-rasi-y-la-pandilla-de-la-ardilla","status":"publish","type":"articulo","link":"https:\/\/www.scenicrights.com\/ca\/projects\/saga-rasi-y-la-pandilla-de-la-ardilla\/","title":{"rendered":"Saga Rasi y la pandilla de la ardilla"},"template":"","art_tag":[1609,1307,853,1326,1347],"genero":[44],"licencia":[17],"localizacion":[],"produccion":[],"subgenero":[623,1396,657],"tipo":[5],"class_list":["post-21123","articulo","type-articulo","status-publish","has-post-thumbnail","hentry","art_tag-animals","art_tag-coming-of-age-ca","art_tag-educacio","art_tag-folklore","art_tag-institut","genero-comedia-ca","licencia-propia","subgenero-aventura-ca","subgenero-infantil-ca","subgenero-misteri","tipo-proyecto"],"acf":{"generos_tax":[44],"subgeneros_tax":[623,1396,657],"tipo_tax":[5],"tags_tax":[1609,853,1307,1347,1326],"produccion_tax":false,"licencia_tax":17,"localizacion_tax":false,"articulo__titulo_extendido":"","articulo__extracto":"","articulo__contenido":"<p style=\"text-align: center;\"><strong>Colecci\u00f3n de 22 libros infantiles<\/strong><\/p>\r\n<p style=\"text-align: right;\"><em><strong>Rasi, la ardilla preferida de los ni\u00f1os.<\/strong><\/em><\/p>\r\nLa ardilla Rasi vive en el colegio al que asiste su pandilla: Nora, Aitor, Irene, Ismael y su profesora Elisa. Todos ellos vivir\u00e1n infinidad de aventuras. Rasi es la mascota del grupo de ni\u00f1os, la encontraras durmiendo en un sombrero y tiene una especial afici\u00f3n a las avellanas, las nueces y, por supuesto, a las galletas.\r\n\r\nNora es una ni\u00f1a t\u00edmida que le encanta la naturaleza, los cuentos de su abuela, los libros, y todo lo que es bonito. A Aitor tambi\u00e9n le gustan los libros y la m\u00fasica, pero en cambio es m\u00e1s aventurero, un poco nervioso e incluso medio poeta. A Irene le encanta el f\u00fatbol, la velocidad y, en resumidas cuentas, la adrenalina. Pero esto, a veces, le trae problemas, ya que una deportista tambi\u00e9n necesita calma de vez en cuando. Esto es algo que Ismael tiene muy bien controlado. Es experto en mantener la calma, adem\u00e1s de ser experto en comer piruletas, pintar y es tremendamente amigable. Pero, lo que tiene de calma lo pierde con la memoria, ya que se le olvidan las cosas muy f\u00e1cilmente.\r\n\r\nCada libro de la saga explora temas diferentes con respecto a cada una de las caracter\u00edsticas de los j\u00f3venes, y a la vez, conocemos a m\u00e1s personajes como Babi, el caracol sin casa. Rasi se dedica a encontrarle casa a su nuevo amigo. Tambi\u00e9n, conocemos al famoso Ratoncito Perez, que por mala suerte se cae de la mesilla y se tuerce un tobillo. El rat\u00f3n luego procede a nombrar a Rasi como su ayudante, ya que no puede terminar su trabajo de recoger los dientes de los ni\u00f1os. Pero la ardilla no tiene experiencia con este trabajo y le mete un buen lio. Y como estos, muchos m\u00e1s. Los ni\u00f1os y la ardilla siempre buscan divertirse e intentar cosas nuevas y juntos forman una pandilla que viven divertidas aventuras en el colegio.\r\n\r\n&nbsp;\r\n\r\n<strong>DATOS RELEVANTES: <\/strong>La Saga de <em>Rasi, la ardilla y su pandilla<\/em> es una colecci\u00f3n <em>long-seller<\/em> de much\u00edsimo \u00e9xito que cuenta con 17 libros infantiles. Cientos de miles de ni\u00f1os han comenzado a leer con esta colecci\u00f3n que cuenta con merchandising, una canci\u00f3n infantil, y una gran penetraci\u00f3n en las aulas. Los colegios utilizan estos libros como material pedag\u00f3gico e incluso representan peque\u00f1as obras de teatro con los personajes y las tramas.\r\n\r\nEsta colecci\u00f3n es ganadora del <strong>Premio Artes y Letras de Literatura Infantil<\/strong>, el <strong>Premio Lazarillo de \u00e1lbum ilustrado<\/strong> y el <strong>Premio Ja\u00e9n<\/strong>.\r\n\r\nBego\u00f1a Oro es una de las grandes escritoras de literatura infantil y juvenil en espa\u00f1ol. Tiene m\u00e1s de doscientos t\u00edtulos publicados en varios idiomas. Ha recibido muchas otras menciones e importantes premios literarios, como el prestigioso <strong>Premio Gran Angular <\/strong>por <em>Pomelo y Lim\u00f3n<\/em>, <strong>Premio Hache de literatura juvenil, Premio Eurostars de narrativa, y Lista de Honor Premio CCEI de Creaci\u00f3n.\u00a0<\/strong>\r\n\r\n&nbsp;\r\n\r\n<strong>POTENCIAL AUDIOVISUAL:<\/strong> Serie TV, Miniserie, Film, TV Movie.\r\n\r\n<strong>IDIOMAS DISPONIBLES: <\/strong>Espa\u00f1ol, Euskera.","articulo__autor":2946,"_thumbnail_id":10913,"articulo__featured_gallery":null,"articulo__galeria_archivos":[null],"articulo__fecha_de_publicacion":"","articulo__idiomas":"","articulo__dossier":"","idarticle":1445},"yoast_head":"<!-- This site is optimized with the Yoast SEO plugin v27.5 - https:\/\/yoast.com\/product\/yoast-seo-wordpress\/ -->\n<title>Saga Rasi y la pandilla de la ardilla - Scenic\u00a0Rights<\/title>\n<meta name=\"robots\" content=\"index, follow, max-snippet:-1, max-image-preview:large, max-video-preview:-1\" \/>\n<link rel=\"canonical\" href=\"https:\/\/www.scenicrights.com\/ca\/projects\/saga-rasi-y-la-pandilla-de-la-ardilla\/\" \/>\n<meta property=\"og:locale\" content=\"ca_ES\" \/>\n<meta property=\"og:type\" content=\"article\" \/>\n<meta property=\"og:title\" content=\"Saga Rasi y la pandilla de la ardilla - Scenic\u00a0Rights\" \/>\n<meta property=\"og:description\" content=\"Colecci&oacute;n de 22 libros infantiles Rasi, la ardilla preferida de los ni&ntilde;os. &nbsp; &nbsp; La ardilla Rasi vive en el colegio al que asiste su pandilla: [&hellip;]\" \/>\n<meta property=\"og:url\" content=\"https:\/\/www.scenicrights.com\/ca\/projects\/saga-rasi-y-la-pandilla-de-la-ardilla\/\" \/>\n<meta property=\"og:site_name\" content=\"Scenic\u00a0Rights\" \/>\n<meta property=\"article:modified_time\" content=\"2024-04-15T16:55:48+00:00\" \/>\n<meta property=\"og:image\" content=\"https:\/\/www.scenicrights.com\/wp-content\/uploads\/2023\/09\/uTvmegJAfkOTjW6K04Zxg.jpg\" \/>\n\t<meta property=\"og:image:width\" content=\"818\" \/>\n\t<meta property=\"og:image:height\" content=\"770\" \/>\n\t<meta property=\"og:image:type\" content=\"image\/jpeg\" \/>\n<meta name=\"twitter:card\" content=\"summary_large_image\" \/>\n<meta name=\"twitter:label1\" content=\"Temps estimat de lectura\" \/>\n\t<meta name=\"twitter:data1\" content=\"3 minuts\" \/>\n<script type=\"application\/ld+json\" class=\"yoast-schema-graph\">{\"@context\":\"https:\\\/\\\/schema.org\",\"@graph\":[{\"@type\":\"WebPage\",\"@id\":\"https:\\\/\\\/www.scenicrights.com\\\/ca\\\/projects\\\/saga-rasi-y-la-pandilla-de-la-ardilla\\\/\",\"url\":\"https:\\\/\\\/www.scenicrights.com\\\/ca\\\/projects\\\/saga-rasi-y-la-pandilla-de-la-ardilla\\\/\",\"name\":\"Saga Rasi y la pandilla de la ardilla - Scenic\u00a0Rights\",\"isPartOf\":{\"@id\":\"https:\\\/\\\/www.scenicrights.com\\\/ca\\\/#website\"},\"primaryImageOfPage\":{\"@id\":\"https:\\\/\\\/www.scenicrights.com\\\/ca\\\/projects\\\/saga-rasi-y-la-pandilla-de-la-ardilla\\\/#primaryimage\"},\"image\":{\"@id\":\"https:\\\/\\\/www.scenicrights.com\\\/ca\\\/projects\\\/saga-rasi-y-la-pandilla-de-la-ardilla\\\/#primaryimage\"},\"thumbnailUrl\":\"https:\\\/\\\/www.scenicrights.com\\\/wp-content\\\/uploads\\\/2023\\\/09\\\/uTvmegJAfkOTjW6K04Zxg.jpg\",\"datePublished\":\"2023-09-13T14:07:01+00:00\",\"dateModified\":\"2024-04-15T16:55:48+00:00\",\"breadcrumb\":{\"@id\":\"https:\\\/\\\/www.scenicrights.com\\\/ca\\\/projects\\\/saga-rasi-y-la-pandilla-de-la-ardilla\\\/#breadcrumb\"},\"inLanguage\":\"ca\",\"potentialAction\":[{\"@type\":\"ReadAction\",\"target\":[\"https:\\\/\\\/www.scenicrights.com\\\/ca\\\/projects\\\/saga-rasi-y-la-pandilla-de-la-ardilla\\\/\"]}]},{\"@type\":\"ImageObject\",\"inLanguage\":\"ca\",\"@id\":\"https:\\\/\\\/www.scenicrights.com\\\/ca\\\/projects\\\/saga-rasi-y-la-pandilla-de-la-ardilla\\\/#primaryimage\",\"url\":\"https:\\\/\\\/www.scenicrights.com\\\/wp-content\\\/uploads\\\/2023\\\/09\\\/uTvmegJAfkOTjW6K04Zxg.jpg\",\"contentUrl\":\"https:\\\/\\\/www.scenicrights.com\\\/wp-content\\\/uploads\\\/2023\\\/09\\\/uTvmegJAfkOTjW6K04Zxg.jpg\",\"width\":818,\"height\":770},{\"@type\":\"BreadcrumbList\",\"@id\":\"https:\\\/\\\/www.scenicrights.com\\\/ca\\\/projects\\\/saga-rasi-y-la-pandilla-de-la-ardilla\\\/#breadcrumb\",\"itemListElement\":[{\"@type\":\"ListItem\",\"position\":1,\"name\":\"Home\",\"item\":\"https:\\\/\\\/www.scenicrights.com\\\/ca\\\/\"},{\"@type\":\"ListItem\",\"position\":2,\"name\":\"Saga Rasi y la pandilla de la ardilla\"}]},{\"@type\":\"WebSite\",\"@id\":\"https:\\\/\\\/www.scenicrights.com\\\/ca\\\/#website\",\"url\":\"https:\\\/\\\/www.scenicrights.com\\\/ca\\\/\",\"name\":\"Scenic\u00a0Rights\",\"description\":\"\",\"publisher\":{\"@id\":\"https:\\\/\\\/www.scenicrights.com\\\/ca\\\/#organization\"},\"potentialAction\":[{\"@type\":\"SearchAction\",\"target\":{\"@type\":\"EntryPoint\",\"urlTemplate\":\"https:\\\/\\\/www.scenicrights.com\\\/ca\\\/?s={search_term_string}\"},\"query-input\":{\"@type\":\"PropertyValueSpecification\",\"valueRequired\":true,\"valueName\":\"search_term_string\"}}],\"inLanguage\":\"ca\"},{\"@type\":\"Organization\",\"@id\":\"https:\\\/\\\/www.scenicrights.com\\\/ca\\\/#organization\",\"name\":\"Scenic\u00a0Rights\",\"url\":\"https:\\\/\\\/www.scenicrights.com\\\/ca\\\/\",\"logo\":{\"@type\":\"ImageObject\",\"inLanguage\":\"ca\",\"@id\":\"https:\\\/\\\/www.scenicrights.com\\\/ca\\\/#\\\/schema\\\/logo\\\/image\\\/\",\"url\":\"https:\\\/\\\/www.scenicrights.com\\\/wp-content\\\/uploads\\\/2023\\\/07\\\/logo-horizontal-web.png\",\"contentUrl\":\"https:\\\/\\\/www.scenicrights.com\\\/wp-content\\\/uploads\\\/2023\\\/07\\\/logo-horizontal-web.png\",\"width\":644,\"height\":225,\"caption\":\"Scenic\u00a0Rights\"},\"image\":{\"@id\":\"https:\\\/\\\/www.scenicrights.com\\\/ca\\\/#\\\/schema\\\/logo\\\/image\\\/\"}}]}<\/script>\n<!-- \/ Yoast SEO plugin. -->","yoast_head_json":{"title":"Saga Rasi y la pandilla de la ardilla - Scenic\u00a0Rights","robots":{"index":"index","follow":"follow","max-snippet":"max-snippet:-1","max-image-preview":"max-image-preview:large","max-video-preview":"max-video-preview:-1"},"canonical":"https:\/\/www.scenicrights.com\/ca\/projects\/saga-rasi-y-la-pandilla-de-la-ardilla\/","og_locale":"ca_ES","og_type":"article","og_title":"Saga Rasi y la pandilla de la ardilla - Scenic\u00a0Rights","og_description":"Colecci&oacute;n de 22 libros infantiles Rasi, la ardilla preferida de los ni&ntilde;os. &nbsp; &nbsp; La ardilla Rasi vive en el colegio al que asiste su pandilla: [&hellip;]","og_url":"https:\/\/www.scenicrights.com\/ca\/projects\/saga-rasi-y-la-pandilla-de-la-ardilla\/","og_site_name":"Scenic\u00a0Rights","article_modified_time":"2024-04-15T16:55:48+00:00","og_image":[{"width":818,"height":770,"url":"https:\/\/www.scenicrights.com\/wp-content\/uploads\/2023\/09\/uTvmegJAfkOTjW6K04Zxg.jpg","type":"image\/jpeg"}],"twitter_card":"summary_large_image","twitter_misc":{"Temps estimat de lectura":"3 minuts"},"schema":{"@context":"https:\/\/schema.org","@graph":[{"@type":"WebPage","@id":"https:\/\/www.scenicrights.com\/ca\/projects\/saga-rasi-y-la-pandilla-de-la-ardilla\/","url":"https:\/\/www.scenicrights.com\/ca\/projects\/saga-rasi-y-la-pandilla-de-la-ardilla\/","name":"Saga Rasi y la pandilla de la ardilla - Scenic\u00a0Rights","isPartOf":{"@id":"https:\/\/www.scenicrights.com\/ca\/#website"},"primaryImageOfPage":{"@id":"https:\/\/www.scenicrights.com\/ca\/projects\/saga-rasi-y-la-pandilla-de-la-ardilla\/#primaryimage"},"image":{"@id":"https:\/\/www.scenicrights.com\/ca\/projects\/saga-rasi-y-la-pandilla-de-la-ardilla\/#primaryimage"},"thumbnailUrl":"https:\/\/www.scenicrights.com\/wp-content\/uploads\/2023\/09\/uTvmegJAfkOTjW6K04Zxg.jpg","datePublished":"2023-09-13T14:07:01+00:00","dateModified":"2024-04-15T16:55:48+00:00","breadcrumb":{"@id":"https:\/\/www.scenicrights.com\/ca\/projects\/saga-rasi-y-la-pandilla-de-la-ardilla\/#breadcrumb"},"inLanguage":"ca","potentialAction":[{"@type":"ReadAction","target":["https:\/\/www.scenicrights.com\/ca\/projects\/saga-rasi-y-la-pandilla-de-la-ardilla\/"]}]},{"@type":"ImageObject","inLanguage":"ca","@id":"https:\/\/www.scenicrights.com\/ca\/projects\/saga-rasi-y-la-pandilla-de-la-ardilla\/#primaryimage","url":"https:\/\/www.scenicrights.com\/wp-content\/uploads\/2023\/09\/uTvmegJAfkOTjW6K04Zxg.jpg","contentUrl":"https:\/\/www.scenicrights.com\/wp-content\/uploads\/2023\/09\/uTvmegJAfkOTjW6K04Zxg.jpg","width":818,"height":770},{"@type":"BreadcrumbList","@id":"https:\/\/www.scenicrights.com\/ca\/projects\/saga-rasi-y-la-pandilla-de-la-ardilla\/#breadcrumb","itemListElement":[{"@type":"ListItem","position":1,"name":"Home","item":"https:\/\/www.scenicrights.com\/ca\/"},{"@type":"ListItem","position":2,"name":"Saga Rasi y la pandilla de la ardilla"}]},{"@type":"WebSite","@id":"https:\/\/www.scenicrights.com\/ca\/#website","url":"https:\/\/www.scenicrights.com\/ca\/","name":"Scenic\u00a0Rights","description":"","publisher":{"@id":"https:\/\/www.scenicrights.com\/ca\/#organization"},"potentialAction":[{"@type":"SearchAction","target":{"@type":"EntryPoint","urlTemplate":"https:\/\/www.scenicrights.com\/ca\/?s={search_term_string}"},"query-input":{"@type":"PropertyValueSpecification","valueRequired":true,"valueName":"search_term_string"}}],"inLanguage":"ca"},{"@type":"Organization","@id":"https:\/\/www.scenicrights.com\/ca\/#organization","name":"Scenic\u00a0Rights","url":"https:\/\/www.scenicrights.com\/ca\/","logo":{"@type":"ImageObject","inLanguage":"ca","@id":"https:\/\/www.scenicrights.com\/ca\/#\/schema\/logo\/image\/","url":"https:\/\/www.scenicrights.com\/wp-content\/uploads\/2023\/07\/logo-horizontal-web.png","contentUrl":"https:\/\/www.scenicrights.com\/wp-content\/uploads\/2023\/07\/logo-horizontal-web.png","width":644,"height":225,"caption":"Scenic\u00a0Rights"},"image":{"@id":"https:\/\/www.scenicrights.com\/ca\/#\/schema\/logo\/image\/"}}]}},"_links":{"self":[{"href":"https:\/\/www.scenicrights.com\/ca\/wp-json\/wp\/v2\/articulo\/21123","targetHints":{"allow":["GET"]}}],"collection":[{"href":"https:\/\/www.scenicrights.com\/ca\/wp-json\/wp\/v2\/articulo"}],"about":[{"href":"https:\/\/www.scenicrights.com\/ca\/wp-json\/wp\/v2\/types\/articulo"}],"acf:attachment":[{"embeddable":true,"href":"https:\/\/www.scenicrights.com\/ca\/wp-json\/wp\/v2\/media\/"}],"acf:post":[{"embeddable":true,"href":"https:\/\/www.scenicrights.com\/ca\/wp-json\/wp\/v2\/autor\/2946"}],"acf:term":[{"embeddable":true,"taxonomy":"licencia","href":"https:\/\/www.scenicrights.com\/ca\/wp-json\/wp\/v2\/licencia\/17"},{"embeddable":true,"taxonomy":"art_tag","href":"https:\/\/www.scenicrights.com\/ca\/wp-json\/wp\/v2\/art_tag\/1326"},{"embeddable":true,"taxonomy":"art_tag","href":"https:\/\/www.scenicrights.com\/ca\/wp-json\/wp\/v2\/art_tag\/1347"},{"embeddable":true,"taxonomy":"art_tag","href":"https:\/\/www.scenicrights.com\/ca\/wp-json\/wp\/v2\/art_tag\/1307"},{"embeddable":true,"taxonomy":"art_tag","href":"https:\/\/www.scenicrights.com\/ca\/wp-json\/wp\/v2\/art_tag\/853"},{"embeddable":true,"taxonomy":"art_tag","href":"https:\/\/www.scenicrights.com\/ca\/wp-json\/wp\/v2\/art_tag\/1609"},{"embeddable":true,"taxonomy":"tipo","href":"https:\/\/www.scenicrights.com\/ca\/wp-json\/wp\/v2\/tipo\/5"},{"embeddable":true,"taxonomy":"subgenero","href":"https:\/\/www.scenicrights.com\/ca\/wp-json\/wp\/v2\/subgenero\/657"},{"embeddable":true,"taxonomy":"subgenero","href":"https:\/\/www.scenicrights.com\/ca\/wp-json\/wp\/v2\/subgenero\/1396"},{"embeddable":true,"taxonomy":"subgenero","href":"https:\/\/www.scenicrights.com\/ca\/wp-json\/wp\/v2\/subgenero\/623"},{"embeddable":true,"taxonomy":"genero","href":"https:\/\/www.scenicrights.com\/ca\/wp-json\/wp\/v2\/genero\/44"}],"wp:featuredmedia":[{"embeddable":true,"href":"https:\/\/www.scenicrights.com\/ca\/wp-json\/wp\/v2\/media\/10913"}],"wp:attachment":[{"href":"https:\/\/www.scenicrights.com\/ca\/wp-json\/wp\/v2\/media?parent=21123"}],"wp:term":[{"taxonomy":"art_tag","embeddable":true,"href":"https:\/\/www.scenicrights.com\/ca\/wp-json\/wp\/v2\/art_tag?post=21123"},{"taxonomy":"genero","embeddable":true,"href":"https:\/\/www.scenicrights.com\/ca\/wp-json\/wp\/v2\/genero?post=21123"},{"taxonomy":"licencia","embeddable":true,"href":"https:\/\/www.scenicrights.com\/ca\/wp-json\/wp\/v2\/licencia?post=21123"},{"taxonomy":"localizacion","embeddable":true,"href":"https:\/\/www.scenicrights.com\/ca\/wp-json\/wp\/v2\/localizacion?post=21123"},{"taxonomy":"produccion","embeddable":true,"href":"https:\/\/www.scenicrights.com\/ca\/wp-json\/wp\/v2\/produccion?post=21123"},{"taxonomy":"subgenero","embeddable":true,"href":"https:\/\/www.scenicrights.com\/ca\/wp-json\/wp\/v2\/subgenero?post=21123"},{"taxonomy":"tipo","embeddable":true,"href":"https:\/\/www.scenicrights.com\/ca\/wp-json\/wp\/v2\/tipo?post=21123"}],"curies":[{"name":"wp","href":"https:\/\/api.w.org\/{rel}","templated":true}]}}