{"id":21192,"date":"2023-09-13T14:04:11","date_gmt":"2023-09-13T14:04:11","guid":{"rendered":"https:\/\/pre.scenicrights.com\/projects\/el-vientre-vacio\/"},"modified":"2024-04-04T16:30:41","modified_gmt":"2024-04-04T16:30:41","slug":"el-vientre-vacio","status":"publish","type":"articulo","link":"https:\/\/www.scenicrights.com\/ca\/projects\/el-vientre-vacio\/","title":{"rendered":"El vientre vac\u00edo"},"template":"","art_tag":[799,897,1340,1001,1151],"genero":[48],"licencia":[17],"localizacion":[],"produccion":[],"subgenero":[],"tipo":[5],"class_list":["post-21192","articulo","type-articulo","status-publish","has-post-thumbnail","hentry","art_tag-crisi-economica","art_tag-feminisme","art_tag-fets-reals","art_tag-maternitat","art_tag-societat","genero-dramedia-ca","licencia-propia","tipo-proyecto"],"acf":{"generos_tax":[48],"subgeneros_tax":false,"tipo_tax":[5],"tags_tax":[799,897,1001,1151,1340],"produccion_tax":false,"licencia_tax":17,"localizacion_tax":false,"articulo__titulo_extendido":"","articulo__extracto":"","articulo__contenido":"<div style=\"clear: both;\">\r\n<p align=\"right\"><strong><em>La maternidad: retrato de una generaci\u00f3n.<\/em><\/strong><\/p>\r\nSon muchas las mujeres que hoy d\u00eda quieren tener hijos y su situaci\u00f3n econ\u00f3mica no se lo permite. Muchas mujeres de entre 30 y 50 a\u00f1os se han visto obligadas a renunciar a su sue\u00f1o de ser madres por no poder afrontar los costes que un hijo suponen. Otras tambi\u00e9n han optado por alternativas como la fecundaci\u00f3n in vitro, ya que en su \u00e9poca de mayor fertilidad no ten\u00edan esa estabilidad econ\u00f3mica.\r\n\r\nMujeres con vidas totalmente distintas se re\u00fanen para exponer y\u00a0 contrastar sus experiencias y posturas respecto a la maternidad hoy en d\u00eda. Mujeres de edades diferentes, de diferente poder adquisitivo, y de ideolog\u00edas dispares protagonizan <em>El vientre vac\u00edo<\/em>.\r\n\r\nDesde la mujer que, con ahora 45 a\u00f1os, decide ser madre acudiendo a una cl\u00ednica de fertilidad, hasta la joven que ha logrado posicionarse y estabilizarse socialmente, pasando por aquella que reniega de la maternidad, las que quieren y no pueden, o las que pueden y no quieren. Noem\u00ed L\u00f3pez Trujillo re\u00fane sus testimonios para mostrar las diferentes perspectivas con las que abordar un tema actual y recurrente: la maternidad.\r\n\r\n&nbsp;\r\n\r\n<strong>DATOS RELEVANTES<\/strong>: <em>El vientre <\/em>vac\u00edo aborda la historia de varias generaciones de mujeres que se encuentran ante el dilema universal de la maternidad y hace una radiograf\u00eda sobre la situaci\u00f3n actual de la mujer en Espa\u00f1a.\r\n\r\nAlgunos de los medios de comunicaci\u00f3n nacionales m\u00e1s importantes como TVE, Cadena Ser, <em>El Pa\u00eds<\/em>, <em>El diario <\/em>o <em>La Vanguardia<\/em>, han alabado enormemente el trabajo de Noem\u00ed L\u00f3pez Trujillo, destacando la necesidad de sacar a la luz estos testimonios.\r\n\r\n\u201cLa autora podr\u00eda estar inventando un g\u00e9nero period\u00edstico pr\u00e1cticamente nuevo.\u201d <em>El diario.<\/em>\r\n\r\nL\u00f3pez Trujillo, periodista en <em>Newtral <\/em>y ganadora del <strong>Premio Periodismo Joven sobre Violencia de G\u00e9nero<\/strong>, se ha nutrido de multitud de historias ver\u00eddicas con especialistas en demograf\u00eda y estudios de g\u00e9nero para la publicaci\u00f3n de <em>El vientre vac\u00edo<\/em>.\r\n\r\nEl potencial audiovisual de esta obra es extenso y pasa por adaptarla tanto a formato documental, como a formato de ficci\u00f3n. En formato de ficci\u00f3n se puede crear una serie de mujeres con un tono de comedia al estilo <em>Working Moms (Netflix) <\/em>female drama con un tono m\u00e1s dram\u00e1tico, recorriendo las m\u00faltiples experiencias de un grupo de mujeres contempor\u00e1neas.\r\n\r\n&nbsp;\r\n\r\n<strong>POTENCIAL AUDIOVISUAL<\/strong>: Serie TV, Miniserie, Film, TV Movie.\r\n\r\n<strong>IDIOMAS DISPONIBLES<\/strong>: Espa\u00f1ol.\r\n\r\n<\/div>","articulo__autor":2926,"_thumbnail_id":10416,"articulo__featured_gallery":null,"articulo__galeria_archivos":[null],"articulo__fecha_de_publicacion":"","articulo__idiomas":"","articulo__dossier":"","idarticle":1374},"yoast_head":"<!-- This site is optimized with the Yoast SEO plugin v27.4 - https:\/\/yoast.com\/product\/yoast-seo-wordpress\/ -->\n<title>El vientre vac\u00edo - Scenic\u00a0Rights<\/title>\n<meta name=\"robots\" content=\"index, follow, max-snippet:-1, max-image-preview:large, max-video-preview:-1\" \/>\n<link rel=\"canonical\" href=\"https:\/\/www.scenicrights.com\/ca\/projects\/el-vientre-vacio\/\" \/>\n<meta property=\"og:locale\" content=\"ca_ES\" \/>\n<meta property=\"og:type\" content=\"article\" \/>\n<meta property=\"og:title\" content=\"El vientre vac\u00edo - Scenic\u00a0Rights\" \/>\n<meta property=\"og:description\" content=\"La maternidad: retrato de una generaci&oacute;n. Son muchas las mujeres que hoy d&iacute;a quieren tener hijos y su situaci&oacute;n econ&oacute;mica no se lo permite. Muchas mujeres [&hellip;]\" \/>\n<meta property=\"og:url\" content=\"https:\/\/www.scenicrights.com\/ca\/projects\/el-vientre-vacio\/\" \/>\n<meta property=\"og:site_name\" content=\"Scenic\u00a0Rights\" \/>\n<meta property=\"article:modified_time\" content=\"2024-04-04T16:30:41+00:00\" \/>\n<meta property=\"og:image\" content=\"https:\/\/www.scenicrights.com\/wp-content\/uploads\/2023\/09\/sY7JtrGnSEefTsbGFXYTA.jpg\" \/>\n\t<meta property=\"og:image:width\" content=\"769\" \/>\n\t<meta property=\"og:image:height\" content=\"1200\" \/>\n\t<meta property=\"og:image:type\" content=\"image\/jpeg\" \/>\n<meta name=\"twitter:card\" content=\"summary_large_image\" \/>\n<meta name=\"twitter:label1\" content=\"Temps estimat de lectura\" \/>\n\t<meta name=\"twitter:data1\" content=\"3 minuts\" \/>\n<script type=\"application\/ld+json\" class=\"yoast-schema-graph\">{\"@context\":\"https:\\\/\\\/schema.org\",\"@graph\":[{\"@type\":\"WebPage\",\"@id\":\"https:\\\/\\\/www.scenicrights.com\\\/ca\\\/projects\\\/el-vientre-vacio\\\/\",\"url\":\"https:\\\/\\\/www.scenicrights.com\\\/ca\\\/projects\\\/el-vientre-vacio\\\/\",\"name\":\"El vientre vac\u00edo - Scenic\u00a0Rights\",\"isPartOf\":{\"@id\":\"https:\\\/\\\/www.scenicrights.com\\\/ca\\\/#website\"},\"primaryImageOfPage\":{\"@id\":\"https:\\\/\\\/www.scenicrights.com\\\/ca\\\/projects\\\/el-vientre-vacio\\\/#primaryimage\"},\"image\":{\"@id\":\"https:\\\/\\\/www.scenicrights.com\\\/ca\\\/projects\\\/el-vientre-vacio\\\/#primaryimage\"},\"thumbnailUrl\":\"https:\\\/\\\/www.scenicrights.com\\\/wp-content\\\/uploads\\\/2023\\\/09\\\/sY7JtrGnSEefTsbGFXYTA.jpg\",\"datePublished\":\"2023-09-13T14:04:11+00:00\",\"dateModified\":\"2024-04-04T16:30:41+00:00\",\"breadcrumb\":{\"@id\":\"https:\\\/\\\/www.scenicrights.com\\\/ca\\\/projects\\\/el-vientre-vacio\\\/#breadcrumb\"},\"inLanguage\":\"ca\",\"potentialAction\":[{\"@type\":\"ReadAction\",\"target\":[\"https:\\\/\\\/www.scenicrights.com\\\/ca\\\/projects\\\/el-vientre-vacio\\\/\"]}]},{\"@type\":\"ImageObject\",\"inLanguage\":\"ca\",\"@id\":\"https:\\\/\\\/www.scenicrights.com\\\/ca\\\/projects\\\/el-vientre-vacio\\\/#primaryimage\",\"url\":\"https:\\\/\\\/www.scenicrights.com\\\/wp-content\\\/uploads\\\/2023\\\/09\\\/sY7JtrGnSEefTsbGFXYTA.jpg\",\"contentUrl\":\"https:\\\/\\\/www.scenicrights.com\\\/wp-content\\\/uploads\\\/2023\\\/09\\\/sY7JtrGnSEefTsbGFXYTA.jpg\",\"width\":769,\"height\":1200},{\"@type\":\"BreadcrumbList\",\"@id\":\"https:\\\/\\\/www.scenicrights.com\\\/ca\\\/projects\\\/el-vientre-vacio\\\/#breadcrumb\",\"itemListElement\":[{\"@type\":\"ListItem\",\"position\":1,\"name\":\"Home\",\"item\":\"https:\\\/\\\/www.scenicrights.com\\\/ca\\\/\"},{\"@type\":\"ListItem\",\"position\":2,\"name\":\"El vientre vac\u00edo\"}]},{\"@type\":\"WebSite\",\"@id\":\"https:\\\/\\\/www.scenicrights.com\\\/ca\\\/#website\",\"url\":\"https:\\\/\\\/www.scenicrights.com\\\/ca\\\/\",\"name\":\"Scenic\u00a0Rights\",\"description\":\"\",\"publisher\":{\"@id\":\"https:\\\/\\\/www.scenicrights.com\\\/ca\\\/#organization\"},\"potentialAction\":[{\"@type\":\"SearchAction\",\"target\":{\"@type\":\"EntryPoint\",\"urlTemplate\":\"https:\\\/\\\/www.scenicrights.com\\\/ca\\\/?s={search_term_string}\"},\"query-input\":{\"@type\":\"PropertyValueSpecification\",\"valueRequired\":true,\"valueName\":\"search_term_string\"}}],\"inLanguage\":\"ca\"},{\"@type\":\"Organization\",\"@id\":\"https:\\\/\\\/www.scenicrights.com\\\/ca\\\/#organization\",\"name\":\"Scenic\u00a0Rights\",\"url\":\"https:\\\/\\\/www.scenicrights.com\\\/ca\\\/\",\"logo\":{\"@type\":\"ImageObject\",\"inLanguage\":\"ca\",\"@id\":\"https:\\\/\\\/www.scenicrights.com\\\/ca\\\/#\\\/schema\\\/logo\\\/image\\\/\",\"url\":\"https:\\\/\\\/www.scenicrights.com\\\/wp-content\\\/uploads\\\/2023\\\/07\\\/logo-horizontal-web.png\",\"contentUrl\":\"https:\\\/\\\/www.scenicrights.com\\\/wp-content\\\/uploads\\\/2023\\\/07\\\/logo-horizontal-web.png\",\"width\":644,\"height\":225,\"caption\":\"Scenic\u00a0Rights\"},\"image\":{\"@id\":\"https:\\\/\\\/www.scenicrights.com\\\/ca\\\/#\\\/schema\\\/logo\\\/image\\\/\"}}]}<\/script>\n<!-- \/ Yoast SEO plugin. -->","yoast_head_json":{"title":"El vientre vac\u00edo - Scenic\u00a0Rights","robots":{"index":"index","follow":"follow","max-snippet":"max-snippet:-1","max-image-preview":"max-image-preview:large","max-video-preview":"max-video-preview:-1"},"canonical":"https:\/\/www.scenicrights.com\/ca\/projects\/el-vientre-vacio\/","og_locale":"ca_ES","og_type":"article","og_title":"El vientre vac\u00edo - Scenic\u00a0Rights","og_description":"La maternidad: retrato de una generaci&oacute;n. Son muchas las mujeres que hoy d&iacute;a quieren tener hijos y su situaci&oacute;n econ&oacute;mica no se lo permite. Muchas mujeres [&hellip;]","og_url":"https:\/\/www.scenicrights.com\/ca\/projects\/el-vientre-vacio\/","og_site_name":"Scenic\u00a0Rights","article_modified_time":"2024-04-04T16:30:41+00:00","og_image":[{"width":769,"height":1200,"url":"https:\/\/www.scenicrights.com\/wp-content\/uploads\/2023\/09\/sY7JtrGnSEefTsbGFXYTA.jpg","type":"image\/jpeg"}],"twitter_card":"summary_large_image","twitter_misc":{"Temps estimat de lectura":"3 minuts"},"schema":{"@context":"https:\/\/schema.org","@graph":[{"@type":"WebPage","@id":"https:\/\/www.scenicrights.com\/ca\/projects\/el-vientre-vacio\/","url":"https:\/\/www.scenicrights.com\/ca\/projects\/el-vientre-vacio\/","name":"El vientre vac\u00edo - Scenic\u00a0Rights","isPartOf":{"@id":"https:\/\/www.scenicrights.com\/ca\/#website"},"primaryImageOfPage":{"@id":"https:\/\/www.scenicrights.com\/ca\/projects\/el-vientre-vacio\/#primaryimage"},"image":{"@id":"https:\/\/www.scenicrights.com\/ca\/projects\/el-vientre-vacio\/#primaryimage"},"thumbnailUrl":"https:\/\/www.scenicrights.com\/wp-content\/uploads\/2023\/09\/sY7JtrGnSEefTsbGFXYTA.jpg","datePublished":"2023-09-13T14:04:11+00:00","dateModified":"2024-04-04T16:30:41+00:00","breadcrumb":{"@id":"https:\/\/www.scenicrights.com\/ca\/projects\/el-vientre-vacio\/#breadcrumb"},"inLanguage":"ca","potentialAction":[{"@type":"ReadAction","target":["https:\/\/www.scenicrights.com\/ca\/projects\/el-vientre-vacio\/"]}]},{"@type":"ImageObject","inLanguage":"ca","@id":"https:\/\/www.scenicrights.com\/ca\/projects\/el-vientre-vacio\/#primaryimage","url":"https:\/\/www.scenicrights.com\/wp-content\/uploads\/2023\/09\/sY7JtrGnSEefTsbGFXYTA.jpg","contentUrl":"https:\/\/www.scenicrights.com\/wp-content\/uploads\/2023\/09\/sY7JtrGnSEefTsbGFXYTA.jpg","width":769,"height":1200},{"@type":"BreadcrumbList","@id":"https:\/\/www.scenicrights.com\/ca\/projects\/el-vientre-vacio\/#breadcrumb","itemListElement":[{"@type":"ListItem","position":1,"name":"Home","item":"https:\/\/www.scenicrights.com\/ca\/"},{"@type":"ListItem","position":2,"name":"El vientre vac\u00edo"}]},{"@type":"WebSite","@id":"https:\/\/www.scenicrights.com\/ca\/#website","url":"https:\/\/www.scenicrights.com\/ca\/","name":"Scenic\u00a0Rights","description":"","publisher":{"@id":"https:\/\/www.scenicrights.com\/ca\/#organization"},"potentialAction":[{"@type":"SearchAction","target":{"@type":"EntryPoint","urlTemplate":"https:\/\/www.scenicrights.com\/ca\/?s={search_term_string}"},"query-input":{"@type":"PropertyValueSpecification","valueRequired":true,"valueName":"search_term_string"}}],"inLanguage":"ca"},{"@type":"Organization","@id":"https:\/\/www.scenicrights.com\/ca\/#organization","name":"Scenic\u00a0Rights","url":"https:\/\/www.scenicrights.com\/ca\/","logo":{"@type":"ImageObject","inLanguage":"ca","@id":"https:\/\/www.scenicrights.com\/ca\/#\/schema\/logo\/image\/","url":"https:\/\/www.scenicrights.com\/wp-content\/uploads\/2023\/07\/logo-horizontal-web.png","contentUrl":"https:\/\/www.scenicrights.com\/wp-content\/uploads\/2023\/07\/logo-horizontal-web.png","width":644,"height":225,"caption":"Scenic\u00a0Rights"},"image":{"@id":"https:\/\/www.scenicrights.com\/ca\/#\/schema\/logo\/image\/"}}]}},"_links":{"self":[{"href":"https:\/\/www.scenicrights.com\/ca\/wp-json\/wp\/v2\/articulo\/21192","targetHints":{"allow":["GET"]}}],"collection":[{"href":"https:\/\/www.scenicrights.com\/ca\/wp-json\/wp\/v2\/articulo"}],"about":[{"href":"https:\/\/www.scenicrights.com\/ca\/wp-json\/wp\/v2\/types\/articulo"}],"acf:attachment":[{"embeddable":true,"href":"https:\/\/www.scenicrights.com\/ca\/wp-json\/wp\/v2\/media\/"}],"acf:post":[{"embeddable":true,"href":"https:\/\/www.scenicrights.com\/ca\/wp-json\/wp\/v2\/autor\/2926"}],"acf:term":[{"embeddable":true,"taxonomy":"licencia","href":"https:\/\/www.scenicrights.com\/ca\/wp-json\/wp\/v2\/licencia\/17"},{"embeddable":true,"taxonomy":"art_tag","href":"https:\/\/www.scenicrights.com\/ca\/wp-json\/wp\/v2\/art_tag\/1340"},{"embeddable":true,"taxonomy":"art_tag","href":"https:\/\/www.scenicrights.com\/ca\/wp-json\/wp\/v2\/art_tag\/1151"},{"embeddable":true,"taxonomy":"art_tag","href":"https:\/\/www.scenicrights.com\/ca\/wp-json\/wp\/v2\/art_tag\/1001"},{"embeddable":true,"taxonomy":"art_tag","href":"https:\/\/www.scenicrights.com\/ca\/wp-json\/wp\/v2\/art_tag\/897"},{"embeddable":true,"taxonomy":"art_tag","href":"https:\/\/www.scenicrights.com\/ca\/wp-json\/wp\/v2\/art_tag\/799"},{"embeddable":true,"taxonomy":"tipo","href":"https:\/\/www.scenicrights.com\/ca\/wp-json\/wp\/v2\/tipo\/5"},{"embeddable":true,"taxonomy":"genero","href":"https:\/\/www.scenicrights.com\/ca\/wp-json\/wp\/v2\/genero\/48"}],"wp:featuredmedia":[{"embeddable":true,"href":"https:\/\/www.scenicrights.com\/ca\/wp-json\/wp\/v2\/media\/10416"}],"wp:attachment":[{"href":"https:\/\/www.scenicrights.com\/ca\/wp-json\/wp\/v2\/media?parent=21192"}],"wp:term":[{"taxonomy":"art_tag","embeddable":true,"href":"https:\/\/www.scenicrights.com\/ca\/wp-json\/wp\/v2\/art_tag?post=21192"},{"taxonomy":"genero","embeddable":true,"href":"https:\/\/www.scenicrights.com\/ca\/wp-json\/wp\/v2\/genero?post=21192"},{"taxonomy":"licencia","embeddable":true,"href":"https:\/\/www.scenicrights.com\/ca\/wp-json\/wp\/v2\/licencia?post=21192"},{"taxonomy":"localizacion","embeddable":true,"href":"https:\/\/www.scenicrights.com\/ca\/wp-json\/wp\/v2\/localizacion?post=21192"},{"taxonomy":"produccion","embeddable":true,"href":"https:\/\/www.scenicrights.com\/ca\/wp-json\/wp\/v2\/produccion?post=21192"},{"taxonomy":"subgenero","embeddable":true,"href":"https:\/\/www.scenicrights.com\/ca\/wp-json\/wp\/v2\/subgenero?post=21192"},{"taxonomy":"tipo","embeddable":true,"href":"https:\/\/www.scenicrights.com\/ca\/wp-json\/wp\/v2\/tipo?post=21192"}],"curies":[{"name":"wp","href":"https:\/\/api.w.org\/{rel}","templated":true}]}}