{"id":21268,"date":"2023-09-13T14:00:00","date_gmt":"2023-09-13T14:00:00","guid":{"rendered":"https:\/\/pre.scenicrights.com\/projects\/el-director-film\/"},"modified":"2025-07-15T09:52:48","modified_gmt":"2025-07-15T09:52:48","slug":"el-director","status":"publish","type":"articulo","link":"https:\/\/www.scenicrights.com\/ca\/projects\/el-director\/","title":{"rendered":"El Director (Film)"},"template":"","art_tag":[795,1340,1061,1075,1115,1127,1179],"genero":[46,1420],"licencia":[17],"localizacion":[],"produccion":[14],"subgenero":[675],"tipo":[5],"class_list":["post-21268","articulo","type-articulo","status-publish","has-post-thumbnail","hentry","art_tag-corrupcio","art_tag-fets-reals","art_tag-periodisme","art_tag-politica-ca","art_tag-rivalitat","art_tag-secrets","art_tag-traicio","genero-drama-ca","genero-no-ficcio","licencia-propia","produccion-pre-produccion","subgenero-thriller-ca","tipo-proyecto"],"acf":{"generos_tax":[46,1420],"subgeneros_tax":[675],"tipo_tax":[5],"tags_tax":[1115,1061,795,1075,1127,1179,1340],"produccion_tax":14,"licencia_tax":17,"localizacion_tax":false,"articulo__titulo_extendido":"","articulo__extracto":"","articulo__contenido":"<p align=\"right\"><strong><em>La prensa prometi\u00f3 contarte la verdad. David Jim\u00e9nez te cuenta la verdad sobre la prensa.<\/em><\/strong><\/p>\r\nDavid Jim\u00e9nez se curti\u00f3 cubriendo guerras, desastres y revoluciones durante casi dos d\u00e9cadas antes de ser nombrado director del peri\u00f3dico <em>El Mundo<\/em>. Lo que parec\u00eda un reto ilusionante \u2013dirigir el diario en el que entr\u00f3 como becario a los 23 a\u00f1os- se transform\u00f3 en una batalla por la defensa de la independencia del peri\u00f3dico frente a un <em>establishment<\/em> pol\u00edtico y econ\u00f3mico decidido a controlarlo.\r\n\r\nJim\u00e9nez ofrece un relato \u00fanico sobre c\u00f3mo respira la vida en una redacci\u00f3n \u2013sus personajes, rivalidades, traumas y \u00e9xitos-, c\u00f3mo funciona el juego de favores entre los medios y el poder y qu\u00e9 precio pagan quienes se niegan a participar en \u00e9l. Presidentes, reyes, ministros, banqueros, capos del dinero, comisarios y periodistas protagonizan esta cr\u00f3nica sobre los secretos inconfesables del periodismo y los hilos que gobiernan Espa\u00f1a.\r\n\r\n<em>El Director <\/em>es, adem\u00e1s, un retrato \u00edntimo de las encrucijadas \u00e9ticas, las relaciones personales, las amistades y deslealtades que se viven cuando se ocupa el despacho de uno de los grandes diarios del pa\u00eds.\r\n\r\n&nbsp;\r\n\r\n<strong>DATOS RELEVANTES:<\/strong> David Jim\u00e9nez fue director del peri\u00f3dico <em>El Mundo<\/em>. Ha escrito y publicado reportajes para <em>The Guardian, The Toronto Star, The Sunday Times <\/em>y <em>Esquire<\/em>, y ha colaborado con las cadenas de TV CNN y BBC.\r\n\r\nJim\u00e9nez fue premiado con el <strong>Premio Internacional de Literatura de Viajes Camino del Cid. <\/strong>\r\n\r\nCon la publicaci\u00f3n de <em>El Director<\/em>, David Jim\u00e9nez protagoniz\u00f3 los titulares de los medios de prensa: \u201cArde <em>El Mundo<\/em>: se anuncian desmentidos y querellas.\u201d (Diario <em>El Confidencial<\/em>); \u201cEl libro en el que Jim\u00e9nez airea cuestiones escabrosas relativas al tri\u00e1ngulo de amor bizarro entre prensa, poder y capital que marcaron su a\u00f1o al frente de\u00a0<em>El Mundo.<\/em>\u201d (<em>El Salto Diario<\/em>); \u201cLleg\u00f3 la hora de hablar de las miserias del periodismo.\u201d (<em>La Voz del Sur<\/em>).\r\n\r\nLa obra fue muy criticada por algunos de sus compa\u00f1eros de profesi\u00f3n. Pero, seg\u00fan el propio autor, es la prueba para demostrar cu\u00e1n necesaria era la publicaci\u00f3n de esta obra.\r\n\r\n&nbsp;\r\n\r\n<strong>POTENCIAL AUDIOVISUAL: <\/strong>En desarrollo como Film.\r\n\r\n<strong>IDIOMAS DISPONIBLES: <\/strong>Espa\u00f1ol, Chino, Catal\u00e1n.","articulo__autor":[2884],"_thumbnail_id":9880,"articulo__featured_gallery":null,"articulo__galeria_archivos":"","articulo__fecha_de_publicacion":"","articulo__idiomas":"","articulo__dossier":"","idarticle":1300},"yoast_head":"<!-- This site is optimized with the Yoast SEO plugin v27.5 - https:\/\/yoast.com\/product\/yoast-seo-wordpress\/ -->\n<title>El Director (Film) - Scenic\u00a0Rights<\/title>\n<meta name=\"robots\" content=\"index, follow, max-snippet:-1, max-image-preview:large, max-video-preview:-1\" \/>\n<link rel=\"canonical\" href=\"https:\/\/www.scenicrights.com\/ca\/projects\/el-director\/\" \/>\n<meta property=\"og:locale\" content=\"ca_ES\" \/>\n<meta property=\"og:type\" content=\"article\" \/>\n<meta property=\"og:title\" content=\"El Director (Film) - Scenic\u00a0Rights\" \/>\n<meta property=\"og:description\" content=\"La prensa prometi&oacute; contarte la verdad. David Jim&eacute;nez te cuenta la verdad sobre la prensa. &nbsp; David Jim&eacute;nez se curti&oacute; cubriendo guerras, desastres y revoluciones durante [&hellip;]\" \/>\n<meta property=\"og:url\" content=\"https:\/\/www.scenicrights.com\/ca\/projects\/el-director\/\" \/>\n<meta property=\"og:site_name\" content=\"Scenic\u00a0Rights\" \/>\n<meta property=\"article:modified_time\" content=\"2025-07-15T09:52:48+00:00\" \/>\n<meta property=\"og:image\" content=\"https:\/\/www.scenicrights.com\/wp-content\/uploads\/2023\/09\/g14p1GixtkukpbvOLgKXTA.jpg\" \/>\n\t<meta property=\"og:image:width\" content=\"1331\" \/>\n\t<meta property=\"og:image:height\" content=\"2048\" \/>\n\t<meta property=\"og:image:type\" content=\"image\/jpeg\" \/>\n<meta name=\"twitter:card\" content=\"summary_large_image\" \/>\n<meta name=\"twitter:label1\" content=\"Temps estimat de lectura\" \/>\n\t<meta name=\"twitter:data1\" content=\"2 minuts\" \/>\n<script type=\"application\/ld+json\" class=\"yoast-schema-graph\">{\"@context\":\"https:\\\/\\\/schema.org\",\"@graph\":[{\"@type\":\"WebPage\",\"@id\":\"https:\\\/\\\/www.scenicrights.com\\\/ca\\\/projects\\\/el-director\\\/\",\"url\":\"https:\\\/\\\/www.scenicrights.com\\\/ca\\\/projects\\\/el-director\\\/\",\"name\":\"El Director (Film) - Scenic\u00a0Rights\",\"isPartOf\":{\"@id\":\"https:\\\/\\\/www.scenicrights.com\\\/ca\\\/#website\"},\"primaryImageOfPage\":{\"@id\":\"https:\\\/\\\/www.scenicrights.com\\\/ca\\\/projects\\\/el-director\\\/#primaryimage\"},\"image\":{\"@id\":\"https:\\\/\\\/www.scenicrights.com\\\/ca\\\/projects\\\/el-director\\\/#primaryimage\"},\"thumbnailUrl\":\"https:\\\/\\\/www.scenicrights.com\\\/wp-content\\\/uploads\\\/2023\\\/09\\\/g14p1GixtkukpbvOLgKXTA.jpg\",\"datePublished\":\"2023-09-13T14:00:00+00:00\",\"dateModified\":\"2025-07-15T09:52:48+00:00\",\"breadcrumb\":{\"@id\":\"https:\\\/\\\/www.scenicrights.com\\\/ca\\\/projects\\\/el-director\\\/#breadcrumb\"},\"inLanguage\":\"ca\",\"potentialAction\":[{\"@type\":\"ReadAction\",\"target\":[\"https:\\\/\\\/www.scenicrights.com\\\/ca\\\/projects\\\/el-director\\\/\"]}]},{\"@type\":\"ImageObject\",\"inLanguage\":\"ca\",\"@id\":\"https:\\\/\\\/www.scenicrights.com\\\/ca\\\/projects\\\/el-director\\\/#primaryimage\",\"url\":\"https:\\\/\\\/www.scenicrights.com\\\/wp-content\\\/uploads\\\/2023\\\/09\\\/g14p1GixtkukpbvOLgKXTA.jpg\",\"contentUrl\":\"https:\\\/\\\/www.scenicrights.com\\\/wp-content\\\/uploads\\\/2023\\\/09\\\/g14p1GixtkukpbvOLgKXTA.jpg\",\"width\":1331,\"height\":2048},{\"@type\":\"BreadcrumbList\",\"@id\":\"https:\\\/\\\/www.scenicrights.com\\\/ca\\\/projects\\\/el-director\\\/#breadcrumb\",\"itemListElement\":[{\"@type\":\"ListItem\",\"position\":1,\"name\":\"Home\",\"item\":\"https:\\\/\\\/www.scenicrights.com\\\/ca\\\/\"},{\"@type\":\"ListItem\",\"position\":2,\"name\":\"El Director (Film)\"}]},{\"@type\":\"WebSite\",\"@id\":\"https:\\\/\\\/www.scenicrights.com\\\/ca\\\/#website\",\"url\":\"https:\\\/\\\/www.scenicrights.com\\\/ca\\\/\",\"name\":\"Scenic\u00a0Rights\",\"description\":\"\",\"publisher\":{\"@id\":\"https:\\\/\\\/www.scenicrights.com\\\/ca\\\/#organization\"},\"potentialAction\":[{\"@type\":\"SearchAction\",\"target\":{\"@type\":\"EntryPoint\",\"urlTemplate\":\"https:\\\/\\\/www.scenicrights.com\\\/ca\\\/?s={search_term_string}\"},\"query-input\":{\"@type\":\"PropertyValueSpecification\",\"valueRequired\":true,\"valueName\":\"search_term_string\"}}],\"inLanguage\":\"ca\"},{\"@type\":\"Organization\",\"@id\":\"https:\\\/\\\/www.scenicrights.com\\\/ca\\\/#organization\",\"name\":\"Scenic\u00a0Rights\",\"url\":\"https:\\\/\\\/www.scenicrights.com\\\/ca\\\/\",\"logo\":{\"@type\":\"ImageObject\",\"inLanguage\":\"ca\",\"@id\":\"https:\\\/\\\/www.scenicrights.com\\\/ca\\\/#\\\/schema\\\/logo\\\/image\\\/\",\"url\":\"https:\\\/\\\/www.scenicrights.com\\\/wp-content\\\/uploads\\\/2023\\\/07\\\/logo-horizontal-web.png\",\"contentUrl\":\"https:\\\/\\\/www.scenicrights.com\\\/wp-content\\\/uploads\\\/2023\\\/07\\\/logo-horizontal-web.png\",\"width\":644,\"height\":225,\"caption\":\"Scenic\u00a0Rights\"},\"image\":{\"@id\":\"https:\\\/\\\/www.scenicrights.com\\\/ca\\\/#\\\/schema\\\/logo\\\/image\\\/\"}}]}<\/script>\n<!-- \/ Yoast SEO plugin. -->","yoast_head_json":{"title":"El Director (Film) - Scenic\u00a0Rights","robots":{"index":"index","follow":"follow","max-snippet":"max-snippet:-1","max-image-preview":"max-image-preview:large","max-video-preview":"max-video-preview:-1"},"canonical":"https:\/\/www.scenicrights.com\/ca\/projects\/el-director\/","og_locale":"ca_ES","og_type":"article","og_title":"El Director (Film) - Scenic\u00a0Rights","og_description":"La prensa prometi&oacute; contarte la verdad. David Jim&eacute;nez te cuenta la verdad sobre la prensa. &nbsp; David Jim&eacute;nez se curti&oacute; cubriendo guerras, desastres y revoluciones durante [&hellip;]","og_url":"https:\/\/www.scenicrights.com\/ca\/projects\/el-director\/","og_site_name":"Scenic\u00a0Rights","article_modified_time":"2025-07-15T09:52:48+00:00","og_image":[{"width":1331,"height":2048,"url":"https:\/\/www.scenicrights.com\/wp-content\/uploads\/2023\/09\/g14p1GixtkukpbvOLgKXTA.jpg","type":"image\/jpeg"}],"twitter_card":"summary_large_image","twitter_misc":{"Temps estimat de lectura":"2 minuts"},"schema":{"@context":"https:\/\/schema.org","@graph":[{"@type":"WebPage","@id":"https:\/\/www.scenicrights.com\/ca\/projects\/el-director\/","url":"https:\/\/www.scenicrights.com\/ca\/projects\/el-director\/","name":"El Director (Film) - Scenic\u00a0Rights","isPartOf":{"@id":"https:\/\/www.scenicrights.com\/ca\/#website"},"primaryImageOfPage":{"@id":"https:\/\/www.scenicrights.com\/ca\/projects\/el-director\/#primaryimage"},"image":{"@id":"https:\/\/www.scenicrights.com\/ca\/projects\/el-director\/#primaryimage"},"thumbnailUrl":"https:\/\/www.scenicrights.com\/wp-content\/uploads\/2023\/09\/g14p1GixtkukpbvOLgKXTA.jpg","datePublished":"2023-09-13T14:00:00+00:00","dateModified":"2025-07-15T09:52:48+00:00","breadcrumb":{"@id":"https:\/\/www.scenicrights.com\/ca\/projects\/el-director\/#breadcrumb"},"inLanguage":"ca","potentialAction":[{"@type":"ReadAction","target":["https:\/\/www.scenicrights.com\/ca\/projects\/el-director\/"]}]},{"@type":"ImageObject","inLanguage":"ca","@id":"https:\/\/www.scenicrights.com\/ca\/projects\/el-director\/#primaryimage","url":"https:\/\/www.scenicrights.com\/wp-content\/uploads\/2023\/09\/g14p1GixtkukpbvOLgKXTA.jpg","contentUrl":"https:\/\/www.scenicrights.com\/wp-content\/uploads\/2023\/09\/g14p1GixtkukpbvOLgKXTA.jpg","width":1331,"height":2048},{"@type":"BreadcrumbList","@id":"https:\/\/www.scenicrights.com\/ca\/projects\/el-director\/#breadcrumb","itemListElement":[{"@type":"ListItem","position":1,"name":"Home","item":"https:\/\/www.scenicrights.com\/ca\/"},{"@type":"ListItem","position":2,"name":"El Director (Film)"}]},{"@type":"WebSite","@id":"https:\/\/www.scenicrights.com\/ca\/#website","url":"https:\/\/www.scenicrights.com\/ca\/","name":"Scenic\u00a0Rights","description":"","publisher":{"@id":"https:\/\/www.scenicrights.com\/ca\/#organization"},"potentialAction":[{"@type":"SearchAction","target":{"@type":"EntryPoint","urlTemplate":"https:\/\/www.scenicrights.com\/ca\/?s={search_term_string}"},"query-input":{"@type":"PropertyValueSpecification","valueRequired":true,"valueName":"search_term_string"}}],"inLanguage":"ca"},{"@type":"Organization","@id":"https:\/\/www.scenicrights.com\/ca\/#organization","name":"Scenic\u00a0Rights","url":"https:\/\/www.scenicrights.com\/ca\/","logo":{"@type":"ImageObject","inLanguage":"ca","@id":"https:\/\/www.scenicrights.com\/ca\/#\/schema\/logo\/image\/","url":"https:\/\/www.scenicrights.com\/wp-content\/uploads\/2023\/07\/logo-horizontal-web.png","contentUrl":"https:\/\/www.scenicrights.com\/wp-content\/uploads\/2023\/07\/logo-horizontal-web.png","width":644,"height":225,"caption":"Scenic\u00a0Rights"},"image":{"@id":"https:\/\/www.scenicrights.com\/ca\/#\/schema\/logo\/image\/"}}]}},"_links":{"self":[{"href":"https:\/\/www.scenicrights.com\/ca\/wp-json\/wp\/v2\/articulo\/21268","targetHints":{"allow":["GET"]}}],"collection":[{"href":"https:\/\/www.scenicrights.com\/ca\/wp-json\/wp\/v2\/articulo"}],"about":[{"href":"https:\/\/www.scenicrights.com\/ca\/wp-json\/wp\/v2\/types\/articulo"}],"acf:post":[{"embeddable":true,"href":"https:\/\/www.scenicrights.com\/ca\/wp-json\/wp\/v2\/autor\/2884"}],"acf:term":[{"embeddable":true,"taxonomy":"licencia","href":"https:\/\/www.scenicrights.com\/ca\/wp-json\/wp\/v2\/licencia\/17"},{"embeddable":true,"taxonomy":"produccion","href":"https:\/\/www.scenicrights.com\/ca\/wp-json\/wp\/v2\/produccion\/14"},{"embeddable":true,"taxonomy":"art_tag","href":"https:\/\/www.scenicrights.com\/ca\/wp-json\/wp\/v2\/art_tag\/1340"},{"embeddable":true,"taxonomy":"art_tag","href":"https:\/\/www.scenicrights.com\/ca\/wp-json\/wp\/v2\/art_tag\/1179"},{"embeddable":true,"taxonomy":"art_tag","href":"https:\/\/www.scenicrights.com\/ca\/wp-json\/wp\/v2\/art_tag\/1127"},{"embeddable":true,"taxonomy":"art_tag","href":"https:\/\/www.scenicrights.com\/ca\/wp-json\/wp\/v2\/art_tag\/1075"},{"embeddable":true,"taxonomy":"art_tag","href":"https:\/\/www.scenicrights.com\/ca\/wp-json\/wp\/v2\/art_tag\/795"},{"embeddable":true,"taxonomy":"art_tag","href":"https:\/\/www.scenicrights.com\/ca\/wp-json\/wp\/v2\/art_tag\/1061"},{"embeddable":true,"taxonomy":"art_tag","href":"https:\/\/www.scenicrights.com\/ca\/wp-json\/wp\/v2\/art_tag\/1115"},{"embeddable":true,"taxonomy":"tipo","href":"https:\/\/www.scenicrights.com\/ca\/wp-json\/wp\/v2\/tipo\/5"},{"embeddable":true,"taxonomy":"subgenero","href":"https:\/\/www.scenicrights.com\/ca\/wp-json\/wp\/v2\/subgenero\/675"},{"embeddable":true,"taxonomy":"genero","href":"https:\/\/www.scenicrights.com\/ca\/wp-json\/wp\/v2\/genero\/1420"},{"embeddable":true,"taxonomy":"genero","href":"https:\/\/www.scenicrights.com\/ca\/wp-json\/wp\/v2\/genero\/46"}],"wp:featuredmedia":[{"embeddable":true,"href":"https:\/\/www.scenicrights.com\/ca\/wp-json\/wp\/v2\/media\/9880"}],"wp:attachment":[{"href":"https:\/\/www.scenicrights.com\/ca\/wp-json\/wp\/v2\/media?parent=21268"}],"wp:term":[{"taxonomy":"art_tag","embeddable":true,"href":"https:\/\/www.scenicrights.com\/ca\/wp-json\/wp\/v2\/art_tag?post=21268"},{"taxonomy":"genero","embeddable":true,"href":"https:\/\/www.scenicrights.com\/ca\/wp-json\/wp\/v2\/genero?post=21268"},{"taxonomy":"licencia","embeddable":true,"href":"https:\/\/www.scenicrights.com\/ca\/wp-json\/wp\/v2\/licencia?post=21268"},{"taxonomy":"localizacion","embeddable":true,"href":"https:\/\/www.scenicrights.com\/ca\/wp-json\/wp\/v2\/localizacion?post=21268"},{"taxonomy":"produccion","embeddable":true,"href":"https:\/\/www.scenicrights.com\/ca\/wp-json\/wp\/v2\/produccion?post=21268"},{"taxonomy":"subgenero","embeddable":true,"href":"https:\/\/www.scenicrights.com\/ca\/wp-json\/wp\/v2\/subgenero?post=21268"},{"taxonomy":"tipo","embeddable":true,"href":"https:\/\/www.scenicrights.com\/ca\/wp-json\/wp\/v2\/tipo?post=21268"}],"curies":[{"name":"wp","href":"https:\/\/api.w.org\/{rel}","templated":true}]}}