{"id":21435,"date":"2023-09-13T13:45:06","date_gmt":"2023-09-13T13:45:06","guid":{"rendered":"https:\/\/pre.scenicrights.com\/projects\/saga-del-capitan-cesar-sanchez-proyecto-en-negro\/"},"modified":"2024-04-02T08:08:55","modified_gmt":"2024-04-02T08:08:55","slug":"saga-del-capitan-cesar-sanchez-proyecto-en-negro","status":"publish","type":"articulo","link":"https:\/\/www.scenicrights.com\/ca\/projects\/saga-del-capitan-cesar-sanchez-proyecto-en-negro\/","title":{"rendered":"Saga Capit\u00e1n C\u00e9sar S\u00e1nchez"},"template":"","art_tag":[1309,795,815,967,1113,1213],"genero":[46],"licencia":[17],"localizacion":[],"produccion":[],"subgenero":[661,675],"tipo":[5],"class_list":["post-21435","articulo","type-articulo","status-publish","has-post-thumbnail","hentry","art_tag-conflicte-generacional","art_tag-corrupcio","art_tag-desaparicio","art_tag-investigacio","art_tag-revolucio","art_tag-violencia-ca","genero-drama-ca","licencia-propia","subgenero-policiac","subgenero-thriller-ca","tipo-proyecto"],"acf":{"generos_tax":[46],"subgeneros_tax":[661,675],"tipo_tax":[5],"tags_tax":[815,967,795,1113,1213,1309],"produccion_tax":false,"licencia_tax":17,"localizacion_tax":false,"articulo__titulo_extendido":"","articulo__extracto":"","articulo__contenido":"<div style=\"text-align: center;\"><strong>Mundos de sombras | Proyecto en negro<\/strong><\/div>\r\n<div><\/div>\r\n<div style=\"text-align: right;\"><em><strong>Donde el crimen se encuentra con la complejidad psicol\u00f3gica\u00a0<\/strong><\/em><\/div>\r\n<div><\/div>\r\n<div style=\"text-align: left;\">En <em>Mundo de sombras, <\/em>La investigaci\u00f3n abierta por la desaparici\u00f3n de una turista italiana, provoca un cataclismo entre aquellos que la rodearon en los \u00faltimos d\u00edas. Entre ellos, un grupo de j\u00f3venes que hartos de la mis\u00e9rrima situaci\u00f3n cubana se abandonan en un frenes\u00ed de sexo, alcohol y acciones autoagresivas.<\/div>\r\n<div><\/div>\r\n<div style=\"text-align: left;\">El caso es encargado al teniente Julio C\u00e9sar S\u00e1nchez, polic\u00eda que siente miedo al fracaso, y tiene claro que antes que descubrir la verdad necesita encontrar culpables, y para ello no duda en emplear los m\u00e9todos m\u00e1s salvajes para poder encontrar a uno, y de paso salvar su cuello. Cr\u00f3nica inmisericorde de un pueblo que se enfrenta al fracaso de la ilusi\u00f3n colectiva que sustent\u00f3 la revoluci\u00f3n cubana, y que nos muestra las diversas formas en que los personajes afrontan el callej\u00f3n sin salida que significa la vida en la isla. Y para ello echa mano de la violencia desatada entre los bur\u00f3cratas, las fuerzas policiales, e incluso la violencia nihilista a la que se abandona la gente joven, que ante un futuro muy negro, prefieren entregarse a una org\u00eda sin retorno.<\/div>\r\n<div><\/div>\r\n<div style=\"text-align: left;\">Una historia violenta, pero hermosa, llena de sexo, pero tambi\u00e9n de sensibilidad, que te engancha desde el principio hasta la \u00faltima l\u00ednea.<\/div>\r\n<div><\/div>\r\n<div style=\"text-align: left;\">En <em>Proyecto en negro, <\/em>a\u00f1os despu\u00e9s de la desaparici\u00f3n de Bianca Rossana Micussi, el capit\u00e1n C\u00e9sar S\u00e1nchez es reincorporado a su puesto como investigador en La Ciudad (Santa Clara) para investigar la muerte de Cuco Mondongo, un indigente cuyo cad\u00e1ver aparece en extra\u00f1as circunstancias.<\/div>\r\n<div><\/div>\r\n<div style=\"text-align: left;\">El coronel Hern\u00e1ndez Padr\u00f3n ve en S\u00e1nchez el perfil id\u00f3neo para resolver el crimen. Sin embargo, le hace trabajar junto al teniente L\u00e1zaro Andr\u00e9s, cuyo car\u00e1cter refinado contrasta completamente con el del capit\u00e1n S\u00e1nchez.<\/div>\r\n<div><\/div>\r\n<div style=\"text-align: left;\">S\u00e1nchez sabe que ha de cumplir su misi\u00f3n con \u00e9xito para hacerse parte de El Proyecto. Para ello, decide retomar su antiguo m\u00e9todo, que tanto le ayud\u00f3 en otros casos del pasado<\/div>\r\n<div><\/div>\r\n<div><\/div>\r\n<div style=\"text-align: left;\"><strong>DATOS RELEVANTES: <\/strong>Proyecto en negro rompe con las convenciones tradicionales de la novela polic\u00edaca. Lunar aporta gran complejidad a sus personajes, alej\u00e1ndolos de los arquetipos basados en la sencillez psicol\u00f3gica.<\/div>\r\n<div><\/div>\r\n<div><\/div>\r\n<div><strong>POTENCIAL FORMATO AUDIOVISUAL:<\/strong> Series TV, Miniseries, Film, TV Movie.<\/div>\r\n<div><\/div>\r\n<div><strong>IDIOMAS DISPONIBLES:<\/strong> Espa\u00f1ol.<\/div>","articulo__autor":2757,"_thumbnail_id":23740,"articulo__featured_gallery":null,"articulo__galeria_archivos":[null],"articulo__fecha_de_publicacion":"","articulo__idiomas":"","articulo__dossier":"","idarticle":1047},"yoast_head":"<!-- This site is optimized with the Yoast SEO plugin v27.4 - https:\/\/yoast.com\/product\/yoast-seo-wordpress\/ -->\n<title>Saga Capit\u00e1n C\u00e9sar S\u00e1nchez - Scenic\u00a0Rights<\/title>\n<meta name=\"robots\" content=\"index, follow, max-snippet:-1, max-image-preview:large, max-video-preview:-1\" \/>\n<link rel=\"canonical\" href=\"https:\/\/www.scenicrights.com\/ca\/projects\/saga-del-capitan-cesar-sanchez-proyecto-en-negro\/\" \/>\n<meta property=\"og:locale\" content=\"ca_ES\" \/>\n<meta property=\"og:type\" content=\"article\" \/>\n<meta property=\"og:title\" content=\"Saga Capit\u00e1n C\u00e9sar S\u00e1nchez - Scenic\u00a0Rights\" \/>\n<meta property=\"og:description\" content=\"&nbsp;&nbsp; Donde el crimen se encuentra con la complejidad psicol&oacute;gica&nbsp; &nbsp; A&ntilde;os despu&eacute;s de la desaparici&oacute;n de Bianca Rossana Micussi (Mundos de sombras, 2011), el capit&aacute;n [&hellip;]\" \/>\n<meta property=\"og:url\" content=\"https:\/\/www.scenicrights.com\/ca\/projects\/saga-del-capitan-cesar-sanchez-proyecto-en-negro\/\" \/>\n<meta property=\"og:site_name\" content=\"Scenic\u00a0Rights\" \/>\n<meta property=\"article:modified_time\" content=\"2024-04-02T08:08:55+00:00\" \/>\n<meta property=\"og:image\" content=\"https:\/\/www.scenicrights.com\/wp-content\/uploads\/2023\/09\/mundo-de-sombras.jpeg\" \/>\n\t<meta property=\"og:image:width\" content=\"697\" \/>\n\t<meta property=\"og:image:height\" content=\"1000\" \/>\n\t<meta property=\"og:image:type\" content=\"image\/jpeg\" \/>\n<meta name=\"twitter:card\" content=\"summary_large_image\" \/>\n<meta name=\"twitter:label1\" content=\"Temps estimat de lectura\" \/>\n\t<meta name=\"twitter:data1\" content=\"1 minut\" \/>\n<script type=\"application\/ld+json\" class=\"yoast-schema-graph\">{\"@context\":\"https:\\\/\\\/schema.org\",\"@graph\":[{\"@type\":\"WebPage\",\"@id\":\"https:\\\/\\\/www.scenicrights.com\\\/ca\\\/projects\\\/saga-del-capitan-cesar-sanchez-proyecto-en-negro\\\/\",\"url\":\"https:\\\/\\\/www.scenicrights.com\\\/ca\\\/projects\\\/saga-del-capitan-cesar-sanchez-proyecto-en-negro\\\/\",\"name\":\"Saga Capit\u00e1n C\u00e9sar S\u00e1nchez - Scenic\u00a0Rights\",\"isPartOf\":{\"@id\":\"https:\\\/\\\/www.scenicrights.com\\\/ca\\\/#website\"},\"primaryImageOfPage\":{\"@id\":\"https:\\\/\\\/www.scenicrights.com\\\/ca\\\/projects\\\/saga-del-capitan-cesar-sanchez-proyecto-en-negro\\\/#primaryimage\"},\"image\":{\"@id\":\"https:\\\/\\\/www.scenicrights.com\\\/ca\\\/projects\\\/saga-del-capitan-cesar-sanchez-proyecto-en-negro\\\/#primaryimage\"},\"thumbnailUrl\":\"https:\\\/\\\/www.scenicrights.com\\\/wp-content\\\/uploads\\\/2023\\\/09\\\/mundo-de-sombras.jpeg\",\"datePublished\":\"2023-09-13T13:45:06+00:00\",\"dateModified\":\"2024-04-02T08:08:55+00:00\",\"breadcrumb\":{\"@id\":\"https:\\\/\\\/www.scenicrights.com\\\/ca\\\/projects\\\/saga-del-capitan-cesar-sanchez-proyecto-en-negro\\\/#breadcrumb\"},\"inLanguage\":\"ca\",\"potentialAction\":[{\"@type\":\"ReadAction\",\"target\":[\"https:\\\/\\\/www.scenicrights.com\\\/ca\\\/projects\\\/saga-del-capitan-cesar-sanchez-proyecto-en-negro\\\/\"]}]},{\"@type\":\"ImageObject\",\"inLanguage\":\"ca\",\"@id\":\"https:\\\/\\\/www.scenicrights.com\\\/ca\\\/projects\\\/saga-del-capitan-cesar-sanchez-proyecto-en-negro\\\/#primaryimage\",\"url\":\"https:\\\/\\\/www.scenicrights.com\\\/wp-content\\\/uploads\\\/2023\\\/09\\\/mundo-de-sombras.jpeg\",\"contentUrl\":\"https:\\\/\\\/www.scenicrights.com\\\/wp-content\\\/uploads\\\/2023\\\/09\\\/mundo-de-sombras.jpeg\",\"width\":697,\"height\":1000},{\"@type\":\"BreadcrumbList\",\"@id\":\"https:\\\/\\\/www.scenicrights.com\\\/ca\\\/projects\\\/saga-del-capitan-cesar-sanchez-proyecto-en-negro\\\/#breadcrumb\",\"itemListElement\":[{\"@type\":\"ListItem\",\"position\":1,\"name\":\"Home\",\"item\":\"https:\\\/\\\/www.scenicrights.com\\\/ca\\\/\"},{\"@type\":\"ListItem\",\"position\":2,\"name\":\"Saga Capit\u00e1n C\u00e9sar S\u00e1nchez\"}]},{\"@type\":\"WebSite\",\"@id\":\"https:\\\/\\\/www.scenicrights.com\\\/ca\\\/#website\",\"url\":\"https:\\\/\\\/www.scenicrights.com\\\/ca\\\/\",\"name\":\"Scenic\u00a0Rights\",\"description\":\"\",\"publisher\":{\"@id\":\"https:\\\/\\\/www.scenicrights.com\\\/ca\\\/#organization\"},\"potentialAction\":[{\"@type\":\"SearchAction\",\"target\":{\"@type\":\"EntryPoint\",\"urlTemplate\":\"https:\\\/\\\/www.scenicrights.com\\\/ca\\\/?s={search_term_string}\"},\"query-input\":{\"@type\":\"PropertyValueSpecification\",\"valueRequired\":true,\"valueName\":\"search_term_string\"}}],\"inLanguage\":\"ca\"},{\"@type\":\"Organization\",\"@id\":\"https:\\\/\\\/www.scenicrights.com\\\/ca\\\/#organization\",\"name\":\"Scenic\u00a0Rights\",\"url\":\"https:\\\/\\\/www.scenicrights.com\\\/ca\\\/\",\"logo\":{\"@type\":\"ImageObject\",\"inLanguage\":\"ca\",\"@id\":\"https:\\\/\\\/www.scenicrights.com\\\/ca\\\/#\\\/schema\\\/logo\\\/image\\\/\",\"url\":\"https:\\\/\\\/www.scenicrights.com\\\/wp-content\\\/uploads\\\/2023\\\/07\\\/logo-horizontal-web.png\",\"contentUrl\":\"https:\\\/\\\/www.scenicrights.com\\\/wp-content\\\/uploads\\\/2023\\\/07\\\/logo-horizontal-web.png\",\"width\":644,\"height\":225,\"caption\":\"Scenic\u00a0Rights\"},\"image\":{\"@id\":\"https:\\\/\\\/www.scenicrights.com\\\/ca\\\/#\\\/schema\\\/logo\\\/image\\\/\"}}]}<\/script>\n<!-- \/ Yoast SEO plugin. -->","yoast_head_json":{"title":"Saga Capit\u00e1n C\u00e9sar S\u00e1nchez - Scenic\u00a0Rights","robots":{"index":"index","follow":"follow","max-snippet":"max-snippet:-1","max-image-preview":"max-image-preview:large","max-video-preview":"max-video-preview:-1"},"canonical":"https:\/\/www.scenicrights.com\/ca\/projects\/saga-del-capitan-cesar-sanchez-proyecto-en-negro\/","og_locale":"ca_ES","og_type":"article","og_title":"Saga Capit\u00e1n C\u00e9sar S\u00e1nchez - Scenic\u00a0Rights","og_description":"&nbsp;&nbsp; Donde el crimen se encuentra con la complejidad psicol&oacute;gica&nbsp; &nbsp; A&ntilde;os despu&eacute;s de la desaparici&oacute;n de Bianca Rossana Micussi (Mundos de sombras, 2011), el capit&aacute;n [&hellip;]","og_url":"https:\/\/www.scenicrights.com\/ca\/projects\/saga-del-capitan-cesar-sanchez-proyecto-en-negro\/","og_site_name":"Scenic\u00a0Rights","article_modified_time":"2024-04-02T08:08:55+00:00","og_image":[{"width":697,"height":1000,"url":"https:\/\/www.scenicrights.com\/wp-content\/uploads\/2023\/09\/mundo-de-sombras.jpeg","type":"image\/jpeg"}],"twitter_card":"summary_large_image","twitter_misc":{"Temps estimat de lectura":"1 minut"},"schema":{"@context":"https:\/\/schema.org","@graph":[{"@type":"WebPage","@id":"https:\/\/www.scenicrights.com\/ca\/projects\/saga-del-capitan-cesar-sanchez-proyecto-en-negro\/","url":"https:\/\/www.scenicrights.com\/ca\/projects\/saga-del-capitan-cesar-sanchez-proyecto-en-negro\/","name":"Saga Capit\u00e1n C\u00e9sar S\u00e1nchez - Scenic\u00a0Rights","isPartOf":{"@id":"https:\/\/www.scenicrights.com\/ca\/#website"},"primaryImageOfPage":{"@id":"https:\/\/www.scenicrights.com\/ca\/projects\/saga-del-capitan-cesar-sanchez-proyecto-en-negro\/#primaryimage"},"image":{"@id":"https:\/\/www.scenicrights.com\/ca\/projects\/saga-del-capitan-cesar-sanchez-proyecto-en-negro\/#primaryimage"},"thumbnailUrl":"https:\/\/www.scenicrights.com\/wp-content\/uploads\/2023\/09\/mundo-de-sombras.jpeg","datePublished":"2023-09-13T13:45:06+00:00","dateModified":"2024-04-02T08:08:55+00:00","breadcrumb":{"@id":"https:\/\/www.scenicrights.com\/ca\/projects\/saga-del-capitan-cesar-sanchez-proyecto-en-negro\/#breadcrumb"},"inLanguage":"ca","potentialAction":[{"@type":"ReadAction","target":["https:\/\/www.scenicrights.com\/ca\/projects\/saga-del-capitan-cesar-sanchez-proyecto-en-negro\/"]}]},{"@type":"ImageObject","inLanguage":"ca","@id":"https:\/\/www.scenicrights.com\/ca\/projects\/saga-del-capitan-cesar-sanchez-proyecto-en-negro\/#primaryimage","url":"https:\/\/www.scenicrights.com\/wp-content\/uploads\/2023\/09\/mundo-de-sombras.jpeg","contentUrl":"https:\/\/www.scenicrights.com\/wp-content\/uploads\/2023\/09\/mundo-de-sombras.jpeg","width":697,"height":1000},{"@type":"BreadcrumbList","@id":"https:\/\/www.scenicrights.com\/ca\/projects\/saga-del-capitan-cesar-sanchez-proyecto-en-negro\/#breadcrumb","itemListElement":[{"@type":"ListItem","position":1,"name":"Home","item":"https:\/\/www.scenicrights.com\/ca\/"},{"@type":"ListItem","position":2,"name":"Saga Capit\u00e1n C\u00e9sar S\u00e1nchez"}]},{"@type":"WebSite","@id":"https:\/\/www.scenicrights.com\/ca\/#website","url":"https:\/\/www.scenicrights.com\/ca\/","name":"Scenic\u00a0Rights","description":"","publisher":{"@id":"https:\/\/www.scenicrights.com\/ca\/#organization"},"potentialAction":[{"@type":"SearchAction","target":{"@type":"EntryPoint","urlTemplate":"https:\/\/www.scenicrights.com\/ca\/?s={search_term_string}"},"query-input":{"@type":"PropertyValueSpecification","valueRequired":true,"valueName":"search_term_string"}}],"inLanguage":"ca"},{"@type":"Organization","@id":"https:\/\/www.scenicrights.com\/ca\/#organization","name":"Scenic\u00a0Rights","url":"https:\/\/www.scenicrights.com\/ca\/","logo":{"@type":"ImageObject","inLanguage":"ca","@id":"https:\/\/www.scenicrights.com\/ca\/#\/schema\/logo\/image\/","url":"https:\/\/www.scenicrights.com\/wp-content\/uploads\/2023\/07\/logo-horizontal-web.png","contentUrl":"https:\/\/www.scenicrights.com\/wp-content\/uploads\/2023\/07\/logo-horizontal-web.png","width":644,"height":225,"caption":"Scenic\u00a0Rights"},"image":{"@id":"https:\/\/www.scenicrights.com\/ca\/#\/schema\/logo\/image\/"}}]}},"_links":{"self":[{"href":"https:\/\/www.scenicrights.com\/ca\/wp-json\/wp\/v2\/articulo\/21435","targetHints":{"allow":["GET"]}}],"collection":[{"href":"https:\/\/www.scenicrights.com\/ca\/wp-json\/wp\/v2\/articulo"}],"about":[{"href":"https:\/\/www.scenicrights.com\/ca\/wp-json\/wp\/v2\/types\/articulo"}],"acf:attachment":[{"embeddable":true,"href":"https:\/\/www.scenicrights.com\/ca\/wp-json\/wp\/v2\/media\/"}],"acf:post":[{"embeddable":true,"href":"https:\/\/www.scenicrights.com\/ca\/wp-json\/wp\/v2\/autor\/2757"}],"acf:term":[{"embeddable":true,"taxonomy":"licencia","href":"https:\/\/www.scenicrights.com\/ca\/wp-json\/wp\/v2\/licencia\/17"},{"embeddable":true,"taxonomy":"art_tag","href":"https:\/\/www.scenicrights.com\/ca\/wp-json\/wp\/v2\/art_tag\/1309"},{"embeddable":true,"taxonomy":"art_tag","href":"https:\/\/www.scenicrights.com\/ca\/wp-json\/wp\/v2\/art_tag\/1213"},{"embeddable":true,"taxonomy":"art_tag","href":"https:\/\/www.scenicrights.com\/ca\/wp-json\/wp\/v2\/art_tag\/1113"},{"embeddable":true,"taxonomy":"art_tag","href":"https:\/\/www.scenicrights.com\/ca\/wp-json\/wp\/v2\/art_tag\/795"},{"embeddable":true,"taxonomy":"art_tag","href":"https:\/\/www.scenicrights.com\/ca\/wp-json\/wp\/v2\/art_tag\/967"},{"embeddable":true,"taxonomy":"art_tag","href":"https:\/\/www.scenicrights.com\/ca\/wp-json\/wp\/v2\/art_tag\/815"},{"embeddable":true,"taxonomy":"tipo","href":"https:\/\/www.scenicrights.com\/ca\/wp-json\/wp\/v2\/tipo\/5"},{"embeddable":true,"taxonomy":"subgenero","href":"https:\/\/www.scenicrights.com\/ca\/wp-json\/wp\/v2\/subgenero\/675"},{"embeddable":true,"taxonomy":"subgenero","href":"https:\/\/www.scenicrights.com\/ca\/wp-json\/wp\/v2\/subgenero\/661"},{"embeddable":true,"taxonomy":"genero","href":"https:\/\/www.scenicrights.com\/ca\/wp-json\/wp\/v2\/genero\/46"}],"wp:featuredmedia":[{"embeddable":true,"href":"https:\/\/www.scenicrights.com\/ca\/wp-json\/wp\/v2\/media\/23740"}],"wp:attachment":[{"href":"https:\/\/www.scenicrights.com\/ca\/wp-json\/wp\/v2\/media?parent=21435"}],"wp:term":[{"taxonomy":"art_tag","embeddable":true,"href":"https:\/\/www.scenicrights.com\/ca\/wp-json\/wp\/v2\/art_tag?post=21435"},{"taxonomy":"genero","embeddable":true,"href":"https:\/\/www.scenicrights.com\/ca\/wp-json\/wp\/v2\/genero?post=21435"},{"taxonomy":"licencia","embeddable":true,"href":"https:\/\/www.scenicrights.com\/ca\/wp-json\/wp\/v2\/licencia?post=21435"},{"taxonomy":"localizacion","embeddable":true,"href":"https:\/\/www.scenicrights.com\/ca\/wp-json\/wp\/v2\/localizacion?post=21435"},{"taxonomy":"produccion","embeddable":true,"href":"https:\/\/www.scenicrights.com\/ca\/wp-json\/wp\/v2\/produccion?post=21435"},{"taxonomy":"subgenero","embeddable":true,"href":"https:\/\/www.scenicrights.com\/ca\/wp-json\/wp\/v2\/subgenero?post=21435"},{"taxonomy":"tipo","embeddable":true,"href":"https:\/\/www.scenicrights.com\/ca\/wp-json\/wp\/v2\/tipo?post=21435"}],"curies":[{"name":"wp","href":"https:\/\/api.w.org\/{rel}","templated":true}]}}