{"id":23663,"date":"2024-03-01T09:39:51","date_gmt":"2024-03-01T09:39:51","guid":{"rendered":"https:\/\/www.scenicrights.com\/projects\/la-diversidad-es-una-fortaleza\/"},"modified":"2024-04-18T20:08:27","modified_gmt":"2024-04-18T20:08:27","slug":"la-diversidad-es-una-fortaleza","status":"publish","type":"articulo","link":"https:\/\/www.scenicrights.com\/ca\/projects\/la-diversidad-es-una-fortaleza\/","title":{"rendered":"La diversidad es una fortaleza"},"template":"","art_tag":[703,1307,853,857,1345,1351,1075],"genero":[46],"licencia":[],"localizacion":[],"produccion":[],"subgenero":[1404],"tipo":[5],"class_list":["post-23663","articulo","type-articulo","status-publish","hentry","art_tag-amor-ca","art_tag-coming-of-age-ca","art_tag-educacio","art_tag-empoderament","art_tag-identitat","art_tag-lgbtq-ca","art_tag-politica-ca","genero-drama-ca","subgenero-romanc","tipo-proyecto"],"acf":{"generos_tax":[46],"subgeneros_tax":[1404],"tipo_tax":[5],"tags_tax":[703,1307,857,853,1345,1075,1351],"produccion_tax":false,"licencia_tax":false,"localizacion_tax":false,"articulo__titulo_extendido":"","articulo__extracto":"","articulo__contenido":"<p style=\"text-align: right;\"><em><strong>Atr\u00e9vete a amar.<\/strong><\/em><\/p>\r\nMateo ha regresado de las vacaciones de navidad para cursar su \u00faltimo semestre en la Universidad de Columbia. La vida va de acuerdo a sus planes, es el mejor de su clase y su futuro se perfila para ser prometedor. La cereza del pastel es conseguir la tan ansiada beca en la ONU que a\u00f1o a a\u00f1o el profesor Scott otorga a un solo estudiante.\r\n\r\nCuando el primer d\u00eda de clases Mateo es convocado por su profesor, \u00e9l piensa que le dir\u00e1 que ha sido elegido para la vacante...pero no, la universidad necesita de su ayuda para un evento con invitados de alto perfil. Mateo estar\u00e1 a cargo de recibir, acompa\u00f1ar y atender a Gabriel Cortez, uno de los j\u00f3venes m\u00e1s influyentes y de mejor trayectoria en los medios y pol\u00edtica norteamericana. Mateo acepta, pensando que eso acercar\u00e1 la beca a sus manos.\r\n\r\nLa noche antes del evento, uno de los senadores del estado anuncia su retiro despu\u00e9s de m\u00e1s de treinta a\u00f1os de servicio, y apoya p\u00fablicamente a Gabriel para ser su relevo.\r\n\r\nMateo se encarga de acompa\u00f1ar a Gabriel y desde su primera interacci\u00f3n es evidente la chispa entre ambos. Gabriel se da cuenta de la entrega, intelecto y compromiso de Mateo. Y Mateo, ve c\u00f3mo Gabriel es emp\u00e1tico y sensible sin importar condici\u00f3n.\r\n\r\nAl pasar el evento, Mateo sigue en contacto con Gabriel, y \u00e9ste le ofrece un trabajo de medio tiempo. Naturalmente, entre el respeto, la admiraci\u00f3n y largos recorridos por las calles de la ciudad, nace el amor. Cuando Gabriel decide lanzarse a la candidatura, ambos deciden mantener su relaci\u00f3n en secreto.\r\n\r\nAl finalizar el curso, el profesor Scott avisa a Mateo que ha sido el elegido para tomar la beca, pero este la rechaza, pues quiere apoyar a Gabriel en su campa\u00f1a. El d\u00eda del lanzamiento de la campa\u00f1a Gabriel llega apresurado, corre al escenario, y cuando empieza la cuenta regresiva, del diez al cero, le dice a Mateo que quiere atreverse a competir, pero con \u00e9l a su lado. Lo toma inesperadamente de la mano, y salen al escenario juntos. El p\u00fablico estalla en aplausos al descubrir a esta nueva pareja.\r\n\r\nMateo se da cuenta de que toda su vida acaba de cambiar completamente y para siempre. Ahora, es una figura p\u00fablica. Mateo tendr\u00e1 que enfrentarse a una oleada de dudas sobre su reputaci\u00f3n, conspiraciones sin sentido, y cr\u00edticas, hasta que se quiebra y renuncia a todo, incluso a su relaci\u00f3n con Gabriel. No le queda ma\u0301s remedio que tomar un tren de regreso con sus padres.\r\n\r\nFinalmente encontrar\u00e1 su camino de vuelta, guiado por una renovada fuerza llena de aceptaci\u00f3n y amor.\r\n\r\n&nbsp;\r\n\r\n<strong>DATOS RELEVANTES<\/strong>: La diversidad es una fortaleza es una historia de amor contempor\u00e1nea, con dos protagonistas masculinos que est\u00e1n buscando su lugar en el mundo y que encontrar\u00e1n en el otro la fortaleza necesaria para triunfar.\r\n\r\nAlfonso Aguirre es escritor, emprendedor, empresario y tiktoker mexicano. Ceo y cofundador de By the land. Public\u00f3 su primer libro 'Imposible hasta que se hace', el cual se posicion\u00f3 r\u00e1pidamente en la lista de los m\u00e1s vendidos en Amazon M\u00e9xico en la categor\u00eda de liderazgo. Actualmente tiene una comunidad de m\u00e1s de 2 millones de personas en TikTok y 200 mil en Instagram, en donde comparte consejos de emprendimiento, recomendaciones de libros, frases y experiencias personales. Con el apoyo de esta gran comunidad, su podcast 'Alfonso Aguirre', se ha posicionado en las listas de tendencias en Spotify como uno de los m\u00e1s escuchados.\r\n\r\n&nbsp;\r\n\r\nLo que dice la cr\u00edtica:\r\n\r\n\u201cAlfonso me ha ense\u00f1ado que las historias mueven al mundo, es un experto en contarlas para ocasionar un cambio positivo. Estoy segura de que ser\u00e1 uno de los emprendedores m\u00e1s exitosos del futuro.\u201d\u00a0\u2013<em>Pamela Bald\u00e9s, CEO de\u00a0Beek,\u00a0Forbes 30Under\u00a030<\/em>\r\n\r\n\u201cEn un mundo inundado de miedo e incertidumbre, Alfonso usa su plataforma para impulsar a otros a descubrir sus talentos y aprovechar sus pasiones, entregando herramientas e ideas sencillas a partir de su propia historia, pasando del\u00a0se puede\u00a0al\u00a0c\u00f3mo se puede.\u201d\u00a0\u2013 <em>Jos\u00e9 Casparroso, editor\u00a0transmedia\u00a0de\u00a0Forbes\u00a0en Colombia<\/em>\r\n\r\n\u201cEste libro es para valientes que no solo hacen preguntas, sino que buscan las respuestas. Alfonso trata dos temas sumamente importantes y a la vez dif\u00edciles: saber hacia d\u00f3nde quieres ir en la vida y c\u00f3mo darte el espacio para decidirlo y planearlo.\u201d\u00a0\u2013<em>H\u00e9ctor de la Hoya \u201cBenshorts\u201d, autor y creador de contenido<\/em>\r\n\r\n&nbsp;\r\n\r\n<strong>POTENCIAL AUDIOVISUAL<\/strong>: Serie TV, Miniseries, Film, TV Movie.\r\n\r\n<strong>IDIOMAS DISPONIBLES<\/strong>:\u00a0Espa\u00f1ol.","articulo__autor":"","_thumbnail_id":"","articulo__featured_gallery":null,"articulo__galeria_archivos":[null],"articulo__fecha_de_publicacion":"","articulo__idiomas":"","articulo__dossier":"","idarticle":""},"yoast_head":"<!-- This site is optimized with the Yoast SEO plugin v27.4 - https:\/\/yoast.com\/product\/yoast-seo-wordpress\/ -->\n<title>La diversidad es una fortaleza - Scenic\u00a0Rights<\/title>\n<meta name=\"robots\" content=\"index, follow, max-snippet:-1, max-image-preview:large, max-video-preview:-1\" \/>\n<link rel=\"canonical\" href=\"https:\/\/www.scenicrights.com\/ca\/projects\/la-diversidad-es-una-fortaleza\/\" \/>\n<meta property=\"og:locale\" content=\"ca_ES\" \/>\n<meta property=\"og:type\" content=\"article\" \/>\n<meta property=\"og:title\" content=\"La diversidad es una fortaleza - Scenic\u00a0Rights\" \/>\n<meta property=\"og:url\" content=\"https:\/\/www.scenicrights.com\/ca\/projects\/la-diversidad-es-una-fortaleza\/\" \/>\n<meta property=\"og:site_name\" content=\"Scenic\u00a0Rights\" \/>\n<meta property=\"article:modified_time\" content=\"2024-04-18T20:08:27+00:00\" \/>\n<meta name=\"twitter:card\" content=\"summary_large_image\" \/>\n<script type=\"application\/ld+json\" class=\"yoast-schema-graph\">{\"@context\":\"https:\\\/\\\/schema.org\",\"@graph\":[{\"@type\":\"WebPage\",\"@id\":\"https:\\\/\\\/www.scenicrights.com\\\/ca\\\/projects\\\/la-diversidad-es-una-fortaleza\\\/\",\"url\":\"https:\\\/\\\/www.scenicrights.com\\\/ca\\\/projects\\\/la-diversidad-es-una-fortaleza\\\/\",\"name\":\"La diversidad es una fortaleza - Scenic\u00a0Rights\",\"isPartOf\":{\"@id\":\"https:\\\/\\\/www.scenicrights.com\\\/ca\\\/#website\"},\"datePublished\":\"2024-03-01T09:39:51+00:00\",\"dateModified\":\"2024-04-18T20:08:27+00:00\",\"breadcrumb\":{\"@id\":\"https:\\\/\\\/www.scenicrights.com\\\/ca\\\/projects\\\/la-diversidad-es-una-fortaleza\\\/#breadcrumb\"},\"inLanguage\":\"ca\",\"potentialAction\":[{\"@type\":\"ReadAction\",\"target\":[\"https:\\\/\\\/www.scenicrights.com\\\/ca\\\/projects\\\/la-diversidad-es-una-fortaleza\\\/\"]}]},{\"@type\":\"BreadcrumbList\",\"@id\":\"https:\\\/\\\/www.scenicrights.com\\\/ca\\\/projects\\\/la-diversidad-es-una-fortaleza\\\/#breadcrumb\",\"itemListElement\":[{\"@type\":\"ListItem\",\"position\":1,\"name\":\"Home\",\"item\":\"https:\\\/\\\/www.scenicrights.com\\\/ca\\\/\"},{\"@type\":\"ListItem\",\"position\":2,\"name\":\"La diversidad es una fortaleza\"}]},{\"@type\":\"WebSite\",\"@id\":\"https:\\\/\\\/www.scenicrights.com\\\/ca\\\/#website\",\"url\":\"https:\\\/\\\/www.scenicrights.com\\\/ca\\\/\",\"name\":\"Scenic\u00a0Rights\",\"description\":\"\",\"publisher\":{\"@id\":\"https:\\\/\\\/www.scenicrights.com\\\/ca\\\/#organization\"},\"potentialAction\":[{\"@type\":\"SearchAction\",\"target\":{\"@type\":\"EntryPoint\",\"urlTemplate\":\"https:\\\/\\\/www.scenicrights.com\\\/ca\\\/?s={search_term_string}\"},\"query-input\":{\"@type\":\"PropertyValueSpecification\",\"valueRequired\":true,\"valueName\":\"search_term_string\"}}],\"inLanguage\":\"ca\"},{\"@type\":\"Organization\",\"@id\":\"https:\\\/\\\/www.scenicrights.com\\\/ca\\\/#organization\",\"name\":\"Scenic\u00a0Rights\",\"url\":\"https:\\\/\\\/www.scenicrights.com\\\/ca\\\/\",\"logo\":{\"@type\":\"ImageObject\",\"inLanguage\":\"ca\",\"@id\":\"https:\\\/\\\/www.scenicrights.com\\\/ca\\\/#\\\/schema\\\/logo\\\/image\\\/\",\"url\":\"https:\\\/\\\/www.scenicrights.com\\\/wp-content\\\/uploads\\\/2023\\\/07\\\/logo-horizontal-web.png\",\"contentUrl\":\"https:\\\/\\\/www.scenicrights.com\\\/wp-content\\\/uploads\\\/2023\\\/07\\\/logo-horizontal-web.png\",\"width\":644,\"height\":225,\"caption\":\"Scenic\u00a0Rights\"},\"image\":{\"@id\":\"https:\\\/\\\/www.scenicrights.com\\\/ca\\\/#\\\/schema\\\/logo\\\/image\\\/\"}}]}<\/script>\n<!-- \/ Yoast SEO plugin. -->","yoast_head_json":{"title":"La diversidad es una fortaleza - Scenic\u00a0Rights","robots":{"index":"index","follow":"follow","max-snippet":"max-snippet:-1","max-image-preview":"max-image-preview:large","max-video-preview":"max-video-preview:-1"},"canonical":"https:\/\/www.scenicrights.com\/ca\/projects\/la-diversidad-es-una-fortaleza\/","og_locale":"ca_ES","og_type":"article","og_title":"La diversidad es una fortaleza - Scenic\u00a0Rights","og_url":"https:\/\/www.scenicrights.com\/ca\/projects\/la-diversidad-es-una-fortaleza\/","og_site_name":"Scenic\u00a0Rights","article_modified_time":"2024-04-18T20:08:27+00:00","twitter_card":"summary_large_image","schema":{"@context":"https:\/\/schema.org","@graph":[{"@type":"WebPage","@id":"https:\/\/www.scenicrights.com\/ca\/projects\/la-diversidad-es-una-fortaleza\/","url":"https:\/\/www.scenicrights.com\/ca\/projects\/la-diversidad-es-una-fortaleza\/","name":"La diversidad es una fortaleza - Scenic\u00a0Rights","isPartOf":{"@id":"https:\/\/www.scenicrights.com\/ca\/#website"},"datePublished":"2024-03-01T09:39:51+00:00","dateModified":"2024-04-18T20:08:27+00:00","breadcrumb":{"@id":"https:\/\/www.scenicrights.com\/ca\/projects\/la-diversidad-es-una-fortaleza\/#breadcrumb"},"inLanguage":"ca","potentialAction":[{"@type":"ReadAction","target":["https:\/\/www.scenicrights.com\/ca\/projects\/la-diversidad-es-una-fortaleza\/"]}]},{"@type":"BreadcrumbList","@id":"https:\/\/www.scenicrights.com\/ca\/projects\/la-diversidad-es-una-fortaleza\/#breadcrumb","itemListElement":[{"@type":"ListItem","position":1,"name":"Home","item":"https:\/\/www.scenicrights.com\/ca\/"},{"@type":"ListItem","position":2,"name":"La diversidad es una fortaleza"}]},{"@type":"WebSite","@id":"https:\/\/www.scenicrights.com\/ca\/#website","url":"https:\/\/www.scenicrights.com\/ca\/","name":"Scenic\u00a0Rights","description":"","publisher":{"@id":"https:\/\/www.scenicrights.com\/ca\/#organization"},"potentialAction":[{"@type":"SearchAction","target":{"@type":"EntryPoint","urlTemplate":"https:\/\/www.scenicrights.com\/ca\/?s={search_term_string}"},"query-input":{"@type":"PropertyValueSpecification","valueRequired":true,"valueName":"search_term_string"}}],"inLanguage":"ca"},{"@type":"Organization","@id":"https:\/\/www.scenicrights.com\/ca\/#organization","name":"Scenic\u00a0Rights","url":"https:\/\/www.scenicrights.com\/ca\/","logo":{"@type":"ImageObject","inLanguage":"ca","@id":"https:\/\/www.scenicrights.com\/ca\/#\/schema\/logo\/image\/","url":"https:\/\/www.scenicrights.com\/wp-content\/uploads\/2023\/07\/logo-horizontal-web.png","contentUrl":"https:\/\/www.scenicrights.com\/wp-content\/uploads\/2023\/07\/logo-horizontal-web.png","width":644,"height":225,"caption":"Scenic\u00a0Rights"},"image":{"@id":"https:\/\/www.scenicrights.com\/ca\/#\/schema\/logo\/image\/"}}]}},"_links":{"self":[{"href":"https:\/\/www.scenicrights.com\/ca\/wp-json\/wp\/v2\/articulo\/23663","targetHints":{"allow":["GET"]}}],"collection":[{"href":"https:\/\/www.scenicrights.com\/ca\/wp-json\/wp\/v2\/articulo"}],"about":[{"href":"https:\/\/www.scenicrights.com\/ca\/wp-json\/wp\/v2\/types\/articulo"}],"acf:attachment":[{"embeddable":true,"href":"https:\/\/www.scenicrights.com\/ca\/wp-json\/wp\/v2\/media\/"}],"acf:term":[{"embeddable":true,"taxonomy":"art_tag","href":"https:\/\/www.scenicrights.com\/ca\/wp-json\/wp\/v2\/art_tag\/1351"},{"embeddable":true,"taxonomy":"art_tag","href":"https:\/\/www.scenicrights.com\/ca\/wp-json\/wp\/v2\/art_tag\/1075"},{"embeddable":true,"taxonomy":"art_tag","href":"https:\/\/www.scenicrights.com\/ca\/wp-json\/wp\/v2\/art_tag\/1345"},{"embeddable":true,"taxonomy":"art_tag","href":"https:\/\/www.scenicrights.com\/ca\/wp-json\/wp\/v2\/art_tag\/853"},{"embeddable":true,"taxonomy":"art_tag","href":"https:\/\/www.scenicrights.com\/ca\/wp-json\/wp\/v2\/art_tag\/857"},{"embeddable":true,"taxonomy":"art_tag","href":"https:\/\/www.scenicrights.com\/ca\/wp-json\/wp\/v2\/art_tag\/1307"},{"embeddable":true,"taxonomy":"art_tag","href":"https:\/\/www.scenicrights.com\/ca\/wp-json\/wp\/v2\/art_tag\/703"},{"embeddable":true,"taxonomy":"tipo","href":"https:\/\/www.scenicrights.com\/ca\/wp-json\/wp\/v2\/tipo\/5"},{"embeddable":true,"taxonomy":"subgenero","href":"https:\/\/www.scenicrights.com\/ca\/wp-json\/wp\/v2\/subgenero\/1404"},{"embeddable":true,"taxonomy":"genero","href":"https:\/\/www.scenicrights.com\/ca\/wp-json\/wp\/v2\/genero\/46"}],"wp:attachment":[{"href":"https:\/\/www.scenicrights.com\/ca\/wp-json\/wp\/v2\/media?parent=23663"}],"wp:term":[{"taxonomy":"art_tag","embeddable":true,"href":"https:\/\/www.scenicrights.com\/ca\/wp-json\/wp\/v2\/art_tag?post=23663"},{"taxonomy":"genero","embeddable":true,"href":"https:\/\/www.scenicrights.com\/ca\/wp-json\/wp\/v2\/genero?post=23663"},{"taxonomy":"licencia","embeddable":true,"href":"https:\/\/www.scenicrights.com\/ca\/wp-json\/wp\/v2\/licencia?post=23663"},{"taxonomy":"localizacion","embeddable":true,"href":"https:\/\/www.scenicrights.com\/ca\/wp-json\/wp\/v2\/localizacion?post=23663"},{"taxonomy":"produccion","embeddable":true,"href":"https:\/\/www.scenicrights.com\/ca\/wp-json\/wp\/v2\/produccion?post=23663"},{"taxonomy":"subgenero","embeddable":true,"href":"https:\/\/www.scenicrights.com\/ca\/wp-json\/wp\/v2\/subgenero?post=23663"},{"taxonomy":"tipo","embeddable":true,"href":"https:\/\/www.scenicrights.com\/ca\/wp-json\/wp\/v2\/tipo?post=23663"}],"curies":[{"name":"wp","href":"https:\/\/api.w.org\/{rel}","templated":true}]}}