{"id":27937,"date":"2025-07-28T07:51:39","date_gmt":"2025-07-28T07:51:39","guid":{"rendered":"https:\/\/www.scenicrights.com\/projects\/la-larga-siesta-de-dios\/"},"modified":"2025-07-28T07:51:39","modified_gmt":"2025-07-28T07:51:39","slug":"la-larga-siesta-de-dios","status":"publish","type":"articulo","link":"https:\/\/www.scenicrights.com\/ca\/projects\/la-larga-siesta-de-dios\/","title":{"rendered":"La larga siesta de Dios"},"template":"","art_tag":[733,823,873,887,921,1338,1362,1053,1063,1075,1109,1161],"genero":[46],"licencia":[17],"localizacion":[],"produccion":[],"subgenero":[651],"tipo":[5],"class_list":["post-27937","articulo","type-articulo","status-publish","has-post-thumbnail","hentry","art_tag-anys-40","art_tag-dictadura-ca","art_tag-espanya","art_tag-exili","art_tag-guerra-ca","art_tag-guerra-mundial-ca","art_tag-nazis-ca","art_tag-passat","art_tag-persecucio","art_tag-politica-ca","art_tag-religio","art_tag-supervivencia-ca","genero-drama-ca","licencia-propia","subgenero-historic","tipo-proyecto"],"acf":{"generos_tax":[46],"subgeneros_tax":[651],"tipo_tax":[5],"tags_tax":[733,823,873,887,921,1362,1053,1063,1075,1109,1161,1338],"produccion_tax":false,"licencia_tax":17,"localizacion_tax":false,"articulo__titulo_extendido":"","articulo__extracto":"","articulo__contenido":"<em><strong>Durante el \u00e9xodo de 1940, un transportista jud\u00edo encuentra un prop\u00f3sito en medio del horror: rescatar a ni\u00f1os perseguidos por el r\u00e9gimen de Vichy, ocultarlos y guiarlos hacia la libertad al otro lado de los Pirineos. Una historia coral, ambientada entre Espa\u00f1a y Francia, inspirada en hechos reales y narrada desde la pluma del reconocido escritor Pep Coll.<\/strong><\/em>\r\n\r\n&nbsp;\r\n\r\nEn plena Segunda Guerra Mundial, Samuel Silverstein, un jud\u00edo franc\u00e9s, de profesi\u00f3n transportista, lo ha perdido todo en un bombardeo alem\u00e1n mientras huye hacia el sur. En plena desesperaci\u00f3n, encuentra a un ni\u00f1o con labio leporino llamado Philippe, que se convierte en su inesperado compa\u00f1ero de viaje. Juntos llegan a Arieja, cerca de la frontera con Espa\u00f1a, donde se relacionan con otros personajes marcados por la guerra: catalanes exiliados que huyen del franquismo, oportunistas franceses que colaboran con los nazis y, sobre todo, un grupo de ni\u00f1os jud\u00edos acogidos por la Cruz Roja en un antiguo convento.\r\n\r\nAll\u00ed, bajo la f\u00e9rrea direcci\u00f3n de la se\u00f1orita Inger, un grupo de adolescentes -Helmut, Daniel, Rachel y Carmen- crecen entre juegos, tensiones amorosas, angustia por el destino de sus padres y una incipiente conciencia pol\u00edtica. La amenaza nazi y del r\u00e9gimen de Vichy se cierne sobre ellos con violencia creciente, mientras la milicia colaboracionista y los gendarmes franceses comienzan a deportar a j\u00f3venes jud\u00edos para trabajar en campos de concentraci\u00f3n alemanes.\r\n\r\nSamuel, que ha adoptado una nueva identidad (Christophe Leroy), entra en contacto con <em>Main Forte<\/em>, una red clandestina de ayuda a los jud\u00edos que, m\u00e1s adelante, se convertir\u00e1 en la <em>Arm\u00e9e Juive<\/em>. Su misi\u00f3n: salvar a tantos ni\u00f1os como sea posible. Gracias a su nuevo empleo como vendedor ambulante, logra trasladar a los peque\u00f1os hasta refugios seguros o facilitar su paso a Espa\u00f1a, mientras sigue protegiendo a Philippe, apodado <em>Liebre<\/em> por sus compa\u00f1eros. Poco a poco, Samuel ir\u00e1 construyendo una nueva vida en la regi\u00f3n, haciendo nuevos amigos y recuperando algo parecido a una familia.\r\n\r\nA medida que avanza la guerra y los progresos de los Aliados, la tensi\u00f3n se intensifica. Algunos j\u00f3venes, como Helmut y Daniel, planean una aut\u00e9ntica fuga a trav\u00e9s de los Pirineos, en una traves\u00eda peligrosa y \u00e9pica que marcar\u00e1 su paso a la edad adulta. Pero, finalmente, la ca\u00edda del Tercer Reich abre nuevas posibilidades: la fundaci\u00f3n del Estado de Israel. Todos piensan que, de esa manera, despertar\u00e1n a Dios de su larga siesta. Todos deciden emigrar a Tel Aviv, amparados por la comunidad internacional. Samuel, sin embargo, desencantado con su Dios y arraigado a su nueva tierra, decidir\u00e1 quedarse en Francia.\r\n\r\n&nbsp;\r\n\r\n<strong>DATOS RELEVANTES:<\/strong> Pep Coll (Pessonada, Pallars Juss\u00e0, 1949), prol\u00edfico escritor en catal\u00e1n traducido al espa\u00f1ol, euskera, franc\u00e9s e italiano es autor de numerosas novelas que le han merecido el<strong> Premio de la Cr\u00edtica<\/strong>, el <strong>Premio Crexells<\/strong>, el <strong>Premio El Set\u00e8 Cel<\/strong>, el <strong>Premio Amat-Piniella<\/strong> y el <strong>Prix Pyr\u00e9n\u00e9en<\/strong> 2016 a la traducci\u00f3n francesa. En su universo literario, que tambi\u00e9n incluye narrativa juvenil, teatro y ensayo, los Pirineos y su pasi\u00f3n por la monta\u00f1a ocupan un lugar destacado.\r\n\r\n<em>La larga siesta de Dios<\/em> es una novela coral, ambiciosa y profundamente conmovedora que ilumina un episodio poco conocido de la Segunda Guerra Mundial: el \u00e9xodo jud\u00edo a trav\u00e9s del sur de Francia y los Pirineos. Con una galer\u00eda de personajes inolvidables, Pep Coll construye una historia vibrante sobre la supervivencia, el paso a la edad adulta y la p\u00e9rdida (y reconstrucci\u00f3n) de la fe en medio del horror. Una novela con una trama emocionalmente rica y llena de matices, ambientada en un paisaje pirenaico que es mucho m\u00e1s que un decorado: es refugio, frontera, testigo de la barbarie y protagonista de la historia.\r\n\r\n&nbsp;\r\n\r\n<strong>POTENCIAL AUDIOVISUAL:<\/strong> Serie TV, Miniserie, Film, TV Film.\r\n\r\n<strong>IDIOMAS DISPONIBLES:<\/strong> Espa\u00f1ol, Catal\u00e1n.","articulo__autor":[27377],"_thumbnail_id":27935,"articulo__featured_gallery":null,"articulo__galeria_archivos":"","articulo__fecha_de_publicacion":"","articulo__idiomas":"","articulo__dossier":"","idarticle":""},"yoast_head":"<!-- This site is optimized with the Yoast SEO plugin v27.5 - https:\/\/yoast.com\/product\/yoast-seo-wordpress\/ -->\n<title>La larga siesta de Dios - Scenic\u00a0Rights<\/title>\n<meta name=\"robots\" content=\"index, follow, max-snippet:-1, max-image-preview:large, max-video-preview:-1\" \/>\n<link rel=\"canonical\" href=\"https:\/\/www.scenicrights.com\/ca\/projects\/la-larga-siesta-de-dios\/\" \/>\n<meta property=\"og:locale\" content=\"ca_ES\" \/>\n<meta property=\"og:type\" content=\"article\" \/>\n<meta property=\"og:title\" content=\"La larga siesta de Dios - Scenic\u00a0Rights\" \/>\n<meta property=\"og:url\" content=\"https:\/\/www.scenicrights.com\/ca\/projects\/la-larga-siesta-de-dios\/\" \/>\n<meta property=\"og:site_name\" content=\"Scenic\u00a0Rights\" \/>\n<meta name=\"twitter:card\" content=\"summary_large_image\" \/>\n<script type=\"application\/ld+json\" class=\"yoast-schema-graph\">{\"@context\":\"https:\\\/\\\/schema.org\",\"@graph\":[{\"@type\":\"WebPage\",\"@id\":\"https:\\\/\\\/www.scenicrights.com\\\/ca\\\/projects\\\/la-larga-siesta-de-dios\\\/\",\"url\":\"https:\\\/\\\/www.scenicrights.com\\\/ca\\\/projects\\\/la-larga-siesta-de-dios\\\/\",\"name\":\"La larga siesta de Dios - Scenic\u00a0Rights\",\"isPartOf\":{\"@id\":\"https:\\\/\\\/www.scenicrights.com\\\/ca\\\/#website\"},\"primaryImageOfPage\":{\"@id\":\"https:\\\/\\\/www.scenicrights.com\\\/ca\\\/projects\\\/la-larga-siesta-de-dios\\\/#primaryimage\"},\"image\":{\"@id\":\"https:\\\/\\\/www.scenicrights.com\\\/ca\\\/projects\\\/la-larga-siesta-de-dios\\\/#primaryimage\"},\"thumbnailUrl\":\"https:\\\/\\\/www.scenicrights.com\\\/wp-content\\\/uploads\\\/2025\\\/07\\\/portada_la-larga-siesta-de-dios_pep-coll_202212221047-scaled.jpg\",\"datePublished\":\"2025-07-28T07:51:39+00:00\",\"breadcrumb\":{\"@id\":\"https:\\\/\\\/www.scenicrights.com\\\/ca\\\/projects\\\/la-larga-siesta-de-dios\\\/#breadcrumb\"},\"inLanguage\":\"ca\",\"potentialAction\":[{\"@type\":\"ReadAction\",\"target\":[\"https:\\\/\\\/www.scenicrights.com\\\/ca\\\/projects\\\/la-larga-siesta-de-dios\\\/\"]}]},{\"@type\":\"ImageObject\",\"inLanguage\":\"ca\",\"@id\":\"https:\\\/\\\/www.scenicrights.com\\\/ca\\\/projects\\\/la-larga-siesta-de-dios\\\/#primaryimage\",\"url\":\"https:\\\/\\\/www.scenicrights.com\\\/wp-content\\\/uploads\\\/2025\\\/07\\\/portada_la-larga-siesta-de-dios_pep-coll_202212221047-scaled.jpg\",\"contentUrl\":\"https:\\\/\\\/www.scenicrights.com\\\/wp-content\\\/uploads\\\/2025\\\/07\\\/portada_la-larga-siesta-de-dios_pep-coll_202212221047-scaled.jpg\",\"width\":1668,\"height\":2560},{\"@type\":\"BreadcrumbList\",\"@id\":\"https:\\\/\\\/www.scenicrights.com\\\/ca\\\/projects\\\/la-larga-siesta-de-dios\\\/#breadcrumb\",\"itemListElement\":[{\"@type\":\"ListItem\",\"position\":1,\"name\":\"Home\",\"item\":\"https:\\\/\\\/www.scenicrights.com\\\/ca\\\/\"},{\"@type\":\"ListItem\",\"position\":2,\"name\":\"La larga siesta de Dios\"}]},{\"@type\":\"WebSite\",\"@id\":\"https:\\\/\\\/www.scenicrights.com\\\/ca\\\/#website\",\"url\":\"https:\\\/\\\/www.scenicrights.com\\\/ca\\\/\",\"name\":\"Scenic\u00a0Rights\",\"description\":\"\",\"publisher\":{\"@id\":\"https:\\\/\\\/www.scenicrights.com\\\/ca\\\/#organization\"},\"potentialAction\":[{\"@type\":\"SearchAction\",\"target\":{\"@type\":\"EntryPoint\",\"urlTemplate\":\"https:\\\/\\\/www.scenicrights.com\\\/ca\\\/?s={search_term_string}\"},\"query-input\":{\"@type\":\"PropertyValueSpecification\",\"valueRequired\":true,\"valueName\":\"search_term_string\"}}],\"inLanguage\":\"ca\"},{\"@type\":\"Organization\",\"@id\":\"https:\\\/\\\/www.scenicrights.com\\\/ca\\\/#organization\",\"name\":\"Scenic\u00a0Rights\",\"url\":\"https:\\\/\\\/www.scenicrights.com\\\/ca\\\/\",\"logo\":{\"@type\":\"ImageObject\",\"inLanguage\":\"ca\",\"@id\":\"https:\\\/\\\/www.scenicrights.com\\\/ca\\\/#\\\/schema\\\/logo\\\/image\\\/\",\"url\":\"https:\\\/\\\/www.scenicrights.com\\\/wp-content\\\/uploads\\\/2023\\\/07\\\/logo-horizontal-web.png\",\"contentUrl\":\"https:\\\/\\\/www.scenicrights.com\\\/wp-content\\\/uploads\\\/2023\\\/07\\\/logo-horizontal-web.png\",\"width\":644,\"height\":225,\"caption\":\"Scenic\u00a0Rights\"},\"image\":{\"@id\":\"https:\\\/\\\/www.scenicrights.com\\\/ca\\\/#\\\/schema\\\/logo\\\/image\\\/\"}}]}<\/script>\n<!-- \/ Yoast SEO plugin. -->","yoast_head_json":{"title":"La larga siesta de Dios - Scenic\u00a0Rights","robots":{"index":"index","follow":"follow","max-snippet":"max-snippet:-1","max-image-preview":"max-image-preview:large","max-video-preview":"max-video-preview:-1"},"canonical":"https:\/\/www.scenicrights.com\/ca\/projects\/la-larga-siesta-de-dios\/","og_locale":"ca_ES","og_type":"article","og_title":"La larga siesta de Dios - Scenic\u00a0Rights","og_url":"https:\/\/www.scenicrights.com\/ca\/projects\/la-larga-siesta-de-dios\/","og_site_name":"Scenic\u00a0Rights","twitter_card":"summary_large_image","schema":{"@context":"https:\/\/schema.org","@graph":[{"@type":"WebPage","@id":"https:\/\/www.scenicrights.com\/ca\/projects\/la-larga-siesta-de-dios\/","url":"https:\/\/www.scenicrights.com\/ca\/projects\/la-larga-siesta-de-dios\/","name":"La larga siesta de Dios - Scenic\u00a0Rights","isPartOf":{"@id":"https:\/\/www.scenicrights.com\/ca\/#website"},"primaryImageOfPage":{"@id":"https:\/\/www.scenicrights.com\/ca\/projects\/la-larga-siesta-de-dios\/#primaryimage"},"image":{"@id":"https:\/\/www.scenicrights.com\/ca\/projects\/la-larga-siesta-de-dios\/#primaryimage"},"thumbnailUrl":"https:\/\/www.scenicrights.com\/wp-content\/uploads\/2025\/07\/portada_la-larga-siesta-de-dios_pep-coll_202212221047-scaled.jpg","datePublished":"2025-07-28T07:51:39+00:00","breadcrumb":{"@id":"https:\/\/www.scenicrights.com\/ca\/projects\/la-larga-siesta-de-dios\/#breadcrumb"},"inLanguage":"ca","potentialAction":[{"@type":"ReadAction","target":["https:\/\/www.scenicrights.com\/ca\/projects\/la-larga-siesta-de-dios\/"]}]},{"@type":"ImageObject","inLanguage":"ca","@id":"https:\/\/www.scenicrights.com\/ca\/projects\/la-larga-siesta-de-dios\/#primaryimage","url":"https:\/\/www.scenicrights.com\/wp-content\/uploads\/2025\/07\/portada_la-larga-siesta-de-dios_pep-coll_202212221047-scaled.jpg","contentUrl":"https:\/\/www.scenicrights.com\/wp-content\/uploads\/2025\/07\/portada_la-larga-siesta-de-dios_pep-coll_202212221047-scaled.jpg","width":1668,"height":2560},{"@type":"BreadcrumbList","@id":"https:\/\/www.scenicrights.com\/ca\/projects\/la-larga-siesta-de-dios\/#breadcrumb","itemListElement":[{"@type":"ListItem","position":1,"name":"Home","item":"https:\/\/www.scenicrights.com\/ca\/"},{"@type":"ListItem","position":2,"name":"La larga siesta de Dios"}]},{"@type":"WebSite","@id":"https:\/\/www.scenicrights.com\/ca\/#website","url":"https:\/\/www.scenicrights.com\/ca\/","name":"Scenic\u00a0Rights","description":"","publisher":{"@id":"https:\/\/www.scenicrights.com\/ca\/#organization"},"potentialAction":[{"@type":"SearchAction","target":{"@type":"EntryPoint","urlTemplate":"https:\/\/www.scenicrights.com\/ca\/?s={search_term_string}"},"query-input":{"@type":"PropertyValueSpecification","valueRequired":true,"valueName":"search_term_string"}}],"inLanguage":"ca"},{"@type":"Organization","@id":"https:\/\/www.scenicrights.com\/ca\/#organization","name":"Scenic\u00a0Rights","url":"https:\/\/www.scenicrights.com\/ca\/","logo":{"@type":"ImageObject","inLanguage":"ca","@id":"https:\/\/www.scenicrights.com\/ca\/#\/schema\/logo\/image\/","url":"https:\/\/www.scenicrights.com\/wp-content\/uploads\/2023\/07\/logo-horizontal-web.png","contentUrl":"https:\/\/www.scenicrights.com\/wp-content\/uploads\/2023\/07\/logo-horizontal-web.png","width":644,"height":225,"caption":"Scenic\u00a0Rights"},"image":{"@id":"https:\/\/www.scenicrights.com\/ca\/#\/schema\/logo\/image\/"}}]}},"_links":{"self":[{"href":"https:\/\/www.scenicrights.com\/ca\/wp-json\/wp\/v2\/articulo\/27937","targetHints":{"allow":["GET"]}}],"collection":[{"href":"https:\/\/www.scenicrights.com\/ca\/wp-json\/wp\/v2\/articulo"}],"about":[{"href":"https:\/\/www.scenicrights.com\/ca\/wp-json\/wp\/v2\/types\/articulo"}],"acf:post":[{"embeddable":true,"href":"https:\/\/www.scenicrights.com\/ca\/wp-json\/wp\/v2\/autor\/27377"}],"acf:term":[{"embeddable":true,"taxonomy":"licencia","href":"https:\/\/www.scenicrights.com\/ca\/wp-json\/wp\/v2\/licencia\/17"},{"embeddable":true,"taxonomy":"art_tag","href":"https:\/\/www.scenicrights.com\/ca\/wp-json\/wp\/v2\/art_tag\/1338"},{"embeddable":true,"taxonomy":"art_tag","href":"https:\/\/www.scenicrights.com\/ca\/wp-json\/wp\/v2\/art_tag\/1161"},{"embeddable":true,"taxonomy":"art_tag","href":"https:\/\/www.scenicrights.com\/ca\/wp-json\/wp\/v2\/art_tag\/1109"},{"embeddable":true,"taxonomy":"art_tag","href":"https:\/\/www.scenicrights.com\/ca\/wp-json\/wp\/v2\/art_tag\/1075"},{"embeddable":true,"taxonomy":"art_tag","href":"https:\/\/www.scenicrights.com\/ca\/wp-json\/wp\/v2\/art_tag\/1063"},{"embeddable":true,"taxonomy":"art_tag","href":"https:\/\/www.scenicrights.com\/ca\/wp-json\/wp\/v2\/art_tag\/1053"},{"embeddable":true,"taxonomy":"art_tag","href":"https:\/\/www.scenicrights.com\/ca\/wp-json\/wp\/v2\/art_tag\/1362"},{"embeddable":true,"taxonomy":"art_tag","href":"https:\/\/www.scenicrights.com\/ca\/wp-json\/wp\/v2\/art_tag\/921"},{"embeddable":true,"taxonomy":"art_tag","href":"https:\/\/www.scenicrights.com\/ca\/wp-json\/wp\/v2\/art_tag\/887"},{"embeddable":true,"taxonomy":"art_tag","href":"https:\/\/www.scenicrights.com\/ca\/wp-json\/wp\/v2\/art_tag\/873"},{"embeddable":true,"taxonomy":"art_tag","href":"https:\/\/www.scenicrights.com\/ca\/wp-json\/wp\/v2\/art_tag\/823"},{"embeddable":true,"taxonomy":"art_tag","href":"https:\/\/www.scenicrights.com\/ca\/wp-json\/wp\/v2\/art_tag\/733"},{"embeddable":true,"taxonomy":"tipo","href":"https:\/\/www.scenicrights.com\/ca\/wp-json\/wp\/v2\/tipo\/5"},{"embeddable":true,"taxonomy":"subgenero","href":"https:\/\/www.scenicrights.com\/ca\/wp-json\/wp\/v2\/subgenero\/651"},{"embeddable":true,"taxonomy":"genero","href":"https:\/\/www.scenicrights.com\/ca\/wp-json\/wp\/v2\/genero\/46"}],"wp:featuredmedia":[{"embeddable":true,"href":"https:\/\/www.scenicrights.com\/ca\/wp-json\/wp\/v2\/media\/27935"}],"wp:attachment":[{"href":"https:\/\/www.scenicrights.com\/ca\/wp-json\/wp\/v2\/media?parent=27937"}],"wp:term":[{"taxonomy":"art_tag","embeddable":true,"href":"https:\/\/www.scenicrights.com\/ca\/wp-json\/wp\/v2\/art_tag?post=27937"},{"taxonomy":"genero","embeddable":true,"href":"https:\/\/www.scenicrights.com\/ca\/wp-json\/wp\/v2\/genero?post=27937"},{"taxonomy":"licencia","embeddable":true,"href":"https:\/\/www.scenicrights.com\/ca\/wp-json\/wp\/v2\/licencia?post=27937"},{"taxonomy":"localizacion","embeddable":true,"href":"https:\/\/www.scenicrights.com\/ca\/wp-json\/wp\/v2\/localizacion?post=27937"},{"taxonomy":"produccion","embeddable":true,"href":"https:\/\/www.scenicrights.com\/ca\/wp-json\/wp\/v2\/produccion?post=27937"},{"taxonomy":"subgenero","embeddable":true,"href":"https:\/\/www.scenicrights.com\/ca\/wp-json\/wp\/v2\/subgenero?post=27937"},{"taxonomy":"tipo","embeddable":true,"href":"https:\/\/www.scenicrights.com\/ca\/wp-json\/wp\/v2\/tipo?post=27937"}],"curies":[{"name":"wp","href":"https:\/\/api.w.org\/{rel}","templated":true}]}}