{"id":28234,"date":"2025-09-02T12:01:27","date_gmt":"2025-09-02T12:01:27","guid":{"rendered":"https:\/\/www.scenicrights.com\/projects\/la-guerra-de-galio\/"},"modified":"2025-09-16T07:38:14","modified_gmt":"2025-09-16T07:38:14","slug":"la-guerra-de-galio","status":"publish","type":"articulo","link":"https:\/\/www.scenicrights.com\/ca\/projects\/la-guerra-de-galio\/","title":{"rendered":"La guerra de Galio"},"template":"","art_tag":[703,711,735,736,1307,795,1280,803,813,923,1349,981,987,1027,1061,1063,1075,1113,1115,1171],"genero":[46],"licencia":[17],"localizacion":[],"produccion":[],"subgenero":[651],"tipo":[5],"class_list":["post-28234","articulo","type-articulo","status-publish","has-post-thumbnail","hentry","art_tag-amor-ca","art_tag-amor-no-correspost","art_tag-anys-60","art_tag-anys-70","art_tag-coming-of-age-ca","art_tag-corrupcio","art_tag-crim","art_tag-cultura-ca","art_tag-desamor-ca","art_tag-guerra-civil-ca","art_tag-justicia-ca","art_tag-literatura-ca","art_tag-lluita-de-poder","art_tag-mexic","art_tag-periodisme","art_tag-persecucio","art_tag-politica-ca","art_tag-revolucio","art_tag-rivalitat","art_tag-terrorisme","genero-drama-ca","licencia-propia","subgenero-historic","tipo-proyecto"],"acf":{"generos_tax":[46],"subgeneros_tax":[651],"tipo_tax":[5],"tags_tax":[703,711,735,736,795,1280,803,813,923,1349,981,987,1027,1061,1063,1075,1113,1115,1171,1307],"produccion_tax":false,"licencia_tax":17,"localizacion_tax":false,"articulo__titulo_extendido":"","articulo__extracto":"","articulo__contenido":"<em><strong>M\u00e9xico, a\u00f1os setenta. Un joven historiador se une a un peri\u00f3dico de oposici\u00f3n y arriesga todo para contar la verdad frente a la represi\u00f3n del Estado. Censura, espionaje y una vida al l\u00edmite en un drama hist\u00f3rico lleno de giros y personajes inolvidables.<\/strong><\/em>\r\n\r\n&nbsp;\r\n\r\nCarlos Vigil, un joven historiador mexicano, inicia su carrera con una brillante investigaci\u00f3n sobre la Revoluci\u00f3n Mexicana. Separado de su esposa y dedicado por completo a su trabajo, su vida transcurre entre archivos, alcohol y relaciones intensas y dif\u00edciles. Oralia, su pareja m\u00e1s estable, y Mercedes Biedma, una brillante pero desequilibrada investigadora, marcan sus v\u00ednculos afectivos. En su entorno gravitan periodistas, exguerrilleros, bohemios y figuras exc\u00e9ntricas como Galio Berm\u00fadez, un enigm\u00e1tico intelectual con nexos profundos con el poder.\r\n\r\nVigil se integra al diario La rep\u00fablica, dirigido por el carism\u00e1tico Octavio Sala, y junto a \u00e9l transforma el peri\u00f3dico en un basti\u00f3n de resistencia frente al autoritarismo: denuncian la represi\u00f3n y la guerra sucia, incluyendo la detenci\u00f3n y tortura de Santiago, guerrillero y hermano del amigo de Vigil, Santoyo. Santiago ser\u00e1 posteriormente asesinado, lo que intensificar\u00e1 el enfrentamiento con el poder. Galio, emisario del r\u00e9gimen y n\u00e9mesis de Vigil, advertir\u00e1 sobre el riesgo de enfrentarse abiertamente al poder y sobrepasar ciertos l\u00edmites.\r\n\r\nLa deriva autoritaria del gobierno empuja a Santoyo y a Paloma, amiga y antigua amante de Vigil, a unirse a la guerrilla. Mientras, el peri\u00f3dico La rep\u00fablica comienza a desmoronarse: el Estado infiltra la redacci\u00f3n, el apoyo oficial desaparece y se produce una rebeli\u00f3n interna. Sala y Vigil, convencidos de su misi\u00f3n hist\u00f3rica, fundan La vanguardia, un nuevo peri\u00f3dico m\u00e1s radical. Las nuevas denuncias apuntan directamente a militares, empresarios y pol\u00edticos. Pero tambi\u00e9n se endurece el estilo interno: Sala impone m\u00e9todos cuestionables y se vuelve inflexible, lo que provoca el desencanto de Vigil, quien decide abandonar el periodismo.\r\n\r\nEn paralelo, su vida personal se descompone. Santoyo ha sido asesinado por los militares y Paloma est\u00e1 encarcelada, Mercedes muere tras una reca\u00edda, y Oralia se exilia. A\u00f1os despu\u00e9s, Paloma sale de prisi\u00f3n y se refugia con Vigil en Tlayacapan. All\u00ed comparten recuerdos y un intento de amor. Ella le revela los secretos m\u00e1s oscuros de la guerrilla, incluidas ejecuciones internas y la verdad sobre la muerte de Santoyo. Esa confesi\u00f3n les permite cerrar viejas heridas.\r\n\r\nVigil vuelve a la ciudad, publica un libro de historia aclamado, pero rechaza las ofertas para regresar al periodismo. En su \u00faltima noche, ebrio y perseguido por los fantasmas del pasado, muere de dos disparos en un hotel de paso. Su muerte queda envuelta en misterio, y deja tras de s\u00ed el retrato de un pa\u00eds herido, una vida marcada por la integridad, las contradicciones y la feroz voluntad de contar la verdad.\r\n\r\n&nbsp;\r\n\r\n<strong>DATOS RELEVANTES:<\/strong> H\u00e9ctor Aguilar Cam\u00edn es un periodista, escritor, novelista, historiador y analista pol\u00edtico mexicano. Es ganador del <strong>Premio Mazatl\u00e1n de Literatura<\/strong>.\r\n\r\n<em>La guerra de Galio<\/em> es una novela de formaci\u00f3n intelectual, pol\u00edtica y emocional que transita entre la historia, el periodismo y la lucha por la verdad en el M\u00e9xico del siglo XX, marcado por la violencia pol\u00edtica. La obra destaca por la riqueza de sus personajes y la lucidez con la que observa las din\u00e1micas pol\u00edticas en un contexto autoritario.\r\n\r\nLa novela tiene un una incre\u00edble carga dram\u00e1tica que permite articular una narrativa coral, con tramas paralelas que cruzan el mundo del periodismo, la vida bohemia e intelectual, la pol\u00edtica y la guerrilla. El arco del protagonista, Carlos Vigil \u2014desde joven idealista hasta hombre roto\u2014, ofrece un viaje poderoso, una vida aventurera y llena de giros.\r\n\r\n&nbsp;\r\n\r\n<strong>POTENCIAL AUDIOVISUAL:<\/strong> Serie TV, Miniserie, Film, TV Film.\r\n\r\n<strong>IDIOMAS DISPONIBLES:<\/strong> Espa\u00f1ol.","articulo__autor":[28749],"_thumbnail_id":28232,"articulo__featured_gallery":null,"articulo__galeria_archivos":"","articulo__fecha_de_publicacion":"","articulo__idiomas":"","articulo__dossier":"","idarticle":""},"yoast_head":"<!-- This site is optimized with the Yoast SEO plugin v27.5 - https:\/\/yoast.com\/product\/yoast-seo-wordpress\/ -->\n<title>La guerra de Galio - Scenic\u00a0Rights<\/title>\n<meta name=\"robots\" content=\"index, follow, max-snippet:-1, max-image-preview:large, max-video-preview:-1\" \/>\n<link rel=\"canonical\" href=\"https:\/\/www.scenicrights.com\/ca\/projects\/la-guerra-de-galio\/\" \/>\n<meta property=\"og:locale\" content=\"ca_ES\" \/>\n<meta property=\"og:type\" content=\"article\" \/>\n<meta property=\"og:title\" content=\"La guerra de Galio - Scenic\u00a0Rights\" \/>\n<meta property=\"og:url\" content=\"https:\/\/www.scenicrights.com\/ca\/projects\/la-guerra-de-galio\/\" \/>\n<meta property=\"og:site_name\" content=\"Scenic\u00a0Rights\" \/>\n<meta property=\"article:modified_time\" content=\"2025-09-16T07:38:14+00:00\" \/>\n<meta property=\"og:image\" content=\"https:\/\/www.scenicrights.com\/wp-content\/uploads\/2025\/09\/71DUuIH2PhL._UF10001000_QL80_-1.jpg\" \/>\n\t<meta property=\"og:image:width\" content=\"587\" \/>\n\t<meta property=\"og:image:height\" content=\"1000\" \/>\n\t<meta property=\"og:image:type\" content=\"image\/jpeg\" \/>\n<meta name=\"twitter:card\" content=\"summary_large_image\" \/>\n<script type=\"application\/ld+json\" class=\"yoast-schema-graph\">{\"@context\":\"https:\\\/\\\/schema.org\",\"@graph\":[{\"@type\":\"WebPage\",\"@id\":\"https:\\\/\\\/www.scenicrights.com\\\/ca\\\/projects\\\/la-guerra-de-galio\\\/\",\"url\":\"https:\\\/\\\/www.scenicrights.com\\\/ca\\\/projects\\\/la-guerra-de-galio\\\/\",\"name\":\"La guerra de Galio - Scenic\u00a0Rights\",\"isPartOf\":{\"@id\":\"https:\\\/\\\/www.scenicrights.com\\\/ca\\\/#website\"},\"primaryImageOfPage\":{\"@id\":\"https:\\\/\\\/www.scenicrights.com\\\/ca\\\/projects\\\/la-guerra-de-galio\\\/#primaryimage\"},\"image\":{\"@id\":\"https:\\\/\\\/www.scenicrights.com\\\/ca\\\/projects\\\/la-guerra-de-galio\\\/#primaryimage\"},\"thumbnailUrl\":\"https:\\\/\\\/www.scenicrights.com\\\/wp-content\\\/uploads\\\/2025\\\/09\\\/71DUuIH2PhL._UF10001000_QL80_-1.jpg\",\"datePublished\":\"2025-09-02T12:01:27+00:00\",\"dateModified\":\"2025-09-16T07:38:14+00:00\",\"breadcrumb\":{\"@id\":\"https:\\\/\\\/www.scenicrights.com\\\/ca\\\/projects\\\/la-guerra-de-galio\\\/#breadcrumb\"},\"inLanguage\":\"ca\",\"potentialAction\":[{\"@type\":\"ReadAction\",\"target\":[\"https:\\\/\\\/www.scenicrights.com\\\/ca\\\/projects\\\/la-guerra-de-galio\\\/\"]}]},{\"@type\":\"ImageObject\",\"inLanguage\":\"ca\",\"@id\":\"https:\\\/\\\/www.scenicrights.com\\\/ca\\\/projects\\\/la-guerra-de-galio\\\/#primaryimage\",\"url\":\"https:\\\/\\\/www.scenicrights.com\\\/wp-content\\\/uploads\\\/2025\\\/09\\\/71DUuIH2PhL._UF10001000_QL80_-1.jpg\",\"contentUrl\":\"https:\\\/\\\/www.scenicrights.com\\\/wp-content\\\/uploads\\\/2025\\\/09\\\/71DUuIH2PhL._UF10001000_QL80_-1.jpg\",\"width\":587,\"height\":1000},{\"@type\":\"BreadcrumbList\",\"@id\":\"https:\\\/\\\/www.scenicrights.com\\\/ca\\\/projects\\\/la-guerra-de-galio\\\/#breadcrumb\",\"itemListElement\":[{\"@type\":\"ListItem\",\"position\":1,\"name\":\"Home\",\"item\":\"https:\\\/\\\/www.scenicrights.com\\\/ca\\\/\"},{\"@type\":\"ListItem\",\"position\":2,\"name\":\"La guerra de Galio\"}]},{\"@type\":\"WebSite\",\"@id\":\"https:\\\/\\\/www.scenicrights.com\\\/ca\\\/#website\",\"url\":\"https:\\\/\\\/www.scenicrights.com\\\/ca\\\/\",\"name\":\"Scenic\u00a0Rights\",\"description\":\"\",\"publisher\":{\"@id\":\"https:\\\/\\\/www.scenicrights.com\\\/ca\\\/#organization\"},\"potentialAction\":[{\"@type\":\"SearchAction\",\"target\":{\"@type\":\"EntryPoint\",\"urlTemplate\":\"https:\\\/\\\/www.scenicrights.com\\\/ca\\\/?s={search_term_string}\"},\"query-input\":{\"@type\":\"PropertyValueSpecification\",\"valueRequired\":true,\"valueName\":\"search_term_string\"}}],\"inLanguage\":\"ca\"},{\"@type\":\"Organization\",\"@id\":\"https:\\\/\\\/www.scenicrights.com\\\/ca\\\/#organization\",\"name\":\"Scenic\u00a0Rights\",\"url\":\"https:\\\/\\\/www.scenicrights.com\\\/ca\\\/\",\"logo\":{\"@type\":\"ImageObject\",\"inLanguage\":\"ca\",\"@id\":\"https:\\\/\\\/www.scenicrights.com\\\/ca\\\/#\\\/schema\\\/logo\\\/image\\\/\",\"url\":\"https:\\\/\\\/www.scenicrights.com\\\/wp-content\\\/uploads\\\/2023\\\/07\\\/logo-horizontal-web.png\",\"contentUrl\":\"https:\\\/\\\/www.scenicrights.com\\\/wp-content\\\/uploads\\\/2023\\\/07\\\/logo-horizontal-web.png\",\"width\":644,\"height\":225,\"caption\":\"Scenic\u00a0Rights\"},\"image\":{\"@id\":\"https:\\\/\\\/www.scenicrights.com\\\/ca\\\/#\\\/schema\\\/logo\\\/image\\\/\"}}]}<\/script>\n<!-- \/ Yoast SEO plugin. -->","yoast_head_json":{"title":"La guerra de Galio - Scenic\u00a0Rights","robots":{"index":"index","follow":"follow","max-snippet":"max-snippet:-1","max-image-preview":"max-image-preview:large","max-video-preview":"max-video-preview:-1"},"canonical":"https:\/\/www.scenicrights.com\/ca\/projects\/la-guerra-de-galio\/","og_locale":"ca_ES","og_type":"article","og_title":"La guerra de Galio - Scenic\u00a0Rights","og_url":"https:\/\/www.scenicrights.com\/ca\/projects\/la-guerra-de-galio\/","og_site_name":"Scenic\u00a0Rights","article_modified_time":"2025-09-16T07:38:14+00:00","og_image":[{"width":587,"height":1000,"url":"https:\/\/www.scenicrights.com\/wp-content\/uploads\/2025\/09\/71DUuIH2PhL._UF10001000_QL80_-1.jpg","type":"image\/jpeg"}],"twitter_card":"summary_large_image","schema":{"@context":"https:\/\/schema.org","@graph":[{"@type":"WebPage","@id":"https:\/\/www.scenicrights.com\/ca\/projects\/la-guerra-de-galio\/","url":"https:\/\/www.scenicrights.com\/ca\/projects\/la-guerra-de-galio\/","name":"La guerra de Galio - Scenic\u00a0Rights","isPartOf":{"@id":"https:\/\/www.scenicrights.com\/ca\/#website"},"primaryImageOfPage":{"@id":"https:\/\/www.scenicrights.com\/ca\/projects\/la-guerra-de-galio\/#primaryimage"},"image":{"@id":"https:\/\/www.scenicrights.com\/ca\/projects\/la-guerra-de-galio\/#primaryimage"},"thumbnailUrl":"https:\/\/www.scenicrights.com\/wp-content\/uploads\/2025\/09\/71DUuIH2PhL._UF10001000_QL80_-1.jpg","datePublished":"2025-09-02T12:01:27+00:00","dateModified":"2025-09-16T07:38:14+00:00","breadcrumb":{"@id":"https:\/\/www.scenicrights.com\/ca\/projects\/la-guerra-de-galio\/#breadcrumb"},"inLanguage":"ca","potentialAction":[{"@type":"ReadAction","target":["https:\/\/www.scenicrights.com\/ca\/projects\/la-guerra-de-galio\/"]}]},{"@type":"ImageObject","inLanguage":"ca","@id":"https:\/\/www.scenicrights.com\/ca\/projects\/la-guerra-de-galio\/#primaryimage","url":"https:\/\/www.scenicrights.com\/wp-content\/uploads\/2025\/09\/71DUuIH2PhL._UF10001000_QL80_-1.jpg","contentUrl":"https:\/\/www.scenicrights.com\/wp-content\/uploads\/2025\/09\/71DUuIH2PhL._UF10001000_QL80_-1.jpg","width":587,"height":1000},{"@type":"BreadcrumbList","@id":"https:\/\/www.scenicrights.com\/ca\/projects\/la-guerra-de-galio\/#breadcrumb","itemListElement":[{"@type":"ListItem","position":1,"name":"Home","item":"https:\/\/www.scenicrights.com\/ca\/"},{"@type":"ListItem","position":2,"name":"La guerra de Galio"}]},{"@type":"WebSite","@id":"https:\/\/www.scenicrights.com\/ca\/#website","url":"https:\/\/www.scenicrights.com\/ca\/","name":"Scenic\u00a0Rights","description":"","publisher":{"@id":"https:\/\/www.scenicrights.com\/ca\/#organization"},"potentialAction":[{"@type":"SearchAction","target":{"@type":"EntryPoint","urlTemplate":"https:\/\/www.scenicrights.com\/ca\/?s={search_term_string}"},"query-input":{"@type":"PropertyValueSpecification","valueRequired":true,"valueName":"search_term_string"}}],"inLanguage":"ca"},{"@type":"Organization","@id":"https:\/\/www.scenicrights.com\/ca\/#organization","name":"Scenic\u00a0Rights","url":"https:\/\/www.scenicrights.com\/ca\/","logo":{"@type":"ImageObject","inLanguage":"ca","@id":"https:\/\/www.scenicrights.com\/ca\/#\/schema\/logo\/image\/","url":"https:\/\/www.scenicrights.com\/wp-content\/uploads\/2023\/07\/logo-horizontal-web.png","contentUrl":"https:\/\/www.scenicrights.com\/wp-content\/uploads\/2023\/07\/logo-horizontal-web.png","width":644,"height":225,"caption":"Scenic\u00a0Rights"},"image":{"@id":"https:\/\/www.scenicrights.com\/ca\/#\/schema\/logo\/image\/"}}]}},"_links":{"self":[{"href":"https:\/\/www.scenicrights.com\/ca\/wp-json\/wp\/v2\/articulo\/28234","targetHints":{"allow":["GET"]}}],"collection":[{"href":"https:\/\/www.scenicrights.com\/ca\/wp-json\/wp\/v2\/articulo"}],"about":[{"href":"https:\/\/www.scenicrights.com\/ca\/wp-json\/wp\/v2\/types\/articulo"}],"acf:post":[{"embeddable":true,"href":"https:\/\/www.scenicrights.com\/ca\/wp-json\/wp\/v2\/autor\/28749"}],"acf:term":[{"embeddable":true,"taxonomy":"licencia","href":"https:\/\/www.scenicrights.com\/ca\/wp-json\/wp\/v2\/licencia\/17"},{"embeddable":true,"taxonomy":"art_tag","href":"https:\/\/www.scenicrights.com\/ca\/wp-json\/wp\/v2\/art_tag\/1307"},{"embeddable":true,"taxonomy":"art_tag","href":"https:\/\/www.scenicrights.com\/ca\/wp-json\/wp\/v2\/art_tag\/1171"},{"embeddable":true,"taxonomy":"art_tag","href":"https:\/\/www.scenicrights.com\/ca\/wp-json\/wp\/v2\/art_tag\/1115"},{"embeddable":true,"taxonomy":"art_tag","href":"https:\/\/www.scenicrights.com\/ca\/wp-json\/wp\/v2\/art_tag\/1113"},{"embeddable":true,"taxonomy":"art_tag","href":"https:\/\/www.scenicrights.com\/ca\/wp-json\/wp\/v2\/art_tag\/1075"},{"embeddable":true,"taxonomy":"art_tag","href":"https:\/\/www.scenicrights.com\/ca\/wp-json\/wp\/v2\/art_tag\/1063"},{"embeddable":true,"taxonomy":"art_tag","href":"https:\/\/www.scenicrights.com\/ca\/wp-json\/wp\/v2\/art_tag\/1061"},{"embeddable":true,"taxonomy":"art_tag","href":"https:\/\/www.scenicrights.com\/ca\/wp-json\/wp\/v2\/art_tag\/1027"},{"embeddable":true,"taxonomy":"art_tag","href":"https:\/\/www.scenicrights.com\/ca\/wp-json\/wp\/v2\/art_tag\/987"},{"embeddable":true,"taxonomy":"art_tag","href":"https:\/\/www.scenicrights.com\/ca\/wp-json\/wp\/v2\/art_tag\/981"},{"embeddable":true,"taxonomy":"art_tag","href":"https:\/\/www.scenicrights.com\/ca\/wp-json\/wp\/v2\/art_tag\/1349"},{"embeddable":true,"taxonomy":"art_tag","href":"https:\/\/www.scenicrights.com\/ca\/wp-json\/wp\/v2\/art_tag\/923"},{"embeddable":true,"taxonomy":"art_tag","href":"https:\/\/www.scenicrights.com\/ca\/wp-json\/wp\/v2\/art_tag\/813"},{"embeddable":true,"taxonomy":"art_tag","href":"https:\/\/www.scenicrights.com\/ca\/wp-json\/wp\/v2\/art_tag\/803"},{"embeddable":true,"taxonomy":"art_tag","href":"https:\/\/www.scenicrights.com\/ca\/wp-json\/wp\/v2\/art_tag\/1280"},{"embeddable":true,"taxonomy":"art_tag","href":"https:\/\/www.scenicrights.com\/ca\/wp-json\/wp\/v2\/art_tag\/795"},{"embeddable":true,"taxonomy":"art_tag","href":"https:\/\/www.scenicrights.com\/ca\/wp-json\/wp\/v2\/art_tag\/736"},{"embeddable":true,"taxonomy":"art_tag","href":"https:\/\/www.scenicrights.com\/ca\/wp-json\/wp\/v2\/art_tag\/735"},{"embeddable":true,"taxonomy":"art_tag","href":"https:\/\/www.scenicrights.com\/ca\/wp-json\/wp\/v2\/art_tag\/711"},{"embeddable":true,"taxonomy":"art_tag","href":"https:\/\/www.scenicrights.com\/ca\/wp-json\/wp\/v2\/art_tag\/703"},{"embeddable":true,"taxonomy":"tipo","href":"https:\/\/www.scenicrights.com\/ca\/wp-json\/wp\/v2\/tipo\/5"},{"embeddable":true,"taxonomy":"subgenero","href":"https:\/\/www.scenicrights.com\/ca\/wp-json\/wp\/v2\/subgenero\/651"},{"embeddable":true,"taxonomy":"genero","href":"https:\/\/www.scenicrights.com\/ca\/wp-json\/wp\/v2\/genero\/46"}],"wp:featuredmedia":[{"embeddable":true,"href":"https:\/\/www.scenicrights.com\/ca\/wp-json\/wp\/v2\/media\/28232"}],"wp:attachment":[{"href":"https:\/\/www.scenicrights.com\/ca\/wp-json\/wp\/v2\/media?parent=28234"}],"wp:term":[{"taxonomy":"art_tag","embeddable":true,"href":"https:\/\/www.scenicrights.com\/ca\/wp-json\/wp\/v2\/art_tag?post=28234"},{"taxonomy":"genero","embeddable":true,"href":"https:\/\/www.scenicrights.com\/ca\/wp-json\/wp\/v2\/genero?post=28234"},{"taxonomy":"licencia","embeddable":true,"href":"https:\/\/www.scenicrights.com\/ca\/wp-json\/wp\/v2\/licencia?post=28234"},{"taxonomy":"localizacion","embeddable":true,"href":"https:\/\/www.scenicrights.com\/ca\/wp-json\/wp\/v2\/localizacion?post=28234"},{"taxonomy":"produccion","embeddable":true,"href":"https:\/\/www.scenicrights.com\/ca\/wp-json\/wp\/v2\/produccion?post=28234"},{"taxonomy":"subgenero","embeddable":true,"href":"https:\/\/www.scenicrights.com\/ca\/wp-json\/wp\/v2\/subgenero?post=28234"},{"taxonomy":"tipo","embeddable":true,"href":"https:\/\/www.scenicrights.com\/ca\/wp-json\/wp\/v2\/tipo?post=28234"}],"curies":[{"name":"wp","href":"https:\/\/api.w.org\/{rel}","templated":true}]}}