{"id":2927,"date":"2023-09-12T13:17:23","date_gmt":"2023-09-12T13:17:23","guid":{"rendered":"https:\/\/pre.scenicrights.com\/author\/christian-escriba-y-silvia-tarrago\/"},"modified":"2024-04-10T19:09:31","modified_gmt":"2024-04-10T19:09:31","slug":"christian-escriba-y-silvia-tarrago","status":"publish","type":"autor","link":"https:\/\/www.scenicrights.com\/ca\/author\/christian-escriba-y-silvia-tarrago\/","title":{"rendered":"Christian Escrib\u00e0 y S\u00edlvia Tarrag\u00f3"},"template":"","class_list":["post-2927","autor","type-autor","status-publish","has-post-thumbnail","hentry"],"acf":{"autor_contenido":"<div style=\"clear: both;\">\r\n<p style=\"text-align: right;\"><em><strong>Scenic Rights is the audiovisual co-agency of Sandra Bruna Literary Agency.<\/strong><\/em><\/p>\r\n<span data-contrast=\"auto\">Christian <\/span><span data-contrast=\"auto\">Escrib\u00e0<\/span><span data-contrast=\"auto\">\u00a0es el heredero<\/span><span data-contrast=\"auto\">\u00a0de una saga pastelera que empez\u00f3 en 1906 en la Gran V\u00eda de Barcelona, donde actualmente se mantiene como pasteler<\/span><span data-contrast=\"auto\">\u00ed<\/span><span data-contrast=\"auto\">a centenaria.\u00a0<\/span><span data-contrast=\"auto\">Es la cuarta generaci\u00f3n de pasteleros y<\/span><span data-contrast=\"auto\">\u00a0es considerado el \u201cMago del Chocolate\u201d.\u00a0<\/span>\r\n<div style=\"clear: both;\">\r\n\r\n<span data-contrast=\"auto\">Empez\u00f3 muy joven form\u00e1ndose con su padre hasta que decidi\u00f3 ir a Par\u00eds a formarse c<\/span><span data-contrast=\"auto\">on su abuelo,\u00a0<\/span><span data-contrast=\"auto\">Etienne<\/span>\u00a0<span data-contrast=\"auto\">Tholoniat<\/span><span data-contrast=\"auto\">,\u00a0<\/span><span data-contrast=\"auto\">mundialmente reconocido por su trabajo con el az\u00facar y el caramelo.\u00a0<\/span>\r\n\r\n<\/div>\r\n<div style=\"clear: both;\">\r\n\r\n<span data-contrast=\"auto\">De vuelta en Barcelona, imparti\u00f3 cursos de pasteler\u00eda para profesionales y m\u00e1s tarde abri\u00f3 una segunda pasteler\u00eda en la Rambla de Barcelona. Ha recorrido los mejores cert\u00e1menes gastron\u00f3micos nacionales e internacionales y ha sido presidente y varias veces miembro del jurado de la final nacional del\u00a0<\/span><span data-contrast=\"auto\">World<\/span><span data-contrast=\"auto\">\u00a0Chocolate Masters.<\/span>\r\n\r\n<\/div>\r\n<div style=\"clear: both;\">\r\n\r\n<span data-contrast=\"auto\">S\u00edlvia<\/span>\u00a0<span data-contrast=\"auto\">Tarrag\u00f3<\/span><span data-contrast=\"auto\">\u00a0es una escritora y librera espa\u00f1ola. Ha publicado novelas para adultos y juveniles, poe<\/span><span data-contrast=\"auto\">marios y relatos. En su obra est\u00e1 presente la historia de Barcelona.\u00a0<\/span>\r\n\r\n<\/div>\r\n<div style=\"clear: both;\">\r\n\r\n&nbsp;\r\n\r\n<\/div>\r\n<div style=\"clear: both;\">\r\n\r\n<span data-contrast=\"auto\"><strong>DATOS RELEVANTES<\/strong>\u00a0<\/span>\r\n\r\n<span data-contrast=\"auto\">Christian\u00a0<\/span><span data-contrast=\"auto\">Escrib\u00e0<\/span><span data-contrast=\"auto\">\u00a0p<\/span><span data-contrast=\"auto\">osee<\/span><span data-contrast=\"auto\">\u00a0varias Medallas y Premios internacionales de reposter\u00eda tanto en Francia como en Espa\u00f1a, como\u00a0<\/span><span data-contrast=\"auto\">dos Medallas de Oro en Concursos Nacionales de Pasteler\u00eda<\/span><span data-contrast=\"auto\">\u00a0en Valencia y Madrid.\u00a0<\/span>\r\n\r\n<\/div>\r\n<div style=\"clear: both;\">\r\n\r\n<span data-contrast=\"auto\">Ha recorrido diversos pa\u00edses mostrando sus productos durante m\u00e1s de treinta a\u00f1os y ha sido nombrado\u00a0<\/span><span data-contrast=\"auto\">Mejor Pastelero de Espa\u00f1a por la<\/span>\u00a0<span data-contrast=\"auto\">Academia Espa\u00f1ola de Gastronom\u00eda.<\/span>\u00a0<span data-contrast=\"auto\">Ha trabajado para el Papa Juan Pablo II, para la familia real, leyendas del rock o estrellas del deporte.\u00a0\u00a0<\/span>\r\n\r\n<\/div>\r\n<div style=\"clear: both;\">\r\n\r\n<span data-contrast=\"auto\">Ha sido alabado y ha trabajado con\u00a0<\/span><span data-contrast=\"auto\">Ferran<\/span><span data-contrast=\"auto\">\u00a0Adri\u00e0, considerado el mejor chef del mundo.\u00a0<\/span>\r\n\r\n<\/div>\r\n<\/div>","_thumbnail_id":1767,"autor__galeria_archivos":[],"idauthor":""},"yoast_head":"<!-- This site is optimized with the Yoast SEO plugin v27.4 - https:\/\/yoast.com\/product\/yoast-seo-wordpress\/ -->\n<title>Christian Escrib\u00e0 y S\u00edlvia Tarrag\u00f3 - Scenic\u00a0Rights<\/title>\n<meta name=\"robots\" content=\"index, follow, max-snippet:-1, max-image-preview:large, max-video-preview:-1\" \/>\n<link rel=\"canonical\" href=\"https:\/\/www.scenicrights.com\/ca\/author\/christian-escriba-y-silvia-tarrago\/\" \/>\n<meta property=\"og:locale\" content=\"ca_ES\" \/>\n<meta property=\"og:type\" content=\"article\" \/>\n<meta property=\"og:title\" content=\"Christian Escrib\u00e0 y S\u00edlvia Tarrag\u00f3 - Scenic\u00a0Rights\" \/>\n<meta property=\"og:description\" content=\"&nbsp; NOTA BIOGR&Aacute;FICA:&nbsp;&nbsp; Christian&nbsp;Escrib&agrave;&nbsp;es el heredero&nbsp;de una saga pastelera que empez&oacute; en 1906 en la Gran V&iacute;a de Barcelona, donde actualmente se mantiene como pasteler&iacute;a centenaria.&nbsp;Es [&hellip;]\" \/>\n<meta property=\"og:url\" content=\"https:\/\/www.scenicrights.com\/ca\/author\/christian-escriba-y-silvia-tarrago\/\" \/>\n<meta property=\"og:site_name\" content=\"Scenic\u00a0Rights\" \/>\n<meta property=\"article:modified_time\" content=\"2024-04-10T19:09:31+00:00\" \/>\n<meta property=\"og:image\" content=\"https:\/\/www.scenicrights.com\/wp-content\/uploads\/2023\/09\/dd3diPxld028yigMoWIxVg.jpg\" \/>\n\t<meta property=\"og:image:width\" content=\"1080\" \/>\n\t<meta property=\"og:image:height\" content=\"1080\" \/>\n\t<meta property=\"og:image:type\" content=\"image\/jpeg\" \/>\n<meta name=\"twitter:card\" content=\"summary_large_image\" \/>\n<meta name=\"twitter:label1\" content=\"Temps estimat de lectura\" \/>\n\t<meta name=\"twitter:data1\" content=\"2 minuts\" \/>\n<script type=\"application\/ld+json\" class=\"yoast-schema-graph\">{\"@context\":\"https:\\\/\\\/schema.org\",\"@graph\":[{\"@type\":\"WebPage\",\"@id\":\"https:\\\/\\\/www.scenicrights.com\\\/ca\\\/author\\\/christian-escriba-y-silvia-tarrago\\\/\",\"url\":\"https:\\\/\\\/www.scenicrights.com\\\/ca\\\/author\\\/christian-escriba-y-silvia-tarrago\\\/\",\"name\":\"Christian Escrib\u00e0 y S\u00edlvia Tarrag\u00f3 - Scenic\u00a0Rights\",\"isPartOf\":{\"@id\":\"https:\\\/\\\/www.scenicrights.com\\\/ca\\\/#website\"},\"primaryImageOfPage\":{\"@id\":\"https:\\\/\\\/www.scenicrights.com\\\/ca\\\/author\\\/christian-escriba-y-silvia-tarrago\\\/#primaryimage\"},\"image\":{\"@id\":\"https:\\\/\\\/www.scenicrights.com\\\/ca\\\/author\\\/christian-escriba-y-silvia-tarrago\\\/#primaryimage\"},\"thumbnailUrl\":\"https:\\\/\\\/www.scenicrights.com\\\/wp-content\\\/uploads\\\/2023\\\/09\\\/dd3diPxld028yigMoWIxVg.jpg\",\"datePublished\":\"2023-09-12T13:17:23+00:00\",\"dateModified\":\"2024-04-10T19:09:31+00:00\",\"breadcrumb\":{\"@id\":\"https:\\\/\\\/www.scenicrights.com\\\/ca\\\/author\\\/christian-escriba-y-silvia-tarrago\\\/#breadcrumb\"},\"inLanguage\":\"ca\",\"potentialAction\":[{\"@type\":\"ReadAction\",\"target\":[\"https:\\\/\\\/www.scenicrights.com\\\/ca\\\/author\\\/christian-escriba-y-silvia-tarrago\\\/\"]}]},{\"@type\":\"ImageObject\",\"inLanguage\":\"ca\",\"@id\":\"https:\\\/\\\/www.scenicrights.com\\\/ca\\\/author\\\/christian-escriba-y-silvia-tarrago\\\/#primaryimage\",\"url\":\"https:\\\/\\\/www.scenicrights.com\\\/wp-content\\\/uploads\\\/2023\\\/09\\\/dd3diPxld028yigMoWIxVg.jpg\",\"contentUrl\":\"https:\\\/\\\/www.scenicrights.com\\\/wp-content\\\/uploads\\\/2023\\\/09\\\/dd3diPxld028yigMoWIxVg.jpg\",\"width\":1080,\"height\":1080},{\"@type\":\"BreadcrumbList\",\"@id\":\"https:\\\/\\\/www.scenicrights.com\\\/ca\\\/author\\\/christian-escriba-y-silvia-tarrago\\\/#breadcrumb\",\"itemListElement\":[{\"@type\":\"ListItem\",\"position\":1,\"name\":\"Home\",\"item\":\"https:\\\/\\\/www.scenicrights.com\\\/ca\\\/\"},{\"@type\":\"ListItem\",\"position\":2,\"name\":\"Christian Escrib\u00e0 y S\u00edlvia Tarrag\u00f3\"}]},{\"@type\":\"WebSite\",\"@id\":\"https:\\\/\\\/www.scenicrights.com\\\/ca\\\/#website\",\"url\":\"https:\\\/\\\/www.scenicrights.com\\\/ca\\\/\",\"name\":\"Scenic\u00a0Rights\",\"description\":\"\",\"publisher\":{\"@id\":\"https:\\\/\\\/www.scenicrights.com\\\/ca\\\/#organization\"},\"potentialAction\":[{\"@type\":\"SearchAction\",\"target\":{\"@type\":\"EntryPoint\",\"urlTemplate\":\"https:\\\/\\\/www.scenicrights.com\\\/ca\\\/?s={search_term_string}\"},\"query-input\":{\"@type\":\"PropertyValueSpecification\",\"valueRequired\":true,\"valueName\":\"search_term_string\"}}],\"inLanguage\":\"ca\"},{\"@type\":\"Organization\",\"@id\":\"https:\\\/\\\/www.scenicrights.com\\\/ca\\\/#organization\",\"name\":\"Scenic\u00a0Rights\",\"url\":\"https:\\\/\\\/www.scenicrights.com\\\/ca\\\/\",\"logo\":{\"@type\":\"ImageObject\",\"inLanguage\":\"ca\",\"@id\":\"https:\\\/\\\/www.scenicrights.com\\\/ca\\\/#\\\/schema\\\/logo\\\/image\\\/\",\"url\":\"https:\\\/\\\/www.scenicrights.com\\\/wp-content\\\/uploads\\\/2023\\\/07\\\/logo-horizontal-web.png\",\"contentUrl\":\"https:\\\/\\\/www.scenicrights.com\\\/wp-content\\\/uploads\\\/2023\\\/07\\\/logo-horizontal-web.png\",\"width\":644,\"height\":225,\"caption\":\"Scenic\u00a0Rights\"},\"image\":{\"@id\":\"https:\\\/\\\/www.scenicrights.com\\\/ca\\\/#\\\/schema\\\/logo\\\/image\\\/\"}}]}<\/script>\n<!-- \/ Yoast SEO plugin. -->","yoast_head_json":{"title":"Christian Escrib\u00e0 y S\u00edlvia Tarrag\u00f3 - Scenic\u00a0Rights","robots":{"index":"index","follow":"follow","max-snippet":"max-snippet:-1","max-image-preview":"max-image-preview:large","max-video-preview":"max-video-preview:-1"},"canonical":"https:\/\/www.scenicrights.com\/ca\/author\/christian-escriba-y-silvia-tarrago\/","og_locale":"ca_ES","og_type":"article","og_title":"Christian Escrib\u00e0 y S\u00edlvia Tarrag\u00f3 - Scenic\u00a0Rights","og_description":"&nbsp; NOTA BIOGR&Aacute;FICA:&nbsp;&nbsp; Christian&nbsp;Escrib&agrave;&nbsp;es el heredero&nbsp;de una saga pastelera que empez&oacute; en 1906 en la Gran V&iacute;a de Barcelona, donde actualmente se mantiene como pasteler&iacute;a centenaria.&nbsp;Es [&hellip;]","og_url":"https:\/\/www.scenicrights.com\/ca\/author\/christian-escriba-y-silvia-tarrago\/","og_site_name":"Scenic\u00a0Rights","article_modified_time":"2024-04-10T19:09:31+00:00","og_image":[{"width":1080,"height":1080,"url":"https:\/\/www.scenicrights.com\/wp-content\/uploads\/2023\/09\/dd3diPxld028yigMoWIxVg.jpg","type":"image\/jpeg"}],"twitter_card":"summary_large_image","twitter_misc":{"Temps estimat de lectura":"2 minuts"},"schema":{"@context":"https:\/\/schema.org","@graph":[{"@type":"WebPage","@id":"https:\/\/www.scenicrights.com\/ca\/author\/christian-escriba-y-silvia-tarrago\/","url":"https:\/\/www.scenicrights.com\/ca\/author\/christian-escriba-y-silvia-tarrago\/","name":"Christian Escrib\u00e0 y S\u00edlvia Tarrag\u00f3 - Scenic\u00a0Rights","isPartOf":{"@id":"https:\/\/www.scenicrights.com\/ca\/#website"},"primaryImageOfPage":{"@id":"https:\/\/www.scenicrights.com\/ca\/author\/christian-escriba-y-silvia-tarrago\/#primaryimage"},"image":{"@id":"https:\/\/www.scenicrights.com\/ca\/author\/christian-escriba-y-silvia-tarrago\/#primaryimage"},"thumbnailUrl":"https:\/\/www.scenicrights.com\/wp-content\/uploads\/2023\/09\/dd3diPxld028yigMoWIxVg.jpg","datePublished":"2023-09-12T13:17:23+00:00","dateModified":"2024-04-10T19:09:31+00:00","breadcrumb":{"@id":"https:\/\/www.scenicrights.com\/ca\/author\/christian-escriba-y-silvia-tarrago\/#breadcrumb"},"inLanguage":"ca","potentialAction":[{"@type":"ReadAction","target":["https:\/\/www.scenicrights.com\/ca\/author\/christian-escriba-y-silvia-tarrago\/"]}]},{"@type":"ImageObject","inLanguage":"ca","@id":"https:\/\/www.scenicrights.com\/ca\/author\/christian-escriba-y-silvia-tarrago\/#primaryimage","url":"https:\/\/www.scenicrights.com\/wp-content\/uploads\/2023\/09\/dd3diPxld028yigMoWIxVg.jpg","contentUrl":"https:\/\/www.scenicrights.com\/wp-content\/uploads\/2023\/09\/dd3diPxld028yigMoWIxVg.jpg","width":1080,"height":1080},{"@type":"BreadcrumbList","@id":"https:\/\/www.scenicrights.com\/ca\/author\/christian-escriba-y-silvia-tarrago\/#breadcrumb","itemListElement":[{"@type":"ListItem","position":1,"name":"Home","item":"https:\/\/www.scenicrights.com\/ca\/"},{"@type":"ListItem","position":2,"name":"Christian Escrib\u00e0 y S\u00edlvia Tarrag\u00f3"}]},{"@type":"WebSite","@id":"https:\/\/www.scenicrights.com\/ca\/#website","url":"https:\/\/www.scenicrights.com\/ca\/","name":"Scenic\u00a0Rights","description":"","publisher":{"@id":"https:\/\/www.scenicrights.com\/ca\/#organization"},"potentialAction":[{"@type":"SearchAction","target":{"@type":"EntryPoint","urlTemplate":"https:\/\/www.scenicrights.com\/ca\/?s={search_term_string}"},"query-input":{"@type":"PropertyValueSpecification","valueRequired":true,"valueName":"search_term_string"}}],"inLanguage":"ca"},{"@type":"Organization","@id":"https:\/\/www.scenicrights.com\/ca\/#organization","name":"Scenic\u00a0Rights","url":"https:\/\/www.scenicrights.com\/ca\/","logo":{"@type":"ImageObject","inLanguage":"ca","@id":"https:\/\/www.scenicrights.com\/ca\/#\/schema\/logo\/image\/","url":"https:\/\/www.scenicrights.com\/wp-content\/uploads\/2023\/07\/logo-horizontal-web.png","contentUrl":"https:\/\/www.scenicrights.com\/wp-content\/uploads\/2023\/07\/logo-horizontal-web.png","width":644,"height":225,"caption":"Scenic\u00a0Rights"},"image":{"@id":"https:\/\/www.scenicrights.com\/ca\/#\/schema\/logo\/image\/"}}]}},"_links":{"self":[{"href":"https:\/\/www.scenicrights.com\/ca\/wp-json\/wp\/v2\/autor\/2927","targetHints":{"allow":["GET"]}}],"collection":[{"href":"https:\/\/www.scenicrights.com\/ca\/wp-json\/wp\/v2\/autor"}],"about":[{"href":"https:\/\/www.scenicrights.com\/ca\/wp-json\/wp\/v2\/types\/autor"}],"wp:featuredmedia":[{"embeddable":true,"href":"https:\/\/www.scenicrights.com\/ca\/wp-json\/wp\/v2\/media\/1767"}],"wp:attachment":[{"href":"https:\/\/www.scenicrights.com\/ca\/wp-json\/wp\/v2\/media?parent=2927"}],"curies":[{"name":"wp","href":"https:\/\/api.w.org\/{rel}","templated":true}]}}