{"id":16754,"date":"2023-12-12T11:37:19","date_gmt":"2023-12-12T11:37:19","guid":{"rendered":"https:\/\/pre.scenicrights.com\/politica-de-privacitat\/"},"modified":"2023-12-12T12:30:19","modified_gmt":"2023-12-12T12:30:19","slug":"politica-de-privacitat","status":"publish","type":"page","link":"https:\/\/www.scenicrights.com\/ca\/politica-de-privacitat\/","title":{"rendered":"Pol\u00edtica de Privacitat"},"content":{"rendered":"\n<div class=\"wp-block-cover alignfull has-custom-content-position is-position-bottom-center hero inner-container-alignwide wp-duotone-000000-0a65c2-1\" style=\"padding-top:200px;padding-bottom:24px;min-height:326px;aspect-ratio:unset;\"><span aria-hidden=\"true\" class=\"wp-block-cover__background has-primary-background-color has-background-dim-100 has-background-dim\"><\/span><div class=\"wp-block-cover__inner-container has-global-padding is-layout-constrained wp-block-cover-is-layout-constrained\">\n<div class=\"wp-block-group has-global-padding is-content-justification-left is-layout-constrained wp-container-core-group-is-layout-b45bb346 wp-block-group-is-layout-constrained\">\n<div class=\"wp-block-group is-vertical is-layout-flex wp-container-core-group-is-layout-4b827052 wp-block-group-is-layout-flex\">\n<p class=\"overline has-foreground-color has-text-color\">Pol\u00edtica de Privacitat<\/p>\n\n\n<h1 style=\"line-height:1;text-transform:uppercase;\" class=\"wp-block-post-title has-text-color has-background-color has-xx-large-font-size has-primary-font-family\">Pol\u00edtica de Privacitat<\/h1><\/div>\n<\/div>\n<\/div><\/div>\n\n<div class=\"wp-block-group block-section has-global-padding is-layout-constrained wp-container-core-group-is-layout-588e6013 wp-block-group-is-layout-constrained\">\n<p class=\"has-medium-font-size\"><strong>Responsable del Tractament<\/strong><\/p>\n\n\n\n<p>L\u2019empresa responsable del tractament de les seves dades en virtut d\u2019aquesta Pol\u00edtica de privacitat \u00e9s:<\/p>\n\n\n\n<p class=\"has-link-color wp-elements-0fa6e65b833f051db0c1f183ebcc814b\">SCENIC RIGHTS, SL&#13;\nNIF: B62936430&#13;\nDomicili: Carrer d&#8217;\u00c0vila, 149-155 08018 BARCELONA&#13;\nDirecci\u00f3 de correu electr\u00f2nic: <a href=\"mailto:info@scenicrights.cat\" target=\"_blank\" rel=\"noreferrer noopener\">info@scenicrights.cat<\/a>&#13;\nWeb: www.scenicrights.com\/&#13;\nTel\u00e8fon: 93 309 75 38&#13;\nInscrita al Registre (Mercantil \/ P\u00fablic): Barcelona, Tom 34787, Foli 126, Full B250093<\/p>\n\n\n\n<p>En SCENIC RIGHTS, SL, reconeixem la import\u00e0ncia de protegir la seva informaci\u00f3 personal i estem compromesos a tractar-la amb responsabilitat i de conformitat amb les lleis de protecci\u00f3 de dades.<\/p>\n\n\n\n<p>La present pol\u00edtica de privacitat pret\u00e9n regular tots els aspectes relatius al tractament de dades dels diferents usuaris que naveguen o faciliten les seves a trav\u00e9s dels diferents formularis situats en la web.<\/p>\n\n\n\n<p class=\"has-medium-font-size\"><strong>Dades Personals<\/strong><\/p>\n\n\n\n<p>Una dada personal \u00e9s la informaci\u00f3 que l\u2019identifica o el fa identificable. A trav\u00e9s de la web, en les caselles establertes a tal efecte recollim les dades personals que l\u2019usuari ens comunica: nom, cognoms, correu electr\u00f2nic, tel\u00e8fon, direcci\u00f3 postal, poblaci\u00f3, etc., aix\u00ed com totes aquelles dades que volunt\u00e0riament ens proporcioni a trav\u00e9s de qualsevol de les xarxes socials de les quals l\u2019usuari est\u00e0 registrat. En aquest cas, la privacitat dependr\u00e0 de la configuraci\u00f3 establerta pel mateix usuari aix\u00ed com dels termes i condicions de la pr\u00f2pia xarxa social.<\/p>\n\n\n\n<p>La visita de l\u2019usuari a la web no implica que hagi de facilitar cap informaci\u00f3 sobre les seves dades personals. No obstant aix\u00f2, en cas de facilitar-les, les dades seran tractades de forma l\u00edcita de conformitat en tot moment als principis i drets recollits en el RGPD 2016\/679 de 26 d\u2019abril i la LOPDGDD 3\/2018 del 5 de desembre.<\/p>\n\n\n\n<p class=\"has-medium-font-size\"><strong>Finalitat, duraci\u00f3 i legitimaci\u00f3 del tractament:<\/strong><\/p>\n\n\n\n<p>Les dades que l\u2019usuari ens proporcioni les tractarem amb les seg\u00fcents finalitats:<\/p>\n\n\n\n<ul class=\"wp-block-list\">\n<li>Atendre la sol\u00b7licitud o petici\u00f3 realitzada per l\u2019usuari a trav\u00e9s del formulari de contacte situat a la web. Recollim i tractem les dades personals de l\u2019usuari per poder tramitar i gestionar la seva sol\u00b7licitud, una consulta o qualsevol petici\u00f3 que realitza a trav\u00e9s del formulari. Aquestes dades les conservem durant el temps necessari per complir la seva petici\u00f3 i durant el temps establert per la llei amb una duraci\u00f3 m\u00ednima de 3 anys. La base de legitimaci\u00f3 del tractament de les dades ser\u00e0 el consentiment que atorga l\u2019usuari en seleccionar la casella d\u2019acceptaci\u00f3 de la nostra pol\u00edtica de privacitat abans d\u2019enviar la petici\u00f3. L\u2019usuari t\u00e9 dret a revocar el seu consentiment en qualsevol moment sense que aix\u00f2 afecti la licitud del tractament basat en el consentiment previ a la seva retirada.<\/li>\n\n\n\n<li>Millorar la seva experi\u00e8ncia en navegar per la web. Aquestes dades els conservarem mentre l\u2019usuari no revoqui el seu consentiment al tractament d\u2019aquestes eliminant les cookies i durant el temps establert per la llei amb una durada m\u00ednima de 3 anys. La base de legitimaci\u00f3 per a millorar la seva experi\u00e8ncia en navegar per la web \u00e9s el consentiment que atorga l\u2019usuari en acceptar les cookies. L\u2019usuari t\u00e9 dret a revocar el seu consentiment en qualsevol moment sense que aix\u00f2 afecti la licitud del tractament basat en el consentiment previ a la seva retirada.<\/li>\n\n\n\n<li>Gestionar les nostres xarxes socials i enviar-li informaci\u00f3 sobre les nostres activitats i productes. Aquestes dades les conservarem mentre l\u2019usuari no revoqui el seu consentiment al tractament d\u2019aquestes i durant el temps establert per la llei amb una durada m\u00ednima de 3 anys. La base de leg\u00edtimaci\u00f3 per a gestionar les nostres xarxes socials i enviar-li les nostres activitats i novetats \u00e9s el consentiment que ens atorga per a aix\u00f2. L\u2019usuari t\u00e9 dret a revocar el seu consentiment en qualsevol moment sense que aix\u00f2 afecti la licitud del tractament basat en el consentiment previ a la seva retirada.<\/li>\n<\/ul>\n\n\n\n<p class=\"has-medium-font-size\"><strong>Cessi\u00f3 o comunicaci\u00f3 de dades personals<\/strong><\/p>\n\n\n\n<p>Les seves dades no es comunicaran ni seran cedides a tercers, tret que existeixi alguna obligaci\u00f3 legal o aquelles empreses del grup empresarial per a finalitats administratives o de gesti\u00f3 interna qui actuaran com Encarregats del tractament.<\/p>\n\n\n\n<p class=\"has-medium-font-size\"><strong>Transfer\u00e8ncies internacionals<\/strong><\/p>\n\n\n\n<p>A SCENIC RIGHTS, SL tractem les seves dades dins l\u2019Espai Econ\u00f2mic Europeu i, amb car\u00e0cter general, contractem prestadors de serveis ubicats tamb\u00e9 dins l\u2019Espai Econ\u00f2mic Europeu o en pa\u00efsos que han estat declarats amb un nivell adequat de protecci\u00f3.<\/p>\n\n\n\n<p>Si necessitem utilitzar prove\u00efdors de serveis que facin tractaments fora de l\u2019Espai Econ\u00f2mic Europeu o en pa\u00efsos que no han estat declarats amb un nivell adequat de protecci\u00f3, ens assegurar\u00edem de garantir la seguretat i legitimitat del tractament de les seves dades mitjan\u00e7ant decisions d\u2019adequaci\u00f3, cl\u00e0usules tipus, normes corporatives vinculants, excepcions o qualsevol altre instrument aprovat per l\u2019autoritat de control que ofereixi les garanties adequades per a la realitzaci\u00f3 de la transfer\u00e8ncia internacional de dades.<\/p>\n\n\n\n<p class=\"has-medium-font-size\"><strong>Actualitzaci\u00f3 de dades<\/strong><\/p>\n\n\n\n<p>\u00c9s important que perqu\u00e8 puguem mantenir les dades personals actualitzades, l\u2019usuari ens informi sempre que hi hagi hagut alguna modificaci\u00f3 en aquestes, en cas contrari, no responem de la veracitat d\u2019aquestes.<\/p>\n\n\n\n<p>L\u2019usuari garanteix que les dades personals facilitades s\u00f3n veraces garantint que tota la informaci\u00f3 facilitada correspon amb la situaci\u00f3 real, que est\u00e0 posada al dia i \u00e9s exacta, quedant obligat a comunicar qualsevol modificaci\u00f3.<\/p>\n\n\n\n<p class=\"has-medium-font-size\"><strong>Dades de Tercers<\/strong><\/p>\n\n\n\n<p>Si l\u2019usuari facilita dades de terceres persones per a qualsevol finalitat a SCENIC RIGHTS, SL, garanteix que ha obtingut aquestes dades de forma l\u00edcita, que ha informat pr\u00e8viament els afectats, obtenint el seu consentiment per a comunicar-les i que la informaci\u00f3 facilitada \u00e9s exacta i vera\u00e7.<\/p>\n\n\n\n<p class=\"has-medium-font-size\"><strong>Car\u00e0cter obligatori de la informaci\u00f3 sol\u00b7licitada<\/strong><\/p>\n\n\n\n<p>Tots els nostres formularis compten amb un asterisc (*) en les dades obligat\u00f2ries. Si l\u2019usuari no omple aquests camps o no marca la casella d\u2019acceptaci\u00f3 de la pol\u00edtica de privacitat, no es permetr\u00e0 l\u2019enviament de la informaci\u00f3.<\/p>\n\n\n\n<p class=\"has-medium-font-size\"><strong>Drets dels interessats:<\/strong><\/p>\n\n\n\n<p class=\"has-link-color wp-elements-12bd54aa663e93005d254272b9e82ab0\">T\u00e9 dret a accedir a les seves dades i a obtenir confirmaci\u00f3 sobre el seu tractament, aix\u00ed com una c\u00f2pia de les dades personals objecte de tractament. T\u00e9 dret a actualitzar-les i a sol\u00b7licitar la rectificaci\u00f3 de les dades que siguin inexactes o sol\u00b7licitar la supressi\u00f3 quan les dades no siguin necess\u00e0ries per a les finalitats per les quals van ser recaptades. Pot sol\u00b7licitar la limitaci\u00f3 en el tractament de les seves dades i oposar-se al tractament d\u2019aquestes revocant el seu consentiment, aix\u00ed com exercir el dret a la portabilitat de les dades. De la mateixa manera, t\u00e9 dret a no ser objecte de decisions basades \u00fanicament en el tractament automatitzat de les seves dades personals. Pot exercir els seus drets contactant amb nosaltres T\u00e0nger, 43 &#8211; 08018 Barcelona (Barcelona). E-mail: <a href=\"mailto:dataprotection@grupfocus.cat\" target=\"_blank\" rel=\"noreferrer noopener\">dataprotection@grupfocus.cat<\/a>.<\/p>\n\n\n\n<p>Si considera que els seus drets no s\u2019han at\u00e8s degudament, t\u00e9 dret a presentar una reclamaci\u00f3 davant l\u2019Autoritat de Control a www.aepd.es.<\/p>\n\n\n\n<p class=\"has-medium-font-size\"><strong>Tractament de dades de Menors d\u2019edat<\/strong><\/p>\n\n\n\n<p>Qui facilita les dades a trav\u00e9s dels formularis d\u2019aquesta web i accepta el seu tractament declara ser major de 14 anys, quedant prohibit l\u2019acc\u00e9s i \u00fas del portal a menors d\u2019aquesta edat. Si en algun moment, el Responsable detecta que un menor de 14 anys ha proporcionat dades de car\u00e0cter personal, procedirem a la cancel\u00b7laci\u00f3 d\u2019aquestes. Aix\u00ed mateix, els pares o tutors podran en qualsevol cas dirigir-se a SCENIC RIGHTS, SL per a bloquejar el compte d\u2019acc\u00e9s dels menors al seu c\u00e0rrec que s\u2019haguessin registrat falsejant la seva identitat.<\/p>\n\n\n\n<p class=\"has-medium-font-size\"><strong>Tractament de Galetes<\/strong><\/p>\n\n\n\n<p>Una galeta \u00e9s un petit arxiu que es descarrega i emmagatzema en l\u2019ordinador de l\u2019usuari quan aquest accedeix a una p\u00e0gina web. Les galetes permeten a la web, entre altres coses, emmagatzemar i recuperar informaci\u00f3 sobre els h\u00e0bits de navegaci\u00f3 de l\u2019usuari o del seu equip i, depenent de la informaci\u00f3 que continguin i de la forma en qu\u00e8 utilitzi el seu equip, poden utilitzar-se per a recon\u00e8ixer a l\u2019usuari.<\/p>\n\n\n\n<p class=\"has-link-color wp-elements-e861a50939b54520ca948c843000c8fc\">L\u2019usuari t\u00e9 l\u2019opci\u00f3 d\u2019impedir la generaci\u00f3 de cookies, mitjan\u00e7ant la selecci\u00f3 de la corresponent opci\u00f3 en el seu programa de navegador. Pot obtenir m\u00e9s informaci\u00f3 llegint la nostra <a href=\"https:\/\/www.scenicrights.com\/ca\/politica-de-galetes\/\" data-type=\"page\" data-id=\"779\">Pol\u00edtica de Galetes<\/a>.<\/p>\n\n\n\n<p><em><strong>\u00daltima actualizaci\u00f3: 29\/11\/2023<\/strong><\/em><\/p>\n<\/div>\n","protected":false},"excerpt":{"rendered":"<p>Responsable del Tractament L\u2019empresa responsable del tractament de les seves dades en virtut d\u2019aquesta Pol\u00edtica de privacitat \u00e9s: SCENIC RIGHTS, SL&#13; NIF: B62936430&#13; Domicili: Carrer d&#8217;\u00c0vila, [&hellip;]<\/p>\n","protected":false},"author":2,"featured_media":0,"parent":0,"menu_order":0,"comment_status":"closed","ping_status":"closed","template":"","meta":{"_acf_changed":false,"_editorskit_title_hidden":false,"_editorskit_reading_time":0,"_editorskit_is_block_options_detached":false,"_editorskit_block_options_position":"{}","footnotes":""},"class_list":["post-16754","page","type-page","status-publish","hentry"],"acf":[],"yoast_head":"<!-- This site is optimized with the Yoast SEO plugin v27.5 - https:\/\/yoast.com\/product\/yoast-seo-wordpress\/ -->\n<title>Pol\u00edtica de Privacitat - Scenic\u00a0Rights<\/title>\n<meta name=\"robots\" content=\"index, follow, max-snippet:-1, max-image-preview:large, max-video-preview:-1\" \/>\n<link rel=\"canonical\" href=\"https:\/\/www.scenicrights.com\/ca\/politica-de-privacitat\/\" \/>\n<meta property=\"og:locale\" content=\"ca_ES\" \/>\n<meta property=\"og:type\" content=\"article\" \/>\n<meta property=\"og:title\" content=\"Pol\u00edtica de Privacitat - Scenic\u00a0Rights\" \/>\n<meta property=\"og:description\" content=\"Responsable del Tractament L\u2019empresa responsable del tractament de les seves dades en virtut d\u2019aquesta Pol\u00edtica de privacitat \u00e9s: SCENIC RIGHTS, SL&#013; NIF: B62936430&#013; Domicili: Carrer d&#8217;\u00c0vila, [&hellip;]\" \/>\n<meta property=\"og:url\" content=\"https:\/\/www.scenicrights.com\/ca\/politica-de-privacitat\/\" \/>\n<meta property=\"og:site_name\" content=\"Scenic\u00a0Rights\" \/>\n<meta property=\"article:modified_time\" content=\"2023-12-12T12:30:19+00:00\" \/>\n<meta name=\"twitter:card\" content=\"summary_large_image\" \/>\n<meta name=\"twitter:label1\" content=\"Temps estimat de lectura\" \/>\n\t<meta name=\"twitter:data1\" content=\"7 minuts\" \/>\n<script type=\"application\/ld+json\" class=\"yoast-schema-graph\">{\"@context\":\"https:\\\/\\\/schema.org\",\"@graph\":[{\"@type\":\"WebPage\",\"@id\":\"https:\\\/\\\/www.scenicrights.com\\\/ca\\\/politica-de-privacitat\\\/\",\"url\":\"https:\\\/\\\/www.scenicrights.com\\\/ca\\\/politica-de-privacitat\\\/\",\"name\":\"Pol\u00edtica de Privacitat - Scenic\u00a0Rights\",\"isPartOf\":{\"@id\":\"https:\\\/\\\/www.scenicrights.com\\\/ca\\\/#website\"},\"datePublished\":\"2023-12-12T11:37:19+00:00\",\"dateModified\":\"2023-12-12T12:30:19+00:00\",\"breadcrumb\":{\"@id\":\"https:\\\/\\\/www.scenicrights.com\\\/ca\\\/politica-de-privacitat\\\/#breadcrumb\"},\"inLanguage\":\"ca\",\"potentialAction\":[{\"@type\":\"ReadAction\",\"target\":[\"https:\\\/\\\/www.scenicrights.com\\\/ca\\\/politica-de-privacitat\\\/\"]}]},{\"@type\":\"BreadcrumbList\",\"@id\":\"https:\\\/\\\/www.scenicrights.com\\\/ca\\\/politica-de-privacitat\\\/#breadcrumb\",\"itemListElement\":[{\"@type\":\"ListItem\",\"position\":1,\"name\":\"Home\",\"item\":\"https:\\\/\\\/www.scenicrights.com\\\/ca\\\/\"},{\"@type\":\"ListItem\",\"position\":2,\"name\":\"Pol\u00edtica de Privacitat\"}]},{\"@type\":\"WebSite\",\"@id\":\"https:\\\/\\\/www.scenicrights.com\\\/ca\\\/#website\",\"url\":\"https:\\\/\\\/www.scenicrights.com\\\/ca\\\/\",\"name\":\"Scenic\u00a0Rights\",\"description\":\"\",\"publisher\":{\"@id\":\"https:\\\/\\\/www.scenicrights.com\\\/ca\\\/#organization\"},\"potentialAction\":[{\"@type\":\"SearchAction\",\"target\":{\"@type\":\"EntryPoint\",\"urlTemplate\":\"https:\\\/\\\/www.scenicrights.com\\\/ca\\\/?s={search_term_string}\"},\"query-input\":{\"@type\":\"PropertyValueSpecification\",\"valueRequired\":true,\"valueName\":\"search_term_string\"}}],\"inLanguage\":\"ca\"},{\"@type\":\"Organization\",\"@id\":\"https:\\\/\\\/www.scenicrights.com\\\/ca\\\/#organization\",\"name\":\"Scenic\u00a0Rights\",\"url\":\"https:\\\/\\\/www.scenicrights.com\\\/ca\\\/\",\"logo\":{\"@type\":\"ImageObject\",\"inLanguage\":\"ca\",\"@id\":\"https:\\\/\\\/www.scenicrights.com\\\/ca\\\/#\\\/schema\\\/logo\\\/image\\\/\",\"url\":\"https:\\\/\\\/www.scenicrights.com\\\/wp-content\\\/uploads\\\/2023\\\/07\\\/logo-horizontal-web.png\",\"contentUrl\":\"https:\\\/\\\/www.scenicrights.com\\\/wp-content\\\/uploads\\\/2023\\\/07\\\/logo-horizontal-web.png\",\"width\":644,\"height\":225,\"caption\":\"Scenic\u00a0Rights\"},\"image\":{\"@id\":\"https:\\\/\\\/www.scenicrights.com\\\/ca\\\/#\\\/schema\\\/logo\\\/image\\\/\"}}]}<\/script>\n<!-- \/ Yoast SEO plugin. -->","yoast_head_json":{"title":"Pol\u00edtica de Privacitat - Scenic\u00a0Rights","robots":{"index":"index","follow":"follow","max-snippet":"max-snippet:-1","max-image-preview":"max-image-preview:large","max-video-preview":"max-video-preview:-1"},"canonical":"https:\/\/www.scenicrights.com\/ca\/politica-de-privacitat\/","og_locale":"ca_ES","og_type":"article","og_title":"Pol\u00edtica de Privacitat - Scenic\u00a0Rights","og_description":"Responsable del Tractament L\u2019empresa responsable del tractament de les seves dades en virtut d\u2019aquesta Pol\u00edtica de privacitat \u00e9s: SCENIC RIGHTS, SL&#13; NIF: B62936430&#13; Domicili: Carrer d&#8217;\u00c0vila, [&hellip;]","og_url":"https:\/\/www.scenicrights.com\/ca\/politica-de-privacitat\/","og_site_name":"Scenic\u00a0Rights","article_modified_time":"2023-12-12T12:30:19+00:00","twitter_card":"summary_large_image","twitter_misc":{"Temps estimat de lectura":"7 minuts"},"schema":{"@context":"https:\/\/schema.org","@graph":[{"@type":"WebPage","@id":"https:\/\/www.scenicrights.com\/ca\/politica-de-privacitat\/","url":"https:\/\/www.scenicrights.com\/ca\/politica-de-privacitat\/","name":"Pol\u00edtica de Privacitat - Scenic\u00a0Rights","isPartOf":{"@id":"https:\/\/www.scenicrights.com\/ca\/#website"},"datePublished":"2023-12-12T11:37:19+00:00","dateModified":"2023-12-12T12:30:19+00:00","breadcrumb":{"@id":"https:\/\/www.scenicrights.com\/ca\/politica-de-privacitat\/#breadcrumb"},"inLanguage":"ca","potentialAction":[{"@type":"ReadAction","target":["https:\/\/www.scenicrights.com\/ca\/politica-de-privacitat\/"]}]},{"@type":"BreadcrumbList","@id":"https:\/\/www.scenicrights.com\/ca\/politica-de-privacitat\/#breadcrumb","itemListElement":[{"@type":"ListItem","position":1,"name":"Home","item":"https:\/\/www.scenicrights.com\/ca\/"},{"@type":"ListItem","position":2,"name":"Pol\u00edtica de Privacitat"}]},{"@type":"WebSite","@id":"https:\/\/www.scenicrights.com\/ca\/#website","url":"https:\/\/www.scenicrights.com\/ca\/","name":"Scenic\u00a0Rights","description":"","publisher":{"@id":"https:\/\/www.scenicrights.com\/ca\/#organization"},"potentialAction":[{"@type":"SearchAction","target":{"@type":"EntryPoint","urlTemplate":"https:\/\/www.scenicrights.com\/ca\/?s={search_term_string}"},"query-input":{"@type":"PropertyValueSpecification","valueRequired":true,"valueName":"search_term_string"}}],"inLanguage":"ca"},{"@type":"Organization","@id":"https:\/\/www.scenicrights.com\/ca\/#organization","name":"Scenic\u00a0Rights","url":"https:\/\/www.scenicrights.com\/ca\/","logo":{"@type":"ImageObject","inLanguage":"ca","@id":"https:\/\/www.scenicrights.com\/ca\/#\/schema\/logo\/image\/","url":"https:\/\/www.scenicrights.com\/wp-content\/uploads\/2023\/07\/logo-horizontal-web.png","contentUrl":"https:\/\/www.scenicrights.com\/wp-content\/uploads\/2023\/07\/logo-horizontal-web.png","width":644,"height":225,"caption":"Scenic\u00a0Rights"},"image":{"@id":"https:\/\/www.scenicrights.com\/ca\/#\/schema\/logo\/image\/"}}]}},"_links":{"self":[{"href":"https:\/\/www.scenicrights.com\/ca\/wp-json\/wp\/v2\/pages\/16754","targetHints":{"allow":["GET"]}}],"collection":[{"href":"https:\/\/www.scenicrights.com\/ca\/wp-json\/wp\/v2\/pages"}],"about":[{"href":"https:\/\/www.scenicrights.com\/ca\/wp-json\/wp\/v2\/types\/page"}],"author":[{"embeddable":true,"href":"https:\/\/www.scenicrights.com\/ca\/wp-json\/wp\/v2\/users\/2"}],"replies":[{"embeddable":true,"href":"https:\/\/www.scenicrights.com\/ca\/wp-json\/wp\/v2\/comments?post=16754"}],"version-history":[{"count":0,"href":"https:\/\/www.scenicrights.com\/ca\/wp-json\/wp\/v2\/pages\/16754\/revisions"}],"wp:attachment":[{"href":"https:\/\/www.scenicrights.com\/ca\/wp-json\/wp\/v2\/media?parent=16754"}],"curies":[{"name":"wp","href":"https:\/\/api.w.org\/{rel}","templated":true}]}}