{"id":28415,"date":"2025-09-09T09:13:39","date_gmt":"2025-09-09T09:13:39","guid":{"rendered":"https:\/\/www.scenicrights.com\/projects\/desaparecidos-podcast\/"},"modified":"2026-02-02T10:37:34","modified_gmt":"2026-02-02T10:37:34","slug":"desaparecidos-podcast","status":"publish","type":"articulo","link":"https:\/\/www.scenicrights.com\/en\/projects\/desaparecidos-podcast\/","title":{"rendered":"Desaparecidos (Podcast)"},"template":"","art_tag":[1314,816,846,686,1346,968,1062,1341,684,1152,874,1382],"genero":[47],"licencia":[17],"localizacion":[],"produccion":[],"subgenero":[658,1411],"tipo":[5],"class_list":["post-28415","articulo","type-articulo","status-publish","has-post-thumbnail","hentry","art_tag-crime","art_tag-disappearance","art_tag-drugs","art_tag-harassment","art_tag-identity","art_tag-investigation","art_tag-journalism","art_tag-real-facts","art_tag-sexual-abuse","art_tag-society","art_tag-spain","art_tag-whudunit-en","genero-drama-en","licencia-propia","subgenero-mystery","subgenero-true-crime-en","tipo-proyecto"],"acf":{"generos_tax":[47],"subgeneros_tax":[658,1411],"tipo_tax":[5],"tags_tax":[684,686,1314,816,846,874,1341,968,1062,1152,1346,1382],"produccion_tax":false,"licencia_tax":17,"localizacion_tax":false,"articulo__titulo_extendido":"","articulo__extracto":"","articulo__contenido":"<strong>Desaparecidos <em>es un p\u00f3dcast de gran audiencia que reconstruye los casos reales m\u00e1s sobrecogedores de personas que desaparecieron sin explicaci\u00f3n en Espa\u00f1a. Testimonios directos, escenarios clave y un objetivo claro: romper el silencio y encontrar la verdad.<\/em><\/strong>\r\n\r\n&nbsp;\r\n\r\n<em>Desaparecidos<\/em> es un p\u00f3dcast documental, \u00fanico en su enfoque, que en su primera temporada se sumerge en 10 casos reales de personas que desaparecieron sin dejar rastro en Espa\u00f1a. Con una narrativa envolvente y en primera persona, el escritor y periodista Eduard Buil reconstruye cada historia viajando al lugar donde ocurrieron los hechos, dando voz a los familiares, amigos e investigadores que siguen buscando respuestas.\r\n\r\nEl primer cap\u00edtulo de <em>Desaparecidos<\/em> se centra en el caso de Mar\u00eda Teresa Fern\u00e1ndez, una joven de 18 a\u00f1os que desapareci\u00f3 en Motril en agosto del a\u00f1o 2000 tras enviar un \u00faltimo mensaje a su novio: \u201cPuede que llegue tarde, esp\u00e9rame\u201d. El p\u00f3dcast reconstruye su historia a trav\u00e9s de los recuerdos de su familia y de la investigaci\u00f3n dirigida por el inspector Francisco P\u00e9rez Polo. El relato expone las irregularidades iniciales, como la demora en aceptar la denuncia o la falta de apoyo institucional por parte de la Junta de Andaluc\u00eda, en contraste con la implicaci\u00f3n personal del Presidente Jos\u00e9 Mar\u00eda Aznar. Con el paso del tiempo, surgieron pistas falsas, rumores, videntes y amenazas directas a la madre de Mari Tere, que aumentaron el sufrimiento familiar. Aunque se intent\u00f3 vincular el caso al criminal Tony King, las pruebas nunca fueron concluyentes. Al final del episodio, el inspector Polo revela que tiene una sospecha clara: alguien conocido por la familia fue la \u00faltima persona en ver a Mari Tere con vida.\r\n\r\nEn el episodio 2, titulado <em>El joven de C\u00f3rdoba<\/em>, se narra la historia de Paco Molina, un adolescente de 16 a\u00f1os que desapareci\u00f3 en julio de 2015 tras decir que pasar\u00eda la noche fuera. Qued\u00f3 con alguien a quien nadie conoc\u00eda y nunca volvi\u00f3. Desde entonces, la gran inc\u00f3gnita es qui\u00e9n era ese misterioso acompa\u00f1ante y qu\u00e9 ocurri\u00f3 realmente aquella noche.\r\n\r\nEn el episodio 3, <em>15 minutos, 50 metros<\/em>, se aborda el caso de Francisca Cadenas, una mujer de 59 a\u00f1os que desapareci\u00f3 en Hornachos, Badajoz, al acompa\u00f1ar a una ni\u00f1a hasta el coche de sus padres. Fue un trayecto brev\u00edsimo, en una calle conocida y tranquila. En solo 15 minutos y sin testimonios \u00fatiles, Francisca se esfum\u00f3, y hoy todas las sospechas giran en torno a un callej\u00f3n y un supuesto testigo que guarda silencio.\r\n\r\nEl episodio 4, <em>Una buena samaritana<\/em>, profundiza en la desaparici\u00f3n de \u00c1ngeles Zurera, ocurrida en 2008 en Aguilar de la Frontera. Una llamada telef\u00f3nica de menos de tres minutos fue el punto de inflexi\u00f3n que lo cambi\u00f3 todo. A\u00f1os de sospechas, contradicciones judiciales y una lucha incansable de la familia han convertido su caso en un s\u00edmbolo de impotencia y necesidad de justicia.\r\n\r\nEn el episodio 5, <em>El hombre sin coraz\u00f3n<\/em>, se relata el caso de Miguel \u00c1ngel Mart\u00ednez, un bilba\u00edno de 44 a\u00f1os que desapareci\u00f3 mientras viajaba por Europa. Su cuerpo apareci\u00f3 en un fiordo sueco y le falta el coraz\u00f3n tras haber estado bajo custodia policial. La historia, llena de vac\u00edos, deja a su hermana Blanca con una sola certeza: algo no encaja, y hay demasiadas preguntas sin respuesta.\r\n\r\nEl episodio 6, <em>Sin rastro<\/em>, gira en torno a Adelina Pintos, de 81 a\u00f1os, que desapareci\u00f3 sin dejar huella en el edificio Walden 7 de Sant Just Desvern (Catalu\u00f1a). Tras cenar con una amiga, volvi\u00f3 a casa, pero a la ma\u00f1ana siguiente ya no estaba. En un edificio emblem\u00e1tico y lleno de c\u00e1maras, la ausencia de pistas desconcierta incluso a los investigadores.\r\n\r\nEn el episodio 7, titulado <em>Livin\u2019 on a Prayer<\/em>, conocemos la historia de Cristina Bergua, una joven de 16 a\u00f1os que desapareci\u00f3 en 1997 en Cornell\u00e0 de Llobregat. Sali\u00f3 un domingo por la tarde y nunca regres\u00f3. A pesar del tiempo transcurrido, sigue siendo un referente para miles de familias que, como la suya, viven atrapadas en el vac\u00edo de no saber.\r\n\r\nEl episodio 8, <em>Voces en la oscuridad<\/em>, narra la desaparici\u00f3n de Luzdivina, una mujer de 65 a\u00f1os que sali\u00f3 a pasear por su barrio en Barcelona y nunca volvi\u00f3. Su caso ha estado rodeado de rumores, supuestos avistamientos y pistas que no conducen a ning\u00fan lado. Una desaparici\u00f3n en pleno centro urbano que deja a su familia entre la duda y la desesperaci\u00f3n.\r\n\r\nEn el episodio 9, <em>La ni\u00f1a del patinete verde<\/em>, se reconstruyen las \u00faltimas horas de Mal\u00e9n Ortiz, una adolescente que desapareci\u00f3 en Mallorca en 2013 tras salir del instituto. Una c\u00e1mara capt\u00f3 sus \u00faltimos pasos, pero a partir de ah\u00ed, el silencio. Su madre y su abuela siguen esperando, mientras la investigaci\u00f3n se enfrenta a m\u00faltiples l\u00edneas, sospechosos y ninguna certeza.\r\n\r\nEl episodio 10, <em>El hospital del silencio<\/em>, explora la desaparici\u00f3n de Isidre y Dolors Orrit, dos hermanos de 5 y 17 a\u00f1os que se esfumaron en 1988 en el Hospital Sant Joan de D\u00e9u de Manresa. Casi cuatro d\u00e9cadas despu\u00e9s, su familia sigue sin respuestas, atrapada en una historia llena de silencios institucionales y sospechas nunca aclaradas.\r\n\r\n&nbsp;\r\n\r\n<strong>DATOS RELEVANTES:<\/strong> M\u00e1s que un<em> true crime<\/em>, <em>Desaparecidos<\/em> es un retrato humano y emocionante que combina rigor period\u00edstico investigativo, sensibilidad y tensi\u00f3n narrativa, ideal para quienes buscan relatos reales llenos de misterio y profundidad.\r\n\r\n<em>Desaparecidos<\/em> tiene un alt\u00edsimo potencial de adaptaci\u00f3n audiovisual, tanto en formato documental como en ficci\u00f3n basada en hechos reales. Su estructura epis\u00f3dica, con un caso por cap\u00edtulo, permite un desarrollo claro y atractivo para el formato serie, combinando investigaci\u00f3n period\u00edstica, testimonios en primera persona y viajes a los lugares clave. Cada episodio contiene ingredientes muy potentes: desapariciones sin resolver, tensi\u00f3n emocional, irregularidades institucionales, sospechosos con pasado oscuro, pistas ambiguas y familias que se convierten en protagonistas de una lucha sin fin.\r\n\r\n&nbsp;\r\n\r\n<strong>POTENCIAL AUDIOVISUAL:<\/strong> Serie TV, Miniserie, Film, TV Film.\r\n\r\n<strong>IDIOMAS DISPONIBLES:<\/strong> Espa\u00f1ol.","articulo__autor":[30463],"_thumbnail_id":28413,"articulo__featured_gallery":null,"articulo__galeria_archivos":"","articulo__fecha_de_publicacion":"","articulo__idiomas":"","articulo__dossier":"","idarticle":""},"yoast_head":"<!-- This site is optimized with the Yoast SEO plugin v27.4 - https:\/\/yoast.com\/product\/yoast-seo-wordpress\/ -->\n<title>Desaparecidos (Podcast) - Scenic\u00a0Rights<\/title>\n<meta name=\"robots\" content=\"index, follow, max-snippet:-1, max-image-preview:large, max-video-preview:-1\" \/>\n<link rel=\"canonical\" href=\"https:\/\/www.scenicrights.com\/en\/projects\/desaparecidos-podcast\/\" \/>\n<meta property=\"og:locale\" content=\"en_US\" \/>\n<meta property=\"og:type\" content=\"article\" \/>\n<meta property=\"og:title\" content=\"Desaparecidos (Podcast) - Scenic\u00a0Rights\" \/>\n<meta property=\"og:url\" content=\"https:\/\/www.scenicrights.com\/en\/projects\/desaparecidos-podcast\/\" \/>\n<meta property=\"og:site_name\" content=\"Scenic\u00a0Rights\" \/>\n<meta property=\"article:modified_time\" content=\"2026-02-02T10:37:34+00:00\" \/>\n<meta property=\"og:image\" content=\"https:\/\/www.scenicrights.com\/wp-content\/uploads\/2025\/09\/1200x1200bf.webp\" \/>\n\t<meta property=\"og:image:width\" content=\"1200\" \/>\n\t<meta property=\"og:image:height\" content=\"1200\" \/>\n\t<meta property=\"og:image:type\" content=\"image\/webp\" \/>\n<meta name=\"twitter:card\" content=\"summary_large_image\" \/>\n<script type=\"application\/ld+json\" class=\"yoast-schema-graph\">{\"@context\":\"https:\\\/\\\/schema.org\",\"@graph\":[{\"@type\":\"WebPage\",\"@id\":\"https:\\\/\\\/www.scenicrights.com\\\/en\\\/projects\\\/desaparecidos-podcast\\\/\",\"url\":\"https:\\\/\\\/www.scenicrights.com\\\/en\\\/projects\\\/desaparecidos-podcast\\\/\",\"name\":\"Desaparecidos (Podcast) - Scenic\u00a0Rights\",\"isPartOf\":{\"@id\":\"https:\\\/\\\/www.scenicrights.com\\\/en\\\/#website\"},\"primaryImageOfPage\":{\"@id\":\"https:\\\/\\\/www.scenicrights.com\\\/en\\\/projects\\\/desaparecidos-podcast\\\/#primaryimage\"},\"image\":{\"@id\":\"https:\\\/\\\/www.scenicrights.com\\\/en\\\/projects\\\/desaparecidos-podcast\\\/#primaryimage\"},\"thumbnailUrl\":\"https:\\\/\\\/www.scenicrights.com\\\/wp-content\\\/uploads\\\/2025\\\/09\\\/1200x1200bf.webp\",\"datePublished\":\"2025-09-09T09:13:39+00:00\",\"dateModified\":\"2026-02-02T10:37:34+00:00\",\"breadcrumb\":{\"@id\":\"https:\\\/\\\/www.scenicrights.com\\\/en\\\/projects\\\/desaparecidos-podcast\\\/#breadcrumb\"},\"inLanguage\":\"en-US\",\"potentialAction\":[{\"@type\":\"ReadAction\",\"target\":[\"https:\\\/\\\/www.scenicrights.com\\\/en\\\/projects\\\/desaparecidos-podcast\\\/\"]}]},{\"@type\":\"ImageObject\",\"inLanguage\":\"en-US\",\"@id\":\"https:\\\/\\\/www.scenicrights.com\\\/en\\\/projects\\\/desaparecidos-podcast\\\/#primaryimage\",\"url\":\"https:\\\/\\\/www.scenicrights.com\\\/wp-content\\\/uploads\\\/2025\\\/09\\\/1200x1200bf.webp\",\"contentUrl\":\"https:\\\/\\\/www.scenicrights.com\\\/wp-content\\\/uploads\\\/2025\\\/09\\\/1200x1200bf.webp\",\"width\":1200,\"height\":1200},{\"@type\":\"BreadcrumbList\",\"@id\":\"https:\\\/\\\/www.scenicrights.com\\\/en\\\/projects\\\/desaparecidos-podcast\\\/#breadcrumb\",\"itemListElement\":[{\"@type\":\"ListItem\",\"position\":1,\"name\":\"Home\",\"item\":\"https:\\\/\\\/www.scenicrights.com\\\/en\\\/\"},{\"@type\":\"ListItem\",\"position\":2,\"name\":\"Desaparecidos (Podcast)\"}]},{\"@type\":\"WebSite\",\"@id\":\"https:\\\/\\\/www.scenicrights.com\\\/en\\\/#website\",\"url\":\"https:\\\/\\\/www.scenicrights.com\\\/en\\\/\",\"name\":\"Scenic\u00a0Rights\",\"description\":\"\",\"publisher\":{\"@id\":\"https:\\\/\\\/www.scenicrights.com\\\/en\\\/#organization\"},\"potentialAction\":[{\"@type\":\"SearchAction\",\"target\":{\"@type\":\"EntryPoint\",\"urlTemplate\":\"https:\\\/\\\/www.scenicrights.com\\\/en\\\/?s={search_term_string}\"},\"query-input\":{\"@type\":\"PropertyValueSpecification\",\"valueRequired\":true,\"valueName\":\"search_term_string\"}}],\"inLanguage\":\"en-US\"},{\"@type\":\"Organization\",\"@id\":\"https:\\\/\\\/www.scenicrights.com\\\/en\\\/#organization\",\"name\":\"Scenic\u00a0Rights\",\"url\":\"https:\\\/\\\/www.scenicrights.com\\\/en\\\/\",\"logo\":{\"@type\":\"ImageObject\",\"inLanguage\":\"en-US\",\"@id\":\"https:\\\/\\\/www.scenicrights.com\\\/en\\\/#\\\/schema\\\/logo\\\/image\\\/\",\"url\":\"https:\\\/\\\/www.scenicrights.com\\\/wp-content\\\/uploads\\\/2023\\\/07\\\/logo-horizontal-web.png\",\"contentUrl\":\"https:\\\/\\\/www.scenicrights.com\\\/wp-content\\\/uploads\\\/2023\\\/07\\\/logo-horizontal-web.png\",\"width\":644,\"height\":225,\"caption\":\"Scenic\u00a0Rights\"},\"image\":{\"@id\":\"https:\\\/\\\/www.scenicrights.com\\\/en\\\/#\\\/schema\\\/logo\\\/image\\\/\"}}]}<\/script>\n<!-- \/ Yoast SEO plugin. -->","yoast_head_json":{"title":"Desaparecidos (Podcast) - Scenic\u00a0Rights","robots":{"index":"index","follow":"follow","max-snippet":"max-snippet:-1","max-image-preview":"max-image-preview:large","max-video-preview":"max-video-preview:-1"},"canonical":"https:\/\/www.scenicrights.com\/en\/projects\/desaparecidos-podcast\/","og_locale":"en_US","og_type":"article","og_title":"Desaparecidos (Podcast) - Scenic\u00a0Rights","og_url":"https:\/\/www.scenicrights.com\/en\/projects\/desaparecidos-podcast\/","og_site_name":"Scenic\u00a0Rights","article_modified_time":"2026-02-02T10:37:34+00:00","og_image":[{"width":1200,"height":1200,"url":"https:\/\/www.scenicrights.com\/wp-content\/uploads\/2025\/09\/1200x1200bf.webp","type":"image\/webp"}],"twitter_card":"summary_large_image","schema":{"@context":"https:\/\/schema.org","@graph":[{"@type":"WebPage","@id":"https:\/\/www.scenicrights.com\/en\/projects\/desaparecidos-podcast\/","url":"https:\/\/www.scenicrights.com\/en\/projects\/desaparecidos-podcast\/","name":"Desaparecidos (Podcast) - Scenic\u00a0Rights","isPartOf":{"@id":"https:\/\/www.scenicrights.com\/en\/#website"},"primaryImageOfPage":{"@id":"https:\/\/www.scenicrights.com\/en\/projects\/desaparecidos-podcast\/#primaryimage"},"image":{"@id":"https:\/\/www.scenicrights.com\/en\/projects\/desaparecidos-podcast\/#primaryimage"},"thumbnailUrl":"https:\/\/www.scenicrights.com\/wp-content\/uploads\/2025\/09\/1200x1200bf.webp","datePublished":"2025-09-09T09:13:39+00:00","dateModified":"2026-02-02T10:37:34+00:00","breadcrumb":{"@id":"https:\/\/www.scenicrights.com\/en\/projects\/desaparecidos-podcast\/#breadcrumb"},"inLanguage":"en-US","potentialAction":[{"@type":"ReadAction","target":["https:\/\/www.scenicrights.com\/en\/projects\/desaparecidos-podcast\/"]}]},{"@type":"ImageObject","inLanguage":"en-US","@id":"https:\/\/www.scenicrights.com\/en\/projects\/desaparecidos-podcast\/#primaryimage","url":"https:\/\/www.scenicrights.com\/wp-content\/uploads\/2025\/09\/1200x1200bf.webp","contentUrl":"https:\/\/www.scenicrights.com\/wp-content\/uploads\/2025\/09\/1200x1200bf.webp","width":1200,"height":1200},{"@type":"BreadcrumbList","@id":"https:\/\/www.scenicrights.com\/en\/projects\/desaparecidos-podcast\/#breadcrumb","itemListElement":[{"@type":"ListItem","position":1,"name":"Home","item":"https:\/\/www.scenicrights.com\/en\/"},{"@type":"ListItem","position":2,"name":"Desaparecidos (Podcast)"}]},{"@type":"WebSite","@id":"https:\/\/www.scenicrights.com\/en\/#website","url":"https:\/\/www.scenicrights.com\/en\/","name":"Scenic\u00a0Rights","description":"","publisher":{"@id":"https:\/\/www.scenicrights.com\/en\/#organization"},"potentialAction":[{"@type":"SearchAction","target":{"@type":"EntryPoint","urlTemplate":"https:\/\/www.scenicrights.com\/en\/?s={search_term_string}"},"query-input":{"@type":"PropertyValueSpecification","valueRequired":true,"valueName":"search_term_string"}}],"inLanguage":"en-US"},{"@type":"Organization","@id":"https:\/\/www.scenicrights.com\/en\/#organization","name":"Scenic\u00a0Rights","url":"https:\/\/www.scenicrights.com\/en\/","logo":{"@type":"ImageObject","inLanguage":"en-US","@id":"https:\/\/www.scenicrights.com\/en\/#\/schema\/logo\/image\/","url":"https:\/\/www.scenicrights.com\/wp-content\/uploads\/2023\/07\/logo-horizontal-web.png","contentUrl":"https:\/\/www.scenicrights.com\/wp-content\/uploads\/2023\/07\/logo-horizontal-web.png","width":644,"height":225,"caption":"Scenic\u00a0Rights"},"image":{"@id":"https:\/\/www.scenicrights.com\/en\/#\/schema\/logo\/image\/"}}]}},"_links":{"self":[{"href":"https:\/\/www.scenicrights.com\/en\/wp-json\/wp\/v2\/articulo\/28415","targetHints":{"allow":["GET"]}}],"collection":[{"href":"https:\/\/www.scenicrights.com\/en\/wp-json\/wp\/v2\/articulo"}],"about":[{"href":"https:\/\/www.scenicrights.com\/en\/wp-json\/wp\/v2\/types\/articulo"}],"acf:post":[{"embeddable":true,"href":"https:\/\/www.scenicrights.com\/en\/wp-json\/wp\/v2\/autor\/30463"}],"acf:term":[{"embeddable":true,"taxonomy":"licencia","href":"https:\/\/www.scenicrights.com\/en\/wp-json\/wp\/v2\/licencia\/17"},{"embeddable":true,"taxonomy":"art_tag","href":"https:\/\/www.scenicrights.com\/en\/wp-json\/wp\/v2\/art_tag\/1382"},{"embeddable":true,"taxonomy":"art_tag","href":"https:\/\/www.scenicrights.com\/en\/wp-json\/wp\/v2\/art_tag\/1346"},{"embeddable":true,"taxonomy":"art_tag","href":"https:\/\/www.scenicrights.com\/en\/wp-json\/wp\/v2\/art_tag\/1152"},{"embeddable":true,"taxonomy":"art_tag","href":"https:\/\/www.scenicrights.com\/en\/wp-json\/wp\/v2\/art_tag\/1062"},{"embeddable":true,"taxonomy":"art_tag","href":"https:\/\/www.scenicrights.com\/en\/wp-json\/wp\/v2\/art_tag\/968"},{"embeddable":true,"taxonomy":"art_tag","href":"https:\/\/www.scenicrights.com\/en\/wp-json\/wp\/v2\/art_tag\/1341"},{"embeddable":true,"taxonomy":"art_tag","href":"https:\/\/www.scenicrights.com\/en\/wp-json\/wp\/v2\/art_tag\/874"},{"embeddable":true,"taxonomy":"art_tag","href":"https:\/\/www.scenicrights.com\/en\/wp-json\/wp\/v2\/art_tag\/846"},{"embeddable":true,"taxonomy":"art_tag","href":"https:\/\/www.scenicrights.com\/en\/wp-json\/wp\/v2\/art_tag\/816"},{"embeddable":true,"taxonomy":"art_tag","href":"https:\/\/www.scenicrights.com\/en\/wp-json\/wp\/v2\/art_tag\/1314"},{"embeddable":true,"taxonomy":"art_tag","href":"https:\/\/www.scenicrights.com\/en\/wp-json\/wp\/v2\/art_tag\/686"},{"embeddable":true,"taxonomy":"art_tag","href":"https:\/\/www.scenicrights.com\/en\/wp-json\/wp\/v2\/art_tag\/684"},{"embeddable":true,"taxonomy":"tipo","href":"https:\/\/www.scenicrights.com\/en\/wp-json\/wp\/v2\/tipo\/5"},{"embeddable":true,"taxonomy":"subgenero","href":"https:\/\/www.scenicrights.com\/en\/wp-json\/wp\/v2\/subgenero\/1411"},{"embeddable":true,"taxonomy":"subgenero","href":"https:\/\/www.scenicrights.com\/en\/wp-json\/wp\/v2\/subgenero\/658"},{"embeddable":true,"taxonomy":"genero","href":"https:\/\/www.scenicrights.com\/en\/wp-json\/wp\/v2\/genero\/47"}],"wp:featuredmedia":[{"embeddable":true,"href":"https:\/\/www.scenicrights.com\/en\/wp-json\/wp\/v2\/media\/28413"}],"wp:attachment":[{"href":"https:\/\/www.scenicrights.com\/en\/wp-json\/wp\/v2\/media?parent=28415"}],"wp:term":[{"taxonomy":"art_tag","embeddable":true,"href":"https:\/\/www.scenicrights.com\/en\/wp-json\/wp\/v2\/art_tag?post=28415"},{"taxonomy":"genero","embeddable":true,"href":"https:\/\/www.scenicrights.com\/en\/wp-json\/wp\/v2\/genero?post=28415"},{"taxonomy":"licencia","embeddable":true,"href":"https:\/\/www.scenicrights.com\/en\/wp-json\/wp\/v2\/licencia?post=28415"},{"taxonomy":"localizacion","embeddable":true,"href":"https:\/\/www.scenicrights.com\/en\/wp-json\/wp\/v2\/localizacion?post=28415"},{"taxonomy":"produccion","embeddable":true,"href":"https:\/\/www.scenicrights.com\/en\/wp-json\/wp\/v2\/produccion?post=28415"},{"taxonomy":"subgenero","embeddable":true,"href":"https:\/\/www.scenicrights.com\/en\/wp-json\/wp\/v2\/subgenero?post=28415"},{"taxonomy":"tipo","embeddable":true,"href":"https:\/\/www.scenicrights.com\/en\/wp-json\/wp\/v2\/tipo?post=28415"}],"curies":[{"name":"wp","href":"https:\/\/api.w.org\/{rel}","templated":true}]}}