{"id":28450,"date":"2025-09-09T09:46:50","date_gmt":"2025-09-09T09:46:50","guid":{"rendered":"https:\/\/www.scenicrights.com\/projects\/quiero-y-no-puedo\/"},"modified":"2026-03-03T15:30:44","modified_gmt":"2026-03-03T15:30:44","slug":"quiero-y-no-puedo","status":"publish","type":"articulo","link":"https:\/\/www.scenicrights.com\/en\/projects\/quiero-y-no-puedo\/","title":{"rendered":"I Want To But I Can&#8217;t (Quiero y no puedo) (TV Series\/ Film)"},"template":"","art_tag":[741,744,745,746,747,748,826,804,1327,1346,818,1054,1074,1110,1024,1152,874],"genero":[1421],"licencia":[17],"localizacion":[],"produccion":[14],"subgenero":[],"tipo":[5],"class_list":["post-28450","articulo","type-articulo","status-publish","has-post-thumbnail","hentry","art_tag-20s","art_tag-50s","art_tag-60s","art_tag-70s","art_tag-80s","art_tag-90s","art_tag-class-difference","art_tag-culture","art_tag-folklore-en","art_tag-identity","art_tag-inequality","art_tag-past","art_tag-poverty","art_tag-religion-en","art_tag-showbiz","art_tag-society","art_tag-spain","genero-non-fiction","licencia-propia","produccion-pre-produccion","tipo-proyecto"],"acf":{"generos_tax":[1421],"subgeneros_tax":false,"tipo_tax":[5],"tags_tax":[741,744,745,746,747,748,804,818,826,874,1024,1054,1074,1110,1152,1346,1327],"produccion_tax":14,"licencia_tax":17,"localizacion_tax":false,"articulo__titulo_extendido":"","articulo__extracto":"","articulo__contenido":"<strong><em>The provocative and hilarious story of Spain\u2019s <\/em>pijos<em>: who they are, how they dress, what they hide\u2026 and why deep down, we all want to look like one (even if we can\u2019t).<\/em><\/strong>\r\n\r\n&nbsp;\r\n\r\n<em>Quiero y no puedo<\/em> (<em>I Want To But I Can\u2019t<\/em>) is a provocative, witty, and thoroughly documented portrait of one of the most recognizable (and least analyzed) sociocultural phenomena of contemporary Spain: the <em>pijo<\/em> universe (that could be translated as \"posh\" or \"preppy\", but with the Spanish touch). This world is made up of people whose clothes, manners, language, and behavior affect an upper-class aesthetic, whether they belong to that class or not. Mixing journalism, historical essay, and plenty of irony, Raquel Pel\u00e1ez\u2014journalist and cult author\u2014delivers a sharp, entertaining, and surprisingly revealing account of how the symbols of privilege have colonized the aesthetics, language, and aspirations of an entire society.\r\n\r\nThe book unfolds in three stages\u2014\u201cI Can,\u201d \u201cI Want,\u201d and \u201cI Want To But I Can\u2019t\u201d\u2014to explain how the Spanish upper-class imaginary has been constructed, from the days of Ferdinand VII to Froil\u00e1n, the first grandson of King Juan Carlos I, passing through Andalusian se\u00f1oritos, the Topolino girls, Tamara Falc\u00f3, Madrid\u2019s Movida, the hipsters, and today\u2019s cayetanos on Instagram. Through pop culture references, personal stories, and a sharp analysis of language, Pel\u00e1ez demonstrates that being pijo is no longer just about money, but about a lifestyle, a set of codes, and a collective obsession with appearances.\r\n\r\nWith her trademark lucidity, the author asks: what does it mean to be <em>pijo<\/em> today? Why does everyone want to look the part\u2014even those who can\u2019t? And why are we no longer ashamed to aspire to that model? In an era of growing inequality, pijer\u00eda has become a disguise for survival, a mainstream aesthetic, and, in some cases, a political manifesto.\r\n\r\nWith humor, critique, and razor-sharp insight,<em> Quiero y no puedo<\/em> turns an apparently frivolous concept into a tool for better understanding Spain today. A delightful and illuminating read for those who enjoy pop culture, social analysis, and great storytelling.\r\n\r\n&nbsp;\r\n\r\n<strong>RELEVANT INFORMATION:<\/strong> Raquel Pel\u00e1ez is a Spanish journalist and writer specializing in consumer issues, mass culture, and urban anthropology. Her latest book, <em>Quiero y no puedo,<\/em> is a revelatory essay on a phenomenon that goes beyond an archetype and reveals the true roots of class conflict in Spanish society. The book has been a major success and is already in its second edition.\r\n\r\nThe work could be adapted into a documentary series or a fictional comedy. Its ironic take on Spanish pijer\u00eda fits perfectly with a thematic docuseries, with episodes exploring the subject through a mix of interviews, archival footage, and humorous voiceover narration combined with social analysis. The personal stories that feed the book could also be adapted into a fictional comedy, somewhere between satire and social critique.\r\n\r\n&nbsp;\r\n\r\n<strong>AUDIOVISUAL POTENTIAL:<\/strong> In development.\r\n\r\n<strong>AVAILABLE LANGUAGES:<\/strong> Spanish.","articulo__autor":[28744],"_thumbnail_id":28448,"articulo__featured_gallery":"","articulo__galeria_archivos":"","articulo__fecha_de_publicacion":"","articulo__idiomas":"","articulo__dossier":"","idarticle":""},"yoast_head":"<!-- This site is optimized with the Yoast SEO plugin v27.5 - https:\/\/yoast.com\/product\/yoast-seo-wordpress\/ -->\n<title>I Want To But I Can&#039;t (Quiero y no puedo) (TV Series\/ Film) - Scenic\u00a0Rights<\/title>\n<meta name=\"robots\" content=\"index, follow, max-snippet:-1, max-image-preview:large, max-video-preview:-1\" \/>\n<link rel=\"canonical\" href=\"https:\/\/www.scenicrights.com\/en\/projects\/quiero-y-no-puedo\/\" \/>\n<meta property=\"og:locale\" content=\"en_US\" \/>\n<meta property=\"og:type\" content=\"article\" \/>\n<meta property=\"og:title\" content=\"I Want To But I Can&#039;t (Quiero y no puedo) (TV Series\/ Film) - Scenic\u00a0Rights\" \/>\n<meta property=\"og:url\" content=\"https:\/\/www.scenicrights.com\/en\/projects\/quiero-y-no-puedo\/\" \/>\n<meta property=\"og:site_name\" content=\"Scenic\u00a0Rights\" \/>\n<meta property=\"article:modified_time\" content=\"2026-03-03T15:30:44+00:00\" \/>\n<meta property=\"og:image\" content=\"https:\/\/www.scenicrights.com\/wp-content\/uploads\/2025\/09\/91h3Ft7M0L._UF10001000_QL80_.jpg\" \/>\n\t<meta property=\"og:image:width\" content=\"659\" \/>\n\t<meta property=\"og:image:height\" content=\"1000\" \/>\n\t<meta property=\"og:image:type\" content=\"image\/jpeg\" \/>\n<meta name=\"twitter:card\" content=\"summary_large_image\" \/>\n<script type=\"application\/ld+json\" class=\"yoast-schema-graph\">{\"@context\":\"https:\\\/\\\/schema.org\",\"@graph\":[{\"@type\":\"WebPage\",\"@id\":\"https:\\\/\\\/www.scenicrights.com\\\/en\\\/projects\\\/quiero-y-no-puedo\\\/\",\"url\":\"https:\\\/\\\/www.scenicrights.com\\\/en\\\/projects\\\/quiero-y-no-puedo\\\/\",\"name\":\"I Want To But I Can't (Quiero y no puedo) (TV Series\\\/ Film) - Scenic\u00a0Rights\",\"isPartOf\":{\"@id\":\"https:\\\/\\\/www.scenicrights.com\\\/en\\\/#website\"},\"primaryImageOfPage\":{\"@id\":\"https:\\\/\\\/www.scenicrights.com\\\/en\\\/projects\\\/quiero-y-no-puedo\\\/#primaryimage\"},\"image\":{\"@id\":\"https:\\\/\\\/www.scenicrights.com\\\/en\\\/projects\\\/quiero-y-no-puedo\\\/#primaryimage\"},\"thumbnailUrl\":\"https:\\\/\\\/www.scenicrights.com\\\/wp-content\\\/uploads\\\/2025\\\/09\\\/91h3Ft7M0L._UF10001000_QL80_.jpg\",\"datePublished\":\"2025-09-09T09:46:50+00:00\",\"dateModified\":\"2026-03-03T15:30:44+00:00\",\"breadcrumb\":{\"@id\":\"https:\\\/\\\/www.scenicrights.com\\\/en\\\/projects\\\/quiero-y-no-puedo\\\/#breadcrumb\"},\"inLanguage\":\"en-US\",\"potentialAction\":[{\"@type\":\"ReadAction\",\"target\":[\"https:\\\/\\\/www.scenicrights.com\\\/en\\\/projects\\\/quiero-y-no-puedo\\\/\"]}]},{\"@type\":\"ImageObject\",\"inLanguage\":\"en-US\",\"@id\":\"https:\\\/\\\/www.scenicrights.com\\\/en\\\/projects\\\/quiero-y-no-puedo\\\/#primaryimage\",\"url\":\"https:\\\/\\\/www.scenicrights.com\\\/wp-content\\\/uploads\\\/2025\\\/09\\\/91h3Ft7M0L._UF10001000_QL80_.jpg\",\"contentUrl\":\"https:\\\/\\\/www.scenicrights.com\\\/wp-content\\\/uploads\\\/2025\\\/09\\\/91h3Ft7M0L._UF10001000_QL80_.jpg\",\"width\":659,\"height\":1000},{\"@type\":\"BreadcrumbList\",\"@id\":\"https:\\\/\\\/www.scenicrights.com\\\/en\\\/projects\\\/quiero-y-no-puedo\\\/#breadcrumb\",\"itemListElement\":[{\"@type\":\"ListItem\",\"position\":1,\"name\":\"Home\",\"item\":\"https:\\\/\\\/www.scenicrights.com\\\/en\\\/\"},{\"@type\":\"ListItem\",\"position\":2,\"name\":\"I Want To But I Can&#8217;t (Quiero y no puedo) (TV Series\\\/ Film)\"}]},{\"@type\":\"WebSite\",\"@id\":\"https:\\\/\\\/www.scenicrights.com\\\/en\\\/#website\",\"url\":\"https:\\\/\\\/www.scenicrights.com\\\/en\\\/\",\"name\":\"Scenic\u00a0Rights\",\"description\":\"\",\"publisher\":{\"@id\":\"https:\\\/\\\/www.scenicrights.com\\\/en\\\/#organization\"},\"potentialAction\":[{\"@type\":\"SearchAction\",\"target\":{\"@type\":\"EntryPoint\",\"urlTemplate\":\"https:\\\/\\\/www.scenicrights.com\\\/en\\\/?s={search_term_string}\"},\"query-input\":{\"@type\":\"PropertyValueSpecification\",\"valueRequired\":true,\"valueName\":\"search_term_string\"}}],\"inLanguage\":\"en-US\"},{\"@type\":\"Organization\",\"@id\":\"https:\\\/\\\/www.scenicrights.com\\\/en\\\/#organization\",\"name\":\"Scenic\u00a0Rights\",\"url\":\"https:\\\/\\\/www.scenicrights.com\\\/en\\\/\",\"logo\":{\"@type\":\"ImageObject\",\"inLanguage\":\"en-US\",\"@id\":\"https:\\\/\\\/www.scenicrights.com\\\/en\\\/#\\\/schema\\\/logo\\\/image\\\/\",\"url\":\"https:\\\/\\\/www.scenicrights.com\\\/wp-content\\\/uploads\\\/2023\\\/07\\\/logo-horizontal-web.png\",\"contentUrl\":\"https:\\\/\\\/www.scenicrights.com\\\/wp-content\\\/uploads\\\/2023\\\/07\\\/logo-horizontal-web.png\",\"width\":644,\"height\":225,\"caption\":\"Scenic\u00a0Rights\"},\"image\":{\"@id\":\"https:\\\/\\\/www.scenicrights.com\\\/en\\\/#\\\/schema\\\/logo\\\/image\\\/\"}}]}<\/script>\n<!-- \/ Yoast SEO plugin. -->","yoast_head_json":{"title":"I Want To But I Can't (Quiero y no puedo) (TV Series\/ Film) - Scenic\u00a0Rights","robots":{"index":"index","follow":"follow","max-snippet":"max-snippet:-1","max-image-preview":"max-image-preview:large","max-video-preview":"max-video-preview:-1"},"canonical":"https:\/\/www.scenicrights.com\/en\/projects\/quiero-y-no-puedo\/","og_locale":"en_US","og_type":"article","og_title":"I Want To But I Can't (Quiero y no puedo) (TV Series\/ Film) - Scenic\u00a0Rights","og_url":"https:\/\/www.scenicrights.com\/en\/projects\/quiero-y-no-puedo\/","og_site_name":"Scenic\u00a0Rights","article_modified_time":"2026-03-03T15:30:44+00:00","og_image":[{"width":659,"height":1000,"url":"https:\/\/www.scenicrights.com\/wp-content\/uploads\/2025\/09\/91h3Ft7M0L._UF10001000_QL80_.jpg","type":"image\/jpeg"}],"twitter_card":"summary_large_image","schema":{"@context":"https:\/\/schema.org","@graph":[{"@type":"WebPage","@id":"https:\/\/www.scenicrights.com\/en\/projects\/quiero-y-no-puedo\/","url":"https:\/\/www.scenicrights.com\/en\/projects\/quiero-y-no-puedo\/","name":"I Want To But I Can't (Quiero y no puedo) (TV Series\/ Film) - Scenic\u00a0Rights","isPartOf":{"@id":"https:\/\/www.scenicrights.com\/en\/#website"},"primaryImageOfPage":{"@id":"https:\/\/www.scenicrights.com\/en\/projects\/quiero-y-no-puedo\/#primaryimage"},"image":{"@id":"https:\/\/www.scenicrights.com\/en\/projects\/quiero-y-no-puedo\/#primaryimage"},"thumbnailUrl":"https:\/\/www.scenicrights.com\/wp-content\/uploads\/2025\/09\/91h3Ft7M0L._UF10001000_QL80_.jpg","datePublished":"2025-09-09T09:46:50+00:00","dateModified":"2026-03-03T15:30:44+00:00","breadcrumb":{"@id":"https:\/\/www.scenicrights.com\/en\/projects\/quiero-y-no-puedo\/#breadcrumb"},"inLanguage":"en-US","potentialAction":[{"@type":"ReadAction","target":["https:\/\/www.scenicrights.com\/en\/projects\/quiero-y-no-puedo\/"]}]},{"@type":"ImageObject","inLanguage":"en-US","@id":"https:\/\/www.scenicrights.com\/en\/projects\/quiero-y-no-puedo\/#primaryimage","url":"https:\/\/www.scenicrights.com\/wp-content\/uploads\/2025\/09\/91h3Ft7M0L._UF10001000_QL80_.jpg","contentUrl":"https:\/\/www.scenicrights.com\/wp-content\/uploads\/2025\/09\/91h3Ft7M0L._UF10001000_QL80_.jpg","width":659,"height":1000},{"@type":"BreadcrumbList","@id":"https:\/\/www.scenicrights.com\/en\/projects\/quiero-y-no-puedo\/#breadcrumb","itemListElement":[{"@type":"ListItem","position":1,"name":"Home","item":"https:\/\/www.scenicrights.com\/en\/"},{"@type":"ListItem","position":2,"name":"I Want To But I Can&#8217;t (Quiero y no puedo) (TV Series\/ Film)"}]},{"@type":"WebSite","@id":"https:\/\/www.scenicrights.com\/en\/#website","url":"https:\/\/www.scenicrights.com\/en\/","name":"Scenic\u00a0Rights","description":"","publisher":{"@id":"https:\/\/www.scenicrights.com\/en\/#organization"},"potentialAction":[{"@type":"SearchAction","target":{"@type":"EntryPoint","urlTemplate":"https:\/\/www.scenicrights.com\/en\/?s={search_term_string}"},"query-input":{"@type":"PropertyValueSpecification","valueRequired":true,"valueName":"search_term_string"}}],"inLanguage":"en-US"},{"@type":"Organization","@id":"https:\/\/www.scenicrights.com\/en\/#organization","name":"Scenic\u00a0Rights","url":"https:\/\/www.scenicrights.com\/en\/","logo":{"@type":"ImageObject","inLanguage":"en-US","@id":"https:\/\/www.scenicrights.com\/en\/#\/schema\/logo\/image\/","url":"https:\/\/www.scenicrights.com\/wp-content\/uploads\/2023\/07\/logo-horizontal-web.png","contentUrl":"https:\/\/www.scenicrights.com\/wp-content\/uploads\/2023\/07\/logo-horizontal-web.png","width":644,"height":225,"caption":"Scenic\u00a0Rights"},"image":{"@id":"https:\/\/www.scenicrights.com\/en\/#\/schema\/logo\/image\/"}}]}},"_links":{"self":[{"href":"https:\/\/www.scenicrights.com\/en\/wp-json\/wp\/v2\/articulo\/28450","targetHints":{"allow":["GET"]}}],"collection":[{"href":"https:\/\/www.scenicrights.com\/en\/wp-json\/wp\/v2\/articulo"}],"about":[{"href":"https:\/\/www.scenicrights.com\/en\/wp-json\/wp\/v2\/types\/articulo"}],"acf:post":[{"embeddable":true,"href":"https:\/\/www.scenicrights.com\/en\/wp-json\/wp\/v2\/autor\/28744"}],"acf:term":[{"embeddable":true,"taxonomy":"licencia","href":"https:\/\/www.scenicrights.com\/en\/wp-json\/wp\/v2\/licencia\/17"},{"embeddable":true,"taxonomy":"produccion","href":"https:\/\/www.scenicrights.com\/en\/wp-json\/wp\/v2\/produccion\/14"},{"embeddable":true,"taxonomy":"art_tag","href":"https:\/\/www.scenicrights.com\/en\/wp-json\/wp\/v2\/art_tag\/1327"},{"embeddable":true,"taxonomy":"art_tag","href":"https:\/\/www.scenicrights.com\/en\/wp-json\/wp\/v2\/art_tag\/1346"},{"embeddable":true,"taxonomy":"art_tag","href":"https:\/\/www.scenicrights.com\/en\/wp-json\/wp\/v2\/art_tag\/1152"},{"embeddable":true,"taxonomy":"art_tag","href":"https:\/\/www.scenicrights.com\/en\/wp-json\/wp\/v2\/art_tag\/1110"},{"embeddable":true,"taxonomy":"art_tag","href":"https:\/\/www.scenicrights.com\/en\/wp-json\/wp\/v2\/art_tag\/1074"},{"embeddable":true,"taxonomy":"art_tag","href":"https:\/\/www.scenicrights.com\/en\/wp-json\/wp\/v2\/art_tag\/1054"},{"embeddable":true,"taxonomy":"art_tag","href":"https:\/\/www.scenicrights.com\/en\/wp-json\/wp\/v2\/art_tag\/1024"},{"embeddable":true,"taxonomy":"art_tag","href":"https:\/\/www.scenicrights.com\/en\/wp-json\/wp\/v2\/art_tag\/874"},{"embeddable":true,"taxonomy":"art_tag","href":"https:\/\/www.scenicrights.com\/en\/wp-json\/wp\/v2\/art_tag\/826"},{"embeddable":true,"taxonomy":"art_tag","href":"https:\/\/www.scenicrights.com\/en\/wp-json\/wp\/v2\/art_tag\/818"},{"embeddable":true,"taxonomy":"art_tag","href":"https:\/\/www.scenicrights.com\/en\/wp-json\/wp\/v2\/art_tag\/804"},{"embeddable":true,"taxonomy":"art_tag","href":"https:\/\/www.scenicrights.com\/en\/wp-json\/wp\/v2\/art_tag\/748"},{"embeddable":true,"taxonomy":"art_tag","href":"https:\/\/www.scenicrights.com\/en\/wp-json\/wp\/v2\/art_tag\/747"},{"embeddable":true,"taxonomy":"art_tag","href":"https:\/\/www.scenicrights.com\/en\/wp-json\/wp\/v2\/art_tag\/746"},{"embeddable":true,"taxonomy":"art_tag","href":"https:\/\/www.scenicrights.com\/en\/wp-json\/wp\/v2\/art_tag\/745"},{"embeddable":true,"taxonomy":"art_tag","href":"https:\/\/www.scenicrights.com\/en\/wp-json\/wp\/v2\/art_tag\/744"},{"embeddable":true,"taxonomy":"art_tag","href":"https:\/\/www.scenicrights.com\/en\/wp-json\/wp\/v2\/art_tag\/741"},{"embeddable":true,"taxonomy":"tipo","href":"https:\/\/www.scenicrights.com\/en\/wp-json\/wp\/v2\/tipo\/5"},{"embeddable":true,"taxonomy":"genero","href":"https:\/\/www.scenicrights.com\/en\/wp-json\/wp\/v2\/genero\/1421"}],"wp:featuredmedia":[{"embeddable":true,"href":"https:\/\/www.scenicrights.com\/en\/wp-json\/wp\/v2\/media\/28448"}],"wp:attachment":[{"href":"https:\/\/www.scenicrights.com\/en\/wp-json\/wp\/v2\/media?parent=28450"}],"wp:term":[{"taxonomy":"art_tag","embeddable":true,"href":"https:\/\/www.scenicrights.com\/en\/wp-json\/wp\/v2\/art_tag?post=28450"},{"taxonomy":"genero","embeddable":true,"href":"https:\/\/www.scenicrights.com\/en\/wp-json\/wp\/v2\/genero?post=28450"},{"taxonomy":"licencia","embeddable":true,"href":"https:\/\/www.scenicrights.com\/en\/wp-json\/wp\/v2\/licencia?post=28450"},{"taxonomy":"localizacion","embeddable":true,"href":"https:\/\/www.scenicrights.com\/en\/wp-json\/wp\/v2\/localizacion?post=28450"},{"taxonomy":"produccion","embeddable":true,"href":"https:\/\/www.scenicrights.com\/en\/wp-json\/wp\/v2\/produccion?post=28450"},{"taxonomy":"subgenero","embeddable":true,"href":"https:\/\/www.scenicrights.com\/en\/wp-json\/wp\/v2\/subgenero?post=28450"},{"taxonomy":"tipo","embeddable":true,"href":"https:\/\/www.scenicrights.com\/en\/wp-json\/wp\/v2\/tipo?post=28450"}],"curies":[{"name":"wp","href":"https:\/\/api.w.org\/{rel}","templated":true}]}}