{"id":17322,"date":"2023-09-13T10:57:37","date_gmt":"2023-09-13T10:57:37","guid":{"rendered":"https:\/\/pre.scenicrights.com\/projects\/caballos-de-mar\/"},"modified":"2024-05-31T00:08:48","modified_gmt":"2024-05-31T00:08:48","slug":"caballos-de-mar","status":"publish","type":"articulo","link":"https:\/\/www.scenicrights.com\/es\/projects\/caballos-de-mar\/","title":{"rendered":"Caballos de Mar"},"template":"","art_tag":[363,365,430,438,475,479],"genero":[7],"licencia":[17],"localizacion":[],"produccion":[],"subgenero":[68,74,1318],"tipo":[5],"class_list":["post-17322","articulo","type-articulo","status-publish","has-post-thumbnail","hentry","art_tag-amor","art_tag-amor-no-correspondido","art_tag-familia","art_tag-guerra-civil","art_tag-pasion","art_tag-politica","genero-drama","licencia-propia","subgenero-historico","subgenero-road-movie","subgenero-romance","tipo-proyecto"],"acf":{"generos_tax":[7],"subgeneros_tax":[68,1318,74],"tipo_tax":[5],"tags_tax":[363,365,430,438,479,475],"produccion_tax":false,"licencia_tax":17,"localizacion_tax":false,"articulo__titulo_extendido":"","articulo__extracto":"","articulo__contenido":"Los recuerdos de m\u00e1s\u00a0de treinta a\u00f1os pasan por la mente de\u00a0Ignasi\u00a0Delamo, Coronel de Sanidad del Ej\u00e9rcito de la Rep\u00fablica, antes de su \u00faltimo suspiro despu\u00e9s de ser herido. Son diversos fragmentos de la vida transcurrida alrededor de la casa \"Cavalls\u00a0de Mar\", desde que en 1907\u00a0Ignasi\u00a0Delamo\u00a0conoce a la arist\u00f3crata\u00a0Violaine\u00a0de quien estuvo plat\u00f3nicamente enamorado, como posteriormente de su hija. Durante treinta escenas, sin orden cronol\u00f3gico, conocemos su vida amorosa y la relaci\u00f3n con su familia y amigos, todo ello representado\u00a0como un fresco hist\u00f3rico de la ciudad de Valencia: el del inicio del desarrollo econ\u00f3mico y urbano del siglo XX y la Guerra Civil de 1936 a 1939.\r\n\r\n&nbsp;\r\n\r\n<strong>DATOS RELEVANTES<\/strong>: Ofrece la posibilidad de conocer los antecedentes de la Guerra Civil, que llevaron a esa lucha fratricida del pueblo espa\u00f1ol. El cine o la televisi\u00f3n no han desarrollado en profundidad y con calidad los antecedentes de la Guerra Civil. He aqu\u00ed una gran oportunidad.\r\n\r\nSirera fue\u00a0<strong>Premio Nacional de Teatro\u00a0de la Generalitat de Catalu\u00f1a<\/strong> y\u00a0tambi\u00e9n ha sido\u00a0<strong>Premio MAX de Teatro\u00a0<\/strong>dos veces.\r\n\r\n&nbsp;\r\n\r\n<strong>POTENCIAL FORMATO AUDIOVISUAL<\/strong>: Serie TV, Miniserie TV,\u00a0Film, TV Movie\r\n\r\n<strong>IDIOMAS DISPONIBLES:<\/strong> Espa\u00f1ol","articulo__autor":[874],"_thumbnail_id":25726,"articulo__featured_gallery":"","articulo__galeria_archivos":"","articulo__fecha_de_publicacion":"","articulo__idiomas":"","articulo__dossier":"","idarticle":361},"yoast_head":"<!-- This site is optimized with the Yoast SEO plugin v27.4 - https:\/\/yoast.com\/product\/yoast-seo-wordpress\/ -->\n<title>Caballos de Mar - Scenic\u00a0Rights<\/title>\n<meta name=\"robots\" content=\"index, follow, max-snippet:-1, max-image-preview:large, max-video-preview:-1\" \/>\n<link rel=\"canonical\" href=\"https:\/\/www.scenicrights.com\/es\/projects\/caballos-de-mar\/\" \/>\n<meta property=\"og:locale\" content=\"es_ES\" \/>\n<meta property=\"og:type\" content=\"article\" \/>\n<meta property=\"og:title\" content=\"Caballos de Mar - Scenic\u00a0Rights\" \/>\n<meta property=\"og:description\" content=\"Los recuerdos de m&aacute;s&nbsp;de treinta a&ntilde;os pasan por la mente de&nbsp;Ignasi&nbsp;Delamo, Coronel de Sanidad del Ej&eacute;rcito de la Rep&uacute;blica, antes de su &uacute;ltimo suspiro despu&eacute;s de [&hellip;]\" \/>\n<meta property=\"og:url\" content=\"https:\/\/www.scenicrights.com\/es\/projects\/caballos-de-mar\/\" \/>\n<meta property=\"og:site_name\" content=\"Scenic\u00a0Rights\" \/>\n<meta property=\"article:modified_time\" content=\"2024-05-31T00:08:48+00:00\" \/>\n<meta property=\"og:image\" content=\"https:\/\/www.scenicrights.com\/wp-content\/uploads\/2023\/09\/caballos-de-mar.jpeg\" \/>\n\t<meta property=\"og:image:width\" content=\"629\" \/>\n\t<meta property=\"og:image:height\" content=\"1000\" \/>\n\t<meta property=\"og:image:type\" content=\"image\/jpeg\" \/>\n<meta name=\"twitter:card\" content=\"summary_large_image\" \/>\n<script type=\"application\/ld+json\" class=\"yoast-schema-graph\">{\"@context\":\"https:\\\/\\\/schema.org\",\"@graph\":[{\"@type\":\"WebPage\",\"@id\":\"https:\\\/\\\/www.scenicrights.com\\\/es\\\/projects\\\/caballos-de-mar\\\/\",\"url\":\"https:\\\/\\\/www.scenicrights.com\\\/es\\\/projects\\\/caballos-de-mar\\\/\",\"name\":\"Caballos de Mar - Scenic\u00a0Rights\",\"isPartOf\":{\"@id\":\"https:\\\/\\\/www.scenicrights.com\\\/es\\\/#website\"},\"primaryImageOfPage\":{\"@id\":\"https:\\\/\\\/www.scenicrights.com\\\/es\\\/projects\\\/caballos-de-mar\\\/#primaryimage\"},\"image\":{\"@id\":\"https:\\\/\\\/www.scenicrights.com\\\/es\\\/projects\\\/caballos-de-mar\\\/#primaryimage\"},\"thumbnailUrl\":\"https:\\\/\\\/www.scenicrights.com\\\/wp-content\\\/uploads\\\/2023\\\/09\\\/caballos-de-mar.jpeg\",\"datePublished\":\"2023-09-13T10:57:37+00:00\",\"dateModified\":\"2024-05-31T00:08:48+00:00\",\"breadcrumb\":{\"@id\":\"https:\\\/\\\/www.scenicrights.com\\\/es\\\/projects\\\/caballos-de-mar\\\/#breadcrumb\"},\"inLanguage\":\"es\",\"potentialAction\":[{\"@type\":\"ReadAction\",\"target\":[\"https:\\\/\\\/www.scenicrights.com\\\/es\\\/projects\\\/caballos-de-mar\\\/\"]}]},{\"@type\":\"ImageObject\",\"inLanguage\":\"es\",\"@id\":\"https:\\\/\\\/www.scenicrights.com\\\/es\\\/projects\\\/caballos-de-mar\\\/#primaryimage\",\"url\":\"https:\\\/\\\/www.scenicrights.com\\\/wp-content\\\/uploads\\\/2023\\\/09\\\/caballos-de-mar.jpeg\",\"contentUrl\":\"https:\\\/\\\/www.scenicrights.com\\\/wp-content\\\/uploads\\\/2023\\\/09\\\/caballos-de-mar.jpeg\",\"width\":629,\"height\":1000},{\"@type\":\"BreadcrumbList\",\"@id\":\"https:\\\/\\\/www.scenicrights.com\\\/es\\\/projects\\\/caballos-de-mar\\\/#breadcrumb\",\"itemListElement\":[{\"@type\":\"ListItem\",\"position\":1,\"name\":\"Home\",\"item\":\"https:\\\/\\\/www.scenicrights.com\\\/es\\\/\"},{\"@type\":\"ListItem\",\"position\":2,\"name\":\"Caballos de Mar\"}]},{\"@type\":\"WebSite\",\"@id\":\"https:\\\/\\\/www.scenicrights.com\\\/es\\\/#website\",\"url\":\"https:\\\/\\\/www.scenicrights.com\\\/es\\\/\",\"name\":\"Scenic\u00a0Rights\",\"description\":\"\",\"publisher\":{\"@id\":\"https:\\\/\\\/www.scenicrights.com\\\/es\\\/#organization\"},\"potentialAction\":[{\"@type\":\"SearchAction\",\"target\":{\"@type\":\"EntryPoint\",\"urlTemplate\":\"https:\\\/\\\/www.scenicrights.com\\\/es\\\/?s={search_term_string}\"},\"query-input\":{\"@type\":\"PropertyValueSpecification\",\"valueRequired\":true,\"valueName\":\"search_term_string\"}}],\"inLanguage\":\"es\"},{\"@type\":\"Organization\",\"@id\":\"https:\\\/\\\/www.scenicrights.com\\\/es\\\/#organization\",\"name\":\"Scenic\u00a0Rights\",\"url\":\"https:\\\/\\\/www.scenicrights.com\\\/es\\\/\",\"logo\":{\"@type\":\"ImageObject\",\"inLanguage\":\"es\",\"@id\":\"https:\\\/\\\/www.scenicrights.com\\\/es\\\/#\\\/schema\\\/logo\\\/image\\\/\",\"url\":\"https:\\\/\\\/www.scenicrights.com\\\/wp-content\\\/uploads\\\/2023\\\/07\\\/logo-horizontal-web.png\",\"contentUrl\":\"https:\\\/\\\/www.scenicrights.com\\\/wp-content\\\/uploads\\\/2023\\\/07\\\/logo-horizontal-web.png\",\"width\":644,\"height\":225,\"caption\":\"Scenic\u00a0Rights\"},\"image\":{\"@id\":\"https:\\\/\\\/www.scenicrights.com\\\/es\\\/#\\\/schema\\\/logo\\\/image\\\/\"}}]}<\/script>\n<!-- \/ Yoast SEO plugin. -->","yoast_head_json":{"title":"Caballos de Mar - Scenic\u00a0Rights","robots":{"index":"index","follow":"follow","max-snippet":"max-snippet:-1","max-image-preview":"max-image-preview:large","max-video-preview":"max-video-preview:-1"},"canonical":"https:\/\/www.scenicrights.com\/es\/projects\/caballos-de-mar\/","og_locale":"es_ES","og_type":"article","og_title":"Caballos de Mar - Scenic\u00a0Rights","og_description":"Los recuerdos de m&aacute;s&nbsp;de treinta a&ntilde;os pasan por la mente de&nbsp;Ignasi&nbsp;Delamo, Coronel de Sanidad del Ej&eacute;rcito de la Rep&uacute;blica, antes de su &uacute;ltimo suspiro despu&eacute;s de [&hellip;]","og_url":"https:\/\/www.scenicrights.com\/es\/projects\/caballos-de-mar\/","og_site_name":"Scenic\u00a0Rights","article_modified_time":"2024-05-31T00:08:48+00:00","og_image":[{"width":629,"height":1000,"url":"https:\/\/www.scenicrights.com\/wp-content\/uploads\/2023\/09\/caballos-de-mar.jpeg","type":"image\/jpeg"}],"twitter_card":"summary_large_image","schema":{"@context":"https:\/\/schema.org","@graph":[{"@type":"WebPage","@id":"https:\/\/www.scenicrights.com\/es\/projects\/caballos-de-mar\/","url":"https:\/\/www.scenicrights.com\/es\/projects\/caballos-de-mar\/","name":"Caballos de Mar - Scenic\u00a0Rights","isPartOf":{"@id":"https:\/\/www.scenicrights.com\/es\/#website"},"primaryImageOfPage":{"@id":"https:\/\/www.scenicrights.com\/es\/projects\/caballos-de-mar\/#primaryimage"},"image":{"@id":"https:\/\/www.scenicrights.com\/es\/projects\/caballos-de-mar\/#primaryimage"},"thumbnailUrl":"https:\/\/www.scenicrights.com\/wp-content\/uploads\/2023\/09\/caballos-de-mar.jpeg","datePublished":"2023-09-13T10:57:37+00:00","dateModified":"2024-05-31T00:08:48+00:00","breadcrumb":{"@id":"https:\/\/www.scenicrights.com\/es\/projects\/caballos-de-mar\/#breadcrumb"},"inLanguage":"es","potentialAction":[{"@type":"ReadAction","target":["https:\/\/www.scenicrights.com\/es\/projects\/caballos-de-mar\/"]}]},{"@type":"ImageObject","inLanguage":"es","@id":"https:\/\/www.scenicrights.com\/es\/projects\/caballos-de-mar\/#primaryimage","url":"https:\/\/www.scenicrights.com\/wp-content\/uploads\/2023\/09\/caballos-de-mar.jpeg","contentUrl":"https:\/\/www.scenicrights.com\/wp-content\/uploads\/2023\/09\/caballos-de-mar.jpeg","width":629,"height":1000},{"@type":"BreadcrumbList","@id":"https:\/\/www.scenicrights.com\/es\/projects\/caballos-de-mar\/#breadcrumb","itemListElement":[{"@type":"ListItem","position":1,"name":"Home","item":"https:\/\/www.scenicrights.com\/es\/"},{"@type":"ListItem","position":2,"name":"Caballos de Mar"}]},{"@type":"WebSite","@id":"https:\/\/www.scenicrights.com\/es\/#website","url":"https:\/\/www.scenicrights.com\/es\/","name":"Scenic\u00a0Rights","description":"","publisher":{"@id":"https:\/\/www.scenicrights.com\/es\/#organization"},"potentialAction":[{"@type":"SearchAction","target":{"@type":"EntryPoint","urlTemplate":"https:\/\/www.scenicrights.com\/es\/?s={search_term_string}"},"query-input":{"@type":"PropertyValueSpecification","valueRequired":true,"valueName":"search_term_string"}}],"inLanguage":"es"},{"@type":"Organization","@id":"https:\/\/www.scenicrights.com\/es\/#organization","name":"Scenic\u00a0Rights","url":"https:\/\/www.scenicrights.com\/es\/","logo":{"@type":"ImageObject","inLanguage":"es","@id":"https:\/\/www.scenicrights.com\/es\/#\/schema\/logo\/image\/","url":"https:\/\/www.scenicrights.com\/wp-content\/uploads\/2023\/07\/logo-horizontal-web.png","contentUrl":"https:\/\/www.scenicrights.com\/wp-content\/uploads\/2023\/07\/logo-horizontal-web.png","width":644,"height":225,"caption":"Scenic\u00a0Rights"},"image":{"@id":"https:\/\/www.scenicrights.com\/es\/#\/schema\/logo\/image\/"}}]}},"_links":{"self":[{"href":"https:\/\/www.scenicrights.com\/es\/wp-json\/wp\/v2\/articulo\/17322","targetHints":{"allow":["GET"]}}],"collection":[{"href":"https:\/\/www.scenicrights.com\/es\/wp-json\/wp\/v2\/articulo"}],"about":[{"href":"https:\/\/www.scenicrights.com\/es\/wp-json\/wp\/v2\/types\/articulo"}],"acf:post":[{"embeddable":true,"href":"https:\/\/www.scenicrights.com\/es\/wp-json\/wp\/v2\/autor\/874"}],"acf:term":[{"embeddable":true,"taxonomy":"licencia","href":"https:\/\/www.scenicrights.com\/es\/wp-json\/wp\/v2\/licencia\/17"},{"embeddable":true,"taxonomy":"art_tag","href":"https:\/\/www.scenicrights.com\/es\/wp-json\/wp\/v2\/art_tag\/475"},{"embeddable":true,"taxonomy":"art_tag","href":"https:\/\/www.scenicrights.com\/es\/wp-json\/wp\/v2\/art_tag\/479"},{"embeddable":true,"taxonomy":"art_tag","href":"https:\/\/www.scenicrights.com\/es\/wp-json\/wp\/v2\/art_tag\/438"},{"embeddable":true,"taxonomy":"art_tag","href":"https:\/\/www.scenicrights.com\/es\/wp-json\/wp\/v2\/art_tag\/430"},{"embeddable":true,"taxonomy":"art_tag","href":"https:\/\/www.scenicrights.com\/es\/wp-json\/wp\/v2\/art_tag\/365"},{"embeddable":true,"taxonomy":"art_tag","href":"https:\/\/www.scenicrights.com\/es\/wp-json\/wp\/v2\/art_tag\/363"},{"embeddable":true,"taxonomy":"tipo","href":"https:\/\/www.scenicrights.com\/es\/wp-json\/wp\/v2\/tipo\/5"},{"embeddable":true,"taxonomy":"subgenero","href":"https:\/\/www.scenicrights.com\/es\/wp-json\/wp\/v2\/subgenero\/74"},{"embeddable":true,"taxonomy":"subgenero","href":"https:\/\/www.scenicrights.com\/es\/wp-json\/wp\/v2\/subgenero\/1318"},{"embeddable":true,"taxonomy":"subgenero","href":"https:\/\/www.scenicrights.com\/es\/wp-json\/wp\/v2\/subgenero\/68"},{"embeddable":true,"taxonomy":"genero","href":"https:\/\/www.scenicrights.com\/es\/wp-json\/wp\/v2\/genero\/7"}],"wp:featuredmedia":[{"embeddable":true,"href":"https:\/\/www.scenicrights.com\/es\/wp-json\/wp\/v2\/media\/25726"}],"wp:attachment":[{"href":"https:\/\/www.scenicrights.com\/es\/wp-json\/wp\/v2\/media?parent=17322"}],"wp:term":[{"taxonomy":"art_tag","embeddable":true,"href":"https:\/\/www.scenicrights.com\/es\/wp-json\/wp\/v2\/art_tag?post=17322"},{"taxonomy":"genero","embeddable":true,"href":"https:\/\/www.scenicrights.com\/es\/wp-json\/wp\/v2\/genero?post=17322"},{"taxonomy":"licencia","embeddable":true,"href":"https:\/\/www.scenicrights.com\/es\/wp-json\/wp\/v2\/licencia?post=17322"},{"taxonomy":"localizacion","embeddable":true,"href":"https:\/\/www.scenicrights.com\/es\/wp-json\/wp\/v2\/localizacion?post=17322"},{"taxonomy":"produccion","embeddable":true,"href":"https:\/\/www.scenicrights.com\/es\/wp-json\/wp\/v2\/produccion?post=17322"},{"taxonomy":"subgenero","embeddable":true,"href":"https:\/\/www.scenicrights.com\/es\/wp-json\/wp\/v2\/subgenero?post=17322"},{"taxonomy":"tipo","embeddable":true,"href":"https:\/\/www.scenicrights.com\/es\/wp-json\/wp\/v2\/tipo?post=17322"}],"curies":[{"name":"wp","href":"https:\/\/api.w.org\/{rel}","templated":true}]}}