{"id":17359,"date":"2023-09-13T10:57:50","date_gmt":"2023-09-13T10:57:50","guid":{"rendered":"https:\/\/pre.scenicrights.com\/projects\/historia-de-una-escalera\/"},"modified":"2024-04-28T02:36:12","modified_gmt":"2024-04-28T02:36:12","slug":"historia-de-una-escalera","status":"publish","type":"articulo","link":"https:\/\/www.scenicrights.com\/es\/projects\/historia-de-una-escalera\/","title":{"rendered":"Historia de una escalera\u00a0"},"template":"","art_tag":[363,1244,430,496,522],"genero":[7],"licencia":[17],"localizacion":[],"produccion":[],"subgenero":[69,1318],"tipo":[5],"class_list":["post-17359","articulo","type-articulo","status-publish","has-post-thumbnail","hentry","art_tag-amor","art_tag-conflicto-generacional-2","art_tag-familia","art_tag-rivalidad","art_tag-triangulo-amoroso","genero-drama","licencia-propia","subgenero-melodrama","subgenero-romance","tipo-proyecto"],"acf":{"generos_tax":[7],"subgeneros_tax":[69,1318],"tipo_tax":[5],"tags_tax":[522,1244,430,496,363],"produccion_tax":false,"licencia_tax":17,"localizacion_tax":false,"articulo__titulo_extendido":"","articulo__extracto":"","articulo__contenido":"<p style=\"text-align: right;\"><em><strong>\u00a1Los Capuleto y los Montesco son vecinos!<\/strong><\/em><\/p>\r\nLa acci\u00f3n de esta obra tiene como centro\u00a0una casa de vecinos\u00a0habitada por\u00a0modestos trabajadores, excepto Elvira y su padre, de mejor posici\u00f3n social. Elvira quiere\u00a0casarse con Fernando, pero \u00e9ste ama a Carmina y es correspondido. Otro de los vecinos, Urbano, tambi\u00e9n ama a Carmina. El desarrollo de la trama lleva a que Fernando se case con Elvira, y Carmina con Urbano. El tri\u00e1ngulo amoroso entre Fernando, Carmina y Urbano no desaparecer\u00e1 con el tiempo y provocar\u00e1 continuos enfrentamientos entre las dos parejas. Al cabo de los a\u00f1os\u00a0este conflicto se reproducir\u00e1 en la generaci\u00f3n de sus hijos, quienes, frente a la rivalidad de las familias, tendr\u00e1n que luchar por su amor.\r\n\r\n&nbsp;\r\n\r\n<strong>DATOS RELEVANTES:<\/strong>\u00a0Este drama se ha llevado con \u00e9xito a la Televisi\u00f3n y al Cine, y al Teatro en m\u00e1s de 20 pa\u00edses, llegando hasta Jap\u00f3n.\u00a0La obra cruza las historias de amor de dos familias en dos generaciones que siempre han sido vecinas en el mismo edificio; unos Montesco y Capuleto contempor\u00e1neos. Es una obra muy rica en personajes y subtramas. La trama principal se construye sobre dos tri\u00e1ngulos amorosos: dos hombres pretenden a una misma mujer y dos mujeres quieren al mismo hombre. <em>Historia de una escalera<\/em> puede considerarse, desde el punto de vista narrativo, un precedente de series de casa de vecindad como \"Aqu\u00ed no hay quien viva\", \"Cu\u00e9ntame c\u00f3mo pas\u00f3\" y \"Amar en tiempos revueltos\".\r\n\r\nBuero\u00a0Vallejo\u00a0es el gran autor\u00a0teatral\u00a0del siglo XX.\u00a0Gan\u00f3 el\u00a0<strong>Premio Cervantes<\/strong>\u00a0(1986) y el\u00a0<strong>Premio Nacional de las Letras Espa\u00f1olas<\/strong>\u00a0(1996). Adem\u00e1s, ha recibido en cuatro ocasiones el\u00a0<strong>Premio Nacional de Teatro<\/strong>\u00a0y tambi\u00e9n el\u00a0<strong>Premio Max de Honor<\/strong>, entre otras muchas distinciones.\r\n\r\n&nbsp;\r\n\r\n<span style=\"line-height: 20.8px;\"><strong>POTENCIAL AUDIOVISUAL:<\/strong> Serie TV, Miniserie, Film, TV Movie.<\/span>\r\n\r\n<span style=\"line-height: 20.8px;\"><strong>IDIOMAS DISPONIBLES<\/strong>: Espa\u00f1ol, ingl\u00e9s, alem\u00e1n, franc\u00e9s, \u00e1rabe, turco, italiano.<\/span>","articulo__autor":[882],"_thumbnail_id":4453,"articulo__featured_gallery":"","articulo__galeria_archivos":"","articulo__fecha_de_publicacion":"","articulo__idiomas":"","articulo__dossier":4456,"idarticle":398},"yoast_head":"<!-- This site is optimized with the Yoast SEO plugin v27.5 - https:\/\/yoast.com\/product\/yoast-seo-wordpress\/ -->\n<title>Historia de una escalera\u00a0 - Scenic\u00a0Rights<\/title>\n<meta name=\"robots\" content=\"index, follow, max-snippet:-1, max-image-preview:large, max-video-preview:-1\" \/>\n<link rel=\"canonical\" href=\"https:\/\/www.scenicrights.com\/es\/projects\/historia-de-una-escalera\/\" \/>\n<meta property=\"og:locale\" content=\"es_ES\" \/>\n<meta property=\"og:type\" content=\"article\" \/>\n<meta property=\"og:title\" content=\"Historia de una escalera\u00a0 - Scenic\u00a0Rights\" \/>\n<meta property=\"og:description\" content=\"&iexcl;Los Capuleto y los Montesco son vecinos! La acci&oacute;n de esta obra tiene como centro&nbsp;una casa de vecinos&nbsp;habitada por&nbsp;modestos trabajadores, excepto Elvira y su padre, de [&hellip;]\" \/>\n<meta property=\"og:url\" content=\"https:\/\/www.scenicrights.com\/es\/projects\/historia-de-una-escalera\/\" \/>\n<meta property=\"og:site_name\" content=\"Scenic\u00a0Rights\" \/>\n<meta property=\"article:modified_time\" content=\"2024-04-28T02:36:12+00:00\" \/>\n<meta property=\"og:image\" content=\"https:\/\/www.scenicrights.com\/wp-content\/uploads\/2023\/09\/wLL7hcawE6p9DnRso2kOQ.jpg\" \/>\n\t<meta property=\"og:image:width\" content=\"1312\" \/>\n\t<meta property=\"og:image:height\" content=\"2000\" \/>\n\t<meta property=\"og:image:type\" content=\"image\/jpeg\" \/>\n<meta name=\"twitter:card\" content=\"summary_large_image\" \/>\n<script type=\"application\/ld+json\" class=\"yoast-schema-graph\">{\"@context\":\"https:\\\/\\\/schema.org\",\"@graph\":[{\"@type\":\"WebPage\",\"@id\":\"https:\\\/\\\/www.scenicrights.com\\\/es\\\/projects\\\/historia-de-una-escalera\\\/\",\"url\":\"https:\\\/\\\/www.scenicrights.com\\\/es\\\/projects\\\/historia-de-una-escalera\\\/\",\"name\":\"Historia de una escalera\u00a0 - Scenic\u00a0Rights\",\"isPartOf\":{\"@id\":\"https:\\\/\\\/www.scenicrights.com\\\/es\\\/#website\"},\"primaryImageOfPage\":{\"@id\":\"https:\\\/\\\/www.scenicrights.com\\\/es\\\/projects\\\/historia-de-una-escalera\\\/#primaryimage\"},\"image\":{\"@id\":\"https:\\\/\\\/www.scenicrights.com\\\/es\\\/projects\\\/historia-de-una-escalera\\\/#primaryimage\"},\"thumbnailUrl\":\"https:\\\/\\\/www.scenicrights.com\\\/wp-content\\\/uploads\\\/2023\\\/09\\\/wLL7hcawE6p9DnRso2kOQ.jpg\",\"datePublished\":\"2023-09-13T10:57:50+00:00\",\"dateModified\":\"2024-04-28T02:36:12+00:00\",\"breadcrumb\":{\"@id\":\"https:\\\/\\\/www.scenicrights.com\\\/es\\\/projects\\\/historia-de-una-escalera\\\/#breadcrumb\"},\"inLanguage\":\"es\",\"potentialAction\":[{\"@type\":\"ReadAction\",\"target\":[\"https:\\\/\\\/www.scenicrights.com\\\/es\\\/projects\\\/historia-de-una-escalera\\\/\"]}]},{\"@type\":\"ImageObject\",\"inLanguage\":\"es\",\"@id\":\"https:\\\/\\\/www.scenicrights.com\\\/es\\\/projects\\\/historia-de-una-escalera\\\/#primaryimage\",\"url\":\"https:\\\/\\\/www.scenicrights.com\\\/wp-content\\\/uploads\\\/2023\\\/09\\\/wLL7hcawE6p9DnRso2kOQ.jpg\",\"contentUrl\":\"https:\\\/\\\/www.scenicrights.com\\\/wp-content\\\/uploads\\\/2023\\\/09\\\/wLL7hcawE6p9DnRso2kOQ.jpg\",\"width\":1312,\"height\":2000},{\"@type\":\"BreadcrumbList\",\"@id\":\"https:\\\/\\\/www.scenicrights.com\\\/es\\\/projects\\\/historia-de-una-escalera\\\/#breadcrumb\",\"itemListElement\":[{\"@type\":\"ListItem\",\"position\":1,\"name\":\"Home\",\"item\":\"https:\\\/\\\/www.scenicrights.com\\\/es\\\/\"},{\"@type\":\"ListItem\",\"position\":2,\"name\":\"Historia de una escalera\u00a0\"}]},{\"@type\":\"WebSite\",\"@id\":\"https:\\\/\\\/www.scenicrights.com\\\/es\\\/#website\",\"url\":\"https:\\\/\\\/www.scenicrights.com\\\/es\\\/\",\"name\":\"Scenic\u00a0Rights\",\"description\":\"\",\"publisher\":{\"@id\":\"https:\\\/\\\/www.scenicrights.com\\\/es\\\/#organization\"},\"potentialAction\":[{\"@type\":\"SearchAction\",\"target\":{\"@type\":\"EntryPoint\",\"urlTemplate\":\"https:\\\/\\\/www.scenicrights.com\\\/es\\\/?s={search_term_string}\"},\"query-input\":{\"@type\":\"PropertyValueSpecification\",\"valueRequired\":true,\"valueName\":\"search_term_string\"}}],\"inLanguage\":\"es\"},{\"@type\":\"Organization\",\"@id\":\"https:\\\/\\\/www.scenicrights.com\\\/es\\\/#organization\",\"name\":\"Scenic\u00a0Rights\",\"url\":\"https:\\\/\\\/www.scenicrights.com\\\/es\\\/\",\"logo\":{\"@type\":\"ImageObject\",\"inLanguage\":\"es\",\"@id\":\"https:\\\/\\\/www.scenicrights.com\\\/es\\\/#\\\/schema\\\/logo\\\/image\\\/\",\"url\":\"https:\\\/\\\/www.scenicrights.com\\\/wp-content\\\/uploads\\\/2023\\\/07\\\/logo-horizontal-web.png\",\"contentUrl\":\"https:\\\/\\\/www.scenicrights.com\\\/wp-content\\\/uploads\\\/2023\\\/07\\\/logo-horizontal-web.png\",\"width\":644,\"height\":225,\"caption\":\"Scenic\u00a0Rights\"},\"image\":{\"@id\":\"https:\\\/\\\/www.scenicrights.com\\\/es\\\/#\\\/schema\\\/logo\\\/image\\\/\"}}]}<\/script>\n<!-- \/ Yoast SEO plugin. -->","yoast_head_json":{"title":"Historia de una escalera\u00a0 - Scenic\u00a0Rights","robots":{"index":"index","follow":"follow","max-snippet":"max-snippet:-1","max-image-preview":"max-image-preview:large","max-video-preview":"max-video-preview:-1"},"canonical":"https:\/\/www.scenicrights.com\/es\/projects\/historia-de-una-escalera\/","og_locale":"es_ES","og_type":"article","og_title":"Historia de una escalera\u00a0 - Scenic\u00a0Rights","og_description":"&iexcl;Los Capuleto y los Montesco son vecinos! La acci&oacute;n de esta obra tiene como centro&nbsp;una casa de vecinos&nbsp;habitada por&nbsp;modestos trabajadores, excepto Elvira y su padre, de [&hellip;]","og_url":"https:\/\/www.scenicrights.com\/es\/projects\/historia-de-una-escalera\/","og_site_name":"Scenic\u00a0Rights","article_modified_time":"2024-04-28T02:36:12+00:00","og_image":[{"width":1312,"height":2000,"url":"https:\/\/www.scenicrights.com\/wp-content\/uploads\/2023\/09\/wLL7hcawE6p9DnRso2kOQ.jpg","type":"image\/jpeg"}],"twitter_card":"summary_large_image","schema":{"@context":"https:\/\/schema.org","@graph":[{"@type":"WebPage","@id":"https:\/\/www.scenicrights.com\/es\/projects\/historia-de-una-escalera\/","url":"https:\/\/www.scenicrights.com\/es\/projects\/historia-de-una-escalera\/","name":"Historia de una escalera\u00a0 - Scenic\u00a0Rights","isPartOf":{"@id":"https:\/\/www.scenicrights.com\/es\/#website"},"primaryImageOfPage":{"@id":"https:\/\/www.scenicrights.com\/es\/projects\/historia-de-una-escalera\/#primaryimage"},"image":{"@id":"https:\/\/www.scenicrights.com\/es\/projects\/historia-de-una-escalera\/#primaryimage"},"thumbnailUrl":"https:\/\/www.scenicrights.com\/wp-content\/uploads\/2023\/09\/wLL7hcawE6p9DnRso2kOQ.jpg","datePublished":"2023-09-13T10:57:50+00:00","dateModified":"2024-04-28T02:36:12+00:00","breadcrumb":{"@id":"https:\/\/www.scenicrights.com\/es\/projects\/historia-de-una-escalera\/#breadcrumb"},"inLanguage":"es","potentialAction":[{"@type":"ReadAction","target":["https:\/\/www.scenicrights.com\/es\/projects\/historia-de-una-escalera\/"]}]},{"@type":"ImageObject","inLanguage":"es","@id":"https:\/\/www.scenicrights.com\/es\/projects\/historia-de-una-escalera\/#primaryimage","url":"https:\/\/www.scenicrights.com\/wp-content\/uploads\/2023\/09\/wLL7hcawE6p9DnRso2kOQ.jpg","contentUrl":"https:\/\/www.scenicrights.com\/wp-content\/uploads\/2023\/09\/wLL7hcawE6p9DnRso2kOQ.jpg","width":1312,"height":2000},{"@type":"BreadcrumbList","@id":"https:\/\/www.scenicrights.com\/es\/projects\/historia-de-una-escalera\/#breadcrumb","itemListElement":[{"@type":"ListItem","position":1,"name":"Home","item":"https:\/\/www.scenicrights.com\/es\/"},{"@type":"ListItem","position":2,"name":"Historia de una escalera\u00a0"}]},{"@type":"WebSite","@id":"https:\/\/www.scenicrights.com\/es\/#website","url":"https:\/\/www.scenicrights.com\/es\/","name":"Scenic\u00a0Rights","description":"","publisher":{"@id":"https:\/\/www.scenicrights.com\/es\/#organization"},"potentialAction":[{"@type":"SearchAction","target":{"@type":"EntryPoint","urlTemplate":"https:\/\/www.scenicrights.com\/es\/?s={search_term_string}"},"query-input":{"@type":"PropertyValueSpecification","valueRequired":true,"valueName":"search_term_string"}}],"inLanguage":"es"},{"@type":"Organization","@id":"https:\/\/www.scenicrights.com\/es\/#organization","name":"Scenic\u00a0Rights","url":"https:\/\/www.scenicrights.com\/es\/","logo":{"@type":"ImageObject","inLanguage":"es","@id":"https:\/\/www.scenicrights.com\/es\/#\/schema\/logo\/image\/","url":"https:\/\/www.scenicrights.com\/wp-content\/uploads\/2023\/07\/logo-horizontal-web.png","contentUrl":"https:\/\/www.scenicrights.com\/wp-content\/uploads\/2023\/07\/logo-horizontal-web.png","width":644,"height":225,"caption":"Scenic\u00a0Rights"},"image":{"@id":"https:\/\/www.scenicrights.com\/es\/#\/schema\/logo\/image\/"}}]}},"_links":{"self":[{"href":"https:\/\/www.scenicrights.com\/es\/wp-json\/wp\/v2\/articulo\/17359","targetHints":{"allow":["GET"]}}],"collection":[{"href":"https:\/\/www.scenicrights.com\/es\/wp-json\/wp\/v2\/articulo"}],"about":[{"href":"https:\/\/www.scenicrights.com\/es\/wp-json\/wp\/v2\/types\/articulo"}],"acf:post":[{"embeddable":true,"href":"https:\/\/www.scenicrights.com\/es\/wp-json\/wp\/v2\/autor\/882"}],"acf:term":[{"embeddable":true,"taxonomy":"licencia","href":"https:\/\/www.scenicrights.com\/es\/wp-json\/wp\/v2\/licencia\/17"},{"embeddable":true,"taxonomy":"art_tag","href":"https:\/\/www.scenicrights.com\/es\/wp-json\/wp\/v2\/art_tag\/363"},{"embeddable":true,"taxonomy":"art_tag","href":"https:\/\/www.scenicrights.com\/es\/wp-json\/wp\/v2\/art_tag\/496"},{"embeddable":true,"taxonomy":"art_tag","href":"https:\/\/www.scenicrights.com\/es\/wp-json\/wp\/v2\/art_tag\/430"},{"embeddable":true,"taxonomy":"art_tag","href":"https:\/\/www.scenicrights.com\/es\/wp-json\/wp\/v2\/art_tag\/1244"},{"embeddable":true,"taxonomy":"art_tag","href":"https:\/\/www.scenicrights.com\/es\/wp-json\/wp\/v2\/art_tag\/522"},{"embeddable":true,"taxonomy":"tipo","href":"https:\/\/www.scenicrights.com\/es\/wp-json\/wp\/v2\/tipo\/5"},{"embeddable":true,"taxonomy":"subgenero","href":"https:\/\/www.scenicrights.com\/es\/wp-json\/wp\/v2\/subgenero\/1318"},{"embeddable":true,"taxonomy":"subgenero","href":"https:\/\/www.scenicrights.com\/es\/wp-json\/wp\/v2\/subgenero\/69"},{"embeddable":true,"taxonomy":"genero","href":"https:\/\/www.scenicrights.com\/es\/wp-json\/wp\/v2\/genero\/7"}],"wp:featuredmedia":[{"embeddable":true,"href":"https:\/\/www.scenicrights.com\/es\/wp-json\/wp\/v2\/media\/4453"}],"wp:attachment":[{"href":"https:\/\/www.scenicrights.com\/es\/wp-json\/wp\/v2\/media?parent=17359"}],"wp:term":[{"taxonomy":"art_tag","embeddable":true,"href":"https:\/\/www.scenicrights.com\/es\/wp-json\/wp\/v2\/art_tag?post=17359"},{"taxonomy":"genero","embeddable":true,"href":"https:\/\/www.scenicrights.com\/es\/wp-json\/wp\/v2\/genero?post=17359"},{"taxonomy":"licencia","embeddable":true,"href":"https:\/\/www.scenicrights.com\/es\/wp-json\/wp\/v2\/licencia?post=17359"},{"taxonomy":"localizacion","embeddable":true,"href":"https:\/\/www.scenicrights.com\/es\/wp-json\/wp\/v2\/localizacion?post=17359"},{"taxonomy":"produccion","embeddable":true,"href":"https:\/\/www.scenicrights.com\/es\/wp-json\/wp\/v2\/produccion?post=17359"},{"taxonomy":"subgenero","embeddable":true,"href":"https:\/\/www.scenicrights.com\/es\/wp-json\/wp\/v2\/subgenero?post=17359"},{"taxonomy":"tipo","embeddable":true,"href":"https:\/\/www.scenicrights.com\/es\/wp-json\/wp\/v2\/tipo?post=17359"}],"curies":[{"name":"wp","href":"https:\/\/api.w.org\/{rel}","templated":true}]}}