{"id":17870,"date":"2023-09-13T11:01:16","date_gmt":"2023-09-13T11:01:16","guid":{"rendered":"https:\/\/pre.scenicrights.com\/projects\/saga-mariana-de-marco\/"},"modified":"2024-04-02T08:09:07","modified_gmt":"2024-04-02T08:09:07","slug":"saga-mariana-de-marco","status":"publish","type":"articulo","link":"https:\/\/www.scenicrights.com\/es\/projects\/saga-mariana-de-marco\/","title":{"rendered":"Saga Mariana de Marco"},"template":"","art_tag":[1249,12,1257,1274,465],"genero":[7],"licencia":[17],"localizacion":[],"produccion":[],"subgenero":[9,79,1272],"tipo":[5],"class_list":["post-17870","articulo","type-articulo","status-publish","has-post-thumbnail","hentry","art_tag-crimen","art_tag-investigacion","art_tag-justicia","art_tag-legal","art_tag-muerte","genero-drama","licencia-propia","subgenero-misterio","subgenero-thriller","subgenero-womens-fiction","tipo-proyecto"],"acf":{"generos_tax":[7],"subgeneros_tax":[79,1272,9],"tipo_tax":[5],"tags_tax":[1249,12,1274,465,1257],"produccion_tax":false,"licencia_tax":17,"localizacion_tax":false,"articulo__titulo_extendido":"","articulo__extracto":"","articulo__contenido":"<p style=\"text-align: center;\"><strong>No acosen al asesino | La muerte viene de lejos | El cad\u00e1ver arrepentido | Un asesinato piadoso | El hermano peque\u00f1o | Muerte en primera clase | Nunca ayudes a una extra\u00f1a | El asesino desconsolado | O calle para siempre<\/strong><\/p>\r\n<p style=\"text-align: right;\"><strong><em>Sabemos qui\u00e9n es el asesino y a\u00fan queda todo por descubrir. <\/em><\/strong><\/p>\r\nUna elegante colonia de veraneo cercana a Santander, Carlos Sastre entra sigilosamente en una de las casas y deg\u00fcella con una navaja de barbero a un viejo Magistrado de brillante historial. Es la hora de la siesta de un d\u00eda de intenso calor. Todo el mundo duerme y nadie ha visto nada. Conocemos la identidad del asesino desde el primer momento, pero no se desvelar\u00e1n los motivos del crimen hasta el final.\r\n\r\nLa juez Mariana de Marco es la encargada del caso. Pronto califica el asesinato como algo muy sofisticado, carente de la brutalidad que caracteriza a la gente del campo. A medida que pasan los d\u00edas, las precauciones tomadas por el asesino y su perfecta coartada no parecen ser suficientes. La juez est\u00e1 convencida de que el asesino forma parte del c\u00edrculo de veraneantes, y de que solo ser\u00e1 cuesti\u00f3n de tiempo el poder atar cabos.\r\n\r\n&nbsp;\r\n\r\n<strong>DATOS RELEVANTES:<\/strong> Jos\u00e9 Mar\u00eda Guelbenzu fue ganador del <strong>Premio de la Cr\u00edtica de Narrativa castellana<\/strong>, del <strong>Premio Internacional de Novela Plaza &amp; Jan\u00e9s, <\/strong>del <strong>Premio Period\u00edstico sobre Lectura <\/strong>de la <em>Fundaci\u00f3n Germ\u00e1n S\u00e1nchez Ruip\u00e9rez <\/em>y del <strong>Premio Torrente Ballester<\/strong><em>.<\/em>\r\n\r\n&nbsp;\r\n\r\n<strong>POTENCIAL AUDIOVISUAL: <\/strong>Serie TV, Miniserie, Film, TV Movie.\r\n\r\n<strong>IDIOMAS DISPONIBLES:<\/strong> Espa\u00f1ol.","articulo__autor":[931],"_thumbnail_id":23835,"articulo__featured_gallery":[23835,23838,23841,23844,23847,23850,23853,23856,23859],"articulo__galeria_archivos":"","articulo__fecha_de_publicacion":"","articulo__idiomas":"","articulo__dossier":5498,"idarticle":909},"yoast_head":"<!-- This site is optimized with the Yoast SEO plugin v27.5 - https:\/\/yoast.com\/product\/yoast-seo-wordpress\/ -->\n<title>Saga Mariana de Marco - Scenic\u00a0Rights<\/title>\n<meta name=\"robots\" content=\"index, follow, max-snippet:-1, max-image-preview:large, max-video-preview:-1\" \/>\n<link rel=\"canonical\" href=\"https:\/\/www.scenicrights.com\/es\/projects\/saga-mariana-de-marco\/\" \/>\n<meta property=\"og:locale\" content=\"es_ES\" \/>\n<meta property=\"og:type\" content=\"article\" \/>\n<meta property=\"og:title\" content=\"Saga Mariana de Marco - Scenic\u00a0Rights\" \/>\n<meta property=\"og:description\" content=\"Sabemos qui&eacute;n es el asesino y a&uacute;n queda todo por descubrir. En una elegante colonia de veraneo cercana a Santander, Carlos Sastre entra sigilosamente en una [&hellip;]\" \/>\n<meta property=\"og:url\" content=\"https:\/\/www.scenicrights.com\/es\/projects\/saga-mariana-de-marco\/\" \/>\n<meta property=\"og:site_name\" content=\"Scenic\u00a0Rights\" \/>\n<meta property=\"article:modified_time\" content=\"2024-04-02T08:09:07+00:00\" \/>\n<meta property=\"og:image\" content=\"https:\/\/www.scenicrights.com\/wp-content\/uploads\/2023\/09\/mariana-de-marco-1.jpeg\" \/>\n\t<meta property=\"og:image:width\" content=\"655\" \/>\n\t<meta property=\"og:image:height\" content=\"1000\" \/>\n\t<meta property=\"og:image:type\" content=\"image\/jpeg\" \/>\n<meta name=\"twitter:card\" content=\"summary_large_image\" \/>\n<script type=\"application\/ld+json\" class=\"yoast-schema-graph\">{\"@context\":\"https:\\\/\\\/schema.org\",\"@graph\":[{\"@type\":\"WebPage\",\"@id\":\"https:\\\/\\\/www.scenicrights.com\\\/es\\\/projects\\\/saga-mariana-de-marco\\\/\",\"url\":\"https:\\\/\\\/www.scenicrights.com\\\/es\\\/projects\\\/saga-mariana-de-marco\\\/\",\"name\":\"Saga Mariana de Marco - Scenic\u00a0Rights\",\"isPartOf\":{\"@id\":\"https:\\\/\\\/www.scenicrights.com\\\/es\\\/#website\"},\"primaryImageOfPage\":{\"@id\":\"https:\\\/\\\/www.scenicrights.com\\\/es\\\/projects\\\/saga-mariana-de-marco\\\/#primaryimage\"},\"image\":{\"@id\":\"https:\\\/\\\/www.scenicrights.com\\\/es\\\/projects\\\/saga-mariana-de-marco\\\/#primaryimage\"},\"thumbnailUrl\":\"https:\\\/\\\/www.scenicrights.com\\\/wp-content\\\/uploads\\\/2023\\\/09\\\/mariana-de-marco-1.jpeg\",\"datePublished\":\"2023-09-13T11:01:16+00:00\",\"dateModified\":\"2024-04-02T08:09:07+00:00\",\"breadcrumb\":{\"@id\":\"https:\\\/\\\/www.scenicrights.com\\\/es\\\/projects\\\/saga-mariana-de-marco\\\/#breadcrumb\"},\"inLanguage\":\"es\",\"potentialAction\":[{\"@type\":\"ReadAction\",\"target\":[\"https:\\\/\\\/www.scenicrights.com\\\/es\\\/projects\\\/saga-mariana-de-marco\\\/\"]}]},{\"@type\":\"ImageObject\",\"inLanguage\":\"es\",\"@id\":\"https:\\\/\\\/www.scenicrights.com\\\/es\\\/projects\\\/saga-mariana-de-marco\\\/#primaryimage\",\"url\":\"https:\\\/\\\/www.scenicrights.com\\\/wp-content\\\/uploads\\\/2023\\\/09\\\/mariana-de-marco-1.jpeg\",\"contentUrl\":\"https:\\\/\\\/www.scenicrights.com\\\/wp-content\\\/uploads\\\/2023\\\/09\\\/mariana-de-marco-1.jpeg\",\"width\":655,\"height\":1000},{\"@type\":\"BreadcrumbList\",\"@id\":\"https:\\\/\\\/www.scenicrights.com\\\/es\\\/projects\\\/saga-mariana-de-marco\\\/#breadcrumb\",\"itemListElement\":[{\"@type\":\"ListItem\",\"position\":1,\"name\":\"Home\",\"item\":\"https:\\\/\\\/www.scenicrights.com\\\/es\\\/\"},{\"@type\":\"ListItem\",\"position\":2,\"name\":\"Saga Mariana de Marco\"}]},{\"@type\":\"WebSite\",\"@id\":\"https:\\\/\\\/www.scenicrights.com\\\/es\\\/#website\",\"url\":\"https:\\\/\\\/www.scenicrights.com\\\/es\\\/\",\"name\":\"Scenic\u00a0Rights\",\"description\":\"\",\"publisher\":{\"@id\":\"https:\\\/\\\/www.scenicrights.com\\\/es\\\/#organization\"},\"potentialAction\":[{\"@type\":\"SearchAction\",\"target\":{\"@type\":\"EntryPoint\",\"urlTemplate\":\"https:\\\/\\\/www.scenicrights.com\\\/es\\\/?s={search_term_string}\"},\"query-input\":{\"@type\":\"PropertyValueSpecification\",\"valueRequired\":true,\"valueName\":\"search_term_string\"}}],\"inLanguage\":\"es\"},{\"@type\":\"Organization\",\"@id\":\"https:\\\/\\\/www.scenicrights.com\\\/es\\\/#organization\",\"name\":\"Scenic\u00a0Rights\",\"url\":\"https:\\\/\\\/www.scenicrights.com\\\/es\\\/\",\"logo\":{\"@type\":\"ImageObject\",\"inLanguage\":\"es\",\"@id\":\"https:\\\/\\\/www.scenicrights.com\\\/es\\\/#\\\/schema\\\/logo\\\/image\\\/\",\"url\":\"https:\\\/\\\/www.scenicrights.com\\\/wp-content\\\/uploads\\\/2023\\\/07\\\/logo-horizontal-web.png\",\"contentUrl\":\"https:\\\/\\\/www.scenicrights.com\\\/wp-content\\\/uploads\\\/2023\\\/07\\\/logo-horizontal-web.png\",\"width\":644,\"height\":225,\"caption\":\"Scenic\u00a0Rights\"},\"image\":{\"@id\":\"https:\\\/\\\/www.scenicrights.com\\\/es\\\/#\\\/schema\\\/logo\\\/image\\\/\"}}]}<\/script>\n<!-- \/ Yoast SEO plugin. -->","yoast_head_json":{"title":"Saga Mariana de Marco - Scenic\u00a0Rights","robots":{"index":"index","follow":"follow","max-snippet":"max-snippet:-1","max-image-preview":"max-image-preview:large","max-video-preview":"max-video-preview:-1"},"canonical":"https:\/\/www.scenicrights.com\/es\/projects\/saga-mariana-de-marco\/","og_locale":"es_ES","og_type":"article","og_title":"Saga Mariana de Marco - Scenic\u00a0Rights","og_description":"Sabemos qui&eacute;n es el asesino y a&uacute;n queda todo por descubrir. En una elegante colonia de veraneo cercana a Santander, Carlos Sastre entra sigilosamente en una [&hellip;]","og_url":"https:\/\/www.scenicrights.com\/es\/projects\/saga-mariana-de-marco\/","og_site_name":"Scenic\u00a0Rights","article_modified_time":"2024-04-02T08:09:07+00:00","og_image":[{"width":655,"height":1000,"url":"https:\/\/www.scenicrights.com\/wp-content\/uploads\/2023\/09\/mariana-de-marco-1.jpeg","type":"image\/jpeg"}],"twitter_card":"summary_large_image","schema":{"@context":"https:\/\/schema.org","@graph":[{"@type":"WebPage","@id":"https:\/\/www.scenicrights.com\/es\/projects\/saga-mariana-de-marco\/","url":"https:\/\/www.scenicrights.com\/es\/projects\/saga-mariana-de-marco\/","name":"Saga Mariana de Marco - Scenic\u00a0Rights","isPartOf":{"@id":"https:\/\/www.scenicrights.com\/es\/#website"},"primaryImageOfPage":{"@id":"https:\/\/www.scenicrights.com\/es\/projects\/saga-mariana-de-marco\/#primaryimage"},"image":{"@id":"https:\/\/www.scenicrights.com\/es\/projects\/saga-mariana-de-marco\/#primaryimage"},"thumbnailUrl":"https:\/\/www.scenicrights.com\/wp-content\/uploads\/2023\/09\/mariana-de-marco-1.jpeg","datePublished":"2023-09-13T11:01:16+00:00","dateModified":"2024-04-02T08:09:07+00:00","breadcrumb":{"@id":"https:\/\/www.scenicrights.com\/es\/projects\/saga-mariana-de-marco\/#breadcrumb"},"inLanguage":"es","potentialAction":[{"@type":"ReadAction","target":["https:\/\/www.scenicrights.com\/es\/projects\/saga-mariana-de-marco\/"]}]},{"@type":"ImageObject","inLanguage":"es","@id":"https:\/\/www.scenicrights.com\/es\/projects\/saga-mariana-de-marco\/#primaryimage","url":"https:\/\/www.scenicrights.com\/wp-content\/uploads\/2023\/09\/mariana-de-marco-1.jpeg","contentUrl":"https:\/\/www.scenicrights.com\/wp-content\/uploads\/2023\/09\/mariana-de-marco-1.jpeg","width":655,"height":1000},{"@type":"BreadcrumbList","@id":"https:\/\/www.scenicrights.com\/es\/projects\/saga-mariana-de-marco\/#breadcrumb","itemListElement":[{"@type":"ListItem","position":1,"name":"Home","item":"https:\/\/www.scenicrights.com\/es\/"},{"@type":"ListItem","position":2,"name":"Saga Mariana de Marco"}]},{"@type":"WebSite","@id":"https:\/\/www.scenicrights.com\/es\/#website","url":"https:\/\/www.scenicrights.com\/es\/","name":"Scenic\u00a0Rights","description":"","publisher":{"@id":"https:\/\/www.scenicrights.com\/es\/#organization"},"potentialAction":[{"@type":"SearchAction","target":{"@type":"EntryPoint","urlTemplate":"https:\/\/www.scenicrights.com\/es\/?s={search_term_string}"},"query-input":{"@type":"PropertyValueSpecification","valueRequired":true,"valueName":"search_term_string"}}],"inLanguage":"es"},{"@type":"Organization","@id":"https:\/\/www.scenicrights.com\/es\/#organization","name":"Scenic\u00a0Rights","url":"https:\/\/www.scenicrights.com\/es\/","logo":{"@type":"ImageObject","inLanguage":"es","@id":"https:\/\/www.scenicrights.com\/es\/#\/schema\/logo\/image\/","url":"https:\/\/www.scenicrights.com\/wp-content\/uploads\/2023\/07\/logo-horizontal-web.png","contentUrl":"https:\/\/www.scenicrights.com\/wp-content\/uploads\/2023\/07\/logo-horizontal-web.png","width":644,"height":225,"caption":"Scenic\u00a0Rights"},"image":{"@id":"https:\/\/www.scenicrights.com\/es\/#\/schema\/logo\/image\/"}}]}},"_links":{"self":[{"href":"https:\/\/www.scenicrights.com\/es\/wp-json\/wp\/v2\/articulo\/17870","targetHints":{"allow":["GET"]}}],"collection":[{"href":"https:\/\/www.scenicrights.com\/es\/wp-json\/wp\/v2\/articulo"}],"about":[{"href":"https:\/\/www.scenicrights.com\/es\/wp-json\/wp\/v2\/types\/articulo"}],"acf:attachment":[{"embeddable":true,"href":"https:\/\/www.scenicrights.com\/es\/wp-json\/wp\/v2\/media\/23859"},{"embeddable":true,"href":"https:\/\/www.scenicrights.com\/es\/wp-json\/wp\/v2\/media\/23856"},{"embeddable":true,"href":"https:\/\/www.scenicrights.com\/es\/wp-json\/wp\/v2\/media\/23853"},{"embeddable":true,"href":"https:\/\/www.scenicrights.com\/es\/wp-json\/wp\/v2\/media\/23850"},{"embeddable":true,"href":"https:\/\/www.scenicrights.com\/es\/wp-json\/wp\/v2\/media\/23847"},{"embeddable":true,"href":"https:\/\/www.scenicrights.com\/es\/wp-json\/wp\/v2\/media\/23844"},{"embeddable":true,"href":"https:\/\/www.scenicrights.com\/es\/wp-json\/wp\/v2\/media\/23841"},{"embeddable":true,"href":"https:\/\/www.scenicrights.com\/es\/wp-json\/wp\/v2\/media\/23838"},{"embeddable":true,"href":"https:\/\/www.scenicrights.com\/es\/wp-json\/wp\/v2\/media\/23835"}],"acf:post":[{"embeddable":true,"href":"https:\/\/www.scenicrights.com\/es\/wp-json\/wp\/v2\/autor\/931"}],"acf:term":[{"embeddable":true,"taxonomy":"licencia","href":"https:\/\/www.scenicrights.com\/es\/wp-json\/wp\/v2\/licencia\/17"},{"embeddable":true,"taxonomy":"art_tag","href":"https:\/\/www.scenicrights.com\/es\/wp-json\/wp\/v2\/art_tag\/1257"},{"embeddable":true,"taxonomy":"art_tag","href":"https:\/\/www.scenicrights.com\/es\/wp-json\/wp\/v2\/art_tag\/465"},{"embeddable":true,"taxonomy":"art_tag","href":"https:\/\/www.scenicrights.com\/es\/wp-json\/wp\/v2\/art_tag\/1274"},{"embeddable":true,"taxonomy":"art_tag","href":"https:\/\/www.scenicrights.com\/es\/wp-json\/wp\/v2\/art_tag\/12"},{"embeddable":true,"taxonomy":"art_tag","href":"https:\/\/www.scenicrights.com\/es\/wp-json\/wp\/v2\/art_tag\/1249"},{"embeddable":true,"taxonomy":"tipo","href":"https:\/\/www.scenicrights.com\/es\/wp-json\/wp\/v2\/tipo\/5"},{"embeddable":true,"taxonomy":"subgenero","href":"https:\/\/www.scenicrights.com\/es\/wp-json\/wp\/v2\/subgenero\/9"},{"embeddable":true,"taxonomy":"subgenero","href":"https:\/\/www.scenicrights.com\/es\/wp-json\/wp\/v2\/subgenero\/1272"},{"embeddable":true,"taxonomy":"subgenero","href":"https:\/\/www.scenicrights.com\/es\/wp-json\/wp\/v2\/subgenero\/79"},{"embeddable":true,"taxonomy":"genero","href":"https:\/\/www.scenicrights.com\/es\/wp-json\/wp\/v2\/genero\/7"}],"wp:featuredmedia":[{"embeddable":true,"href":"https:\/\/www.scenicrights.com\/es\/wp-json\/wp\/v2\/media\/23835"}],"wp:attachment":[{"href":"https:\/\/www.scenicrights.com\/es\/wp-json\/wp\/v2\/media?parent=17870"}],"wp:term":[{"taxonomy":"art_tag","embeddable":true,"href":"https:\/\/www.scenicrights.com\/es\/wp-json\/wp\/v2\/art_tag?post=17870"},{"taxonomy":"genero","embeddable":true,"href":"https:\/\/www.scenicrights.com\/es\/wp-json\/wp\/v2\/genero?post=17870"},{"taxonomy":"licencia","embeddable":true,"href":"https:\/\/www.scenicrights.com\/es\/wp-json\/wp\/v2\/licencia?post=17870"},{"taxonomy":"localizacion","embeddable":true,"href":"https:\/\/www.scenicrights.com\/es\/wp-json\/wp\/v2\/localizacion?post=17870"},{"taxonomy":"produccion","embeddable":true,"href":"https:\/\/www.scenicrights.com\/es\/wp-json\/wp\/v2\/produccion?post=17870"},{"taxonomy":"subgenero","embeddable":true,"href":"https:\/\/www.scenicrights.com\/es\/wp-json\/wp\/v2\/subgenero?post=17870"},{"taxonomy":"tipo","embeddable":true,"href":"https:\/\/www.scenicrights.com\/es\/wp-json\/wp\/v2\/tipo?post=17870"}],"curies":[{"name":"wp","href":"https:\/\/api.w.org\/{rel}","templated":true}]}}