{"id":17886,"date":"2023-09-13T11:01:16","date_gmt":"2023-09-13T11:01:16","guid":{"rendered":"https:\/\/pre.scenicrights.com\/projects\/cronica-del-rey-pasmado\/"},"modified":"2024-04-02T08:09:10","modified_gmt":"2024-04-02T08:09:10","slug":"cronica-del-rey-pasmado","status":"publish","type":"articulo","link":"https:\/\/www.scenicrights.com\/es\/projects\/cronica-del-rey-pasmado\/","title":{"rendered":"Cr\u00f3nica del rey pasmado"},"template":"","art_tag":[363,1268,1256,448,455,472,493],"genero":[8],"licencia":[17],"localizacion":[],"produccion":[],"subgenero":[68],"tipo":[5],"class_list":["post-17886","articulo","type-articulo","status-publish","has-post-thumbnail","hentry","art_tag-amor","art_tag-costumbrismo","art_tag-humor-negro","art_tag-infidelidad","art_tag-lucha-contra-el-sistema","art_tag-obsesion","art_tag-religion","genero-comedia","licencia-propia","subgenero-historico","tipo-proyecto"],"acf":{"generos_tax":[8],"subgeneros_tax":[68],"tipo_tax":[5],"tags_tax":[363,448,1256,472,493,1268,455],"produccion_tax":false,"licencia_tax":17,"localizacion_tax":false,"articulo__titulo_extendido":"","articulo__extracto":"","articulo__contenido":"A comienzos del siglo XVII, al rey de Espa\u00f1a \u2013casi un joven imberbe\u2013 se le antoja ver a su reina desnuda, y ante la oposici\u00f3n de la Iglesia y el Gobierno, que ven en ello oscuros designios para el futuro del Imperio, encuentra el apoyo de un noble y de un jesuita portugu\u00e9s que le ayudar\u00e1n en su prop\u00f3sito con la anuencia de la reina. Con este argumento, el autor traza una divertida estampa de la corte espa\u00f1ola y ofrece como resultado un relato lleno de gracia y picaresca.\r\n\r\n&nbsp;\r\n\r\n<strong>DATOS RELEVANTES: <\/strong>Fue adaptada al cine por Imanol Uribe a principios de los 90 y obtuvo ocho premios Goya.\r\n\r\nAutor dram\u00e1tico, ensayista, cr\u00edtico y\u00a0novelista prol\u00edfico. Gonzalo Torrente Ballester es un autor clave de la literatura espa\u00f1ola\u00a0contempor\u00e1nea. Entre los numerosos galardones que recibi\u00f3\u00a0destaca el Premio Nacional de Literatura en 1981, el Pr\u00edncipe\u00a0de Asturias de\u00a0las Letras en 1982 y el Miguel de Cervantes, en 1985. Adem\u00e1s, fue miembro de la Real\u00a0Academia Espa\u00f1ola desde 1975.\r\n\r\n&nbsp;\r\n\r\n<strong>POTENCIAL FORMATO AUDIOVISUAL: <\/strong>Film, TV Movie, Miniserie, Serie TV.\r\n\r\n<strong>IDIOMAS DISPONIBLES:<\/strong> Espa\u00f1ol, Portugu\u00e9s, Ingl\u00e9s, Rumano, Filipino, Serbio, Polaco, Franc\u00e9s, Griego, Noruego, Eslovaco.","articulo__autor":[1027],"_thumbnail_id":5568,"articulo__featured_gallery":"","articulo__galeria_archivos":"","articulo__fecha_de_publicacion":"","articulo__idiomas":"","articulo__dossier":"","idarticle":928},"yoast_head":"<!-- This site is optimized with the Yoast SEO plugin v27.5 - https:\/\/yoast.com\/product\/yoast-seo-wordpress\/ -->\n<title>Cr\u00f3nica del rey pasmado - Scenic\u00a0Rights<\/title>\n<meta name=\"robots\" content=\"index, follow, max-snippet:-1, max-image-preview:large, max-video-preview:-1\" \/>\n<link rel=\"canonical\" href=\"https:\/\/www.scenicrights.com\/es\/projects\/cronica-del-rey-pasmado\/\" \/>\n<meta property=\"og:locale\" content=\"es_ES\" \/>\n<meta property=\"og:type\" content=\"article\" \/>\n<meta property=\"og:title\" content=\"Cr\u00f3nica del rey pasmado - Scenic\u00a0Rights\" \/>\n<meta property=\"og:description\" content=\"A comienzos del siglo XVII, al rey de Espa&ntilde;a &ndash;casi un joven imberbe&ndash; se le antoja ver a su reina desnuda, y ante la oposici&oacute;n de [&hellip;]\" \/>\n<meta property=\"og:url\" content=\"https:\/\/www.scenicrights.com\/es\/projects\/cronica-del-rey-pasmado\/\" \/>\n<meta property=\"og:site_name\" content=\"Scenic\u00a0Rights\" \/>\n<meta property=\"article:modified_time\" content=\"2024-04-02T08:09:10+00:00\" \/>\n<meta property=\"og:image\" content=\"https:\/\/www.scenicrights.com\/wp-content\/uploads\/2023\/09\/2lf1ndWmAkOkWLILaVpfw.jpg\" \/>\n\t<meta property=\"og:image:width\" content=\"1315\" \/>\n\t<meta property=\"og:image:height\" content=\"2000\" \/>\n\t<meta property=\"og:image:type\" content=\"image\/jpeg\" \/>\n<meta name=\"twitter:card\" content=\"summary_large_image\" \/>\n<script type=\"application\/ld+json\" class=\"yoast-schema-graph\">{\"@context\":\"https:\\\/\\\/schema.org\",\"@graph\":[{\"@type\":\"WebPage\",\"@id\":\"https:\\\/\\\/www.scenicrights.com\\\/es\\\/projects\\\/cronica-del-rey-pasmado\\\/\",\"url\":\"https:\\\/\\\/www.scenicrights.com\\\/es\\\/projects\\\/cronica-del-rey-pasmado\\\/\",\"name\":\"Cr\u00f3nica del rey pasmado - Scenic\u00a0Rights\",\"isPartOf\":{\"@id\":\"https:\\\/\\\/www.scenicrights.com\\\/es\\\/#website\"},\"primaryImageOfPage\":{\"@id\":\"https:\\\/\\\/www.scenicrights.com\\\/es\\\/projects\\\/cronica-del-rey-pasmado\\\/#primaryimage\"},\"image\":{\"@id\":\"https:\\\/\\\/www.scenicrights.com\\\/es\\\/projects\\\/cronica-del-rey-pasmado\\\/#primaryimage\"},\"thumbnailUrl\":\"https:\\\/\\\/www.scenicrights.com\\\/wp-content\\\/uploads\\\/2023\\\/09\\\/2lf1ndWmAkOkWLILaVpfw.jpg\",\"datePublished\":\"2023-09-13T11:01:16+00:00\",\"dateModified\":\"2024-04-02T08:09:10+00:00\",\"breadcrumb\":{\"@id\":\"https:\\\/\\\/www.scenicrights.com\\\/es\\\/projects\\\/cronica-del-rey-pasmado\\\/#breadcrumb\"},\"inLanguage\":\"es\",\"potentialAction\":[{\"@type\":\"ReadAction\",\"target\":[\"https:\\\/\\\/www.scenicrights.com\\\/es\\\/projects\\\/cronica-del-rey-pasmado\\\/\"]}]},{\"@type\":\"ImageObject\",\"inLanguage\":\"es\",\"@id\":\"https:\\\/\\\/www.scenicrights.com\\\/es\\\/projects\\\/cronica-del-rey-pasmado\\\/#primaryimage\",\"url\":\"https:\\\/\\\/www.scenicrights.com\\\/wp-content\\\/uploads\\\/2023\\\/09\\\/2lf1ndWmAkOkWLILaVpfw.jpg\",\"contentUrl\":\"https:\\\/\\\/www.scenicrights.com\\\/wp-content\\\/uploads\\\/2023\\\/09\\\/2lf1ndWmAkOkWLILaVpfw.jpg\",\"width\":1315,\"height\":2000},{\"@type\":\"BreadcrumbList\",\"@id\":\"https:\\\/\\\/www.scenicrights.com\\\/es\\\/projects\\\/cronica-del-rey-pasmado\\\/#breadcrumb\",\"itemListElement\":[{\"@type\":\"ListItem\",\"position\":1,\"name\":\"Home\",\"item\":\"https:\\\/\\\/www.scenicrights.com\\\/es\\\/\"},{\"@type\":\"ListItem\",\"position\":2,\"name\":\"Cr\u00f3nica del rey pasmado\"}]},{\"@type\":\"WebSite\",\"@id\":\"https:\\\/\\\/www.scenicrights.com\\\/es\\\/#website\",\"url\":\"https:\\\/\\\/www.scenicrights.com\\\/es\\\/\",\"name\":\"Scenic\u00a0Rights\",\"description\":\"\",\"publisher\":{\"@id\":\"https:\\\/\\\/www.scenicrights.com\\\/es\\\/#organization\"},\"potentialAction\":[{\"@type\":\"SearchAction\",\"target\":{\"@type\":\"EntryPoint\",\"urlTemplate\":\"https:\\\/\\\/www.scenicrights.com\\\/es\\\/?s={search_term_string}\"},\"query-input\":{\"@type\":\"PropertyValueSpecification\",\"valueRequired\":true,\"valueName\":\"search_term_string\"}}],\"inLanguage\":\"es\"},{\"@type\":\"Organization\",\"@id\":\"https:\\\/\\\/www.scenicrights.com\\\/es\\\/#organization\",\"name\":\"Scenic\u00a0Rights\",\"url\":\"https:\\\/\\\/www.scenicrights.com\\\/es\\\/\",\"logo\":{\"@type\":\"ImageObject\",\"inLanguage\":\"es\",\"@id\":\"https:\\\/\\\/www.scenicrights.com\\\/es\\\/#\\\/schema\\\/logo\\\/image\\\/\",\"url\":\"https:\\\/\\\/www.scenicrights.com\\\/wp-content\\\/uploads\\\/2023\\\/07\\\/logo-horizontal-web.png\",\"contentUrl\":\"https:\\\/\\\/www.scenicrights.com\\\/wp-content\\\/uploads\\\/2023\\\/07\\\/logo-horizontal-web.png\",\"width\":644,\"height\":225,\"caption\":\"Scenic\u00a0Rights\"},\"image\":{\"@id\":\"https:\\\/\\\/www.scenicrights.com\\\/es\\\/#\\\/schema\\\/logo\\\/image\\\/\"}}]}<\/script>\n<!-- \/ Yoast SEO plugin. -->","yoast_head_json":{"title":"Cr\u00f3nica del rey pasmado - Scenic\u00a0Rights","robots":{"index":"index","follow":"follow","max-snippet":"max-snippet:-1","max-image-preview":"max-image-preview:large","max-video-preview":"max-video-preview:-1"},"canonical":"https:\/\/www.scenicrights.com\/es\/projects\/cronica-del-rey-pasmado\/","og_locale":"es_ES","og_type":"article","og_title":"Cr\u00f3nica del rey pasmado - Scenic\u00a0Rights","og_description":"A comienzos del siglo XVII, al rey de Espa&ntilde;a &ndash;casi un joven imberbe&ndash; se le antoja ver a su reina desnuda, y ante la oposici&oacute;n de [&hellip;]","og_url":"https:\/\/www.scenicrights.com\/es\/projects\/cronica-del-rey-pasmado\/","og_site_name":"Scenic\u00a0Rights","article_modified_time":"2024-04-02T08:09:10+00:00","og_image":[{"width":1315,"height":2000,"url":"https:\/\/www.scenicrights.com\/wp-content\/uploads\/2023\/09\/2lf1ndWmAkOkWLILaVpfw.jpg","type":"image\/jpeg"}],"twitter_card":"summary_large_image","schema":{"@context":"https:\/\/schema.org","@graph":[{"@type":"WebPage","@id":"https:\/\/www.scenicrights.com\/es\/projects\/cronica-del-rey-pasmado\/","url":"https:\/\/www.scenicrights.com\/es\/projects\/cronica-del-rey-pasmado\/","name":"Cr\u00f3nica del rey pasmado - Scenic\u00a0Rights","isPartOf":{"@id":"https:\/\/www.scenicrights.com\/es\/#website"},"primaryImageOfPage":{"@id":"https:\/\/www.scenicrights.com\/es\/projects\/cronica-del-rey-pasmado\/#primaryimage"},"image":{"@id":"https:\/\/www.scenicrights.com\/es\/projects\/cronica-del-rey-pasmado\/#primaryimage"},"thumbnailUrl":"https:\/\/www.scenicrights.com\/wp-content\/uploads\/2023\/09\/2lf1ndWmAkOkWLILaVpfw.jpg","datePublished":"2023-09-13T11:01:16+00:00","dateModified":"2024-04-02T08:09:10+00:00","breadcrumb":{"@id":"https:\/\/www.scenicrights.com\/es\/projects\/cronica-del-rey-pasmado\/#breadcrumb"},"inLanguage":"es","potentialAction":[{"@type":"ReadAction","target":["https:\/\/www.scenicrights.com\/es\/projects\/cronica-del-rey-pasmado\/"]}]},{"@type":"ImageObject","inLanguage":"es","@id":"https:\/\/www.scenicrights.com\/es\/projects\/cronica-del-rey-pasmado\/#primaryimage","url":"https:\/\/www.scenicrights.com\/wp-content\/uploads\/2023\/09\/2lf1ndWmAkOkWLILaVpfw.jpg","contentUrl":"https:\/\/www.scenicrights.com\/wp-content\/uploads\/2023\/09\/2lf1ndWmAkOkWLILaVpfw.jpg","width":1315,"height":2000},{"@type":"BreadcrumbList","@id":"https:\/\/www.scenicrights.com\/es\/projects\/cronica-del-rey-pasmado\/#breadcrumb","itemListElement":[{"@type":"ListItem","position":1,"name":"Home","item":"https:\/\/www.scenicrights.com\/es\/"},{"@type":"ListItem","position":2,"name":"Cr\u00f3nica del rey pasmado"}]},{"@type":"WebSite","@id":"https:\/\/www.scenicrights.com\/es\/#website","url":"https:\/\/www.scenicrights.com\/es\/","name":"Scenic\u00a0Rights","description":"","publisher":{"@id":"https:\/\/www.scenicrights.com\/es\/#organization"},"potentialAction":[{"@type":"SearchAction","target":{"@type":"EntryPoint","urlTemplate":"https:\/\/www.scenicrights.com\/es\/?s={search_term_string}"},"query-input":{"@type":"PropertyValueSpecification","valueRequired":true,"valueName":"search_term_string"}}],"inLanguage":"es"},{"@type":"Organization","@id":"https:\/\/www.scenicrights.com\/es\/#organization","name":"Scenic\u00a0Rights","url":"https:\/\/www.scenicrights.com\/es\/","logo":{"@type":"ImageObject","inLanguage":"es","@id":"https:\/\/www.scenicrights.com\/es\/#\/schema\/logo\/image\/","url":"https:\/\/www.scenicrights.com\/wp-content\/uploads\/2023\/07\/logo-horizontal-web.png","contentUrl":"https:\/\/www.scenicrights.com\/wp-content\/uploads\/2023\/07\/logo-horizontal-web.png","width":644,"height":225,"caption":"Scenic\u00a0Rights"},"image":{"@id":"https:\/\/www.scenicrights.com\/es\/#\/schema\/logo\/image\/"}}]}},"_links":{"self":[{"href":"https:\/\/www.scenicrights.com\/es\/wp-json\/wp\/v2\/articulo\/17886","targetHints":{"allow":["GET"]}}],"collection":[{"href":"https:\/\/www.scenicrights.com\/es\/wp-json\/wp\/v2\/articulo"}],"about":[{"href":"https:\/\/www.scenicrights.com\/es\/wp-json\/wp\/v2\/types\/articulo"}],"acf:post":[{"embeddable":true,"href":"https:\/\/www.scenicrights.com\/es\/wp-json\/wp\/v2\/autor\/1027"}],"acf:term":[{"embeddable":true,"taxonomy":"licencia","href":"https:\/\/www.scenicrights.com\/es\/wp-json\/wp\/v2\/licencia\/17"},{"embeddable":true,"taxonomy":"art_tag","href":"https:\/\/www.scenicrights.com\/es\/wp-json\/wp\/v2\/art_tag\/455"},{"embeddable":true,"taxonomy":"art_tag","href":"https:\/\/www.scenicrights.com\/es\/wp-json\/wp\/v2\/art_tag\/1268"},{"embeddable":true,"taxonomy":"art_tag","href":"https:\/\/www.scenicrights.com\/es\/wp-json\/wp\/v2\/art_tag\/493"},{"embeddable":true,"taxonomy":"art_tag","href":"https:\/\/www.scenicrights.com\/es\/wp-json\/wp\/v2\/art_tag\/472"},{"embeddable":true,"taxonomy":"art_tag","href":"https:\/\/www.scenicrights.com\/es\/wp-json\/wp\/v2\/art_tag\/1256"},{"embeddable":true,"taxonomy":"art_tag","href":"https:\/\/www.scenicrights.com\/es\/wp-json\/wp\/v2\/art_tag\/448"},{"embeddable":true,"taxonomy":"art_tag","href":"https:\/\/www.scenicrights.com\/es\/wp-json\/wp\/v2\/art_tag\/363"},{"embeddable":true,"taxonomy":"tipo","href":"https:\/\/www.scenicrights.com\/es\/wp-json\/wp\/v2\/tipo\/5"},{"embeddable":true,"taxonomy":"subgenero","href":"https:\/\/www.scenicrights.com\/es\/wp-json\/wp\/v2\/subgenero\/68"},{"embeddable":true,"taxonomy":"genero","href":"https:\/\/www.scenicrights.com\/es\/wp-json\/wp\/v2\/genero\/8"}],"wp:featuredmedia":[{"embeddable":true,"href":"https:\/\/www.scenicrights.com\/es\/wp-json\/wp\/v2\/media\/5568"}],"wp:attachment":[{"href":"https:\/\/www.scenicrights.com\/es\/wp-json\/wp\/v2\/media?parent=17886"}],"wp:term":[{"taxonomy":"art_tag","embeddable":true,"href":"https:\/\/www.scenicrights.com\/es\/wp-json\/wp\/v2\/art_tag?post=17886"},{"taxonomy":"genero","embeddable":true,"href":"https:\/\/www.scenicrights.com\/es\/wp-json\/wp\/v2\/genero?post=17886"},{"taxonomy":"licencia","embeddable":true,"href":"https:\/\/www.scenicrights.com\/es\/wp-json\/wp\/v2\/licencia?post=17886"},{"taxonomy":"localizacion","embeddable":true,"href":"https:\/\/www.scenicrights.com\/es\/wp-json\/wp\/v2\/localizacion?post=17886"},{"taxonomy":"produccion","embeddable":true,"href":"https:\/\/www.scenicrights.com\/es\/wp-json\/wp\/v2\/produccion?post=17886"},{"taxonomy":"subgenero","embeddable":true,"href":"https:\/\/www.scenicrights.com\/es\/wp-json\/wp\/v2\/subgenero?post=17886"},{"taxonomy":"tipo","embeddable":true,"href":"https:\/\/www.scenicrights.com\/es\/wp-json\/wp\/v2\/tipo?post=17886"}],"curies":[{"name":"wp","href":"https:\/\/api.w.org\/{rel}","templated":true}]}}