{"id":18004,"date":"2023-09-13T13:45:06","date_gmt":"2023-09-13T13:45:06","guid":{"rendered":"https:\/\/pre.scenicrights.com\/projects\/la-posada-del-viajero\/"},"modified":"2024-04-02T08:08:54","modified_gmt":"2024-04-02T08:08:54","slug":"la-posada-del-viajero","status":"publish","type":"articulo","link":"https:\/\/www.scenicrights.com\/es\/projects\/la-posada-del-viajero\/","title":{"rendered":"La posada del viajero"},"template":"","art_tag":[363,1246,400,430,465,470,479,1269],"genero":[7],"licencia":[17],"localizacion":[],"produccion":[],"subgenero":[79],"tipo":[5],"class_list":["post-18004","articulo","type-articulo","status-publish","has-post-thumbnail","hentry","art_tag-amor","art_tag-catastrofe","art_tag-corrupcion","art_tag-familia","art_tag-muerte","art_tag-negocios","art_tag-politica","art_tag-rural","genero-drama","licencia-propia","subgenero-thriller","tipo-proyecto"],"acf":{"generos_tax":[7],"subgeneros_tax":[79],"tipo_tax":[5],"tags_tax":[1246,470,430,363,465,400,479,1269],"produccion_tax":false,"licencia_tax":17,"localizacion_tax":false,"articulo__titulo_extendido":"","articulo__extracto":"","articulo__contenido":"<p style=\"text-align: right;\" align=\"center\"><strong><em>El rey corre peligro y una humilde familia est\u00e1 detr\u00e1s de ello.<\/em><\/strong><\/p>\r\nA finales del s. XIX, la cat\u00e1strofe del carguero Cabo Machichaco en Santander, una explosi\u00f3n con cientos de v\u00edctimas, cambi\u00f3 la vida de la comarca c\u00e1ntabra para siempre.\r\n\r\nEntre los afectados estuvo Manuel Abascal, un humilde hostelero de la zona. A partir de entonces, su viuda e hijos tratan de sacar adelante el peque\u00f1o negocio, una posada de viajeros en el coraz\u00f3n de la villa marinera de Suances.\r\n\r\nPara ello cuentan con la ayuda de un viajero reci\u00e9n llegado: Declan Mclister, un irland\u00e9s errante que abandon\u00f3 su Cork natal y acab\u00f3 en Cuba. All\u00ed trabaj\u00f3 en los muelles de La Habana hasta que conoci\u00f3 al espa\u00f1ol Andr\u00e9s Maestro, quien le contrat\u00f3 para trabajar en su hacienda, un ingenio azucarero de los m\u00e1s pr\u00f3speros. Declan decidi\u00f3 regresar a Europa pasados unos a\u00f1os, recalando en el norte de Espa\u00f1a.\r\n\r\nSu llegada a Suances trastoca la vida de la familia Abascal al completo, sobre todo la de las dos hijas solteras, Mar\u00eda y Amaya. Sin embargo, los verdaderos problemas comienzan cuando Amaya y Declan se ven involucrados sin querer en una compleja conspiraci\u00f3n pol\u00edtica que pretende acabar con Alfonso XII y su r\u00e9gimen.\r\n\r\nRomance, suspense, aventuras en dos continentes, intrigas pol\u00edticas al m\u00e1s alto nivel y una trama apasionante durante un per\u00edodo clave de nuestra historia forman los ingredientes principales de <em>La posada del viajero<\/em>.\r\n\r\n&nbsp;\r\n\r\n<strong>DATOS RELEVANTES: <\/strong><em>La posada del viajero<\/em> se posicion\u00f3 en el <strong>n\u00ba1 de las listas de ventas en Espa\u00f1a, Canad\u00e1 y M\u00e9xico<\/strong> tras su publicaci\u00f3n. Actualmente sigue volviendo a colocarse en el <strong>n\u00ba1 de libros m\u00e1s vendidos de Amazon<\/strong>, tanto en formato f\u00edsico como digital. En el a\u00f1o de publicaci\u00f3n fue el <strong>3er e-book m\u00e1s vendido en Espa\u00f1a y l\u00edder en sus respectivas categor\u00edas<\/strong>.\r\n\r\nSu autor, Armando Rodera, es uno de los primeros autores espa\u00f1oles en publicar su obra en Amazon, donde cosech\u00f3 un gran \u00e9xito entre los lectores con su saga thriller, compuesta por <em>El color de la maldad <\/em>y<em> El aroma del miedo <\/em>\u2013traducidas al ingl\u00e9s-.\r\n\r\n&nbsp;\r\n\r\n<strong>POTENCIAL AUDIOVISUAL:<\/strong> Serie TV, Miniserie, Film, TV Movie.\r\n\r\n<strong>IDIOMAS DISPONIBLES:<\/strong> Espa\u00f1ol.","articulo__autor":[1143],"_thumbnail_id":8104,"articulo__featured_gallery":"","articulo__galeria_archivos":"","articulo__fecha_de_publicacion":"","articulo__idiomas":"","articulo__dossier":8110,"idarticle":1046},"yoast_head":"<!-- This site is optimized with the Yoast SEO plugin v27.4 - https:\/\/yoast.com\/product\/yoast-seo-wordpress\/ -->\n<title>La posada del viajero - Scenic\u00a0Rights<\/title>\n<meta name=\"robots\" content=\"index, follow, max-snippet:-1, max-image-preview:large, max-video-preview:-1\" \/>\n<link rel=\"canonical\" href=\"https:\/\/www.scenicrights.com\/es\/projects\/la-posada-del-viajero\/\" \/>\n<meta property=\"og:locale\" content=\"es_ES\" \/>\n<meta property=\"og:type\" content=\"article\" \/>\n<meta property=\"og:title\" content=\"La posada del viajero - Scenic\u00a0Rights\" \/>\n<meta property=\"og:description\" content=\"El rey corre peligro y una humilde familia est&aacute; detr&aacute;s de ello. &nbsp; A finales del s. XIX, la cat&aacute;strofe del carguero Cabo Machichaco en Santander, [&hellip;]\" \/>\n<meta property=\"og:url\" content=\"https:\/\/www.scenicrights.com\/es\/projects\/la-posada-del-viajero\/\" \/>\n<meta property=\"og:site_name\" content=\"Scenic\u00a0Rights\" \/>\n<meta property=\"article:modified_time\" content=\"2024-04-02T08:08:54+00:00\" \/>\n<meta property=\"og:image\" content=\"https:\/\/www.scenicrights.com\/wp-content\/uploads\/2023\/09\/kvHOYKiH60uVwTsU6eOATQ.jpg\" \/>\n\t<meta property=\"og:image:width\" content=\"1001\" \/>\n\t<meta property=\"og:image:height\" content=\"1500\" \/>\n\t<meta property=\"og:image:type\" content=\"image\/jpeg\" \/>\n<meta name=\"twitter:card\" content=\"summary_large_image\" \/>\n<script type=\"application\/ld+json\" class=\"yoast-schema-graph\">{\"@context\":\"https:\\\/\\\/schema.org\",\"@graph\":[{\"@type\":\"WebPage\",\"@id\":\"https:\\\/\\\/www.scenicrights.com\\\/es\\\/projects\\\/la-posada-del-viajero\\\/\",\"url\":\"https:\\\/\\\/www.scenicrights.com\\\/es\\\/projects\\\/la-posada-del-viajero\\\/\",\"name\":\"La posada del viajero - Scenic\u00a0Rights\",\"isPartOf\":{\"@id\":\"https:\\\/\\\/www.scenicrights.com\\\/es\\\/#website\"},\"primaryImageOfPage\":{\"@id\":\"https:\\\/\\\/www.scenicrights.com\\\/es\\\/projects\\\/la-posada-del-viajero\\\/#primaryimage\"},\"image\":{\"@id\":\"https:\\\/\\\/www.scenicrights.com\\\/es\\\/projects\\\/la-posada-del-viajero\\\/#primaryimage\"},\"thumbnailUrl\":\"https:\\\/\\\/www.scenicrights.com\\\/wp-content\\\/uploads\\\/2023\\\/09\\\/kvHOYKiH60uVwTsU6eOATQ.jpg\",\"datePublished\":\"2023-09-13T13:45:06+00:00\",\"dateModified\":\"2024-04-02T08:08:54+00:00\",\"breadcrumb\":{\"@id\":\"https:\\\/\\\/www.scenicrights.com\\\/es\\\/projects\\\/la-posada-del-viajero\\\/#breadcrumb\"},\"inLanguage\":\"es\",\"potentialAction\":[{\"@type\":\"ReadAction\",\"target\":[\"https:\\\/\\\/www.scenicrights.com\\\/es\\\/projects\\\/la-posada-del-viajero\\\/\"]}]},{\"@type\":\"ImageObject\",\"inLanguage\":\"es\",\"@id\":\"https:\\\/\\\/www.scenicrights.com\\\/es\\\/projects\\\/la-posada-del-viajero\\\/#primaryimage\",\"url\":\"https:\\\/\\\/www.scenicrights.com\\\/wp-content\\\/uploads\\\/2023\\\/09\\\/kvHOYKiH60uVwTsU6eOATQ.jpg\",\"contentUrl\":\"https:\\\/\\\/www.scenicrights.com\\\/wp-content\\\/uploads\\\/2023\\\/09\\\/kvHOYKiH60uVwTsU6eOATQ.jpg\",\"width\":1001,\"height\":1500},{\"@type\":\"BreadcrumbList\",\"@id\":\"https:\\\/\\\/www.scenicrights.com\\\/es\\\/projects\\\/la-posada-del-viajero\\\/#breadcrumb\",\"itemListElement\":[{\"@type\":\"ListItem\",\"position\":1,\"name\":\"Home\",\"item\":\"https:\\\/\\\/www.scenicrights.com\\\/es\\\/\"},{\"@type\":\"ListItem\",\"position\":2,\"name\":\"La posada del viajero\"}]},{\"@type\":\"WebSite\",\"@id\":\"https:\\\/\\\/www.scenicrights.com\\\/es\\\/#website\",\"url\":\"https:\\\/\\\/www.scenicrights.com\\\/es\\\/\",\"name\":\"Scenic\u00a0Rights\",\"description\":\"\",\"publisher\":{\"@id\":\"https:\\\/\\\/www.scenicrights.com\\\/es\\\/#organization\"},\"potentialAction\":[{\"@type\":\"SearchAction\",\"target\":{\"@type\":\"EntryPoint\",\"urlTemplate\":\"https:\\\/\\\/www.scenicrights.com\\\/es\\\/?s={search_term_string}\"},\"query-input\":{\"@type\":\"PropertyValueSpecification\",\"valueRequired\":true,\"valueName\":\"search_term_string\"}}],\"inLanguage\":\"es\"},{\"@type\":\"Organization\",\"@id\":\"https:\\\/\\\/www.scenicrights.com\\\/es\\\/#organization\",\"name\":\"Scenic\u00a0Rights\",\"url\":\"https:\\\/\\\/www.scenicrights.com\\\/es\\\/\",\"logo\":{\"@type\":\"ImageObject\",\"inLanguage\":\"es\",\"@id\":\"https:\\\/\\\/www.scenicrights.com\\\/es\\\/#\\\/schema\\\/logo\\\/image\\\/\",\"url\":\"https:\\\/\\\/www.scenicrights.com\\\/wp-content\\\/uploads\\\/2023\\\/07\\\/logo-horizontal-web.png\",\"contentUrl\":\"https:\\\/\\\/www.scenicrights.com\\\/wp-content\\\/uploads\\\/2023\\\/07\\\/logo-horizontal-web.png\",\"width\":644,\"height\":225,\"caption\":\"Scenic\u00a0Rights\"},\"image\":{\"@id\":\"https:\\\/\\\/www.scenicrights.com\\\/es\\\/#\\\/schema\\\/logo\\\/image\\\/\"}}]}<\/script>\n<!-- \/ Yoast SEO plugin. -->","yoast_head_json":{"title":"La posada del viajero - Scenic\u00a0Rights","robots":{"index":"index","follow":"follow","max-snippet":"max-snippet:-1","max-image-preview":"max-image-preview:large","max-video-preview":"max-video-preview:-1"},"canonical":"https:\/\/www.scenicrights.com\/es\/projects\/la-posada-del-viajero\/","og_locale":"es_ES","og_type":"article","og_title":"La posada del viajero - Scenic\u00a0Rights","og_description":"El rey corre peligro y una humilde familia est&aacute; detr&aacute;s de ello. &nbsp; A finales del s. XIX, la cat&aacute;strofe del carguero Cabo Machichaco en Santander, [&hellip;]","og_url":"https:\/\/www.scenicrights.com\/es\/projects\/la-posada-del-viajero\/","og_site_name":"Scenic\u00a0Rights","article_modified_time":"2024-04-02T08:08:54+00:00","og_image":[{"width":1001,"height":1500,"url":"https:\/\/www.scenicrights.com\/wp-content\/uploads\/2023\/09\/kvHOYKiH60uVwTsU6eOATQ.jpg","type":"image\/jpeg"}],"twitter_card":"summary_large_image","schema":{"@context":"https:\/\/schema.org","@graph":[{"@type":"WebPage","@id":"https:\/\/www.scenicrights.com\/es\/projects\/la-posada-del-viajero\/","url":"https:\/\/www.scenicrights.com\/es\/projects\/la-posada-del-viajero\/","name":"La posada del viajero - Scenic\u00a0Rights","isPartOf":{"@id":"https:\/\/www.scenicrights.com\/es\/#website"},"primaryImageOfPage":{"@id":"https:\/\/www.scenicrights.com\/es\/projects\/la-posada-del-viajero\/#primaryimage"},"image":{"@id":"https:\/\/www.scenicrights.com\/es\/projects\/la-posada-del-viajero\/#primaryimage"},"thumbnailUrl":"https:\/\/www.scenicrights.com\/wp-content\/uploads\/2023\/09\/kvHOYKiH60uVwTsU6eOATQ.jpg","datePublished":"2023-09-13T13:45:06+00:00","dateModified":"2024-04-02T08:08:54+00:00","breadcrumb":{"@id":"https:\/\/www.scenicrights.com\/es\/projects\/la-posada-del-viajero\/#breadcrumb"},"inLanguage":"es","potentialAction":[{"@type":"ReadAction","target":["https:\/\/www.scenicrights.com\/es\/projects\/la-posada-del-viajero\/"]}]},{"@type":"ImageObject","inLanguage":"es","@id":"https:\/\/www.scenicrights.com\/es\/projects\/la-posada-del-viajero\/#primaryimage","url":"https:\/\/www.scenicrights.com\/wp-content\/uploads\/2023\/09\/kvHOYKiH60uVwTsU6eOATQ.jpg","contentUrl":"https:\/\/www.scenicrights.com\/wp-content\/uploads\/2023\/09\/kvHOYKiH60uVwTsU6eOATQ.jpg","width":1001,"height":1500},{"@type":"BreadcrumbList","@id":"https:\/\/www.scenicrights.com\/es\/projects\/la-posada-del-viajero\/#breadcrumb","itemListElement":[{"@type":"ListItem","position":1,"name":"Home","item":"https:\/\/www.scenicrights.com\/es\/"},{"@type":"ListItem","position":2,"name":"La posada del viajero"}]},{"@type":"WebSite","@id":"https:\/\/www.scenicrights.com\/es\/#website","url":"https:\/\/www.scenicrights.com\/es\/","name":"Scenic\u00a0Rights","description":"","publisher":{"@id":"https:\/\/www.scenicrights.com\/es\/#organization"},"potentialAction":[{"@type":"SearchAction","target":{"@type":"EntryPoint","urlTemplate":"https:\/\/www.scenicrights.com\/es\/?s={search_term_string}"},"query-input":{"@type":"PropertyValueSpecification","valueRequired":true,"valueName":"search_term_string"}}],"inLanguage":"es"},{"@type":"Organization","@id":"https:\/\/www.scenicrights.com\/es\/#organization","name":"Scenic\u00a0Rights","url":"https:\/\/www.scenicrights.com\/es\/","logo":{"@type":"ImageObject","inLanguage":"es","@id":"https:\/\/www.scenicrights.com\/es\/#\/schema\/logo\/image\/","url":"https:\/\/www.scenicrights.com\/wp-content\/uploads\/2023\/07\/logo-horizontal-web.png","contentUrl":"https:\/\/www.scenicrights.com\/wp-content\/uploads\/2023\/07\/logo-horizontal-web.png","width":644,"height":225,"caption":"Scenic\u00a0Rights"},"image":{"@id":"https:\/\/www.scenicrights.com\/es\/#\/schema\/logo\/image\/"}}]}},"_links":{"self":[{"href":"https:\/\/www.scenicrights.com\/es\/wp-json\/wp\/v2\/articulo\/18004","targetHints":{"allow":["GET"]}}],"collection":[{"href":"https:\/\/www.scenicrights.com\/es\/wp-json\/wp\/v2\/articulo"}],"about":[{"href":"https:\/\/www.scenicrights.com\/es\/wp-json\/wp\/v2\/types\/articulo"}],"acf:post":[{"embeddable":true,"href":"https:\/\/www.scenicrights.com\/es\/wp-json\/wp\/v2\/autor\/1143"}],"acf:term":[{"embeddable":true,"taxonomy":"licencia","href":"https:\/\/www.scenicrights.com\/es\/wp-json\/wp\/v2\/licencia\/17"},{"embeddable":true,"taxonomy":"art_tag","href":"https:\/\/www.scenicrights.com\/es\/wp-json\/wp\/v2\/art_tag\/1269"},{"embeddable":true,"taxonomy":"art_tag","href":"https:\/\/www.scenicrights.com\/es\/wp-json\/wp\/v2\/art_tag\/479"},{"embeddable":true,"taxonomy":"art_tag","href":"https:\/\/www.scenicrights.com\/es\/wp-json\/wp\/v2\/art_tag\/400"},{"embeddable":true,"taxonomy":"art_tag","href":"https:\/\/www.scenicrights.com\/es\/wp-json\/wp\/v2\/art_tag\/465"},{"embeddable":true,"taxonomy":"art_tag","href":"https:\/\/www.scenicrights.com\/es\/wp-json\/wp\/v2\/art_tag\/363"},{"embeddable":true,"taxonomy":"art_tag","href":"https:\/\/www.scenicrights.com\/es\/wp-json\/wp\/v2\/art_tag\/430"},{"embeddable":true,"taxonomy":"art_tag","href":"https:\/\/www.scenicrights.com\/es\/wp-json\/wp\/v2\/art_tag\/470"},{"embeddable":true,"taxonomy":"art_tag","href":"https:\/\/www.scenicrights.com\/es\/wp-json\/wp\/v2\/art_tag\/1246"},{"embeddable":true,"taxonomy":"tipo","href":"https:\/\/www.scenicrights.com\/es\/wp-json\/wp\/v2\/tipo\/5"},{"embeddable":true,"taxonomy":"subgenero","href":"https:\/\/www.scenicrights.com\/es\/wp-json\/wp\/v2\/subgenero\/79"},{"embeddable":true,"taxonomy":"genero","href":"https:\/\/www.scenicrights.com\/es\/wp-json\/wp\/v2\/genero\/7"}],"wp:featuredmedia":[{"embeddable":true,"href":"https:\/\/www.scenicrights.com\/es\/wp-json\/wp\/v2\/media\/8104"}],"wp:attachment":[{"href":"https:\/\/www.scenicrights.com\/es\/wp-json\/wp\/v2\/media?parent=18004"}],"wp:term":[{"taxonomy":"art_tag","embeddable":true,"href":"https:\/\/www.scenicrights.com\/es\/wp-json\/wp\/v2\/art_tag?post=18004"},{"taxonomy":"genero","embeddable":true,"href":"https:\/\/www.scenicrights.com\/es\/wp-json\/wp\/v2\/genero?post=18004"},{"taxonomy":"licencia","embeddable":true,"href":"https:\/\/www.scenicrights.com\/es\/wp-json\/wp\/v2\/licencia?post=18004"},{"taxonomy":"localizacion","embeddable":true,"href":"https:\/\/www.scenicrights.com\/es\/wp-json\/wp\/v2\/localizacion?post=18004"},{"taxonomy":"produccion","embeddable":true,"href":"https:\/\/www.scenicrights.com\/es\/wp-json\/wp\/v2\/produccion?post=18004"},{"taxonomy":"subgenero","embeddable":true,"href":"https:\/\/www.scenicrights.com\/es\/wp-json\/wp\/v2\/subgenero?post=18004"},{"taxonomy":"tipo","embeddable":true,"href":"https:\/\/www.scenicrights.com\/es\/wp-json\/wp\/v2\/tipo?post=18004"}],"curies":[{"name":"wp","href":"https:\/\/api.w.org\/{rel}","templated":true}]}}