{"id":18008,"date":"2023-09-13T13:45:06","date_gmt":"2023-09-13T13:45:06","guid":{"rendered":"https:\/\/pre.scenicrights.com\/projects\/la-nacion-proyecto-original-de-serie-tv\/"},"modified":"2024-05-16T18:56:05","modified_gmt":"2024-05-16T18:56:05","slug":"la-nacion-proyecto-original-de-serie-tv","status":"publish","type":"articulo","link":"https:\/\/www.scenicrights.com\/es\/projects\/la-nacion-proyecto-original-de-serie-tv\/","title":{"rendered":"La naci\u00f3n &#8211; Proyecto original de Serie TV"},"template":"","art_tag":[1249,430,1253,449,465,545,1422,511,534],"genero":[7],"licencia":[18],"localizacion":[],"produccion":[],"subgenero":[53,72,79],"tipo":[5],"class_list":["post-18008","articulo","type-articulo","status-publish","has-post-thumbnail","hentry","art_tag-crimen","art_tag-familia","art_tag-gangster","art_tag-inmigracion","art_tag-muerte","art_tag-narcotrafico","art_tag-psicologico","art_tag-sociedad","art_tag-violencia","genero-drama","licencia-externa","subgenero-accion","subgenero-policiaco","subgenero-thriller","tipo-proyecto"],"acf":{"generos_tax":[7],"subgeneros_tax":[53,79,72],"tipo_tax":[5],"tags_tax":[430,449,511,534,465,1249,545,1253,1422],"produccion_tax":false,"licencia_tax":18,"localizacion_tax":false,"articulo__titulo_extendido":"","articulo__extracto":"","articulo__contenido":"<p style=\"text-align: right;\"><em><strong>Si es dif\u00edcil es entrar, m\u00e1s dif\u00edcil es salir.<\/strong><\/em><\/p>\r\nElio es un inmigrante venezolano en Espa\u00f1a actual, cuyo \u00fanico objetivo es legalizar su estatus migratorio por traer consigo a su mujer e hija. Frecuenta a LIBERMANN un abogado argentino especialista en casos como el suyo.\r\n\r\nSu despacho coincide con SANTOS, l\u00edder de los \u201cCaribe\u201d, banda latina acusa del crimen de un joven espa\u00f1ol. Una banda neonazi asalta al pandillero a la salida del bufete y accidentalmente es salvado por ELIO.\r\n\r\nEl hecho es visto desde lejos por JIMENA, una oficial de la Guardia Civil que investiga el asesinato del joven espa\u00f1ol y termina presionando al inmigrante para que se infiltre en la pandilla.\r\n\r\nSi lo logra, ser\u00e1 facilitado las maniobras legales para unirse a su familia. As\u00ed ELIO se sumerge en un mundo absolutamente desconocido para \u00e9l.\r\n\r\nAprende que las pandillas no son m\u00e1s que marionetas manejadas por un poder mayor para traficar drogas, se enfrenta a los \u201cCholos\u201d, otra banda que intenta hacerse con el control del tr\u00e1fico y a Basti\u00f3n uno de los grupos xen\u00f3fobos m\u00e1s violentos de Europa, que ve en los inmigrantes el mayor problema de Espa\u00f1a y as\u00ed, pasa por vivencias extremas de odio. Placer y violencia, que lo transforman paulatinamente.\r\n\r\nELIO, que llega a ese mundo con la misi\u00f3n de combatir el crimen, se convierte en un criminal m\u00e1s un hombre radicalmente opuesto al que esperan encontrar su hija y esposa.\r\n\r\n&nbsp;\r\n\r\n<strong>DATOS RELEVANTES: <\/strong>Dos guionistas de renombre internacional proponen un proyecto de Serie original de Televisi\u00f3n que por primera vez aborda el fen\u00f3meno de las Bandas urbanas que operan actualmente en grandes ciudades como Madrid o Barcelona, inspiradas en modelos que afectan a ciudades como Nueva York, Los Angeles y otras grandes capitales occidentales. Las relaciones, negocios y guerras entre bandas Latinas, Neonazis y otras agrupaciones clandestinas de este tipo,\r\nser\u00e1n el epicentro donde el protagonista de esta historia se ver\u00e1 sumergido para lograr su objetivo, recuperar a su familia.\r\n\r\n&nbsp;\r\n\r\n<strong>POTENCIAL FORMATO AUDIOVISUAL:<\/strong> Serie TV\r\n\r\n<strong>IDIOMAS DISPONIBLES: <\/strong>Espa\u00f1ol","articulo__autor":[1126,1817],"_thumbnail_id":8135,"articulo__featured_gallery":"","articulo__galeria_archivos":"","articulo__fecha_de_publicacion":"","articulo__idiomas":"","articulo__dossier":"","idarticle":1050},"yoast_head":"<!-- This site is optimized with the Yoast SEO plugin v27.5 - https:\/\/yoast.com\/product\/yoast-seo-wordpress\/ -->\n<title>La naci\u00f3n - Proyecto original de Serie TV - Scenic\u00a0Rights<\/title>\n<meta name=\"robots\" content=\"index, follow, max-snippet:-1, max-image-preview:large, max-video-preview:-1\" \/>\n<link rel=\"canonical\" href=\"https:\/\/www.scenicrights.com\/es\/projects\/la-nacion-proyecto-original-de-serie-tv\/\" \/>\n<meta property=\"og:locale\" content=\"es_ES\" \/>\n<meta property=\"og:type\" content=\"article\" \/>\n<meta property=\"og:title\" content=\"La naci\u00f3n - Proyecto original de Serie TV - Scenic\u00a0Rights\" \/>\n<meta property=\"og:description\" content=\"Si es dif&iacute;cil es entrar, m&aacute;s dif&iacute;cil es salir. Proyecto original de Serie de TV de Pavel Giroud y Daniel Corpas Elio es un inmigrante venezolano [&hellip;]\" \/>\n<meta property=\"og:url\" content=\"https:\/\/www.scenicrights.com\/es\/projects\/la-nacion-proyecto-original-de-serie-tv\/\" \/>\n<meta property=\"og:site_name\" content=\"Scenic\u00a0Rights\" \/>\n<meta property=\"article:modified_time\" content=\"2024-05-16T18:56:05+00:00\" \/>\n<meta property=\"og:image\" content=\"https:\/\/www.scenicrights.com\/wp-content\/uploads\/2023\/09\/ey90iCJueEWdtCM3mSSHCA.png\" \/>\n\t<meta property=\"og:image:width\" content=\"400\" \/>\n\t<meta property=\"og:image:height\" content=\"478\" \/>\n\t<meta property=\"og:image:type\" content=\"image\/png\" \/>\n<meta name=\"twitter:card\" content=\"summary_large_image\" \/>\n<script type=\"application\/ld+json\" class=\"yoast-schema-graph\">{\"@context\":\"https:\\\/\\\/schema.org\",\"@graph\":[{\"@type\":\"WebPage\",\"@id\":\"https:\\\/\\\/www.scenicrights.com\\\/es\\\/projects\\\/la-nacion-proyecto-original-de-serie-tv\\\/\",\"url\":\"https:\\\/\\\/www.scenicrights.com\\\/es\\\/projects\\\/la-nacion-proyecto-original-de-serie-tv\\\/\",\"name\":\"La naci\u00f3n - Proyecto original de Serie TV - Scenic\u00a0Rights\",\"isPartOf\":{\"@id\":\"https:\\\/\\\/www.scenicrights.com\\\/es\\\/#website\"},\"primaryImageOfPage\":{\"@id\":\"https:\\\/\\\/www.scenicrights.com\\\/es\\\/projects\\\/la-nacion-proyecto-original-de-serie-tv\\\/#primaryimage\"},\"image\":{\"@id\":\"https:\\\/\\\/www.scenicrights.com\\\/es\\\/projects\\\/la-nacion-proyecto-original-de-serie-tv\\\/#primaryimage\"},\"thumbnailUrl\":\"https:\\\/\\\/www.scenicrights.com\\\/wp-content\\\/uploads\\\/2023\\\/09\\\/ey90iCJueEWdtCM3mSSHCA.png\",\"datePublished\":\"2023-09-13T13:45:06+00:00\",\"dateModified\":\"2024-05-16T18:56:05+00:00\",\"breadcrumb\":{\"@id\":\"https:\\\/\\\/www.scenicrights.com\\\/es\\\/projects\\\/la-nacion-proyecto-original-de-serie-tv\\\/#breadcrumb\"},\"inLanguage\":\"es\",\"potentialAction\":[{\"@type\":\"ReadAction\",\"target\":[\"https:\\\/\\\/www.scenicrights.com\\\/es\\\/projects\\\/la-nacion-proyecto-original-de-serie-tv\\\/\"]}]},{\"@type\":\"ImageObject\",\"inLanguage\":\"es\",\"@id\":\"https:\\\/\\\/www.scenicrights.com\\\/es\\\/projects\\\/la-nacion-proyecto-original-de-serie-tv\\\/#primaryimage\",\"url\":\"https:\\\/\\\/www.scenicrights.com\\\/wp-content\\\/uploads\\\/2023\\\/09\\\/ey90iCJueEWdtCM3mSSHCA.png\",\"contentUrl\":\"https:\\\/\\\/www.scenicrights.com\\\/wp-content\\\/uploads\\\/2023\\\/09\\\/ey90iCJueEWdtCM3mSSHCA.png\",\"width\":400,\"height\":478},{\"@type\":\"BreadcrumbList\",\"@id\":\"https:\\\/\\\/www.scenicrights.com\\\/es\\\/projects\\\/la-nacion-proyecto-original-de-serie-tv\\\/#breadcrumb\",\"itemListElement\":[{\"@type\":\"ListItem\",\"position\":1,\"name\":\"Home\",\"item\":\"https:\\\/\\\/www.scenicrights.com\\\/es\\\/\"},{\"@type\":\"ListItem\",\"position\":2,\"name\":\"La naci\u00f3n &#8211; Proyecto original de Serie TV\"}]},{\"@type\":\"WebSite\",\"@id\":\"https:\\\/\\\/www.scenicrights.com\\\/es\\\/#website\",\"url\":\"https:\\\/\\\/www.scenicrights.com\\\/es\\\/\",\"name\":\"Scenic\u00a0Rights\",\"description\":\"\",\"publisher\":{\"@id\":\"https:\\\/\\\/www.scenicrights.com\\\/es\\\/#organization\"},\"potentialAction\":[{\"@type\":\"SearchAction\",\"target\":{\"@type\":\"EntryPoint\",\"urlTemplate\":\"https:\\\/\\\/www.scenicrights.com\\\/es\\\/?s={search_term_string}\"},\"query-input\":{\"@type\":\"PropertyValueSpecification\",\"valueRequired\":true,\"valueName\":\"search_term_string\"}}],\"inLanguage\":\"es\"},{\"@type\":\"Organization\",\"@id\":\"https:\\\/\\\/www.scenicrights.com\\\/es\\\/#organization\",\"name\":\"Scenic\u00a0Rights\",\"url\":\"https:\\\/\\\/www.scenicrights.com\\\/es\\\/\",\"logo\":{\"@type\":\"ImageObject\",\"inLanguage\":\"es\",\"@id\":\"https:\\\/\\\/www.scenicrights.com\\\/es\\\/#\\\/schema\\\/logo\\\/image\\\/\",\"url\":\"https:\\\/\\\/www.scenicrights.com\\\/wp-content\\\/uploads\\\/2023\\\/07\\\/logo-horizontal-web.png\",\"contentUrl\":\"https:\\\/\\\/www.scenicrights.com\\\/wp-content\\\/uploads\\\/2023\\\/07\\\/logo-horizontal-web.png\",\"width\":644,\"height\":225,\"caption\":\"Scenic\u00a0Rights\"},\"image\":{\"@id\":\"https:\\\/\\\/www.scenicrights.com\\\/es\\\/#\\\/schema\\\/logo\\\/image\\\/\"}}]}<\/script>\n<!-- \/ Yoast SEO plugin. -->","yoast_head_json":{"title":"La naci\u00f3n - Proyecto original de Serie TV - Scenic\u00a0Rights","robots":{"index":"index","follow":"follow","max-snippet":"max-snippet:-1","max-image-preview":"max-image-preview:large","max-video-preview":"max-video-preview:-1"},"canonical":"https:\/\/www.scenicrights.com\/es\/projects\/la-nacion-proyecto-original-de-serie-tv\/","og_locale":"es_ES","og_type":"article","og_title":"La naci\u00f3n - Proyecto original de Serie TV - Scenic\u00a0Rights","og_description":"Si es dif&iacute;cil es entrar, m&aacute;s dif&iacute;cil es salir. Proyecto original de Serie de TV de Pavel Giroud y Daniel Corpas Elio es un inmigrante venezolano [&hellip;]","og_url":"https:\/\/www.scenicrights.com\/es\/projects\/la-nacion-proyecto-original-de-serie-tv\/","og_site_name":"Scenic\u00a0Rights","article_modified_time":"2024-05-16T18:56:05+00:00","og_image":[{"width":400,"height":478,"url":"https:\/\/www.scenicrights.com\/wp-content\/uploads\/2023\/09\/ey90iCJueEWdtCM3mSSHCA.png","type":"image\/png"}],"twitter_card":"summary_large_image","schema":{"@context":"https:\/\/schema.org","@graph":[{"@type":"WebPage","@id":"https:\/\/www.scenicrights.com\/es\/projects\/la-nacion-proyecto-original-de-serie-tv\/","url":"https:\/\/www.scenicrights.com\/es\/projects\/la-nacion-proyecto-original-de-serie-tv\/","name":"La naci\u00f3n - Proyecto original de Serie TV - Scenic\u00a0Rights","isPartOf":{"@id":"https:\/\/www.scenicrights.com\/es\/#website"},"primaryImageOfPage":{"@id":"https:\/\/www.scenicrights.com\/es\/projects\/la-nacion-proyecto-original-de-serie-tv\/#primaryimage"},"image":{"@id":"https:\/\/www.scenicrights.com\/es\/projects\/la-nacion-proyecto-original-de-serie-tv\/#primaryimage"},"thumbnailUrl":"https:\/\/www.scenicrights.com\/wp-content\/uploads\/2023\/09\/ey90iCJueEWdtCM3mSSHCA.png","datePublished":"2023-09-13T13:45:06+00:00","dateModified":"2024-05-16T18:56:05+00:00","breadcrumb":{"@id":"https:\/\/www.scenicrights.com\/es\/projects\/la-nacion-proyecto-original-de-serie-tv\/#breadcrumb"},"inLanguage":"es","potentialAction":[{"@type":"ReadAction","target":["https:\/\/www.scenicrights.com\/es\/projects\/la-nacion-proyecto-original-de-serie-tv\/"]}]},{"@type":"ImageObject","inLanguage":"es","@id":"https:\/\/www.scenicrights.com\/es\/projects\/la-nacion-proyecto-original-de-serie-tv\/#primaryimage","url":"https:\/\/www.scenicrights.com\/wp-content\/uploads\/2023\/09\/ey90iCJueEWdtCM3mSSHCA.png","contentUrl":"https:\/\/www.scenicrights.com\/wp-content\/uploads\/2023\/09\/ey90iCJueEWdtCM3mSSHCA.png","width":400,"height":478},{"@type":"BreadcrumbList","@id":"https:\/\/www.scenicrights.com\/es\/projects\/la-nacion-proyecto-original-de-serie-tv\/#breadcrumb","itemListElement":[{"@type":"ListItem","position":1,"name":"Home","item":"https:\/\/www.scenicrights.com\/es\/"},{"@type":"ListItem","position":2,"name":"La naci\u00f3n &#8211; Proyecto original de Serie TV"}]},{"@type":"WebSite","@id":"https:\/\/www.scenicrights.com\/es\/#website","url":"https:\/\/www.scenicrights.com\/es\/","name":"Scenic\u00a0Rights","description":"","publisher":{"@id":"https:\/\/www.scenicrights.com\/es\/#organization"},"potentialAction":[{"@type":"SearchAction","target":{"@type":"EntryPoint","urlTemplate":"https:\/\/www.scenicrights.com\/es\/?s={search_term_string}"},"query-input":{"@type":"PropertyValueSpecification","valueRequired":true,"valueName":"search_term_string"}}],"inLanguage":"es"},{"@type":"Organization","@id":"https:\/\/www.scenicrights.com\/es\/#organization","name":"Scenic\u00a0Rights","url":"https:\/\/www.scenicrights.com\/es\/","logo":{"@type":"ImageObject","inLanguage":"es","@id":"https:\/\/www.scenicrights.com\/es\/#\/schema\/logo\/image\/","url":"https:\/\/www.scenicrights.com\/wp-content\/uploads\/2023\/07\/logo-horizontal-web.png","contentUrl":"https:\/\/www.scenicrights.com\/wp-content\/uploads\/2023\/07\/logo-horizontal-web.png","width":644,"height":225,"caption":"Scenic\u00a0Rights"},"image":{"@id":"https:\/\/www.scenicrights.com\/es\/#\/schema\/logo\/image\/"}}]}},"_links":{"self":[{"href":"https:\/\/www.scenicrights.com\/es\/wp-json\/wp\/v2\/articulo\/18008","targetHints":{"allow":["GET"]}}],"collection":[{"href":"https:\/\/www.scenicrights.com\/es\/wp-json\/wp\/v2\/articulo"}],"about":[{"href":"https:\/\/www.scenicrights.com\/es\/wp-json\/wp\/v2\/types\/articulo"}],"acf:post":[{"embeddable":true,"href":"https:\/\/www.scenicrights.com\/es\/wp-json\/wp\/v2\/autor\/1817"},{"embeddable":true,"href":"https:\/\/www.scenicrights.com\/es\/wp-json\/wp\/v2\/autor\/1126"}],"acf:term":[{"embeddable":true,"taxonomy":"licencia","href":"https:\/\/www.scenicrights.com\/es\/wp-json\/wp\/v2\/licencia\/18"},{"embeddable":true,"taxonomy":"art_tag","href":"https:\/\/www.scenicrights.com\/es\/wp-json\/wp\/v2\/art_tag\/1422"},{"embeddable":true,"taxonomy":"art_tag","href":"https:\/\/www.scenicrights.com\/es\/wp-json\/wp\/v2\/art_tag\/1253"},{"embeddable":true,"taxonomy":"art_tag","href":"https:\/\/www.scenicrights.com\/es\/wp-json\/wp\/v2\/art_tag\/545"},{"embeddable":true,"taxonomy":"art_tag","href":"https:\/\/www.scenicrights.com\/es\/wp-json\/wp\/v2\/art_tag\/1249"},{"embeddable":true,"taxonomy":"art_tag","href":"https:\/\/www.scenicrights.com\/es\/wp-json\/wp\/v2\/art_tag\/465"},{"embeddable":true,"taxonomy":"art_tag","href":"https:\/\/www.scenicrights.com\/es\/wp-json\/wp\/v2\/art_tag\/534"},{"embeddable":true,"taxonomy":"art_tag","href":"https:\/\/www.scenicrights.com\/es\/wp-json\/wp\/v2\/art_tag\/511"},{"embeddable":true,"taxonomy":"art_tag","href":"https:\/\/www.scenicrights.com\/es\/wp-json\/wp\/v2\/art_tag\/449"},{"embeddable":true,"taxonomy":"art_tag","href":"https:\/\/www.scenicrights.com\/es\/wp-json\/wp\/v2\/art_tag\/430"},{"embeddable":true,"taxonomy":"tipo","href":"https:\/\/www.scenicrights.com\/es\/wp-json\/wp\/v2\/tipo\/5"},{"embeddable":true,"taxonomy":"subgenero","href":"https:\/\/www.scenicrights.com\/es\/wp-json\/wp\/v2\/subgenero\/72"},{"embeddable":true,"taxonomy":"subgenero","href":"https:\/\/www.scenicrights.com\/es\/wp-json\/wp\/v2\/subgenero\/79"},{"embeddable":true,"taxonomy":"subgenero","href":"https:\/\/www.scenicrights.com\/es\/wp-json\/wp\/v2\/subgenero\/53"},{"embeddable":true,"taxonomy":"genero","href":"https:\/\/www.scenicrights.com\/es\/wp-json\/wp\/v2\/genero\/7"}],"wp:featuredmedia":[{"embeddable":true,"href":"https:\/\/www.scenicrights.com\/es\/wp-json\/wp\/v2\/media\/8135"}],"wp:attachment":[{"href":"https:\/\/www.scenicrights.com\/es\/wp-json\/wp\/v2\/media?parent=18008"}],"wp:term":[{"taxonomy":"art_tag","embeddable":true,"href":"https:\/\/www.scenicrights.com\/es\/wp-json\/wp\/v2\/art_tag?post=18008"},{"taxonomy":"genero","embeddable":true,"href":"https:\/\/www.scenicrights.com\/es\/wp-json\/wp\/v2\/genero?post=18008"},{"taxonomy":"licencia","embeddable":true,"href":"https:\/\/www.scenicrights.com\/es\/wp-json\/wp\/v2\/licencia?post=18008"},{"taxonomy":"localizacion","embeddable":true,"href":"https:\/\/www.scenicrights.com\/es\/wp-json\/wp\/v2\/localizacion?post=18008"},{"taxonomy":"produccion","embeddable":true,"href":"https:\/\/www.scenicrights.com\/es\/wp-json\/wp\/v2\/produccion?post=18008"},{"taxonomy":"subgenero","embeddable":true,"href":"https:\/\/www.scenicrights.com\/es\/wp-json\/wp\/v2\/subgenero?post=18008"},{"taxonomy":"tipo","embeddable":true,"href":"https:\/\/www.scenicrights.com\/es\/wp-json\/wp\/v2\/tipo?post=18008"}],"curies":[{"name":"wp","href":"https:\/\/api.w.org\/{rel}","templated":true}]}}