{"id":18075,"date":"2023-09-13T13:53:02","date_gmt":"2023-09-13T13:53:02","guid":{"rendered":"https:\/\/pre.scenicrights.com\/projects\/valle-cazador-de-meigas-proyecto-original-de-serie-tv\/"},"modified":"2024-06-04T01:06:46","modified_gmt":"2024-06-04T01:06:46","slug":"valle-cazador-de-meigas-proyecto-original-de-serie-tv","status":"publish","type":"articulo","link":"https:\/\/www.scenicrights.com\/es\/projects\/valle-cazador-de-meigas-proyecto-original-de-serie-tv\/","title":{"rendered":"Valle, cazador de meigas &#8211; Proyecto Original de Serie TV"},"template":"","art_tag":[593,415,568,1257,553,10,590,496,510],"genero":[7],"licencia":[17],"localizacion":[],"produccion":[],"subgenero":[64,1331,79],"tipo":[5],"class_list":["post-18075","articulo","type-articulo","status-publish","has-post-thumbnail","hentry","art_tag-brujas","art_tag-doble-vida","art_tag-espana","art_tag-justicia","art_tag-literatura","art_tag-periodismo","art_tag-persecucion","art_tag-rivalidad","art_tag-sobrenatural","genero-drama","licencia-propia","subgenero-fantasia","subgenero-superheroes","subgenero-thriller","tipo-proyecto"],"acf":{"generos_tax":[7],"subgeneros_tax":[64,79,1331],"tipo_tax":[5],"tags_tax":[593,415,568,553,590,496,1257,10,510],"produccion_tax":false,"licencia_tax":17,"localizacion_tax":false,"articulo__titulo_extendido":"","articulo__extracto":"","articulo__contenido":"<div style=\"clear: both;\">\r\n<div title=\"Page 3\">\r\n<div>\r\n<div>\r\n<p style=\"text-align: right;\"><strong><em>Valle Incl\u00e1n, un h\u00e9roe de acci\u00f3n del S. XXI luchando contra seres m\u00e1gicos...<\/em><\/strong><\/p>\r\n<p style=\"text-align: right;\"><strong><em>\u00bfNos hemos vuelto locos?<\/em><\/strong><\/p>\r\n\r\n<\/div>\r\n<\/div>\r\n<\/div>\r\n<\/div>\r\n<div style=\"clear: both;\">\r\n<div title=\"Page 4\">\r\n<div>\r\n<div>\r\n\r\nRam\u00f3n Mar\u00eda del Valle Incl\u00e1n no vivi\u00f3 en el S. XIX. Vive en el Madrid de 2033. Bajo su estrafalaria barba y su aspecto de\u00a0hipster\u00a0alternativo y bohemio, se oculta un h\u00e9roe de acci\u00f3n. Valle lleva una doble vida. Es escritor, periodista y dramaturgo pero adem\u00e1s, pelea en una lucha subterr\u00e1nea para salvar a la humanidad. Sus enemigas son unas poderosas mujeres, unas letales brujas llegadas de lo m\u00e1s profundo de su tierra gallega... las meigas.\r\n\r\n&nbsp;\r\n\r\n<\/div>\r\n<\/div>\r\n<\/div>\r\n<strong>D<\/strong><strong>ATOS RELEVANTES:<\/strong>\u00a0<em>El cazador de meigas\u00a0<\/em>es una serie dram\u00e1tica, de g\u00e9nero fant\u00e1stico y acci\u00f3n, un relato de misterio g\u00f3tico salpicado de humor negro. Curro Rojo y Juan Carlos Rubio Cruz son guionistas espa\u00f1oles de mucho renombre, que cuentan con una larga trayectoria en el sector audiovisual, participando como guionistas, directores de contenido, y en la producci\u00f3n de las series m\u00e1s m\u00edticas de la televisi\u00f3n en Espa\u00f1a como\u00a0<em>Cu\u00e9ntame c\u00f3mo pas\u00f3<\/em>, <em>Periodistas<\/em>, <em>M\u00e9dico de familia<\/em>\u00a0y\u00a0<em>Las aventuras del capit\u00e1n Alatriste<\/em>.\r\n\r\n<\/div>\r\n&nbsp;\r\n\r\n<strong>POTENCIAL AUDIOVISUAL:<\/strong> Serie TV, Miniserie, Film, TV Movie\r\n\r\n<strong>IDIOMAS DISPONIBLES:<\/strong> Espa\u00f1ol","articulo__autor":[1074,1044],"_thumbnail_id":25311,"articulo__featured_gallery":"","articulo__galeria_archivos":"","articulo__fecha_de_publicacion":"","articulo__idiomas":"","articulo__dossier":"","idarticle":1117},"yoast_head":"<!-- This site is optimized with the Yoast SEO plugin v27.5 - https:\/\/yoast.com\/product\/yoast-seo-wordpress\/ -->\n<title>Valle, cazador de meigas - Proyecto Original de Serie TV - Scenic\u00a0Rights<\/title>\n<meta name=\"robots\" content=\"index, follow, max-snippet:-1, max-image-preview:large, max-video-preview:-1\" \/>\n<link rel=\"canonical\" href=\"https:\/\/www.scenicrights.com\/es\/projects\/valle-cazador-de-meigas-proyecto-original-de-serie-tv\/\" \/>\n<meta property=\"og:locale\" content=\"es_ES\" \/>\n<meta property=\"og:type\" content=\"article\" \/>\n<meta property=\"og:title\" content=\"Valle, cazador de meigas - Proyecto Original de Serie TV - Scenic\u00a0Rights\" \/>\n<meta property=\"og:description\" content=\"Valle Incl&aacute;n, un h&eacute;roe de acci&oacute;n del S. XXI luchando contra seres m&aacute;gicos&#8230; &iquest;Nos hemos vuelto locos? Ram&oacute;n Mar&iacute;a del Valle Incl&aacute;n no vivi&oacute; en el [&hellip;]\" \/>\n<meta property=\"og:url\" content=\"https:\/\/www.scenicrights.com\/es\/projects\/valle-cazador-de-meigas-proyecto-original-de-serie-tv\/\" \/>\n<meta property=\"og:site_name\" content=\"Scenic\u00a0Rights\" \/>\n<meta property=\"article:modified_time\" content=\"2024-06-04T01:06:46+00:00\" \/>\n<meta property=\"og:image\" content=\"https:\/\/www.scenicrights.com\/wp-content\/uploads\/2023\/09\/PHOTO-2020-04-24-19-20-01.jpg\" \/>\n\t<meta property=\"og:image:width\" content=\"800\" \/>\n\t<meta property=\"og:image:height\" content=\"1000\" \/>\n\t<meta property=\"og:image:type\" content=\"image\/jpeg\" \/>\n<meta name=\"twitter:card\" content=\"summary_large_image\" \/>\n<script type=\"application\/ld+json\" class=\"yoast-schema-graph\">{\"@context\":\"https:\\\/\\\/schema.org\",\"@graph\":[{\"@type\":\"WebPage\",\"@id\":\"https:\\\/\\\/www.scenicrights.com\\\/es\\\/projects\\\/valle-cazador-de-meigas-proyecto-original-de-serie-tv\\\/\",\"url\":\"https:\\\/\\\/www.scenicrights.com\\\/es\\\/projects\\\/valle-cazador-de-meigas-proyecto-original-de-serie-tv\\\/\",\"name\":\"Valle, cazador de meigas - Proyecto Original de Serie TV - Scenic\u00a0Rights\",\"isPartOf\":{\"@id\":\"https:\\\/\\\/www.scenicrights.com\\\/es\\\/#website\"},\"primaryImageOfPage\":{\"@id\":\"https:\\\/\\\/www.scenicrights.com\\\/es\\\/projects\\\/valle-cazador-de-meigas-proyecto-original-de-serie-tv\\\/#primaryimage\"},\"image\":{\"@id\":\"https:\\\/\\\/www.scenicrights.com\\\/es\\\/projects\\\/valle-cazador-de-meigas-proyecto-original-de-serie-tv\\\/#primaryimage\"},\"thumbnailUrl\":\"https:\\\/\\\/www.scenicrights.com\\\/wp-content\\\/uploads\\\/2023\\\/09\\\/PHOTO-2020-04-24-19-20-01.jpg\",\"datePublished\":\"2023-09-13T13:53:02+00:00\",\"dateModified\":\"2024-06-04T01:06:46+00:00\",\"breadcrumb\":{\"@id\":\"https:\\\/\\\/www.scenicrights.com\\\/es\\\/projects\\\/valle-cazador-de-meigas-proyecto-original-de-serie-tv\\\/#breadcrumb\"},\"inLanguage\":\"es\",\"potentialAction\":[{\"@type\":\"ReadAction\",\"target\":[\"https:\\\/\\\/www.scenicrights.com\\\/es\\\/projects\\\/valle-cazador-de-meigas-proyecto-original-de-serie-tv\\\/\"]}]},{\"@type\":\"ImageObject\",\"inLanguage\":\"es\",\"@id\":\"https:\\\/\\\/www.scenicrights.com\\\/es\\\/projects\\\/valle-cazador-de-meigas-proyecto-original-de-serie-tv\\\/#primaryimage\",\"url\":\"https:\\\/\\\/www.scenicrights.com\\\/wp-content\\\/uploads\\\/2023\\\/09\\\/PHOTO-2020-04-24-19-20-01.jpg\",\"contentUrl\":\"https:\\\/\\\/www.scenicrights.com\\\/wp-content\\\/uploads\\\/2023\\\/09\\\/PHOTO-2020-04-24-19-20-01.jpg\",\"width\":800,\"height\":1000},{\"@type\":\"BreadcrumbList\",\"@id\":\"https:\\\/\\\/www.scenicrights.com\\\/es\\\/projects\\\/valle-cazador-de-meigas-proyecto-original-de-serie-tv\\\/#breadcrumb\",\"itemListElement\":[{\"@type\":\"ListItem\",\"position\":1,\"name\":\"Home\",\"item\":\"https:\\\/\\\/www.scenicrights.com\\\/es\\\/\"},{\"@type\":\"ListItem\",\"position\":2,\"name\":\"Valle, cazador de meigas &#8211; Proyecto Original de Serie TV\"}]},{\"@type\":\"WebSite\",\"@id\":\"https:\\\/\\\/www.scenicrights.com\\\/es\\\/#website\",\"url\":\"https:\\\/\\\/www.scenicrights.com\\\/es\\\/\",\"name\":\"Scenic\u00a0Rights\",\"description\":\"\",\"publisher\":{\"@id\":\"https:\\\/\\\/www.scenicrights.com\\\/es\\\/#organization\"},\"potentialAction\":[{\"@type\":\"SearchAction\",\"target\":{\"@type\":\"EntryPoint\",\"urlTemplate\":\"https:\\\/\\\/www.scenicrights.com\\\/es\\\/?s={search_term_string}\"},\"query-input\":{\"@type\":\"PropertyValueSpecification\",\"valueRequired\":true,\"valueName\":\"search_term_string\"}}],\"inLanguage\":\"es\"},{\"@type\":\"Organization\",\"@id\":\"https:\\\/\\\/www.scenicrights.com\\\/es\\\/#organization\",\"name\":\"Scenic\u00a0Rights\",\"url\":\"https:\\\/\\\/www.scenicrights.com\\\/es\\\/\",\"logo\":{\"@type\":\"ImageObject\",\"inLanguage\":\"es\",\"@id\":\"https:\\\/\\\/www.scenicrights.com\\\/es\\\/#\\\/schema\\\/logo\\\/image\\\/\",\"url\":\"https:\\\/\\\/www.scenicrights.com\\\/wp-content\\\/uploads\\\/2023\\\/07\\\/logo-horizontal-web.png\",\"contentUrl\":\"https:\\\/\\\/www.scenicrights.com\\\/wp-content\\\/uploads\\\/2023\\\/07\\\/logo-horizontal-web.png\",\"width\":644,\"height\":225,\"caption\":\"Scenic\u00a0Rights\"},\"image\":{\"@id\":\"https:\\\/\\\/www.scenicrights.com\\\/es\\\/#\\\/schema\\\/logo\\\/image\\\/\"}}]}<\/script>\n<!-- \/ Yoast SEO plugin. -->","yoast_head_json":{"title":"Valle, cazador de meigas - Proyecto Original de Serie TV - Scenic\u00a0Rights","robots":{"index":"index","follow":"follow","max-snippet":"max-snippet:-1","max-image-preview":"max-image-preview:large","max-video-preview":"max-video-preview:-1"},"canonical":"https:\/\/www.scenicrights.com\/es\/projects\/valle-cazador-de-meigas-proyecto-original-de-serie-tv\/","og_locale":"es_ES","og_type":"article","og_title":"Valle, cazador de meigas - Proyecto Original de Serie TV - Scenic\u00a0Rights","og_description":"Valle Incl&aacute;n, un h&eacute;roe de acci&oacute;n del S. XXI luchando contra seres m&aacute;gicos&#8230; &iquest;Nos hemos vuelto locos? Ram&oacute;n Mar&iacute;a del Valle Incl&aacute;n no vivi&oacute; en el [&hellip;]","og_url":"https:\/\/www.scenicrights.com\/es\/projects\/valle-cazador-de-meigas-proyecto-original-de-serie-tv\/","og_site_name":"Scenic\u00a0Rights","article_modified_time":"2024-06-04T01:06:46+00:00","og_image":[{"width":800,"height":1000,"url":"https:\/\/www.scenicrights.com\/wp-content\/uploads\/2023\/09\/PHOTO-2020-04-24-19-20-01.jpg","type":"image\/jpeg"}],"twitter_card":"summary_large_image","schema":{"@context":"https:\/\/schema.org","@graph":[{"@type":"WebPage","@id":"https:\/\/www.scenicrights.com\/es\/projects\/valle-cazador-de-meigas-proyecto-original-de-serie-tv\/","url":"https:\/\/www.scenicrights.com\/es\/projects\/valle-cazador-de-meigas-proyecto-original-de-serie-tv\/","name":"Valle, cazador de meigas - Proyecto Original de Serie TV - Scenic\u00a0Rights","isPartOf":{"@id":"https:\/\/www.scenicrights.com\/es\/#website"},"primaryImageOfPage":{"@id":"https:\/\/www.scenicrights.com\/es\/projects\/valle-cazador-de-meigas-proyecto-original-de-serie-tv\/#primaryimage"},"image":{"@id":"https:\/\/www.scenicrights.com\/es\/projects\/valle-cazador-de-meigas-proyecto-original-de-serie-tv\/#primaryimage"},"thumbnailUrl":"https:\/\/www.scenicrights.com\/wp-content\/uploads\/2023\/09\/PHOTO-2020-04-24-19-20-01.jpg","datePublished":"2023-09-13T13:53:02+00:00","dateModified":"2024-06-04T01:06:46+00:00","breadcrumb":{"@id":"https:\/\/www.scenicrights.com\/es\/projects\/valle-cazador-de-meigas-proyecto-original-de-serie-tv\/#breadcrumb"},"inLanguage":"es","potentialAction":[{"@type":"ReadAction","target":["https:\/\/www.scenicrights.com\/es\/projects\/valle-cazador-de-meigas-proyecto-original-de-serie-tv\/"]}]},{"@type":"ImageObject","inLanguage":"es","@id":"https:\/\/www.scenicrights.com\/es\/projects\/valle-cazador-de-meigas-proyecto-original-de-serie-tv\/#primaryimage","url":"https:\/\/www.scenicrights.com\/wp-content\/uploads\/2023\/09\/PHOTO-2020-04-24-19-20-01.jpg","contentUrl":"https:\/\/www.scenicrights.com\/wp-content\/uploads\/2023\/09\/PHOTO-2020-04-24-19-20-01.jpg","width":800,"height":1000},{"@type":"BreadcrumbList","@id":"https:\/\/www.scenicrights.com\/es\/projects\/valle-cazador-de-meigas-proyecto-original-de-serie-tv\/#breadcrumb","itemListElement":[{"@type":"ListItem","position":1,"name":"Home","item":"https:\/\/www.scenicrights.com\/es\/"},{"@type":"ListItem","position":2,"name":"Valle, cazador de meigas &#8211; Proyecto Original de Serie TV"}]},{"@type":"WebSite","@id":"https:\/\/www.scenicrights.com\/es\/#website","url":"https:\/\/www.scenicrights.com\/es\/","name":"Scenic\u00a0Rights","description":"","publisher":{"@id":"https:\/\/www.scenicrights.com\/es\/#organization"},"potentialAction":[{"@type":"SearchAction","target":{"@type":"EntryPoint","urlTemplate":"https:\/\/www.scenicrights.com\/es\/?s={search_term_string}"},"query-input":{"@type":"PropertyValueSpecification","valueRequired":true,"valueName":"search_term_string"}}],"inLanguage":"es"},{"@type":"Organization","@id":"https:\/\/www.scenicrights.com\/es\/#organization","name":"Scenic\u00a0Rights","url":"https:\/\/www.scenicrights.com\/es\/","logo":{"@type":"ImageObject","inLanguage":"es","@id":"https:\/\/www.scenicrights.com\/es\/#\/schema\/logo\/image\/","url":"https:\/\/www.scenicrights.com\/wp-content\/uploads\/2023\/07\/logo-horizontal-web.png","contentUrl":"https:\/\/www.scenicrights.com\/wp-content\/uploads\/2023\/07\/logo-horizontal-web.png","width":644,"height":225,"caption":"Scenic\u00a0Rights"},"image":{"@id":"https:\/\/www.scenicrights.com\/es\/#\/schema\/logo\/image\/"}}]}},"_links":{"self":[{"href":"https:\/\/www.scenicrights.com\/es\/wp-json\/wp\/v2\/articulo\/18075","targetHints":{"allow":["GET"]}}],"collection":[{"href":"https:\/\/www.scenicrights.com\/es\/wp-json\/wp\/v2\/articulo"}],"about":[{"href":"https:\/\/www.scenicrights.com\/es\/wp-json\/wp\/v2\/types\/articulo"}],"acf:post":[{"embeddable":true,"href":"https:\/\/www.scenicrights.com\/es\/wp-json\/wp\/v2\/autor\/1044"},{"embeddable":true,"href":"https:\/\/www.scenicrights.com\/es\/wp-json\/wp\/v2\/autor\/1074"}],"acf:term":[{"embeddable":true,"taxonomy":"licencia","href":"https:\/\/www.scenicrights.com\/es\/wp-json\/wp\/v2\/licencia\/17"},{"embeddable":true,"taxonomy":"art_tag","href":"https:\/\/www.scenicrights.com\/es\/wp-json\/wp\/v2\/art_tag\/510"},{"embeddable":true,"taxonomy":"art_tag","href":"https:\/\/www.scenicrights.com\/es\/wp-json\/wp\/v2\/art_tag\/10"},{"embeddable":true,"taxonomy":"art_tag","href":"https:\/\/www.scenicrights.com\/es\/wp-json\/wp\/v2\/art_tag\/1257"},{"embeddable":true,"taxonomy":"art_tag","href":"https:\/\/www.scenicrights.com\/es\/wp-json\/wp\/v2\/art_tag\/496"},{"embeddable":true,"taxonomy":"art_tag","href":"https:\/\/www.scenicrights.com\/es\/wp-json\/wp\/v2\/art_tag\/590"},{"embeddable":true,"taxonomy":"art_tag","href":"https:\/\/www.scenicrights.com\/es\/wp-json\/wp\/v2\/art_tag\/553"},{"embeddable":true,"taxonomy":"art_tag","href":"https:\/\/www.scenicrights.com\/es\/wp-json\/wp\/v2\/art_tag\/568"},{"embeddable":true,"taxonomy":"art_tag","href":"https:\/\/www.scenicrights.com\/es\/wp-json\/wp\/v2\/art_tag\/415"},{"embeddable":true,"taxonomy":"art_tag","href":"https:\/\/www.scenicrights.com\/es\/wp-json\/wp\/v2\/art_tag\/593"},{"embeddable":true,"taxonomy":"tipo","href":"https:\/\/www.scenicrights.com\/es\/wp-json\/wp\/v2\/tipo\/5"},{"embeddable":true,"taxonomy":"subgenero","href":"https:\/\/www.scenicrights.com\/es\/wp-json\/wp\/v2\/subgenero\/1331"},{"embeddable":true,"taxonomy":"subgenero","href":"https:\/\/www.scenicrights.com\/es\/wp-json\/wp\/v2\/subgenero\/79"},{"embeddable":true,"taxonomy":"subgenero","href":"https:\/\/www.scenicrights.com\/es\/wp-json\/wp\/v2\/subgenero\/64"},{"embeddable":true,"taxonomy":"genero","href":"https:\/\/www.scenicrights.com\/es\/wp-json\/wp\/v2\/genero\/7"}],"wp:featuredmedia":[{"embeddable":true,"href":"https:\/\/www.scenicrights.com\/es\/wp-json\/wp\/v2\/media\/25311"}],"wp:attachment":[{"href":"https:\/\/www.scenicrights.com\/es\/wp-json\/wp\/v2\/media?parent=18075"}],"wp:term":[{"taxonomy":"art_tag","embeddable":true,"href":"https:\/\/www.scenicrights.com\/es\/wp-json\/wp\/v2\/art_tag?post=18075"},{"taxonomy":"genero","embeddable":true,"href":"https:\/\/www.scenicrights.com\/es\/wp-json\/wp\/v2\/genero?post=18075"},{"taxonomy":"licencia","embeddable":true,"href":"https:\/\/www.scenicrights.com\/es\/wp-json\/wp\/v2\/licencia?post=18075"},{"taxonomy":"localizacion","embeddable":true,"href":"https:\/\/www.scenicrights.com\/es\/wp-json\/wp\/v2\/localizacion?post=18075"},{"taxonomy":"produccion","embeddable":true,"href":"https:\/\/www.scenicrights.com\/es\/wp-json\/wp\/v2\/produccion?post=18075"},{"taxonomy":"subgenero","embeddable":true,"href":"https:\/\/www.scenicrights.com\/es\/wp-json\/wp\/v2\/subgenero?post=18075"},{"taxonomy":"tipo","embeddable":true,"href":"https:\/\/www.scenicrights.com\/es\/wp-json\/wp\/v2\/tipo?post=18075"}],"curies":[{"name":"wp","href":"https:\/\/api.w.org\/{rel}","templated":true}]}}