{"id":18355,"date":"2023-09-13T14:05:05","date_gmt":"2023-09-13T14:05:05","guid":{"rendered":"https:\/\/pre.scenicrights.com\/projects\/alfonsina-y-la-carretera-alfonsina-e-la-strada\/"},"modified":"2024-04-19T02:39:13","modified_gmt":"2024-04-19T02:39:13","slug":"alfonsina-y-la-carretera-alfonsina-e-la-strada","status":"publish","type":"articulo","link":"https:\/\/www.scenicrights.com\/es\/projects\/alfonsina-y-la-carretera-alfonsina-e-la-strada\/","title":{"rendered":"Alfonsina y la carretera (Alfonsina e la strada)"},"template":"","art_tag":[363,606,431,584,1255,462,475,514],"genero":[1419],"licencia":[17],"localizacion":[],"produccion":[],"subgenero":[56],"tipo":[5],"class_list":["post-18355","articulo","type-articulo","status-publish","has-post-thumbnail","hentry","art_tag-amor","art_tag-empoderamiento","art_tag-familia-disfuncional","art_tag-feminismo","art_tag-hechos-reales","art_tag-matrimonio","art_tag-pasion","art_tag-superacion","genero-no-ficcion","licencia-propia","subgenero-biografia","tipo-proyecto"],"acf":{"generos_tax":[1419],"subgeneros_tax":[56],"tipo_tax":[5],"tags_tax":[363,475,514,584,606,462,431,1255],"produccion_tax":false,"licencia_tax":17,"localizacion_tax":false,"articulo__titulo_extendido":"","articulo__extracto":"","articulo__contenido":"<p style=\"text-align: right;\"><strong><em>La primera mujer que particip\u00f3 en el Giro de Italia.<\/em><\/strong><\/p>\r\n<em>Cuando alcanzaron la meta, ella lo hab\u00eda adelantado por m\u00e1s de dos cuerpos. Cort\u00f3 la cuerda con las manos en el aire, ri\u00e9ndose y llorando, m\u00e1s libre que nunca. Organizadores, ni\u00f1os\u2026 todos, sorprendidos, gritaron: \u00a1Pero es una chica!<\/em>\r\n\r\nAlfonsina Strada fue la primera mujer que particip\u00f3 en el Giro de Italia. Naci\u00f3 en 1891 y muri\u00f3 en 1959, con 68 a\u00f1os. En ese per\u00edodo vivi\u00f3 dos guerras mundiales. Se cas\u00f3 dos veces, la primera con 14 a\u00f1os, para escapar de casa de sus padres, pues all\u00ed le prohib\u00edan montar en bici, as\u00ed que ella ment\u00eda y dec\u00eda que iba a misa para poder hacerlo. Su joven marido, Luigi Strada, era mec\u00e1nico y le compr\u00f3 una bici. Era un hombre amable con una salud fr\u00e1gil que muri\u00f3 tras duros y largos a\u00f1os en un sanatorio mental, pero la amaba tan sinceramente como ella a \u00e9l. Alfonsina mantuvo su apellido incluso despu\u00e9s de casarse por segunda vez.\r\n\r\nCuando ten\u00eda 16 a\u00f1os, se mud\u00f3 a Tur\u00edn, donde el ciclismo era un deporte importante y las mujeres ciclistas no eran un esc\u00e1ndalo. All\u00ed empez\u00f3 a competir y se gan\u00f3 el t\u00edtulo de <em>Mejor ciclista femenina<\/em>. Conoci\u00f3 entonces a Carlo Messori, quien la convenci\u00f3 para ir con \u00e9l al Grand Prix de San Petesburgo en 1909, donde recibi\u00f3 una medalla del Zar Nicol\u00e1s II. Cuando muri\u00f3 su primer marido, se cas\u00f3 con Messori.\r\n\r\nEn 1917 Alfonsina se registr\u00f3 como participante en el Tour de Lombard\u00eda. No hab\u00eda ninguna norma que le impidiera participar, as\u00ed que fue registrada como amateur, y, por primera vez, participar\u00eda en una carrera compitiendo contra hombres. Esa vez fue la \u00faltima en llegar a la meta, pero en su segundo Tour de Lombard\u00eda termin\u00f3 entre los veinte primeros, lo que la hizo sentirse preparada para participar en el Giro de Italia.\r\n\r\nEn 1924, el Giro de Italia peligraba debido a que los organizadores se negaban a pagarle a deportistas famosos para competir, lo que provoc\u00f3 que algunos de los grandes campeones no participaran y hubiese el riesgo de que la carrera pasase desapercibida. Mucha gente ten\u00eda miedo de que este Giro pudiese parecer una farsa. As\u00ed, aceptaron la petici\u00f3n de una mujer de treinta a\u00f1os que insist\u00eda en participar. All\u00ed estaba Alfonsina Strada, que hab\u00eda participado ya en dos Tours de Lombard\u00eda y quer\u00eda llegar a lo m\u00e1s alto. Durante todos los d\u00edas de la carrera la excluyeron de la clasificaci\u00f3n diaria. S\u00f3lo 30 participantes de los 90 que empezaron la carrera consiguieron llegar terminar el Giro, y Alfonsina era una de ellos.\r\n\r\n&nbsp;\r\n\r\n<strong>DATOS RELEVANTES: <\/strong>Alfonsina Strada fue la primera mujer que particip\u00f3 en el Giro de Italia. El hecho de ser mujer le ocasion\u00f3 muchos obst\u00e1culos para poder llegar a competir. Gan\u00f3 m\u00e1s de 36 carreras compitiendo contra hombres, y la admiraci\u00f3n de muchas estrellas del ciclismo como Constante Girardengo.\r\n\r\nLa autora Simona Baldelli ha sido galardonada con el <strong>Premio Calvino<\/strong>, el <strong>Premio Citt\u00e0 di Gubbio<\/strong>, el <strong>Premio Literario de Lugnano<\/strong>, y el <strong>Premio John Fante <\/strong>por su obra literaria.\r\n\r\n&nbsp;\r\n\r\n<strong>POTENCIAL AUDIOVISUAL<\/strong>: Serie TV, Film, Miniserie, TV Movie.\r\n\r\n<strong>IDIOMAS DISPONIBLES: <\/strong>Italiano, Alem\u00e1n, muestra disponible en Ingl\u00e9s.","articulo__autor":[1809],"_thumbnail_id":10583,"articulo__featured_gallery":"","articulo__galeria_archivos":"","articulo__fecha_de_publicacion":"","articulo__idiomas":"","articulo__dossier":"","idarticle":1398},"yoast_head":"<!-- This site is optimized with the Yoast SEO plugin v27.4 - https:\/\/yoast.com\/product\/yoast-seo-wordpress\/ -->\n<title>Alfonsina y la carretera (Alfonsina e la strada) - Scenic\u00a0Rights<\/title>\n<meta name=\"robots\" content=\"index, follow, max-snippet:-1, max-image-preview:large, max-video-preview:-1\" \/>\n<link rel=\"canonical\" href=\"https:\/\/www.scenicrights.com\/es\/projects\/alfonsina-y-la-carretera-alfonsina-e-la-strada\/\" \/>\n<meta property=\"og:locale\" content=\"es_ES\" \/>\n<meta property=\"og:type\" content=\"article\" \/>\n<meta property=\"og:title\" content=\"Alfonsina y la carretera (Alfonsina e la strada) - Scenic\u00a0Rights\" \/>\n<meta property=\"og:description\" content=\"La primera mujer que particip&oacute; en el Giro de Italia. Cuando alcanzaron la meta, ella lo hab&iacute;a adelantado por m&aacute;s de dos cuerpos. Cort&oacute; la cuerda [&hellip;]\" \/>\n<meta property=\"og:url\" content=\"https:\/\/www.scenicrights.com\/es\/projects\/alfonsina-y-la-carretera-alfonsina-e-la-strada\/\" \/>\n<meta property=\"og:site_name\" content=\"Scenic\u00a0Rights\" \/>\n<meta property=\"article:modified_time\" content=\"2024-04-19T02:39:13+00:00\" \/>\n<meta property=\"og:image\" content=\"https:\/\/www.scenicrights.com\/wp-content\/uploads\/2023\/09\/uykdrwlvJE6brmmZX5kYBQ.jpg\" \/>\n\t<meta property=\"og:image:width\" content=\"416\" \/>\n\t<meta property=\"og:image:height\" content=\"608\" \/>\n\t<meta property=\"og:image:type\" content=\"image\/jpeg\" \/>\n<meta name=\"twitter:card\" content=\"summary_large_image\" \/>\n<script type=\"application\/ld+json\" class=\"yoast-schema-graph\">{\"@context\":\"https:\\\/\\\/schema.org\",\"@graph\":[{\"@type\":\"WebPage\",\"@id\":\"https:\\\/\\\/www.scenicrights.com\\\/es\\\/projects\\\/alfonsina-y-la-carretera-alfonsina-e-la-strada\\\/\",\"url\":\"https:\\\/\\\/www.scenicrights.com\\\/es\\\/projects\\\/alfonsina-y-la-carretera-alfonsina-e-la-strada\\\/\",\"name\":\"Alfonsina y la carretera (Alfonsina e la strada) - Scenic\u00a0Rights\",\"isPartOf\":{\"@id\":\"https:\\\/\\\/www.scenicrights.com\\\/es\\\/#website\"},\"primaryImageOfPage\":{\"@id\":\"https:\\\/\\\/www.scenicrights.com\\\/es\\\/projects\\\/alfonsina-y-la-carretera-alfonsina-e-la-strada\\\/#primaryimage\"},\"image\":{\"@id\":\"https:\\\/\\\/www.scenicrights.com\\\/es\\\/projects\\\/alfonsina-y-la-carretera-alfonsina-e-la-strada\\\/#primaryimage\"},\"thumbnailUrl\":\"https:\\\/\\\/www.scenicrights.com\\\/wp-content\\\/uploads\\\/2023\\\/09\\\/uykdrwlvJE6brmmZX5kYBQ.jpg\",\"datePublished\":\"2023-09-13T14:05:05+00:00\",\"dateModified\":\"2024-04-19T02:39:13+00:00\",\"breadcrumb\":{\"@id\":\"https:\\\/\\\/www.scenicrights.com\\\/es\\\/projects\\\/alfonsina-y-la-carretera-alfonsina-e-la-strada\\\/#breadcrumb\"},\"inLanguage\":\"es\",\"potentialAction\":[{\"@type\":\"ReadAction\",\"target\":[\"https:\\\/\\\/www.scenicrights.com\\\/es\\\/projects\\\/alfonsina-y-la-carretera-alfonsina-e-la-strada\\\/\"]}]},{\"@type\":\"ImageObject\",\"inLanguage\":\"es\",\"@id\":\"https:\\\/\\\/www.scenicrights.com\\\/es\\\/projects\\\/alfonsina-y-la-carretera-alfonsina-e-la-strada\\\/#primaryimage\",\"url\":\"https:\\\/\\\/www.scenicrights.com\\\/wp-content\\\/uploads\\\/2023\\\/09\\\/uykdrwlvJE6brmmZX5kYBQ.jpg\",\"contentUrl\":\"https:\\\/\\\/www.scenicrights.com\\\/wp-content\\\/uploads\\\/2023\\\/09\\\/uykdrwlvJE6brmmZX5kYBQ.jpg\",\"width\":416,\"height\":608},{\"@type\":\"BreadcrumbList\",\"@id\":\"https:\\\/\\\/www.scenicrights.com\\\/es\\\/projects\\\/alfonsina-y-la-carretera-alfonsina-e-la-strada\\\/#breadcrumb\",\"itemListElement\":[{\"@type\":\"ListItem\",\"position\":1,\"name\":\"Home\",\"item\":\"https:\\\/\\\/www.scenicrights.com\\\/es\\\/\"},{\"@type\":\"ListItem\",\"position\":2,\"name\":\"Alfonsina y la carretera (Alfonsina e la strada)\"}]},{\"@type\":\"WebSite\",\"@id\":\"https:\\\/\\\/www.scenicrights.com\\\/es\\\/#website\",\"url\":\"https:\\\/\\\/www.scenicrights.com\\\/es\\\/\",\"name\":\"Scenic\u00a0Rights\",\"description\":\"\",\"publisher\":{\"@id\":\"https:\\\/\\\/www.scenicrights.com\\\/es\\\/#organization\"},\"potentialAction\":[{\"@type\":\"SearchAction\",\"target\":{\"@type\":\"EntryPoint\",\"urlTemplate\":\"https:\\\/\\\/www.scenicrights.com\\\/es\\\/?s={search_term_string}\"},\"query-input\":{\"@type\":\"PropertyValueSpecification\",\"valueRequired\":true,\"valueName\":\"search_term_string\"}}],\"inLanguage\":\"es\"},{\"@type\":\"Organization\",\"@id\":\"https:\\\/\\\/www.scenicrights.com\\\/es\\\/#organization\",\"name\":\"Scenic\u00a0Rights\",\"url\":\"https:\\\/\\\/www.scenicrights.com\\\/es\\\/\",\"logo\":{\"@type\":\"ImageObject\",\"inLanguage\":\"es\",\"@id\":\"https:\\\/\\\/www.scenicrights.com\\\/es\\\/#\\\/schema\\\/logo\\\/image\\\/\",\"url\":\"https:\\\/\\\/www.scenicrights.com\\\/wp-content\\\/uploads\\\/2023\\\/07\\\/logo-horizontal-web.png\",\"contentUrl\":\"https:\\\/\\\/www.scenicrights.com\\\/wp-content\\\/uploads\\\/2023\\\/07\\\/logo-horizontal-web.png\",\"width\":644,\"height\":225,\"caption\":\"Scenic\u00a0Rights\"},\"image\":{\"@id\":\"https:\\\/\\\/www.scenicrights.com\\\/es\\\/#\\\/schema\\\/logo\\\/image\\\/\"}}]}<\/script>\n<!-- \/ Yoast SEO plugin. -->","yoast_head_json":{"title":"Alfonsina y la carretera (Alfonsina e la strada) - Scenic\u00a0Rights","robots":{"index":"index","follow":"follow","max-snippet":"max-snippet:-1","max-image-preview":"max-image-preview:large","max-video-preview":"max-video-preview:-1"},"canonical":"https:\/\/www.scenicrights.com\/es\/projects\/alfonsina-y-la-carretera-alfonsina-e-la-strada\/","og_locale":"es_ES","og_type":"article","og_title":"Alfonsina y la carretera (Alfonsina e la strada) - Scenic\u00a0Rights","og_description":"La primera mujer que particip&oacute; en el Giro de Italia. Cuando alcanzaron la meta, ella lo hab&iacute;a adelantado por m&aacute;s de dos cuerpos. Cort&oacute; la cuerda [&hellip;]","og_url":"https:\/\/www.scenicrights.com\/es\/projects\/alfonsina-y-la-carretera-alfonsina-e-la-strada\/","og_site_name":"Scenic\u00a0Rights","article_modified_time":"2024-04-19T02:39:13+00:00","og_image":[{"width":416,"height":608,"url":"https:\/\/www.scenicrights.com\/wp-content\/uploads\/2023\/09\/uykdrwlvJE6brmmZX5kYBQ.jpg","type":"image\/jpeg"}],"twitter_card":"summary_large_image","schema":{"@context":"https:\/\/schema.org","@graph":[{"@type":"WebPage","@id":"https:\/\/www.scenicrights.com\/es\/projects\/alfonsina-y-la-carretera-alfonsina-e-la-strada\/","url":"https:\/\/www.scenicrights.com\/es\/projects\/alfonsina-y-la-carretera-alfonsina-e-la-strada\/","name":"Alfonsina y la carretera (Alfonsina e la strada) - Scenic\u00a0Rights","isPartOf":{"@id":"https:\/\/www.scenicrights.com\/es\/#website"},"primaryImageOfPage":{"@id":"https:\/\/www.scenicrights.com\/es\/projects\/alfonsina-y-la-carretera-alfonsina-e-la-strada\/#primaryimage"},"image":{"@id":"https:\/\/www.scenicrights.com\/es\/projects\/alfonsina-y-la-carretera-alfonsina-e-la-strada\/#primaryimage"},"thumbnailUrl":"https:\/\/www.scenicrights.com\/wp-content\/uploads\/2023\/09\/uykdrwlvJE6brmmZX5kYBQ.jpg","datePublished":"2023-09-13T14:05:05+00:00","dateModified":"2024-04-19T02:39:13+00:00","breadcrumb":{"@id":"https:\/\/www.scenicrights.com\/es\/projects\/alfonsina-y-la-carretera-alfonsina-e-la-strada\/#breadcrumb"},"inLanguage":"es","potentialAction":[{"@type":"ReadAction","target":["https:\/\/www.scenicrights.com\/es\/projects\/alfonsina-y-la-carretera-alfonsina-e-la-strada\/"]}]},{"@type":"ImageObject","inLanguage":"es","@id":"https:\/\/www.scenicrights.com\/es\/projects\/alfonsina-y-la-carretera-alfonsina-e-la-strada\/#primaryimage","url":"https:\/\/www.scenicrights.com\/wp-content\/uploads\/2023\/09\/uykdrwlvJE6brmmZX5kYBQ.jpg","contentUrl":"https:\/\/www.scenicrights.com\/wp-content\/uploads\/2023\/09\/uykdrwlvJE6brmmZX5kYBQ.jpg","width":416,"height":608},{"@type":"BreadcrumbList","@id":"https:\/\/www.scenicrights.com\/es\/projects\/alfonsina-y-la-carretera-alfonsina-e-la-strada\/#breadcrumb","itemListElement":[{"@type":"ListItem","position":1,"name":"Home","item":"https:\/\/www.scenicrights.com\/es\/"},{"@type":"ListItem","position":2,"name":"Alfonsina y la carretera (Alfonsina e la strada)"}]},{"@type":"WebSite","@id":"https:\/\/www.scenicrights.com\/es\/#website","url":"https:\/\/www.scenicrights.com\/es\/","name":"Scenic\u00a0Rights","description":"","publisher":{"@id":"https:\/\/www.scenicrights.com\/es\/#organization"},"potentialAction":[{"@type":"SearchAction","target":{"@type":"EntryPoint","urlTemplate":"https:\/\/www.scenicrights.com\/es\/?s={search_term_string}"},"query-input":{"@type":"PropertyValueSpecification","valueRequired":true,"valueName":"search_term_string"}}],"inLanguage":"es"},{"@type":"Organization","@id":"https:\/\/www.scenicrights.com\/es\/#organization","name":"Scenic\u00a0Rights","url":"https:\/\/www.scenicrights.com\/es\/","logo":{"@type":"ImageObject","inLanguage":"es","@id":"https:\/\/www.scenicrights.com\/es\/#\/schema\/logo\/image\/","url":"https:\/\/www.scenicrights.com\/wp-content\/uploads\/2023\/07\/logo-horizontal-web.png","contentUrl":"https:\/\/www.scenicrights.com\/wp-content\/uploads\/2023\/07\/logo-horizontal-web.png","width":644,"height":225,"caption":"Scenic\u00a0Rights"},"image":{"@id":"https:\/\/www.scenicrights.com\/es\/#\/schema\/logo\/image\/"}}]}},"_links":{"self":[{"href":"https:\/\/www.scenicrights.com\/es\/wp-json\/wp\/v2\/articulo\/18355","targetHints":{"allow":["GET"]}}],"collection":[{"href":"https:\/\/www.scenicrights.com\/es\/wp-json\/wp\/v2\/articulo"}],"about":[{"href":"https:\/\/www.scenicrights.com\/es\/wp-json\/wp\/v2\/types\/articulo"}],"acf:post":[{"embeddable":true,"href":"https:\/\/www.scenicrights.com\/es\/wp-json\/wp\/v2\/autor\/1809"}],"acf:term":[{"embeddable":true,"taxonomy":"licencia","href":"https:\/\/www.scenicrights.com\/es\/wp-json\/wp\/v2\/licencia\/17"},{"embeddable":true,"taxonomy":"art_tag","href":"https:\/\/www.scenicrights.com\/es\/wp-json\/wp\/v2\/art_tag\/1255"},{"embeddable":true,"taxonomy":"art_tag","href":"https:\/\/www.scenicrights.com\/es\/wp-json\/wp\/v2\/art_tag\/431"},{"embeddable":true,"taxonomy":"art_tag","href":"https:\/\/www.scenicrights.com\/es\/wp-json\/wp\/v2\/art_tag\/462"},{"embeddable":true,"taxonomy":"art_tag","href":"https:\/\/www.scenicrights.com\/es\/wp-json\/wp\/v2\/art_tag\/606"},{"embeddable":true,"taxonomy":"art_tag","href":"https:\/\/www.scenicrights.com\/es\/wp-json\/wp\/v2\/art_tag\/584"},{"embeddable":true,"taxonomy":"art_tag","href":"https:\/\/www.scenicrights.com\/es\/wp-json\/wp\/v2\/art_tag\/514"},{"embeddable":true,"taxonomy":"art_tag","href":"https:\/\/www.scenicrights.com\/es\/wp-json\/wp\/v2\/art_tag\/475"},{"embeddable":true,"taxonomy":"art_tag","href":"https:\/\/www.scenicrights.com\/es\/wp-json\/wp\/v2\/art_tag\/363"},{"embeddable":true,"taxonomy":"tipo","href":"https:\/\/www.scenicrights.com\/es\/wp-json\/wp\/v2\/tipo\/5"},{"embeddable":true,"taxonomy":"subgenero","href":"https:\/\/www.scenicrights.com\/es\/wp-json\/wp\/v2\/subgenero\/56"},{"embeddable":true,"taxonomy":"genero","href":"https:\/\/www.scenicrights.com\/es\/wp-json\/wp\/v2\/genero\/1419"}],"wp:featuredmedia":[{"embeddable":true,"href":"https:\/\/www.scenicrights.com\/es\/wp-json\/wp\/v2\/media\/10583"}],"wp:attachment":[{"href":"https:\/\/www.scenicrights.com\/es\/wp-json\/wp\/v2\/media?parent=18355"}],"wp:term":[{"taxonomy":"art_tag","embeddable":true,"href":"https:\/\/www.scenicrights.com\/es\/wp-json\/wp\/v2\/art_tag?post=18355"},{"taxonomy":"genero","embeddable":true,"href":"https:\/\/www.scenicrights.com\/es\/wp-json\/wp\/v2\/genero?post=18355"},{"taxonomy":"licencia","embeddable":true,"href":"https:\/\/www.scenicrights.com\/es\/wp-json\/wp\/v2\/licencia?post=18355"},{"taxonomy":"localizacion","embeddable":true,"href":"https:\/\/www.scenicrights.com\/es\/wp-json\/wp\/v2\/localizacion?post=18355"},{"taxonomy":"produccion","embeddable":true,"href":"https:\/\/www.scenicrights.com\/es\/wp-json\/wp\/v2\/produccion?post=18355"},{"taxonomy":"subgenero","embeddable":true,"href":"https:\/\/www.scenicrights.com\/es\/wp-json\/wp\/v2\/subgenero?post=18355"},{"taxonomy":"tipo","embeddable":true,"href":"https:\/\/www.scenicrights.com\/es\/wp-json\/wp\/v2\/tipo?post=18355"}],"curies":[{"name":"wp","href":"https:\/\/api.w.org\/{rel}","templated":true}]}}