{"id":18409,"date":"2023-09-13T14:07:15","date_gmt":"2023-09-13T14:07:15","guid":{"rendered":"https:\/\/pre.scenicrights.com\/projects\/primera-pagina\/"},"modified":"2024-04-02T08:07:08","modified_gmt":"2024-04-02T08:07:08","slug":"primera-pagina","status":"publish","type":"articulo","link":"https:\/\/www.scenicrights.com\/es\/projects\/primera-pagina\/","title":{"rendered":"Primera p\u00e1gina"},"template":"","art_tag":[400,1255,12,456,10,479,502],"genero":[1419],"licencia":[17],"localizacion":[],"produccion":[],"subgenero":[79],"tipo":[5],"class_list":["post-18409","articulo","type-articulo","status-publish","has-post-thumbnail","hentry","art_tag-corrupcion","art_tag-hechos-reales","art_tag-investigacion","art_tag-lucha-de-poder","art_tag-periodismo","art_tag-politica","art_tag-secuestro","genero-no-ficcion","licencia-propia","subgenero-thriller","tipo-proyecto"],"acf":{"generos_tax":[1419],"subgeneros_tax":[79],"tipo_tax":[5],"tags_tax":[400,456,1255,12,479,10,502],"produccion_tax":false,"licencia_tax":17,"localizacion_tax":false,"articulo__titulo_extendido":"","articulo__extracto":"","articulo__contenido":"<p style=\"text-align: right;\"><strong><em>El nacimiento de un gran periodo en la \u00e9poca m\u00e1s convulsa del siglo XX espa\u00f1ol.<\/em><\/strong><\/p>\r\n<em>Primera p\u00e1gina<\/em> son las memorias de Juan Luis Cebri\u00e1n, primer director y co-fundador del peri\u00f3dico <em>El Pa\u00eds<\/em>, pero adem\u00e1s es el apasionante relato de los convulsos y sangrientos a\u00f1os que llevaron a Espa\u00f1a de una dictadura a una democracia.\r\n\r\nNacido en Madrid en 1944 en una familia de periodistas, y graduado en Humanidades y Periodismo con tan solo 19 a\u00f1os, Juan Luis Cebri\u00e1n pronto empez\u00f3 a pisar las principales redacciones de la \u00e9poca. Empez\u00f3 a trabajar como redactor jefe del diario <em>Pueblo<\/em>, para luego pasar a la redacci\u00f3n de <em>Informaciones<\/em>, donde fue subdirector con apenas 20 a\u00f1os, y tambi\u00e9n en la de <em>Cuadernos para el di\u00e1<\/em><em>logo<\/em>. Tuvo un fugaz paso por la direcci\u00f3n de informativos de RTVE como jefe de los servicios informativos. Fue el primer director de <em>El Pa\u00eds<\/em>, co-fundado con Jes\u00fas Polanco, que pronto se convirti\u00f3 en el peri\u00f3dico de referencia de Espa\u00f1a, llegando a ser el diario m\u00e1s vendido del pa\u00eds.\r\n\r\nLa lucha de poder sobre el diario da cabida a numerosas confrontaciones, destacando la decepci\u00f3n del ex-vicepresidente del gobierno, Manuel Fraga, por \u201cno ser el peri\u00f3dico liberal que \u00e9l quer\u00eda\u201d; o las conspiraciones de Jos\u00e9 Mar\u00eda de Areilza, consejero nacional del Movimiento Franquista y embajador de Espa\u00f1a, por sentirse \u201cenga\u00f1ado\u201d en cuanto al objetivo previsto de <em>El Pa\u00ed<\/em><em>s.<\/em>\r\n\r\nCebri\u00e1n tambi\u00e9n relata c\u00f3mo fue su paso como consejero delegado del Grupo Prisa; el mayor grupo de medios de comunicaci\u00f3n de contenidos informativos, culturales y educativos en Espa\u00f1a e Hispanoam\u00e9rica.\r\n\r\nFueron a\u00f1os muy intensos que Cebri\u00e1n vivi\u00f3 en primera l\u00ednea, como el atentado sufrido por el diario, su participaci\u00f3n como depositario de mensajes y amenazas del secuestro de Antonio Mar\u00eda de Oriol y Urquijo y del general Villaescusa -en plena conspiraci\u00f3n de la extrema derecha contra la democracia-, as\u00ed como su inicial mediaci\u00f3n en el secuestro del diputado Javier Rup\u00e9rez por la banda terrorista ETA.\r\n\r\n<em>Primera p\u00e1gina<\/em> describe a la perfecci\u00f3n la tensi\u00f3n en las calles por un gobierno convulso en plena transici\u00f3n pol\u00edtica, las guerras soterradas por el control de <em>El Pa\u00eds,<\/em> y hasta el golpe de Estado de 1983 que amenaz\u00f3 con derribar la democracia y devolver a Espa\u00f1a un gobierno dictatorial.\r\n\r\n&nbsp;\r\n\r\n<strong>DATOS RELEVANTES<\/strong>: <em>Primera <\/em>p\u00e1gina son las memorias definitivas de\u00a0Juan Luis Cebri\u00e1n, una de las mayores autoridades del periodismo espa\u00f1ol a nivel nacional e internacional. La obra ha tenido gran repercusi\u00f3n en los medios, protagonizando numerosos titulares de la prensa<em>.<\/em>\r\n\r\nEntre los numerosos premios period\u00edsticos que le han sido otorgados a Cebri\u00e1n, destacan el <strong>Director Internacional del A\u00f1o del New York World Press Review<\/strong>, el <strong>Premio Nacional de Periodismo de Espa\u00f1a<\/strong>, la <strong>Medalla a la Libertad de Expresi\u00f3n de la F. D. Roosevelt Four Freedom Foundation<\/strong> y la <strong>Medalla de Honor de la Universidad de Missouri<\/strong>, el <strong>Premio Internacional Trento de Periodismo y Comunicaci\u00f3n<\/strong>, y el <strong>Premio Joaqu\u00edn Chamorro a la Libertad de Expresi\u00f3n<\/strong>.\r\n\r\nFue reconocido con la Orden de Bernardo O'Higgins, con el <strong>grado de Gran Oficial<\/strong>, la m\u00e1s alta distinci\u00f3n que el gobierno de Chile otorga a destacados ciudadanos extranjeros en reconocimiento a su contribuci\u00f3n para estrechar los lazos entre ambos pa\u00edses, y recibi\u00f3 en Washington el <strong>premio First Amendment<\/strong>, que concede la Asociaci\u00f3n Espa\u00f1ola de los Eisenhower Fellows, por su labor en favor de la libertad de prensa.\r\n\r\n&nbsp;\r\n\r\nSobre <em>Primera p\u00e1gina <\/em>han dicho:\r\n\r\n\u201cUna brillante aproximaci\u00f3n a un periodo de nuestra histor\u00eda que todos vivimos\u201d.- <em>Amazon<\/em>\r\n\r\n\u201cLibro muy recomendable para tener una visi\u00f3n de la pol\u00edtica espa\u00f1ola\u201d.- <em>Amazon<\/em>\r\n\r\n&nbsp;\r\n\r\n<strong>POTENCIAL AUDIOVISUAL<\/strong>: Serie TV, Miniserie, Film, TV Movie.\r\n\r\n<strong>IDIOMAS DISPONIBLES<\/strong>: Espa\u00f1ol.","articulo__autor":[1929],"_thumbnail_id":10961,"articulo__featured_gallery":"","articulo__galeria_archivos":"","articulo__fecha_de_publicacion":"","articulo__idiomas":"","articulo__dossier":"","idarticle":1452},"yoast_head":"<!-- This site is optimized with the Yoast SEO plugin v27.4 - https:\/\/yoast.com\/product\/yoast-seo-wordpress\/ -->\n<title>Primera p\u00e1gina - Scenic\u00a0Rights<\/title>\n<meta name=\"robots\" content=\"index, follow, max-snippet:-1, max-image-preview:large, max-video-preview:-1\" \/>\n<link rel=\"canonical\" href=\"https:\/\/www.scenicrights.com\/es\/projects\/primera-pagina\/\" \/>\n<meta property=\"og:locale\" content=\"es_ES\" \/>\n<meta property=\"og:type\" content=\"article\" \/>\n<meta property=\"og:title\" content=\"Primera p\u00e1gina - Scenic\u00a0Rights\" \/>\n<meta property=\"og:description\" content=\"El nacimiento de un gran periodo en la &eacute;poca m&aacute;s convulsa del siglo XX espa&ntilde;ol. Primera p&aacute;gina son las memorias de Juan Luis Cebri&aacute;n, primer director [&hellip;]\" \/>\n<meta property=\"og:url\" content=\"https:\/\/www.scenicrights.com\/es\/projects\/primera-pagina\/\" \/>\n<meta property=\"og:site_name\" content=\"Scenic\u00a0Rights\" \/>\n<meta property=\"article:modified_time\" content=\"2024-04-02T08:07:08+00:00\" \/>\n<meta property=\"og:image\" content=\"https:\/\/www.scenicrights.com\/wp-content\/uploads\/2023\/09\/Ne3p6sGB2EKgulrdlUryqA.jpg\" \/>\n\t<meta property=\"og:image:width\" content=\"1200\" \/>\n\t<meta property=\"og:image:height\" content=\"1840\" \/>\n\t<meta property=\"og:image:type\" content=\"image\/jpeg\" \/>\n<meta name=\"twitter:card\" content=\"summary_large_image\" \/>\n<script type=\"application\/ld+json\" class=\"yoast-schema-graph\">{\"@context\":\"https:\\\/\\\/schema.org\",\"@graph\":[{\"@type\":\"WebPage\",\"@id\":\"https:\\\/\\\/www.scenicrights.com\\\/es\\\/projects\\\/primera-pagina\\\/\",\"url\":\"https:\\\/\\\/www.scenicrights.com\\\/es\\\/projects\\\/primera-pagina\\\/\",\"name\":\"Primera p\u00e1gina - Scenic\u00a0Rights\",\"isPartOf\":{\"@id\":\"https:\\\/\\\/www.scenicrights.com\\\/es\\\/#website\"},\"primaryImageOfPage\":{\"@id\":\"https:\\\/\\\/www.scenicrights.com\\\/es\\\/projects\\\/primera-pagina\\\/#primaryimage\"},\"image\":{\"@id\":\"https:\\\/\\\/www.scenicrights.com\\\/es\\\/projects\\\/primera-pagina\\\/#primaryimage\"},\"thumbnailUrl\":\"https:\\\/\\\/www.scenicrights.com\\\/wp-content\\\/uploads\\\/2023\\\/09\\\/Ne3p6sGB2EKgulrdlUryqA.jpg\",\"datePublished\":\"2023-09-13T14:07:15+00:00\",\"dateModified\":\"2024-04-02T08:07:08+00:00\",\"breadcrumb\":{\"@id\":\"https:\\\/\\\/www.scenicrights.com\\\/es\\\/projects\\\/primera-pagina\\\/#breadcrumb\"},\"inLanguage\":\"es\",\"potentialAction\":[{\"@type\":\"ReadAction\",\"target\":[\"https:\\\/\\\/www.scenicrights.com\\\/es\\\/projects\\\/primera-pagina\\\/\"]}]},{\"@type\":\"ImageObject\",\"inLanguage\":\"es\",\"@id\":\"https:\\\/\\\/www.scenicrights.com\\\/es\\\/projects\\\/primera-pagina\\\/#primaryimage\",\"url\":\"https:\\\/\\\/www.scenicrights.com\\\/wp-content\\\/uploads\\\/2023\\\/09\\\/Ne3p6sGB2EKgulrdlUryqA.jpg\",\"contentUrl\":\"https:\\\/\\\/www.scenicrights.com\\\/wp-content\\\/uploads\\\/2023\\\/09\\\/Ne3p6sGB2EKgulrdlUryqA.jpg\",\"width\":1200,\"height\":1840},{\"@type\":\"BreadcrumbList\",\"@id\":\"https:\\\/\\\/www.scenicrights.com\\\/es\\\/projects\\\/primera-pagina\\\/#breadcrumb\",\"itemListElement\":[{\"@type\":\"ListItem\",\"position\":1,\"name\":\"Home\",\"item\":\"https:\\\/\\\/www.scenicrights.com\\\/es\\\/\"},{\"@type\":\"ListItem\",\"position\":2,\"name\":\"Primera p\u00e1gina\"}]},{\"@type\":\"WebSite\",\"@id\":\"https:\\\/\\\/www.scenicrights.com\\\/es\\\/#website\",\"url\":\"https:\\\/\\\/www.scenicrights.com\\\/es\\\/\",\"name\":\"Scenic\u00a0Rights\",\"description\":\"\",\"publisher\":{\"@id\":\"https:\\\/\\\/www.scenicrights.com\\\/es\\\/#organization\"},\"potentialAction\":[{\"@type\":\"SearchAction\",\"target\":{\"@type\":\"EntryPoint\",\"urlTemplate\":\"https:\\\/\\\/www.scenicrights.com\\\/es\\\/?s={search_term_string}\"},\"query-input\":{\"@type\":\"PropertyValueSpecification\",\"valueRequired\":true,\"valueName\":\"search_term_string\"}}],\"inLanguage\":\"es\"},{\"@type\":\"Organization\",\"@id\":\"https:\\\/\\\/www.scenicrights.com\\\/es\\\/#organization\",\"name\":\"Scenic\u00a0Rights\",\"url\":\"https:\\\/\\\/www.scenicrights.com\\\/es\\\/\",\"logo\":{\"@type\":\"ImageObject\",\"inLanguage\":\"es\",\"@id\":\"https:\\\/\\\/www.scenicrights.com\\\/es\\\/#\\\/schema\\\/logo\\\/image\\\/\",\"url\":\"https:\\\/\\\/www.scenicrights.com\\\/wp-content\\\/uploads\\\/2023\\\/07\\\/logo-horizontal-web.png\",\"contentUrl\":\"https:\\\/\\\/www.scenicrights.com\\\/wp-content\\\/uploads\\\/2023\\\/07\\\/logo-horizontal-web.png\",\"width\":644,\"height\":225,\"caption\":\"Scenic\u00a0Rights\"},\"image\":{\"@id\":\"https:\\\/\\\/www.scenicrights.com\\\/es\\\/#\\\/schema\\\/logo\\\/image\\\/\"}}]}<\/script>\n<!-- \/ Yoast SEO plugin. -->","yoast_head_json":{"title":"Primera p\u00e1gina - Scenic\u00a0Rights","robots":{"index":"index","follow":"follow","max-snippet":"max-snippet:-1","max-image-preview":"max-image-preview:large","max-video-preview":"max-video-preview:-1"},"canonical":"https:\/\/www.scenicrights.com\/es\/projects\/primera-pagina\/","og_locale":"es_ES","og_type":"article","og_title":"Primera p\u00e1gina - Scenic\u00a0Rights","og_description":"El nacimiento de un gran periodo en la &eacute;poca m&aacute;s convulsa del siglo XX espa&ntilde;ol. Primera p&aacute;gina son las memorias de Juan Luis Cebri&aacute;n, primer director [&hellip;]","og_url":"https:\/\/www.scenicrights.com\/es\/projects\/primera-pagina\/","og_site_name":"Scenic\u00a0Rights","article_modified_time":"2024-04-02T08:07:08+00:00","og_image":[{"width":1200,"height":1840,"url":"https:\/\/www.scenicrights.com\/wp-content\/uploads\/2023\/09\/Ne3p6sGB2EKgulrdlUryqA.jpg","type":"image\/jpeg"}],"twitter_card":"summary_large_image","schema":{"@context":"https:\/\/schema.org","@graph":[{"@type":"WebPage","@id":"https:\/\/www.scenicrights.com\/es\/projects\/primera-pagina\/","url":"https:\/\/www.scenicrights.com\/es\/projects\/primera-pagina\/","name":"Primera p\u00e1gina - Scenic\u00a0Rights","isPartOf":{"@id":"https:\/\/www.scenicrights.com\/es\/#website"},"primaryImageOfPage":{"@id":"https:\/\/www.scenicrights.com\/es\/projects\/primera-pagina\/#primaryimage"},"image":{"@id":"https:\/\/www.scenicrights.com\/es\/projects\/primera-pagina\/#primaryimage"},"thumbnailUrl":"https:\/\/www.scenicrights.com\/wp-content\/uploads\/2023\/09\/Ne3p6sGB2EKgulrdlUryqA.jpg","datePublished":"2023-09-13T14:07:15+00:00","dateModified":"2024-04-02T08:07:08+00:00","breadcrumb":{"@id":"https:\/\/www.scenicrights.com\/es\/projects\/primera-pagina\/#breadcrumb"},"inLanguage":"es","potentialAction":[{"@type":"ReadAction","target":["https:\/\/www.scenicrights.com\/es\/projects\/primera-pagina\/"]}]},{"@type":"ImageObject","inLanguage":"es","@id":"https:\/\/www.scenicrights.com\/es\/projects\/primera-pagina\/#primaryimage","url":"https:\/\/www.scenicrights.com\/wp-content\/uploads\/2023\/09\/Ne3p6sGB2EKgulrdlUryqA.jpg","contentUrl":"https:\/\/www.scenicrights.com\/wp-content\/uploads\/2023\/09\/Ne3p6sGB2EKgulrdlUryqA.jpg","width":1200,"height":1840},{"@type":"BreadcrumbList","@id":"https:\/\/www.scenicrights.com\/es\/projects\/primera-pagina\/#breadcrumb","itemListElement":[{"@type":"ListItem","position":1,"name":"Home","item":"https:\/\/www.scenicrights.com\/es\/"},{"@type":"ListItem","position":2,"name":"Primera p\u00e1gina"}]},{"@type":"WebSite","@id":"https:\/\/www.scenicrights.com\/es\/#website","url":"https:\/\/www.scenicrights.com\/es\/","name":"Scenic\u00a0Rights","description":"","publisher":{"@id":"https:\/\/www.scenicrights.com\/es\/#organization"},"potentialAction":[{"@type":"SearchAction","target":{"@type":"EntryPoint","urlTemplate":"https:\/\/www.scenicrights.com\/es\/?s={search_term_string}"},"query-input":{"@type":"PropertyValueSpecification","valueRequired":true,"valueName":"search_term_string"}}],"inLanguage":"es"},{"@type":"Organization","@id":"https:\/\/www.scenicrights.com\/es\/#organization","name":"Scenic\u00a0Rights","url":"https:\/\/www.scenicrights.com\/es\/","logo":{"@type":"ImageObject","inLanguage":"es","@id":"https:\/\/www.scenicrights.com\/es\/#\/schema\/logo\/image\/","url":"https:\/\/www.scenicrights.com\/wp-content\/uploads\/2023\/07\/logo-horizontal-web.png","contentUrl":"https:\/\/www.scenicrights.com\/wp-content\/uploads\/2023\/07\/logo-horizontal-web.png","width":644,"height":225,"caption":"Scenic\u00a0Rights"},"image":{"@id":"https:\/\/www.scenicrights.com\/es\/#\/schema\/logo\/image\/"}}]}},"_links":{"self":[{"href":"https:\/\/www.scenicrights.com\/es\/wp-json\/wp\/v2\/articulo\/18409","targetHints":{"allow":["GET"]}}],"collection":[{"href":"https:\/\/www.scenicrights.com\/es\/wp-json\/wp\/v2\/articulo"}],"about":[{"href":"https:\/\/www.scenicrights.com\/es\/wp-json\/wp\/v2\/types\/articulo"}],"acf:post":[{"embeddable":true,"href":"https:\/\/www.scenicrights.com\/es\/wp-json\/wp\/v2\/autor\/1929"}],"acf:term":[{"embeddable":true,"taxonomy":"licencia","href":"https:\/\/www.scenicrights.com\/es\/wp-json\/wp\/v2\/licencia\/17"},{"embeddable":true,"taxonomy":"art_tag","href":"https:\/\/www.scenicrights.com\/es\/wp-json\/wp\/v2\/art_tag\/502"},{"embeddable":true,"taxonomy":"art_tag","href":"https:\/\/www.scenicrights.com\/es\/wp-json\/wp\/v2\/art_tag\/10"},{"embeddable":true,"taxonomy":"art_tag","href":"https:\/\/www.scenicrights.com\/es\/wp-json\/wp\/v2\/art_tag\/479"},{"embeddable":true,"taxonomy":"art_tag","href":"https:\/\/www.scenicrights.com\/es\/wp-json\/wp\/v2\/art_tag\/12"},{"embeddable":true,"taxonomy":"art_tag","href":"https:\/\/www.scenicrights.com\/es\/wp-json\/wp\/v2\/art_tag\/1255"},{"embeddable":true,"taxonomy":"art_tag","href":"https:\/\/www.scenicrights.com\/es\/wp-json\/wp\/v2\/art_tag\/456"},{"embeddable":true,"taxonomy":"art_tag","href":"https:\/\/www.scenicrights.com\/es\/wp-json\/wp\/v2\/art_tag\/400"},{"embeddable":true,"taxonomy":"tipo","href":"https:\/\/www.scenicrights.com\/es\/wp-json\/wp\/v2\/tipo\/5"},{"embeddable":true,"taxonomy":"subgenero","href":"https:\/\/www.scenicrights.com\/es\/wp-json\/wp\/v2\/subgenero\/79"},{"embeddable":true,"taxonomy":"genero","href":"https:\/\/www.scenicrights.com\/es\/wp-json\/wp\/v2\/genero\/1419"}],"wp:featuredmedia":[{"embeddable":true,"href":"https:\/\/www.scenicrights.com\/es\/wp-json\/wp\/v2\/media\/10961"}],"wp:attachment":[{"href":"https:\/\/www.scenicrights.com\/es\/wp-json\/wp\/v2\/media?parent=18409"}],"wp:term":[{"taxonomy":"art_tag","embeddable":true,"href":"https:\/\/www.scenicrights.com\/es\/wp-json\/wp\/v2\/art_tag?post=18409"},{"taxonomy":"genero","embeddable":true,"href":"https:\/\/www.scenicrights.com\/es\/wp-json\/wp\/v2\/genero?post=18409"},{"taxonomy":"licencia","embeddable":true,"href":"https:\/\/www.scenicrights.com\/es\/wp-json\/wp\/v2\/licencia?post=18409"},{"taxonomy":"localizacion","embeddable":true,"href":"https:\/\/www.scenicrights.com\/es\/wp-json\/wp\/v2\/localizacion?post=18409"},{"taxonomy":"produccion","embeddable":true,"href":"https:\/\/www.scenicrights.com\/es\/wp-json\/wp\/v2\/produccion?post=18409"},{"taxonomy":"subgenero","embeddable":true,"href":"https:\/\/www.scenicrights.com\/es\/wp-json\/wp\/v2\/subgenero?post=18409"},{"taxonomy":"tipo","embeddable":true,"href":"https:\/\/www.scenicrights.com\/es\/wp-json\/wp\/v2\/tipo?post=18409"}],"curies":[{"name":"wp","href":"https:\/\/api.w.org\/{rel}","templated":true}]}}