{"id":18461,"date":"2024-01-04T14:39:32","date_gmt":"2024-01-04T14:39:32","guid":{"rendered":"https:\/\/pre.scenicrights.com\/projects\/elena-sabe-film\/"},"modified":"2024-04-11T20:01:17","modified_gmt":"2024-04-11T20:01:17","slug":"elena-sabe-film","status":"publish","type":"articulo","link":"https:\/\/www.scenicrights.com\/es\/projects\/elena-sabe-film\/","title":{"rendered":"Elena sabe (Film)"},"template":"","art_tag":[1249,421,430,12,1257,465,570,524],"genero":[7],"licencia":[17],"localizacion":[],"produccion":[16],"subgenero":[72,79],"tipo":[5],"class_list":["post-18461","articulo","type-articulo","status-publish","has-post-thumbnail","hentry","art_tag-crimen","art_tag-enfermedad","art_tag-familia","art_tag-investigacion","art_tag-justicia","art_tag-muerte","art_tag-secretos","art_tag-vejez","genero-drama","licencia-propia","produccion-explotacion","subgenero-policiaco","subgenero-thriller","tipo-proyecto"],"acf":{"generos_tax":[7],"subgeneros_tax":[72,79],"tipo_tax":[5],"tags_tax":[421,430,12,570,524,465,1249,1257],"produccion_tax":16,"licencia_tax":17,"localizacion_tax":false,"articulo__titulo_extendido":"","articulo__extracto":"","articulo__contenido":"<div style=\"clear: both;\">\r\n\r\n[embed]https:\/\/www.youtube.com\/watch?v=P0jWwsPE2_U[\/embed]\r\n\r\n&nbsp;\r\n<p style=\"text-align: right;\"><em><strong><span data-contrast=\"auto\">Sabe que su hija no se suicid\u00f3\u2026 sabe que la han asesinado.<\/span>\u00a0<\/strong><\/em><\/p>\r\n\r\n<\/div>\r\n<div style=\"clear: both;\">\r\n\r\n<span data-contrast=\"auto\">Elena sabe que su hija Rita no se suicid\u00f3\u2026 sabe que la han asesinado. No importa que la encontrasen ahorcada del campanario de la iglesia que sol\u00eda frecuentar, Elena se niega a creer que este haya sido la causa de su muerte. Se niega a creer que Rita hubiera subido a ese campanario una noche como aquella que llov\u00eda porque sabe que Rita ten\u00eda un miedo atroz a los rel\u00e1mpagos y nunca se habr\u00eda acercado. Por ello, Elena no se rinde, aunque la investigaci\u00f3n se considere cerrada, a esclarecer el crimen y encontrar al culpable.<\/span>\r\n\r\n<\/div>\r\n<div style=\"clear: both;\">\r\n\r\n<span data-contrast=\"auto\">Aunque Elena sabe que ya no manda sobre algunas partes de su cuerpo, que en su cerebro sabe lo que tiene que hacer, pero sus extremidades no le responden como ella quisiera, su voluntad por esclarecer este crimen no se quiebra. Su ritmo lo marca la medicaci\u00f3n, estando siempre controlada r\u00edgidamente por el tiempo durante el cual le hace efecto. Por esto, debe tener presente donde se encontrar\u00e1 cuando estos efectos empiecen a fallar. Se encuentra completamente dependiente de sus cuidadores.<\/span>\r\n\r\n<\/div>\r\n<div style=\"clear: both;\">\r\n\r\n<span data-contrast=\"auto\">Elena acude de manera regular a hablar con el inspector Avellaneda, quien la ayuda a investigar el caso m\u00e1s a fondo. Repasan la lista de posibles sospechosos, pero todas las pruebas conducen a un punto muerto. Asediada por la enfermedad, Elena es tambi\u00e9n la menos indicada para encabezar la b\u00fasqueda del asesino, pero sabe que se lo debe a Rita, a la persona que le ha cuidado estos \u00faltimos a\u00f1os durante esta penosa enfermedad. Ha de emprender una larga traves\u00eda luchando contra su propio cuerpo. Y a pesar de su desgracia, Elena no desiste. No importa que apenas pueda caminar, que no sea capaz de sostener erguida su propia cabeza, o que no consiga levantarse de la silla sin ayuda. El Parkinson devora su cuerpo, pero no su voluntad. Y trata de obtener justicia con toda la entereza que su dolencia le permite. Nada la detendr\u00e1 porque, al final de este viaje, Elena encontrar\u00e1 la verdad.\u00a0<\/span>\r\n\r\n<\/div>\r\n<div style=\"clear: both;\">\r\n\r\n<span data-contrast=\"auto\">La historia se articula sobre ese viaje complicado pero esperanzador, traspasando la piel y la mente de Elena, y reflejando la realidad cruda y desgarradora de la enfermedad de Parkinson. <\/span>\r\n\r\n&nbsp;\r\n\r\n<strong><span data-contrast=\"auto\">DATOS RELEVANTES:<\/span><\/strong><span data-contrast=\"auto\">\u00a0En\u00a0<\/span><em><span data-contrast=\"auto\">Elena sabe<\/span><\/em><span data-contrast=\"auto\">, Claudia P<\/span><span data-contrast=\"auto\"><span data-ccp-charstyle=\"Strong\">i\u00f1eiro reflexiona sobre los cuerpos de las mujeres<\/span><\/span><span data-contrast=\"auto\"><span data-ccp-charstyle=\"Strong\">,<\/span><\/span><span data-contrast=\"auto\"><span data-ccp-charstyle=\"Strong\">\u00a0hasta qu\u00e9 punto so<\/span><\/span><span data-contrast=\"auto\"><span data-ccp-charstyle=\"Strong\">n<\/span><\/span><span data-contrast=\"auto\"><span data-ccp-charstyle=\"Strong\">\u00a0due\u00f1as de ellos<\/span><\/span><span data-contrast=\"auto\">,\u00a0<\/span><span data-contrast=\"auto\">cu\u00e1nto p<\/span><span data-contrast=\"auto\">ueden<\/span><span data-contrast=\"auto\">\u00a0decidir y cu\u00e1nto no<\/span><span data-contrast=\"auto\">.\u00a0<\/span><span data-contrast=\"auto\">Tambi\u00e9n<\/span><span data-contrast=\"auto\">\u00a0h<\/span><span data-contrast=\"auto\">abla de enfermedad, de dolor,\u00a0<\/span><span data-contrast=\"auto\">d<\/span><span data-contrast=\"auto\">e la responsabilidad de los hijos\u00a0<\/span><span data-contrast=\"auto\">y\u00a0<\/span><span data-contrast=\"auto\">de cuidar de los padres<\/span><span data-contrast=\"auto\">, todo dentro de una trama detectivesca que empuja la historia contantemente hacia adelante<\/span><span data-contrast=\"auto\">.<\/span>\u00a0<span data-contrast=\"auto\">La novela fue g<\/span><span data-contrast=\"auto\">alardonada con el\u00a0<\/span><strong><span data-contrast=\"auto\">Premio\u00a0<\/span><span data-contrast=\"auto\">LiBeraturpreis<\/span><\/strong>\u00a0<span data-contrast=\"auto\">a la mejor novela escrita por una mujer\u00a0<\/span><span data-contrast=\"auto\">y\u00a0<\/span><span data-contrast=\"auto\">recientemente publicada por Alfaguara tras la concesi\u00f3n del\u00a0<\/span><strong><span data-contrast=\"auto\">Premio Pepe Carvalho de Novela Negra<\/span><\/strong><span data-contrast=\"auto\">.<\/span>\r\n\r\n<\/div>\r\n<div style=\"clear: both;\">\r\n\r\n<span data-contrast=\"auto\">Claudia Pi\u00f1eiro<\/span><span data-contrast=\"auto\">,\u00a0<\/span><span data-contrast=\"auto\">conocida como La Dama de la Novela Negra Argentina<\/span><span data-contrast=\"auto\">,<\/span><span data-contrast=\"auto\">\u00a0es una de las voces m\u00e1s aclamadas de la literatura latinoamericana contempor\u00e1nea<\/span><span data-contrast=\"auto\">. Es\u00a0<\/span><span data-contrast=\"auto\">la autora argentina m<\/span><span data-contrast=\"auto\">\u00e1<\/span><span data-contrast=\"auto\">s traducida\u00a0<\/span><span data-contrast=\"auto\">despu\u00e9s<\/span><span data-contrast=\"auto\">\u00a0de Borges y\u00a0<\/span><span data-contrast=\"auto\">Cort<\/span><span data-contrast=\"auto\">\u00e1<\/span><span data-contrast=\"auto\">zar<\/span><span data-contrast=\"auto\">, y<\/span>\u00a0<span data-contrast=\"auto\">una de las autoras\u00a0<\/span><span data-contrast=\"auto\">hispanoparlantes\u00a0<\/span><span data-contrast=\"auto\">m\u00e1s adaptadas al cine y TV<\/span><span data-contrast=\"auto\">\u00a0en la actualidad<\/span><span data-contrast=\"auto\">.<\/span>\r\n\r\n<\/div>\r\n<div style=\"clear: both;\">\r\n\r\n<span data-contrast=\"auto\">Entre su gran cantidad de galardones, destacan el\u00a0<\/span><strong><span data-contrast=\"auto\">Premio Clar\u00edn<\/span><\/strong><span data-contrast=\"auto\">,\u00a0<\/span><span data-contrast=\"auto\">el\u00a0<\/span><strong><span data-contrast=\"auto\">Premio Latinoamericano de Literatura Infantil y Juvenil<\/span><\/strong><span data-contrast=\"auto\">, el\u00a0<\/span><strong><span data-contrast=\"auto\">Premio\u00a0<\/span><span data-contrast=\"auto\">Pl<\/span><span data-contrast=\"auto\">\u00e9<\/span><span data-contrast=\"auto\">yade<\/span><\/strong><span data-contrast=\"auto\">, el\u00a0<\/span><strong><span data-contrast=\"auto\">Premio ACE<\/span><\/strong><span data-contrast=\"auto\">, el<strong>\u00a0<\/strong><\/span><strong><span data-contrast=\"auto\">Premio Sor Juana In<\/span><span data-contrast=\"auto\">\u00e9<\/span><span data-contrast=\"auto\">s de la Cruz<\/span><\/strong><span data-contrast=\"auto\">,\u00a0<\/span><span data-contrast=\"auto\">finalista del\u00a0<\/span><span data-contrast=\"auto\"><strong>Premio Planeta Argentina<\/strong>\u00a0<\/span><span data-contrast=\"auto\">y del\u00a0<\/span><strong><span data-contrast=\"auto\">Premio La Sonrisa Vertical<\/span><span data-contrast=\"auto\">,<\/span><\/strong>\u00a0<span data-contrast=\"auto\">adem\u00e1s de haber sido seleccionada en el\u00a0<\/span><strong><span data-contrast=\"auto\">Concurso Editorial\u00a0<\/span><span data-contrast=\"auto\">Edeb\u00e9<\/span><\/strong><span data-contrast=\"auto\">.<\/span><span data-contrast=\"auto\">\u00a0<\/span>\r\n\r\n&nbsp;\r\n\r\n<span data-contrast=\"auto\">Lo que dice la critica:<\/span>\r\n\r\n<span data-contrast=\"auto\">\u201cSeg\u00fan avanzaba, produc\u00eda una dolorosa intimidad y una conexi\u00f3n m\u00e1s profunda con la historia de Elena. Una conexi\u00f3n que permite llegar al final de ese viaje cansado, al igual que Elena, necesitando una verdad y una ayuda para enfrentarnos a la desaparici\u00f3n de Rita.\u201d En tus libros me cole (blog literario)<\/span>\r\n\r\n&nbsp;\r\n\r\n<\/div>\r\n<div style=\"clear: both;\">\r\n\r\n<strong><span data-contrast=\"auto\">POTENCIAL AUDIOVISUAL:<\/span><\/strong><span data-contrast=\"auto\"> Film.<\/span>\r\n\r\n<\/div>\r\n<div style=\"clear: both;\">\r\n\r\n<strong><span data-contrast=\"auto\">IDIOMAS DISPONIBLES:<\/span><\/strong>\u00a0<span data-contrast=\"auto\">Espa\u00f1ol, ing<\/span><span data-contrast=\"auto\">l\u00e9s, franc\u00e9s, polaco, holand\u00e9s.<\/span>\r\n\r\n<\/div>","articulo__autor":[1633],"_thumbnail_id":22697,"articulo__featured_gallery":"","articulo__galeria_archivos":"","articulo__fecha_de_publicacion":"","articulo__idiomas":"","articulo__dossier":"","idarticle":1504},"yoast_head":"<!-- This site is optimized with the Yoast SEO plugin v27.5 - https:\/\/yoast.com\/product\/yoast-seo-wordpress\/ -->\n<title>Elena sabe (Film) - Scenic\u00a0Rights<\/title>\n<meta name=\"robots\" content=\"index, follow, max-snippet:-1, max-image-preview:large, max-video-preview:-1\" \/>\n<link rel=\"canonical\" href=\"https:\/\/www.scenicrights.com\/es\/projects\/elena-sabe-film\/\" \/>\n<meta property=\"og:locale\" content=\"es_ES\" \/>\n<meta property=\"og:type\" content=\"article\" \/>\n<meta property=\"og:title\" content=\"Elena sabe (Film) - Scenic\u00a0Rights\" \/>\n<meta property=\"og:description\" content=\"Sabe que su hija no se suicid&oacute;&hellip; sabe que la han asesinado.&nbsp; Elena sabe que su hija Rita no se suicid&oacute;&hellip; sabe que la han asesinado. [&hellip;]\" \/>\n<meta property=\"og:url\" content=\"https:\/\/www.scenicrights.com\/es\/projects\/elena-sabe-film\/\" \/>\n<meta property=\"og:site_name\" content=\"Scenic\u00a0Rights\" \/>\n<meta property=\"article:modified_time\" content=\"2024-04-11T20:01:17+00:00\" \/>\n<meta property=\"og:image\" content=\"https:\/\/www.scenicrights.com\/wp-content\/uploads\/2023\/09\/Elena_sabe-264078500-large.jpeg\" \/>\n\t<meta property=\"og:image:width\" content=\"960\" \/>\n\t<meta property=\"og:image:height\" content=\"1200\" \/>\n\t<meta property=\"og:image:type\" content=\"image\/jpeg\" \/>\n<meta name=\"twitter:card\" content=\"summary_large_image\" \/>\n<script type=\"application\/ld+json\" class=\"yoast-schema-graph\">{\"@context\":\"https:\\\/\\\/schema.org\",\"@graph\":[{\"@type\":\"WebPage\",\"@id\":\"https:\\\/\\\/www.scenicrights.com\\\/es\\\/projects\\\/elena-sabe-film\\\/\",\"url\":\"https:\\\/\\\/www.scenicrights.com\\\/es\\\/projects\\\/elena-sabe-film\\\/\",\"name\":\"Elena sabe (Film) - Scenic\u00a0Rights\",\"isPartOf\":{\"@id\":\"https:\\\/\\\/www.scenicrights.com\\\/es\\\/#website\"},\"primaryImageOfPage\":{\"@id\":\"https:\\\/\\\/www.scenicrights.com\\\/es\\\/projects\\\/elena-sabe-film\\\/#primaryimage\"},\"image\":{\"@id\":\"https:\\\/\\\/www.scenicrights.com\\\/es\\\/projects\\\/elena-sabe-film\\\/#primaryimage\"},\"thumbnailUrl\":\"https:\\\/\\\/www.scenicrights.com\\\/wp-content\\\/uploads\\\/2023\\\/09\\\/Elena_sabe-264078500-large.jpeg\",\"datePublished\":\"2024-01-04T14:39:32+00:00\",\"dateModified\":\"2024-04-11T20:01:17+00:00\",\"breadcrumb\":{\"@id\":\"https:\\\/\\\/www.scenicrights.com\\\/es\\\/projects\\\/elena-sabe-film\\\/#breadcrumb\"},\"inLanguage\":\"es\",\"potentialAction\":[{\"@type\":\"ReadAction\",\"target\":[\"https:\\\/\\\/www.scenicrights.com\\\/es\\\/projects\\\/elena-sabe-film\\\/\"]}]},{\"@type\":\"ImageObject\",\"inLanguage\":\"es\",\"@id\":\"https:\\\/\\\/www.scenicrights.com\\\/es\\\/projects\\\/elena-sabe-film\\\/#primaryimage\",\"url\":\"https:\\\/\\\/www.scenicrights.com\\\/wp-content\\\/uploads\\\/2023\\\/09\\\/Elena_sabe-264078500-large.jpeg\",\"contentUrl\":\"https:\\\/\\\/www.scenicrights.com\\\/wp-content\\\/uploads\\\/2023\\\/09\\\/Elena_sabe-264078500-large.jpeg\",\"width\":960,\"height\":1200},{\"@type\":\"BreadcrumbList\",\"@id\":\"https:\\\/\\\/www.scenicrights.com\\\/es\\\/projects\\\/elena-sabe-film\\\/#breadcrumb\",\"itemListElement\":[{\"@type\":\"ListItem\",\"position\":1,\"name\":\"Home\",\"item\":\"https:\\\/\\\/www.scenicrights.com\\\/es\\\/\"},{\"@type\":\"ListItem\",\"position\":2,\"name\":\"Elena sabe (Film)\"}]},{\"@type\":\"WebSite\",\"@id\":\"https:\\\/\\\/www.scenicrights.com\\\/es\\\/#website\",\"url\":\"https:\\\/\\\/www.scenicrights.com\\\/es\\\/\",\"name\":\"Scenic\u00a0Rights\",\"description\":\"\",\"publisher\":{\"@id\":\"https:\\\/\\\/www.scenicrights.com\\\/es\\\/#organization\"},\"potentialAction\":[{\"@type\":\"SearchAction\",\"target\":{\"@type\":\"EntryPoint\",\"urlTemplate\":\"https:\\\/\\\/www.scenicrights.com\\\/es\\\/?s={search_term_string}\"},\"query-input\":{\"@type\":\"PropertyValueSpecification\",\"valueRequired\":true,\"valueName\":\"search_term_string\"}}],\"inLanguage\":\"es\"},{\"@type\":\"Organization\",\"@id\":\"https:\\\/\\\/www.scenicrights.com\\\/es\\\/#organization\",\"name\":\"Scenic\u00a0Rights\",\"url\":\"https:\\\/\\\/www.scenicrights.com\\\/es\\\/\",\"logo\":{\"@type\":\"ImageObject\",\"inLanguage\":\"es\",\"@id\":\"https:\\\/\\\/www.scenicrights.com\\\/es\\\/#\\\/schema\\\/logo\\\/image\\\/\",\"url\":\"https:\\\/\\\/www.scenicrights.com\\\/wp-content\\\/uploads\\\/2023\\\/07\\\/logo-horizontal-web.png\",\"contentUrl\":\"https:\\\/\\\/www.scenicrights.com\\\/wp-content\\\/uploads\\\/2023\\\/07\\\/logo-horizontal-web.png\",\"width\":644,\"height\":225,\"caption\":\"Scenic\u00a0Rights\"},\"image\":{\"@id\":\"https:\\\/\\\/www.scenicrights.com\\\/es\\\/#\\\/schema\\\/logo\\\/image\\\/\"}}]}<\/script>\n<!-- \/ Yoast SEO plugin. -->","yoast_head_json":{"title":"Elena sabe (Film) - Scenic\u00a0Rights","robots":{"index":"index","follow":"follow","max-snippet":"max-snippet:-1","max-image-preview":"max-image-preview:large","max-video-preview":"max-video-preview:-1"},"canonical":"https:\/\/www.scenicrights.com\/es\/projects\/elena-sabe-film\/","og_locale":"es_ES","og_type":"article","og_title":"Elena sabe (Film) - Scenic\u00a0Rights","og_description":"Sabe que su hija no se suicid&oacute;&hellip; sabe que la han asesinado.&nbsp; Elena sabe que su hija Rita no se suicid&oacute;&hellip; sabe que la han asesinado. [&hellip;]","og_url":"https:\/\/www.scenicrights.com\/es\/projects\/elena-sabe-film\/","og_site_name":"Scenic\u00a0Rights","article_modified_time":"2024-04-11T20:01:17+00:00","og_image":[{"width":960,"height":1200,"url":"https:\/\/www.scenicrights.com\/wp-content\/uploads\/2023\/09\/Elena_sabe-264078500-large.jpeg","type":"image\/jpeg"}],"twitter_card":"summary_large_image","schema":{"@context":"https:\/\/schema.org","@graph":[{"@type":"WebPage","@id":"https:\/\/www.scenicrights.com\/es\/projects\/elena-sabe-film\/","url":"https:\/\/www.scenicrights.com\/es\/projects\/elena-sabe-film\/","name":"Elena sabe (Film) - Scenic\u00a0Rights","isPartOf":{"@id":"https:\/\/www.scenicrights.com\/es\/#website"},"primaryImageOfPage":{"@id":"https:\/\/www.scenicrights.com\/es\/projects\/elena-sabe-film\/#primaryimage"},"image":{"@id":"https:\/\/www.scenicrights.com\/es\/projects\/elena-sabe-film\/#primaryimage"},"thumbnailUrl":"https:\/\/www.scenicrights.com\/wp-content\/uploads\/2023\/09\/Elena_sabe-264078500-large.jpeg","datePublished":"2024-01-04T14:39:32+00:00","dateModified":"2024-04-11T20:01:17+00:00","breadcrumb":{"@id":"https:\/\/www.scenicrights.com\/es\/projects\/elena-sabe-film\/#breadcrumb"},"inLanguage":"es","potentialAction":[{"@type":"ReadAction","target":["https:\/\/www.scenicrights.com\/es\/projects\/elena-sabe-film\/"]}]},{"@type":"ImageObject","inLanguage":"es","@id":"https:\/\/www.scenicrights.com\/es\/projects\/elena-sabe-film\/#primaryimage","url":"https:\/\/www.scenicrights.com\/wp-content\/uploads\/2023\/09\/Elena_sabe-264078500-large.jpeg","contentUrl":"https:\/\/www.scenicrights.com\/wp-content\/uploads\/2023\/09\/Elena_sabe-264078500-large.jpeg","width":960,"height":1200},{"@type":"BreadcrumbList","@id":"https:\/\/www.scenicrights.com\/es\/projects\/elena-sabe-film\/#breadcrumb","itemListElement":[{"@type":"ListItem","position":1,"name":"Home","item":"https:\/\/www.scenicrights.com\/es\/"},{"@type":"ListItem","position":2,"name":"Elena sabe (Film)"}]},{"@type":"WebSite","@id":"https:\/\/www.scenicrights.com\/es\/#website","url":"https:\/\/www.scenicrights.com\/es\/","name":"Scenic\u00a0Rights","description":"","publisher":{"@id":"https:\/\/www.scenicrights.com\/es\/#organization"},"potentialAction":[{"@type":"SearchAction","target":{"@type":"EntryPoint","urlTemplate":"https:\/\/www.scenicrights.com\/es\/?s={search_term_string}"},"query-input":{"@type":"PropertyValueSpecification","valueRequired":true,"valueName":"search_term_string"}}],"inLanguage":"es"},{"@type":"Organization","@id":"https:\/\/www.scenicrights.com\/es\/#organization","name":"Scenic\u00a0Rights","url":"https:\/\/www.scenicrights.com\/es\/","logo":{"@type":"ImageObject","inLanguage":"es","@id":"https:\/\/www.scenicrights.com\/es\/#\/schema\/logo\/image\/","url":"https:\/\/www.scenicrights.com\/wp-content\/uploads\/2023\/07\/logo-horizontal-web.png","contentUrl":"https:\/\/www.scenicrights.com\/wp-content\/uploads\/2023\/07\/logo-horizontal-web.png","width":644,"height":225,"caption":"Scenic\u00a0Rights"},"image":{"@id":"https:\/\/www.scenicrights.com\/es\/#\/schema\/logo\/image\/"}}]}},"_links":{"self":[{"href":"https:\/\/www.scenicrights.com\/es\/wp-json\/wp\/v2\/articulo\/18461","targetHints":{"allow":["GET"]}}],"collection":[{"href":"https:\/\/www.scenicrights.com\/es\/wp-json\/wp\/v2\/articulo"}],"about":[{"href":"https:\/\/www.scenicrights.com\/es\/wp-json\/wp\/v2\/types\/articulo"}],"acf:post":[{"embeddable":true,"href":"https:\/\/www.scenicrights.com\/es\/wp-json\/wp\/v2\/autor\/1633"}],"acf:term":[{"embeddable":true,"taxonomy":"licencia","href":"https:\/\/www.scenicrights.com\/es\/wp-json\/wp\/v2\/licencia\/17"},{"embeddable":true,"taxonomy":"produccion","href":"https:\/\/www.scenicrights.com\/es\/wp-json\/wp\/v2\/produccion\/16"},{"embeddable":true,"taxonomy":"art_tag","href":"https:\/\/www.scenicrights.com\/es\/wp-json\/wp\/v2\/art_tag\/1257"},{"embeddable":true,"taxonomy":"art_tag","href":"https:\/\/www.scenicrights.com\/es\/wp-json\/wp\/v2\/art_tag\/1249"},{"embeddable":true,"taxonomy":"art_tag","href":"https:\/\/www.scenicrights.com\/es\/wp-json\/wp\/v2\/art_tag\/465"},{"embeddable":true,"taxonomy":"art_tag","href":"https:\/\/www.scenicrights.com\/es\/wp-json\/wp\/v2\/art_tag\/524"},{"embeddable":true,"taxonomy":"art_tag","href":"https:\/\/www.scenicrights.com\/es\/wp-json\/wp\/v2\/art_tag\/570"},{"embeddable":true,"taxonomy":"art_tag","href":"https:\/\/www.scenicrights.com\/es\/wp-json\/wp\/v2\/art_tag\/12"},{"embeddable":true,"taxonomy":"art_tag","href":"https:\/\/www.scenicrights.com\/es\/wp-json\/wp\/v2\/art_tag\/430"},{"embeddable":true,"taxonomy":"art_tag","href":"https:\/\/www.scenicrights.com\/es\/wp-json\/wp\/v2\/art_tag\/421"},{"embeddable":true,"taxonomy":"tipo","href":"https:\/\/www.scenicrights.com\/es\/wp-json\/wp\/v2\/tipo\/5"},{"embeddable":true,"taxonomy":"subgenero","href":"https:\/\/www.scenicrights.com\/es\/wp-json\/wp\/v2\/subgenero\/79"},{"embeddable":true,"taxonomy":"subgenero","href":"https:\/\/www.scenicrights.com\/es\/wp-json\/wp\/v2\/subgenero\/72"},{"embeddable":true,"taxonomy":"genero","href":"https:\/\/www.scenicrights.com\/es\/wp-json\/wp\/v2\/genero\/7"}],"wp:featuredmedia":[{"embeddable":true,"href":"https:\/\/www.scenicrights.com\/es\/wp-json\/wp\/v2\/media\/22697"}],"wp:attachment":[{"href":"https:\/\/www.scenicrights.com\/es\/wp-json\/wp\/v2\/media?parent=18461"}],"wp:term":[{"taxonomy":"art_tag","embeddable":true,"href":"https:\/\/www.scenicrights.com\/es\/wp-json\/wp\/v2\/art_tag?post=18461"},{"taxonomy":"genero","embeddable":true,"href":"https:\/\/www.scenicrights.com\/es\/wp-json\/wp\/v2\/genero?post=18461"},{"taxonomy":"licencia","embeddable":true,"href":"https:\/\/www.scenicrights.com\/es\/wp-json\/wp\/v2\/licencia?post=18461"},{"taxonomy":"localizacion","embeddable":true,"href":"https:\/\/www.scenicrights.com\/es\/wp-json\/wp\/v2\/localizacion?post=18461"},{"taxonomy":"produccion","embeddable":true,"href":"https:\/\/www.scenicrights.com\/es\/wp-json\/wp\/v2\/produccion?post=18461"},{"taxonomy":"subgenero","embeddable":true,"href":"https:\/\/www.scenicrights.com\/es\/wp-json\/wp\/v2\/subgenero?post=18461"},{"taxonomy":"tipo","embeddable":true,"href":"https:\/\/www.scenicrights.com\/es\/wp-json\/wp\/v2\/tipo?post=18461"}],"curies":[{"name":"wp","href":"https:\/\/api.w.org\/{rel}","templated":true}]}}