{"id":18505,"date":"2023-09-13T14:40:59","date_gmt":"2023-09-13T14:40:59","guid":{"rendered":"https:\/\/pre.scenicrights.com\/projects\/el-sonido-de-tu-cabello\/"},"modified":"2024-03-01T01:54:44","modified_gmt":"2024-03-01T01:54:44","slug":"el-sonido-de-tu-cabello","status":"publish","type":"articulo","link":"https:\/\/www.scenicrights.com\/es\/projects\/el-sonido-de-tu-cabello\/","title":{"rendered":"El sonido de tu cabello"},"template":"","art_tag":[400,1249,416,12,465,589],"genero":[7],"licencia":[17],"localizacion":[],"produccion":[],"subgenero":[72,79],"tipo":[5],"class_list":["post-18505","articulo","type-articulo","status-publish","has-post-thumbnail","hentry","art_tag-corrupcion","art_tag-crimen","art_tag-drogas","art_tag-investigacion","art_tag-muerte","art_tag-pasado","genero-drama","licencia-propia","subgenero-policiaco","subgenero-thriller","tipo-proyecto"],"acf":{"generos_tax":[7],"subgeneros_tax":[72,79],"tipo_tax":[5],"tags_tax":[400,1249,465,12,589,416],"produccion_tax":false,"licencia_tax":17,"localizacion_tax":false,"articulo__titulo_extendido":"","articulo__extracto":"","articulo__contenido":"<div style=\"clear: both;\">\r\n<p align=\"right\"><strong><em>\"Pero prometo mentir lo que haga falta.\"<\/em><\/strong><\/p>\r\n\r\n<\/div>\r\n<div style=\"clear: both;\">\r\n\r\n<span data-contrast=\"none\">Amanece en Las Tres Mil Viviendas, Sevilla (Espa\u00f1a), uno de los suburbios m\u00e1s peligrosos de todo Europa: supermercados de la droga, enfermedades<\/span>\u00a0<span data-contrast=\"none\"><span data-ccp-parastyle=\"Cuerpo\">que<\/span><\/span><span data-contrast=\"none\">\u00a0aunque<\/span>\u00a0<span data-contrast=\"none\">oficialmente erradicadas<\/span><span data-contrast=\"none\">\u00a0aun perduran<\/span><span data-contrast=\"none\">, zonas olvidadas por los servicios p\u00fablicos... Los antidisturbios acordonan la Iglesia Evang\u00e9lica Calvinista, de la que salen los operarios del anat\u00f3mico forense. Empujan una camilla con el cuerpo de una joven. Recuerda a una muerte que tuvo lugar, un a\u00f1o antes, en las mismas circunstancias. Estos dos homicidios podr\u00edan estar relacionados con otros feminicidios que siguen el mismo patr\u00f3n al otro lado del mundo: el barrio mexicano Lomas de Poleo, en Ciudad Ju\u00e1rez. Un lugar marcado por los cientos de\u00a0<\/span><span data-contrast=\"none\">homicidios\u00a0<\/span><span data-contrast=\"none\">y desapariciones sin resolver.<\/span>\r\n\r\n<\/div>\r\n<div style=\"clear: both;\">\r\n\r\n<span data-contrast=\"none\">La inspectora\u00a0<\/span><span data-contrast=\"none\">de polic\u00eda\u00a0<\/span><span data-contrast=\"none\">Perpetua Carrizo<\/span><span data-contrast=\"none\">\u00a0es la responsable de la investigaci\u00f3n.<\/span>\u00a0<span data-contrast=\"none\">Set Santiago, un abogado que, tras cumplir cinco a\u00f1os de prisi\u00f3n, sobrevive gracias al turno de oficio, ha de ocuparse de la defensa del presunto asesino, un ex toxic\u00f3mano. Sacramento Montiel se ocupa de la acusaci\u00f3n hasta que comienza a encontrar pruebas contradictorias, una mujer muy segura de s\u00ed misma si no fuera por\u00a0<\/span><span data-contrast=\"none\">los indicios que sugieren una extra\u00f1a modalidad de violencia de g\u00e9nero. Pronto, los abogados de ambas partes se dar\u00e1n cuenta de su inocencia y comenzar\u00e1n una investigaci\u00f3n para probarla, teniendo que sumergirse en las cloacas del barrio, donde se encontrar\u00e1n con oscuros y peligrosos personajes.<\/span>\r\n\r\n<\/div>\r\n<div style=\"clear: both;\">\r\n\r\n<span data-contrast=\"none\">Un engranaje endiablado<\/span><span data-contrast=\"none\">\u00a0que\u00a0<\/span><span data-contrast=\"none\">se mueve entre Sevilla y Ciudad Ju\u00e1rez,\u00a0<\/span><span data-contrast=\"none\">con el trasfondo de los\u00a0<\/span><span data-contrast=\"none\">feminicidios sin resolver, talleres clandestinos,\u00a0<\/span><span data-contrast=\"none\">edificios en ruinas que son santuarios<\/span><span data-contrast=\"none\">\u00a0de la droga<\/span><span data-contrast=\"none\">, hospitales ilegales<\/span><span data-contrast=\"none\">\u00a0y mucha ambig\u00fcedad moral<\/span><span data-contrast=\"none\">.<\/span>\r\n\r\n&nbsp;\r\n\r\n<strong><span data-contrast=\"none\">DATOS RELEVANTES<\/span><\/strong><span data-contrast=\"none\">:\u00a0<\/span><em><span data-contrast=\"none\">El sonido de tu cabello<\/span><\/em>\u00a0<span data-contrast=\"none\">ha sido ganador<\/span><span data-contrast=\"none\">a<\/span><span data-contrast=\"none\">\u00a0del<\/span>\u00a0<strong><span data-contrast=\"none\">Premio\u00a0<\/span><span data-contrast=\"none\">Unicaja<\/span>\u00a0<span data-contrast=\"none\">de Novela Fernando Qui\u00f1ones<\/span><span data-contrast=\"none\">,\u00a0<\/span><\/strong><span data-contrast=\"none\"><strong>Premio NOVELPOL<\/strong>\u00a0<\/span><span data-contrast=\"none\">a la mejor novela polic\u00edaca<\/span><span data-contrast=\"none\">,\u00a0<\/span><strong><span data-contrast=\"none\">finalista al<\/span><span data-contrast=\"none\">\u00a0Premio Negra y Mortal\u00a0<\/span><\/strong><span data-contrast=\"none\">a la mejor novela negra<\/span><span data-contrast=\"none\">\u00a0y\u00a0<\/span><span data-contrast=\"none\"><strong>nominada a la Mejor Novela VLC Negra<\/strong>.<\/span>\r\n\r\n<\/div>\r\n<div style=\"clear: both;\">\r\n\r\n<span data-contrast=\"none\">Adem\u00e1s<\/span><span data-contrast=\"none\">, su autor, Juan Ram\u00f3n Biedma, ha sido galardonado con\u00a0<\/span><span data-contrast=\"none\">el\u00a0<\/span><strong><span data-contrast=\"none\">P<\/span><span data-contrast=\"none\">remio\u00a0<\/span><span data-contrast=\"none\"><span data-ccp-parastyle=\"Cuerpo\">Hammett<\/span><\/span>\u00a0<\/strong>a<strong>\u00a0<\/strong><span data-contrast=\"none\">la mejor novela policiaca<\/span><span data-contrast=\"none\">,<\/span>\u00a0<strong><span data-contrast=\"none\">el<\/span>\u00a0<span data-contrast=\"none\">Premio\u00a0<\/span><\/strong><span data-contrast=\"none\"><strong>NOVELPOL<\/strong>\u00a0<\/span><span data-contrast=\"none\">a la mejor novela polic\u00edaca<\/span><span data-contrast=\"none\">,<\/span>\u00a0<span data-contrast=\"none\">la\u00a0<\/span><span data-contrast=\"none\"><strong>Menci\u00f3n Especial del Jurado en el Premio de Novela<\/strong>\u00a0<\/span><span data-contrast=\"none\">fallado por la Semana Negra de Gij\u00f3n<\/span><span data-contrast=\"none\">,\u00a0<\/span><span data-contrast=\"none\">el<\/span>\u00a0<strong><span data-contrast=\"none\">Premio\u00a0<\/span><span data-contrast=\"none\">Valencia\u00a0<\/span><span data-contrast=\"none\">de Novela Negra<\/span><\/strong><span data-contrast=\"none\">,\u00a0<\/span><span data-contrast=\"none\">el<\/span>\u00a0<strong><span data-contrast=\"none\">Premio\u00a0<\/span><span data-contrast=\"none\"><span data-ccp-parastyle=\"Cuerpo\">Crucedecables<\/span><\/span><\/strong><span data-contrast=\"none\">,\u00a0<\/span><span data-contrast=\"none\">el<\/span><span data-contrast=\"none\">\u00a0<strong>Premio Especial de la Direcci\u00f3n de la Semana Negra<\/strong><\/span><span data-contrast=\"none\">,\u00a0<\/span><span data-contrast=\"none\">el<\/span><span data-contrast=\"none\">\u00a0<strong>Premio\u00a0<\/strong><\/span><strong><span data-contrast=\"none\">La\u00a0<\/span><\/strong><span data-contrast=\"none\"><span data-ccp-parastyle=\"Cuerpo\"><strong>Gangsterera<\/strong>\u00a0<\/span><\/span><span data-contrast=\"none\">a la mejor novela polic\u00edaca y<\/span>\u00a0<strong><span data-contrast=\"none\">finalista del\u00a0<\/span><span data-contrast=\"none\">Memorial Silverio Ca\u00f1ada<\/span><\/strong><span data-contrast=\"none\">,\u00a0<\/span><span data-contrast=\"none\">entre otros.<\/span>\u00a0<span data-contrast=\"none\">Sus obras<\/span>\u00a0<span data-contrast=\"none\">han sido traducidas al portugu\u00e9s, griego, alem\u00e1n, ruso y turco.<\/span>\r\n\r\n&nbsp;\r\n\r\n<span data-contrast=\"none\">Lo que ha dicho la cr\u00edtica:\u00a0<\/span>\r\n\r\n<\/div>\r\n<div style=\"clear: both;\">\r\n\r\n<span data-contrast=\"none\">\u201c<\/span><span data-contrast=\"none\">Elegante a la hora de mostrar la perversidad del mundo. Cuando uno lee a Biedma sabe que est\u00e1 ante otra cosa<\/span><span data-contrast=\"none\">.\u201d<\/span>\u00a0<span data-contrast=\"none\"><em>P\u00fablico<\/em>.<\/span>\r\n\r\n<\/div>\r\n<div style=\"clear: both;\">\r\n\r\n<span data-contrast=\"none\">\u201c<\/span><span data-contrast=\"none\">Una de las caracter\u00edsticas de la narrativa de Juan Ram\u00f3n Biedma es su habilidad en la construcci\u00f3n de personajes complejos y singulares.?<\/span><span data-contrast=\"none\">El sonido de tu cabello<\/span><span data-contrast=\"none\">?es una novela coral en la que cada personaje dirige su historia, conduciendo la acci\u00f3n hasta sus \u00faltimas consecuencias<\/span><span data-contrast=\"none\">.\u201d\u00a0<\/span><em><span data-contrast=\"none\">Moon Magazine.<\/span>\u00a0<\/em>\r\n\r\n<\/div>\r\n<div style=\"clear: both;\">\r\n\r\n<span data-contrast=\"none\">\u201cUna tensi\u00f3n in crescendo para entender el porqu\u00e9 de unos asesinatos de mujeres j\u00f3venes a las puertas de una iglesia evang\u00e9lica. Biedma nos ofrece un retrato \u00e1cido e impactante, la reflexi\u00f3n queda para nosotros.<\/span><span data-contrast=\"none\">\u201d\u00a0<\/span><em><span data-contrast=\"none\">Goodreads<\/span><\/em><span data-contrast=\"none\">.<\/span>\r\n\r\n&nbsp;\r\n\r\n<\/div>\r\n<div style=\"clear: both;\">\r\n\r\n<strong><span data-contrast=\"none\">POTENCIAL AUDIOVISUAL<\/span><\/strong><span data-contrast=\"none\">: Serie TV,\u00a0<\/span><span data-contrast=\"none\"><span data-ccp-parastyle=\"Cuerpo\">Miniserie<\/span><\/span><span data-contrast=\"none\">, Film, TV Movie.<\/span>\r\n\r\n<\/div>\r\n<div style=\"clear: both;\">\r\n\r\n<strong><span data-contrast=\"none\">IDIOMAS DISPONIBLES<\/span><\/strong><span data-contrast=\"none\"><strong>:<\/strong>\u00a0<\/span><span data-contrast=\"none\">Espa\u00f1ol<\/span><span data-contrast=\"none\">.<\/span>\r\n\r\n<\/div>","articulo__autor":[2161],"_thumbnail_id":11645,"articulo__featured_gallery":null,"articulo__galeria_archivos":"","articulo__fecha_de_publicacion":"","articulo__idiomas":"","articulo__dossier":"","idarticle":1548},"yoast_head":"<!-- This site is optimized with the Yoast SEO plugin v27.5 - https:\/\/yoast.com\/product\/yoast-seo-wordpress\/ -->\n<title>El sonido de tu cabello - Scenic\u00a0Rights<\/title>\n<meta name=\"robots\" content=\"index, follow, max-snippet:-1, max-image-preview:large, max-video-preview:-1\" \/>\n<link rel=\"canonical\" href=\"https:\/\/www.scenicrights.com\/es\/projects\/el-sonido-de-tu-cabello\/\" \/>\n<meta property=\"og:locale\" content=\"es_ES\" \/>\n<meta property=\"og:type\" content=\"article\" \/>\n<meta property=\"og:title\" content=\"El sonido de tu cabello - Scenic\u00a0Rights\" \/>\n<meta property=\"og:description\" content=\"&quot;Pero prometo mentir lo que haga falta.&quot;&nbsp; &nbsp; Amanece en Las Tres Mil Viviendas, Sevilla (Espa&ntilde;a), uno de los suburbios m&aacute;s peligrosos de todo Europa: supermercados [&hellip;]\" \/>\n<meta property=\"og:url\" content=\"https:\/\/www.scenicrights.com\/es\/projects\/el-sonido-de-tu-cabello\/\" \/>\n<meta property=\"og:site_name\" content=\"Scenic\u00a0Rights\" \/>\n<meta property=\"article:modified_time\" content=\"2024-03-01T01:54:44+00:00\" \/>\n<meta property=\"og:image\" content=\"https:\/\/www.scenicrights.com\/wp-content\/uploads\/2023\/09\/M1tnagRTVEewLzxlkoCbEQ.png\" \/>\n\t<meta property=\"og:image:width\" content=\"452\" \/>\n\t<meta property=\"og:image:height\" content=\"681\" \/>\n\t<meta property=\"og:image:type\" content=\"image\/png\" \/>\n<meta name=\"twitter:card\" content=\"summary_large_image\" \/>\n<script type=\"application\/ld+json\" class=\"yoast-schema-graph\">{\"@context\":\"https:\\\/\\\/schema.org\",\"@graph\":[{\"@type\":\"WebPage\",\"@id\":\"https:\\\/\\\/www.scenicrights.com\\\/es\\\/projects\\\/el-sonido-de-tu-cabello\\\/\",\"url\":\"https:\\\/\\\/www.scenicrights.com\\\/es\\\/projects\\\/el-sonido-de-tu-cabello\\\/\",\"name\":\"El sonido de tu cabello - Scenic\u00a0Rights\",\"isPartOf\":{\"@id\":\"https:\\\/\\\/www.scenicrights.com\\\/es\\\/#website\"},\"primaryImageOfPage\":{\"@id\":\"https:\\\/\\\/www.scenicrights.com\\\/es\\\/projects\\\/el-sonido-de-tu-cabello\\\/#primaryimage\"},\"image\":{\"@id\":\"https:\\\/\\\/www.scenicrights.com\\\/es\\\/projects\\\/el-sonido-de-tu-cabello\\\/#primaryimage\"},\"thumbnailUrl\":\"https:\\\/\\\/www.scenicrights.com\\\/wp-content\\\/uploads\\\/2023\\\/09\\\/M1tnagRTVEewLzxlkoCbEQ.png\",\"datePublished\":\"2023-09-13T14:40:59+00:00\",\"dateModified\":\"2024-03-01T01:54:44+00:00\",\"breadcrumb\":{\"@id\":\"https:\\\/\\\/www.scenicrights.com\\\/es\\\/projects\\\/el-sonido-de-tu-cabello\\\/#breadcrumb\"},\"inLanguage\":\"es\",\"potentialAction\":[{\"@type\":\"ReadAction\",\"target\":[\"https:\\\/\\\/www.scenicrights.com\\\/es\\\/projects\\\/el-sonido-de-tu-cabello\\\/\"]}]},{\"@type\":\"ImageObject\",\"inLanguage\":\"es\",\"@id\":\"https:\\\/\\\/www.scenicrights.com\\\/es\\\/projects\\\/el-sonido-de-tu-cabello\\\/#primaryimage\",\"url\":\"https:\\\/\\\/www.scenicrights.com\\\/wp-content\\\/uploads\\\/2023\\\/09\\\/M1tnagRTVEewLzxlkoCbEQ.png\",\"contentUrl\":\"https:\\\/\\\/www.scenicrights.com\\\/wp-content\\\/uploads\\\/2023\\\/09\\\/M1tnagRTVEewLzxlkoCbEQ.png\",\"width\":452,\"height\":681},{\"@type\":\"BreadcrumbList\",\"@id\":\"https:\\\/\\\/www.scenicrights.com\\\/es\\\/projects\\\/el-sonido-de-tu-cabello\\\/#breadcrumb\",\"itemListElement\":[{\"@type\":\"ListItem\",\"position\":1,\"name\":\"Home\",\"item\":\"https:\\\/\\\/www.scenicrights.com\\\/es\\\/\"},{\"@type\":\"ListItem\",\"position\":2,\"name\":\"El sonido de tu cabello\"}]},{\"@type\":\"WebSite\",\"@id\":\"https:\\\/\\\/www.scenicrights.com\\\/es\\\/#website\",\"url\":\"https:\\\/\\\/www.scenicrights.com\\\/es\\\/\",\"name\":\"Scenic\u00a0Rights\",\"description\":\"\",\"publisher\":{\"@id\":\"https:\\\/\\\/www.scenicrights.com\\\/es\\\/#organization\"},\"potentialAction\":[{\"@type\":\"SearchAction\",\"target\":{\"@type\":\"EntryPoint\",\"urlTemplate\":\"https:\\\/\\\/www.scenicrights.com\\\/es\\\/?s={search_term_string}\"},\"query-input\":{\"@type\":\"PropertyValueSpecification\",\"valueRequired\":true,\"valueName\":\"search_term_string\"}}],\"inLanguage\":\"es\"},{\"@type\":\"Organization\",\"@id\":\"https:\\\/\\\/www.scenicrights.com\\\/es\\\/#organization\",\"name\":\"Scenic\u00a0Rights\",\"url\":\"https:\\\/\\\/www.scenicrights.com\\\/es\\\/\",\"logo\":{\"@type\":\"ImageObject\",\"inLanguage\":\"es\",\"@id\":\"https:\\\/\\\/www.scenicrights.com\\\/es\\\/#\\\/schema\\\/logo\\\/image\\\/\",\"url\":\"https:\\\/\\\/www.scenicrights.com\\\/wp-content\\\/uploads\\\/2023\\\/07\\\/logo-horizontal-web.png\",\"contentUrl\":\"https:\\\/\\\/www.scenicrights.com\\\/wp-content\\\/uploads\\\/2023\\\/07\\\/logo-horizontal-web.png\",\"width\":644,\"height\":225,\"caption\":\"Scenic\u00a0Rights\"},\"image\":{\"@id\":\"https:\\\/\\\/www.scenicrights.com\\\/es\\\/#\\\/schema\\\/logo\\\/image\\\/\"}}]}<\/script>\n<!-- \/ Yoast SEO plugin. -->","yoast_head_json":{"title":"El sonido de tu cabello - Scenic\u00a0Rights","robots":{"index":"index","follow":"follow","max-snippet":"max-snippet:-1","max-image-preview":"max-image-preview:large","max-video-preview":"max-video-preview:-1"},"canonical":"https:\/\/www.scenicrights.com\/es\/projects\/el-sonido-de-tu-cabello\/","og_locale":"es_ES","og_type":"article","og_title":"El sonido de tu cabello - Scenic\u00a0Rights","og_description":"&quot;Pero prometo mentir lo que haga falta.&quot;&nbsp; &nbsp; Amanece en Las Tres Mil Viviendas, Sevilla (Espa&ntilde;a), uno de los suburbios m&aacute;s peligrosos de todo Europa: supermercados [&hellip;]","og_url":"https:\/\/www.scenicrights.com\/es\/projects\/el-sonido-de-tu-cabello\/","og_site_name":"Scenic\u00a0Rights","article_modified_time":"2024-03-01T01:54:44+00:00","og_image":[{"width":452,"height":681,"url":"https:\/\/www.scenicrights.com\/wp-content\/uploads\/2023\/09\/M1tnagRTVEewLzxlkoCbEQ.png","type":"image\/png"}],"twitter_card":"summary_large_image","schema":{"@context":"https:\/\/schema.org","@graph":[{"@type":"WebPage","@id":"https:\/\/www.scenicrights.com\/es\/projects\/el-sonido-de-tu-cabello\/","url":"https:\/\/www.scenicrights.com\/es\/projects\/el-sonido-de-tu-cabello\/","name":"El sonido de tu cabello - Scenic\u00a0Rights","isPartOf":{"@id":"https:\/\/www.scenicrights.com\/es\/#website"},"primaryImageOfPage":{"@id":"https:\/\/www.scenicrights.com\/es\/projects\/el-sonido-de-tu-cabello\/#primaryimage"},"image":{"@id":"https:\/\/www.scenicrights.com\/es\/projects\/el-sonido-de-tu-cabello\/#primaryimage"},"thumbnailUrl":"https:\/\/www.scenicrights.com\/wp-content\/uploads\/2023\/09\/M1tnagRTVEewLzxlkoCbEQ.png","datePublished":"2023-09-13T14:40:59+00:00","dateModified":"2024-03-01T01:54:44+00:00","breadcrumb":{"@id":"https:\/\/www.scenicrights.com\/es\/projects\/el-sonido-de-tu-cabello\/#breadcrumb"},"inLanguage":"es","potentialAction":[{"@type":"ReadAction","target":["https:\/\/www.scenicrights.com\/es\/projects\/el-sonido-de-tu-cabello\/"]}]},{"@type":"ImageObject","inLanguage":"es","@id":"https:\/\/www.scenicrights.com\/es\/projects\/el-sonido-de-tu-cabello\/#primaryimage","url":"https:\/\/www.scenicrights.com\/wp-content\/uploads\/2023\/09\/M1tnagRTVEewLzxlkoCbEQ.png","contentUrl":"https:\/\/www.scenicrights.com\/wp-content\/uploads\/2023\/09\/M1tnagRTVEewLzxlkoCbEQ.png","width":452,"height":681},{"@type":"BreadcrumbList","@id":"https:\/\/www.scenicrights.com\/es\/projects\/el-sonido-de-tu-cabello\/#breadcrumb","itemListElement":[{"@type":"ListItem","position":1,"name":"Home","item":"https:\/\/www.scenicrights.com\/es\/"},{"@type":"ListItem","position":2,"name":"El sonido de tu cabello"}]},{"@type":"WebSite","@id":"https:\/\/www.scenicrights.com\/es\/#website","url":"https:\/\/www.scenicrights.com\/es\/","name":"Scenic\u00a0Rights","description":"","publisher":{"@id":"https:\/\/www.scenicrights.com\/es\/#organization"},"potentialAction":[{"@type":"SearchAction","target":{"@type":"EntryPoint","urlTemplate":"https:\/\/www.scenicrights.com\/es\/?s={search_term_string}"},"query-input":{"@type":"PropertyValueSpecification","valueRequired":true,"valueName":"search_term_string"}}],"inLanguage":"es"},{"@type":"Organization","@id":"https:\/\/www.scenicrights.com\/es\/#organization","name":"Scenic\u00a0Rights","url":"https:\/\/www.scenicrights.com\/es\/","logo":{"@type":"ImageObject","inLanguage":"es","@id":"https:\/\/www.scenicrights.com\/es\/#\/schema\/logo\/image\/","url":"https:\/\/www.scenicrights.com\/wp-content\/uploads\/2023\/07\/logo-horizontal-web.png","contentUrl":"https:\/\/www.scenicrights.com\/wp-content\/uploads\/2023\/07\/logo-horizontal-web.png","width":644,"height":225,"caption":"Scenic\u00a0Rights"},"image":{"@id":"https:\/\/www.scenicrights.com\/es\/#\/schema\/logo\/image\/"}}]}},"_links":{"self":[{"href":"https:\/\/www.scenicrights.com\/es\/wp-json\/wp\/v2\/articulo\/18505","targetHints":{"allow":["GET"]}}],"collection":[{"href":"https:\/\/www.scenicrights.com\/es\/wp-json\/wp\/v2\/articulo"}],"about":[{"href":"https:\/\/www.scenicrights.com\/es\/wp-json\/wp\/v2\/types\/articulo"}],"acf:post":[{"embeddable":true,"href":"https:\/\/www.scenicrights.com\/es\/wp-json\/wp\/v2\/autor\/2161"}],"acf:term":[{"embeddable":true,"taxonomy":"licencia","href":"https:\/\/www.scenicrights.com\/es\/wp-json\/wp\/v2\/licencia\/17"},{"embeddable":true,"taxonomy":"art_tag","href":"https:\/\/www.scenicrights.com\/es\/wp-json\/wp\/v2\/art_tag\/416"},{"embeddable":true,"taxonomy":"art_tag","href":"https:\/\/www.scenicrights.com\/es\/wp-json\/wp\/v2\/art_tag\/589"},{"embeddable":true,"taxonomy":"art_tag","href":"https:\/\/www.scenicrights.com\/es\/wp-json\/wp\/v2\/art_tag\/12"},{"embeddable":true,"taxonomy":"art_tag","href":"https:\/\/www.scenicrights.com\/es\/wp-json\/wp\/v2\/art_tag\/465"},{"embeddable":true,"taxonomy":"art_tag","href":"https:\/\/www.scenicrights.com\/es\/wp-json\/wp\/v2\/art_tag\/1249"},{"embeddable":true,"taxonomy":"art_tag","href":"https:\/\/www.scenicrights.com\/es\/wp-json\/wp\/v2\/art_tag\/400"},{"embeddable":true,"taxonomy":"tipo","href":"https:\/\/www.scenicrights.com\/es\/wp-json\/wp\/v2\/tipo\/5"},{"embeddable":true,"taxonomy":"subgenero","href":"https:\/\/www.scenicrights.com\/es\/wp-json\/wp\/v2\/subgenero\/79"},{"embeddable":true,"taxonomy":"subgenero","href":"https:\/\/www.scenicrights.com\/es\/wp-json\/wp\/v2\/subgenero\/72"},{"embeddable":true,"taxonomy":"genero","href":"https:\/\/www.scenicrights.com\/es\/wp-json\/wp\/v2\/genero\/7"}],"wp:featuredmedia":[{"embeddable":true,"href":"https:\/\/www.scenicrights.com\/es\/wp-json\/wp\/v2\/media\/11645"}],"wp:attachment":[{"href":"https:\/\/www.scenicrights.com\/es\/wp-json\/wp\/v2\/media?parent=18505"}],"wp:term":[{"taxonomy":"art_tag","embeddable":true,"href":"https:\/\/www.scenicrights.com\/es\/wp-json\/wp\/v2\/art_tag?post=18505"},{"taxonomy":"genero","embeddable":true,"href":"https:\/\/www.scenicrights.com\/es\/wp-json\/wp\/v2\/genero?post=18505"},{"taxonomy":"licencia","embeddable":true,"href":"https:\/\/www.scenicrights.com\/es\/wp-json\/wp\/v2\/licencia?post=18505"},{"taxonomy":"localizacion","embeddable":true,"href":"https:\/\/www.scenicrights.com\/es\/wp-json\/wp\/v2\/localizacion?post=18505"},{"taxonomy":"produccion","embeddable":true,"href":"https:\/\/www.scenicrights.com\/es\/wp-json\/wp\/v2\/produccion?post=18505"},{"taxonomy":"subgenero","embeddable":true,"href":"https:\/\/www.scenicrights.com\/es\/wp-json\/wp\/v2\/subgenero?post=18505"},{"taxonomy":"tipo","embeddable":true,"href":"https:\/\/www.scenicrights.com\/es\/wp-json\/wp\/v2\/tipo?post=18505"}],"curies":[{"name":"wp","href":"https:\/\/api.w.org\/{rel}","templated":true}]}}