{"id":18701,"date":"2023-09-13T15:07:47","date_gmt":"2023-09-13T15:07:47","guid":{"rendered":"https:\/\/pre.scenicrights.com\/projects\/saga-amanda-black-film-serie-tv\/"},"modified":"2026-04-07T09:36:09","modified_gmt":"2026-04-07T09:36:09","slug":"saga-amanda-black-film-serie-tv","status":"publish","type":"articulo","link":"https:\/\/www.scenicrights.com\/es\/projects\/saga-amanda-black-film-serie-tv\/","title":{"rendered":"Saga Amanda Black (Film\/ Serie TV)"},"template":"","art_tag":[614,430,12,1276,589],"genero":[7],"licencia":[17],"localizacion":[],"produccion":[14],"subgenero":[55,64,9,1272,1324],"tipo":[5],"class_list":["post-18701","articulo","type-articulo","status-publish","has-post-thumbnail","hentry","art_tag-desaparicion","art_tag-familia","art_tag-investigacion","art_tag-magia","art_tag-pasado","genero-drama","licencia-propia","produccion-pre-produccion","subgenero-aventura","subgenero-fantasia","subgenero-misterio","subgenero-womens-fiction","subgenero-young-adult","tipo-proyecto"],"acf":{"generos_tax":[7],"subgeneros_tax":[55,64,9,1324,1272],"tipo_tax":[5],"tags_tax":[614,12,430,1276,589],"produccion_tax":14,"licencia_tax":17,"localizacion_tax":false,"articulo__titulo_extendido":"","articulo__extracto":"","articulo__contenido":"<p align=\"center\"><b>Una herencia peligrosa | El amuleto perdido | El \u00faltimo minuto | <\/b><\/p>\r\n<p align=\"center\"><b>La campana de Jade | El ta\u00f1ido sepulcral | La maldici\u00f3n del Nilo | <\/b><\/p>\r\n<p align=\"center\"><b>El bast\u00f3n del cuervo | El reino perdido | El camino del ninja | <\/b><\/p>\r\n<p align=\"center\"><b>La pel\u00edcula maldita | El templo olvidado | El tapiz del tiempo | <\/b><\/p>\r\n<p align=\"center\"><b>El Holand\u00e9s Errante<\/b><\/p>\r\n<b><i>Una adolescente dedicada a mantener el equilibrio entre las fuerzas del bien y del mal, y una generaci\u00f3n de h\u00e9roes que deber\u00e1n luchar juntos para salvar el mundo. Una saga que ya ha enganchado a cientos de miles de lectores.<\/i><\/b>\r\n\r\n<b><i>\u00a0<\/i><\/b>\r\n\r\n<b><\/b>Amanda Black tiene trece a\u00f1os cuando descubre que es la \u00faltima heredera de una antigua estirpe de guardianes encargados de proteger artefactos capaces de alterar el equilibrio del mundo. Desde la misteriosa Mansi\u00f3n Black, deber\u00e1 compaginar su vida de adolescente con misiones cada vez m\u00e1s peligrosas, tomando decisiones que pondr\u00e1n a prueba su valent\u00eda, su lealtad y su identidad.\r\n\r\nAcompa\u00f1ada por su inseparable amigo Eric \u2014ingenioso, fiel y valiente\u2014 y por un elenco de personajes inolvidables como la enigm\u00e1tica t\u00eda Paula o el mayordomo Benson, Amanda se enfrenta a desaf\u00edos contrarreloj que la llevar\u00e1n por todo el mundo: Egipto, Nepal, Jap\u00f3n, la Atl\u00e1ntida, el Congo, el Caribe o la Europa de la Segunda Guerra Mundial. Dioses antiguos, artefactos malditos, organizaciones secretas y enemigos persistentes construyen una mitolog\u00eda s\u00f3lida y en expansi\u00f3n.\r\n\r\nCon cap\u00edtulos cortos, giros constantes y un equilibrio perfecto entre acci\u00f3n, humor y emoci\u00f3n, <strong><i>Amanda Black<\/i><\/strong> es una saga protagonizada por una hero\u00edna fuerte y vulnerable, pensada para enganchar desde la primera p\u00e1gina y crecer entrega a entrega. Estas son algunas de sus aventuras:\r\n\r\nEn <em><b>Una herencia peligrosa<\/b><\/em>, Amanda recibe una carta de sus padres que la lleva a vivir a la misteriosa Mansi\u00f3n Black, donde despiertan los poderes que la definir\u00e1n durante toda la saga. Con la ayuda de su amigo Erik, investiga su pasado y descubre que es la \u00faltima heredera de una familia encargada de mantener el equilibrio entre el bien y el mal, mientras se adapta a un nuevo instituto y debe realizar peque\u00f1as pero peligrosas misiones.\r\n\r\nEn <b><i>El amuleto perdido<\/i><\/b>, Lord Thomas reclama a los Black que\u00a0le devuelvan un amuleto familiar. Cuando la t\u00eda Paula le confiesa a Amanda que su bisabuela regal\u00f3 el brazalete a\u00f1os atr\u00e1s, elaboran un endiablado plan para recuperar la joya. Amanda y Erik seguir\u00e1n la pista del brazalete hasta una mansi\u00f3n encantada, mientras que Paula se embarcar\u00e1 en un peligroso viaje con lord Thomas para evitar que descubra la verdad.\r\n\r\nEn <b><i>El \u00faltimo minuto<\/i><\/b>, Amanda decide asistir al baile del instituto. Sin embargo, la ma\u00f1ana del baile, la t\u00eda Paula le encomienda a Amanda una misi\u00f3n: evitar que una importante tablilla sumeria que lleva a\u00f1os desaparecida caiga en las manos equivocadas. Y Amanda, como heredera del culto a la diosa Maat, no puede permitirlo.\r\n\r\nTras el robo de la Campana de Jade por su madre Cassandra, Amanda Black enfrenta en<b><i> El ta\u00f1ido sepulcral <\/i><\/b>una crisis zombi en su ciudad causada por el ta\u00f1ido del artefacto, que convierte a la gente en \u201calzados\u201d de ojos verdes. Con la ayuda de amigos y su mayordomo, Amanda debe destruir la campana antes de la medianoche de Halloween para salvar a los hechizados y evitar el fin del mundo.\r\n\r\nEn <b><i>El bast\u00f3n del cuervo<\/i><\/b>, Amanda Black acepta una misi\u00f3n para una organizaci\u00f3n secreta: robar un bast\u00f3n vikinga que predice el futuro. Tras lograrlo, es traicionada y secuestrada, simulando su muerte. Eric, sin creer la versi\u00f3n oficial, la busca incansablemente. Con ayuda de la t\u00eda Paula, rescata a Amanda y juntos descubren la traici\u00f3n, pero pactan una colaboraci\u00f3n futura con la organizaci\u00f3n.\r\n\r\nEn<b><i> La pel\u00edcula maldita<\/i><\/b>, Amanda Black y Eric investigan una serie de accidentes en un rodaje de Hollywood. Descubren que un reloj maldito est\u00e1 causando la mala suerte. Tras resolver un secuestro de la protagonista y desactivar la amenaza del artefacto, logran salvar la pel\u00edcula. La misi\u00f3n termina con el estreno exitoso y el nacimiento de una nueva amistad con la estrella Rita Turner.\r\n\r\n&nbsp;\r\n\r\n<b>DATOS RELEVANTES: <\/b><strong>Juan G\u00f3mez-Jurado<\/strong>, el autor del thriller espa\u00f1ol m\u00e1s vendido de la historia (publicado en m\u00e1s de 40 idiomas, con m\u00e1s de seis millones de ejemplares vendidos), y <strong>B\u00e1rbara Montes<\/strong>, escritora especializada en literatura infantil y juvenil y autora de las exitosas novelas <em>Julia est\u00e1 bien<\/em> y <em>Tenemos que hablar<\/em>, nos traen a <strong><i>Amanda Black<\/i><\/strong>, una trepidante saga infantil que combina aventura, misterio y mitolog\u00eda con un ritmo vertiginoso y una hero\u00edna inolvidable.\r\n\r\nCon cientos de miles<strong> lectores<\/strong>, la serie destaca por su estructura epis\u00f3dica, misiones autoconclusivas y una mitolog\u00eda serializada que crece libro a libro. Sus episodios trepidantes y los giros constantes la convierten en un material especialmente <strong>atractivo para la adaptaci\u00f3n audiovisual<\/strong>: una protagonista fuerte y vulnerable, personajes entra\u00f1ables, antagonistas recurrentes y artefactos ic\u00f3nicos que funcionan como motores dram\u00e1ticos.<b><\/b>\r\n\r\nEl universo de <em><b>Amanda Black<\/b><\/em> es <strong>altamente escalable<\/strong> \u2014apto para series, franquicia por temporadas y expansi\u00f3n transmedia\u2014 y ofrece un equilibrio ideal entre acci\u00f3n, emoci\u00f3n y humor, con un claro potencial para conectar con audiencias familiares y j\u00f3venes a nivel internacional.<b><\/b>\r\n\r\n&nbsp;\r\n\r\nLo que dice la critica:\r\n\r\n\"Un libro que los ni\u00f1os no querr\u00e1n dejar de leer\". - <em>Diario de Navarra<\/em>\r\n\r\n\"Una nueva hero\u00edna infantil con la que tus hijos se enganchar\u00e1n a la lectura\" - <em>Hola<\/em>\r\n\r\n\"Amanda Black es el mejor libro infantil espa\u00f1ol del 2021 y estoy deseando que saquen los siguientes libros de la saga\" - <em>Goodreads<\/em>\r\n\r\n&nbsp;\r\n\r\n<strong>POTENCIAL AUDIOVISUAL: <\/strong>En desarrollo.\r\n\r\n<strong>IDIOMAS DISPONIBLES: <\/strong>Espa\u00f1ol, Euskera, Catal\u00e1n.","articulo__autor":[1322,2097],"_thumbnail_id":29919,"articulo__featured_gallery":[29958,29949,29940,29946,29943,29964,29952,29934,29931,29928,29961,29955,29937],"articulo__galeria_archivos":"","articulo__fecha_de_publicacion":"","articulo__idiomas":"","articulo__dossier":"","idarticle":1748},"yoast_head":"<!-- This site is optimized with the Yoast SEO plugin v27.4 - https:\/\/yoast.com\/product\/yoast-seo-wordpress\/ -->\n<title>Saga Amanda Black (Film\/ Serie TV) - Scenic\u00a0Rights<\/title>\n<meta name=\"robots\" content=\"index, follow, max-snippet:-1, max-image-preview:large, max-video-preview:-1\" \/>\n<link rel=\"canonical\" href=\"https:\/\/www.scenicrights.com\/es\/projects\/saga-amanda-black-film-serie-tv\/\" \/>\n<meta property=\"og:locale\" content=\"es_ES\" \/>\n<meta property=\"og:type\" content=\"article\" \/>\n<meta property=\"og:title\" content=\"Saga Amanda Black (Film\/ Serie TV) - Scenic\u00a0Rights\" \/>\n<meta property=\"og:description\" content=\"Una herencia peligrosa | El amuleto perdido | El &uacute;ltimo minuto | La campana de Jade &nbsp; Una adolescente dedicada a mantener el equilibrio&nbsp;entre las fuerzas [&hellip;]\" \/>\n<meta property=\"og:url\" content=\"https:\/\/www.scenicrights.com\/es\/projects\/saga-amanda-black-film-serie-tv\/\" \/>\n<meta property=\"og:site_name\" content=\"Scenic\u00a0Rights\" \/>\n<meta property=\"article:modified_time\" content=\"2026-04-07T09:36:09+00:00\" \/>\n<meta property=\"og:image\" content=\"https:\/\/www.scenicrights.com\/wp-content\/uploads\/2023\/09\/81Bm5lg3hSL._UF10001000_QL80_.jpg\" \/>\n\t<meta property=\"og:image:width\" content=\"692\" \/>\n\t<meta property=\"og:image:height\" content=\"1000\" \/>\n\t<meta property=\"og:image:type\" content=\"image\/jpeg\" \/>\n<meta name=\"twitter:card\" content=\"summary_large_image\" \/>\n<script type=\"application\/ld+json\" class=\"yoast-schema-graph\">{\"@context\":\"https:\\\/\\\/schema.org\",\"@graph\":[{\"@type\":\"WebPage\",\"@id\":\"https:\\\/\\\/www.scenicrights.com\\\/es\\\/projects\\\/saga-amanda-black-film-serie-tv\\\/\",\"url\":\"https:\\\/\\\/www.scenicrights.com\\\/es\\\/projects\\\/saga-amanda-black-film-serie-tv\\\/\",\"name\":\"Saga Amanda Black (Film\\\/ Serie TV) - Scenic\u00a0Rights\",\"isPartOf\":{\"@id\":\"https:\\\/\\\/www.scenicrights.com\\\/es\\\/#website\"},\"primaryImageOfPage\":{\"@id\":\"https:\\\/\\\/www.scenicrights.com\\\/es\\\/projects\\\/saga-amanda-black-film-serie-tv\\\/#primaryimage\"},\"image\":{\"@id\":\"https:\\\/\\\/www.scenicrights.com\\\/es\\\/projects\\\/saga-amanda-black-film-serie-tv\\\/#primaryimage\"},\"thumbnailUrl\":\"https:\\\/\\\/www.scenicrights.com\\\/wp-content\\\/uploads\\\/2023\\\/09\\\/81Bm5lg3hSL._UF10001000_QL80_.jpg\",\"datePublished\":\"2023-09-13T15:07:47+00:00\",\"dateModified\":\"2026-04-07T09:36:09+00:00\",\"breadcrumb\":{\"@id\":\"https:\\\/\\\/www.scenicrights.com\\\/es\\\/projects\\\/saga-amanda-black-film-serie-tv\\\/#breadcrumb\"},\"inLanguage\":\"es\",\"potentialAction\":[{\"@type\":\"ReadAction\",\"target\":[\"https:\\\/\\\/www.scenicrights.com\\\/es\\\/projects\\\/saga-amanda-black-film-serie-tv\\\/\"]}]},{\"@type\":\"ImageObject\",\"inLanguage\":\"es\",\"@id\":\"https:\\\/\\\/www.scenicrights.com\\\/es\\\/projects\\\/saga-amanda-black-film-serie-tv\\\/#primaryimage\",\"url\":\"https:\\\/\\\/www.scenicrights.com\\\/wp-content\\\/uploads\\\/2023\\\/09\\\/81Bm5lg3hSL._UF10001000_QL80_.jpg\",\"contentUrl\":\"https:\\\/\\\/www.scenicrights.com\\\/wp-content\\\/uploads\\\/2023\\\/09\\\/81Bm5lg3hSL._UF10001000_QL80_.jpg\",\"width\":692,\"height\":1000},{\"@type\":\"BreadcrumbList\",\"@id\":\"https:\\\/\\\/www.scenicrights.com\\\/es\\\/projects\\\/saga-amanda-black-film-serie-tv\\\/#breadcrumb\",\"itemListElement\":[{\"@type\":\"ListItem\",\"position\":1,\"name\":\"Home\",\"item\":\"https:\\\/\\\/www.scenicrights.com\\\/es\\\/\"},{\"@type\":\"ListItem\",\"position\":2,\"name\":\"Saga Amanda Black (Film\\\/ Serie TV)\"}]},{\"@type\":\"WebSite\",\"@id\":\"https:\\\/\\\/www.scenicrights.com\\\/es\\\/#website\",\"url\":\"https:\\\/\\\/www.scenicrights.com\\\/es\\\/\",\"name\":\"Scenic\u00a0Rights\",\"description\":\"\",\"publisher\":{\"@id\":\"https:\\\/\\\/www.scenicrights.com\\\/es\\\/#organization\"},\"potentialAction\":[{\"@type\":\"SearchAction\",\"target\":{\"@type\":\"EntryPoint\",\"urlTemplate\":\"https:\\\/\\\/www.scenicrights.com\\\/es\\\/?s={search_term_string}\"},\"query-input\":{\"@type\":\"PropertyValueSpecification\",\"valueRequired\":true,\"valueName\":\"search_term_string\"}}],\"inLanguage\":\"es\"},{\"@type\":\"Organization\",\"@id\":\"https:\\\/\\\/www.scenicrights.com\\\/es\\\/#organization\",\"name\":\"Scenic\u00a0Rights\",\"url\":\"https:\\\/\\\/www.scenicrights.com\\\/es\\\/\",\"logo\":{\"@type\":\"ImageObject\",\"inLanguage\":\"es\",\"@id\":\"https:\\\/\\\/www.scenicrights.com\\\/es\\\/#\\\/schema\\\/logo\\\/image\\\/\",\"url\":\"https:\\\/\\\/www.scenicrights.com\\\/wp-content\\\/uploads\\\/2023\\\/07\\\/logo-horizontal-web.png\",\"contentUrl\":\"https:\\\/\\\/www.scenicrights.com\\\/wp-content\\\/uploads\\\/2023\\\/07\\\/logo-horizontal-web.png\",\"width\":644,\"height\":225,\"caption\":\"Scenic\u00a0Rights\"},\"image\":{\"@id\":\"https:\\\/\\\/www.scenicrights.com\\\/es\\\/#\\\/schema\\\/logo\\\/image\\\/\"}}]}<\/script>\n<!-- \/ Yoast SEO plugin. -->","yoast_head_json":{"title":"Saga Amanda Black (Film\/ Serie TV) - Scenic\u00a0Rights","robots":{"index":"index","follow":"follow","max-snippet":"max-snippet:-1","max-image-preview":"max-image-preview:large","max-video-preview":"max-video-preview:-1"},"canonical":"https:\/\/www.scenicrights.com\/es\/projects\/saga-amanda-black-film-serie-tv\/","og_locale":"es_ES","og_type":"article","og_title":"Saga Amanda Black (Film\/ Serie TV) - Scenic\u00a0Rights","og_description":"Una herencia peligrosa | El amuleto perdido | El &uacute;ltimo minuto | La campana de Jade &nbsp; Una adolescente dedicada a mantener el equilibrio&nbsp;entre las fuerzas [&hellip;]","og_url":"https:\/\/www.scenicrights.com\/es\/projects\/saga-amanda-black-film-serie-tv\/","og_site_name":"Scenic\u00a0Rights","article_modified_time":"2026-04-07T09:36:09+00:00","og_image":[{"width":692,"height":1000,"url":"https:\/\/www.scenicrights.com\/wp-content\/uploads\/2023\/09\/81Bm5lg3hSL._UF10001000_QL80_.jpg","type":"image\/jpeg"}],"twitter_card":"summary_large_image","schema":{"@context":"https:\/\/schema.org","@graph":[{"@type":"WebPage","@id":"https:\/\/www.scenicrights.com\/es\/projects\/saga-amanda-black-film-serie-tv\/","url":"https:\/\/www.scenicrights.com\/es\/projects\/saga-amanda-black-film-serie-tv\/","name":"Saga Amanda Black (Film\/ Serie TV) - Scenic\u00a0Rights","isPartOf":{"@id":"https:\/\/www.scenicrights.com\/es\/#website"},"primaryImageOfPage":{"@id":"https:\/\/www.scenicrights.com\/es\/projects\/saga-amanda-black-film-serie-tv\/#primaryimage"},"image":{"@id":"https:\/\/www.scenicrights.com\/es\/projects\/saga-amanda-black-film-serie-tv\/#primaryimage"},"thumbnailUrl":"https:\/\/www.scenicrights.com\/wp-content\/uploads\/2023\/09\/81Bm5lg3hSL._UF10001000_QL80_.jpg","datePublished":"2023-09-13T15:07:47+00:00","dateModified":"2026-04-07T09:36:09+00:00","breadcrumb":{"@id":"https:\/\/www.scenicrights.com\/es\/projects\/saga-amanda-black-film-serie-tv\/#breadcrumb"},"inLanguage":"es","potentialAction":[{"@type":"ReadAction","target":["https:\/\/www.scenicrights.com\/es\/projects\/saga-amanda-black-film-serie-tv\/"]}]},{"@type":"ImageObject","inLanguage":"es","@id":"https:\/\/www.scenicrights.com\/es\/projects\/saga-amanda-black-film-serie-tv\/#primaryimage","url":"https:\/\/www.scenicrights.com\/wp-content\/uploads\/2023\/09\/81Bm5lg3hSL._UF10001000_QL80_.jpg","contentUrl":"https:\/\/www.scenicrights.com\/wp-content\/uploads\/2023\/09\/81Bm5lg3hSL._UF10001000_QL80_.jpg","width":692,"height":1000},{"@type":"BreadcrumbList","@id":"https:\/\/www.scenicrights.com\/es\/projects\/saga-amanda-black-film-serie-tv\/#breadcrumb","itemListElement":[{"@type":"ListItem","position":1,"name":"Home","item":"https:\/\/www.scenicrights.com\/es\/"},{"@type":"ListItem","position":2,"name":"Saga Amanda Black (Film\/ Serie TV)"}]},{"@type":"WebSite","@id":"https:\/\/www.scenicrights.com\/es\/#website","url":"https:\/\/www.scenicrights.com\/es\/","name":"Scenic\u00a0Rights","description":"","publisher":{"@id":"https:\/\/www.scenicrights.com\/es\/#organization"},"potentialAction":[{"@type":"SearchAction","target":{"@type":"EntryPoint","urlTemplate":"https:\/\/www.scenicrights.com\/es\/?s={search_term_string}"},"query-input":{"@type":"PropertyValueSpecification","valueRequired":true,"valueName":"search_term_string"}}],"inLanguage":"es"},{"@type":"Organization","@id":"https:\/\/www.scenicrights.com\/es\/#organization","name":"Scenic\u00a0Rights","url":"https:\/\/www.scenicrights.com\/es\/","logo":{"@type":"ImageObject","inLanguage":"es","@id":"https:\/\/www.scenicrights.com\/es\/#\/schema\/logo\/image\/","url":"https:\/\/www.scenicrights.com\/wp-content\/uploads\/2023\/07\/logo-horizontal-web.png","contentUrl":"https:\/\/www.scenicrights.com\/wp-content\/uploads\/2023\/07\/logo-horizontal-web.png","width":644,"height":225,"caption":"Scenic\u00a0Rights"},"image":{"@id":"https:\/\/www.scenicrights.com\/es\/#\/schema\/logo\/image\/"}}]}},"_links":{"self":[{"href":"https:\/\/www.scenicrights.com\/es\/wp-json\/wp\/v2\/articulo\/18701","targetHints":{"allow":["GET"]}}],"collection":[{"href":"https:\/\/www.scenicrights.com\/es\/wp-json\/wp\/v2\/articulo"}],"about":[{"href":"https:\/\/www.scenicrights.com\/es\/wp-json\/wp\/v2\/types\/articulo"}],"acf:attachment":[{"embeddable":true,"href":"https:\/\/www.scenicrights.com\/es\/wp-json\/wp\/v2\/media\/29937"},{"embeddable":true,"href":"https:\/\/www.scenicrights.com\/es\/wp-json\/wp\/v2\/media\/29955"},{"embeddable":true,"href":"https:\/\/www.scenicrights.com\/es\/wp-json\/wp\/v2\/media\/29961"},{"embeddable":true,"href":"https:\/\/www.scenicrights.com\/es\/wp-json\/wp\/v2\/media\/29928"},{"embeddable":true,"href":"https:\/\/www.scenicrights.com\/es\/wp-json\/wp\/v2\/media\/29931"},{"embeddable":true,"href":"https:\/\/www.scenicrights.com\/es\/wp-json\/wp\/v2\/media\/29934"},{"embeddable":true,"href":"https:\/\/www.scenicrights.com\/es\/wp-json\/wp\/v2\/media\/29952"},{"embeddable":true,"href":"https:\/\/www.scenicrights.com\/es\/wp-json\/wp\/v2\/media\/29964"},{"embeddable":true,"href":"https:\/\/www.scenicrights.com\/es\/wp-json\/wp\/v2\/media\/29943"},{"embeddable":true,"href":"https:\/\/www.scenicrights.com\/es\/wp-json\/wp\/v2\/media\/29946"},{"embeddable":true,"href":"https:\/\/www.scenicrights.com\/es\/wp-json\/wp\/v2\/media\/29940"},{"embeddable":true,"href":"https:\/\/www.scenicrights.com\/es\/wp-json\/wp\/v2\/media\/29949"},{"embeddable":true,"href":"https:\/\/www.scenicrights.com\/es\/wp-json\/wp\/v2\/media\/29958"}],"acf:post":[{"embeddable":true,"href":"https:\/\/www.scenicrights.com\/es\/wp-json\/wp\/v2\/autor\/2097"},{"embeddable":true,"href":"https:\/\/www.scenicrights.com\/es\/wp-json\/wp\/v2\/autor\/1322"}],"acf:term":[{"embeddable":true,"taxonomy":"licencia","href":"https:\/\/www.scenicrights.com\/es\/wp-json\/wp\/v2\/licencia\/17"},{"embeddable":true,"taxonomy":"produccion","href":"https:\/\/www.scenicrights.com\/es\/wp-json\/wp\/v2\/produccion\/14"},{"embeddable":true,"taxonomy":"art_tag","href":"https:\/\/www.scenicrights.com\/es\/wp-json\/wp\/v2\/art_tag\/589"},{"embeddable":true,"taxonomy":"art_tag","href":"https:\/\/www.scenicrights.com\/es\/wp-json\/wp\/v2\/art_tag\/1276"},{"embeddable":true,"taxonomy":"art_tag","href":"https:\/\/www.scenicrights.com\/es\/wp-json\/wp\/v2\/art_tag\/430"},{"embeddable":true,"taxonomy":"art_tag","href":"https:\/\/www.scenicrights.com\/es\/wp-json\/wp\/v2\/art_tag\/12"},{"embeddable":true,"taxonomy":"art_tag","href":"https:\/\/www.scenicrights.com\/es\/wp-json\/wp\/v2\/art_tag\/614"},{"embeddable":true,"taxonomy":"tipo","href":"https:\/\/www.scenicrights.com\/es\/wp-json\/wp\/v2\/tipo\/5"},{"embeddable":true,"taxonomy":"subgenero","href":"https:\/\/www.scenicrights.com\/es\/wp-json\/wp\/v2\/subgenero\/1272"},{"embeddable":true,"taxonomy":"subgenero","href":"https:\/\/www.scenicrights.com\/es\/wp-json\/wp\/v2\/subgenero\/1324"},{"embeddable":true,"taxonomy":"subgenero","href":"https:\/\/www.scenicrights.com\/es\/wp-json\/wp\/v2\/subgenero\/9"},{"embeddable":true,"taxonomy":"subgenero","href":"https:\/\/www.scenicrights.com\/es\/wp-json\/wp\/v2\/subgenero\/64"},{"embeddable":true,"taxonomy":"subgenero","href":"https:\/\/www.scenicrights.com\/es\/wp-json\/wp\/v2\/subgenero\/55"},{"embeddable":true,"taxonomy":"genero","href":"https:\/\/www.scenicrights.com\/es\/wp-json\/wp\/v2\/genero\/7"}],"wp:featuredmedia":[{"embeddable":true,"href":"https:\/\/www.scenicrights.com\/es\/wp-json\/wp\/v2\/media\/29919"}],"wp:attachment":[{"href":"https:\/\/www.scenicrights.com\/es\/wp-json\/wp\/v2\/media?parent=18701"}],"wp:term":[{"taxonomy":"art_tag","embeddable":true,"href":"https:\/\/www.scenicrights.com\/es\/wp-json\/wp\/v2\/art_tag?post=18701"},{"taxonomy":"genero","embeddable":true,"href":"https:\/\/www.scenicrights.com\/es\/wp-json\/wp\/v2\/genero?post=18701"},{"taxonomy":"licencia","embeddable":true,"href":"https:\/\/www.scenicrights.com\/es\/wp-json\/wp\/v2\/licencia?post=18701"},{"taxonomy":"localizacion","embeddable":true,"href":"https:\/\/www.scenicrights.com\/es\/wp-json\/wp\/v2\/localizacion?post=18701"},{"taxonomy":"produccion","embeddable":true,"href":"https:\/\/www.scenicrights.com\/es\/wp-json\/wp\/v2\/produccion?post=18701"},{"taxonomy":"subgenero","embeddable":true,"href":"https:\/\/www.scenicrights.com\/es\/wp-json\/wp\/v2\/subgenero?post=18701"},{"taxonomy":"tipo","embeddable":true,"href":"https:\/\/www.scenicrights.com\/es\/wp-json\/wp\/v2\/tipo?post=18701"}],"curies":[{"name":"wp","href":"https:\/\/api.w.org\/{rel}","templated":true}]}}