{"id":18755,"date":"2023-09-13T15:19:02","date_gmt":"2023-09-13T15:19:02","guid":{"rendered":"https:\/\/pre.scenicrights.com\/projects\/los-nazis-en-mexico\/"},"modified":"2024-04-04T22:52:39","modified_gmt":"2024-04-04T22:52:39","slug":"los-nazis-en-mexico","status":"publish","type":"articulo","link":"https:\/\/www.scenicrights.com\/es\/projects\/los-nazis-en-mexico\/","title":{"rendered":"Los nazis en M\u00e9xico"},"template":"","art_tag":[400,437,1255,12,545,1262,479,521],"genero":[7],"licencia":[17],"localizacion":[],"produccion":[],"subgenero":[63,68,79],"tipo":[5],"class_list":["post-18755","articulo","type-articulo","status-publish","has-post-thumbnail","hentry","art_tag-corrupcion","art_tag-guerra","art_tag-hechos-reales","art_tag-investigacion","art_tag-narcotrafico","art_tag-nazis","art_tag-politica","art_tag-traicion","genero-drama","licencia-propia","subgenero-espias","subgenero-historico","subgenero-thriller","tipo-proyecto"],"acf":{"generos_tax":[7],"subgeneros_tax":[68,79,63],"tipo_tax":[5],"tags_tax":[400,437,12,1262,479,521,545,1255],"produccion_tax":false,"licencia_tax":17,"localizacion_tax":false,"articulo__titulo_extendido":"","articulo__extracto":"","articulo__contenido":"<p align=\"right\"><strong><em>Un territorio lejano se vuelve la obsesi\u00f3n de Hitler para alcanzar la victoria.<\/em><\/strong><\/p>\r\nEn la d\u00e9cada de los a\u00f1os 30, M\u00e9xico se convierte en una obsesi\u00f3n para Adolf Hitler. A\u00fan no comenzaba la Guerra, pero Hitler estaba convencido de que establecer una alianza con este pa\u00eds resultar\u00eda fundamental para alcanzar su victoria.\r\n\r\n<em>Los nazis en M\u00e9xico <\/em>presenta los intentos alemanes por adue\u00f1arse del petr\u00f3leo y de los recursos minerales mexicanos; la creaci\u00f3n del primer cartel de narcotr\u00e1fico, mediante el cual los pa\u00edses del Eje buscaban inundar con opio y marihuana las bases norteamericanas del Pac\u00edfico; los intentos nazis por controlar, desde las frecuencias radiales del pa\u00eds, los medios de comunicaci\u00f3n latinoamericanos, y el apoyo de los fascistas europeos a las organizaciones nacionales de ultraderecha.\r\n\r\nUna historia trepidante en la que desfilan personajes como Hilda Kr\u00fcger, Errol Flynn, Miguel Alem\u00e1n Vald\u00e9s, Maximino \u00c1vila Camacho y Jos\u00e9 Vasconcelos.\r\n\r\n&nbsp;\r\n\r\n<strong>DATOS RELEVANTES: <\/strong><em>Los nazis en M\u00e9xico<\/em> fue ganadora del <strong>Primer Premio Debate de Libro Reportaje.<\/strong>\r\n\r\nLa obra de Juan Alberto Cedillo es una historia basada en hechos reales llena de intrigas y personajes asombrosos: agentes secretos, informantes, pol\u00edticos corruptos, esp\u00edas, militares traidores, empresarios e intelectuales que no escondieron nunca su predilecci\u00f3n por el r\u00e9gimen de Hitler.\r\n\r\n&nbsp;\r\n\r\nDe la obra se ha dicho:\r\n\r\n\"Excelente investigaci\u00f3n y un gran relato de la vida de Hilda Kr\u00fcger y de M\u00e9xico durante la Segunda Guerra Mundial.\u201d <em>Amazon<\/em>\r\n\r\n\u201cEste libro es el resultado de una excelente investigaci\u00f3n period\u00edstica. Nos aporta muchos datos sobre la infiltraci\u00f3n de los nazis en el sistema econ\u00f3mico y pol\u00edtico de M\u00e9xico.\u201d <em>Lecturalia<\/em>\r\n\r\n\u201cLibro que nos hace esclarecer y entender la posici\u00f3n de M\u00e9xico en el conflicto mundial. Ensayo documentado en lo m\u00e1s profundo de las evidencias posibles.\u201d<em> Babelio<\/em>\r\n\r\n&nbsp;\r\n\r\n<strong>POTENCIAL AUDIOVISUAL<\/strong>: Serie TV, Miniserie, Film, TV Movie.\r\n\r\n<strong>IDIOMAS DISPONIBLES<\/strong>: Espa\u00f1ol.","articulo__autor":[2577],"_thumbnail_id":13420,"articulo__featured_gallery":"","articulo__galeria_archivos":"","articulo__fecha_de_publicacion":"","articulo__idiomas":"","articulo__dossier":"","idarticle":1802},"yoast_head":"<!-- This site is optimized with the Yoast SEO plugin v27.4 - https:\/\/yoast.com\/product\/yoast-seo-wordpress\/ -->\n<title>Los nazis en M\u00e9xico - Scenic\u00a0Rights<\/title>\n<meta name=\"robots\" content=\"index, follow, max-snippet:-1, max-image-preview:large, max-video-preview:-1\" \/>\n<link rel=\"canonical\" href=\"https:\/\/www.scenicrights.com\/es\/projects\/los-nazis-en-mexico\/\" \/>\n<meta property=\"og:locale\" content=\"es_ES\" \/>\n<meta property=\"og:type\" content=\"article\" \/>\n<meta property=\"og:title\" content=\"Los nazis en M\u00e9xico - Scenic\u00a0Rights\" \/>\n<meta property=\"og:description\" content=\"Un territorio lejano se vuelve la obsesi&oacute;n de Hitler para alcanzar la victoria. &nbsp; En la d&eacute;cada de los a&ntilde;os 30, M&eacute;xico se convierte en una [&hellip;]\" \/>\n<meta property=\"og:url\" content=\"https:\/\/www.scenicrights.com\/es\/projects\/los-nazis-en-mexico\/\" \/>\n<meta property=\"og:site_name\" content=\"Scenic\u00a0Rights\" \/>\n<meta property=\"article:modified_time\" content=\"2024-04-04T22:52:39+00:00\" \/>\n<meta property=\"og:image\" content=\"https:\/\/www.scenicrights.com\/wp-content\/uploads\/2023\/09\/DA8mvOHxikIjPlBFbyd4Q.jpg\" \/>\n\t<meta property=\"og:image:width\" content=\"661\" \/>\n\t<meta property=\"og:image:height\" content=\"1000\" \/>\n\t<meta property=\"og:image:type\" content=\"image\/jpeg\" \/>\n<meta name=\"twitter:card\" content=\"summary_large_image\" \/>\n<script type=\"application\/ld+json\" class=\"yoast-schema-graph\">{\"@context\":\"https:\\\/\\\/schema.org\",\"@graph\":[{\"@type\":\"WebPage\",\"@id\":\"https:\\\/\\\/www.scenicrights.com\\\/es\\\/projects\\\/los-nazis-en-mexico\\\/\",\"url\":\"https:\\\/\\\/www.scenicrights.com\\\/es\\\/projects\\\/los-nazis-en-mexico\\\/\",\"name\":\"Los nazis en M\u00e9xico - Scenic\u00a0Rights\",\"isPartOf\":{\"@id\":\"https:\\\/\\\/www.scenicrights.com\\\/es\\\/#website\"},\"primaryImageOfPage\":{\"@id\":\"https:\\\/\\\/www.scenicrights.com\\\/es\\\/projects\\\/los-nazis-en-mexico\\\/#primaryimage\"},\"image\":{\"@id\":\"https:\\\/\\\/www.scenicrights.com\\\/es\\\/projects\\\/los-nazis-en-mexico\\\/#primaryimage\"},\"thumbnailUrl\":\"https:\\\/\\\/www.scenicrights.com\\\/wp-content\\\/uploads\\\/2023\\\/09\\\/DA8mvOHxikIjPlBFbyd4Q.jpg\",\"datePublished\":\"2023-09-13T15:19:02+00:00\",\"dateModified\":\"2024-04-04T22:52:39+00:00\",\"breadcrumb\":{\"@id\":\"https:\\\/\\\/www.scenicrights.com\\\/es\\\/projects\\\/los-nazis-en-mexico\\\/#breadcrumb\"},\"inLanguage\":\"es\",\"potentialAction\":[{\"@type\":\"ReadAction\",\"target\":[\"https:\\\/\\\/www.scenicrights.com\\\/es\\\/projects\\\/los-nazis-en-mexico\\\/\"]}]},{\"@type\":\"ImageObject\",\"inLanguage\":\"es\",\"@id\":\"https:\\\/\\\/www.scenicrights.com\\\/es\\\/projects\\\/los-nazis-en-mexico\\\/#primaryimage\",\"url\":\"https:\\\/\\\/www.scenicrights.com\\\/wp-content\\\/uploads\\\/2023\\\/09\\\/DA8mvOHxikIjPlBFbyd4Q.jpg\",\"contentUrl\":\"https:\\\/\\\/www.scenicrights.com\\\/wp-content\\\/uploads\\\/2023\\\/09\\\/DA8mvOHxikIjPlBFbyd4Q.jpg\",\"width\":661,\"height\":1000},{\"@type\":\"BreadcrumbList\",\"@id\":\"https:\\\/\\\/www.scenicrights.com\\\/es\\\/projects\\\/los-nazis-en-mexico\\\/#breadcrumb\",\"itemListElement\":[{\"@type\":\"ListItem\",\"position\":1,\"name\":\"Home\",\"item\":\"https:\\\/\\\/www.scenicrights.com\\\/es\\\/\"},{\"@type\":\"ListItem\",\"position\":2,\"name\":\"Los nazis en M\u00e9xico\"}]},{\"@type\":\"WebSite\",\"@id\":\"https:\\\/\\\/www.scenicrights.com\\\/es\\\/#website\",\"url\":\"https:\\\/\\\/www.scenicrights.com\\\/es\\\/\",\"name\":\"Scenic\u00a0Rights\",\"description\":\"\",\"publisher\":{\"@id\":\"https:\\\/\\\/www.scenicrights.com\\\/es\\\/#organization\"},\"potentialAction\":[{\"@type\":\"SearchAction\",\"target\":{\"@type\":\"EntryPoint\",\"urlTemplate\":\"https:\\\/\\\/www.scenicrights.com\\\/es\\\/?s={search_term_string}\"},\"query-input\":{\"@type\":\"PropertyValueSpecification\",\"valueRequired\":true,\"valueName\":\"search_term_string\"}}],\"inLanguage\":\"es\"},{\"@type\":\"Organization\",\"@id\":\"https:\\\/\\\/www.scenicrights.com\\\/es\\\/#organization\",\"name\":\"Scenic\u00a0Rights\",\"url\":\"https:\\\/\\\/www.scenicrights.com\\\/es\\\/\",\"logo\":{\"@type\":\"ImageObject\",\"inLanguage\":\"es\",\"@id\":\"https:\\\/\\\/www.scenicrights.com\\\/es\\\/#\\\/schema\\\/logo\\\/image\\\/\",\"url\":\"https:\\\/\\\/www.scenicrights.com\\\/wp-content\\\/uploads\\\/2023\\\/07\\\/logo-horizontal-web.png\",\"contentUrl\":\"https:\\\/\\\/www.scenicrights.com\\\/wp-content\\\/uploads\\\/2023\\\/07\\\/logo-horizontal-web.png\",\"width\":644,\"height\":225,\"caption\":\"Scenic\u00a0Rights\"},\"image\":{\"@id\":\"https:\\\/\\\/www.scenicrights.com\\\/es\\\/#\\\/schema\\\/logo\\\/image\\\/\"}}]}<\/script>\n<!-- \/ Yoast SEO plugin. -->","yoast_head_json":{"title":"Los nazis en M\u00e9xico - Scenic\u00a0Rights","robots":{"index":"index","follow":"follow","max-snippet":"max-snippet:-1","max-image-preview":"max-image-preview:large","max-video-preview":"max-video-preview:-1"},"canonical":"https:\/\/www.scenicrights.com\/es\/projects\/los-nazis-en-mexico\/","og_locale":"es_ES","og_type":"article","og_title":"Los nazis en M\u00e9xico - Scenic\u00a0Rights","og_description":"Un territorio lejano se vuelve la obsesi&oacute;n de Hitler para alcanzar la victoria. &nbsp; En la d&eacute;cada de los a&ntilde;os 30, M&eacute;xico se convierte en una [&hellip;]","og_url":"https:\/\/www.scenicrights.com\/es\/projects\/los-nazis-en-mexico\/","og_site_name":"Scenic\u00a0Rights","article_modified_time":"2024-04-04T22:52:39+00:00","og_image":[{"width":661,"height":1000,"url":"https:\/\/www.scenicrights.com\/wp-content\/uploads\/2023\/09\/DA8mvOHxikIjPlBFbyd4Q.jpg","type":"image\/jpeg"}],"twitter_card":"summary_large_image","schema":{"@context":"https:\/\/schema.org","@graph":[{"@type":"WebPage","@id":"https:\/\/www.scenicrights.com\/es\/projects\/los-nazis-en-mexico\/","url":"https:\/\/www.scenicrights.com\/es\/projects\/los-nazis-en-mexico\/","name":"Los nazis en M\u00e9xico - Scenic\u00a0Rights","isPartOf":{"@id":"https:\/\/www.scenicrights.com\/es\/#website"},"primaryImageOfPage":{"@id":"https:\/\/www.scenicrights.com\/es\/projects\/los-nazis-en-mexico\/#primaryimage"},"image":{"@id":"https:\/\/www.scenicrights.com\/es\/projects\/los-nazis-en-mexico\/#primaryimage"},"thumbnailUrl":"https:\/\/www.scenicrights.com\/wp-content\/uploads\/2023\/09\/DA8mvOHxikIjPlBFbyd4Q.jpg","datePublished":"2023-09-13T15:19:02+00:00","dateModified":"2024-04-04T22:52:39+00:00","breadcrumb":{"@id":"https:\/\/www.scenicrights.com\/es\/projects\/los-nazis-en-mexico\/#breadcrumb"},"inLanguage":"es","potentialAction":[{"@type":"ReadAction","target":["https:\/\/www.scenicrights.com\/es\/projects\/los-nazis-en-mexico\/"]}]},{"@type":"ImageObject","inLanguage":"es","@id":"https:\/\/www.scenicrights.com\/es\/projects\/los-nazis-en-mexico\/#primaryimage","url":"https:\/\/www.scenicrights.com\/wp-content\/uploads\/2023\/09\/DA8mvOHxikIjPlBFbyd4Q.jpg","contentUrl":"https:\/\/www.scenicrights.com\/wp-content\/uploads\/2023\/09\/DA8mvOHxikIjPlBFbyd4Q.jpg","width":661,"height":1000},{"@type":"BreadcrumbList","@id":"https:\/\/www.scenicrights.com\/es\/projects\/los-nazis-en-mexico\/#breadcrumb","itemListElement":[{"@type":"ListItem","position":1,"name":"Home","item":"https:\/\/www.scenicrights.com\/es\/"},{"@type":"ListItem","position":2,"name":"Los nazis en M\u00e9xico"}]},{"@type":"WebSite","@id":"https:\/\/www.scenicrights.com\/es\/#website","url":"https:\/\/www.scenicrights.com\/es\/","name":"Scenic\u00a0Rights","description":"","publisher":{"@id":"https:\/\/www.scenicrights.com\/es\/#organization"},"potentialAction":[{"@type":"SearchAction","target":{"@type":"EntryPoint","urlTemplate":"https:\/\/www.scenicrights.com\/es\/?s={search_term_string}"},"query-input":{"@type":"PropertyValueSpecification","valueRequired":true,"valueName":"search_term_string"}}],"inLanguage":"es"},{"@type":"Organization","@id":"https:\/\/www.scenicrights.com\/es\/#organization","name":"Scenic\u00a0Rights","url":"https:\/\/www.scenicrights.com\/es\/","logo":{"@type":"ImageObject","inLanguage":"es","@id":"https:\/\/www.scenicrights.com\/es\/#\/schema\/logo\/image\/","url":"https:\/\/www.scenicrights.com\/wp-content\/uploads\/2023\/07\/logo-horizontal-web.png","contentUrl":"https:\/\/www.scenicrights.com\/wp-content\/uploads\/2023\/07\/logo-horizontal-web.png","width":644,"height":225,"caption":"Scenic\u00a0Rights"},"image":{"@id":"https:\/\/www.scenicrights.com\/es\/#\/schema\/logo\/image\/"}}]}},"_links":{"self":[{"href":"https:\/\/www.scenicrights.com\/es\/wp-json\/wp\/v2\/articulo\/18755","targetHints":{"allow":["GET"]}}],"collection":[{"href":"https:\/\/www.scenicrights.com\/es\/wp-json\/wp\/v2\/articulo"}],"about":[{"href":"https:\/\/www.scenicrights.com\/es\/wp-json\/wp\/v2\/types\/articulo"}],"acf:post":[{"embeddable":true,"href":"https:\/\/www.scenicrights.com\/es\/wp-json\/wp\/v2\/autor\/2577"}],"acf:term":[{"embeddable":true,"taxonomy":"licencia","href":"https:\/\/www.scenicrights.com\/es\/wp-json\/wp\/v2\/licencia\/17"},{"embeddable":true,"taxonomy":"art_tag","href":"https:\/\/www.scenicrights.com\/es\/wp-json\/wp\/v2\/art_tag\/1255"},{"embeddable":true,"taxonomy":"art_tag","href":"https:\/\/www.scenicrights.com\/es\/wp-json\/wp\/v2\/art_tag\/545"},{"embeddable":true,"taxonomy":"art_tag","href":"https:\/\/www.scenicrights.com\/es\/wp-json\/wp\/v2\/art_tag\/521"},{"embeddable":true,"taxonomy":"art_tag","href":"https:\/\/www.scenicrights.com\/es\/wp-json\/wp\/v2\/art_tag\/479"},{"embeddable":true,"taxonomy":"art_tag","href":"https:\/\/www.scenicrights.com\/es\/wp-json\/wp\/v2\/art_tag\/1262"},{"embeddable":true,"taxonomy":"art_tag","href":"https:\/\/www.scenicrights.com\/es\/wp-json\/wp\/v2\/art_tag\/12"},{"embeddable":true,"taxonomy":"art_tag","href":"https:\/\/www.scenicrights.com\/es\/wp-json\/wp\/v2\/art_tag\/437"},{"embeddable":true,"taxonomy":"art_tag","href":"https:\/\/www.scenicrights.com\/es\/wp-json\/wp\/v2\/art_tag\/400"},{"embeddable":true,"taxonomy":"tipo","href":"https:\/\/www.scenicrights.com\/es\/wp-json\/wp\/v2\/tipo\/5"},{"embeddable":true,"taxonomy":"subgenero","href":"https:\/\/www.scenicrights.com\/es\/wp-json\/wp\/v2\/subgenero\/63"},{"embeddable":true,"taxonomy":"subgenero","href":"https:\/\/www.scenicrights.com\/es\/wp-json\/wp\/v2\/subgenero\/79"},{"embeddable":true,"taxonomy":"subgenero","href":"https:\/\/www.scenicrights.com\/es\/wp-json\/wp\/v2\/subgenero\/68"},{"embeddable":true,"taxonomy":"genero","href":"https:\/\/www.scenicrights.com\/es\/wp-json\/wp\/v2\/genero\/7"}],"wp:featuredmedia":[{"embeddable":true,"href":"https:\/\/www.scenicrights.com\/es\/wp-json\/wp\/v2\/media\/13420"}],"wp:attachment":[{"href":"https:\/\/www.scenicrights.com\/es\/wp-json\/wp\/v2\/media?parent=18755"}],"wp:term":[{"taxonomy":"art_tag","embeddable":true,"href":"https:\/\/www.scenicrights.com\/es\/wp-json\/wp\/v2\/art_tag?post=18755"},{"taxonomy":"genero","embeddable":true,"href":"https:\/\/www.scenicrights.com\/es\/wp-json\/wp\/v2\/genero?post=18755"},{"taxonomy":"licencia","embeddable":true,"href":"https:\/\/www.scenicrights.com\/es\/wp-json\/wp\/v2\/licencia?post=18755"},{"taxonomy":"localizacion","embeddable":true,"href":"https:\/\/www.scenicrights.com\/es\/wp-json\/wp\/v2\/localizacion?post=18755"},{"taxonomy":"produccion","embeddable":true,"href":"https:\/\/www.scenicrights.com\/es\/wp-json\/wp\/v2\/produccion?post=18755"},{"taxonomy":"subgenero","embeddable":true,"href":"https:\/\/www.scenicrights.com\/es\/wp-json\/wp\/v2\/subgenero?post=18755"},{"taxonomy":"tipo","embeddable":true,"href":"https:\/\/www.scenicrights.com\/es\/wp-json\/wp\/v2\/tipo?post=18755"}],"curies":[{"name":"wp","href":"https:\/\/api.w.org\/{rel}","templated":true}]}}