{"id":18785,"date":"2023-09-13T15:22:26","date_gmt":"2023-09-13T15:22:26","guid":{"rendered":"https:\/\/pre.scenicrights.com\/projects\/atrapados-por-la-lengua\/"},"modified":"2024-07-18T17:43:34","modified_gmt":"2024-07-18T17:43:34","slug":"atrapados-por-la-lengua","status":"publish","type":"articulo","link":"https:\/\/www.scenicrights.com\/es\/projects\/atrapados-por-la-lengua\/","title":{"rendered":"Atrapados por la lengua"},"template":"","art_tag":[547,1249,568,426,1255,12,518],"genero":[7,1419],"licencia":[17],"localizacion":[],"produccion":[],"subgenero":[72,1322],"tipo":[5],"class_list":["post-18785","articulo","type-articulo","status-publish","has-post-thumbnail","hentry","art_tag-ciencia","art_tag-crimen","art_tag-espana","art_tag-estafa","art_tag-hechos-reales","art_tag-investigacion","art_tag-terrorismo","genero-drama","genero-no-ficcion","licencia-propia","subgenero-policiaco","subgenero-true-crime","tipo-proyecto"],"acf":{"generos_tax":[7,1419],"subgeneros_tax":[1322,72],"tipo_tax":[5],"tags_tax":[547,1249,426,568,1255,12,518],"produccion_tax":false,"licencia_tax":17,"localizacion_tax":false,"articulo__titulo_extendido":"","articulo__extracto":"","articulo__contenido":"<p align=\"right\"><strong><em>Las palabras que delatan a los asesinos.<\/em><\/strong><\/p>\r\nEn un p\u00e1rrafo o en apenas 5 minutos de charla dejamos rastros inevitables que estudia la ling\u00fc\u00edstica forense, disciplina cient\u00edfica que ha servido para cazar a terroristas como Unabomber, numerosos homicidas con acento o aspirantes a estafadores. Igual que un fragmento min\u00fasculo de piel en una u\u00f1a de la v\u00edctima puede delatar a un asesino, la construcci\u00f3n de una oraci\u00f3n, la utilizaci\u00f3n de un vocablo o un determinado acento puede ser la perdici\u00f3n de un criminal, la prueba sobre la que cimentar una acusaci\u00f3n.\r\n\r\nSheila Queralt, una de las ling\u00fcistas forenses m\u00e1s acreditadas en Espa\u00f1a, narra desde una perspectiva personal sus inicios en este mundo, sus primeras experiencias y c\u00f3mo lleg\u00f3 a ser una referencia en esta rama de la criminolog\u00eda\r\n\r\nPor otra parte, ofrece toda una serie de casos sumamente conocidos y medi\u00e1ticos en los que la minuciosa labor de un experto en ling\u00fc\u00edstica fue esencial para resolverlos.\r\n\r\nEntre ellos, destacan los casos de Unabomber, el terrorista <a href=\"https:\/\/es.wikipedia.org\/wiki\/Estados_Unidos\">estadounidense<\/a>\u00a0conocido por enviar\u00a0<a title=\"Carta bomba\" href=\"https:\/\/es.wikipedia.org\/wiki\/Carta_bomba\">cartas bomba<\/a>\u00a0\u00a0a universidades y aerol\u00edneas, la misteriosa muerte de\u00a0Helena Jubany en Catalu\u00f1a, el medi\u00e1tico asesinato de\u00a0Diana Quer, el secuestro y asesinato de Anabel Segura en los 90,\u00a0o el caso del\u00a0\u2018Destripador de Yorkshire\u2019. Adem\u00e1s, Queralt tambi\u00e9n expone varios de los casos en los que ella misma ha participado, muchos de ellos vinculados a denuncias por amenazas o casos de suplantaci\u00f3n de identidad.\r\n\r\n&nbsp;\r\n\r\n<strong>DATOS RELEVANTES: <\/strong><em>Atrapados por la lengua<\/em> es una obra ideal a partir de la cual poder desarrollar un concepto de serie de TV procedimental basado en hechos reales en el que cada cap\u00edtulo se resuelve un caso, al estilo de <em>CSI <\/em>y <em>Mentes criminales<\/em>.\r\n\r\nLa obra de Queralt\u00a0contiene numerosos c\u00f3digos QR que llevan a art\u00edculos, documentos, sentencias judiciales, recursos varios e im\u00e1genes relacionados con los casos que son explicados, que ayudar\u00edan a ampliar la informaci\u00f3n para desarrollar el proyecto.\r\n\r\nSheila Queralt es perito colegiada en el\u00a0Colegio Oficial de Doctors i Llicenciats en Filosofia i Lletres i Ci\u00e8ncies\u00a0como perito judicial en ling\u00fc\u00edstica forense y en criminal\u00edstica de la Propiedad Intelectual e Industrial. Su trayectoria profesional le ha llevado a ser postulada como\u00a0<strong>candidata a las Top 100\u00a0en la categor\u00eda de profesionales y l\u00edderes independientes en 2020<\/strong> y\u00a0<strong>candidata\u00a0al\u00a0Premio Princesa de Girona<\/strong>\u00a0en la categor\u00eda Investigaci\u00f3n Cient\u00edfica.\r\n\r\n&nbsp;\r\n\r\nLo que dice la cr\u00edtica:\r\n\r\n\u201cSheila Queralt es la fundadora de un exitoso laboratorio que se dedica a analizar la lengua para procesos judiciales, policiales y privados.\u201d <em>El Pa\u00eds<\/em>\r\n\r\n\u201cLa ling\u00fc\u00edstica forense ayuda cada vez m\u00e1s a resolver casos, como explica Sheila Queralt en el libro <em>Atrapados por la lengua.<\/em>\u201d <em>La Vanguardia<\/em>\r\n\r\n\u201cSheila Queralt relata en su libro <em>Atrapados por la lengua: 50 casos resueltos por la Ling\u00fc\u00edstica Forense<\/em> c\u00f3mo influy\u00f3 el an\u00e1lisis del lenguaje en casos como el de Diana Quer, Unabomber o, incluso, en un pleito de Donald Trump.\u201d <em>El Independiente<\/em>\r\n\r\n\u201cLa detective verbal\u00a0Sheila Queralt\u00a0relata cincuenta casos reales que se han resuelto gracias a la ling\u00fc\u00edstica forense, una disciplina excepcionalmente interesante y muy poco estilada en Espa\u00f1a.\u201d <em>El Espa\u00f1ol<\/em>\r\n\r\n&nbsp;\r\n\r\n<strong>POTENCIAL AUDIOVISUAL:<\/strong> Serie TV, Miniserie, Film, TV Movie.\r\n\r\n<strong>IDIOMAS DISPONIBLES: <\/strong>Espa\u00f1ol.","articulo__autor":[23388],"_thumbnail_id":13618,"articulo__featured_gallery":"","articulo__galeria_archivos":"","articulo__fecha_de_publicacion":"","articulo__idiomas":"","articulo__dossier":"","idarticle":1832},"yoast_head":"<!-- This site is optimized with the Yoast SEO plugin v27.4 - https:\/\/yoast.com\/product\/yoast-seo-wordpress\/ -->\n<title>Atrapados por la lengua - Scenic\u00a0Rights<\/title>\n<meta name=\"robots\" content=\"index, follow, max-snippet:-1, max-image-preview:large, max-video-preview:-1\" \/>\n<link rel=\"canonical\" href=\"https:\/\/www.scenicrights.com\/es\/projects\/atrapados-por-la-lengua\/\" \/>\n<meta property=\"og:locale\" content=\"es_ES\" \/>\n<meta property=\"og:type\" content=\"article\" \/>\n<meta property=\"og:title\" content=\"Atrapados por la lengua - Scenic\u00a0Rights\" \/>\n<meta property=\"og:description\" content=\"Las palabras que delatan a los asesinos. En un p&aacute;rrafo o en apenas 5 minutos de charla dejamos rastros inevitables que estudia la ling&uuml;&iacute;stica forense, disciplina [&hellip;]\" \/>\n<meta property=\"og:url\" content=\"https:\/\/www.scenicrights.com\/es\/projects\/atrapados-por-la-lengua\/\" \/>\n<meta property=\"og:site_name\" content=\"Scenic\u00a0Rights\" \/>\n<meta property=\"article:modified_time\" content=\"2024-07-18T17:43:34+00:00\" \/>\n<meta property=\"og:image\" content=\"https:\/\/www.scenicrights.com\/wp-content\/uploads\/2023\/09\/fAR4OK6teES0MXS5pNV8GA.jpg\" \/>\n\t<meta property=\"og:image:width\" content=\"1000\" \/>\n\t<meta property=\"og:image:height\" content=\"1514\" \/>\n\t<meta property=\"og:image:type\" content=\"image\/jpeg\" \/>\n<meta name=\"twitter:card\" content=\"summary_large_image\" \/>\n<script type=\"application\/ld+json\" class=\"yoast-schema-graph\">{\"@context\":\"https:\\\/\\\/schema.org\",\"@graph\":[{\"@type\":\"WebPage\",\"@id\":\"https:\\\/\\\/www.scenicrights.com\\\/es\\\/projects\\\/atrapados-por-la-lengua\\\/\",\"url\":\"https:\\\/\\\/www.scenicrights.com\\\/es\\\/projects\\\/atrapados-por-la-lengua\\\/\",\"name\":\"Atrapados por la lengua - Scenic\u00a0Rights\",\"isPartOf\":{\"@id\":\"https:\\\/\\\/www.scenicrights.com\\\/es\\\/#website\"},\"primaryImageOfPage\":{\"@id\":\"https:\\\/\\\/www.scenicrights.com\\\/es\\\/projects\\\/atrapados-por-la-lengua\\\/#primaryimage\"},\"image\":{\"@id\":\"https:\\\/\\\/www.scenicrights.com\\\/es\\\/projects\\\/atrapados-por-la-lengua\\\/#primaryimage\"},\"thumbnailUrl\":\"https:\\\/\\\/www.scenicrights.com\\\/wp-content\\\/uploads\\\/2023\\\/09\\\/fAR4OK6teES0MXS5pNV8GA.jpg\",\"datePublished\":\"2023-09-13T15:22:26+00:00\",\"dateModified\":\"2024-07-18T17:43:34+00:00\",\"breadcrumb\":{\"@id\":\"https:\\\/\\\/www.scenicrights.com\\\/es\\\/projects\\\/atrapados-por-la-lengua\\\/#breadcrumb\"},\"inLanguage\":\"es\",\"potentialAction\":[{\"@type\":\"ReadAction\",\"target\":[\"https:\\\/\\\/www.scenicrights.com\\\/es\\\/projects\\\/atrapados-por-la-lengua\\\/\"]}]},{\"@type\":\"ImageObject\",\"inLanguage\":\"es\",\"@id\":\"https:\\\/\\\/www.scenicrights.com\\\/es\\\/projects\\\/atrapados-por-la-lengua\\\/#primaryimage\",\"url\":\"https:\\\/\\\/www.scenicrights.com\\\/wp-content\\\/uploads\\\/2023\\\/09\\\/fAR4OK6teES0MXS5pNV8GA.jpg\",\"contentUrl\":\"https:\\\/\\\/www.scenicrights.com\\\/wp-content\\\/uploads\\\/2023\\\/09\\\/fAR4OK6teES0MXS5pNV8GA.jpg\",\"width\":1000,\"height\":1514},{\"@type\":\"BreadcrumbList\",\"@id\":\"https:\\\/\\\/www.scenicrights.com\\\/es\\\/projects\\\/atrapados-por-la-lengua\\\/#breadcrumb\",\"itemListElement\":[{\"@type\":\"ListItem\",\"position\":1,\"name\":\"Home\",\"item\":\"https:\\\/\\\/www.scenicrights.com\\\/es\\\/\"},{\"@type\":\"ListItem\",\"position\":2,\"name\":\"Atrapados por la lengua\"}]},{\"@type\":\"WebSite\",\"@id\":\"https:\\\/\\\/www.scenicrights.com\\\/es\\\/#website\",\"url\":\"https:\\\/\\\/www.scenicrights.com\\\/es\\\/\",\"name\":\"Scenic\u00a0Rights\",\"description\":\"\",\"publisher\":{\"@id\":\"https:\\\/\\\/www.scenicrights.com\\\/es\\\/#organization\"},\"potentialAction\":[{\"@type\":\"SearchAction\",\"target\":{\"@type\":\"EntryPoint\",\"urlTemplate\":\"https:\\\/\\\/www.scenicrights.com\\\/es\\\/?s={search_term_string}\"},\"query-input\":{\"@type\":\"PropertyValueSpecification\",\"valueRequired\":true,\"valueName\":\"search_term_string\"}}],\"inLanguage\":\"es\"},{\"@type\":\"Organization\",\"@id\":\"https:\\\/\\\/www.scenicrights.com\\\/es\\\/#organization\",\"name\":\"Scenic\u00a0Rights\",\"url\":\"https:\\\/\\\/www.scenicrights.com\\\/es\\\/\",\"logo\":{\"@type\":\"ImageObject\",\"inLanguage\":\"es\",\"@id\":\"https:\\\/\\\/www.scenicrights.com\\\/es\\\/#\\\/schema\\\/logo\\\/image\\\/\",\"url\":\"https:\\\/\\\/www.scenicrights.com\\\/wp-content\\\/uploads\\\/2023\\\/07\\\/logo-horizontal-web.png\",\"contentUrl\":\"https:\\\/\\\/www.scenicrights.com\\\/wp-content\\\/uploads\\\/2023\\\/07\\\/logo-horizontal-web.png\",\"width\":644,\"height\":225,\"caption\":\"Scenic\u00a0Rights\"},\"image\":{\"@id\":\"https:\\\/\\\/www.scenicrights.com\\\/es\\\/#\\\/schema\\\/logo\\\/image\\\/\"}}]}<\/script>\n<!-- \/ Yoast SEO plugin. -->","yoast_head_json":{"title":"Atrapados por la lengua - Scenic\u00a0Rights","robots":{"index":"index","follow":"follow","max-snippet":"max-snippet:-1","max-image-preview":"max-image-preview:large","max-video-preview":"max-video-preview:-1"},"canonical":"https:\/\/www.scenicrights.com\/es\/projects\/atrapados-por-la-lengua\/","og_locale":"es_ES","og_type":"article","og_title":"Atrapados por la lengua - Scenic\u00a0Rights","og_description":"Las palabras que delatan a los asesinos. En un p&aacute;rrafo o en apenas 5 minutos de charla dejamos rastros inevitables que estudia la ling&uuml;&iacute;stica forense, disciplina [&hellip;]","og_url":"https:\/\/www.scenicrights.com\/es\/projects\/atrapados-por-la-lengua\/","og_site_name":"Scenic\u00a0Rights","article_modified_time":"2024-07-18T17:43:34+00:00","og_image":[{"width":1000,"height":1514,"url":"https:\/\/www.scenicrights.com\/wp-content\/uploads\/2023\/09\/fAR4OK6teES0MXS5pNV8GA.jpg","type":"image\/jpeg"}],"twitter_card":"summary_large_image","schema":{"@context":"https:\/\/schema.org","@graph":[{"@type":"WebPage","@id":"https:\/\/www.scenicrights.com\/es\/projects\/atrapados-por-la-lengua\/","url":"https:\/\/www.scenicrights.com\/es\/projects\/atrapados-por-la-lengua\/","name":"Atrapados por la lengua - Scenic\u00a0Rights","isPartOf":{"@id":"https:\/\/www.scenicrights.com\/es\/#website"},"primaryImageOfPage":{"@id":"https:\/\/www.scenicrights.com\/es\/projects\/atrapados-por-la-lengua\/#primaryimage"},"image":{"@id":"https:\/\/www.scenicrights.com\/es\/projects\/atrapados-por-la-lengua\/#primaryimage"},"thumbnailUrl":"https:\/\/www.scenicrights.com\/wp-content\/uploads\/2023\/09\/fAR4OK6teES0MXS5pNV8GA.jpg","datePublished":"2023-09-13T15:22:26+00:00","dateModified":"2024-07-18T17:43:34+00:00","breadcrumb":{"@id":"https:\/\/www.scenicrights.com\/es\/projects\/atrapados-por-la-lengua\/#breadcrumb"},"inLanguage":"es","potentialAction":[{"@type":"ReadAction","target":["https:\/\/www.scenicrights.com\/es\/projects\/atrapados-por-la-lengua\/"]}]},{"@type":"ImageObject","inLanguage":"es","@id":"https:\/\/www.scenicrights.com\/es\/projects\/atrapados-por-la-lengua\/#primaryimage","url":"https:\/\/www.scenicrights.com\/wp-content\/uploads\/2023\/09\/fAR4OK6teES0MXS5pNV8GA.jpg","contentUrl":"https:\/\/www.scenicrights.com\/wp-content\/uploads\/2023\/09\/fAR4OK6teES0MXS5pNV8GA.jpg","width":1000,"height":1514},{"@type":"BreadcrumbList","@id":"https:\/\/www.scenicrights.com\/es\/projects\/atrapados-por-la-lengua\/#breadcrumb","itemListElement":[{"@type":"ListItem","position":1,"name":"Home","item":"https:\/\/www.scenicrights.com\/es\/"},{"@type":"ListItem","position":2,"name":"Atrapados por la lengua"}]},{"@type":"WebSite","@id":"https:\/\/www.scenicrights.com\/es\/#website","url":"https:\/\/www.scenicrights.com\/es\/","name":"Scenic\u00a0Rights","description":"","publisher":{"@id":"https:\/\/www.scenicrights.com\/es\/#organization"},"potentialAction":[{"@type":"SearchAction","target":{"@type":"EntryPoint","urlTemplate":"https:\/\/www.scenicrights.com\/es\/?s={search_term_string}"},"query-input":{"@type":"PropertyValueSpecification","valueRequired":true,"valueName":"search_term_string"}}],"inLanguage":"es"},{"@type":"Organization","@id":"https:\/\/www.scenicrights.com\/es\/#organization","name":"Scenic\u00a0Rights","url":"https:\/\/www.scenicrights.com\/es\/","logo":{"@type":"ImageObject","inLanguage":"es","@id":"https:\/\/www.scenicrights.com\/es\/#\/schema\/logo\/image\/","url":"https:\/\/www.scenicrights.com\/wp-content\/uploads\/2023\/07\/logo-horizontal-web.png","contentUrl":"https:\/\/www.scenicrights.com\/wp-content\/uploads\/2023\/07\/logo-horizontal-web.png","width":644,"height":225,"caption":"Scenic\u00a0Rights"},"image":{"@id":"https:\/\/www.scenicrights.com\/es\/#\/schema\/logo\/image\/"}}]}},"_links":{"self":[{"href":"https:\/\/www.scenicrights.com\/es\/wp-json\/wp\/v2\/articulo\/18785","targetHints":{"allow":["GET"]}}],"collection":[{"href":"https:\/\/www.scenicrights.com\/es\/wp-json\/wp\/v2\/articulo"}],"about":[{"href":"https:\/\/www.scenicrights.com\/es\/wp-json\/wp\/v2\/types\/articulo"}],"acf:post":[{"embeddable":true,"href":"https:\/\/www.scenicrights.com\/es\/wp-json\/wp\/v2\/autor\/23388"}],"acf:term":[{"embeddable":true,"taxonomy":"licencia","href":"https:\/\/www.scenicrights.com\/es\/wp-json\/wp\/v2\/licencia\/17"},{"embeddable":true,"taxonomy":"art_tag","href":"https:\/\/www.scenicrights.com\/es\/wp-json\/wp\/v2\/art_tag\/518"},{"embeddable":true,"taxonomy":"art_tag","href":"https:\/\/www.scenicrights.com\/es\/wp-json\/wp\/v2\/art_tag\/12"},{"embeddable":true,"taxonomy":"art_tag","href":"https:\/\/www.scenicrights.com\/es\/wp-json\/wp\/v2\/art_tag\/1255"},{"embeddable":true,"taxonomy":"art_tag","href":"https:\/\/www.scenicrights.com\/es\/wp-json\/wp\/v2\/art_tag\/568"},{"embeddable":true,"taxonomy":"art_tag","href":"https:\/\/www.scenicrights.com\/es\/wp-json\/wp\/v2\/art_tag\/426"},{"embeddable":true,"taxonomy":"art_tag","href":"https:\/\/www.scenicrights.com\/es\/wp-json\/wp\/v2\/art_tag\/1249"},{"embeddable":true,"taxonomy":"art_tag","href":"https:\/\/www.scenicrights.com\/es\/wp-json\/wp\/v2\/art_tag\/547"},{"embeddable":true,"taxonomy":"tipo","href":"https:\/\/www.scenicrights.com\/es\/wp-json\/wp\/v2\/tipo\/5"},{"embeddable":true,"taxonomy":"subgenero","href":"https:\/\/www.scenicrights.com\/es\/wp-json\/wp\/v2\/subgenero\/72"},{"embeddable":true,"taxonomy":"subgenero","href":"https:\/\/www.scenicrights.com\/es\/wp-json\/wp\/v2\/subgenero\/1322"},{"embeddable":true,"taxonomy":"genero","href":"https:\/\/www.scenicrights.com\/es\/wp-json\/wp\/v2\/genero\/1419"},{"embeddable":true,"taxonomy":"genero","href":"https:\/\/www.scenicrights.com\/es\/wp-json\/wp\/v2\/genero\/7"}],"wp:featuredmedia":[{"embeddable":true,"href":"https:\/\/www.scenicrights.com\/es\/wp-json\/wp\/v2\/media\/13618"}],"wp:attachment":[{"href":"https:\/\/www.scenicrights.com\/es\/wp-json\/wp\/v2\/media?parent=18785"}],"wp:term":[{"taxonomy":"art_tag","embeddable":true,"href":"https:\/\/www.scenicrights.com\/es\/wp-json\/wp\/v2\/art_tag?post=18785"},{"taxonomy":"genero","embeddable":true,"href":"https:\/\/www.scenicrights.com\/es\/wp-json\/wp\/v2\/genero?post=18785"},{"taxonomy":"licencia","embeddable":true,"href":"https:\/\/www.scenicrights.com\/es\/wp-json\/wp\/v2\/licencia?post=18785"},{"taxonomy":"localizacion","embeddable":true,"href":"https:\/\/www.scenicrights.com\/es\/wp-json\/wp\/v2\/localizacion?post=18785"},{"taxonomy":"produccion","embeddable":true,"href":"https:\/\/www.scenicrights.com\/es\/wp-json\/wp\/v2\/produccion?post=18785"},{"taxonomy":"subgenero","embeddable":true,"href":"https:\/\/www.scenicrights.com\/es\/wp-json\/wp\/v2\/subgenero?post=18785"},{"taxonomy":"tipo","embeddable":true,"href":"https:\/\/www.scenicrights.com\/es\/wp-json\/wp\/v2\/tipo?post=18785"}],"curies":[{"name":"wp","href":"https:\/\/api.w.org\/{rel}","templated":true}]}}