{"id":26832,"date":"2024-11-05T09:48:48","date_gmt":"2024-11-05T09:48:48","guid":{"rendered":"https:\/\/www.scenicrights.com\/?post_type=articulo&#038;p=26832"},"modified":"2024-11-05T09:48:48","modified_gmt":"2024-11-05T09:48:48","slug":"el-jardin-de-las-mujeres-verelli","status":"publish","type":"articulo","link":"https:\/\/www.scenicrights.com\/es\/projects\/el-jardin-de-las-mujeres-verelli\/","title":{"rendered":"El jard\u00edn de las mujeres Verelli"},"template":"","art_tag":[361,363,364,1268,403,405,600,606,430,1289,441,1275,449,461,471,589,526],"genero":[7],"licencia":[17],"localizacion":[],"produccion":[],"subgenero":[1318],"tipo":[5],"class_list":["post-26832","articulo","type-articulo","status-publish","has-post-thumbnail","hentry","art_tag-amistad","art_tag-amor","art_tag-amor-imposible","art_tag-costumbrismo","art_tag-crisis-existencial","art_tag-desamor","art_tag-diferencia-clase","art_tag-empoderamiento","art_tag-familia","art_tag-guerra-mundial","art_tag-herencia","art_tag-identidad","art_tag-inmigracion","art_tag-maternidad","art_tag-nostalgia","art_tag-pasado","art_tag-viaje","genero-drama","licencia-propia","subgenero-romance","tipo-proyecto"],"acf":{"generos_tax":[7],"subgeneros_tax":[1318],"tipo_tax":[5],"tags_tax":[441,430,1275,361,363,526,589,449,1268,461,403,606,364,471,405,600,1289],"produccion_tax":false,"licencia_tax":17,"localizacion_tax":false,"articulo__titulo_extendido":"","articulo__extracto":"","articulo__contenido":"<em><strong>Un viaje incre\u00edble de una joven catalana a un fascinante molino en un pintoresco pueblo de Liguria, Italia. Gianna no solo investigar\u00e1 sus ra\u00edces italianas, desvelando un misterio guardado en el pasado, sino que tambi\u00e9n descubrir\u00e1 que el amor, a veces, aparece en los lugares m\u00e1s inesperados. Una historia de mujeres, lazos con el pasado y emociones de una autora bestseller que ha conquistado a decenas de miles de lectores en Espa\u00f1a e Italia. \u00a1Perfecta para una adaptaci\u00f3n que una a ambos pa\u00edses!<\/strong><\/em>\r\n\r\n&nbsp;\r\n\r\nGianna se ha criado junto a su abuela en la trastienda de \u201cLa Cucina dei Fiori\u201d, un establecimiento de gastronom\u00eda italiana en Barcelona. Ella ha crecido sin saber casi nada de sus or\u00edgenes, ni tan solo el motivo por el que conforman una familia de pr\u00e1cticamente solo mujeres.\r\n\r\nCuando fallece su abuela, Gianna se enfrenta a la dura posibilidad de vender las propiedades de esta, pero permanece decidida a mantener el local. Sorpresivamente, encuentra entre las pertenencias de su abuela la llave de un molino ubicado en un peque\u00f1o pueblo del norte de Italia y el diario incompleto de su bisabuela, Anice, quien al parecer fue la primera integrante de la familia que emigr\u00f3 desde Italia a Espa\u00f1a. De este modo, Gianna decide emprender un viaje a Italia en busca de sus ra\u00edces, impulsada tambi\u00e9n por la decepci\u00f3n de una relaci\u00f3n amorosa con un hombre casado, Pau, y un imprevisto embarazado con el que a\u00fan no ha decidido si seguir o no.\r\n\r\nAll\u00ed, en la Liguria, descubre que Anice dej\u00f3 atr\u00e1s un jard\u00edn con el que ten\u00eda una conexi\u00f3n casi m\u00edstica y formaba una parte intr\u00ednseca de su identidad; tambi\u00e9n conoce sobre el romance imposible que vivi\u00f3 con el hijo de un duque al ser de clases sociales antag\u00f3nicas, entre otros hallazgos. Por otra parte, conoce a Mauro, un hombre solitario que vive ahora en el molino, quien se convierte en el apoyo que su exnovio Pau no pudo ser.\r\n\r\nTras su viaje a Italia y su v\u00ednculo con la historia de su familia, Gianna resuelve que para ella lo m\u00e1s importante es su independencia y la preservaci\u00f3n de su legado. De este modo, a pesar de la insistencia de Pau en volver juntos y renunciar al beb\u00e9, Gianna decide tenerlo acompa\u00f1ada por Mauro, con quien inicia una relaci\u00f3n sentimental. Finalmente es Carlo, el hermano de Gianna, quien toma el mando de \u201cLa Cucina dei Fiori\u201d en Barcelona, mientras que ella se establece en Italia y cuida su legado de la manera m\u00e1s preciada para ella: haciendo florecer de nuevo el jard\u00edn de su bisabuela, que se convierte ahora en un espacio comunitario y de encuentro para sus amigas y familiares, un lugar que vela por el futuro preservando el pasado.\r\n\r\n&nbsp;\r\n\r\n<strong>DATOS RELEVANTES:<\/strong> <em>El jard\u00edn de las mujeres Verelli<\/em> es una novela dram\u00e1tica contempor\u00e1nea que comunica entre el pasado y el presente, encarnados en bisabuela y bisnieta, y muestra c\u00f3mo problem\u00e1ticas que aquejaban hace casi un siglo pueden seguir haci\u00e9ndolo ahora. M\u00e1s all\u00e1 de esto, es una novela en la que se retratan mujeres fuertes y con una personalidad muy definida que se tienen que cuestionar las ra\u00edces, la importancia del hogar, la culpa, la incompatibilidad entre vida personal y profesional y la b\u00fasqueda de una misma. La historia, pese a sus reminiscencias al pasado, es 100% contempor\u00e1nea.\r\n\r\nCarla Montero nos transporta a Barcelona, pero tambi\u00e9n a la Liguria italiana, adentr\u00e1ndonos en sus paisajes, en su gastronom\u00eda y en su historia. Es la quinta novela de esta autora, quien es muy reconocida a nivel nacional, superventas en Espa\u00f1a e Italia (solo en Espa\u00f1a ha vendido alrededor de 50000 copias) y ha logrado que se la traduzca en diversos pa\u00edses europeos.\r\n\r\nLo que la cr\u00edtica dice:\r\n\r\n\u201cEs una novela llena de emociones donde el pasado y el presente se unen para poder encontrar el verdadero camino hacia la felicidad.\u201d - <em>FANFAN<\/em>.\r\n\r\n\u201cEs un canto a la familia, a la dedicaci\u00f3n, a la valent\u00eda y a las pasiones que mueven el mundo.\u201d - Blog<em> La petita Llibrer\u00eda<\/em>.\r\n\r\n\u201cTiene un poco de todo, misterio, amor, amistad, una uni\u00f3n especial con la naturaleza y est\u00e1 repleta de olores y sabores gastron\u00f3micos.\u201d - Blog\u00a0<em>La huella de los libros<\/em>.\r\n\r\n&nbsp;\r\n\r\n<strong>POTENCIAL AUDIOVISUAL:<\/strong> Serie TV, Miniserie, Film, TV Film.\r\n\r\n<strong>IDIOMAS DISPONIBLES:<\/strong> Espa\u00f1ol, Italiano, Alem\u00e1n, Polaco.","articulo__autor":[26775],"_thumbnail_id":26837,"articulo__featured_gallery":"","articulo__galeria_archivos":"","articulo__fecha_de_publicacion":"","articulo__idiomas":"","articulo__dossier":"","idarticle":""},"yoast_head":"<!-- This site is optimized with the Yoast SEO plugin v27.5 - https:\/\/yoast.com\/product\/yoast-seo-wordpress\/ -->\n<title>El jard\u00edn de las mujeres Verelli - Scenic\u00a0Rights<\/title>\n<meta name=\"robots\" content=\"index, follow, max-snippet:-1, max-image-preview:large, max-video-preview:-1\" \/>\n<link rel=\"canonical\" href=\"https:\/\/www.scenicrights.com\/es\/projects\/el-jardin-de-las-mujeres-verelli\/\" \/>\n<meta property=\"og:locale\" content=\"es_ES\" \/>\n<meta property=\"og:type\" content=\"article\" \/>\n<meta property=\"og:title\" content=\"El jard\u00edn de las mujeres Verelli - Scenic\u00a0Rights\" \/>\n<meta property=\"og:url\" content=\"https:\/\/www.scenicrights.com\/es\/projects\/el-jardin-de-las-mujeres-verelli\/\" \/>\n<meta property=\"og:site_name\" content=\"Scenic\u00a0Rights\" \/>\n<meta property=\"og:image\" content=\"https:\/\/www.scenicrights.com\/wp-content\/uploads\/2024\/11\/el-jardin-de-las-mujeres-verelli.jpg\" \/>\n\t<meta property=\"og:image:width\" content=\"641\" \/>\n\t<meta property=\"og:image:height\" content=\"1000\" \/>\n\t<meta property=\"og:image:type\" content=\"image\/jpeg\" \/>\n<meta name=\"twitter:card\" content=\"summary_large_image\" \/>\n<script type=\"application\/ld+json\" class=\"yoast-schema-graph\">{\"@context\":\"https:\\\/\\\/schema.org\",\"@graph\":[{\"@type\":\"WebPage\",\"@id\":\"https:\\\/\\\/www.scenicrights.com\\\/es\\\/projects\\\/el-jardin-de-las-mujeres-verelli\\\/\",\"url\":\"https:\\\/\\\/www.scenicrights.com\\\/es\\\/projects\\\/el-jardin-de-las-mujeres-verelli\\\/\",\"name\":\"El jard\u00edn de las mujeres Verelli - Scenic\u00a0Rights\",\"isPartOf\":{\"@id\":\"https:\\\/\\\/www.scenicrights.com\\\/es\\\/#website\"},\"primaryImageOfPage\":{\"@id\":\"https:\\\/\\\/www.scenicrights.com\\\/es\\\/projects\\\/el-jardin-de-las-mujeres-verelli\\\/#primaryimage\"},\"image\":{\"@id\":\"https:\\\/\\\/www.scenicrights.com\\\/es\\\/projects\\\/el-jardin-de-las-mujeres-verelli\\\/#primaryimage\"},\"thumbnailUrl\":\"https:\\\/\\\/www.scenicrights.com\\\/wp-content\\\/uploads\\\/2024\\\/11\\\/el-jardin-de-las-mujeres-verelli.jpg\",\"datePublished\":\"2024-11-05T09:48:48+00:00\",\"breadcrumb\":{\"@id\":\"https:\\\/\\\/www.scenicrights.com\\\/es\\\/projects\\\/el-jardin-de-las-mujeres-verelli\\\/#breadcrumb\"},\"inLanguage\":\"es\",\"potentialAction\":[{\"@type\":\"ReadAction\",\"target\":[\"https:\\\/\\\/www.scenicrights.com\\\/es\\\/projects\\\/el-jardin-de-las-mujeres-verelli\\\/\"]}]},{\"@type\":\"ImageObject\",\"inLanguage\":\"es\",\"@id\":\"https:\\\/\\\/www.scenicrights.com\\\/es\\\/projects\\\/el-jardin-de-las-mujeres-verelli\\\/#primaryimage\",\"url\":\"https:\\\/\\\/www.scenicrights.com\\\/wp-content\\\/uploads\\\/2024\\\/11\\\/el-jardin-de-las-mujeres-verelli.jpg\",\"contentUrl\":\"https:\\\/\\\/www.scenicrights.com\\\/wp-content\\\/uploads\\\/2024\\\/11\\\/el-jardin-de-las-mujeres-verelli.jpg\",\"width\":641,\"height\":1000},{\"@type\":\"BreadcrumbList\",\"@id\":\"https:\\\/\\\/www.scenicrights.com\\\/es\\\/projects\\\/el-jardin-de-las-mujeres-verelli\\\/#breadcrumb\",\"itemListElement\":[{\"@type\":\"ListItem\",\"position\":1,\"name\":\"Home\",\"item\":\"https:\\\/\\\/www.scenicrights.com\\\/es\\\/\"},{\"@type\":\"ListItem\",\"position\":2,\"name\":\"El jard\u00edn de las mujeres Verelli\"}]},{\"@type\":\"WebSite\",\"@id\":\"https:\\\/\\\/www.scenicrights.com\\\/es\\\/#website\",\"url\":\"https:\\\/\\\/www.scenicrights.com\\\/es\\\/\",\"name\":\"Scenic\u00a0Rights\",\"description\":\"\",\"publisher\":{\"@id\":\"https:\\\/\\\/www.scenicrights.com\\\/es\\\/#organization\"},\"potentialAction\":[{\"@type\":\"SearchAction\",\"target\":{\"@type\":\"EntryPoint\",\"urlTemplate\":\"https:\\\/\\\/www.scenicrights.com\\\/es\\\/?s={search_term_string}\"},\"query-input\":{\"@type\":\"PropertyValueSpecification\",\"valueRequired\":true,\"valueName\":\"search_term_string\"}}],\"inLanguage\":\"es\"},{\"@type\":\"Organization\",\"@id\":\"https:\\\/\\\/www.scenicrights.com\\\/es\\\/#organization\",\"name\":\"Scenic\u00a0Rights\",\"url\":\"https:\\\/\\\/www.scenicrights.com\\\/es\\\/\",\"logo\":{\"@type\":\"ImageObject\",\"inLanguage\":\"es\",\"@id\":\"https:\\\/\\\/www.scenicrights.com\\\/es\\\/#\\\/schema\\\/logo\\\/image\\\/\",\"url\":\"https:\\\/\\\/www.scenicrights.com\\\/wp-content\\\/uploads\\\/2023\\\/07\\\/logo-horizontal-web.png\",\"contentUrl\":\"https:\\\/\\\/www.scenicrights.com\\\/wp-content\\\/uploads\\\/2023\\\/07\\\/logo-horizontal-web.png\",\"width\":644,\"height\":225,\"caption\":\"Scenic\u00a0Rights\"},\"image\":{\"@id\":\"https:\\\/\\\/www.scenicrights.com\\\/es\\\/#\\\/schema\\\/logo\\\/image\\\/\"}}]}<\/script>\n<!-- \/ Yoast SEO plugin. -->","yoast_head_json":{"title":"El jard\u00edn de las mujeres Verelli - Scenic\u00a0Rights","robots":{"index":"index","follow":"follow","max-snippet":"max-snippet:-1","max-image-preview":"max-image-preview:large","max-video-preview":"max-video-preview:-1"},"canonical":"https:\/\/www.scenicrights.com\/es\/projects\/el-jardin-de-las-mujeres-verelli\/","og_locale":"es_ES","og_type":"article","og_title":"El jard\u00edn de las mujeres Verelli - Scenic\u00a0Rights","og_url":"https:\/\/www.scenicrights.com\/es\/projects\/el-jardin-de-las-mujeres-verelli\/","og_site_name":"Scenic\u00a0Rights","og_image":[{"width":641,"height":1000,"url":"https:\/\/www.scenicrights.com\/wp-content\/uploads\/2024\/11\/el-jardin-de-las-mujeres-verelli.jpg","type":"image\/jpeg"}],"twitter_card":"summary_large_image","schema":{"@context":"https:\/\/schema.org","@graph":[{"@type":"WebPage","@id":"https:\/\/www.scenicrights.com\/es\/projects\/el-jardin-de-las-mujeres-verelli\/","url":"https:\/\/www.scenicrights.com\/es\/projects\/el-jardin-de-las-mujeres-verelli\/","name":"El jard\u00edn de las mujeres Verelli - Scenic\u00a0Rights","isPartOf":{"@id":"https:\/\/www.scenicrights.com\/es\/#website"},"primaryImageOfPage":{"@id":"https:\/\/www.scenicrights.com\/es\/projects\/el-jardin-de-las-mujeres-verelli\/#primaryimage"},"image":{"@id":"https:\/\/www.scenicrights.com\/es\/projects\/el-jardin-de-las-mujeres-verelli\/#primaryimage"},"thumbnailUrl":"https:\/\/www.scenicrights.com\/wp-content\/uploads\/2024\/11\/el-jardin-de-las-mujeres-verelli.jpg","datePublished":"2024-11-05T09:48:48+00:00","breadcrumb":{"@id":"https:\/\/www.scenicrights.com\/es\/projects\/el-jardin-de-las-mujeres-verelli\/#breadcrumb"},"inLanguage":"es","potentialAction":[{"@type":"ReadAction","target":["https:\/\/www.scenicrights.com\/es\/projects\/el-jardin-de-las-mujeres-verelli\/"]}]},{"@type":"ImageObject","inLanguage":"es","@id":"https:\/\/www.scenicrights.com\/es\/projects\/el-jardin-de-las-mujeres-verelli\/#primaryimage","url":"https:\/\/www.scenicrights.com\/wp-content\/uploads\/2024\/11\/el-jardin-de-las-mujeres-verelli.jpg","contentUrl":"https:\/\/www.scenicrights.com\/wp-content\/uploads\/2024\/11\/el-jardin-de-las-mujeres-verelli.jpg","width":641,"height":1000},{"@type":"BreadcrumbList","@id":"https:\/\/www.scenicrights.com\/es\/projects\/el-jardin-de-las-mujeres-verelli\/#breadcrumb","itemListElement":[{"@type":"ListItem","position":1,"name":"Home","item":"https:\/\/www.scenicrights.com\/es\/"},{"@type":"ListItem","position":2,"name":"El jard\u00edn de las mujeres Verelli"}]},{"@type":"WebSite","@id":"https:\/\/www.scenicrights.com\/es\/#website","url":"https:\/\/www.scenicrights.com\/es\/","name":"Scenic\u00a0Rights","description":"","publisher":{"@id":"https:\/\/www.scenicrights.com\/es\/#organization"},"potentialAction":[{"@type":"SearchAction","target":{"@type":"EntryPoint","urlTemplate":"https:\/\/www.scenicrights.com\/es\/?s={search_term_string}"},"query-input":{"@type":"PropertyValueSpecification","valueRequired":true,"valueName":"search_term_string"}}],"inLanguage":"es"},{"@type":"Organization","@id":"https:\/\/www.scenicrights.com\/es\/#organization","name":"Scenic\u00a0Rights","url":"https:\/\/www.scenicrights.com\/es\/","logo":{"@type":"ImageObject","inLanguage":"es","@id":"https:\/\/www.scenicrights.com\/es\/#\/schema\/logo\/image\/","url":"https:\/\/www.scenicrights.com\/wp-content\/uploads\/2023\/07\/logo-horizontal-web.png","contentUrl":"https:\/\/www.scenicrights.com\/wp-content\/uploads\/2023\/07\/logo-horizontal-web.png","width":644,"height":225,"caption":"Scenic\u00a0Rights"},"image":{"@id":"https:\/\/www.scenicrights.com\/es\/#\/schema\/logo\/image\/"}}]}},"_links":{"self":[{"href":"https:\/\/www.scenicrights.com\/es\/wp-json\/wp\/v2\/articulo\/26832","targetHints":{"allow":["GET"]}}],"collection":[{"href":"https:\/\/www.scenicrights.com\/es\/wp-json\/wp\/v2\/articulo"}],"about":[{"href":"https:\/\/www.scenicrights.com\/es\/wp-json\/wp\/v2\/types\/articulo"}],"acf:post":[{"embeddable":true,"href":"https:\/\/www.scenicrights.com\/es\/wp-json\/wp\/v2\/autor\/26775"}],"acf:term":[{"embeddable":true,"taxonomy":"licencia","href":"https:\/\/www.scenicrights.com\/es\/wp-json\/wp\/v2\/licencia\/17"},{"embeddable":true,"taxonomy":"art_tag","href":"https:\/\/www.scenicrights.com\/es\/wp-json\/wp\/v2\/art_tag\/1289"},{"embeddable":true,"taxonomy":"art_tag","href":"https:\/\/www.scenicrights.com\/es\/wp-json\/wp\/v2\/art_tag\/600"},{"embeddable":true,"taxonomy":"art_tag","href":"https:\/\/www.scenicrights.com\/es\/wp-json\/wp\/v2\/art_tag\/405"},{"embeddable":true,"taxonomy":"art_tag","href":"https:\/\/www.scenicrights.com\/es\/wp-json\/wp\/v2\/art_tag\/471"},{"embeddable":true,"taxonomy":"art_tag","href":"https:\/\/www.scenicrights.com\/es\/wp-json\/wp\/v2\/art_tag\/364"},{"embeddable":true,"taxonomy":"art_tag","href":"https:\/\/www.scenicrights.com\/es\/wp-json\/wp\/v2\/art_tag\/606"},{"embeddable":true,"taxonomy":"art_tag","href":"https:\/\/www.scenicrights.com\/es\/wp-json\/wp\/v2\/art_tag\/403"},{"embeddable":true,"taxonomy":"art_tag","href":"https:\/\/www.scenicrights.com\/es\/wp-json\/wp\/v2\/art_tag\/461"},{"embeddable":true,"taxonomy":"art_tag","href":"https:\/\/www.scenicrights.com\/es\/wp-json\/wp\/v2\/art_tag\/1268"},{"embeddable":true,"taxonomy":"art_tag","href":"https:\/\/www.scenicrights.com\/es\/wp-json\/wp\/v2\/art_tag\/449"},{"embeddable":true,"taxonomy":"art_tag","href":"https:\/\/www.scenicrights.com\/es\/wp-json\/wp\/v2\/art_tag\/589"},{"embeddable":true,"taxonomy":"art_tag","href":"https:\/\/www.scenicrights.com\/es\/wp-json\/wp\/v2\/art_tag\/526"},{"embeddable":true,"taxonomy":"art_tag","href":"https:\/\/www.scenicrights.com\/es\/wp-json\/wp\/v2\/art_tag\/363"},{"embeddable":true,"taxonomy":"art_tag","href":"https:\/\/www.scenicrights.com\/es\/wp-json\/wp\/v2\/art_tag\/361"},{"embeddable":true,"taxonomy":"art_tag","href":"https:\/\/www.scenicrights.com\/es\/wp-json\/wp\/v2\/art_tag\/1275"},{"embeddable":true,"taxonomy":"art_tag","href":"https:\/\/www.scenicrights.com\/es\/wp-json\/wp\/v2\/art_tag\/430"},{"embeddable":true,"taxonomy":"art_tag","href":"https:\/\/www.scenicrights.com\/es\/wp-json\/wp\/v2\/art_tag\/441"},{"embeddable":true,"taxonomy":"tipo","href":"https:\/\/www.scenicrights.com\/es\/wp-json\/wp\/v2\/tipo\/5"},{"embeddable":true,"taxonomy":"subgenero","href":"https:\/\/www.scenicrights.com\/es\/wp-json\/wp\/v2\/subgenero\/1318"},{"embeddable":true,"taxonomy":"genero","href":"https:\/\/www.scenicrights.com\/es\/wp-json\/wp\/v2\/genero\/7"}],"wp:featuredmedia":[{"embeddable":true,"href":"https:\/\/www.scenicrights.com\/es\/wp-json\/wp\/v2\/media\/26837"}],"wp:attachment":[{"href":"https:\/\/www.scenicrights.com\/es\/wp-json\/wp\/v2\/media?parent=26832"}],"wp:term":[{"taxonomy":"art_tag","embeddable":true,"href":"https:\/\/www.scenicrights.com\/es\/wp-json\/wp\/v2\/art_tag?post=26832"},{"taxonomy":"genero","embeddable":true,"href":"https:\/\/www.scenicrights.com\/es\/wp-json\/wp\/v2\/genero?post=26832"},{"taxonomy":"licencia","embeddable":true,"href":"https:\/\/www.scenicrights.com\/es\/wp-json\/wp\/v2\/licencia?post=26832"},{"taxonomy":"localizacion","embeddable":true,"href":"https:\/\/www.scenicrights.com\/es\/wp-json\/wp\/v2\/localizacion?post=26832"},{"taxonomy":"produccion","embeddable":true,"href":"https:\/\/www.scenicrights.com\/es\/wp-json\/wp\/v2\/produccion?post=26832"},{"taxonomy":"subgenero","embeddable":true,"href":"https:\/\/www.scenicrights.com\/es\/wp-json\/wp\/v2\/subgenero?post=26832"},{"taxonomy":"tipo","embeddable":true,"href":"https:\/\/www.scenicrights.com\/es\/wp-json\/wp\/v2\/tipo?post=26832"}],"curies":[{"name":"wp","href":"https:\/\/api.w.org\/{rel}","templated":true}]}}