{"id":27271,"date":"2025-02-26T11:35:59","date_gmt":"2025-02-26T11:35:59","guid":{"rendered":"https:\/\/www.scenicrights.com\/?post_type=articulo&#038;p=27271"},"modified":"2025-02-26T11:35:59","modified_gmt":"2025-02-26T11:35:59","slug":"el-dia-de-mi-muerte","status":"publish","type":"articulo","link":"https:\/\/www.scenicrights.com\/es\/projects\/el-dia-de-mi-muerte\/","title":{"rendered":"El d\u00eda de mi muerte"},"template":"","art_tag":[363,1249,614,422,465,589,1422,510],"genero":[7],"licencia":[17],"localizacion":[],"produccion":[],"subgenero":[9,1318,79],"tipo":[5],"class_list":["post-27271","articulo","type-articulo","status-publish","has-post-thumbnail","hentry","art_tag-amor","art_tag-crimen","art_tag-desaparicion","art_tag-enfermedad-mental","art_tag-muerte","art_tag-pasado","art_tag-psicologico","art_tag-sobrenatural","genero-drama","licencia-propia","subgenero-misterio","subgenero-romance","subgenero-thriller","tipo-proyecto"],"acf":{"generos_tax":[7],"subgeneros_tax":[79,9,1318],"tipo_tax":[5],"tags_tax":[363,589,465,1422,422,614,1249,510],"produccion_tax":false,"licencia_tax":17,"localizacion_tax":false,"articulo__titulo_extendido":"","articulo__extracto":"","articulo__contenido":"<strong><em>Anna despierta en una habitaci\u00f3n de hospital con una libreta en la que hay un extra\u00f1o dibujo de un canguro y una fecha que coincide con ese d\u00eda: el d\u00eda de su muerte. Pero m\u00e1s all\u00e1 de eso, Anna lo ha previsto todo\u2026 aunque no recuerda nada desde el d\u00eda en que mat\u00f3 a su novio. El nuevo thriller psicol\u00f3gico del autor bestseller Federico Axat desaf\u00eda literalmente la mente del lector.<\/em><\/strong>\r\n\r\n&nbsp;\r\n\r\nAnna despierta en la habitaci\u00f3n de un hospital sin recordar c\u00f3mo ha llegado all\u00ed. A su lado est\u00e1n la doctora Katz y el sheriff Hollinger, quienes le cuentan una historia dif\u00edcil de creer: hace dos a\u00f1os, Anna desapareci\u00f3 tras asesinar a su novio. La \u00fanica pista que dej\u00f3 fue su cuaderno, en el que hab\u00eda un dibujo de un canguro y una fecha. Esa fecha es hoy: el d\u00eda en que, seg\u00fan todo indicaba, Anna iba a morir.\r\n\r\nDesde peque\u00f1a, Anna posee una habilidad inusual, aunque no es consciente de ello: puede ver el futuro, incluso si no recuerda su pasado. Reci\u00e9n despierta en el hospital, tampoco recuerda que lleva dos a\u00f1os prepar\u00e1ndose para este momento.\r\n\r\nA medida que el sheriff y la doctora intentan ayudarla a escapar, Anna decide confiar en la doctora Katz, quien, a trav\u00e9s de diversas pruebas, le va revelando la verdad. Un hecho la desconcierta: mientras huyen del hospital, matan a un hombre llamado Cohen\u2026 Pero poco despu\u00e9s, \u00e9l reaparece como si nunca hubiera muerto.\r\n\r\nCon el tiempo y la intervenci\u00f3n de otros personajes, Katz le explica a Anna el verdadero alcance de su condici\u00f3n. Antes, Anna no solo pod\u00eda ver el futuro, sino que tambi\u00e9n recordaba su pasado. Sin embargo, tras asesinar a su novio, su mente borr\u00f3 esos recuerdos. Y cuando Anna pregunta por qu\u00e9 no puede ver futuro m\u00e1s all\u00e1 de cuando despert\u00f3 en el hospital, la respuesta es clara: el d\u00eda en que la encontraron era el d\u00eda en que deb\u00eda morir. M\u00e1s all\u00e1 de esa fecha, no hay futuro que recordar.\r\n\r\nDurante todo ese tiempo, la doctora Katz ha estado estudiando su caso y manipulando su entorno para asegurarse de que Anna siga el camino que ha previsto en sus visiones. Ahora, Anna entiende que para ella su vida transcurre en orden inverso al del resto del mundo. El d\u00eda del hospital, que para ella fue el primero de su historia de amor con el sheriff Hollinger, para \u00e9l fue el \u00faltimo.\r\n\r\nEn busca de respuestas, Anna conoce a un hombre llamado Della Croce, quien le habla del significado del canguro, al que Anna reconoce haber visto. Esta figura aparece justo antes de un salto a otra l\u00ednea temporal. Della Croce le confiesa que \u00e9l tambi\u00e9n salt\u00f3 a otra realidad el d\u00eda de su muerte, lo mismo que podr\u00eda ocurrirle a Anna si decide hacerlo. \u00c9l lo hizo porque quiso cambiar su destino y reformular su futuro, del mismo modo en que Anna lo desea tras descubrir que mat\u00f3 a su novio porque \u00e9l la oblig\u00f3 a abortar.\r\n\r\nFinalmente, Anna se prepara para cruzar el portal hacia otra dimensi\u00f3n, aunque sabe que probablemente perder\u00e1 todos sus recuerdos, incluido su amor por el sheriff Hollinger, que floreci\u00f3 en esta l\u00ednea temporal.\r\n\r\nEn el ep\u00edlogo, Anna lleva una vida completamente nueva en otra realidad. All\u00ed conoce a la doctora Katz por casualidad. Ambas son madres, y en esta versi\u00f3n de su historia, su novio intent\u00f3 hacerla abortar, pero no lo consigui\u00f3. Katz, a quien Anna ve como una madre, le cuenta algunos detalles de su vida anterior. De pronto, el sheriff Hollinger entra al restaurante. Katz lo presenta a Anna, dejando abierta la posibilidad de que su amor pueda trascender el tiempo y el espacio.\r\n\r\n&nbsp;\r\n\r\n<strong>DATOS RELEVANTES:<\/strong><em> El d\u00eda de mi muerte<\/em> es la \u00faltima novela del aclamado escritor Federico Axat, traducido a m\u00e1s de 30 idiomas y vendiendo cientos de miles de copias con su novela<em> La \u00faltima salida<\/em>. Ha sido referenciado por <em>The New York Times<\/em>: \u201cFederico Axat es el tipo de escritor hipn\u00f3tico que amas leer, pero en el que no puedes completamente confiar\u201d. Es considerado uno de los escritores m\u00e1s influyentes del g\u00e9nero del thriller en el panorama contempor\u00e1neo de habla hispana.\r\n\r\nComo todas las novelas de Axat, se denota su perspectiva e influencia cinematogr\u00e1fica de autores como Martin Scorsese, Christopher Nolan y Alejandro Amen\u00e1bar en sus tramas enrevesadas que te dejan sin aliento.\r\n\r\n<em>El d\u00eda de mi muerte<\/em> destaca por su estructura en orden inverso, de forma que descubrimos los entresijos de la historia al mismo tiempo que su protagonista, quien adem\u00e1s resulta ser una mujer fuerte y compleja, que teme en lo que puede haberse convertido.\r\n\r\nAntes de su publicaci\u00f3n, los derechos ya han sido vendidos en alem\u00e1n, en ruso y en catal\u00e1n y se espera que conquiste al lector y que no pueda dejar de leer hasta descubrir la verdad de lo que est\u00e1 ocurriendo. Una novela envolvente que fusiona el thriller con intensos elementos dram\u00e1ticos, aportando profundidad y complejidad a sus personajes.\r\n\r\n&nbsp;\r\n\r\n<strong>POTENCIAL AUDIOVISUAL:<\/strong> Serie TV, Miniserie, Film, TV Film.\r\n\r\n<strong>IDIOMAS DISPONIBLES:<\/strong> Espa\u00f1ol, Catal\u00e1n, Alem\u00e1n, Ruso","articulo__autor":[27127],"_thumbnail_id":27272,"articulo__featured_gallery":"","articulo__galeria_archivos":"","articulo__fecha_de_publicacion":"","articulo__idiomas":"","articulo__dossier":"","idarticle":""},"yoast_head":"<!-- This site is optimized with the Yoast SEO plugin v27.5 - https:\/\/yoast.com\/product\/yoast-seo-wordpress\/ -->\n<title>El d\u00eda de mi muerte - Scenic\u00a0Rights<\/title>\n<meta name=\"robots\" content=\"index, follow, max-snippet:-1, max-image-preview:large, max-video-preview:-1\" \/>\n<link rel=\"canonical\" href=\"https:\/\/www.scenicrights.com\/es\/projects\/el-dia-de-mi-muerte\/\" \/>\n<meta property=\"og:locale\" content=\"es_ES\" \/>\n<meta property=\"og:type\" content=\"article\" \/>\n<meta property=\"og:title\" content=\"El d\u00eda de mi muerte - Scenic\u00a0Rights\" \/>\n<meta property=\"og:url\" content=\"https:\/\/www.scenicrights.com\/es\/projects\/el-dia-de-mi-muerte\/\" \/>\n<meta property=\"og:site_name\" content=\"Scenic\u00a0Rights\" \/>\n<meta property=\"og:image\" content=\"https:\/\/www.scenicrights.com\/wp-content\/uploads\/2025\/02\/Portada-El-dia-de-mi-muerte-Axat-scaled.jpg\" \/>\n\t<meta property=\"og:image:width\" content=\"1480\" \/>\n\t<meta property=\"og:image:height\" content=\"2560\" \/>\n\t<meta property=\"og:image:type\" content=\"image\/jpeg\" \/>\n<meta name=\"twitter:card\" content=\"summary_large_image\" \/>\n<script type=\"application\/ld+json\" class=\"yoast-schema-graph\">{\"@context\":\"https:\\\/\\\/schema.org\",\"@graph\":[{\"@type\":\"WebPage\",\"@id\":\"https:\\\/\\\/www.scenicrights.com\\\/es\\\/projects\\\/el-dia-de-mi-muerte\\\/\",\"url\":\"https:\\\/\\\/www.scenicrights.com\\\/es\\\/projects\\\/el-dia-de-mi-muerte\\\/\",\"name\":\"El d\u00eda de mi muerte - Scenic\u00a0Rights\",\"isPartOf\":{\"@id\":\"https:\\\/\\\/www.scenicrights.com\\\/es\\\/#website\"},\"primaryImageOfPage\":{\"@id\":\"https:\\\/\\\/www.scenicrights.com\\\/es\\\/projects\\\/el-dia-de-mi-muerte\\\/#primaryimage\"},\"image\":{\"@id\":\"https:\\\/\\\/www.scenicrights.com\\\/es\\\/projects\\\/el-dia-de-mi-muerte\\\/#primaryimage\"},\"thumbnailUrl\":\"https:\\\/\\\/www.scenicrights.com\\\/wp-content\\\/uploads\\\/2025\\\/02\\\/Portada-El-dia-de-mi-muerte-Axat-scaled.jpg\",\"datePublished\":\"2025-02-26T11:35:59+00:00\",\"breadcrumb\":{\"@id\":\"https:\\\/\\\/www.scenicrights.com\\\/es\\\/projects\\\/el-dia-de-mi-muerte\\\/#breadcrumb\"},\"inLanguage\":\"es\",\"potentialAction\":[{\"@type\":\"ReadAction\",\"target\":[\"https:\\\/\\\/www.scenicrights.com\\\/es\\\/projects\\\/el-dia-de-mi-muerte\\\/\"]}]},{\"@type\":\"ImageObject\",\"inLanguage\":\"es\",\"@id\":\"https:\\\/\\\/www.scenicrights.com\\\/es\\\/projects\\\/el-dia-de-mi-muerte\\\/#primaryimage\",\"url\":\"https:\\\/\\\/www.scenicrights.com\\\/wp-content\\\/uploads\\\/2025\\\/02\\\/Portada-El-dia-de-mi-muerte-Axat-scaled.jpg\",\"contentUrl\":\"https:\\\/\\\/www.scenicrights.com\\\/wp-content\\\/uploads\\\/2025\\\/02\\\/Portada-El-dia-de-mi-muerte-Axat-scaled.jpg\",\"width\":1480,\"height\":2560},{\"@type\":\"BreadcrumbList\",\"@id\":\"https:\\\/\\\/www.scenicrights.com\\\/es\\\/projects\\\/el-dia-de-mi-muerte\\\/#breadcrumb\",\"itemListElement\":[{\"@type\":\"ListItem\",\"position\":1,\"name\":\"Home\",\"item\":\"https:\\\/\\\/www.scenicrights.com\\\/es\\\/\"},{\"@type\":\"ListItem\",\"position\":2,\"name\":\"El d\u00eda de mi muerte\"}]},{\"@type\":\"WebSite\",\"@id\":\"https:\\\/\\\/www.scenicrights.com\\\/es\\\/#website\",\"url\":\"https:\\\/\\\/www.scenicrights.com\\\/es\\\/\",\"name\":\"Scenic\u00a0Rights\",\"description\":\"\",\"publisher\":{\"@id\":\"https:\\\/\\\/www.scenicrights.com\\\/es\\\/#organization\"},\"potentialAction\":[{\"@type\":\"SearchAction\",\"target\":{\"@type\":\"EntryPoint\",\"urlTemplate\":\"https:\\\/\\\/www.scenicrights.com\\\/es\\\/?s={search_term_string}\"},\"query-input\":{\"@type\":\"PropertyValueSpecification\",\"valueRequired\":true,\"valueName\":\"search_term_string\"}}],\"inLanguage\":\"es\"},{\"@type\":\"Organization\",\"@id\":\"https:\\\/\\\/www.scenicrights.com\\\/es\\\/#organization\",\"name\":\"Scenic\u00a0Rights\",\"url\":\"https:\\\/\\\/www.scenicrights.com\\\/es\\\/\",\"logo\":{\"@type\":\"ImageObject\",\"inLanguage\":\"es\",\"@id\":\"https:\\\/\\\/www.scenicrights.com\\\/es\\\/#\\\/schema\\\/logo\\\/image\\\/\",\"url\":\"https:\\\/\\\/www.scenicrights.com\\\/wp-content\\\/uploads\\\/2023\\\/07\\\/logo-horizontal-web.png\",\"contentUrl\":\"https:\\\/\\\/www.scenicrights.com\\\/wp-content\\\/uploads\\\/2023\\\/07\\\/logo-horizontal-web.png\",\"width\":644,\"height\":225,\"caption\":\"Scenic\u00a0Rights\"},\"image\":{\"@id\":\"https:\\\/\\\/www.scenicrights.com\\\/es\\\/#\\\/schema\\\/logo\\\/image\\\/\"}}]}<\/script>\n<!-- \/ Yoast SEO plugin. -->","yoast_head_json":{"title":"El d\u00eda de mi muerte - Scenic\u00a0Rights","robots":{"index":"index","follow":"follow","max-snippet":"max-snippet:-1","max-image-preview":"max-image-preview:large","max-video-preview":"max-video-preview:-1"},"canonical":"https:\/\/www.scenicrights.com\/es\/projects\/el-dia-de-mi-muerte\/","og_locale":"es_ES","og_type":"article","og_title":"El d\u00eda de mi muerte - Scenic\u00a0Rights","og_url":"https:\/\/www.scenicrights.com\/es\/projects\/el-dia-de-mi-muerte\/","og_site_name":"Scenic\u00a0Rights","og_image":[{"width":1480,"height":2560,"url":"https:\/\/www.scenicrights.com\/wp-content\/uploads\/2025\/02\/Portada-El-dia-de-mi-muerte-Axat-scaled.jpg","type":"image\/jpeg"}],"twitter_card":"summary_large_image","schema":{"@context":"https:\/\/schema.org","@graph":[{"@type":"WebPage","@id":"https:\/\/www.scenicrights.com\/es\/projects\/el-dia-de-mi-muerte\/","url":"https:\/\/www.scenicrights.com\/es\/projects\/el-dia-de-mi-muerte\/","name":"El d\u00eda de mi muerte - Scenic\u00a0Rights","isPartOf":{"@id":"https:\/\/www.scenicrights.com\/es\/#website"},"primaryImageOfPage":{"@id":"https:\/\/www.scenicrights.com\/es\/projects\/el-dia-de-mi-muerte\/#primaryimage"},"image":{"@id":"https:\/\/www.scenicrights.com\/es\/projects\/el-dia-de-mi-muerte\/#primaryimage"},"thumbnailUrl":"https:\/\/www.scenicrights.com\/wp-content\/uploads\/2025\/02\/Portada-El-dia-de-mi-muerte-Axat-scaled.jpg","datePublished":"2025-02-26T11:35:59+00:00","breadcrumb":{"@id":"https:\/\/www.scenicrights.com\/es\/projects\/el-dia-de-mi-muerte\/#breadcrumb"},"inLanguage":"es","potentialAction":[{"@type":"ReadAction","target":["https:\/\/www.scenicrights.com\/es\/projects\/el-dia-de-mi-muerte\/"]}]},{"@type":"ImageObject","inLanguage":"es","@id":"https:\/\/www.scenicrights.com\/es\/projects\/el-dia-de-mi-muerte\/#primaryimage","url":"https:\/\/www.scenicrights.com\/wp-content\/uploads\/2025\/02\/Portada-El-dia-de-mi-muerte-Axat-scaled.jpg","contentUrl":"https:\/\/www.scenicrights.com\/wp-content\/uploads\/2025\/02\/Portada-El-dia-de-mi-muerte-Axat-scaled.jpg","width":1480,"height":2560},{"@type":"BreadcrumbList","@id":"https:\/\/www.scenicrights.com\/es\/projects\/el-dia-de-mi-muerte\/#breadcrumb","itemListElement":[{"@type":"ListItem","position":1,"name":"Home","item":"https:\/\/www.scenicrights.com\/es\/"},{"@type":"ListItem","position":2,"name":"El d\u00eda de mi muerte"}]},{"@type":"WebSite","@id":"https:\/\/www.scenicrights.com\/es\/#website","url":"https:\/\/www.scenicrights.com\/es\/","name":"Scenic\u00a0Rights","description":"","publisher":{"@id":"https:\/\/www.scenicrights.com\/es\/#organization"},"potentialAction":[{"@type":"SearchAction","target":{"@type":"EntryPoint","urlTemplate":"https:\/\/www.scenicrights.com\/es\/?s={search_term_string}"},"query-input":{"@type":"PropertyValueSpecification","valueRequired":true,"valueName":"search_term_string"}}],"inLanguage":"es"},{"@type":"Organization","@id":"https:\/\/www.scenicrights.com\/es\/#organization","name":"Scenic\u00a0Rights","url":"https:\/\/www.scenicrights.com\/es\/","logo":{"@type":"ImageObject","inLanguage":"es","@id":"https:\/\/www.scenicrights.com\/es\/#\/schema\/logo\/image\/","url":"https:\/\/www.scenicrights.com\/wp-content\/uploads\/2023\/07\/logo-horizontal-web.png","contentUrl":"https:\/\/www.scenicrights.com\/wp-content\/uploads\/2023\/07\/logo-horizontal-web.png","width":644,"height":225,"caption":"Scenic\u00a0Rights"},"image":{"@id":"https:\/\/www.scenicrights.com\/es\/#\/schema\/logo\/image\/"}}]}},"_links":{"self":[{"href":"https:\/\/www.scenicrights.com\/es\/wp-json\/wp\/v2\/articulo\/27271","targetHints":{"allow":["GET"]}}],"collection":[{"href":"https:\/\/www.scenicrights.com\/es\/wp-json\/wp\/v2\/articulo"}],"about":[{"href":"https:\/\/www.scenicrights.com\/es\/wp-json\/wp\/v2\/types\/articulo"}],"acf:post":[{"embeddable":true,"href":"https:\/\/www.scenicrights.com\/es\/wp-json\/wp\/v2\/autor\/27127"}],"acf:term":[{"embeddable":true,"taxonomy":"licencia","href":"https:\/\/www.scenicrights.com\/es\/wp-json\/wp\/v2\/licencia\/17"},{"embeddable":true,"taxonomy":"art_tag","href":"https:\/\/www.scenicrights.com\/es\/wp-json\/wp\/v2\/art_tag\/510"},{"embeddable":true,"taxonomy":"art_tag","href":"https:\/\/www.scenicrights.com\/es\/wp-json\/wp\/v2\/art_tag\/1249"},{"embeddable":true,"taxonomy":"art_tag","href":"https:\/\/www.scenicrights.com\/es\/wp-json\/wp\/v2\/art_tag\/614"},{"embeddable":true,"taxonomy":"art_tag","href":"https:\/\/www.scenicrights.com\/es\/wp-json\/wp\/v2\/art_tag\/422"},{"embeddable":true,"taxonomy":"art_tag","href":"https:\/\/www.scenicrights.com\/es\/wp-json\/wp\/v2\/art_tag\/1422"},{"embeddable":true,"taxonomy":"art_tag","href":"https:\/\/www.scenicrights.com\/es\/wp-json\/wp\/v2\/art_tag\/465"},{"embeddable":true,"taxonomy":"art_tag","href":"https:\/\/www.scenicrights.com\/es\/wp-json\/wp\/v2\/art_tag\/589"},{"embeddable":true,"taxonomy":"art_tag","href":"https:\/\/www.scenicrights.com\/es\/wp-json\/wp\/v2\/art_tag\/363"},{"embeddable":true,"taxonomy":"tipo","href":"https:\/\/www.scenicrights.com\/es\/wp-json\/wp\/v2\/tipo\/5"},{"embeddable":true,"taxonomy":"subgenero","href":"https:\/\/www.scenicrights.com\/es\/wp-json\/wp\/v2\/subgenero\/1318"},{"embeddable":true,"taxonomy":"subgenero","href":"https:\/\/www.scenicrights.com\/es\/wp-json\/wp\/v2\/subgenero\/9"},{"embeddable":true,"taxonomy":"subgenero","href":"https:\/\/www.scenicrights.com\/es\/wp-json\/wp\/v2\/subgenero\/79"},{"embeddable":true,"taxonomy":"genero","href":"https:\/\/www.scenicrights.com\/es\/wp-json\/wp\/v2\/genero\/7"}],"wp:featuredmedia":[{"embeddable":true,"href":"https:\/\/www.scenicrights.com\/es\/wp-json\/wp\/v2\/media\/27272"}],"wp:attachment":[{"href":"https:\/\/www.scenicrights.com\/es\/wp-json\/wp\/v2\/media?parent=27271"}],"wp:term":[{"taxonomy":"art_tag","embeddable":true,"href":"https:\/\/www.scenicrights.com\/es\/wp-json\/wp\/v2\/art_tag?post=27271"},{"taxonomy":"genero","embeddable":true,"href":"https:\/\/www.scenicrights.com\/es\/wp-json\/wp\/v2\/genero?post=27271"},{"taxonomy":"licencia","embeddable":true,"href":"https:\/\/www.scenicrights.com\/es\/wp-json\/wp\/v2\/licencia?post=27271"},{"taxonomy":"localizacion","embeddable":true,"href":"https:\/\/www.scenicrights.com\/es\/wp-json\/wp\/v2\/localizacion?post=27271"},{"taxonomy":"produccion","embeddable":true,"href":"https:\/\/www.scenicrights.com\/es\/wp-json\/wp\/v2\/produccion?post=27271"},{"taxonomy":"subgenero","embeddable":true,"href":"https:\/\/www.scenicrights.com\/es\/wp-json\/wp\/v2\/subgenero?post=27271"},{"taxonomy":"tipo","embeddable":true,"href":"https:\/\/www.scenicrights.com\/es\/wp-json\/wp\/v2\/tipo?post=27271"}],"curies":[{"name":"wp","href":"https:\/\/api.w.org\/{rel}","templated":true}]}}