{"id":28259,"date":"2025-09-02T14:17:18","date_gmt":"2025-09-02T14:17:18","guid":{"rendered":"https:\/\/www.scenicrights.com\/?post_type=articulo&#038;p=28259"},"modified":"2025-09-11T15:07:10","modified_gmt":"2025-09-11T15:07:10","slug":"la-noche-de-tlatelolco","status":"publish","type":"articulo","link":"https:\/\/www.scenicrights.com\/es\/projects\/la-noche-de-tlatelolco\/","title":{"rendered":"La noche de Tlatelolco (Film \/ Serie TV)"},"template":"","art_tag":[374,1244,400,1249,402,614,600,1255,455,572,465,478,479,511,534],"genero":[7],"licencia":[17],"localizacion":[],"produccion":[14],"subgenero":[68],"tipo":[5],"class_list":["post-28259","articulo","type-articulo","status-publish","has-post-thumbnail","hentry","art_tag-anos-60","art_tag-conflicto-generacional-2","art_tag-corrupcion","art_tag-crimen","art_tag-crisis-economica","art_tag-desaparicion","art_tag-diferencia-clase","art_tag-hechos-reales","art_tag-lucha-contra-el-sistema","art_tag-mexico","art_tag-muerte","art_tag-pobreza","art_tag-politica","art_tag-sociedad","art_tag-violencia","genero-drama","licencia-propia","produccion-pre-produccion","subgenero-historico","tipo-proyecto"],"acf":{"generos_tax":[7],"subgeneros_tax":[68],"tipo_tax":[5],"tags_tax":[374,1244,400,1249,402,600,614,1255,455,572,465,478,479,511,534],"produccion_tax":14,"licencia_tax":17,"localizacion_tax":false,"articulo__titulo_extendido":"","articulo__extracto":"","articulo__contenido":"<em><strong>A trav\u00e9s de decenas de voces reales de estudiantes, madres, testigos y sobrevivientes, Elena Poniatowska reconstruye con crudeza y humanidad la masacre del 2 de octubre de 1968 en M\u00e9xico<\/strong><\/em>\r\n\r\n&nbsp;\r\n\r\n<em>La noche de Tlatelolco<\/em> es una obra \u00fanica en la narrativa contempor\u00e1nea: un retrato colectivo de la tragedia del 2 de octubre de 1968 en M\u00e9xico, contado desde adentro, a trav\u00e9s de las voces de quienes la vivieron. Elena Poniatowska construye un relato poderoso, conmovedor y profundamente humano sobre un movimiento estudiantil mexicano espoleado por el calor de las protestas de Mayo del 68 en Par\u00eds, y la brutal represi\u00f3n que culmin\u00f3 en una masacre en la Plaza de las Tres Culturas. Masacre que ocurri\u00f3 en uno de los momentos de mayor tensi\u00f3n pol\u00edtica en M\u00e9xico, con las Olimpiadas de 1968 a la vuelta de la esquina y la necesidad del Gobierno de transmitir una imagen pac\u00edfica del pa\u00eds. Esta no es una novela ni una cr\u00f3nica convencional: es una polifon\u00eda testimonial que da forma a la memoria de un pa\u00eds.\r\n\r\nDividido en dos partes \u2014\"Ganar la calle\" y \"La noche de Tlatelolco\"\u2014 el libro comienza con la efervescencia del movimiento: estudiantes que se organizan, que discuten pol\u00edtica, que marchan por las calles de la Ciudad de M\u00e9xico con pancartas, consignas y un sue\u00f1o colectivo de transformaci\u00f3n. La autora recoge sus palabras tal y como fueron dichas, sin filtros ni adornos, mostrando la fuerza y la vulnerabilidad de una generaci\u00f3n que decidi\u00f3 alzar la voz. La primera parte nos lleva al coraz\u00f3n del movimiento: los m\u00edtines, las asambleas, la represi\u00f3n policiaca, las detenciones arbitrarias, la unidad con otros sectores sociales y, sobre todo, el despertar pol\u00edtico de miles de j\u00f3venes.\r\n\r\nLa segunda parte es un descenso brutal en el horror: el 2 de octubre. Desde los primeros disparos hasta las \u00faltimas luces de la noche, la plaza se convierte en escenario de caos, miedo y sangre. Estudiantes que corren, que se ocultan, que son perseguidos. Madres que buscan desesperadas a sus hijos. Testigos que ven cuerpos caer desde sus ventanas. Detenidos que relatan golpizas, torturas, humillaciones. En medio de esa noche larga, el gobierno emite comunicados fr\u00edos, minimiza los hechos, y culpa a las propias v\u00edctimas.\r\n\r\nA lo largo de sus p\u00e1ginas,<em> La noche de Tlatelolco<\/em> alterna testimonios, documentos oficiales, titulares de prensa, comunicados militares, listas de detenidos y fotograf\u00edas. Esta combinaci\u00f3n de materiales crea una narrativa fragmentaria pero poderosa, en la que el lector no solo conoce lo que ocurri\u00f3, sino que lo siente, lo vive, lo comprende en toda su complejidad. No hay narrador omnisciente: son las propias v\u00edctimas, testigos y sobrevivientes quienes cuentan la historia. Y eso hace que cada p\u00e1gina vibre con autenticidad.\r\n\r\n&nbsp;\r\n\r\n<strong>DATOS RELEVANTES:<\/strong> Elena Poniatowska es una de las escritoras m\u00e1s importantes de las \u00faltimas d\u00e9cadas, mundialmente conocida. Naci\u00f3 en Par\u00eds en 1932, pero con tan s\u00f3lo nueve a\u00f1os se traslad\u00f3 a M\u00e9xico. Su carrera se inici\u00f3 en el ejercicio del periodismo. Ha sido galardonada con el <strong>Premio Nacional de Ling\u00fc\u00edstica y Literatura<\/strong> en 2002, dos veces con el <strong>Premio Mazatl\u00e1n<\/strong>, el <strong>Premio Xavier Villaurrutia<\/strong>, el <strong>Premio Alfaguara<\/strong> y el <strong>Premio R\u00f3mulo Gallegos<\/strong>. Su obra ha sido traducida a m\u00e1s de una decena de idiomas y su trayectoria como periodista y escritora ha sido reconocida con m\u00faltiples premios nacionales e internacionales.\u00a0En\u00a02013 se le concedi\u00f3 el <strong>Premio Cervantes<\/strong>.\r\n\r\n<em>La noche de Tlatelolco<\/em> se inscribe dentro del g\u00e9nero de la cr\u00f3nica testimonial y la literatura documental, pero trasciende ambas categor\u00edas gracias a una estructura narrativa innovadora y una construcci\u00f3n coral que le otorgan un car\u00e1cter \u00fanico. En el libro, que se convirti\u00f3 en uno de los primeros relatos completos de la masacre del 2 de octubre de 1968, Elena Poniatowska cede el protagonismo a los propios testigos de los hechos \u2014estudiantes, madres, trabajadores, intelectuales, militares\u2014 y permite que la historia se construya desde la vivencia individual.\r\n\r\nSu ambientaci\u00f3n hist\u00f3rica, la tensi\u00f3n dram\u00e1tica del 2 de octubre y la riqueza documental del material original ofrecen una base s\u00f3lida para una adaptaci\u00f3n que combine dramatizaci\u00f3n, archivo y testimonio, en la l\u00ednea de producciones como <em>When They See Us<\/em> o <em>Argentina, 1985<\/em>.\r\n\r\n&nbsp;\r\n\r\n<strong>POTENCIAL AUDIOVISUAL:<\/strong> En desarrollo.\r\n\r\n<strong>IDIOMAS DISPONIBLES:<\/strong> Espa\u00f1ol, Ingl\u00e9s, \u00c1rabe, Franc\u00e9s.","articulo__autor":[1597],"_thumbnail_id":28260,"articulo__featured_gallery":"","articulo__galeria_archivos":"","articulo__fecha_de_publicacion":"","articulo__idiomas":"","articulo__dossier":"","idarticle":""},"yoast_head":"<!-- This site is optimized with the Yoast SEO plugin v27.5 - https:\/\/yoast.com\/product\/yoast-seo-wordpress\/ -->\n<title>La noche de Tlatelolco (Film \/ Serie TV) - Scenic\u00a0Rights<\/title>\n<meta name=\"robots\" content=\"index, follow, max-snippet:-1, max-image-preview:large, max-video-preview:-1\" \/>\n<link rel=\"canonical\" href=\"https:\/\/www.scenicrights.com\/es\/projects\/la-noche-de-tlatelolco\/\" \/>\n<meta property=\"og:locale\" content=\"es_ES\" \/>\n<meta property=\"og:type\" content=\"article\" \/>\n<meta property=\"og:title\" content=\"La noche de Tlatelolco (Film \/ Serie TV) - Scenic\u00a0Rights\" \/>\n<meta property=\"og:url\" content=\"https:\/\/www.scenicrights.com\/es\/projects\/la-noche-de-tlatelolco\/\" \/>\n<meta property=\"og:site_name\" content=\"Scenic\u00a0Rights\" \/>\n<meta property=\"article:modified_time\" content=\"2025-09-11T15:07:10+00:00\" \/>\n<meta property=\"og:image\" content=\"https:\/\/www.scenicrights.com\/wp-content\/uploads\/2025\/09\/978841809375.jpg\" \/>\n\t<meta property=\"og:image:width\" content=\"677\" \/>\n\t<meta property=\"og:image:height\" content=\"1050\" \/>\n\t<meta property=\"og:image:type\" content=\"image\/jpeg\" \/>\n<meta name=\"twitter:card\" content=\"summary_large_image\" \/>\n<script type=\"application\/ld+json\" class=\"yoast-schema-graph\">{\"@context\":\"https:\\\/\\\/schema.org\",\"@graph\":[{\"@type\":\"WebPage\",\"@id\":\"https:\\\/\\\/www.scenicrights.com\\\/es\\\/projects\\\/la-noche-de-tlatelolco\\\/\",\"url\":\"https:\\\/\\\/www.scenicrights.com\\\/es\\\/projects\\\/la-noche-de-tlatelolco\\\/\",\"name\":\"La noche de Tlatelolco (Film \\\/ Serie TV) - Scenic\u00a0Rights\",\"isPartOf\":{\"@id\":\"https:\\\/\\\/www.scenicrights.com\\\/es\\\/#website\"},\"primaryImageOfPage\":{\"@id\":\"https:\\\/\\\/www.scenicrights.com\\\/es\\\/projects\\\/la-noche-de-tlatelolco\\\/#primaryimage\"},\"image\":{\"@id\":\"https:\\\/\\\/www.scenicrights.com\\\/es\\\/projects\\\/la-noche-de-tlatelolco\\\/#primaryimage\"},\"thumbnailUrl\":\"https:\\\/\\\/www.scenicrights.com\\\/wp-content\\\/uploads\\\/2025\\\/09\\\/978841809375.jpg\",\"datePublished\":\"2025-09-02T14:17:18+00:00\",\"dateModified\":\"2025-09-11T15:07:10+00:00\",\"breadcrumb\":{\"@id\":\"https:\\\/\\\/www.scenicrights.com\\\/es\\\/projects\\\/la-noche-de-tlatelolco\\\/#breadcrumb\"},\"inLanguage\":\"es\",\"potentialAction\":[{\"@type\":\"ReadAction\",\"target\":[\"https:\\\/\\\/www.scenicrights.com\\\/es\\\/projects\\\/la-noche-de-tlatelolco\\\/\"]}]},{\"@type\":\"ImageObject\",\"inLanguage\":\"es\",\"@id\":\"https:\\\/\\\/www.scenicrights.com\\\/es\\\/projects\\\/la-noche-de-tlatelolco\\\/#primaryimage\",\"url\":\"https:\\\/\\\/www.scenicrights.com\\\/wp-content\\\/uploads\\\/2025\\\/09\\\/978841809375.jpg\",\"contentUrl\":\"https:\\\/\\\/www.scenicrights.com\\\/wp-content\\\/uploads\\\/2025\\\/09\\\/978841809375.jpg\",\"width\":677,\"height\":1050},{\"@type\":\"BreadcrumbList\",\"@id\":\"https:\\\/\\\/www.scenicrights.com\\\/es\\\/projects\\\/la-noche-de-tlatelolco\\\/#breadcrumb\",\"itemListElement\":[{\"@type\":\"ListItem\",\"position\":1,\"name\":\"Home\",\"item\":\"https:\\\/\\\/www.scenicrights.com\\\/es\\\/\"},{\"@type\":\"ListItem\",\"position\":2,\"name\":\"La noche de Tlatelolco (Film \\\/ Serie TV)\"}]},{\"@type\":\"WebSite\",\"@id\":\"https:\\\/\\\/www.scenicrights.com\\\/es\\\/#website\",\"url\":\"https:\\\/\\\/www.scenicrights.com\\\/es\\\/\",\"name\":\"Scenic\u00a0Rights\",\"description\":\"\",\"publisher\":{\"@id\":\"https:\\\/\\\/www.scenicrights.com\\\/es\\\/#organization\"},\"potentialAction\":[{\"@type\":\"SearchAction\",\"target\":{\"@type\":\"EntryPoint\",\"urlTemplate\":\"https:\\\/\\\/www.scenicrights.com\\\/es\\\/?s={search_term_string}\"},\"query-input\":{\"@type\":\"PropertyValueSpecification\",\"valueRequired\":true,\"valueName\":\"search_term_string\"}}],\"inLanguage\":\"es\"},{\"@type\":\"Organization\",\"@id\":\"https:\\\/\\\/www.scenicrights.com\\\/es\\\/#organization\",\"name\":\"Scenic\u00a0Rights\",\"url\":\"https:\\\/\\\/www.scenicrights.com\\\/es\\\/\",\"logo\":{\"@type\":\"ImageObject\",\"inLanguage\":\"es\",\"@id\":\"https:\\\/\\\/www.scenicrights.com\\\/es\\\/#\\\/schema\\\/logo\\\/image\\\/\",\"url\":\"https:\\\/\\\/www.scenicrights.com\\\/wp-content\\\/uploads\\\/2023\\\/07\\\/logo-horizontal-web.png\",\"contentUrl\":\"https:\\\/\\\/www.scenicrights.com\\\/wp-content\\\/uploads\\\/2023\\\/07\\\/logo-horizontal-web.png\",\"width\":644,\"height\":225,\"caption\":\"Scenic\u00a0Rights\"},\"image\":{\"@id\":\"https:\\\/\\\/www.scenicrights.com\\\/es\\\/#\\\/schema\\\/logo\\\/image\\\/\"}}]}<\/script>\n<!-- \/ Yoast SEO plugin. -->","yoast_head_json":{"title":"La noche de Tlatelolco (Film \/ Serie TV) - Scenic\u00a0Rights","robots":{"index":"index","follow":"follow","max-snippet":"max-snippet:-1","max-image-preview":"max-image-preview:large","max-video-preview":"max-video-preview:-1"},"canonical":"https:\/\/www.scenicrights.com\/es\/projects\/la-noche-de-tlatelolco\/","og_locale":"es_ES","og_type":"article","og_title":"La noche de Tlatelolco (Film \/ Serie TV) - Scenic\u00a0Rights","og_url":"https:\/\/www.scenicrights.com\/es\/projects\/la-noche-de-tlatelolco\/","og_site_name":"Scenic\u00a0Rights","article_modified_time":"2025-09-11T15:07:10+00:00","og_image":[{"width":677,"height":1050,"url":"https:\/\/www.scenicrights.com\/wp-content\/uploads\/2025\/09\/978841809375.jpg","type":"image\/jpeg"}],"twitter_card":"summary_large_image","schema":{"@context":"https:\/\/schema.org","@graph":[{"@type":"WebPage","@id":"https:\/\/www.scenicrights.com\/es\/projects\/la-noche-de-tlatelolco\/","url":"https:\/\/www.scenicrights.com\/es\/projects\/la-noche-de-tlatelolco\/","name":"La noche de Tlatelolco (Film \/ Serie TV) - Scenic\u00a0Rights","isPartOf":{"@id":"https:\/\/www.scenicrights.com\/es\/#website"},"primaryImageOfPage":{"@id":"https:\/\/www.scenicrights.com\/es\/projects\/la-noche-de-tlatelolco\/#primaryimage"},"image":{"@id":"https:\/\/www.scenicrights.com\/es\/projects\/la-noche-de-tlatelolco\/#primaryimage"},"thumbnailUrl":"https:\/\/www.scenicrights.com\/wp-content\/uploads\/2025\/09\/978841809375.jpg","datePublished":"2025-09-02T14:17:18+00:00","dateModified":"2025-09-11T15:07:10+00:00","breadcrumb":{"@id":"https:\/\/www.scenicrights.com\/es\/projects\/la-noche-de-tlatelolco\/#breadcrumb"},"inLanguage":"es","potentialAction":[{"@type":"ReadAction","target":["https:\/\/www.scenicrights.com\/es\/projects\/la-noche-de-tlatelolco\/"]}]},{"@type":"ImageObject","inLanguage":"es","@id":"https:\/\/www.scenicrights.com\/es\/projects\/la-noche-de-tlatelolco\/#primaryimage","url":"https:\/\/www.scenicrights.com\/wp-content\/uploads\/2025\/09\/978841809375.jpg","contentUrl":"https:\/\/www.scenicrights.com\/wp-content\/uploads\/2025\/09\/978841809375.jpg","width":677,"height":1050},{"@type":"BreadcrumbList","@id":"https:\/\/www.scenicrights.com\/es\/projects\/la-noche-de-tlatelolco\/#breadcrumb","itemListElement":[{"@type":"ListItem","position":1,"name":"Home","item":"https:\/\/www.scenicrights.com\/es\/"},{"@type":"ListItem","position":2,"name":"La noche de Tlatelolco (Film \/ Serie TV)"}]},{"@type":"WebSite","@id":"https:\/\/www.scenicrights.com\/es\/#website","url":"https:\/\/www.scenicrights.com\/es\/","name":"Scenic\u00a0Rights","description":"","publisher":{"@id":"https:\/\/www.scenicrights.com\/es\/#organization"},"potentialAction":[{"@type":"SearchAction","target":{"@type":"EntryPoint","urlTemplate":"https:\/\/www.scenicrights.com\/es\/?s={search_term_string}"},"query-input":{"@type":"PropertyValueSpecification","valueRequired":true,"valueName":"search_term_string"}}],"inLanguage":"es"},{"@type":"Organization","@id":"https:\/\/www.scenicrights.com\/es\/#organization","name":"Scenic\u00a0Rights","url":"https:\/\/www.scenicrights.com\/es\/","logo":{"@type":"ImageObject","inLanguage":"es","@id":"https:\/\/www.scenicrights.com\/es\/#\/schema\/logo\/image\/","url":"https:\/\/www.scenicrights.com\/wp-content\/uploads\/2023\/07\/logo-horizontal-web.png","contentUrl":"https:\/\/www.scenicrights.com\/wp-content\/uploads\/2023\/07\/logo-horizontal-web.png","width":644,"height":225,"caption":"Scenic\u00a0Rights"},"image":{"@id":"https:\/\/www.scenicrights.com\/es\/#\/schema\/logo\/image\/"}}]}},"_links":{"self":[{"href":"https:\/\/www.scenicrights.com\/es\/wp-json\/wp\/v2\/articulo\/28259","targetHints":{"allow":["GET"]}}],"collection":[{"href":"https:\/\/www.scenicrights.com\/es\/wp-json\/wp\/v2\/articulo"}],"about":[{"href":"https:\/\/www.scenicrights.com\/es\/wp-json\/wp\/v2\/types\/articulo"}],"acf:post":[{"embeddable":true,"href":"https:\/\/www.scenicrights.com\/es\/wp-json\/wp\/v2\/autor\/1597"}],"acf:term":[{"embeddable":true,"taxonomy":"licencia","href":"https:\/\/www.scenicrights.com\/es\/wp-json\/wp\/v2\/licencia\/17"},{"embeddable":true,"taxonomy":"produccion","href":"https:\/\/www.scenicrights.com\/es\/wp-json\/wp\/v2\/produccion\/14"},{"embeddable":true,"taxonomy":"art_tag","href":"https:\/\/www.scenicrights.com\/es\/wp-json\/wp\/v2\/art_tag\/534"},{"embeddable":true,"taxonomy":"art_tag","href":"https:\/\/www.scenicrights.com\/es\/wp-json\/wp\/v2\/art_tag\/511"},{"embeddable":true,"taxonomy":"art_tag","href":"https:\/\/www.scenicrights.com\/es\/wp-json\/wp\/v2\/art_tag\/479"},{"embeddable":true,"taxonomy":"art_tag","href":"https:\/\/www.scenicrights.com\/es\/wp-json\/wp\/v2\/art_tag\/478"},{"embeddable":true,"taxonomy":"art_tag","href":"https:\/\/www.scenicrights.com\/es\/wp-json\/wp\/v2\/art_tag\/465"},{"embeddable":true,"taxonomy":"art_tag","href":"https:\/\/www.scenicrights.com\/es\/wp-json\/wp\/v2\/art_tag\/572"},{"embeddable":true,"taxonomy":"art_tag","href":"https:\/\/www.scenicrights.com\/es\/wp-json\/wp\/v2\/art_tag\/455"},{"embeddable":true,"taxonomy":"art_tag","href":"https:\/\/www.scenicrights.com\/es\/wp-json\/wp\/v2\/art_tag\/1255"},{"embeddable":true,"taxonomy":"art_tag","href":"https:\/\/www.scenicrights.com\/es\/wp-json\/wp\/v2\/art_tag\/614"},{"embeddable":true,"taxonomy":"art_tag","href":"https:\/\/www.scenicrights.com\/es\/wp-json\/wp\/v2\/art_tag\/600"},{"embeddable":true,"taxonomy":"art_tag","href":"https:\/\/www.scenicrights.com\/es\/wp-json\/wp\/v2\/art_tag\/402"},{"embeddable":true,"taxonomy":"art_tag","href":"https:\/\/www.scenicrights.com\/es\/wp-json\/wp\/v2\/art_tag\/1249"},{"embeddable":true,"taxonomy":"art_tag","href":"https:\/\/www.scenicrights.com\/es\/wp-json\/wp\/v2\/art_tag\/400"},{"embeddable":true,"taxonomy":"art_tag","href":"https:\/\/www.scenicrights.com\/es\/wp-json\/wp\/v2\/art_tag\/1244"},{"embeddable":true,"taxonomy":"art_tag","href":"https:\/\/www.scenicrights.com\/es\/wp-json\/wp\/v2\/art_tag\/374"},{"embeddable":true,"taxonomy":"tipo","href":"https:\/\/www.scenicrights.com\/es\/wp-json\/wp\/v2\/tipo\/5"},{"embeddable":true,"taxonomy":"subgenero","href":"https:\/\/www.scenicrights.com\/es\/wp-json\/wp\/v2\/subgenero\/68"},{"embeddable":true,"taxonomy":"genero","href":"https:\/\/www.scenicrights.com\/es\/wp-json\/wp\/v2\/genero\/7"}],"wp:featuredmedia":[{"embeddable":true,"href":"https:\/\/www.scenicrights.com\/es\/wp-json\/wp\/v2\/media\/28260"}],"wp:attachment":[{"href":"https:\/\/www.scenicrights.com\/es\/wp-json\/wp\/v2\/media?parent=28259"}],"wp:term":[{"taxonomy":"art_tag","embeddable":true,"href":"https:\/\/www.scenicrights.com\/es\/wp-json\/wp\/v2\/art_tag?post=28259"},{"taxonomy":"genero","embeddable":true,"href":"https:\/\/www.scenicrights.com\/es\/wp-json\/wp\/v2\/genero?post=28259"},{"taxonomy":"licencia","embeddable":true,"href":"https:\/\/www.scenicrights.com\/es\/wp-json\/wp\/v2\/licencia?post=28259"},{"taxonomy":"localizacion","embeddable":true,"href":"https:\/\/www.scenicrights.com\/es\/wp-json\/wp\/v2\/localizacion?post=28259"},{"taxonomy":"produccion","embeddable":true,"href":"https:\/\/www.scenicrights.com\/es\/wp-json\/wp\/v2\/produccion?post=28259"},{"taxonomy":"subgenero","embeddable":true,"href":"https:\/\/www.scenicrights.com\/es\/wp-json\/wp\/v2\/subgenero?post=28259"},{"taxonomy":"tipo","embeddable":true,"href":"https:\/\/www.scenicrights.com\/es\/wp-json\/wp\/v2\/tipo?post=28259"}],"curies":[{"name":"wp","href":"https:\/\/api.w.org\/{rel}","templated":true}]}}