{"id":28416,"date":"2025-09-09T09:18:38","date_gmt":"2025-09-09T09:18:38","guid":{"rendered":"https:\/\/www.scenicrights.com\/?post_type=articulo&#038;p=28416"},"modified":"2025-09-09T09:18:38","modified_gmt":"2025-09-09T09:18:38","slug":"dias-salvajes-film-serie-tv","status":"publish","type":"articulo","link":"https:\/\/www.scenicrights.com\/es\/projects\/dias-salvajes-film-serie-tv\/","title":{"rendered":"D\u00edas salvajes (Film \/Serie TV)"},"template":"","art_tag":[400,406,600,568,430,1255,1257,470,476,479,482,511,517,1271,525],"genero":[7],"licencia":[17],"localizacion":[],"produccion":[14],"subgenero":[1322],"tipo":[5],"class_list":["post-28416","articulo","type-articulo","status-publish","has-post-thumbnail","hentry","art_tag-corrupcion","art_tag-desigualdad","art_tag-diferencia-clase","art_tag-espana","art_tag-familia","art_tag-hechos-reales","art_tag-justicia","art_tag-negocios","art_tag-paternidad","art_tag-politica","art_tag-prision","art_tag-sociedad","art_tag-terapia","art_tag-tragedia","art_tag-venganza","genero-drama","licencia-propia","produccion-pre-produccion","subgenero-true-crime","tipo-proyecto"],"acf":{"generos_tax":[7],"subgeneros_tax":[1322],"tipo_tax":[5],"tags_tax":[400,406,600,568,430,1255,1257,470,476,479,482,511,517,525,1271],"produccion_tax":14,"licencia_tax":17,"localizacion_tax":false,"articulo__titulo_extendido":"","articulo__extracto":"","articulo__contenido":"<em><strong>Una historia basada en hechos reales, escrita por el periodista y escritor bestseller reconocido internacionalmente David Jim\u00e9nez. \u00bfQu\u00e9 ocurre en una sociedad donde el sistema judicial protege a los culpables? Un relato dram\u00e1tico que plantea preguntas profundas.<\/strong><\/em>\r\n\r\n&nbsp;\r\n\r\nEn el verano de 2007, durante su fiesta de cumplea\u00f1os, el joven Bosco Zabala, heredero de Mar\u00eda y Lorenzo Zabala, los due\u00f1os de BanKapital, celebra por todo lo alto en la mansi\u00f3n familiar de La Moraleja -una de las zonas m\u00e1s pudientes de Madrid- rodeado de amigos, alcohol, drogas y lujos. En paralelo, Marta Delgado, una estudiante de medicina que vive con su padre Luis en un humilde apartamento en Villaverde, un barrio obrero de Madrid, se prepara para ir a trabajar como cajera. Sus mundos son opuestos, pero colisionan tr\u00e1gicamente.\r\n\r\nTras la fiesta, Bosco arrastra a su mejor amigo Iv\u00e1n a continuar la noche en una discoteca. Conducen el nuevo Aston Martin que sus padres le han regalado. Bosco, ebrio y drogado, toma una rotonda en direcci\u00f3n contraria en la carretera y choca frontalmente con el coche de Marta. Ella e Iv\u00e1n mueren en el acto. Bosco sobrevive.\r\n\r\nEl accidente conmociona a la opini\u00f3n p\u00fablica. Los medios lo presentan como una tragedia juvenil, pero pronto se revela la verdad: Bosco iba alcoholizado y drogado, conduc\u00eda a m\u00e1s de 200 km\/h y era plenamente responsable. En plena lucha judicial, Bosco ser\u00e1 condenado a 8 a\u00f1os de c\u00e1rcel, pero r\u00e1pidamente su familia movilizar\u00e1 influencias para protegerlo. Solo cumplir\u00e1 siete meses en prisi\u00f3n: el Gobierno, con fuertes intereses vinculados a Bankapital durante la crisis econ\u00f3mica, ha proclamado el indulto.\r\n\r\nLuis, el padre de Marta, profundamente desencantado con la falta de justicia, llega a contemplar la posibilidad de tomarse la venganza por su cuenta. Aunque planifica su represalia con determinaci\u00f3n, finalmente no logra llevarla a cabo. Encuentra, en cambio, una forma de canalizar su dolor a trav\u00e9s de la lucha vecinal contra un nuevo proyecto de especulaci\u00f3n inmobiliaria promovido por BanKapital, el mismo banco presidido por la madre de Bosco. En un intento simb\u00f3lico de reparaci\u00f3n \u2014insuficiente pero significativo\u2014, la familia Zabala decide cancelar la operaci\u00f3n urban\u00edstica y construir en su lugar un parque que llevar\u00e1 el nombre de Marta Delgado. A partir de ese momento, Luis comienza, por fin, a hacer las paces con el pasado y a encontrar fuerzas para seguir adelante.\r\n\r\n&nbsp;\r\n\r\n<strong>DATOS RELEVANTES:<\/strong> David Jim\u00e9nez (Barcelona, 11 de enero de 1971) es un periodista y escritor espa\u00f1ol. Ha sido reportero de guerra, corresponsal, director del peri\u00f3dico <em>El Mundo<\/em> y columnista en <em>The New York Times<\/em>. Ha escrito numerosos ensayos, novelas y libros de viajes que han sido traducidos a media docena de idiomas. Adem\u00e1s de premios por su labor como periodista, tambi\u00e9n ha sido premiado por su labor como escritor con el <strong>Premio Internacional de Literatura de Viajes Camino del Cid<\/strong>.\r\n\r\nBasada en hechos reales, <em>D\u00edas salvajes<\/em> es una novela conmovedora y descarnada sobre el duelo, la culpa, la amistad y la lucha contra el olvido, pero tambi\u00e9n un retrato de la Espa\u00f1a euf\u00f3rica de los a\u00f1os 2000. David Jim\u00e9nez construye una historia vertiginosa y profundamente humana, donde la impunidad, el dolor y la desigualdad se entrelazan con la compasi\u00f3n, el amor y las segundas oportunidades. La novela enfrenta dos mundos en una batalla pol\u00edtica y social que pone en el centro los dilemas morales m\u00e1s \u00edntimos y emocionales: c\u00f3mo seguir adelante tras una p\u00e9rdida irreparable, c\u00f3mo vivir con la culpa, c\u00f3mo reconstruirse cuando todo se ha roto.\r\n\r\nEs, adem\u00e1s, una historia dram\u00e1tica con mucho potencial para convertirse en una miniserie. El contraste entre los dos mundos que presenta \u2014la \u00e9lite econ\u00f3mica de La Moraleja y la clase trabajadora de Villaverde\u2014 da mucho juego visual y narrativo, y permite construir un relato \u00e1gil con dos l\u00edneas paralelas que convergen en un accidente devastador. El reparto coral, el retrato generacional y el conflicto social de fondo ofrecen tramas potentes y personajes con evoluci\u00f3n real. El tono puede moverse entre el drama \u00edntimo y la cr\u00edtica social.\r\n\r\n&nbsp;\r\n\r\n<strong>POTENCIAL AUDIOVISUAL:<\/strong> Serie TV, Miniserie, Film, TV Film.\r\n\r\n<strong>IDIOMAS DISPONIBLES:<\/strong> Espa\u00f1ol.","articulo__autor":[1593],"_thumbnail_id":28417,"articulo__featured_gallery":"","articulo__galeria_archivos":"","articulo__fecha_de_publicacion":"","articulo__idiomas":"","articulo__dossier":"","idarticle":""},"yoast_head":"<!-- This site is optimized with the Yoast SEO plugin v27.5 - https:\/\/yoast.com\/product\/yoast-seo-wordpress\/ -->\n<title>D\u00edas salvajes (Film \/Serie TV) - Scenic\u00a0Rights<\/title>\n<meta name=\"robots\" content=\"index, follow, max-snippet:-1, max-image-preview:large, max-video-preview:-1\" \/>\n<link rel=\"canonical\" href=\"https:\/\/www.scenicrights.com\/es\/projects\/dias-salvajes-film-serie-tv\/\" \/>\n<meta property=\"og:locale\" content=\"es_ES\" \/>\n<meta property=\"og:type\" content=\"article\" \/>\n<meta property=\"og:title\" content=\"D\u00edas salvajes (Film \/Serie TV) - Scenic\u00a0Rights\" \/>\n<meta property=\"og:url\" content=\"https:\/\/www.scenicrights.com\/es\/projects\/dias-salvajes-film-serie-tv\/\" \/>\n<meta property=\"og:site_name\" content=\"Scenic\u00a0Rights\" \/>\n<meta property=\"og:image\" content=\"https:\/\/www.scenicrights.com\/wp-content\/uploads\/2025\/09\/portada_dias-salvajes_david-jimenez_202404150940-scaled.jpg\" \/>\n\t<meta property=\"og:image:width\" content=\"1685\" \/>\n\t<meta property=\"og:image:height\" content=\"2560\" \/>\n\t<meta property=\"og:image:type\" content=\"image\/jpeg\" \/>\n<meta name=\"twitter:card\" content=\"summary_large_image\" \/>\n<script type=\"application\/ld+json\" class=\"yoast-schema-graph\">{\"@context\":\"https:\\\/\\\/schema.org\",\"@graph\":[{\"@type\":\"WebPage\",\"@id\":\"https:\\\/\\\/www.scenicrights.com\\\/es\\\/projects\\\/dias-salvajes-film-serie-tv\\\/\",\"url\":\"https:\\\/\\\/www.scenicrights.com\\\/es\\\/projects\\\/dias-salvajes-film-serie-tv\\\/\",\"name\":\"D\u00edas salvajes (Film \\\/Serie TV) - Scenic\u00a0Rights\",\"isPartOf\":{\"@id\":\"https:\\\/\\\/www.scenicrights.com\\\/es\\\/#website\"},\"primaryImageOfPage\":{\"@id\":\"https:\\\/\\\/www.scenicrights.com\\\/es\\\/projects\\\/dias-salvajes-film-serie-tv\\\/#primaryimage\"},\"image\":{\"@id\":\"https:\\\/\\\/www.scenicrights.com\\\/es\\\/projects\\\/dias-salvajes-film-serie-tv\\\/#primaryimage\"},\"thumbnailUrl\":\"https:\\\/\\\/www.scenicrights.com\\\/wp-content\\\/uploads\\\/2025\\\/09\\\/portada_dias-salvajes_david-jimenez_202404150940-scaled.jpg\",\"datePublished\":\"2025-09-09T09:18:38+00:00\",\"breadcrumb\":{\"@id\":\"https:\\\/\\\/www.scenicrights.com\\\/es\\\/projects\\\/dias-salvajes-film-serie-tv\\\/#breadcrumb\"},\"inLanguage\":\"es\",\"potentialAction\":[{\"@type\":\"ReadAction\",\"target\":[\"https:\\\/\\\/www.scenicrights.com\\\/es\\\/projects\\\/dias-salvajes-film-serie-tv\\\/\"]}]},{\"@type\":\"ImageObject\",\"inLanguage\":\"es\",\"@id\":\"https:\\\/\\\/www.scenicrights.com\\\/es\\\/projects\\\/dias-salvajes-film-serie-tv\\\/#primaryimage\",\"url\":\"https:\\\/\\\/www.scenicrights.com\\\/wp-content\\\/uploads\\\/2025\\\/09\\\/portada_dias-salvajes_david-jimenez_202404150940-scaled.jpg\",\"contentUrl\":\"https:\\\/\\\/www.scenicrights.com\\\/wp-content\\\/uploads\\\/2025\\\/09\\\/portada_dias-salvajes_david-jimenez_202404150940-scaled.jpg\",\"width\":1685,\"height\":2560},{\"@type\":\"BreadcrumbList\",\"@id\":\"https:\\\/\\\/www.scenicrights.com\\\/es\\\/projects\\\/dias-salvajes-film-serie-tv\\\/#breadcrumb\",\"itemListElement\":[{\"@type\":\"ListItem\",\"position\":1,\"name\":\"Home\",\"item\":\"https:\\\/\\\/www.scenicrights.com\\\/es\\\/\"},{\"@type\":\"ListItem\",\"position\":2,\"name\":\"D\u00edas salvajes (Film \\\/Serie TV)\"}]},{\"@type\":\"WebSite\",\"@id\":\"https:\\\/\\\/www.scenicrights.com\\\/es\\\/#website\",\"url\":\"https:\\\/\\\/www.scenicrights.com\\\/es\\\/\",\"name\":\"Scenic\u00a0Rights\",\"description\":\"\",\"publisher\":{\"@id\":\"https:\\\/\\\/www.scenicrights.com\\\/es\\\/#organization\"},\"potentialAction\":[{\"@type\":\"SearchAction\",\"target\":{\"@type\":\"EntryPoint\",\"urlTemplate\":\"https:\\\/\\\/www.scenicrights.com\\\/es\\\/?s={search_term_string}\"},\"query-input\":{\"@type\":\"PropertyValueSpecification\",\"valueRequired\":true,\"valueName\":\"search_term_string\"}}],\"inLanguage\":\"es\"},{\"@type\":\"Organization\",\"@id\":\"https:\\\/\\\/www.scenicrights.com\\\/es\\\/#organization\",\"name\":\"Scenic\u00a0Rights\",\"url\":\"https:\\\/\\\/www.scenicrights.com\\\/es\\\/\",\"logo\":{\"@type\":\"ImageObject\",\"inLanguage\":\"es\",\"@id\":\"https:\\\/\\\/www.scenicrights.com\\\/es\\\/#\\\/schema\\\/logo\\\/image\\\/\",\"url\":\"https:\\\/\\\/www.scenicrights.com\\\/wp-content\\\/uploads\\\/2023\\\/07\\\/logo-horizontal-web.png\",\"contentUrl\":\"https:\\\/\\\/www.scenicrights.com\\\/wp-content\\\/uploads\\\/2023\\\/07\\\/logo-horizontal-web.png\",\"width\":644,\"height\":225,\"caption\":\"Scenic\u00a0Rights\"},\"image\":{\"@id\":\"https:\\\/\\\/www.scenicrights.com\\\/es\\\/#\\\/schema\\\/logo\\\/image\\\/\"}}]}<\/script>\n<!-- \/ Yoast SEO plugin. -->","yoast_head_json":{"title":"D\u00edas salvajes (Film \/Serie TV) - Scenic\u00a0Rights","robots":{"index":"index","follow":"follow","max-snippet":"max-snippet:-1","max-image-preview":"max-image-preview:large","max-video-preview":"max-video-preview:-1"},"canonical":"https:\/\/www.scenicrights.com\/es\/projects\/dias-salvajes-film-serie-tv\/","og_locale":"es_ES","og_type":"article","og_title":"D\u00edas salvajes (Film \/Serie TV) - Scenic\u00a0Rights","og_url":"https:\/\/www.scenicrights.com\/es\/projects\/dias-salvajes-film-serie-tv\/","og_site_name":"Scenic\u00a0Rights","og_image":[{"width":1685,"height":2560,"url":"https:\/\/www.scenicrights.com\/wp-content\/uploads\/2025\/09\/portada_dias-salvajes_david-jimenez_202404150940-scaled.jpg","type":"image\/jpeg"}],"twitter_card":"summary_large_image","schema":{"@context":"https:\/\/schema.org","@graph":[{"@type":"WebPage","@id":"https:\/\/www.scenicrights.com\/es\/projects\/dias-salvajes-film-serie-tv\/","url":"https:\/\/www.scenicrights.com\/es\/projects\/dias-salvajes-film-serie-tv\/","name":"D\u00edas salvajes (Film \/Serie TV) - Scenic\u00a0Rights","isPartOf":{"@id":"https:\/\/www.scenicrights.com\/es\/#website"},"primaryImageOfPage":{"@id":"https:\/\/www.scenicrights.com\/es\/projects\/dias-salvajes-film-serie-tv\/#primaryimage"},"image":{"@id":"https:\/\/www.scenicrights.com\/es\/projects\/dias-salvajes-film-serie-tv\/#primaryimage"},"thumbnailUrl":"https:\/\/www.scenicrights.com\/wp-content\/uploads\/2025\/09\/portada_dias-salvajes_david-jimenez_202404150940-scaled.jpg","datePublished":"2025-09-09T09:18:38+00:00","breadcrumb":{"@id":"https:\/\/www.scenicrights.com\/es\/projects\/dias-salvajes-film-serie-tv\/#breadcrumb"},"inLanguage":"es","potentialAction":[{"@type":"ReadAction","target":["https:\/\/www.scenicrights.com\/es\/projects\/dias-salvajes-film-serie-tv\/"]}]},{"@type":"ImageObject","inLanguage":"es","@id":"https:\/\/www.scenicrights.com\/es\/projects\/dias-salvajes-film-serie-tv\/#primaryimage","url":"https:\/\/www.scenicrights.com\/wp-content\/uploads\/2025\/09\/portada_dias-salvajes_david-jimenez_202404150940-scaled.jpg","contentUrl":"https:\/\/www.scenicrights.com\/wp-content\/uploads\/2025\/09\/portada_dias-salvajes_david-jimenez_202404150940-scaled.jpg","width":1685,"height":2560},{"@type":"BreadcrumbList","@id":"https:\/\/www.scenicrights.com\/es\/projects\/dias-salvajes-film-serie-tv\/#breadcrumb","itemListElement":[{"@type":"ListItem","position":1,"name":"Home","item":"https:\/\/www.scenicrights.com\/es\/"},{"@type":"ListItem","position":2,"name":"D\u00edas salvajes (Film \/Serie TV)"}]},{"@type":"WebSite","@id":"https:\/\/www.scenicrights.com\/es\/#website","url":"https:\/\/www.scenicrights.com\/es\/","name":"Scenic\u00a0Rights","description":"","publisher":{"@id":"https:\/\/www.scenicrights.com\/es\/#organization"},"potentialAction":[{"@type":"SearchAction","target":{"@type":"EntryPoint","urlTemplate":"https:\/\/www.scenicrights.com\/es\/?s={search_term_string}"},"query-input":{"@type":"PropertyValueSpecification","valueRequired":true,"valueName":"search_term_string"}}],"inLanguage":"es"},{"@type":"Organization","@id":"https:\/\/www.scenicrights.com\/es\/#organization","name":"Scenic\u00a0Rights","url":"https:\/\/www.scenicrights.com\/es\/","logo":{"@type":"ImageObject","inLanguage":"es","@id":"https:\/\/www.scenicrights.com\/es\/#\/schema\/logo\/image\/","url":"https:\/\/www.scenicrights.com\/wp-content\/uploads\/2023\/07\/logo-horizontal-web.png","contentUrl":"https:\/\/www.scenicrights.com\/wp-content\/uploads\/2023\/07\/logo-horizontal-web.png","width":644,"height":225,"caption":"Scenic\u00a0Rights"},"image":{"@id":"https:\/\/www.scenicrights.com\/es\/#\/schema\/logo\/image\/"}}]}},"_links":{"self":[{"href":"https:\/\/www.scenicrights.com\/es\/wp-json\/wp\/v2\/articulo\/28416","targetHints":{"allow":["GET"]}}],"collection":[{"href":"https:\/\/www.scenicrights.com\/es\/wp-json\/wp\/v2\/articulo"}],"about":[{"href":"https:\/\/www.scenicrights.com\/es\/wp-json\/wp\/v2\/types\/articulo"}],"acf:post":[{"embeddable":true,"href":"https:\/\/www.scenicrights.com\/es\/wp-json\/wp\/v2\/autor\/1593"}],"acf:term":[{"embeddable":true,"taxonomy":"licencia","href":"https:\/\/www.scenicrights.com\/es\/wp-json\/wp\/v2\/licencia\/17"},{"embeddable":true,"taxonomy":"produccion","href":"https:\/\/www.scenicrights.com\/es\/wp-json\/wp\/v2\/produccion\/14"},{"embeddable":true,"taxonomy":"art_tag","href":"https:\/\/www.scenicrights.com\/es\/wp-json\/wp\/v2\/art_tag\/1271"},{"embeddable":true,"taxonomy":"art_tag","href":"https:\/\/www.scenicrights.com\/es\/wp-json\/wp\/v2\/art_tag\/525"},{"embeddable":true,"taxonomy":"art_tag","href":"https:\/\/www.scenicrights.com\/es\/wp-json\/wp\/v2\/art_tag\/517"},{"embeddable":true,"taxonomy":"art_tag","href":"https:\/\/www.scenicrights.com\/es\/wp-json\/wp\/v2\/art_tag\/511"},{"embeddable":true,"taxonomy":"art_tag","href":"https:\/\/www.scenicrights.com\/es\/wp-json\/wp\/v2\/art_tag\/482"},{"embeddable":true,"taxonomy":"art_tag","href":"https:\/\/www.scenicrights.com\/es\/wp-json\/wp\/v2\/art_tag\/479"},{"embeddable":true,"taxonomy":"art_tag","href":"https:\/\/www.scenicrights.com\/es\/wp-json\/wp\/v2\/art_tag\/476"},{"embeddable":true,"taxonomy":"art_tag","href":"https:\/\/www.scenicrights.com\/es\/wp-json\/wp\/v2\/art_tag\/470"},{"embeddable":true,"taxonomy":"art_tag","href":"https:\/\/www.scenicrights.com\/es\/wp-json\/wp\/v2\/art_tag\/1257"},{"embeddable":true,"taxonomy":"art_tag","href":"https:\/\/www.scenicrights.com\/es\/wp-json\/wp\/v2\/art_tag\/1255"},{"embeddable":true,"taxonomy":"art_tag","href":"https:\/\/www.scenicrights.com\/es\/wp-json\/wp\/v2\/art_tag\/430"},{"embeddable":true,"taxonomy":"art_tag","href":"https:\/\/www.scenicrights.com\/es\/wp-json\/wp\/v2\/art_tag\/568"},{"embeddable":true,"taxonomy":"art_tag","href":"https:\/\/www.scenicrights.com\/es\/wp-json\/wp\/v2\/art_tag\/600"},{"embeddable":true,"taxonomy":"art_tag","href":"https:\/\/www.scenicrights.com\/es\/wp-json\/wp\/v2\/art_tag\/406"},{"embeddable":true,"taxonomy":"art_tag","href":"https:\/\/www.scenicrights.com\/es\/wp-json\/wp\/v2\/art_tag\/400"},{"embeddable":true,"taxonomy":"tipo","href":"https:\/\/www.scenicrights.com\/es\/wp-json\/wp\/v2\/tipo\/5"},{"embeddable":true,"taxonomy":"subgenero","href":"https:\/\/www.scenicrights.com\/es\/wp-json\/wp\/v2\/subgenero\/1322"},{"embeddable":true,"taxonomy":"genero","href":"https:\/\/www.scenicrights.com\/es\/wp-json\/wp\/v2\/genero\/7"}],"wp:featuredmedia":[{"embeddable":true,"href":"https:\/\/www.scenicrights.com\/es\/wp-json\/wp\/v2\/media\/28417"}],"wp:attachment":[{"href":"https:\/\/www.scenicrights.com\/es\/wp-json\/wp\/v2\/media?parent=28416"}],"wp:term":[{"taxonomy":"art_tag","embeddable":true,"href":"https:\/\/www.scenicrights.com\/es\/wp-json\/wp\/v2\/art_tag?post=28416"},{"taxonomy":"genero","embeddable":true,"href":"https:\/\/www.scenicrights.com\/es\/wp-json\/wp\/v2\/genero?post=28416"},{"taxonomy":"licencia","embeddable":true,"href":"https:\/\/www.scenicrights.com\/es\/wp-json\/wp\/v2\/licencia?post=28416"},{"taxonomy":"localizacion","embeddable":true,"href":"https:\/\/www.scenicrights.com\/es\/wp-json\/wp\/v2\/localizacion?post=28416"},{"taxonomy":"produccion","embeddable":true,"href":"https:\/\/www.scenicrights.com\/es\/wp-json\/wp\/v2\/produccion?post=28416"},{"taxonomy":"subgenero","embeddable":true,"href":"https:\/\/www.scenicrights.com\/es\/wp-json\/wp\/v2\/subgenero?post=28416"},{"taxonomy":"tipo","embeddable":true,"href":"https:\/\/www.scenicrights.com\/es\/wp-json\/wp\/v2\/tipo?post=28416"}],"curies":[{"name":"wp","href":"https:\/\/api.w.org\/{rel}","templated":true}]}}